{"id":21,"date":"2024-01-17T09:25:42","date_gmt":"2024-01-17T07:25:42","guid":{"rendered":"https:\/\/webs.uab.cat\/cerao\/?page_id=21"},"modified":"2024-04-12T19:33:19","modified_gmt":"2024-04-12T17:33:19","slug":"projectes-anteriors","status":"publish","type":"page","link":"https:\/\/webs.uab.cat\/cerao\/ca\/projectes-anteriors\/","title":{"rendered":"Previous Projects"},"content":{"rendered":"\n<h2 class=\"wp-block-heading\">El boom cultural japon\u00e9s y surcoreano en Espa\u00f1a<\/h2>\n\n\n\n<p>El boom cultural japon\u00e9s y surcoreano en Espa\u00f1a: aspectos culturales, pol\u00edticos y socioecon\u00f3micos (2022 -2025). MCIN I + D PID2021-122897NB-I00<\/p>\n\n\n\n<p><a href=\"https:\/\/webs.uab.cat\/gregal\/es\/proyectos\/\">https:\/\/webs.uab.cat\/gregal\/es\/proyectos\/<\/a><\/p>\n\n\n\n<h2 class=\"wp-block-heading\">GREGAL: Circulaci\u00f3n Cultural Jap\u00f3n-Corea-Catalunya<\/h2>\n\n\n\n<p>GREGAL: Circulaci\u00f3n Cultural Jap\u00f3n-Corea-Catalu\u00f1a (2021-2024) . Grupo de Investigaci\u00f3n Consolidado (GRC) de la Generalitat de Catalunya. AGAUR, Departament d\u2019Innovaci\u00f3, Universitats i Empresa, Generalitat de Catalunya. 2021 SGR 00558<\/p>\n\n\n\n<p><a href=\"https:\/\/webs.uab.cat\/gregal\/es\/proyectos\/\">https:\/\/webs.uab.cat\/gregal\/es\/proyectos\/<\/a><\/p>\n\n\n\n<h2 class=\"wp-block-heading\">New socio-cultural, political and economic developments in East Asia<\/h2>\n\n\n\n<p>New socio-cultural, political and economic developments in East Asia in the global context (2020-2023). PID2019-107861GB-I00<\/p>\n\n\n\n<p><a href=\"https:\/\/webs.uab.cat\/nuevosdesarrollosao\/\">https:\/\/webs.uab.cat\/nuevosdesarrollosao\/<\/a><\/p>\n\n\n\n<h2 class=\"wp-block-heading\"><strong>Inter\u00c0sia i el nou sistema internacional<\/strong><\/h2>\n\n\n\n<p>Inter\u00c0sia i el nou sistema internacional: Societat, pol\u00edtica i cultura (2017-2021). Grup de Recerca Consolidat (GRC) de la Generalitat de Catalunya. AGAUR, Departament d\u2019Innovaci\u00f3, Universitats i Empresa, Generalitat de Catalunya. 2017 SGR 1284<\/p>\n\n\n\n<p><a href=\"https:\/\/webs.uab.cat\/interasia\/es\/proyectos-finalizados\/\">https:\/\/webs.uab.cat\/interasia\/es\/proyectos-finalizados\/<\/a><\/p>\n\n\n\n<h2 class=\"wp-block-heading\">GREGAL: Circulaci\u00f3 Cultural Jap\u00f3-Corea-Catalunya <\/h2>\n\n\n\n<p>GREGAL: Circulaci\u00f3 Cultural Jap\u00f3-Corea-Catalunya (2017-2019). Grup de Recerca Emergent (GRE) de la Generalitat de Catalunya. AGAUR, Departament d\u2019Innovaci\u00f3, Universitats i Empresa, Generalitat de Catalunya.  2017SGR1596<\/p>\n\n\n\n<p><a href=\"https:\/\/webs.uab.cat\/gregal\/es\/proyectos\/\"> https:\/\/webs.uab.cat\/gregal\/es\/proyectos\/<\/a><\/p>\n\n\n\n<h2 class=\"wp-block-heading\"><strong>Asia Oriental: paradigmas emergentes, politica(s)<\/strong><\/h2>\n\n\n\n<p>Asia Oriental: paradigmas emergentes, politica(s), dinamicas socioculturales y sus consecuencias (2016-2019). MINECO. FFI2015-70513-P<\/p>\n\n\n\n<p><a href=\"https:\/\/webs.uab.cat\/interasia\/es\/proyectos-finalizados\/\">https:\/\/webs.uab.cat\/interasia\/es\/proyectos-finalizados\/<\/a><\/p>\n\n\n\n<h2 class=\"wp-block-heading\"><strong>Biblioteca de Estudios Japoneses<\/strong><\/h2>\n\n\n\n<p>Colecci\u00f3n editorial (2014-). Biblioteca de Estudios Japoneses (CERAO-UAB). Fundaci\u00f3n Jap\u00f3n (Government of Japan).<\/p>\n\n\n\n<p><a href=\"https:\/\/www.bellaterra.coop\/es\/colecciones\/biblioteca-de-estudios-japoneses\">https:\/\/www.bellaterra.coop\/es\/colecciones\/biblioteca-de-estudios-japoneses<\/a><\/p>\n\n\n\n<h2 class=\"wp-block-heading\"><strong>Inter\u00c0sia i el nou sistema internacional<\/strong><\/h2>\n\n\n\n<p>Inter\u00c0sia i el nou sistema internacional: Societat, politica i cultura (2014\u20102016). Grupo de Investigaci\u00f3n Consolidado y Financiado (GRC) de la Generalitat de Catalunya. 2014SGR1402<\/p>\n\n\n\n<p><a href=\"https:\/\/portalrecerca.uab.cat\/en\/organisations\/inter%C3%A0sia-i-el-nou-sistema-internacional-societat-politica-i-cult\">https:\/\/portalrecerca.uab.cat\/en\/organisations\/inter%C3%A0sia-i-el-nou-sistema-internacional-societat-politica-i-cult<\/a><\/p>\n\n\n\n<h2 class=\"wp-block-heading\"><strong>Online e-inclusive multilanguage media for all<\/strong><\/h2>\n\n\n\n<p>Online e-inclusive multilanguage media for all (2013-2016) European Commission. EUIN2013-50945<\/p>\n\n\n\n<p><a href=\"https:\/\/portalrecerca.uab.cat\/en\/projects\/online-e-inclusive-multilinguage-media-for-all-4\">https:\/\/portalrecerca.uab.cat\/en\/projects\/online-e-inclusive-multilinguage-media-for-all-4<\/a><\/p>\n\n\n\n<h2 class=\"wp-block-heading\"><strong>HBB4ALL<\/strong><\/h2>\n\n\n\n<p>Hybrid Broadcast Broadband for All (2013-2016). European Commission.<\/p>\n\n\n\n<p><a href=\"https:\/\/webs.uab.cat\/hbb4all\/\">https:\/\/webs.uab.cat\/hbb4all\/<\/a><\/p>\n\n\n\n<h2 class=\"wp-block-heading\"><strong>Revueltas populares del Mediterr\u00e1neo a Asia Central<\/strong><\/h2>\n\n\n\n<p>Revueltas populares del Mediterraneo a Asia Central: Genealogia hist\u00f3rica, fracturas de poder y factores identitarios (2013-2015). Institut Catal\u00e0 Internacional per la Pau. HAR2012-34053<\/p>\n\n\n\n<p><a href=\"https:\/\/portalrecerca.uab.cat\/es\/projects\/revueltas-populares-del-mediterraneo-a-asia-central-genealogia-hi-4\">https:\/\/portalrecerca.uab.cat\/es\/projects\/revueltas-populares-del-mediterraneo-a-asia-central-genealogia-hi-4<\/a><\/p>\n\n\n\n<h2 class=\"wp-block-heading\"><strong>El impacto de Asia Oriental en el contexto espa\u00f1ol<\/strong><\/h2>\n\n\n\n<p>El impacto de Asia Oriental en el contexto espa\u00f1ol: Producci\u00f3n cultural, pol\u00edtica(s) y sociedad (2012-2015). MCI I + D FFI2011-29090.<\/p>\n\n\n\n<p><a href=\"https:\/\/www.uab.cat\/doc\/programajornadesasiaoriental\">https:\/\/www.uab.cat\/doc\/programajornadesasiaoriental<\/a><\/p>\n\n\n\n<h2 class=\"wp-block-heading\"><strong>Els comportaments ling\u00fc\u00edstics dels japonesos i dels parlants del japon\u00e9s a grans ciutats del m\u00f3n<\/strong><\/h2>\n\n\n\n<p>\u4e16\u754c\u4e3b\u8981\u90fd\u5e02\u306b\u304a\u3051\u308b\u65e5\u672c\u8a9e\u4eba\u306e\u8a00\u8a9e\u884c\u52d5 (Els comportaments ling\u00fc\u00edstics dels\u00a0japonesos i dels parlants del japon\u00e8s a grans ciutats del m\u00f3n) (2011-2014), \u6176\u61c9\u7fa9\u587e\u5927\u5b66\u6b21\u4e16\u4ee3\u7814\u7a76\u30d7\u30ed\u30b8\u30a7\u30af\u30c8\u63a8\u9032\u30d7\u30ed\u30b0\u30e9\u30e0 (Programa de foment dels projectes de la propera generaci\u00f3, Universitat Keio).<\/p>\n\n\n\n<p><a href=\"https:\/\/webs.uab.cat\/gregal\/projectes\/\">https:\/\/webs.uab.cat\/gregal\/projectes\/<\/a><\/p>\n\n\n\n<h2 class=\"wp-block-heading\"><strong>Les revoltes \u00e0rabs<\/strong><\/h2>\n\n\n\n<p>Les revoltes \u00e0rabs: De la viol\u00e8ncia unilateral a la guerra. Participaci\u00f3 i impacte de l\u2019islam pol\u00edtic (2011-2012). Institut Catal\u00e0 Internacional per la Pau. 2011 RICIP 00011<\/p>\n\n\n\n<p><a href=\"https:\/\/portalrecerca.uab.cat\/es\/projects\/les-revoltes-%C3%A0rabs-de-la-viol%C3%A8ncia-unilateral-a-la-guerra-partici-3\">https:\/\/portalrecerca.uab.cat\/es\/projects\/les-revoltes-%C3%A0rabs-de-la-viol%C3%A8ncia-unilateral-a-la-guerra-partici-3<\/a><\/p>\n\n\n\n<h2 class=\"wp-block-heading\"><strong>Factor religi\u00f3s i conflictes al Nord d\u2019\u00c0frica, Orient Mitj\u00e0 i Turquia<\/strong><\/h2>\n\n\n\n<p>Factor religi\u00f3s i conflictes al Nord d\u2019\u00c0frica, Orient Mitj\u00e0 i Turquia:  Pres\u00e8ncia i visibilitat a Catalunya des d\u2019una perspectiva comparada (2011). Universidad de Granada (UGR)Bogazici University (BOUN).<\/p>\n\n\n\n<p><a href=\"https:\/\/portalrecerca.uab.cat\/es\/projects\/factor-religi%C3%B3s-i-conflictes-al-nord-d%C3%A0frica-orient-mitj%C3%A0-i-turqu-4\">https:\/\/portalrecerca.uab.cat\/es\/projects\/factor-religi%C3%B3s-i-conflictes-al-nord-d%C3%A0frica-orient-mitj%C3%A0-i-turqu-4<\/a><\/p>\n\n\n\n<h2 class=\"wp-block-heading\"><strong>Conveni UAB-Fundaci\u00f3 CIDOB<\/strong><\/h2>\n\n\n\n<p><a href=\"https:\/\/www.cidob.org\/en\/\">https:\/\/www.cidob.org\/en\/<\/a><\/p>\n\n\n\n<h2 class=\"wp-block-heading\"><strong>Inter-Asia<\/strong><\/h2>\n\n\n\n<p>Inter-Asia. Grupo de investigaci\u00f3n Interdisciplinario de Estudios de Asia Oriental (2009-2013) 2009 SGR-GRC-1103 <\/p>\n\n\n\n<p><a href=\"https:\/\/webs.uab.cat\/interasia\/en\/\">https:\/\/webs.uab.cat\/interasia\/en\/<\/a><\/p>\n\n\n\n<h2 class=\"wp-block-heading\"><strong>Estabilidad, gobernabilidad y cambio pol\u00edtico en Turqu\u00eda, Oriente Medio y el Norte de \u00c1frica<\/strong><\/h2>\n\n\n\n<p>Estabilidad, gobernabilidad y cambio pol\u00edtico en Turqu\u00eda, Oriente Medio y el<br>Norte de \u00c1frica: impacto en la pol\u00edtica espa\u00f1ola hacia la regi\u00f3n (2009-2011). Ministerio de Ciencia e Innovaci\u00f3n. CSO2008-06232-C03-02\/CPOL<\/p>\n\n\n\n<p><a href=\"https:\/\/portalrecerca.uab.cat\/en\/projects\/estabilidad-gobernabilidad-y-cambio-pol%C3%ADtico-en-turqu%C3%ADa-oriente-m-4\/publications\/\">https:\/\/portalrecerca.uab.cat\/en\/projects\/estabilidad-gobernabilidad-y-cambio-pol%C3%ADtico-en-turqu%C3%ADa-oriente-m-4\/publications\/<\/a><\/p>\n\n\n\n<h2 class=\"wp-block-heading\"><strong>Procesos interculturales de Asia Oriental en la sociedad internacional de la informaci\u00f3n<\/strong><\/h2>\n\n\n\n<p>Procesos interculturales de Asia Oriental en la sociedad internacional de la informaci\u00f3n: Ciudadan\u00eda, g\u00e9nero y producci\u00f3n cultural (2008-2011). MCII + D FFI2008-05911\/FISO<\/p>\n\n\n\n<p><a href=\"https:\/\/portalrecerca.uab.cat\/es\/projects\/procesos-interculturales-de-asia-oriental-en-la-sociedad-internac-4\/publications\/\">https:\/\/portalrecerca.uab.cat\/es\/projects\/procesos-interculturales-de-asia-oriental-en-la-sociedad-internac-4\/publications\/<\/a><\/p>\n\n\n\n<h2 class=\"wp-block-heading\">Las comunidades china, india y japonesa en Espa\u00f1a<\/h2>\n\n\n\n<p>Las comunidades china, india y japonesa en Espa\u00f1a: Or\u00edgenes, asentamiento y heterogeneidad comunitaria (2007-2008). Programa de Estudios del Ministerio de Trabajo y Asuntos Sociales. Observatorio Permanente de la Inmigraci\u00f3n (OPI) y Fundaci\u00f3 CIDOB <\/p>\n\n\n\n<p><a href=\"https:\/\/portalrecerca.uab.cat\/es\/publications\/las-comunidades-china-india-y-japonesa-en-espa%C3%B1a-or%C3%ADgenes-asentam-2\">https:\/\/portalrecerca.uab.cat\/es\/publications\/las-comunidades-china-india-y-japonesa-en-espa%C3%B1a-or%C3%ADgenes-asentam-2<\/a><\/p>\n\n\n\n<h2 class=\"wp-block-heading\">Grup de Recerca Interculturalitat a l\u2019Asia Oriental<\/h2>\n\n\n\n<p>Grup de Recerca Interculturalitat a l\u2019Asia Oriental (2006). UAB<\/p>\n\n\n\n<p><a href=\"https:\/\/webs.uab.cat\/interasia\/finalitzats\/\">https:\/\/webs.uab.cat\/interasia\/finalitzats\/<\/a><\/p>\n\n\n\n<h2 class=\"wp-block-heading\">Interculturalidad de Asia Oriental en la era de la globalizaci\u00f3n<\/h2>\n\n\n\n<p>Interculturalidad de Asia Oriental en la era de la globalizaci\u00f3n. Aspectos ling\u00fc\u00edstico-literarios y socio-pol\u00edticos (2005-2008). MEC I + D HUM2005-08151\/FILO.<\/p>\n\n\n\n<h2 class=\"wp-block-heading\">Procesos de Socializaci\u00f3n en los hijos e hijas de las familias de origen Chino<\/h2>\n\n\n\n<p>Procesos de Socializaci\u00f3n en los hijos e hijas de las familias de origen Chino (2005-2006) Fundaci\u00f3n Jaume Bofill-<a href=\"http:\/\/www.migracat.cat\/\" target=\"_blank\" rel=\"noreferrer noopener\">Migracat<\/a>\u00a0(Observatori de la inmigraci\u00f3 a Catalunya), Barcelona.<\/p>\n\n\n\n<p><a href=\"https:\/\/webs.uab.cat\/interasia\/en\/participation-others\/\">https:\/\/webs.uab.cat\/interasia\/en\/participation-others\/<\/a><\/p>\n","protected":false},"excerpt":{"rendered":"<p>El boom cultural japon\u00e9s y surcoreano en Espa\u00f1a El boom cultural japon\u00e9s y surcoreano en Espa\u00f1a: aspectos culturales, pol\u00edticos y socioecon\u00f3micos (2022 -2025). MCIN I + D PID2021-122897NB-I00 https:\/\/webs.uab.cat\/gregal\/es\/proyectos\/ GREGAL: Circulaci\u00f3n Cultural Jap\u00f3n-Corea-Catalunya GREGAL: Circulaci\u00f3n Cultural Jap\u00f3n-Corea-Catalu\u00f1a (2021-2024) . Grupo de Investigaci\u00f3n Consolidado (GRC) de la Generalitat de Catalunya. AGAUR, Departament d\u2019Innovaci\u00f3, Universitats i Empresa, [&hellip;]<\/p>\n","protected":false},"author":103,"featured_media":0,"parent":0,"menu_order":0,"comment_status":"closed","ping_status":"closed","template":"","meta":{"footnotes":""},"class_list":["post-21","page","type-page","status-publish","hentry"],"_links":{"self":[{"href":"https:\/\/webs.uab.cat\/cerao\/ca\/wp-json\/wp\/v2\/pages\/21","targetHints":{"allow":["GET"]}}],"collection":[{"href":"https:\/\/webs.uab.cat\/cerao\/ca\/wp-json\/wp\/v2\/pages"}],"about":[{"href":"https:\/\/webs.uab.cat\/cerao\/ca\/wp-json\/wp\/v2\/types\/page"}],"author":[{"embeddable":true,"href":"https:\/\/webs.uab.cat\/cerao\/ca\/wp-json\/wp\/v2\/users\/103"}],"replies":[{"embeddable":true,"href":"https:\/\/webs.uab.cat\/cerao\/ca\/wp-json\/wp\/v2\/comments?post=21"}],"version-history":[{"count":7,"href":"https:\/\/webs.uab.cat\/cerao\/ca\/wp-json\/wp\/v2\/pages\/21\/revisions"}],"predecessor-version":[{"id":305,"href":"https:\/\/webs.uab.cat\/cerao\/ca\/wp-json\/wp\/v2\/pages\/21\/revisions\/305"}],"wp:attachment":[{"href":"https:\/\/webs.uab.cat\/cerao\/ca\/wp-json\/wp\/v2\/media?parent=21"}],"curies":[{"name":"wp","href":"https:\/\/api.w.org\/{rel}","templated":true}]}}