{"id":3413,"date":"2023-10-19T18:59:37","date_gmt":"2023-10-19T18:59:37","guid":{"rendered":"https:\/\/webs.uab.cat\/cienciaxllegir\/?page_id=3413"},"modified":"2026-07-01T13:39:38","modified_gmt":"2026-07-01T13:39:38","slug":"obra-divulgativa-de-lluis-montoliu","status":"publish","type":"page","link":"https:\/\/webs.uab.cat\/cienciaxllegir\/obra-divulgativa-de-lluis-montoliu\/","title":{"rendered":"Obra divulgativa de Llu\u00eds Montoliu"},"content":{"rendered":"\n<div class=\"wp-block-columns is-layout-flex wp-container-core-columns-is-layout-8f761849 wp-block-columns-is-layout-flex\">\n<div class=\"wp-block-column is-layout-flow wp-block-column-is-layout-flow\" style=\"flex-basis:100%\"><div class=\"wp-block-image\">\n<figure class=\"aligncenter size-full\"><a href=\"https:\/\/webs.uab.cat\/cienciaxllegir\/lluis-montoliu-2\/\"><img loading=\"lazy\" decoding=\"async\" width=\"208\" height=\"70\" src=\"https:\/\/webs.uab.cat\/cienciaxllegir\/wp-content\/uploads\/sites\/215\/2023\/10\/00botoRetornarmontoliu.jpg\" alt=\"\" class=\"wp-image-3414\" \/><\/a><\/figure>\n<\/div><\/div>\n<\/div>\n\n\n\n<div class=\"wp-block-media-text alignwide is-stacked-on-mobile\" style=\"grid-template-columns:15% auto\"><figure class=\"wp-block-media-text__media\"><img loading=\"lazy\" decoding=\"async\" width=\"150\" height=\"228\" src=\"https:\/\/webs.uab.cat\/cienciaxllegir\/wp-content\/uploads\/sites\/215\/2026\/07\/montoliu-importores.jpg\" alt=\"\" class=\"wp-image-4446 size-full\" \/><\/figure><div class=\"wp-block-media-text__content\">\n<p class=\"wp-block-paragraph\"><strong>Impostores de la ciencia: historias reales de fraude y enga\u00f1o en la ciencia (2026) \u00a0\u00a0<em>\u2013 Assaig \u2013<\/em><\/strong><\/p>\n\n\n\n<p class=\"wp-block-paragraph\">El llibre s&#8217;endinsa en la part m\u00e9s fosca i invisible de la investigaci\u00f3: les vulneracions de la integritat cient\u00edfica. A trav\u00e9s de casos reals \u2013des de fraus hist\u00f2rics fins a esc\u00e0ndols recents\u2013 analitza com es falsifiquen dades, com operen les anomenades \u00abf\u00e0briques d&#8217;articles\u00bb i per qu\u00e8 alguns investigadors reincideixen durant anys abans de ser descoberts. Tamb\u00e9 examina les conseq\u00fc\u00e8ncies: p\u00e8rdua de recursos, descr\u00e8dit institucional, riscos per a la salut p\u00fablica i erosi\u00f3 de la confian\u00e7a social en la ci\u00e8ncia.<\/p>\n\n\n\n<p class=\"wp-block-paragraph\"><a href=\"https:\/\/bibcercador.uab.cat\/permalink\/34CSUC_UAB\/1fbc57r\/alma991011329717006709\" target=\"_blank\" rel=\"noreferrer noopener\">Disponibilitat<\/a><\/p>\n<\/div><\/div>\n\n\n\n<div class=\"wp-block-media-text alignwide is-stacked-on-mobile\" style=\"grid-template-columns:15% auto\"><figure class=\"wp-block-media-text__media\"><img loading=\"lazy\" decoding=\"async\" width=\"150\" height=\"219\" src=\"https:\/\/webs.uab.cat\/cienciaxllegir\/wp-content\/uploads\/sites\/215\/2026\/02\/llmontoliu-editando-genes-02.jpg\" alt=\"\" class=\"wp-image-4261 size-full\" \/><\/figure><div class=\"wp-block-media-text__content\">\n<p class=\"wp-block-paragraph\"><strong>Editando genes: recorta, pega y colorea: las maravillosas herramientas CRISPR (2025) &nbsp;&nbsp;<em>\u2013 Assaig \u2013<\/em><\/strong><\/p>\n\n\n\n<p class=\"wp-block-paragraph\">Aquest llibre, reeditat per l&#8217;editorial Pinolia, est\u00e0 basat en la 3a edici\u00f3 del llibre original, publicada el 2021, que cobria tot el que va passar des de finals dels anys 80 amb les primeres descripcions de les repeticions CRISPR en genomes de bacteris fins al 2020, amb el reconeixement a Emmanuelle Charpentier i Jennifer Doudna, Premi Nobel de Qu\u00edmica l&#8217;octubre del 2020.<br>Per a aquesta reedici\u00f3, l&#8217;autor ha revisat i actualitzat tot el contingut.<\/p>\n\n\n\n<p class=\"wp-block-paragraph\"><a href=\"https:\/\/bibcercador.uab.cat\/permalink\/34CSUC_UAB\/avjcib\/alma991011197106406709\" target=\"_blank\" rel=\"noreferrer noopener\">Disponibilitat<\/a><\/p>\n<\/div><\/div>\n\n\n\n<div class=\"wp-block-media-text alignwide is-stacked-on-mobile\" style=\"grid-template-columns:15% auto\"><figure class=\"wp-block-media-text__media\"><img loading=\"lazy\" decoding=\"async\" width=\"150\" height=\"219\" src=\"https:\/\/webs.uab.cat\/cienciaxllegir\/wp-content\/uploads\/sites\/215\/2025\/06\/llmontoliu-ser-cientific.jpg\" alt=\"\" class=\"wp-image-4015 size-full\" \/><\/figure><div class=\"wp-block-media-text__content\">\n<p class=\"wp-block-paragraph\"><strong>Ser cient\u00edfico : la ciencia como vocaci\u00f3n y profesi\u00f3n (2024) &nbsp;&nbsp;<em>\u2013 Assaig \u2013<\/em><\/strong><\/p>\n\n\n\n<p class=\"wp-block-paragraph\">Aquest \u00e9s un llibre, en part autobiogr\u00e0fic, en el qual l&#8217;autor descriu qu\u00e8 vol dir ser una persona de ci\u00e8ncia, un cient\u00edfic o una cient\u00edfica, des de la perspectiva que li donen els m\u00e9s de 40 anys que ha dedicat a la recerca cient\u00edfica.<br>Professi\u00f3 vocacional, on coexisteixen tant els aspectes laborals de qualsevol altra professi\u00f3 amb els aspectes passionals d&#8217;una vocaci\u00f3, que \u00e9s un concepte pol\u00e8mic actualment per\u00f2 que Montoliu vol reivindicar, sense oblidar que aix\u00f2 de dedicar-se a la ci\u00e8ncia tamb\u00e9 \u00e9s una feina, com qualsevol altra.<\/p>\n\n\n\n<p class=\"wp-block-paragraph\"><a href=\"https:\/\/montoliu.naukas.com\/2025\/03\/20\/ser-cientifico-la-ciencia-como-vocacion-y-profesion\/\" target=\"_blank\" rel=\"noreferrer noopener\">Ressenya del propi autor al seu blog personal Gen-\u00c9tica<\/a>.<\/p>\n\n\n\n<p class=\"wp-block-paragraph\"><a href=\"https:\/\/bibcercador.uab.cat\/permalink\/34CSUC_UAB\/99bmqe\/alma991061373570206706\" target=\"_blank\" rel=\"noreferrer noopener\">Disponibilitat<\/a><\/p>\n<\/div><\/div>\n\n\n\n<div class=\"wp-block-media-text alignwide is-stacked-on-mobile\" style=\"grid-template-columns:15% auto\"><figure class=\"wp-block-media-text__media\"><img loading=\"lazy\" decoding=\"async\" width=\"150\" height=\"232\" src=\"https:\/\/webs.uab.cat\/cienciaxllegir\/wp-content\/uploads\/sites\/215\/2024\/12\/montoliu-no-todo-vale.jpg\" alt=\"\" class=\"wp-image-3896 size-full\" \/><\/figure><div class=\"wp-block-media-text__content\">\n<p class=\"wp-block-paragraph\"><strong>No todo vale (2024) &nbsp;&nbsp;<em>\u2013 Assaig \u2013<\/em><\/strong><\/p>\n\n\n\n<p class=\"wp-block-paragraph\">Si parlem en termes de la ci\u00e8ncia ficci\u00f3, els cient\u00edfics acostumen a fer el que volen o el que els obliga a fer el dolent de la pel\u00b7l\u00edcula. Per\u00f2, a la vida real, existeixen normes que s&#8217;han d&#8217;acomplir.<br>En aquest llibre, l&#8217;autor deixa clar que tenir la capacitat tecnol\u00f2gica i cient\u00edfica de fer quelcom no significa que s&#8217;hagi de dur a terme o que estigui perm\u00e8s. Perqu\u00e8 en biomedicina, no tot s&#8217;hi val.<\/p>\n\n\n\n<p class=\"wp-block-paragraph\"><a href=\"https:\/\/bibcercador.uab.cat\/permalink\/34CSUC_UAB\/1eqfv2p\/alma991011014235806709\" target=\"_blank\" rel=\"noreferrer noopener\">Disponibilitat<\/a><\/p>\n<\/div><\/div>\n\n\n\n<div class=\"wp-block-media-text alignwide is-stacked-on-mobile\" style=\"grid-template-columns:15% auto\"><figure class=\"wp-block-media-text__media\"><img loading=\"lazy\" decoding=\"async\" width=\"150\" height=\"232\" src=\"https:\/\/webs.uab.cat\/cienciaxllegir\/wp-content\/uploads\/sites\/215\/2023\/10\/montoliurara.jpg\" alt=\"\" class=\"wp-image-3417 size-full\" \/><\/figure><div class=\"wp-block-media-text__content\">\n<p class=\"wp-block-paragraph\"><strong>\u00bfPor qu\u00e9 mi hijo tiene una enfermedad rara? (2023) &nbsp;&nbsp;<em>\u2013 Assaig \u2013<\/em><\/strong><\/p>\n\n\n\n<p class=\"wp-block-paragraph\">El llibre est\u00e0 escrit a partir de l\u2019experi\u00e8ncia professional de l\u2019autor, que investiga malalties rares i les diagnostica gen\u00e8ticament. Amb molta freq\u00fc\u00e8ncia li ha tocat respondre a tota una s\u00e8rie de preguntes formulades per fam\u00edlies en apar\u00e8ixer de manera sorprenent i inesperada una malaltia rara, canviant completament el seu esdevenir.<\/p>\n\n\n\n<p class=\"wp-block-paragraph\">Hi ha cap cient\u00edfic investigant-la i desenvolupant algun tractament? T\u00e9 cura? Si decid\u00edssim tenir-ne m\u00e9s criatures, existiria la possibilitat que tamb\u00e9 nasquessin amb la mateixa malaltia? \u2026<\/p>\n\n\n\n<p class=\"wp-block-paragraph\"><a href=\"https:\/\/bibcercador.uab.cat\/permalink\/34CSUC_UAB\/1eqfv2p\/alma991010844435806709\" target=\"_blank\" rel=\"noreferrer noopener\">Disponibilitat<\/a><\/p>\n<\/div><\/div>\n\n\n\n<div class=\"wp-block-media-text alignwide is-stacked-on-mobile\" style=\"grid-template-columns:15% auto\"><figure class=\"wp-block-media-text__media\"><img loading=\"lazy\" decoding=\"async\" width=\"150\" height=\"232\" src=\"https:\/\/webs.uab.cat\/cienciaxllegir\/wp-content\/uploads\/sites\/215\/2023\/10\/montoliucolors.jpg\" alt=\"\" class=\"wp-image-3416 size-full\" \/><\/figure><div class=\"wp-block-media-text__content\">\n<p class=\"wp-block-paragraph\"><strong>Genes de colores (2022) &nbsp;&nbsp;<em>\u2013 Assaig \u2013<\/em><\/strong><\/p>\n\n\n\n<p class=\"wp-block-paragraph\">El color de la pell \u00e9s una caracter\u00edstica que no hauria de tenir m\u00e9s connotacions que les purament descriptives i fisiol\u00f2giques, per\u00f2 massa sovint al llarg de la hist\u00f2ria ha estat un desgraciat motiu de discriminaci\u00f3, persecuci\u00f3, atacs o morts. Resulta inaudit comprovar que amb prou feines unes quantes variacions gen\u00e8tiques en uns quants gens, que tenen un impacte evident en el nostre aspecte extern, ajudin determinades persones a l&#8217;\u00e8xit social i condemnin d&#8217;altres a l&#8217;ostracisme o, fins i tot, suposin un clar perill per a les seves vides.<\/p>\n\n\n\n<p class=\"wp-block-paragraph\">Montoliu, premiat el 2020 amb la Medalla H.S. Raper de la IFPCS\/ESPCR per les seves investigacions en pigmentaci\u00f3 i albinisme, ens descobreix de manera senzilla i amb un llenguatge assequible a tothom, la gen\u00e8tica de la pigmentaci\u00f3, els gens de colors que controlen l&#8217;aspecte que tenim.<\/p>\n\n\n\n<p class=\"wp-block-paragraph\"><a href=\"https:\/\/bibcercador.uab.cat\/permalink\/34CSUC_UAB\/1eqfv2p\/alma991010613736106709\" target=\"_blank\" rel=\"noreferrer noopener\">Disponibilitat<\/a><\/p>\n<\/div><\/div>\n\n\n\n<div class=\"wp-block-media-text alignwide is-stacked-on-mobile\" style=\"grid-template-columns:15% auto\"><figure class=\"wp-block-media-text__media\"><img loading=\"lazy\" decoding=\"async\" width=\"150\" height=\"232\" src=\"https:\/\/webs.uab.cat\/cienciaxllegir\/wp-content\/uploads\/sites\/215\/2023\/10\/montoliueditant.jpg\" alt=\"\" class=\"wp-image-3415 size-full\" \/><\/figure><div class=\"wp-block-media-text__content\">\n<p class=\"wp-block-paragraph\"><strong>Editando genes: recorta, pega y colorea: las maravillosas herramientas CRISPR (2019) &nbsp;&nbsp;<em>\u2013 Assaig \u2013<\/em><\/strong><\/p>\n\n\n\n<p class=\"wp-block-paragraph\">L&#8217;edici\u00f3 gen\u00e8tica ha irromput amb for\u00e7a tant als laboratoris com a la societat. En particular des que van apar\u00e8ixer les eines CRISPR, descobertes en bacteris per un microbi\u00f2leg espanyol, Francis Mojica, de la Universitat d&#8217;Alacant, fa m\u00e9s de 25 anys. Amb elles s&#8217;han proposat multitud d&#8217;aplicacions en biologia, salut i biotecnologia, algunes de les quals plantegen dilemes \u00e8tics, com l&#8217;\u00fas en embrions humans.<\/p>\n\n\n\n<p class=\"wp-block-paragraph\">Aquest llibre vol aportar informaci\u00f3 b\u00e0sica i assequible sobre l&#8217;edici\u00f3 gen\u00e8tica i sobre aquesta nova tecnologia. Ressaltar tant els avantatges com les limitacions o els problemes no resolts associats a aquest m\u00e8tode per oferir al lector una visi\u00f3 honesta i realista del que podem esperar d&#8217;aquesta revoluci\u00f3 tecnol\u00f2gica.<\/p>\n\n\n\n<p class=\"wp-block-paragraph\"><a href=\"https:\/\/bibcercador.uab.cat\/permalink\/34CSUC_UAB\/1eqfv2p\/alma991009799419706709\" target=\"_blank\" rel=\"noreferrer noopener\">Disponibilitat<\/a><\/p>\n<\/div><\/div>\n\n\n\n<div class=\"wp-block-media-text alignwide is-stacked-on-mobile\" style=\"grid-template-columns:15% auto\"><figure class=\"wp-block-media-text__media\"><img loading=\"lazy\" decoding=\"async\" width=\"143\" height=\"221\" src=\"https:\/\/webs.uab.cat\/cienciaxllegir\/wp-content\/uploads\/sites\/215\/2023\/10\/montoliualbinismo.jpg\" alt=\"\" class=\"wp-image-3498 size-full\" \/><\/figure><div class=\"wp-block-media-text__content\">\n<p class=\"wp-block-paragraph\"><strong>El albinismo (2019) &nbsp;&nbsp;<em>\u2013 Assaig \u2013<\/em><\/strong><\/p>\n\n\n\n<p class=\"wp-block-paragraph\">L&#8217;albinisme no \u00e9s cap malaltia; \u00e9s una condici\u00f3 gen\u00e8tica poc freq\u00fcent. Una persona no pateix &nbsp;albinisme, sin\u00f3 que \u201c\u00e9s\u201d una persona amb albinisme. S\u00f3n individus que han patit mutacions en determinats gens i que normalment reconeixem per la seva poca o nul\u00b7la pigmentaci\u00f3 a la pell i els cabells blancs, encara que el seu tret m\u00e9s limitant siguin els seus greus problemes de visi\u00f3, amb una agudesa visual que acostuma a \u00e9sser inferior al 10% .<\/p>\n\n\n\n<p class=\"wp-block-paragraph\">Al llarg del llibre, l\u2019autor desmitifica certes creences i explica aquesta condici\u00f3 gen\u00e8tica poc freq\u00fcent.<\/p>\n\n\n\n<p class=\"wp-block-paragraph\"><a href=\"https:\/\/bibcercador.uab.cat\/permalink\/34CSUC_UAB\/ja52mf\/alma991010517528306709\" target=\"_blank\" rel=\"noreferrer noopener\">Disponibilitat<\/a><\/p>\n<\/div><\/div>\n","protected":false},"excerpt":{"rendered":"<p>Impostores de la ciencia: historias reales de fraude y enga\u00f1o en la ciencia (2026) \u00a0\u00a0\u2013 Assaig \u2013 El llibre s&#8217;endinsa en la part m\u00e9s fosca i invisible de la investigaci\u00f3: les vulneracions de la integritat cient\u00edfica. A trav\u00e9s de casos reals \u2013des de fraus hist\u00f2rics fins a esc\u00e0ndols recents\u2013 analitza com es falsifiquen dades, com [&hellip;]<\/p>\n","protected":false},"author":131,"featured_media":0,"parent":0,"menu_order":0,"comment_status":"closed","ping_status":"closed","template":"","meta":{"footnotes":""},"class_list":["post-3413","page","type-page","status-publish","hentry"],"_links":{"self":[{"href":"https:\/\/webs.uab.cat\/cienciaxllegir\/wp-json\/wp\/v2\/pages\/3413","targetHints":{"allow":["GET"]}}],"collection":[{"href":"https:\/\/webs.uab.cat\/cienciaxllegir\/wp-json\/wp\/v2\/pages"}],"about":[{"href":"https:\/\/webs.uab.cat\/cienciaxllegir\/wp-json\/wp\/v2\/types\/page"}],"author":[{"embeddable":true,"href":"https:\/\/webs.uab.cat\/cienciaxllegir\/wp-json\/wp\/v2\/users\/131"}],"replies":[{"embeddable":true,"href":"https:\/\/webs.uab.cat\/cienciaxllegir\/wp-json\/wp\/v2\/comments?post=3413"}],"version-history":[{"count":10,"href":"https:\/\/webs.uab.cat\/cienciaxllegir\/wp-json\/wp\/v2\/pages\/3413\/revisions"}],"predecessor-version":[{"id":4448,"href":"https:\/\/webs.uab.cat\/cienciaxllegir\/wp-json\/wp\/v2\/pages\/3413\/revisions\/4448"}],"wp:attachment":[{"href":"https:\/\/webs.uab.cat\/cienciaxllegir\/wp-json\/wp\/v2\/media?parent=3413"}],"curies":[{"name":"wp","href":"https:\/\/api.w.org\/{rel}","templated":true}]}}