{"id":463,"date":"2015-04-15T15:24:00","date_gmt":"2015-04-15T15:24:00","guid":{"rendered":"https:\/\/webs.uab.cat\/cienciaxllegir\/obra-divulgativa-de-juan-luis-arsuaga\/"},"modified":"2026-03-13T15:04:46","modified_gmt":"2026-03-13T15:04:46","slug":"obra-divulgativa-de-juan-luis-arsuaga","status":"publish","type":"page","link":"https:\/\/webs.uab.cat\/cienciaxllegir\/obra-divulgativa-de-juan-luis-arsuaga\/","title":{"rendered":"Obra divulgativa de Juan Luis Arsuaga"},"content":{"rendered":"<div class=\"wp-block-image\">\n<figure class=\"aligncenter\"><a href=\"https:\/\/webs.uab.cat\/cienciaxllegir\/juan-luis-arsuaga\/\"><img loading=\"lazy\" decoding=\"async\" width=\"208\" height=\"70\" src=\"https:\/\/webs.uab.cat\/cienciaxllegir\/wp-content\/uploads\/sites\/215\/2015\/04\/jlarsuagaretornar2.jpg\" alt=\"\" class=\"wp-image-454\" \/><\/a><\/figure>\n<\/div>\n\n\n<div class=\"wp-block-media-text alignwide is-stacked-on-mobile\" style=\"grid-template-columns:15% auto\"><figure class=\"wp-block-media-text__media\"><img loading=\"lazy\" decoding=\"async\" width=\"143\" height=\"226\" src=\"https:\/\/webs.uab.cat\/cienciaxllegir\/wp-content\/uploads\/sites\/215\/2026\/03\/arsuaga-conciencia-millas.jpg\" alt=\"\" class=\"wp-image-4308 size-full\" \/><\/figure><div class=\"wp-block-media-text__content\">\n<p class=\"wp-block-paragraph\"><strong>La conciencia contada por un sapiens a un neandertal (2024) \u00a0\u00a0 <\/strong><em>-Assaig-<\/em><\/p>\n\n\n\n<p class=\"wp-block-paragraph\">Vivim amb la paradoxa que, malgrat els aven\u00e7os de la neuroci\u00e8ncia en els darrers anys, el cervell, que regeix la nostra connexi\u00f3 amb el m\u00f3n, continua sent el gran desconegut.<\/p>\n\n\n\n<p class=\"wp-block-paragraph\">La identitat, la intel\u00b7lig\u00e8ncia natural i artificial i la mem\u00f2ria, aix\u00ed com les condicions perqu\u00e8 salt\u00e9s l&#8217;espurna i sorg\u00eds la consci\u00e8ncia que distingeix els humans de la resta de les esp\u00e8cies constitueixen les trames d&#8217;aquest llibre, totes travessades per la saviesa i l&#8217;humor, i per l&#8217;eix narratiu de la singular relaci\u00f3 entre el cient\u00edfic (Juan Luis Arsuaga) i el novel\u00b7lista (Juan Jos\u00e9 Mill\u00e1s).<\/p>\n\n\n\n<p class=\"wp-block-paragraph\"><a href=\"https:\/\/bibcercador.uab.cat\/permalink\/34CSUC_UAB\/1fbc57r\/alma991011270836006709\" target=\"_blank\" rel=\"noreferrer noopener\">Disponibilitat<\/a><\/p>\n<\/div><\/div>\n\n\n\n<div class=\"wp-block-media-text alignwide is-stacked-on-mobile\" style=\"grid-template-columns:15% auto\"><figure class=\"wp-block-media-text__media\"><img loading=\"lazy\" decoding=\"async\" width=\"143\" height=\"221\" src=\"https:\/\/webs.uab.cat\/cienciaxllegir\/wp-content\/uploads\/sites\/215\/2024\/12\/arsuaga-otro-lado-niebla.jpg\" alt=\"\" class=\"wp-image-3899 size-full\" \/><\/figure><div class=\"wp-block-media-text__content\">\n<p class=\"wp-block-paragraph\"><strong>Al otro lado de la niebla  (2024) &nbsp;&nbsp; <\/strong><em>-Novel\u00b7la-<\/em><\/p>\n\n\n\n<p class=\"wp-block-paragraph\">Amb aquesta edici\u00f3, redescobrim la primera novel\u00b7la de Juan Luis Arsuaga, on s&#8217;uneixen les evocadores llegendes dels savis ancians de la tribu amb els seus grans coneixements paleontol\u00f2gics.<br>Una hist\u00f2ria en la qual quasi tot \u00e9s veritat i on es sabr\u00e0 recon\u00e8ixer l&#8217;\u00e9sser prehist\u00f2ric que s&#8217;amaga en nosaltres.<\/p>\n\n\n\n<p class=\"wp-block-paragraph\"><a href=\"https:\/\/bibcercador.uab.cat\/permalink\/34CSUC_UAB\/1eqfv2p\/alma991011014233506709\" target=\"_blank\" rel=\"noreferrer noopener\">Disponibilitat<\/a><\/p>\n<\/div><\/div>\n\n\n\n<div class=\"wp-block-media-text alignwide is-stacked-on-mobile\" style=\"grid-template-columns:15% auto\"><figure class=\"wp-block-media-text__media\"><img loading=\"lazy\" decoding=\"async\" width=\"143\" height=\"221\" src=\"https:\/\/webs.uab.cat\/cienciaxllegir\/wp-content\/uploads\/sites\/215\/2023\/10\/2023nuestrocuerpo.jpg\" alt=\"\" class=\"wp-image-3364 size-full\" \/><\/figure><div class=\"wp-block-media-text__content\">\n<p class=\"wp-block-paragraph\"><strong>Nuestro cuerpo: siete millones de a\u00f1os de evoluci\u00f3n  (2023) &nbsp;&nbsp; <\/strong><em>-Assaig-<\/em><\/p>\n\n\n\n<p class=\"wp-block-paragraph\">A partir de l\u2019observaci\u00f3 del cos hum\u00e0 a trav\u00e9s de l\u2019art i del seu coneixement com a paleont\u00f2leg, l\u2019autor ens convida a descobrir de forma planera les meravelles que el composen i com i per qu\u00e8 han evolucionat al llarg dels segles. Viatjarem al passat per acostar-nos al gran desconegut que \u00e9s el nostre cos. Perqu\u00e8 totes i cadascuna de les seves parts s\u00f3n un prodigi de l\u2019evoluci\u00f3.<\/p>\n\n\n\n<p class=\"wp-block-paragraph\"><a href=\"https:\/\/bibcercador.uab.cat\/permalink\/34CSUC_UAB\/1eqfv2p\/alma991010816326906709\" target=\"_blank\" rel=\"noreferrer noopener\">Disponibilitat<\/a><\/p>\n<\/div><\/div>\n\n\n\n<div class=\"wp-block-media-text alignwide is-stacked-on-mobile\" style=\"grid-template-columns:15% auto\"><figure class=\"wp-block-media-text__media\"><img loading=\"lazy\" decoding=\"async\" width=\"143\" height=\"221\" src=\"https:\/\/webs.uab.cat\/cienciaxllegir\/wp-content\/uploads\/sites\/215\/2015\/04\/muertemillas.jpg\" alt=\"\" class=\"wp-image-455 size-full\" \/><\/figure><div class=\"wp-block-media-text__content\">\n<p class=\"wp-block-paragraph\"><strong><br>La muerte contada por un sapiens a un neandertal (2022) &nbsp;&nbsp; <\/strong><em>-Assaig-<\/em><\/p>\n\n\n\n<p class=\"wp-block-paragraph\">L&#8217;escriptor Juan Jos\u00e9 Mill\u00e1s i el paleont\u00f2leg Juan Lu\u00eds Arsuaga retornen amb aquest llibre on tracten temes com la mort i l&#8217;eternitat, la longevitat, la malaltia, l&#8217;envelliment, la selecci\u00f3 natural, la mort programada i la superviv\u00e8ncia.<\/p>\n\n\n\n<p class=\"wp-block-paragraph\"><a rel=\"noreferrer noopener\" href=\"https:\/\/bibcercador.uab.cat\/permalink\/34CSUC_UAB\/1eqfv2p\/alma991010613734706709\" target=\"_blank\">Disponibilitat<\/a><\/p>\n<\/div><\/div>\n\n\n\n<div class=\"wp-block-media-text alignwide is-stacked-on-mobile\" style=\"grid-template-columns:15% auto\"><figure class=\"wp-block-media-text__media\"><img loading=\"lazy\" decoding=\"async\" width=\"143\" height=\"221\" src=\"https:\/\/webs.uab.cat\/cienciaxllegir\/wp-content\/uploads\/sites\/215\/2015\/04\/arsuagamillas01.jpg\" alt=\"\" class=\"wp-image-456 size-full\" \/><\/figure><div class=\"wp-block-media-text__content\">\n<p class=\"wp-block-paragraph\"><strong><br>La vida contada por un sapiens a un neandertal (2020) &nbsp;&nbsp; <\/strong><em>-Assaig-<\/em><\/p>\n\n\n\n<p class=\"wp-block-paragraph\">L&#8217;escriptor Juan Jos\u00e9 Mill\u00e1s i el paleont\u00f2leg Juan Lu\u00eds Arsuaga signen aquest llibre en el qual es complementen la mirada personal i sorprenent que t\u00e9 el primer sobre la realitat, i la saviesa del segon. Perqu\u00e8 Mill\u00e1s \u00e9s un neandertal (o aix\u00f3 diu) i Arsuaga, segons sembla, un sapiens.<\/p>\n\n\n\n<p class=\"wp-block-paragraph\"><a rel=\"noreferrer noopener\" href=\"https:\/\/bibcercador.uab.cat\/discovery\/search?query=any,contains,vida%20contada%20sapiens&amp;tab=DiscoveryNetwork&amp;search_scope=DiscoveryNetwork&amp;vid=34CSUC_UAB:VU1&amp;offset=0\" target=\"_blank\">Disponibilitat<\/a><\/p>\n<\/div><\/div>\n\n\n\n<div class=\"wp-block-media-text alignwide is-stacked-on-mobile\" style=\"grid-template-columns:15% auto\"><figure class=\"wp-block-media-text__media\"><img loading=\"lazy\" decoding=\"async\" width=\"150\" height=\"225\" src=\"https:\/\/webs.uab.cat\/cienciaxllegir\/wp-content\/uploads\/sites\/215\/2020\/05\/en-vida-arsuaga2.jpg\" alt=\"en-vida-arsuaga2\" class=\"wp-image-119 size-full\" \/><\/figure><div class=\"wp-block-media-text__content\">\n<p class=\"wp-block-paragraph\"><strong><br>Vida, la gran historia (2019) &nbsp;&nbsp; <\/strong><em>-Assaig-<\/em><\/p>\n\n\n\n<p class=\"wp-block-paragraph\">Fa uns 4.000 milions d&#8217;anys va apar\u00e8ixer la vida a la Terra. Quina \u00e9s la hist\u00f2ria de la seva evoluci\u00f3? Era inevitable la vida? Quins patrons fa servir l&#8217;evoluci\u00f3? A partir de preguntes com aquestes i fent un rep\u00e0s a les respostes que la ci\u00e8ncia ha donat, l&#8217;autor desenvolupa una aut\u00e8ntica hist\u00f2ria de la vida des del seu origen fins el dia d&#8217;avui.<\/p>\n\n\n\n<p class=\"wp-block-paragraph\"><a rel=\"noreferrer noopener\" href=\"https:\/\/www.rtve.es\/alacarta\/videos\/la-aventura-del-saber\/aventura-del-saber-juan-luis-arsuaga\/5263100\/\" target=\"_blank\">+ info<\/a><\/p>\n\n\n\n<p class=\"wp-block-paragraph\"><a rel=\"noreferrer noopener\" href=\"https:\/\/bibcercador.uab.cat\/permalink\/34CSUC_UAB\/1eqfv2p\/alma991010024979706709\" target=\"_blank\">Disponibilitat<\/a><\/p>\n<\/div><\/div>\n\n\n\n<div class=\"wp-block-media-text alignwide is-stacked-on-mobile\" style=\"grid-template-columns:15% auto\"><figure class=\"wp-block-media-text__media\"><img loading=\"lazy\" decoding=\"async\" width=\"150\" height=\"227\" src=\"https:\/\/webs.uab.cat\/cienciaxllegir\/wp-content\/uploads\/sites\/215\/2015\/04\/arsuaga2.jpg\" alt=\"\" class=\"wp-image-458 size-full\" \/><\/figure><div class=\"wp-block-media-text__content\">\n<p class=\"wp-block-paragraph\"><strong><br>El primer viaje de nuestra vida (2012) &nbsp;&nbsp; <\/strong><em>-Assaig-<\/em><\/p>\n\n\n\n<p class=\"wp-block-paragraph\">Com si es tract\u00e9s del guia d\u2019una gran exposici\u00f3, l\u2019autor ens acompanya en aquesta fascinant aventura de l\u2019evoluci\u00f3 humana a trav\u00e9s de la hist\u00f2ria natural del part, a m\u00e9s d\u2019oferir-nos una brillant lli\u00e7\u00f3 d\u2019anatomia. Doncs l\u2019estranya forma que tenim de n\u00e9ixer no \u00e9s una an\u00e8cdota, est\u00e0 \u00edntimament vinculada a la nostra pr\u00f2pia naturalesa.<\/p>\n\n\n\n<p class=\"wp-block-paragraph\"><a rel=\"noreferrer noopener\" href=\"https:\/\/www.abc.es\/20120924\/ciencia\/abci-juan-luis-arsuaga-parto-201209240936.html\" target=\"_blank\">+ info<\/a><\/p>\n\n\n\n<p class=\"wp-block-paragraph\"><a rel=\"noreferrer noopener\" href=\"https:\/\/bibcercador.uab.cat\/permalink\/34CSUC_UAB\/1eqfv2p\/alma991004245019706709\" target=\"_blank\">Disponibilitat<\/a><\/p>\n<\/div><\/div>\n\n\n\n<div class=\"wp-block-media-text alignwide is-stacked-on-mobile\" style=\"grid-template-columns:15% auto\"><figure class=\"wp-block-media-text__media\"><img loading=\"lazy\" decoding=\"async\" width=\"150\" height=\"219\" src=\"https:\/\/webs.uab.cat\/cienciaxllegir\/wp-content\/uploads\/sites\/215\/2015\/04\/arsuaga5.jpg\" alt=\"\" class=\"wp-image-459 size-full\" \/><\/figure><div class=\"wp-block-media-text__content\">\n<p class=\"wp-block-paragraph\"><strong><br>Elemental queridos humanos : vida y andanzas del ingenioso planeta Tierra (2010)&nbsp; <\/strong><em>-Assaig-<\/em><\/p>\n\n\n\n<p class=\"wp-block-paragraph\">Arsuaga i la historiadora Milagros Algaba fan un recorregut per la hist\u00f2ria de la biosfera des dels seus or\u00edgens fins els nostres dies, remarcant la relaci\u00f3 de l\u2019home amb la Terra. El contrapunt als texts el posa el treball il\u00b7lustrador de Forges. Aix\u00ed l\u2019obra ens convida a reflexionar sobre el futur incert del nostre planeta.<\/p>\n\n\n\n<p class=\"wp-block-paragraph\"><a rel=\"noreferrer noopener\" href=\"https:\/\/francis.naukas.com\/2013\/02\/23\/sabado-resena-elemental-queridos-humanos-de-juan-luis-arsuaga-y-milagros-algaba-con-dibujos-de-forges\/\" target=\"_blank\">+ info<\/a><\/p>\n\n\n\n<p class=\"wp-block-paragraph\"><a rel=\"noreferrer noopener\" href=\"https:\/\/bibcercador.uab.cat\/permalink\/34CSUC_UAB\/1eqfv2p\/alma991001776669706709\" target=\"_blank\">Disponibilitat<\/a><\/p>\n<\/div><\/div>\n\n\n\n<div class=\"wp-block-media-text alignwide is-stacked-on-mobile\" style=\"grid-template-columns:15% auto\"><figure class=\"wp-block-media-text__media\"><img loading=\"lazy\" decoding=\"async\" width=\"150\" height=\"231\" src=\"https:\/\/webs.uab.cat\/cienciaxllegir\/wp-content\/uploads\/sites\/215\/2015\/04\/arsuaga4.jpg\" alt=\"\" class=\"wp-image-460 size-full\" \/><\/figure><div class=\"wp-block-media-text__content\">\n<p class=\"wp-block-paragraph\"><strong><br>El reloj de Mr. Darwin (2009)&nbsp;&nbsp; <\/strong><em>-Assaig-<\/em><\/p>\n\n\n\n<p class=\"wp-block-paragraph\">Arsuaga explica com la idea de l\u2019evoluci\u00f3 es va anar obrint pas en la ment de Charles Darwin. Una interessant visi\u00f3 del darwinisme que integra, al mateix discurs, aportacions de cient\u00edfics de diferents \u00e8poques per entendre millor el debat des de molt abans que Darwin don\u00e9s veu al seu pensament fins les darreres aportacions del segle XXI.<\/p>\n\n\n\n<p class=\"wp-block-paragraph\"><a rel=\"noreferrer noopener\" href=\"https:\/\/bibcercador.uab.cat\/permalink\/34CSUC_UAB\/1eqfv2p\/alma991009663779706709\" target=\"_blank\">Disponibilitat<\/a><\/p>\n<\/div><\/div>\n\n\n\n<div class=\"wp-block-media-text alignwide is-stacked-on-mobile\" style=\"grid-template-columns:15% auto\"><figure class=\"wp-block-media-text__media\"><img loading=\"lazy\" decoding=\"async\" width=\"150\" height=\"240\" src=\"https:\/\/webs.uab.cat\/cienciaxllegir\/wp-content\/uploads\/sites\/215\/2015\/04\/arsuaga3.jpg\" alt=\"\" class=\"wp-image-461 size-full\" \/><\/figure><div class=\"wp-block-media-text__content\">\n<p class=\"wp-block-paragraph\"><strong><br>El mundo de Atapuerca (2004)&nbsp;&nbsp; <\/strong><em>-Assaig-<\/em><\/p>\n\n\n\n<p class=\"wp-block-paragraph\"><em>Llibre de sensacions<\/em>, segons el propi autor, on s\u2019expliquen tota una s\u00e8rie d\u2019hist\u00f2ries de la Serra d\u2019Atapuerca, hist\u00f2ries d\u2019all\u00f2 que \u00e9s visible per\u00f2 tamb\u00e9 del que no ho \u00e9s. Una guia de viatge per la pell de la serra, el seu paisatge, adobada per agents naturals, geol\u00f2gics i biol\u00f2gics, i per l\u2019activitat humana al llarg de molts anys, activitat que inclou, no cal dir, la feina dels investigadors que han modificat significativament el seu aspecte.<\/p>\n\n\n\n<p class=\"wp-block-paragraph\"><a rel=\"noreferrer noopener\" href=\"https:\/\/www.elmundo.es\/elmundolibro\/2004\/11\/22\/no_ficcion\/1101129433.html\" target=\"_blank\">+ info<\/a><\/p>\n\n\n\n<p class=\"wp-block-paragraph\"><a rel=\"noreferrer noopener\" href=\"https:\/\/bibcercador.uab.cat\/permalink\/34CSUC_UAB\/1eqfv2p\/alma991007028479706709\" target=\"_blank\">Disponibilitat<\/a><\/p>\n<\/div><\/div>\n\n\n\n<div class=\"wp-block-media-text alignwide is-stacked-on-mobile\" style=\"grid-template-columns:15% auto\"><figure class=\"wp-block-media-text__media\"><img loading=\"lazy\" decoding=\"async\" width=\"150\" height=\"228\" src=\"https:\/\/webs.uab.cat\/cienciaxllegir\/wp-content\/uploads\/sites\/215\/2015\/04\/arsuaga1.jpg\" alt=\"\" class=\"wp-image-462 size-full\" \/><\/figure><div class=\"wp-block-media-text__content\">\n<p class=\"wp-block-paragraph\"><strong><br>Els abor\u00edgens : l&#8217;alimentaci\u00f3 en l&#8217;evoluci\u00f3 humana (2002)&nbsp;&nbsp;&nbsp; <\/strong><em>-Assaig-<\/em><\/p>\n\n\n\n<p class=\"wp-block-paragraph\">Quina relaci\u00f3 hi ha entre l\u2019alimentaci\u00f3 i els canvis f\u00edsics i de comportament que han sofert les diferents esp\u00e8cies de l\u2019arbre evolutiu hum\u00e0? Amb hist\u00f2ries intercalades i un estil am\u00e8, l\u2019autor explica com gr\u00e0cies a l\u2019estudi d\u2019ossos i restes f\u00f2ssils \u00e9s possible descobrir, per exemple, si els austrolopitecs, neandertals i cromanyons menjaven fruita madura del bosc o no, quan van comen\u00e7ar a ca\u00e7ar,o quan a rostir la carn al foc.<\/p>\n\n\n\n<p class=\"wp-block-paragraph\"><a rel=\"noreferrer noopener\" href=\"https:\/\/bibcercador.uab.cat\/permalink\/34CSUC_UAB\/1eqfv2p\/alma991005910869706709\" target=\"_blank\">Disponibilitat<\/a><\/p>\n<\/div><\/div>\n","protected":false},"excerpt":{"rendered":"<p>La conciencia contada por un sapiens a un neandertal (2024) \u00a0\u00a0 -Assaig- Vivim amb la paradoxa que, malgrat els aven\u00e7os de la neuroci\u00e8ncia en els darrers anys, el cervell, que regeix la nostra connexi\u00f3 amb el m\u00f3n, continua sent el gran desconegut. La identitat, la intel\u00b7lig\u00e8ncia natural i artificial i la mem\u00f2ria, aix\u00ed com les [&hellip;]<\/p>\n","protected":false},"author":20,"featured_media":0,"parent":0,"menu_order":0,"comment_status":"closed","ping_status":"closed","template":"","meta":{"footnotes":""},"class_list":["post-463","page","type-page","status-publish","hentry"],"_links":{"self":[{"href":"https:\/\/webs.uab.cat\/cienciaxllegir\/wp-json\/wp\/v2\/pages\/463","targetHints":{"allow":["GET"]}}],"collection":[{"href":"https:\/\/webs.uab.cat\/cienciaxllegir\/wp-json\/wp\/v2\/pages"}],"about":[{"href":"https:\/\/webs.uab.cat\/cienciaxllegir\/wp-json\/wp\/v2\/types\/page"}],"author":[{"embeddable":true,"href":"https:\/\/webs.uab.cat\/cienciaxllegir\/wp-json\/wp\/v2\/users\/20"}],"replies":[{"embeddable":true,"href":"https:\/\/webs.uab.cat\/cienciaxllegir\/wp-json\/wp\/v2\/comments?post=463"}],"version-history":[{"count":13,"href":"https:\/\/webs.uab.cat\/cienciaxllegir\/wp-json\/wp\/v2\/pages\/463\/revisions"}],"predecessor-version":[{"id":4310,"href":"https:\/\/webs.uab.cat\/cienciaxllegir\/wp-json\/wp\/v2\/pages\/463\/revisions\/4310"}],"wp:attachment":[{"href":"https:\/\/webs.uab.cat\/cienciaxllegir\/wp-json\/wp\/v2\/media?parent=463"}],"curies":[{"name":"wp","href":"https:\/\/api.w.org\/{rel}","templated":true}]}}