{"id":611,"date":"2016-04-13T18:02:00","date_gmt":"2016-04-13T18:02:00","guid":{"rendered":"https:\/\/webs.uab.cat\/cienciaxllegir\/obra-divulgativa-de-josep-maria-trigo\/"},"modified":"2024-07-01T17:33:36","modified_gmt":"2024-07-01T17:33:36","slug":"obra-divulgativa-de-josep-maria-trigo","status":"publish","type":"page","link":"https:\/\/webs.uab.cat\/cienciaxllegir\/obra-divulgativa-de-josep-maria-trigo\/","title":{"rendered":"Obra divulgativa de Josep Maria Trigo"},"content":{"rendered":"\n<figure class=\"wp-block-image\"><a href=\"https:\/\/webs.uab.cat\/cienciaxllegir\/josep-maria-trigo\/\"><img loading=\"lazy\" decoding=\"async\" width=\"208\" height=\"70\" src=\"https:\/\/webs.uab.cat\/cienciaxllegir\/wp-content\/uploads\/sites\/215\/2016\/04\/jmtrigoretornar2.jpg\" alt=\"\" class=\"wp-image-602\" \/><\/a><\/figure>\n\n\n\n<div class=\"wp-block-media-text alignwide is-stacked-on-mobile\" style=\"grid-template-columns:15% auto\"><figure class=\"wp-block-media-text__media\"><img loading=\"lazy\" decoding=\"async\" width=\"150\" height=\"225\" src=\"https:\/\/webs.uab.cat\/cienciaxllegir\/wp-content\/uploads\/sites\/215\/2016\/04\/trigoperill.jpg\" alt=\"\" class=\"wp-image-603 size-full\" \/><\/figure><div class=\"wp-block-media-text__content\">\n<p class=\"wp-block-paragraph\"><strong>La Terra en perill : l&#8217;impacte d&#8217;asteroides i cometes (2022)&nbsp;&nbsp; <em>&#8211; Assaig &#8211;<\/em><\/strong><\/p>\n\n\n\n<p class=\"wp-block-paragraph\">L&#8217;autor explica com arriben els asteroides i els cometes, amb quina freq\u00fc\u00e8ncia ho fan, si hi ha evid\u00e8ncies de grans col\u00b7lisions, quines conseq\u00fc\u00e8ncies han tingut i fins a quin punt han contribu\u00eft a la formaci\u00f3 de la Terra. Aquest llibre ofereix claus de lectura per con\u00e8ixer com els cient\u00edfics intenten desviar els asteroides i aix\u00ed salvaguardar la vida a la Terra.<\/p>\n\n\n\n<p class=\"wp-block-paragraph\"><a rel=\"noreferrer noopener\" href=\"https:\/\/www.ccma.cat\/tv3\/alacarta\/els-matins\/josep-m-trigo-hem-descobert-desenes-dasteroides-potencialment-perillosos-que-creuen-lorbita-de-la-terra\/video\/6163091\/\" target=\"_blank\">Entrevista a l&#8217;autor al programa <strong>Els matins<\/strong> (9\/6\/2022)<\/a><\/p>\n\n\n\n<p class=\"wp-block-paragraph\"><a rel=\"noreferrer noopener\" href=\"https:\/\/bibcercador.uab.cat\/permalink\/34CSUC_UAB\/1eqfv2p\/alma991010578704606709\" target=\"_blank\">Disponibilitat<\/a><\/p>\n\n\n\n<p class=\"wp-block-paragraph\">Edici\u00f3 en castell\u00e0: <a href=\"https:\/\/bibcercador.uab.cat\/permalink\/34CSUC_UAB\/ja52mf\/alma991060413497906706\" target=\"_blank\" rel=\"noreferrer noopener\"><em><strong>La tierra en peligro: el impacto de asteroides y cometas<\/strong><\/em><\/a><\/p>\n\n\n\n<p class=\"wp-block-paragraph\">Edici\u00f3 en angl\u00e8s: <a rel=\"noreferrer noopener\" href=\"https:\/\/bibcercador.uab.cat\/permalink\/34CSUC_UAB\/ja52mf\/alma991060556266206706\" target=\"_blank\"><em><strong>Asteroid impact risk : impact hazard from asteroids and comets<\/strong><\/em><\/a><\/p>\n<\/div><\/div>\n\n\n\n<div class=\"wp-block-media-text alignwide is-stacked-on-mobile\" style=\"grid-template-columns:15% auto\"><figure class=\"wp-block-media-text__media\"><img loading=\"lazy\" decoding=\"async\" width=\"150\" height=\"225\" src=\"https:\/\/webs.uab.cat\/cienciaxllegir\/wp-content\/uploads\/sites\/215\/2016\/04\/trigo_terra.jpg\" alt=\"\" class=\"wp-image-604 size-full\" \/><\/figure><div class=\"wp-block-media-text__content\">\n<p class=\"wp-block-paragraph\"><strong>La Terra a l&#8217;Univers (2012)&nbsp;&nbsp;&nbsp; <em>&#8211; Suplement de la Hist\u00f2ria Natural dels Pa\u00efsos Catalans &#8211;<\/em><\/strong><\/p>\n\n\n\n<p class=\"wp-block-paragraph\">Aquest volum, dirigit per en Josep Maria Trigo, cont\u00e9 una selecci\u00f3 de cap\u00edtols escrits per alguns dels majors experts i millors divulgadors de l&#8217;astronomia en llengua catalana. Est\u00e0 centrat en Astronomia, Astrof\u00edsica, Ci\u00e8ncies planet\u00e0ries i Cosmologia. A m\u00e9s, per a actualitzar els continguts en geologia de l\u2019obra, el volum acaba amb una addenda geol\u00f2gica que tria certs articles sobre branques de la recerca que han fet aportacions recentment importants.<\/p>\n\n\n\n<p class=\"wp-block-paragraph\"><a rel=\"noreferrer noopener\" href=\"https:\/\/bibcercador.uab.cat\/permalink\/34CSUC_UAB\/1b87qhv\/alma991002788399706709\" target=\"_blank\">Disponibilitat<\/a><\/p>\n<\/div><\/div>\n\n\n\n<div class=\"wp-block-media-text alignwide is-stacked-on-mobile\" style=\"grid-template-columns:15% auto\"><figure class=\"wp-block-media-text__media\"><img loading=\"lazy\" decoding=\"async\" width=\"143\" height=\"221\" src=\"https:\/\/webs.uab.cat\/cienciaxllegir\/wp-content\/uploads\/sites\/215\/2016\/04\/trigo_cxll04.jpg\" alt=\"\" class=\"wp-image-605 size-full\" \/><\/figure><div class=\"wp-block-media-text__content\">\n<p class=\"wp-block-paragraph\"><strong>Meteoritos (2012) &nbsp;&nbsp; <em>&#8211; Assaig &#8211;<\/em><\/strong><\/p>\n\n\n\n<p class=\"wp-block-paragraph\">Cada any arriben al nostre planeta entre 40 i 80 mil tones de mat\u00e8ria interplanet\u00e0ria i, com es demostra en aquesta obra, \u00e9s possible determinar l\u2019origen dels meteorits, les seves edats de formaci\u00f3, els per\u00edodes de temps que van viatjar pel medi interplanetari i datar alguns dels impactes que impulsaren aquestes roques cap a la Terra des dels seus cossos originaris (asteroides, cometes o planetes).<\/p>\n\n\n\n<p class=\"wp-block-paragraph\"><a rel=\"noreferrer noopener\" href=\"https:\/\/editorial.csic.es\/publicaciones\/libros\/12143\/978-84-00-09392-1\/meteoritos-.html\" target=\"_blank\">Ressenya de l&#8217;editorial<\/a><\/p>\n\n\n\n<p class=\"wp-block-paragraph\"><a rel=\"noreferrer noopener\" href=\"https:\/\/bibcercador.uab.cat\/permalink\/34CSUC_UAB\/1eqfv2p\/alma991003299849706709\" target=\"_blank\">Disponibilitat<\/a><\/p>\n<\/div><\/div>\n\n\n\n<div class=\"wp-block-media-text alignwide is-stacked-on-mobile\" style=\"grid-template-columns:15% auto\"><figure class=\"wp-block-media-text__media\"><img loading=\"lazy\" decoding=\"async\" width=\"143\" height=\"222\" src=\"https:\/\/webs.uab.cat\/cienciaxllegir\/wp-content\/uploads\/sites\/215\/2016\/04\/trigo_cxll03.jpg\" alt=\"\" class=\"wp-image-606 size-full\" \/><\/figure><div class=\"wp-block-media-text__content\">\n<p class=\"wp-block-paragraph\"><strong>Las ra\u00edces c\u00f3smicas de la vida (2012)&nbsp;&nbsp;&nbsp; <em>&#8211; Assaig &#8211;<\/em><\/strong><\/p>\n\n\n\n<p class=\"wp-block-paragraph\">La vida al planeta Terra \u00e9s un accident c\u00f2smic? O \u00e9s m\u00e9s aviat una caracter\u00edstica natural de l\u2019univers? L\u2019autor presenta una exposici\u00f3 actualitzada sobre la gran quantitat d\u2019informaci\u00f3 que una roca extraterrestre pot aportar sobre els or\u00edgens de la vida. Aix\u00ed, es proposa una hist\u00f2ria renovada de la mat\u00e8ria, els estels i les planetes, i introdueixen la variable de la vida en la l\u00f2gica de l\u2019univers.<\/p>\n\n\n\n<p class=\"wp-block-paragraph\"><a rel=\"noreferrer noopener\" href=\"https:\/\/bibcercador.uab.cat\/permalink\/34CSUC_UAB\/1eqfv2p\/alma991002700429706709\" target=\"_blank\">Disponibilitat<\/a><\/p>\n<\/div><\/div>\n\n\n\n<div class=\"wp-block-media-text alignwide is-stacked-on-mobile\" style=\"grid-template-columns:15% auto\"><figure class=\"wp-block-media-text__media\"><img loading=\"lazy\" decoding=\"async\" width=\"143\" height=\"222\" src=\"https:\/\/webs.uab.cat\/cienciaxllegir\/wp-content\/uploads\/sites\/215\/2016\/04\/trigo_cxll05.jpg\" alt=\"\" class=\"wp-image-607 size-full\" \/><\/figure><div class=\"wp-block-media-text__content\">\n<p class=\"wp-block-paragraph\"><strong>El origen del sistema solar y del meteorito Puerto L\u00e1pice (2009)&nbsp;&nbsp;&nbsp; <em>&#8211; Text educatiu &#8211;<\/em><\/strong><\/p>\n\n\n\n<p class=\"wp-block-paragraph\">Aquest llibre descriu la import\u00e0ncia de recuperar meteorits i com, a partir d\u2019ells, podem aprendre aspectes desconeguts sobre la formaci\u00f3 dels planetes. A m\u00e9s, explica en detall l\u2019inter\u00e8s que t\u00e9 estudiar els objectes m\u00e9s petits i primitius que es formaren a les fases inicials, com els asteroides i els cometes, objectes que contenen la clau sobre l\u2019origen i l\u2019evoluci\u00f3 del sistema solar.<\/p>\n\n\n\n<p class=\"wp-block-paragraph\"><a rel=\"noreferrer noopener\" href=\"https:\/\/bibcercador.uab.cat\/permalink\/34CSUC_UAB\/1eqfv2p\/alma991000200929706709\" target=\"_blank\">Disponibilitat<\/a><\/p>\n<\/div><\/div>\n\n\n\n<div class=\"wp-block-media-text alignwide is-stacked-on-mobile\" style=\"grid-template-columns:15% auto\"><figure class=\"wp-block-media-text__media\"><img loading=\"lazy\" decoding=\"async\" width=\"143\" height=\"222\" src=\"https:\/\/webs.uab.cat\/cienciaxllegir\/wp-content\/uploads\/sites\/215\/2016\/04\/trigo_cxll06.jpg\" alt=\"\" class=\"wp-image-608 size-full\" \/><\/figure><div class=\"wp-block-media-text__content\">\n<p class=\"wp-block-paragraph\"><strong>El sistema solar: nuestro peque\u00f1o rinc\u00f3n en la V\u00eda L\u00e1ctea (2004)&nbsp;&nbsp;&nbsp; <em>&#8211; Text educatiu &#8211;<\/em><\/strong><\/p>\n\n\n\n<p class=\"wp-block-paragraph\">El llibre intenta despertar la curiositat del lector en forma d\u2019aventura oberta i participativa, amb preguntes, activitats i passatemps. A m\u00e9s, el DVD que l\u2019acompanya \u00e9s un complement perfecte per al cap\u00edtol dedicat als cossos que arriben a la Terra des de l\u2019espai: els meteorits.<\/p>\n\n\n\n<p class=\"wp-block-paragraph\"><a rel=\"noreferrer noopener\" href=\"https:\/\/bibcercador.uab.cat\/permalink\/34CSUC_UAB\/1eqfv2p\/alma991009465039706709\" target=\"_blank\">Disponibilitat<\/a><\/p>\n<\/div><\/div>\n\n\n\n<div class=\"wp-block-media-text alignwide is-stacked-on-mobile\" style=\"grid-template-columns:15% auto\"><figure class=\"wp-block-media-text__media\"><img loading=\"lazy\" decoding=\"async\" width=\"143\" height=\"243\" src=\"https:\/\/webs.uab.cat\/cienciaxllegir\/wp-content\/uploads\/sites\/215\/2016\/04\/trigo_cxll02.jpg\" alt=\"\" class=\"wp-image-609 size-full\" \/><\/figure><div class=\"wp-block-media-text__content\">\n<p class=\"wp-block-paragraph\"><strong>L&#8217;origen del sistema solar (2000)&nbsp;&nbsp;&nbsp; <em>&#8211; Assaig &#8211;<\/em><\/strong><\/p>\n\n\n\n<p class=\"wp-block-paragraph\">\u00ab<em>Les implicacions que tenen les idees expressades en aquest llibre en la concepci\u00f3 del m\u00f3n on vivim s\u00f3n enormes. De fet, veurem que el cosmos est\u00e0 directament implicat en l&#8217;origen del Sol, de la Terra i de la vida. Aix\u00ed, <\/em>L&#8217;origen del sistema solar<em> es convertir\u00e0 en la gran joia del curi\u00f3s, aquell que intenta descobrir les respostes que, a hores d&#8217;ara, la ci\u00e8ncia comen\u00e7a a perfilar a moltes de les inquietuds per copsar la nostra identitat<\/em>.\u00bb (del pr\u00f2leg, a c\u00e0rrec de Joan Or\u00f3).<\/p>\n\n\n\n<p class=\"wp-block-paragraph\"><a rel=\"noreferrer noopener\" href=\"https:\/\/bibcercador.uab.cat\/permalink\/34CSUC_UAB\/1eqfv2p\/alma991009522099706709\" target=\"_blank\">Disponibilitat<\/a><\/p>\n\n\n\n<p class=\"wp-block-paragraph\">Edici\u00f3 en castell\u00e0: <strong><em><a href=\"https:\/\/rebiun.baratz.es\/OpacDiscovery\/public\/catalog\/detail\/b2FpOmNlbGVicmF0aW9uOmVzLmJhcmF0ei5yZW4vMjYyODQ4Mg?tabId=1687789610193\" target=\"_blank\" rel=\"noreferrer noopener\">El origen del sistema solar<\/a><\/em><\/strong><\/p>\n<\/div><\/div>\n\n\n\n<div class=\"wp-block-media-text alignwide is-stacked-on-mobile\" style=\"grid-template-columns:15% auto\"><figure class=\"wp-block-media-text__media\"><img loading=\"lazy\" decoding=\"async\" width=\"143\" height=\"231\" src=\"https:\/\/webs.uab.cat\/cienciaxllegir\/wp-content\/uploads\/sites\/215\/2016\/04\/trigo_cxll01.jpg\" alt=\"\" class=\"wp-image-610 size-full\" \/><\/figure><div class=\"wp-block-media-text__content\">\n<p class=\"wp-block-paragraph\"><strong>Nosaltres a l&#8217;Univers (1999) &nbsp;&nbsp; <em>&#8211; Assaig &#8211;<\/em><\/strong><\/p>\n\n\n\n<p class=\"wp-block-paragraph\">L\u2019autor intenta desvetllar l\u2019\u00edntima connexi\u00f3 entre els \u00e9ssers vius i els cosmos, tot parant atenci\u00f3 en la manera com s\u2019ha desenvolupat el nostre m\u00e8tode cient\u00edfic, paral\u00b7lelament a l\u2019augment del nostre coneixement sobre l\u2019Univers.<\/p>\n\n\n\n<p class=\"wp-block-paragraph\"><a rel=\"noreferrer noopener\" href=\"https:\/\/bibcercador.uab.cat\/permalink\/34CSUC_UAB\/1eqfv2p\/alma991008104189706709\" target=\"_blank\">Disponibilitat<\/a><\/p>\n\n\n\n<p class=\"wp-block-paragraph\">Edici\u00f3 en castell\u00e0: <strong><em><a rel=\"noreferrer noopener\" href=\"https:\/\/rebiun.baratz.es\/OpacDiscovery\/public\/catalog\/detail\/b2FpOmNlbGVicmF0aW9uOmVzLmJhcmF0ei5yZW4vMjYyODQ4Mg?tabId=1687789610193\" target=\"_blank\">Nosotros en el universo<\/a><\/em><\/strong><\/p>\n<\/div><\/div>\n","protected":false},"excerpt":{"rendered":"<p>La Terra en perill : l&#8217;impacte d&#8217;asteroides i cometes (2022)&nbsp;&nbsp; &#8211; Assaig &#8211; L&#8217;autor explica com arriben els asteroides i els cometes, amb quina freq\u00fc\u00e8ncia ho fan, si hi ha evid\u00e8ncies de grans col\u00b7lisions, quines conseq\u00fc\u00e8ncies han tingut i fins a quin punt han contribu\u00eft a la formaci\u00f3 de la Terra. Aquest llibre ofereix claus [&hellip;]<\/p>\n","protected":false},"author":20,"featured_media":0,"parent":0,"menu_order":0,"comment_status":"closed","ping_status":"closed","template":"","meta":{"footnotes":""},"class_list":["post-611","page","type-page","status-publish","hentry"],"_links":{"self":[{"href":"https:\/\/webs.uab.cat\/cienciaxllegir\/wp-json\/wp\/v2\/pages\/611","targetHints":{"allow":["GET"]}}],"collection":[{"href":"https:\/\/webs.uab.cat\/cienciaxllegir\/wp-json\/wp\/v2\/pages"}],"about":[{"href":"https:\/\/webs.uab.cat\/cienciaxllegir\/wp-json\/wp\/v2\/types\/page"}],"author":[{"embeddable":true,"href":"https:\/\/webs.uab.cat\/cienciaxllegir\/wp-json\/wp\/v2\/users\/20"}],"replies":[{"embeddable":true,"href":"https:\/\/webs.uab.cat\/cienciaxllegir\/wp-json\/wp\/v2\/comments?post=611"}],"version-history":[{"count":5,"href":"https:\/\/webs.uab.cat\/cienciaxllegir\/wp-json\/wp\/v2\/pages\/611\/revisions"}],"predecessor-version":[{"id":3867,"href":"https:\/\/webs.uab.cat\/cienciaxllegir\/wp-json\/wp\/v2\/pages\/611\/revisions\/3867"}],"wp:attachment":[{"href":"https:\/\/webs.uab.cat\/cienciaxllegir\/wp-json\/wp\/v2\/media?parent=611"}],"curies":[{"name":"wp","href":"https:\/\/api.w.org\/{rel}","templated":true}]}}