{"id":214,"date":"2022-12-20T18:03:44","date_gmt":"2022-12-20T16:03:44","guid":{"rendered":"https:\/\/webs.uab.cat\/cieu\/idea-mes-emprenedora-2\/"},"modified":"2026-01-05T22:08:59","modified_gmt":"2026-01-05T20:08:59","slug":"idea-mes-emprenedora-2","status":"publish","type":"page","link":"https:\/\/webs.uab.cat\/cieu\/ca\/idea-mes-emprenedora-2\/","title":{"rendered":"Idea m\u00e9s emprenedora"},"content":{"rendered":"\n<p><strong>XVI Premi CIEU-FEiE 2025&nbsp;a la idea m\u00e9s emprenedora<\/strong><\/p>\n\n\n\n<p>Acte celebrat el dijous 11 de desembre de 2025, de 16:00h a 17:30h, a la Sala de Actes de la Facultad d&#8217;Economia i Empresa.<\/p>\n\n\n\n<p><strong>Persones guanyadores:<\/strong> <strong>Daniela P\u00e9rez i Valentina M\u00e9ndez Rizo (1er lloc, categoria FUABformaci\u00f3)<\/strong>; Elisabet Balaciart (2on lloc, categoria FUABformaci\u00f3); Shin Jihee i Laura Fern\u00e1ndez Guilemany (3er lloc, categoria FUABformaci\u00f3); <strong>Lidia Marrufo, X\u00e8nia Cabeza i Marina Mart\u00edn (1er lloc, categoria Facultat d\u2019Economia i Empresa)<\/strong>; Alba Barrios, Carla Robles, Alexander Cort\u00e9s i Rosario Flores (2on lloc, categoria Facultat d\u2019Economia i Empresa); Arnau P\u00e9rez, Ona Pitarch i Gal\u00b7la Sol\u00e9 (3er lloc, categor\u00eda Facultat d\u2019Economia i Empresa); <strong>Francisca Polgatti, Valentina Rendich, Raffaele Barbato, Aletvia Ramirez i Luis Campa\u00f1a (1er lloc, categoria General UAB)<\/strong>; Ricard Baulies i Sebasti\u00e1n Heredia Querro (2on lloc, categoria General UAB); Laia Chozo Mendoza, Kamile Buineviciute, Julia Siwiec, Emilia Widajewicz i Gema Burillo Roman (3er lloc, categoria General UAB).<\/p>\n\n\n\n<p>Jurat:\u00a0Sebasti\u00e1n Aparicio (CIEU i FEiE)\u200b,\u00a0Tatiana L\u00f3pez (CIEU-EUTDH), Maria Noguera (CIEU-EUTDH), Andreu Turr\u00f3 (CIEU i FEiE)\u00a0i David Urbano (CIEU i FEiE).<\/p>\n\n\n\n<p><a href=\"https:\/\/www.linkedin.com\/in\/hugopalomar\/?originalSubdomain=es\" data-type=\"link\" data-id=\"https:\/\/www.linkedin.com\/in\/hugopalomar\/?originalSubdomain=es\">Hugo Palomar<\/a>, socio fundador i director de Mindset Digital, va pronunciar la confer\u00e8ncia del Premi.<\/p>\n\n\n\n<p><a href=\"https:\/\/uab-my.sharepoint.com\/:b:\/g\/personal\/1486345_uab_cat\/IQBkScMjeh5OQqEeOhPnPd1HARO-jS0dVBlYQMdBEu8peRs?e=8FAklG\">Acte del premi<\/a><\/p>\n\n\n\n<p><a href=\"https:\/\/uab-my.sharepoint.com\/:f:\/g\/personal\/1486345_uab_cat\/IgAqZqBgE4F-R7TJfzOd2Vq-ATwaaUyNHtogvGRGf-9LkOU?e=couWsc\">Fotos del premi<\/a><\/p>\n\n\n\n<p><a href=\"https:\/\/1drv.ms\/b\/c\/b2670102de9d088d\/EXLGwPqTpF1Lnw4cD1Ujot8BYumlNbjsgMafUf0ZQV8Pug?e=INQonh\" target=\"_blank\" rel=\"noreferrer noopener\">Bases del Premi (en PDF)<\/a>.<\/p>\n\n\n\n<p>Nota de Premsa\u00a0<a href=\"https:\/\/www.uab.cat\/web\/sala-de-premsa\/detall-noticia\/emprendre-per-transformar-el-xvi-premi-cieu-feie-reconeix-les-idees-mes-innovadores-de-2025-1345829508832.html?detid=1345973349019\">UAB<\/a>, <a href=\"https:\/\/www.uab.cat\/web\/sobre-la-corporacio-uab\/detall-de-noticia\/emprendre-per-transformar-el-xvi-premi-cieu-feie-reconeix-les-idees-mes-innovadores-de-2025-1345779147521.html?noticiaid=1345973349019\">FUAB<\/a>\u00a0<\/p>\n\n\n\n<p><\/p>\n\n\n\n<p><strong>XV Premi CIEU-FEiE 2024&nbsp;a la idea m\u00e9s emprenedora<\/strong><\/p>\n\n\n\n<p><strong>Persones guanyadores:<\/strong>&nbsp;<strong>Ana Laura Perez Ruiz, Katrin Leitenmayer i Zadith Benavides&nbsp;(1er lloc, categoria FUABformaci\u00f3)<\/strong>;&nbsp;Claudia Mastrocesare i Claire Soraluze (2on lloc, categoria FUABformaci\u00f3);&nbsp;Xu Chi i Wang Zijing (3er lloc, categoria FUABformaci\u00f3);&nbsp;<strong>Hugo P\u00e9rez i \u00c1lvaro Ram\u00edrez&nbsp;(1er lloc, categoria&nbsp;Facultat d\u2019Economia i Empresa)<\/strong>;&nbsp;Gerard Castilla Carretero, Emmanuel Gonz\u00e1lez Moreno i Ion Padilla M\u00e9ndez (2on lloc, categoria&nbsp;Facultat d\u2019Economia i Empresa);&nbsp;Francesc G\u00f3mez Algar (3er lloc, categoria Facultat d\u2019Economia i Empresa);<strong>&nbsp;Daniel Aguena, Daniella Matzuda, Aurelio Ochoa i Domenica Cobo\u200b (1er&nbsp;lloc,<\/strong>&nbsp;<strong>categoria&nbsp;General UAB)<\/strong>;&nbsp;Lisa Salvano, Elisabet Benet Valls, Nikolay Gospodinov i Alpha Hailu (2on lloc, categoria General UAB);&nbsp;Danna Mu\u00f1etones, Samuel Renaud, Natalia Mera, Magdalena Davanzo i Maria Jose Erazo (3er lloc, categoria General UAB).<\/p>\n\n\n\n<p>Jurat:&nbsp;Sebasti\u00e1n Aparicio (CIEU i FEiE)\u200b,&nbsp;Tatiana L\u00f3pez (CIEU-EUTDH), Maria Noguera (CIEU-EUTDH), Andreu Turr\u00f3 (CIEU i FEiE)&nbsp;i David Urbano (CIEU i FEiE).<\/p>\n\n\n\n<p><a href=\"https:\/\/www.linkedin.com\/in\/sgomezmontes\/?original_referer=https%3A%2F%2Fwww%2Egoogle%2Ees%2F&amp;originalSubdomain=es\" target=\"_blank\" rel=\"noreferrer noopener\">Silvia G\u00f3mez<\/a>, socia fundadora i directora de Sens Solutions&nbsp;va pronunciar la confer\u00e8ncia del Premi.<\/p>\n\n\n\n<p><a href=\"https:\/\/1drv.ms\/b\/s!Ao0Ind4CAWeygrtZDR35PWLqMVUFjQ?e=Z75SA5\" target=\"_blank\" rel=\"noreferrer noopener\">Bases del premi en PDF<\/a><\/p>\n\n\n\n<p><a href=\"https:\/\/1drv.ms\/b\/s!Ao0Ind4CAWeygr0uSVJbiIIRv6MJlg?e=FmAf8O\" target=\"_blank\" rel=\"noreferrer noopener\">Acta del premi<\/a><\/p>\n\n\n\n<p><a href=\"https:\/\/www.flickr.com\/photos\/131531959@N04\/albums\/72177720324208361\/\" target=\"_blank\" rel=\"noreferrer noopener\">Fotos del premi<\/a><\/p>\n\n\n\n<p><a href=\"https:\/\/www.youtube.com\/watch?v=RgGeT7BW06w\" target=\"_blank\" rel=\"noreferrer noopener\">V\u00eddeo del premi<\/a><\/p>\n\n\n\n<p>Nota de premsa: <a href=\"https:\/\/www.uab.cat\/web\/detall-de-noticia\/els-premis-cieu-feie-celebren-15-anys-fomentant-l-esperit-emprenedor-a-la-comunitat-de-la-uab-1345715733026.html?noticiaid=1345939639306\" target=\"_blank\" rel=\"noreferrer noopener\">FUAB<\/a><\/p>\n\n\n\n<p><\/p>\n\n\n\n<p><strong>XIV Premi CIEU-FEiE 2023&nbsp;a la idea m\u00e9s emprenedora<\/strong><\/p>\n\n\n\n<p><strong>Persones guanyadores:<\/strong>&nbsp;<strong>Laura Bellet Palau i Hector Montoro Pallares&nbsp;(1er lloc, categoria FUABformaci\u00f3)<\/strong>;&nbsp;Juan Antonio Rojas i Dayana Ramos (2on lloc, categoria FUABformaci\u00f3);&nbsp;Alba Garcia Titos, Josep Mart\u00edn Clemente, Laura Ritort Recolons i Marina Saez Nieto (3er lloc, categoria FUABformaci\u00f3);&nbsp;<strong>Hugo Sab\u00e1n, Carlos Labrador, Pablo Teruel i Sergio Calvo&nbsp;(1er lloc, categoria&nbsp;Facultat d\u2019Economia i Empresa)<\/strong>;&nbsp;Lara Oriol, Janvi Patel, Carla Trull\u00e0s i Vilius Bytautas (2on lloc, categoria&nbsp;Facultat d\u2019Economia i Empresa);&nbsp;Eduard Dom\u00ednguez Laguna i Marc Pera Muntasell (3er lloc, categoria Facultat d\u2019Economia i Empresa);<strong>&nbsp;Marcela Santiago, Nicole Martin, Anmary Manrique, Jofre Borbonet i Mar\u00eda Jos\u00e9 Castro\u200b (1er&nbsp;lloc,<\/strong>&nbsp;<strong>categoria&nbsp;General UAB)<\/strong>;&nbsp;Claudio Alvarez-Barriada Azaustre (2on lloc, categoria General UAB);&nbsp;Ignacio Mu\u00f1oz (3er lloc, categoria General UAB).<\/p>\n\n\n\n<p>Jurat:&nbsp;Sebasti\u00e1n Aparicio (CIEU i FEiE)\u200b,&nbsp;Tatiana L\u00f3pez (CIEU-EUTDH), Maria Noguera (CIEU-EUTDH), Andreu Turr\u00f3 (CIEU i FEiE)&nbsp;i David Urbano (CIEU i FEiE).<\/p>\n\n\n\n<p><a rel=\"noreferrer noopener\" href=\"https:\/\/www.eldiario.es\/canariasahora\/impulsa-startups\/inversores\/josep-casas-inversor_1_9009067.html\" target=\"_blank\">Josep Casas<\/a>, inversor y soci fundador de Naturitas va&nbsp;pronunciar la confer\u00e8ncia del Premi.<\/p>\n\n\n\n<p><a href=\"https:\/\/1drv.ms\/b\/s!Ao0Ind4CAWeygrRiTo07IcztQjKnsg?e=vMYHR6\" target=\"_blank\" rel=\"noreferrer noopener\">Bases del premi en PDF<\/a><\/p>\n\n\n\n<p><a rel=\"noreferrer noopener\" href=\"https:\/\/1drv.ms\/b\/s!Ao0Ind4CAWeygrZlOxDndbyEjRwzXQ?e=GAXNKY\" target=\"_blank\">Acta del premi<\/a><\/p>\n\n\n\n<p><a href=\"https:\/\/flic.kr\/s\/aHBqjB7Ntb\" target=\"_blank\" rel=\"noreferrer noopener\">Fotos del premi<\/a><\/p>\n\n\n\n<p><a href=\"https:\/\/www.youtube.com\/watch?v=hucsQXkvBo4&amp;t=3084s\">V\u00eddeo del premi<\/a>.<\/p>\n\n\n\n<p>Nota de premsa <a href=\"https:\/\/www.uab.cat\/web\/detall-de-noticia\/tot-preparat-pel-xiv-premi-cieu-feie-2023-a-la-idea-mes-emprenedora-1345697198279.html?noticiaid=1345900705530\" target=\"_blank\" rel=\"noreferrer noopener\">FEiE<\/a>, <a href=\"https:\/\/www.uab.cat\/web\/detall-de-noticia\/celebracio-de-l-acte-de-lliurament-del-xiv-premi-cieu-feie-2023-a-la-idea-mes-emprenedora-1345715733026.html?noticiaid=1345904386587\" target=\"_blank\" rel=\"noreferrer noopener\">Turisme<\/a>, <a href=\"https:\/\/www.uab.cat\/web\/detall-de-noticia\/el-talent-emprenedor-de-turisme-i-direccio-hotelera-uab-triomfa-en-els-xiv-premis-cieu-feie-1345715733026.html?noticiaid=1345904800495\" target=\"_blank\" rel=\"noreferrer noopener\">FUAB<\/a><\/p>\n\n\n\n<p><\/p>\n\n\n\n<p><\/p>\n\n\n\n<p><\/p>\n\n\n\n<p><strong>XIII Premio CIEU-FEiE 2022&nbsp;a la idea m\u00e1s emprendedora<\/strong><\/p>\n\n\n\n<p><strong>Persones guanyadores:<\/strong>&nbsp;<strong>Alejandra Criado, Andrea Casta\u00f1o, Natalia D\u00edaz&nbsp;(1er lloc, categoria FUABformaci\u00f3)<\/strong>;&nbsp;Ana Paula Figueroa, Vessela Ilieva, Natascha Muller (2on lloc, categoria FUABformaci\u00f3);&nbsp;Joan Villagrasa (3er lloc, categoria FUABformaci\u00f3);&nbsp;<strong>Natalia Bertinelli, Nat\u00e0lia Esteve, Magnolia Pi\u00f1eros&nbsp;(1er lloc, categoria&nbsp;Facultat d\u2019Economia i Empresa)<\/strong>;&nbsp;Diego Vali\u00f1o, Anabel Fajardo, Daniela Mac\u00edas (2on lloc, categoria&nbsp;Facultat d\u2019Economia i Empresa);&nbsp;Angel Sevilla, Jan Granell, Enric Ve\u00e0, Naia Vidal, Oscar Aguilar (3er lloc, categoria Facultat d\u2019Economia i Empresa);<strong>&nbsp;Jordi Jov\u00e9, Sergio Moreno, Alejandro Romero\u200b (1er&nbsp;lloc,<\/strong>&nbsp;<strong>categoria&nbsp;General UAB)<\/strong>;&nbsp;Monzerrath Valera, Ramon Merino, Wijdane Almoussaoui, Heidy Melissa Mena (2on lloc, categoria General UAB);&nbsp;Nil Masalles, Nat\u00e0lia Pastor (3er lloc, categoria General UAB);&nbsp;<strong>Marina S\u00e1nchez Calleja, Sara Pel\u00e1ez de la Rocha, Francesc Toro Puig, Yasmina Fernandez Henriquez, Blanca Mendez Cervera, Selene Gil Sanchez, Helena Garvi Casas&nbsp;(categoria Alumni UAB &#8211; General)<\/strong>;&nbsp;<strong>Zixuan Yang, Fan Ye&nbsp;(categoria Alumni UAB \u2013 Impacte Social i Sostenibilitat)<\/strong>.<\/p>\n\n\n\n<p>Jurat:&nbsp;Sebasti\u00e1n Aparicio (CIEU i FEiE)\u200b,&nbsp;Eva Miquel (Alumni UAB)\u200b,&nbsp;Maria Noguera (CIEU-EUTDH), Andreu Turr\u00f3 (CIEU i FEiE)&nbsp;i David Urbano (CIEU i FEiE).<\/p>\n\n\n\n<p>Oriol Barat, d&#8217;<a rel=\"noreferrer noopener\" href=\"https:\/\/enment.cat\/es\/inici-espanol\/\" target=\"_blank\">En ment<\/a>&nbsp;va&nbsp;pronunciar la confer\u00e8ncia del Premi.<\/p>\n\n\n\n<p><a rel=\"noreferrer noopener\" href=\"https:\/\/1drv.ms\/b\/s!Ao0Ind4CAWeygq8x1NPHJZrUF7PGeg?e=6MQmKY\" target=\"_blank\">Bases Premi<\/a><\/p>\n\n\n\n<p><a rel=\"noreferrer noopener\" href=\"https:\/\/1drv.ms\/b\/s!Ao0Ind4CAWeygrA3IgANqdQsBmPZ7A?e=fckj1D\" target=\"_blank\">Acta Premi<\/a><\/p>\n\n\n\n<p><a rel=\"noreferrer noopener\" href=\"https:\/\/flic.kr\/s\/aHBqjApndp\" target=\"_blank\">Fotos Premi<\/a><\/p>\n\n\n\n<p>Nota de Premsa <a href=\"https:\/\/www.uab.cat\/web\/detall-de-noticia\/xiii-edicio-del-premi-cieu-feie-2022-a-la-idea-mes-emprenedora-1345697198279.html?noticiaid=1345872465425\" target=\"_blank\" rel=\"noreferrer noopener\">FEiE<\/a><\/p>\n\n\n\n<p><\/p>\n\n\n\n<p><strong>PREMIOS ANTERIORES A LA IDEA M\u00c1S EMPRENDEDORA<\/strong><\/p>\n\n\n\n<p><strong>XII Premio CIEU-FEiE 2021&nbsp;a la idea m\u00e1s emprendedora<\/strong><\/p>\n\n\n\n<p><strong>Personas ganadoras:<\/strong>&nbsp;<strong>Judith Morales y D\u00eddac Ce\u00f1a<\/strong><strong>&nbsp;(1er lugar, categor\u00eda FUABformaci\u00f3)<\/strong>;&nbsp;J\u00falia Dauder y Ainhoa Lozano (2do lugar, categor\u00eda FUABformaci\u00f3);&nbsp;Pol Barniol, J\u00falia Almagro y Carmen Gonz\u00e1lez (3er lugar, categor\u00eda FUABformaci\u00f3);&nbsp;<strong>Al\u00edcia Caballero y Pau Garcia&nbsp;(1er lugar, categor\u00eda<\/strong><strong>&nbsp;Facultat d\u2019Economia i Empresa)<\/strong>;&nbsp;Cristina L\u00f3pez, Lorena Otero y Bruna Carreras (2do lugar, categor\u00eda&nbsp;Facultat d\u2019Economia i Empresa);&nbsp;Aleix Prat i&nbsp;Marc Villagrasa (3er lugar, categor\u00eda Facultat d\u2019Economia i Empresa);<strong>&nbsp;Martin Tupper, Sergi Lachkar y&nbsp;Roberto Brito\u200b (1er&nbsp;<\/strong>lugar,&nbsp;<strong>categor\u00eda<\/strong><strong>&nbsp;General UAB)<\/strong>;&nbsp;Susana Eguiguren y Valent\u00edn Vi\u00f1ales (2do lugar, categor\u00eda General UAB);&nbsp;Linett G\u00f3mez y Carla Bornay (3er lugar, categor\u00eda General UAB);&nbsp;<strong>Oriol Barat, Sergi Novell, Gerard Abad, Ariadna Fons, Carlota V\u00e1zquez, Gen\u00eds Cald\u00e9s, S\u00edlvia Crespo y Aida Garcia<\/strong><strong>&nbsp;(categor\u00eda Alumni UAB &#8211; General)<\/strong>;&nbsp;<strong>Laura Franco y Mirko Greco<\/strong><strong>&nbsp;(categor\u00eda Alumni UAB \u2013 Impacte Social i Sostenibilitat)<\/strong>.<\/p>\n\n\n\n<p>Jurado:&nbsp;Sebasti\u00e1n Aparicio (CIEU i FEiE)\u200b,&nbsp;Eva Miquel (Alumni UAB)\u200b,&nbsp;Maria Noguera (CIEU-EUTDH), Andreu Turr\u00f3 (CIEU i FEiE)&nbsp;y David Urbano (CIEU i FEiE).<\/p>\n\n\n\n<p>Aleix Caussa, de&nbsp;<a href=\"https:\/\/www.spora.ws\/es\" target=\"_blank\" rel=\"noreferrer noopener\">Social Spora<\/a>&nbsp;pronunci\u00f3 la conferencia del Premio.<\/p>\n\n\n\n<p><a href=\"https:\/\/1drv.ms\/b\/s!Ao0Ind4CAWeygq4XoWvjuiI6LLWNKA?e=OV1Qa3\" target=\"_blank\" rel=\"noreferrer noopener\">Bases Premio<\/a><\/p>\n\n\n\n<p><a href=\"https:\/\/1drv.ms\/b\/s!Ao0Ind4CAWeygq8g66eDHK7k5pGqOg?e=5ED0OY\" target=\"_blank\" rel=\"noreferrer noopener\">Acta Premi<\/a>.<\/p>\n\n\n\n<p><a href=\"https:\/\/flic.kr\/s\/aHBqjzPHw2\" target=\"_blank\" rel=\"noreferrer noopener\">Fotos Premi<\/a>.<\/p>\n\n\n\n<p>Nota de Premsa&nbsp;<a href=\"https:\/\/www.uab.cat\/web\/detalle-de-noticia\/mas-de-un-centenar-de-proyectos-participan-en-el-xii-premio-cieu-feie-2021-a-la-idea-mas-emprendedora-1345715733050.html?noticiaid=1345852507679\">FUAB<\/a>,&nbsp;<a href=\"https:\/\/www.uab.cat\/web\/detalle-de-noticia\/xii-edicion-del-premio-cieu-feie-2021-a-la-idea-mas-emprendedora-1345697198445.html?noticiaid=1345853064752\">FEiE<\/a>.<\/p>\n\n\n\n<p><strong>XI Premi CIEU-FEiE 2020 a la idea m\u00e9s emprenedora<\/strong><\/p>\n\n\n\n<p><strong>Persones ganadoras:<\/strong>&nbsp;<strong>\u00c0nnia Macipe, Pau Canals y Armand T\u00fanez (1er lugar, categor\u00eda FUABformaci\u00f3)<\/strong>;&nbsp;Paula Herranz Palon\u00e9s (2do lugar, categor\u00eda FUABformaci\u00f3);&nbsp;Ariadna Avell\u00ed y&nbsp;Judit Costa (3er lugar, categor\u00eda FUABformaci\u00f3);&nbsp;<strong>\u00c1lvaro Salas Blasco, Andr\u00e9s Felipe R\u00edos, &nbsp;Carlos Yecora y Paloma Zagal Lillo (1er lugar, categor\u00eda Facultat d\u2019Economia i Empresa)<\/strong>;&nbsp;\u00c0lex Ortega Rodr\u00edguez y Roser Montfort Chipell (2do lugar, categoria Facultat d\u2019Economia i Empresa);&nbsp;Vict\u00f2ria Guirao y&nbsp;Claudia Torner (3er lugar, categor\u00eda Facultat d\u2019Economia i Empresa);<strong>&nbsp;Julia Rodas Quintero (1er lugar, categor\u00eda General UAB)<\/strong>;&nbsp;Gisela Punsola Ligero (2do&nbsp;lugar, categor\u00eda General UAB);&nbsp;Guillemette Cartier (3er lugar, categor\u00eda General UAB);&nbsp;<strong>Josep Arguimbau Marqu\u00e9s, Jonathan Ponce Bedmar, Pablo Canet Mir y Laura Gausa Rom (categor\u00eda Alumni UAB &#8211; General)<\/strong>;&nbsp;<strong>Alba Tobella, Lorenzo Marini, Carola Soler, Roser Toll y&nbsp;Carina Bellver (categor\u00eda Alumni UAB \u2013 Impacte Social i Sostenibilitat)<\/strong>.<\/p>\n\n\n\n<p>Jurado:&nbsp;Sebasti\u00e1n Aparicio (CIEU)\u200b,&nbsp;Eva Miquel (Alumni UAB)\u200b,&nbsp;Maria Noguera (CIEU-EUTDH), Andreu Turr\u00f3 (CIEU i FEiE)&nbsp;y David Urbano (CIEU y FEiE).<\/p>\n\n\n\n<p>D\u00e9bora Alasraki, de&nbsp;<a href=\"https:\/\/www.3dclick.com\/\" target=\"_blank\" rel=\"noreferrer noopener\">3D Click<\/a>&nbsp;pronunci\u00f3 la conferencia del Premio.<\/p>\n\n\n\n<p><a href=\"https:\/\/1drv.ms\/b\/s!Ao0Ind4CAWeygqtA38cIctUa1C9Ebg?e=6SdxhB\">Bases Premio<\/a><\/p>\n\n\n\n<p><a href=\"https:\/\/1drv.ms\/b\/s!Ao0Ind4CAWeygqt2HpmZZv8XkVHTgQ?e=vI20Lq\" target=\"_blank\" rel=\"noreferrer noopener\">Acta Premio<\/a>.<\/p>\n\n\n\n<p><a href=\"https:\/\/flic.kr\/s\/aHsmSVNKtV\" target=\"_blank\" rel=\"noreferrer noopener\">Fotos Premio<\/a>.<\/p>\n\n\n\n<p><a href=\"https:\/\/www.youtube.com\/watch?v=Va7b_TwzodQ\" target=\"_blank\" rel=\"noreferrer noopener\">V\u00eddeo Premio<\/a>.<\/p>\n\n\n\n<p>Nota de Premsa&nbsp;<a href=\"https:\/\/www.uab.cat\/web\/detalle-de-noticia\/cerca-de-150-proyectos-participan-en-el-xi-premio-cieu-feie-a-la-idea-mas-emprendedora-2020-1345715733050.html?noticiaid=1345831130972\">FUAB<\/a>,&nbsp;<a href=\"https:\/\/www.uab.cat\/web\/detalle-de-noticia\/xi-edicion-del-premio-cieu-feie-2020-a-la-idea-mas-emprendedora-1345697198445.html?noticiaid=1345831275033\">FEiE<\/a>.<\/p>\n\n\n\n<p><strong>X Premi CIEU-2019 a la idea m\u00e9s emprenedora<\/strong><\/p>\n\n\n\n<p><strong>Personas ganadoras:&nbsp;<\/strong><strong>Lissette Cruz y Judit Granados (1er lugar, categor\u00eda FUABformaci\u00f3)<\/strong>;&nbsp;Laura S\u00e1nchez y Phuong Dang Lan (2do lugar, categor\u00eda FUABformaci\u00f3);&nbsp;Luciano Hildebrand Pe\u00f1uela, Anna Seidl y F\u00e1tima Maroun (3er lugar, categor\u00eda FUABformaci\u00f3);&nbsp;<strong>Luis Manuel Blanco Moreno, Tito Campos Chanca y Xavier Vergara Ruiz (1er lugar, categor\u00eda<\/strong><strong>&nbsp;Facultat d\u2019Economia i Empresa)<\/strong>;&nbsp;Abril Aguilar,Emma Costa y&nbsp;\u00c0lex Garc\u00eda (2do lugar, categor\u00eda Facultat d\u2019Economia i Empresa);&nbsp;Francesc Sebastianes Raposo y David Guti\u00e9rrez Teva (3er lugar, categor\u00eda Facultat d\u2019Economia i Empresa);&nbsp;<strong>Roger Castellnou Pascual, Laura Mart\u00edn Duarte y Mar\u00eda Urquizu Garc\u00eda (1er lugar, categor\u00eda<\/strong><strong>&nbsp;Resta de la UAB)<\/strong>;&nbsp;Salvador de Sitjar de Togores (2do lugar, categor\u00eda Resta de la UAB);&nbsp;Raquel Mir, Xavi Domingo y Marc Ballest\u00e9 (3er lugar, categor\u00eda Resta de la UAB);&nbsp;<strong>Eduard Blasi Casagran, Avent\u00ed Bonson y Joan L\u00f3pez (categor\u00eda Alumni UAB)<\/strong>;&nbsp;<strong>Jordi Ba\u00f1eras (categor\u00eda Alumni UAB \u2013 Impacte Social i Sostenibilitat).<\/strong><\/p>\n\n\n\n<p><strong>Jurado:&nbsp;<\/strong>Sebasti\u00e1n Aparicio (CIEU)\u200b,&nbsp;Eva Miquel (Alumni UAB)\u200b,&nbsp;Maria Noguera (CIEU-EUTDH), Andreu Turr\u00f3 (CIEU)&nbsp;y David Urbano (CIEU i Facultat d&#8217;Economia i Empresa).<\/p>\n\n\n\n<p>Ricard Castellet, de&nbsp;<a href=\"https:\/\/barcelonatechcity.com\/\" target=\"_blank\" rel=\"noreferrer noopener\">Barcelona Tech City<\/a>, as\u00ed como B\u00e0rbara Ruiz, Emprendedora de&nbsp;<a href=\"https:\/\/www.livingit.cat\/\" target=\"_blank\" rel=\"noreferrer noopener\">Livingit<\/a>&nbsp;pronunciaron la conferencia del Premio.<\/p>\n\n\n\n<p><a href=\"https:\/\/1drv.ms\/b\/s!Ar8hUi6ayNTcgnV3x9tW24UYNYdH\" target=\"_blank\" rel=\"noreferrer noopener\">Bases Premio<\/a><\/p>\n\n\n\n<p><a href=\"https:\/\/1drv.ms\/b\/s!Ao0Ind4CAWeygqp-WkjkiLsoRtGbsw?e=3xqtB6\" target=\"_blank\" rel=\"noreferrer noopener\">Acta Premio<\/a>.<\/p>\n\n\n\n<p><a href=\"https:\/\/flic.kr\/s\/aHsmK6KCbv\" target=\"_blank\" rel=\"noreferrer noopener\">Fotos Premio<\/a>.<\/p>\n\n\n\n<p>Nota de Prensa&nbsp;<a href=\"https:\/\/www.uab.cat\/web\/detalle-de-noticia-1345715733050.html?noticiaid=1345803568205\" target=\"_blank\" rel=\"noreferrer noopener\">FUAB<\/a>,&nbsp;<a href=\"https:\/\/www.uab.cat\/web\/detalle-de-noticia-1345697198445.html?noticiaid=1345803752969\" target=\"_blank\" rel=\"noreferrer noopener\">FEiE<\/a>.<\/p>\n\n\n\n<p><strong>IX Premio CIEU-2018 a la idea m\u00e1s emprendedora<\/strong><\/p>\n\n\n\n<p><strong>Personas ganadoras:&nbsp;Luciano Hildebrand Pe\u00f1uela (1er lugar, categor\u00eda FUABformaci\u00f3)<\/strong>; Ziyi Zeng, Anna Pirotti y Antonio D\u00edaz (2do lugar, categor\u00eda FUABformaci\u00f3); Paula Santos Guarch, \u00d2scar Montes Recasens y S\u00edlvia V\u00e0zquez Figuerola (3er lugar, categor\u00eda FUABformaci\u00f3);&nbsp;<strong>Jessica Navarro, Adri\u00e1n Rodr\u00edguez, Gemma Guerrero, Carla Ribas yJordi Josep Fern\u00e1ndez (1er lugar, categor\u00eda<\/strong>\u200b<strong>&nbsp;Facultat d\u2019Economia i Empresa)<\/strong>; Elisabet Tena Alarcon, Sara Pacheco Bl\u00e1zquez, Javier Gonz\u00e1lez Mec\u00edas y Lamia Elaouni (2on lugar, categor\u00eda Facultat d\u2019Economia i Empresa); Josep Arguimbau Marques (3er lugar, categor\u00eda Facultat d\u2019Economia i Empresa);&nbsp;<strong>Alba Arnal Madrid, Isaac Taberner, Shuyi Meng, Sicong Xu, Sara Manso Cano y Uxue Derteano Guinea (1er lugar, categor\u00eda\u200b Resta de la UAB)<\/strong>; Jiaqi Zhou (Lisa) y Jos\u00e9 Andr\u00e9s Aguilar Pizarro (2on lugar, categor\u00eda Resta de la UAB); Ariana del Pilar Garc\u00eda Bardales y Jorge Alexander Garc\u00eda D\u00edaz (3er lugar, categor\u00eda Resta de la UAB);&nbsp;<strong>Gerard Vilanova Godoy (categor\u00eda Alumni UAB)<\/strong>;&nbsp;<strong>Elena Trias de Bes Agell i Marta Ubach Palou (categor\u00eda Alumni UAB \u2013 Impacte Social i Sostenibilitat)<\/strong>.<\/p>\n\n\n\n<p><strong>Jurado:&nbsp;<\/strong>Sebasti\u00e1n Aparicio (CIEU)\u200b,&nbsp;Eva Miquel (Alumni UAB)\u200b,&nbsp;Maria Noguera (CIEU-EUTDH), Andreu Turr\u00f3 (CIEU) y David Urbano (CIEU y Facultat d&#8217;Economia i Empresa).<\/p>\n\n\n\n<p>Anna Ca\u00f1adell, del equipo fundador de&nbsp;<a href=\"https:\/\/www.airbnb.es\/\" target=\"_blank\" rel=\"noreferrer noopener\">Trip4real<\/a>&nbsp;y socia fundadora con Alba Garcia de&nbsp;<a href=\"https:\/\/www.bcomestudio.com\/\" target=\"_blank\" rel=\"noreferrer noopener\">B\u00b7COME<\/a>, as\u00ed como Manuel Alfranca y Clara Torralbas, Emprenedores del&nbsp;<a href=\"https:\/\/www.mondragon.edu\/es\/grado-liderazgo-emprendedor-innovacion\" target=\"_blank\" rel=\"noreferrer noopener\">Grau LEINN, Universitat de Mondrag\u00f3n<\/a>&nbsp;pronunciaron la conferencia del Premio.<\/p>\n\n\n\n<p><a href=\"https:\/\/1drv.ms\/b\/s!Ao0Ind4CAWeygqhrX0aRnYJdFyd8lg\" target=\"_blank\" rel=\"noreferrer noopener\">Bases Premio<\/a>.<\/p>\n\n\n\n<p><a href=\"https:\/\/1drv.ms\/b\/s!Ao0Ind4CAWeygqk6TOijdhHsnYyDkg\" target=\"_blank\" rel=\"noreferrer noopener\">Acta Premio<\/a>.<\/p>\n\n\n\n<p><a href=\"https:\/\/flic.kr\/s\/aHsmwVV2Tu\" target=\"_blank\" rel=\"noreferrer noopener\">Fotos Premio<\/a>.<\/p>\n\n\n\n<p>Nota de Prensa&nbsp;<a href=\"https:\/\/www.uab.cat\/web\/detalle-de-noticia-1345715733050.html?noticiaid=1345778416347\" target=\"_blank\" rel=\"noreferrer noopener\">FUAB<\/a>, FEiE,&nbsp;<a href=\"https:\/\/www.uab.cat\/web\/detall-noticia-1345676773644.html?noticiaid=1345778418289\" target=\"_blank\" rel=\"noreferrer noopener\">Alumni<\/a>.<\/p>\n\n\n\n<p><strong>VIII Premio CIEU-FUABformaci\u00f3 2017 a la idea m\u00e1s emprendedora<\/strong><\/p>\n\n\n\n<p>Acta celebrada el d\u00eda 14 de diciembre de 2017 en el Hotel Campus UAB, Sala Llu\u00eds Vives I<\/p>\n\n\n\n<p><strong>Personas ganadoras:&nbsp;Victoria Peco, Julia Marun, Leonardo Eskenazi y Gabriel D\u00e9lano (1er lugar, categor\u00eda FUABformaci\u00f3)<\/strong>;&nbsp;Patricia Brito, Nataly D\u00edaz, Dongyang Li y Katerina Sotiriou (2do lugar, categor\u00eda FUABformaci\u00f3);&nbsp;Judith Mulleras, Vianibelis Santana y Esther Nualart (3er lugar, categor\u00eda FUABformaci\u00f3);&nbsp;<strong>Joan Oller y Omar Moreno (1er lugar, categor\u00eda Resta de la UAB)<\/strong>;&nbsp;Ariadna Aguilera, Mariluz Garz\u00f3n, Ariadna Mora y Carlos Zarallo (2do lugar, categor\u00eda Resta de la UAB);&nbsp;Alex Allan, Marta Garrido y Laia Suelves (3er lugar, categor\u00eda Resta de la UAB).<\/p>\n\n\n\n<p><strong>Jurado:&nbsp;<\/strong>Maria Noguera (CIEU-EUTDH), Andreu Turr\u00f3 (CIEU), Sebasti\u00e1n Aparicio (CIEU) y David Urbano (CIEU).<\/p>\n\n\n\n<p>Xavier Cod\u00f3, CEO de&nbsp;<a href=\"https:\/\/www.icarvision.com\/\" target=\"_blank\" rel=\"noreferrer noopener\">iCar Vision<\/a>, as\u00ed como Aitana Lorenzo y Jairo V\u00e1zquez, fundadores de&nbsp;<a href=\"https:\/\/www.instagram.com\/somnis.dancestudio\/\" target=\"_blank\" rel=\"noreferrer noopener\">Escola Somnis<\/a>&nbsp;y&nbsp;<a href=\"https:\/\/www.facebook.com\/crossfitcerdanyola\/\" target=\"_blank\" rel=\"noreferrer noopener\">CrossFit&nbsp;<\/a><a href=\"https:\/\/www.facebook.com\/crossfitcerdanyola\/\" target=\"_blank\" rel=\"noreferrer noopener\">Cerdanyola<\/a>&nbsp;pronunciaron la conferencia del premio.<\/p>\n\n\n\n<p><a href=\"https:\/\/1drv.ms\/b\/s!Ao0Ind4CAWeygqgRcgl9UNJKaPIExg\" target=\"_blank\" rel=\"noreferrer noopener\">Acta Premio<\/a>.<\/p>\n\n\n\n<p><a href=\"https:\/\/flic.kr\/s\/aHsmcaaVD8\" target=\"_blank\" rel=\"noreferrer noopener\">Fotos Premio<\/a>.<\/p>\n\n\n\n<p><a href=\"https:\/\/www.uab.cat\/web\/detalle-de-noticia\/mas-de-un-centenar-de-proyectos-se-presentan-al-viii-premio-cieu-fuabformacio-a-la-idea-mas-emprendedora-de-2017-1345715733050.html?noticiaid=1345741017401\" target=\"_blank\" rel=\"noreferrer noopener\">Nota de Prensa (Sala de Prensa UAB)<\/a>.<\/p>\n\n\n\n<p><strong>VII Premio CIEU-FUABformaci\u00f3 2016 a la idea m\u00e1s emprendedora<\/strong><\/p>\n\n\n\n<p>Acta celebrada el d\u00eda 1 de diciembre de 2016 en el Hotel Campus UAB, Sala Llu\u00eds Vives I<\/p>\n\n\n\n<p><strong>Personas ganadoras<\/strong>:&nbsp;<strong>Federico Cristallini, Veranika Hancharyk, Ziyue Jiang, Huiling Wang y Lucy Velasco (1er lugar, categoria FUABformaci\u00f3)<\/strong>;&nbsp;\u00d2scar Mas Sanz y Miquel Bravo P\u00e9rez (2do lugar, categoria FUABformaci\u00f3);&nbsp;Mar\u00eda Nieves Ferrer Riera, Patricia Ochoa Virreira, Wang Junyou, Lin Lin y MengXue Wang (3er lugar, categoria FUABformaci\u00f3);&nbsp;<strong>Carlos Alonso Mart\u00ednez, Ivan Bruzzoni Flores, Maria Alejandra Ca\u00f1as Cuartas y Amador Guitart Estany (1er lugar, categor\u00eda Resta de la UAB)<\/strong>;&nbsp;Maria Urquizu Garc\u00eda, Olga Mart\u00ednez Meli\u00e1, Carolina Rubio Mondejar, Laura Mart\u00edn Duarte y Marina Torres Torres (2do lugar, categor\u00eda Resta de la UAB);&nbsp;Guillermo Alcover Andreu, Randy Lucas Dotel, Eric S\u00e1nchez Mart\u00ednez, Enrique S\u00e1nchez Murillo y Sergio Yeste Sarrias (3er lugar, categoria Resta de la UAB).<\/p>\n\n\n\n<p><strong>Jurado:&nbsp;<\/strong>Maria Noguera (CIEU-EUTDH), Andreu Turr\u00f3 (CIEU), Sebasti\u00e1n Aparicio (CIEU) y David Urbano (CIEU).<\/p>\n\n\n\n<p>Joan Iniesta, CEO de&nbsp;<a href=\"https:\/\/ubiqme.es\/\" target=\"_blank\" rel=\"noreferrer noopener\">Ubiqme<\/a>, i Ernest Lara, Director Ejecutivo de&nbsp;<a href=\"https:\/\/www.richisocialentrepreneurs.org\/#home-1\" target=\"_blank\" rel=\"noreferrer noopener\">Richi Social Entrepreneurs (RSE)<\/a>, pronunciaron la conferencia del Premio<\/p>\n\n\n\n<p><a href=\"https:\/\/1drv.ms\/b\/s!Ao0Ind4CAWeygpshOCksUs6qy3wh1w\" target=\"_blank\" rel=\"noreferrer noopener\">Acta Premio<\/a>.<\/p>\n\n\n\n<p><a href=\"https:\/\/flic.kr\/s\/aHskQycCy3\" target=\"_blank\" rel=\"noreferrer noopener\">Fotos Premio<\/a>.<\/p>\n\n\n\n<p><a href=\"https:\/\/ecoaula.eleconomista.es\/ecoaula-emprendedores\/noticias\/7992946\/11\/16\/7-edicion-del-Premio-CIEUFUABformacio-2016-a-la-idea-mas-emprendedora-un-impulso-al-emprendimiento-universitario-desde-la-UAB.html\" target=\"_blank\" rel=\"noreferrer noopener\">Noticias en Prensa (elEconomista.es)<\/a>.<\/p>\n\n\n\n<p><a href=\"https:\/\/www.uab.cat\/web\/sala-de-prensa\/detalle-noticia-1345667994339.html?noticiaid=1345716229778\" target=\"_blank\" rel=\"noreferrer noopener\">Noticias en Prensa (Sala de Prensa UAB)<\/a>.<\/p>\n\n\n\n<p><strong>VI Premio CIEU-FUABformaci\u00f3 2015 a la idea m\u00e1s emprendedora<\/strong><\/p>\n\n\n\n<p>Acta celebrada el d\u00eda 1 de diciembre de 2015 en el Hotel Campus UAB, Sala Llu\u00eds Vives I<\/p>\n\n\n\n<p><strong>Personas ganadoras:<\/strong>&nbsp;Miriam Ben\u00edtez; Julia Mateos; Natalia Mu\u00f1oz; Yumara Molina; Sandra Rodr\u00edguez; Andrea P\u00e9rez i Sarah Horvath (categoria FUABformaci\u00f3 a la \u201cmillor idea naixent\u201d); Francisca Herrera; Beatriz Serrano Rodado; Javier de Diego; Carles Sayegh Farran i Chaxxiraxi R. M\u00e9ndez (categoria FUABformaci\u00f3 a la \u201cmillor idea consolidada\u201d); Daniel Melench\u00f3n Ib\u00e1\u00f1ez i Irene Moreiro Mart\u00ednez (categoria Resta de la UAB a la \u201cmillor idea naixent\u201d); i Albert \u00c1vila Catal\u00e0; Jonathan Ayala Gonz\u00e1lez; Marc Gorrea Pi\u00f1ol; Arnau Guix i Santandreu i Yeray P\u00e9rez Mart\u00ednez (categoria Resta de la UAB a la \u201cmillor idea consolidada\u201d).<\/p>\n\n\n\n<p><strong>Jurado:<\/strong>&nbsp;Maria Noguera (CIEU-EUTDH), Andreu Turr\u00f3 (CIEU), Sebasti\u00e1n Aparicio (CIEU) i David Urbano (CIEU).<\/p>\n\n\n\n<p>Igansi Capell\u00e0 Ballb\u00e9, Vicepresidente de Comunicaci\u00f3n Corporativa de Broomx.com, pronunci\u00f3 la conferencia del Premio.<\/p>\n\n\n\n<p><a href=\"https:\/\/onedrive.live.com\/redir?resid=B2670102DE9D088D!24676&amp;authkey=!APBcjtOo1jSV_iQ&amp;ithint=file%2cpdf\" target=\"_blank\" rel=\"noreferrer noopener\">Acta Premi<\/a>.<\/p>\n\n\n\n<p><a href=\"https:\/\/flic.kr\/s\/aHskrnrCNd\" target=\"_blank\" rel=\"noreferrer noopener\">Fotos Premi<\/a>.<\/p>\n\n\n\n<p><a href=\"https:\/\/onedrive.live.com\/redir?resid=B2670102DE9D088D!24819&amp;authkey=!AM57hZ637v7qf8Q&amp;ithint=file%2cpdf\" target=\"_blank\" rel=\"noreferrer noopener\">Nota de prensa<\/a>.<\/p>\n\n\n\n<p><strong>V Premi CIEU a la idea m\u00e1s emprendedora 2014<\/strong><\/p>\n\n\n\n<p>Acto celebrado el d\u00eda 15 de diciembre de 2014 en el Edificio de las Escuelas de la FUAB.<\/p>\n\n\n\n<p><strong>Personas ganadoras<\/strong>: Marta Olivella, Jordi Roca i Anna Ib\u00e1\u00f1ez (EUTDH); \u00c1ngel Garc\u00eda, Daniel Gonz\u00e1lez i Cristian Moreno (UAB).<\/p>\n\n\n\n<p><strong>Jurado:&nbsp;<\/strong>Maria Noguera (CIEU-EUTDH), Andreu Turr\u00f3 (CIEU), David Urbano (CIEU).<\/p>\n\n\n\n<p><strong>Eduard Agut<\/strong>, fundador entre otras de&nbsp;<strong><a href=\"https:\/\/circoviral.com\/\" target=\"_blank\" rel=\"noreferrer noopener\">circoviral.com<\/a><\/strong>, pronunci\u00f3 la conferencia del Premio.<\/p>\n\n\n\n<p><a href=\"https:\/\/onedrive.live.com\/redir?resid=b2670102de9d088d!19446&amp;authkey=!ADQYiHNI7M56pt8&amp;ithint=file%2cpdf\" target=\"_blank\" rel=\"noreferrer noopener\">Acta Premio<\/a>.<\/p>\n\n\n\n<p><a href=\"https:\/\/www.flickr.com\/photos\/131531959@N04\/sets\/72157652144504962\/\" target=\"_blank\" rel=\"noreferrer noopener\">Fotos Premio<\/a>.<\/p>\n\n\n\n<p><strong>IV&nbsp;Premi CIEU a la idea m\u00e1s emprendedora 2013<\/strong><\/p>\n\n\n\n<p>Acto celebrado el d\u00eda 16 de diciembre de 2013 en el&nbsp;EUTDH.<\/p>\n\n\n\n<p><strong>Personas ganadoras<\/strong>: Sarah Sams\u00f3 i Valeria Muscatelo (EUTDH), Marc Bohigas, Vito Garcia, Beatriz Nicol\u00e1s i B\u00e0rbara Soler (UAB).<\/p>\n\n\n\n<p><strong>Jurado:&nbsp;<\/strong>Maria Noguera (CIEU-EUTDH), Andreu Turr\u00f3 (CIEU-EUTDH), David Urbano (CIEU-EUTDH), Francesc Uroz (CIEU-EUTDH).<\/p>\n\n\n\n<p><strong>Jaume Valldeperas<\/strong>, fundador de&nbsp;<a href=\"https:\/\/okbarcelonatours.com\/es\/\" target=\"_blank\" rel=\"noreferrer noopener\"><strong>OK Barcelona Tours<\/strong><\/a>,&nbsp;pronunci\u00f3 la conferencia del Premio.<\/p>\n\n\n\n<p><a href=\"https:\/\/onedrive.live.com\/redir?resid=b2670102de9d088d!19448&amp;authkey=!AKYwJi6b7t50z8o&amp;ithint=file%2cpdf\" target=\"_blank\" rel=\"noreferrer noopener\">Acta Premio<\/a>.<\/p>\n\n\n\n<p><a href=\"https:\/\/www.flickr.com\/photos\/131531959@N04\/sets\/72157652152133241\/\" target=\"_blank\" rel=\"noreferrer noopener\">Fotos Premio<\/a>.<\/p>\n\n\n\n<p><strong>III&nbsp;Premi CIEU a la idea m\u00e1s emprendedora 2012<\/strong><\/p>\n\n\n\n<p>Acto celebrado el d\u00eda 11 de diciembre de 2012 en el&nbsp;EUTDH.<\/p>\n\n\n\n<p><strong>Participantes<\/strong>: 13 ideas de participantes de la EUTDH y 15 ideas de participantes del resto de la UAB.<\/p>\n\n\n\n<p><strong>Premio<\/strong>: 450 euros para los equipos ganadores; un viaje a Marruecos por cortesia del Grupo&nbsp;<strong><a href=\"https:\/\/www.xaluca.com\/\" target=\"_blank\" rel=\"noreferrer noopener\">Xaluca<\/a><\/strong>&nbsp;tanto para los equipos ganadores como para finalistas, as\u00ed como certificados para los premiados.&nbsp;<\/p>\n\n\n\n<p><strong>Jurado:&nbsp;<\/strong>Elisabeth Ferri (CIEU-EUTDH), Maria Noguera (CIEU-EUTDH), Andreu Turr\u00f3 (CIEU-EUTDH), David Urbano (CIEU-EUTDH), Francesc Uroz (CIEU-EUTDH).<\/p>\n\n\n\n<p><strong>Llu\u00eds Pont<\/strong>, co-fundador del Grupo&nbsp;<strong><a href=\"https:\/\/www.xaluca.com\/\" target=\"_blank\" rel=\"noreferrer noopener\">Xaluca<\/a><\/strong>,&nbsp;pronunci\u00f3 la conferencia del Premio.<\/p>\n\n\n\n<p><a href=\"https:\/\/onedrive.live.com\/redir?resid=b2670102de9d088d!19450&amp;authkey=!APJethURhg-m15Y&amp;ithint=file%2cpdf\" target=\"_blank\" rel=\"noreferrer noopener\">Acta Premio<\/a>.<\/p>\n\n\n\n<p><a href=\"https:\/\/www.flickr.com\/photos\/131531959@N04\/sets\/72157652144367292\/\" target=\"_blank\" rel=\"noreferrer noopener\">Fotos Premio<\/a>.<\/p>\n\n\n\n<p><strong>II&nbsp;Premi CIEU a la idea m\u00e1s emprendedora 2010<\/strong><\/p>\n\n\n\n<p>Acto celebrado el d\u00eda 14 de diciembre de 2010 en el&nbsp;EUTDH.<\/p>\n\n\n\n<p><strong>Participantes:&nbsp;16 ideas de participantes de la EUTDH y 32 ideas de participantes del resto de la UAB.<\/strong><\/p>\n\n\n\n<p><strong>Premio:&nbsp;<\/strong>450 euros para los equipos ganadores;&nbsp;certificados para los ganadores y finalistas.<\/p>\n\n\n\n<p><strong>Jurado:<\/strong>&nbsp;Elisabeth Ferri (CIEU-EUTDH), Maria Noguera (EUTDH), David Urbano (CIEU-EUTDH), Francesc Uroz (EUTDH).<\/p>\n\n\n\n<p><strong>Iv\u00e1n Caballero,&nbsp;<\/strong>CEO y cofundador de&nbsp;<a href=\"https:\/\/muuby.wordpress.com\/producto\/\" target=\"_blank\" rel=\"noreferrer noopener\">Muuby<\/a>&nbsp;pronunci\u00f3 la conferencia del Premio.<\/p>\n\n\n\n<p><a href=\"https:\/\/onedrive.live.com\/redir?resid=b2670102de9d088d!19346&amp;authkey=!AFPMQVx1rI3m2sI&amp;ithint=file%2cpdf\" target=\"_blank\" rel=\"noreferrer noopener\">Acta del Premio<\/a>.<\/p>\n\n\n\n<p><a href=\"https:\/\/www.flickr.com\/photos\/131531959@N04\/sets\/72157652144227332\/\" target=\"_blank\" rel=\"noreferrer noopener\">Fotos del Premio<\/a>.<\/p>\n\n\n\n<p><strong>I&nbsp;Premi CIEU a la idea m\u00e1s emprendedora 2009<\/strong><\/p>\n\n\n\n<p>Acto celebrado el d\u00eda 15 de diciembre de 2009 en el&nbsp;EUTDH.<\/p>\n\n\n\n<p><strong>Participants:&nbsp;19 ideas de participantes de la EUTDH y 27 ideas de participantes del resto de la UAB.<\/strong><\/p>\n\n\n\n<p><strong>Premio:&nbsp;<\/strong>450 euros para los equipos ganadores&nbsp;y la inscripci\u00f3n gratuita a la&nbsp;<strong><a href=\"https:\/\/www.emprendedores.es\/\" target=\"_blank\" rel=\"noreferrer noopener\">Revista Emprendores<\/a><\/strong>&nbsp;durante el a\u00f1o 2010;&nbsp;certificados para los ganadores y finalistas.<\/p>\n\n\n\n<p><strong>Jurado:<\/strong>&nbsp;Claudia Alvarez (CIEU-EUTDH),&nbsp;&nbsp; Maria Noguera (EUTDH), David Urbano (CIEU-EUTDH), Francesc Uroz (EUTDH).<\/p>\n\n\n\n<p><strong>Jordi Morcillo,&nbsp;<\/strong>Director de M\u00e1rqueting de la empresa catalana&nbsp;<strong><a href=\"https:\/\/www.skeyndor.com\/\" target=\"_blank\" rel=\"noreferrer noopener\">Skeyndor<\/a>&nbsp;pronunci\u00f3 la conferencia del Premio.<\/strong><\/p>\n\n\n\n<p><a href=\"https:\/\/onedrive.live.com\/redir?resid=b2670102de9d088d!19382&amp;authkey=!AFPtuWimhgNpQ-8&amp;ithint=file%2cpdf\" target=\"_blank\" rel=\"noreferrer noopener\">Acta del Premio<\/a>.<\/p>\n\n\n\n<p><a href=\"https:\/\/www.flickr.com\/photos\/131531959@N04\/sets\/72157652144129782\/\" target=\"_blank\" rel=\"noreferrer noopener\">Fotos del Premio<\/a>.&nbsp;<\/p>\n","protected":false},"excerpt":{"rendered":"<p>XVI Premi CIEU-FEiE 2025&nbsp;a la idea m\u00e9s emprenedora Acte celebrat el dijous 11 de desembre de 2025, de 16:00h a 17:30h, a la Sala de Actes de la Facultad d&#8217;Economia i Empresa. Persones guanyadores: Daniela P\u00e9rez i Valentina M\u00e9ndez Rizo (1er lloc, categoria FUABformaci\u00f3); Elisabet Balaciart (2on lloc, categoria FUABformaci\u00f3); Shin Jihee i Laura Fern\u00e1ndez [&hellip;]<\/p>\n","protected":false},"author":20,"featured_media":0,"parent":0,"menu_order":0,"comment_status":"closed","ping_status":"closed","template":"","meta":{"footnotes":""},"class_list":["post-214","page","type-page","status-publish","hentry"],"_links":{"self":[{"href":"https:\/\/webs.uab.cat\/cieu\/ca\/wp-json\/wp\/v2\/pages\/214","targetHints":{"allow":["GET"]}}],"collection":[{"href":"https:\/\/webs.uab.cat\/cieu\/ca\/wp-json\/wp\/v2\/pages"}],"about":[{"href":"https:\/\/webs.uab.cat\/cieu\/ca\/wp-json\/wp\/v2\/types\/page"}],"author":[{"embeddable":true,"href":"https:\/\/webs.uab.cat\/cieu\/ca\/wp-json\/wp\/v2\/users\/20"}],"replies":[{"embeddable":true,"href":"https:\/\/webs.uab.cat\/cieu\/ca\/wp-json\/wp\/v2\/comments?post=214"}],"version-history":[{"count":29,"href":"https:\/\/webs.uab.cat\/cieu\/ca\/wp-json\/wp\/v2\/pages\/214\/revisions"}],"predecessor-version":[{"id":616,"href":"https:\/\/webs.uab.cat\/cieu\/ca\/wp-json\/wp\/v2\/pages\/214\/revisions\/616"}],"wp:attachment":[{"href":"https:\/\/webs.uab.cat\/cieu\/ca\/wp-json\/wp\/v2\/media?parent=214"}],"curies":[{"name":"wp","href":"https:\/\/api.w.org\/{rel}","templated":true}]}}