{"id":54,"date":"2026-02-25T09:27:08","date_gmt":"2026-02-25T07:27:08","guid":{"rendered":"https:\/\/webs.uab.cat\/congreso-aeeao\/?page_id=54"},"modified":"2026-04-21T10:04:58","modified_gmt":"2026-04-21T08:04:58","slug":"comite-cientific","status":"publish","type":"page","link":"https:\/\/webs.uab.cat\/congreso-aeeao\/comite-cientific\/","title":{"rendered":"Comit\u00e8 cient\u00edfic"},"content":{"rendered":"\n<p>Abad Quintanal, Gracia (UNebrija)<\/p>\n\n\n\n<p>Almaz\u00e1n Tom\u00e1s, Vicente David (UNIZAR)<\/p>\n\n\n\n<p>Bah\u00f3n Arnaiz, Cristina (UAM)<\/p>\n\n\n\n<p>Balaguer Nu\u00f1ez, Lola (IEEC-ICCUB)<\/p>\n\n\n\n<p>Balsas Ure\u00f1a, Isabel Mar\u00eda (UGR)<\/p>\n\n\n\n<p>Barl\u00e9s, Elena (UNIZAR)<\/p>\n\n\n\n<p>Beltr\u00e1n, Joaqu\u00edn (UAB)<\/p>\n\n\n\n<p>Bras\u00f3 Broggi, Carles (UOC)<\/p>\n\n\n\n<p>Busquets Alemany, Anna (UOC)<\/p>\n\n\n\n<p>Caba\u00f1as, Pilar (UCM)<\/p>\n\n\n\n<p>Casas-Tost, Helena (UAB)<\/p>\n\n\n\n<p>Cervera Jim\u00e9nez, Jos\u00e9 Antonio (Colegio M\u00e9xico)<\/p>\n\n\n\n<p>Chen, Chiao-In (UAB)<\/p>\n\n\n\n<p>Chica Morales, Patricia (UMA)<\/p>\n\n\n\n<p>Ciruela Alf\u00e9rez , Juan Jos\u00e9 (UGR)<\/p>\n\n\n\n<p>Crailsheim, Eberhard (CSIC)<\/p>\n\n\n\n<p>Cuadra Mora, Bel\u00e9n (UGR)<\/p>\n\n\n\n<p>Dimitrova, Radina Plamenova (ENALLT, UNAM)<\/p>\n\n\n\n<p>Dom\u00e9nech del R\u00edo, Antonio J. (UMA)<\/p>\n\n\n\n<p>Doncel Abad, David (USAL)<\/p>\n\n\n\n<p>Espin Garcia, Maria del Carmen (UAB)<\/p>\n\n\n\n<p>Esteban Rodr\u00edguez, Mario (UAM)<\/p>\n\n\n\n<p>Falero Folgoso, Alfonso (USAL)<\/p>\n\n\n\n<p>Figliulo, Roberto (UAB)<\/p>\n\n\n\n<p>Fukuda, Makiko (UAB)<\/p>\n\n\n\n<p>Gajate Bajo , Mar\u00eda (USAL)<\/p>\n\n\n\n<p>Garc\u00eda Benito, Rub\u00e9n (CSIC)<\/p>\n\n\n\n<p>Garc\u00eda Fern\u00e1ndez-Muro, Clara (UCM)<\/p>\n\n\n\n<p>Garc\u00eda-Noblejas, Gabriel (UGR)<\/p>\n\n\n\n<p>Gaspar, Sofia (ISCTE-Lisbon University Institute)<\/p>\n\n\n\n<p>G\u00f3mez Pradas, Muriel (UOC)<\/p>\n\n\n\n<p>Guarn\u00e9, Blai (UAB)<\/p>\n\n\n\n<p>Hornedo P\u00e9rez-Aloe , Luc\u00eda (USAL)<\/p>\n\n\n\n<p>Ito-Morales, Kyoko (UGR)<\/p>\n\n\n\n<p>Janousch, Andreas (UAM)<\/p>\n\n\n\n<p>Kubo, Masako (USAL)<\/p>\n\n\n\n<p>Lambea Ortega, Marta (USAL)<\/p>\n\n\n\n<p>Lei, Chunyi (UGR)<\/p>\n\n\n\n<p>Lin, Yue (UAM)<\/p>\n\n\n\n<p>L\u00f3pez-Sako, Nobuo Ignacio (UGR)<\/p>\n\n\n\n<p>Lozano M\u00e9ndez, Artur (UAB)<\/p>\n\n\n\n<p>Luca de Tena Navarro, Manuel (USAL)<\/p>\n\n\n\n<p>Luengo, Pedro (Usevilla)<\/p>\n\n\n\n<p>Malo Sanz, Mario (UGR)<\/p>\n\n\n\n<p>Manonelles Moner, Laia (UB)<\/p>\n\n\n\n<p>Marco Mart\u00ednez, Consuelo (UCM)<\/p>\n\n\n\n<p>Marin-Lacarta, Maialen (UAB)<\/p>\n\n\n\n<p>Mart\u00edn R\u00edos, Jos\u00e9 Javier (UGR)<\/p>\n\n\n\n<p>Mas L\u00f3pez, Jordi (UAB)<\/p>\n\n\n\n<p>Masdeu Torruella, Irene (UAB)<\/p>\n\n\n\n<p>Mezcua L\u00f3pez, Antonio J. (UGR)<\/p>\n\n\n\n<p>Montalb\u00e1n Peregr\u00edn, Fco Manuel (UMA)<\/p>\n\n\n\n<p>Nie, Lingzhi (UAB)<\/p>\n\n\n\n<p>Nieto, Gladys (UAM)<\/p>\n\n\n\n<p>Paoliello Palermo, Antonio (UAB)<\/p>\n\n\n\n<p>Pareja Alcaraz, Pablo (UPF)<\/p>\n\n\n\n<p>Pelegrin sole, M. Angels (UB)<\/p>\n\n\n\n<p>Prado-Fonts, Carles (UOC)<\/p>\n\n\n\n<p>Relinque Eleta, Alicia (UGR)<\/p>\n\n\n\n<p>Rodr\u00edguez Cruz, Jorge (USAL)<\/p>\n\n\n\n<p>Rodr\u00edguez Navarro, Maria Teresa (UGR)<\/p>\n\n\n\n<p>Rovira Esteva, Sara (UAB)<\/p>\n\n\n\n<p>Saiz, Amelia (UAB)<\/p>\n\n\n\n<p>San Emeterio Caba\u00f1es, Gonzalo (UAM)<\/p>\n\n\n\n<p>Sastre de la Vega, Daniel (UAM)<\/p>\n\n\n\n<p>Serra-Vilella, Alba (UAB)<\/p>\n\n\n\n<p>Takagi Takanashi, Kayoko (UAM)<\/p>\n\n\n\n<p>Takamori, Emi (UAM)<\/p>\n\n\n\n<p>Tani Moratalla, Rumi (UAM)<\/p>\n\n\n\n<p>Tejeda Mart\u00edn, Teresa In\u00e9s (USAL)<\/p>\n\n\n\n<p>Terol Rojo, Gabriel (UV)<\/p>\n\n\n\n<p>Tirado Robles, Carmen (UNIZAR)<\/p>\n\n\n\n<p>Uliana, Chiara (UGR)<\/p>\n\n\n\n<p>Vargas Urp\u00ed, Mireia (UAB)<\/p>\n\n\n\n<p>Vidal L\u00f3pez, Lluc (UOC)<\/p>\n","protected":false},"excerpt":{"rendered":"<p>Abad Quintanal, Gracia (UNebrija) Almaz\u00e1n Tom\u00e1s, Vicente David (UNIZAR) Bah\u00f3n Arnaiz, Cristina (UAM) Balaguer Nu\u00f1ez, Lola (IEEC-ICCUB) Balsas Ure\u00f1a, Isabel Mar\u00eda (UGR) Barl\u00e9s, Elena (UNIZAR) Beltr\u00e1n, Joaqu\u00edn (UAB) Bras\u00f3 Broggi, Carles (UOC) Busquets Alemany, Anna (UOC) Caba\u00f1as, Pilar (UCM) Casas-Tost, Helena (UAB) Cervera Jim\u00e9nez, Jos\u00e9 Antonio (Colegio M\u00e9xico) Chen, Chiao-In (UAB) Chica Morales, Patricia (UMA) [&hellip;]<\/p>\n","protected":false},"author":103,"featured_media":0,"parent":0,"menu_order":0,"comment_status":"closed","ping_status":"closed","template":"","meta":{"footnotes":""},"class_list":["post-54","page","type-page","status-publish","hentry"],"_links":{"self":[{"href":"https:\/\/webs.uab.cat\/congreso-aeeao\/wp-json\/wp\/v2\/pages\/54","targetHints":{"allow":["GET"]}}],"collection":[{"href":"https:\/\/webs.uab.cat\/congreso-aeeao\/wp-json\/wp\/v2\/pages"}],"about":[{"href":"https:\/\/webs.uab.cat\/congreso-aeeao\/wp-json\/wp\/v2\/types\/page"}],"author":[{"embeddable":true,"href":"https:\/\/webs.uab.cat\/congreso-aeeao\/wp-json\/wp\/v2\/users\/103"}],"replies":[{"embeddable":true,"href":"https:\/\/webs.uab.cat\/congreso-aeeao\/wp-json\/wp\/v2\/comments?post=54"}],"version-history":[{"count":4,"href":"https:\/\/webs.uab.cat\/congreso-aeeao\/wp-json\/wp\/v2\/pages\/54\/revisions"}],"predecessor-version":[{"id":511,"href":"https:\/\/webs.uab.cat\/congreso-aeeao\/wp-json\/wp\/v2\/pages\/54\/revisions\/511"}],"wp:attachment":[{"href":"https:\/\/webs.uab.cat\/congreso-aeeao\/wp-json\/wp\/v2\/media?parent=54"}],"curies":[{"name":"wp","href":"https:\/\/api.w.org\/{rel}","templated":true}]}}