{"id":561,"date":"2009-05-08T11:23:04","date_gmt":"2009-05-08T11:23:04","guid":{"rendered":"https:\/\/webs.uab.cat\/conxitamarquez\/scientific-publications\/"},"modified":"2022-09-09T10:30:32","modified_gmt":"2022-09-09T10:30:32","slug":"scientific-publications","status":"publish","type":"page","link":"https:\/\/webs.uab.cat\/conxitamarquez\/scientific-publications\/","title":{"rendered":"Scientific publications"},"content":{"rendered":"\n<h2 class=\"wp-block-heading\"><strong>Scientific articles:<\/strong><\/h2>\n\n\n\n<p>Gamboa G, Badillo E, Couso D, M\u00e1rquez C. (20&#8217;21).Connecting Mathematics and Science in Primary School STEM Education: Modeling the Population Growth of Species. <em>Mathematics<\/em>. 9(19): 2496. https:\/\/doi.org\/10.3390\/math9192496 &nbsp;<a href=\"https:\/\/www.mdpi.com\/2227-7390\/9\/19\/2496\/pdf\" target=\"_blank\" rel=\"noopener noreferrer\">https:\/\/www.mdpi.com\/2227-7390\/9\/19\/2496\/pdf<\/a>&nbsp;<\/p>\n\n\n\n<p>P\u00e9rez-Torres, M.; Couso, D.; M\u00e1rquez, C.; (2021). \u00bfC\u00f3mo dise\u00f1ar un buen proyecto STEM? Identificaci\u00f3n de tensiones en la co-construcci\u00f3n de una r\u00fabrica para su mejora?. <em>Revista Eureka sobre Ense\u00f1anza y Divulgaci\u00f3n en Ciencias,<\/em> <a href=\"http:\/\/dx.doi.org\/10.25267\/Rev_Eureka_ensen_divulg_cienc.2021.v18.i1.1301\">http:\/\/dx.doi.org\/10.25267\/Rev_Eureka_ensen_divulg_cienc.2021.v18.i1.1301<\/a><\/p>\n\n\n\n<p>Pau-Custodio, I.; M\u00e1rquez, C. (2020). Acercar la ciencia a los j\u00f3venes a trav\u00e9s de las novelas: la experiencia de un club de lectura. <em>Interfaces da Educacao<\/em>.&nbsp; 11(32): 662-687. <a href=\"http:\/\/10.26514\/inter.v11i32.4016\">http:\/\/doi.org\/10.26514\/inter.v11i32.4016<\/a><\/p>\n\n\n\n<p>Nebot, MR. ; M\u00e1rquez,C. (2019). El modelo cin\u00e9tico-corpuscular y las pr\u00e1cticas cient\u00edficas: una propuesta basada en la dilataci\u00f3n t\u00e9rmica. \u00c1pice. Revista de Educaci\u00f3n Cient\u00edfica, 3(2), 21-35. <a href=\"https:\/\/doi.org\/10.17979\/arec.2019.3.2.4625\">https:\/\/doi.org\/10.17979\/arec.2019.3.2.4625<\/a><\/p>\n\n\n\n<p>Pau-Custodio, I.; Brugui\u00e8re, C.; M\u00e1rquez, C. (2019). Les romans de fiction r\u00e9aliste comme source de probl\u00e9matisation socio-scientifique : analyse d\u2019un dispositif de lecture dans un cadre interdisciplinaire. <em>Recherches en didactiques des sciences et des tecnologies. <\/em>19, 21-47. <a href=\"https:\/\/journals.openedition.org\/rdst\/2228\">https:\/\/journals.openedition.org\/rdst\/2228<\/a><\/p>\n\n\n\n<p>Pau-Custodio, I.; Brugui\u00e8re, C.; M\u00e1rquez, C. (2019). Lire et discuter. Un extrait de roman r\u00e9aliste en classe de SVT. Construir des savoirs sur la validit\u00e9 des faites saillants en sciences. <em>Spirale. Revue de Recherches en \u00c9ducation.<\/em>64, 85-97<\/p>\n\n\n\n<p>Pedreira, M.; M\u00e1rquez, C. (2019). Exprerience, Explicitation, Evolution,: Processes of learning ina free-choice science museum activity for childrenup to 6 years of age. <em>JES, Journal of Emergent Science<\/em>, 17, 19-31. <a href=\"https:\/\/ddd.uab.cat\/record\/210961\">https:\/\/ddd.uab.cat\/record\/210961<\/a><\/p>\n\n\n\n<p>Sol\u00e9, C; Hern\u00e1ndez, M.I; M\u00e1rquez, C. (2019). El ciclo de modelizaci\u00f3n como herramienta de an\u00e1lisis de una unidad did\u00e1ctica sobre energ\u00eda. <em>Didactae, 5, 43-56.<\/em> &nbsp;<a id=\"LPlnk922202\" href=\"http:\/\/revistes.ub.edu\/index.php\/didacticae\/article\/view\/26793\">http:\/\/revistes.ub.edu\/index.php\/didacticae\/article\/view\/26793<\/a>&nbsp;&nbsp; <a href=\"https:\/\/ddd.uab.cat\/record\/204646\">https:\/\/ddd.uab.cat\/record\/204646<\/a><\/p>\n\n\n\n<p>Dom\u00e8nech-Casal, J ; Couso, D;&nbsp; P\u00e9rez, M ; M\u00e1rquez. C (2018) . Prop\u00f3sito, contexto e conte\u00fado no ensino de ci\u00eancias. <em>Revista P\u00e1tio Ensino Medio, Profissional e Tecnol\u00f3gico<\/em>, 38. 10-13.<\/p>\n\n\n\n<p>Pau, I.; M\u00e1rquez, C. (2018). Potencialidades y dificultades de incorporar la novela como contexto en clase de ciencias. <em>Revista Brasileira de Ensino de Ciencia e Tecnologia, 11 (2), 136-157. <\/em><a href=\"https:\/\/ddd.uab.cat\/record\/194376\">https:\/\/ddd.uab.cat\/record\/194376<\/a><\/p>\n\n\n\n<p>Boadas, E.; Monereo, C.; M\u00e1rquez, C.&nbsp;(2018). Conceptualizaci\u00f3n de un proyecto educativo para un centro de ciencias. El caso de la fundaci\u00f3n CRAM. <em>Revista de Museolog\u00eda, 71, 37- 47 . <\/em><a href=\"https:\/\/ddd.uab.cat\/record\/194375\">https:\/\/ddd.uab.cat\/record\/194375<\/a> <a href=\"https:\/\/ddd.uab.cat\/record\/194375\">https:\/\/ddd.uab.cat\/record\/194375<\/a><\/p>\n\n\n\n<p>Ruiz, F. J.; M\u00e1rquez, C.; Rodas, J.M.; Badillo, E. (2018). <a href=\"https:\/\/ddd.uab.cat\/record\/189156\">Desarrollo de la mirada profesional sobre la argumentaci\u00f3n cient\u00edfica en el aula de secundaria<\/a>.&nbsp;<em>Revista Complutense de Educaci\u00f3n,&nbsp;<\/em>29, 559-576.<a href=\"https:\/\/ddd.uab.cat\/record\/189156\">https:\/\/ddd.uab.cat\/record\/189156<\/a><\/p>\n\n\n\n<p>Pedreira, M.; M\u00e1rquez, C. (2018). <a href=\"https:\/\/www.ase.org.uk\/journals\/journal-of-emergent-science\/\">Enabling positive experiences in an informal learning environment for the youngest ages.<\/a>&nbsp;<em>Journal of Emergent Science (JES). 14,<\/em> 6-15. <a href=\"https:\/\/ddd.uab.cat\/record\/187282\">https:\/\/ddd.uab.cat\/record\/18728<\/a><\/p>\n\n\n\n<p>Sanmart\u00ed, N., M\u00e1rquez, C. (2017). <a href=\"http:\/\/gent.uab.cat\/conxitamarquez\/sites\/gent.uab.cat.conxitamarquez\/files\/2020-6503-6-pb.pdf\">Aprendizaje de las ciencias basado en proyectos: del contexto a la acci\u00f3n<\/a>. \u00c1pice.<\/p>\n\n\n\n<p>da Silva, M. G. L., M\u00e1rquez, C.; Oliveras, B. (2017).<a href=\"http:\/\/gent.uab.cat\/conxitamarquez\/sites\/gent.uab.cat.conxitamarquez\/files\/161715_2017_para_revisao_de_provas_autores_2.pdf\"> An\u00e1lisis de las dificultades de futuros profesores de qu\u00edmica al leer cr\u00edticamente un art\u00edculo de prensa<\/a>. <em>Educa\u00e7ao e Pesquisa<\/em>.&nbsp;<em>43<\/em>, 535\u2013552.<\/p>\n\n\n\n<p>Bach, J., &amp; M\u00e1rquez, C. (2017). <a href=\"http:\/\/www.raco.cat\/index.php\/ECT\/article\/view\/330135\">El estudio de los fen\u00f3menos geol\u00f3gicos desde una perspectiva sist\u00e9mica.<\/a> <em>Ense\u00f1anza Ciencias de La Tierra<\/em>, <em>25<\/em>(3), 302\u2013309.<\/p>\n\n\n\n<p>Alfaro, P., \u00c1lvarez, R., Bach, J., Bergillos, P.; Brusi, D.; Caama\u00f1o, A.; Calonge, A.; Calvo, V.; Fern\u00e1ndez, E.; Fuentes, S.; Fuertes, I.; Garc\u00eda de la Torre, E.; Gil, C. Gonz\u00e1lez, M.; Holgu\u00edn, A. L\u00f3pez-Gay, R.; M\u00e1rquez, C.; Morcillo, J.C.; Sequeiros, L.; Valdivia, J. &amp; Vegas, J. (2017). <a href=\"http:\/\/www.raco.cat\/index.php\/ECT\/article\/view\/330131\/420941\">Emilio Pedrinaci, un compromiso educativo con las ciencias de la Tierra.<\/a> <em>Ense\u00f1anza Ciencias de La Tierra<\/em>, <em>25<\/em>(2), 261\u2013273.<\/p>\n\n\n\n<p>M\u00e1rquez, C.; Art\u00e9s, M. (2016). <a href=\"http:\/\/gent.uab.cat\/conxitamarquez\/sites\/gent.uab.cat.conxitamarquez\/files\/propuesta_de_analisis_de_representaciones_sobre_el_modelo_cambio_geologico_del_alumnado_del_grado_de_educacion_primaria.pdf\" target=\"_blank\" rel=\"noopener\">Propuesta de an\u00e1lisis de representaciones sobre el modelo cambio geol\u00f3gico del alumnado del grado de educaci\u00f3n primaria<\/a>. <em>Ense\u00f1anza Ciencias de La Tierra<\/em>, <em>24<\/em> (2), 169\u2013181.<\/p>\n\n\n\n<p>Ruiz, F. J,; M\u00e1rquez, C.; Tamayo, O. (2015) <a href=\"http:\/\/gent.uab.cat\/conxitamarquez\/sites\/gent.uab.cat.conxitamarquez\/files\/Ruiz,%20Tamayo;%20M\u00e1rquez%20(2015).pdf\" target=\"_blank\" rel=\"noopener\">La argumentaci\u00f3n en clase de ciencias, un modelo para su ense\u00f1anza.<\/a>&nbsp;<em>Educa\u00e7ao e Pesquisa,&nbsp;<\/em>Vol. 41, No. 3, 629-646.&nbsp;<\/p>\n\n\n\n<p>Custodio, E; M\u00e1rquez, C.; Sanmart\u00ed, N. (2015)&nbsp; <a href=\"\/\/gent.uab.cat\/conxitamarquez\/sites\/gent.uab.cat.conxitamarquez\/files\/Custodio%20(2015)%20Aprender%20a%20justificar%20pdf.pdf\" target=\"_blank\" rel=\"noopener\">Aprender a justificar cient\u00edficamente a partir del estudio del origen de los seres vivos.<\/a> <em>Ense\u00f1anza de las ciencias, <\/em>Vol. 33, No. 2, 133-155.<\/p>\n\n\n\n<p>Dom\u00e8nech, A.M.; M\u00e1rquez, C.; Roca, Tort.; Marb\u00e0, A. (2015) <a href=\"http:\/\/gent.uab.cat\/conxitamarquez\/sites\/gent.uab.cat.conxitamarquez\/files\/anama_ense\u00f1anza.pdf\" target=\"_blank\" rel=\"noopener\">La medicalizaci\u00f3n de la sociedad, un contexto para promover el desarrollo y uso de conocimientos cient\u00edficos sobre el cuerpo humano.<\/a>&nbsp;<em>Ense\u00f1anza de las ciencias,&nbsp;<\/em>Vol. 33, No. 1, 101-125.<\/p>\n\n\n\n<p>Ruiz, F. J.; M\u00e1rquez, C.; Tamayo, O. (2014) <a href=\"http:\/\/gent.uab.cat\/conxitamarquez\/sites\/gent.uab.cat.conxitamarquez\/files\/Ruiz,%20Tamayo,%20M\u00e1rquez%20(2014).pdf\" target=\"_blank\" rel=\"noopener\">Cambio en las concepciones de los docentes sobre la argumentaci\u00f3n y su desarrollo en clase de ciencias.<\/a> <em>Ense\u00f1anza de las ciencias, <\/em>Vol. 32, No. 3, 53-70.<\/p>\n\n\n\n<p>Sard\u00e0, A.; M\u00e1rquez, C.; Sanmart\u00ed, N. (2014) <a href=\"http:\/\/gent.uab.cat\/conxitamarquez\/sites\/gent.uab.cat.conxitamarquez\/files\/characteristics%20of.pdf\" target=\"_blank\" rel=\"noopener\">Characteristics of teachers\u2019 support on learning: a case study<\/a>. <em>European Journal of Science and Mathematics Education<\/em> Vol. 2, No.1, 15-26<\/p>\n\n\n\n<p>Oliveras, B; M\u00e1rquez, C; Sanmart\u00ed, N. (2014).<a href=\"http:\/\/gent.uab.cat\/conxitamarquez\/sites\/gent.uab.cat.conxitamarquez\/files\/article%20bego%20ultim.pdf\" target=\"_blank\" rel=\"noopener\"> Students\u2019 attitudes to information in the press: critical reading of a newspaper article with scientific content.<\/a> <em>Research in Science Education<\/em>. 44 (4), 603-626<\/p>\n\n\n\n<p>Oliveras, B., M\u00e1rquez, C., &amp; Sanmart\u00ed, N. (2013). <a href=\"http:\/\/gent.uab.cat\/conxitamarquez\/sites\/gent.uab.cat.conxitamarquez\/files\/the_use_of_newspaper_articles_as_a_tool_to_develop_critical_thinking_in_science_classes.pdf\">The Use of Newspaper Articles as a Tool to Develop Critical Thinking in Science Classes<\/a>. <em>International Journal of Science Education<\/em>, <em>35<\/em>(6), 885\u2013905. https:\/\/doi.org\/10.1080\/09500693.2011.586736<\/p>\n\n\n\n<p>Roca, M.; M\u00e1rquez, C.; Sanmart\u00ed, N. (2013) <a href=\"http:\/\/gent.uab.cat\/conxitamarquez\/sites\/gent.uab.cat.conxitamarquez\/files\/La%20preguntas%20de%20los%20alumnos_0.pdf\" target=\"_blank\" rel=\"noopener\">Las preguntas de los alumnos: Una propuesta de an\u00e1lisis<\/a>. Ense\u00f1anza de las Ciencias, 31, 1, 95-114 [ISNN: 0212-4521]<\/p>\n\n\n\n<p>Ruiz, F. J.; M\u00e1rquez, C.; Tamayo, O. (2012). <a href=\"http:\/\/gent.uab.cat\/conxitamarquez\/sites\/gent.uab.cat.conxitamarquez\/files\/2109-5140-1-sm.pdf\" target=\"_blank\" rel=\"noopener\">Los episodios argumentativos y las preguntas, como indicadores de procesos argumentativos en ciencias<\/a><em>. <\/em><em>Revista EDUCyT<em>,<\/em>&nbsp;<\/em>Vol. Extraordinario, 229-244. [ISSN: 2215-8227]<\/p>\n\n\n\n<p>Bonil, J.; M\u00e1rquez, C. (2011) <a href=\"\/\/gent.uab.cat\/conxitamarquez\/sites\/gent.uab.cat.conxitamarquez\/files\/que%20experiencias%20manifiestan%20los%20futuros%20maestros%20sobre%20las%20clases%20de%20ciencias.pdf\" target=\"_blank\" rel=\"noopener\">\u00bfQu\u00e9 experiencias manifiestan los futuros maestros sobre las clases de ciencias? Implicaciones para su formaci\u00f3n.<\/a> <em>Revista de Educaci\u00f3n, <\/em>354, 447-472 [ISNN: 0034-8082]<\/p>\n\n\n\n<p>Marb\u00e0, A.; M\u00e1rquez, C. (2010) <a href=\"\/\/gent.uab.cat\/conxitamarquez\/sites\/gent.uab.cat.conxitamarquez\/files\/que%20opinan%20los%20estudiantes%20de%20las%20clases%20de%20ciencias.pdf\" target=\"_blank\" rel=\"noopener\">\u00bfQu\u00e9 opinan los estudiantes de las clases de ciencias? Un estudio transversal de sexto de primaria a cuarto de ESO.<\/a> <em>Ense\u00f1anza de las ciencias, <\/em>28 (1), 19-30. [ISNN: 0212-4521]<\/p>\n\n\n\n<p>Izquierdo, M.; M\u00e1rquez, C.; Gouvea, G. (2008) <a href=\"\/\/gent.uab.cat\/conxitamarquez\/sites\/gent.uab.cat.conxitamarquez\/files\/A%20proposal%20for%20textbooks%20analysis.pdf\" target=\"_blank\" rel=\"noopener\">A Proposal for Textbooks Analysis: Rhetorical Structures.<\/a> <em>Science Education International<\/em>, 19 (2), 209-218.&nbsp; [ISNN: 1450-104X]<\/p>\n\n\n\n<p>M\u00e1rquez, C.; Izquierdo, M.; Espinet, M. (2006) <a href=\"http:\/\/gent.uab.cat\/conxitamarquez\/sites\/gent.uab.cat.conxitamarquez\/files\/Multimodal%20science%20teachers%27%20discourse%20in%20modeling%20the%20water%20cycle.pdf\" target=\"_blank\" rel=\"noopener\">Multimodal Science Teachers&#8217; Discourse in Modelling the Water Cycle.<\/a> <em>Science Education, <\/em>90 (2), 202-226. [DOI:&nbsp;10.1002\/sce.20100]<\/p>\n\n\n\n<p>M\u00e1rquez, C.; Prat, A. (2005) <a href=\"http:\/\/gent.uab.cat\/conxitamarquez\/sites\/gent.uab.cat.conxitamarquez\/files\/leer%20en%20clase%20de%20ciencias.pdf\" target=\"_blank\" rel=\"noopener\">Leer en clase de ciencias.<\/a> <em>Ense\u00f1anza de las ciencias, <\/em>23 (3), 431-440. [ISSN 0212-4521]<\/p>\n\n\n\n<p>M\u00e1rquez, C.; Izquierdo, M.; Espinet, M. (2003) <a href=\"http:\/\/gent.uab.cat\/conxitamarquez\/sites\/gent.uab.cat.conxitamarquez\/files\/Comunicaci%C3%B3n%20multimodal%20en%20la%20clase%20de%20ciencias%20el%20ciclo%20del%20agua.pdf\" target=\"_blank\" rel=\"noopener\">Comunicaci\u00f3n multimodal en la clase de ciencias: el ciclo del agua.<\/a><em> Ense\u00f1anza de las ciencias, <\/em>21(3), 371-386. [ISSN 0212-4521]<\/p>\n\n\n\n<h2 class=\"wp-block-heading\"><strong>Popular science articles: <\/strong><\/h2>\n\n\n\n<p>Carb\u00f3, V.; M\u00e1rquez, C. (2021). Aprendizaje STEAM, miradas y vinculos, <em>Aula de Innovaci\u00f3n educativa<\/em>, 306, 71-73<\/p>\n\n\n\n<p>Carb\u00f3, V.; M\u00e1rquez, C. (2021). Aprenentatge STEAM, mirades i vincle. <em>Guix. Elements d&#8217;Acci\u00f3 educativa<\/em>, 479.<\/p>\n\n\n\n<p>Oliveras, B.; M\u00e1rquez, C.(2020). <a href=\"https:\/\/drive.google.com\/file\/d\/1VJTsbGGAc3MJ5EwkgDKZwibUU2DS2FPz\/view\">Pensament i educaci\u00f3: Reptes i oportunitats en temps de pand\u00e8mia.<\/a> <em>Di\u00e0legs <\/em>1, 42-45. &nbsp;<a href=\"https:\/\/ddd.uab.cat\/record\/236437\" target=\"_blank\" rel=\"noopener noreferrer\">https:\/\/ddd.uab.cat\/record\/236437<\/a><\/p>\n\n\n\n<p>Izquierdo, M.; P\u00e9rez- Torres, M.; M\u00e1rquez, C. (2020). La presencia CTS en los Congresos Internacionales de Investigaci\u00f3n en Did\u00e1ctica de las Ciencias. Indicios de una evoluci\u00f3n enriquecedora. Boletin AIA. CTYS n\u00ba 12. gener 2020<\/p>\n\n\n\n<p>Vil\u00e0, N.; M\u00e1rquez,C.; Noguerol, A. (2019). Amics i companys de l&#8217;\u00c0ngels a la UAB. <em>Perspectiva Escolar<\/em>. 405, 62-63. &nbsp;<a href=\"https:\/\/ddd.uab.cat\/record\/204660\">https:\/\/ddd.uab.cat\/record\/204660<\/a><\/p>\n\n\n\n<p>Badillo, E.; M\u00e1rquez, C. (2019). Una mirada gratificante hacia la evaluaci\u00f3n de los aprendizajes.\u00a0<em>UNO-Revista de Did\u00e1ctica de las Matem\u00e1ticas, 86,<\/em>\u00a01-5.<\/p>\n\n\n\n<p>Badillo, E.; M\u00e1rquez, C. (2018). Oportunidades y retos para conectar las matem\u00e1ticas y las ciencias en el aula.\u00a0<em>UNO-Revista de Did\u00e1ctica de las Matem\u00e1ticas, 81, 1-5.<\/em><\/p>\n\n\n\n<p>Badillo, E.; Couso.; M\u00e1rquez, C.; Mart\u00ednez, N. (2018). Llegint un \u00e0lbum il\u00b7lustrat\u00a0 per expressar el model Terra. <em>Guix. Elements d&#8217;acci\u00f3 educativa<\/em>, 450, 32-37. https:\/\/ddd.uab.cat\/record\/199900<\/p>\n\n\n\n<p>Mar\u00edn, A.; Mart\u00ed, L.; Badillo, E.; M\u00e1rquez, C. (2018). Instrumentos de evaluaci\u00f3n que favorecen el establecimiento de conexiones en el aula. <em>UNO-Revista de Did\u00e1ctica de las Matem\u00e1ticas, <\/em>77<\/p>\n\n\n\n<p>Oliveras, B.; M\u00e1rquez, C. (2018). <a href=\"https:\/\/dialnet.unirioja.es\/servlet\/articulo?codigo=6344240\">Aprendre a pensar cr\u00edticament en situacions on la ci\u00e8ncia hi \u00e9s present.<\/a> <em>Perspectiva Escolar, <\/em>398, 33-37. [ISSN&nbsp;0210-2331]<\/p>\n\n\n\n<p>Mart\u00ed, L.; Mar\u00edn, A.; M\u00e1rquez, C.; Badillo, E.; Cuadras, L. (2018). <a href=\"https:\/\/dialnet.unirioja.es\/servlet\/articulo?codigo=6372184\">Un problema de conills. L\u2019\u00e0lbum il\u00b7lustrat per establir connexions entre matem\u00e0tiques i ci\u00e8ncies<\/a>. <em>Revista GUIX. Elements d&#8217;acci\u00f3 educativa<\/em>, 443, 69-74<\/p>\n\n\n\n<p>Mart\u00ed, L.; Mar\u00edn, A.; M\u00e1rquez, C.; Badillo, E.; Cuadras, L. (2018). <a href=\"https:\/\/dialnet.unirioja.es\/servlet\/articulo?codigo=6361216\">Un problema de conejos. El \u00e1lbum ilustrado para establecer conexiones entre matem\u00e1ticas y ciencias.<\/a>&nbsp;<em>Aula de Innovaci\u00f3 Educativa,&nbsp;<\/em>270, 69-74<\/p>\n\n\n\n<p>Pau, I., M\u00e1rquez, C., &amp; Marb\u00e0, A. (2017). <a href=\"http:\/\/gent.uab.cat\/conxitamarquez\/sites\/gent.uab.cat.conxitamarquez\/files\/pau_marquez_marba_2017.pdf\">Acercar la ciencia a los j\u00f3venes a trav\u00e9s de novelas de ficci\u00f3n realista<\/a>. Aula de Secundaria, 23, 40\u201343.<\/p>\n\n\n\n<p>Ruiz,&nbsp;F. J.; Rodas,&nbsp;J.&nbsp;M.;&nbsp;M\u00e1rquez,&nbsp;C.;&nbsp;Badillo,&nbsp;E. (2016).&nbsp;<a href=\"http:\/\/gent.uab.cat\/conxitamarquez\/sites\/gent.uab.cat.conxitamarquez\/files\/el_video_clip_una_herramienta_para_focalizar_aspectos_fundamentales_de_la_argumentacion_cientifica_en_el_aula.pdf\">El video clip una herramienta para focalizar aspectos fundamentales de la argumentaci\u00f3n cient\u00edfica en el aula<\/a>.&nbsp;<em>Revista Tecn\u00e9, Episteme y Didaxis: TED<\/em>, N\u00famero Extraordinario,&nbsp;822-829.<\/p>\n\n\n\n<p>Pedreira, M., &amp; M\u00e1rquez, C. (2016). <a href=\"http:\/\/gent.uab.cat\/conxitamarquez\/sites\/gent.uab.cat.conxitamarquez\/files\/Pedreira,%20M\u00e1rquez%20(2016).pdf\" target=\"_blank\" rel=\"noopener\">Espacios generadores de conocimiento<\/a>.&nbsp;<em>Cuadernos de Pedagogia<\/em>,&nbsp;<em>466<\/em>, 46\u201349.<\/p>\n\n\n\n<p>Palou, J.; M\u00e1rquez, C.&nbsp;(2016). <a href=\"http:\/\/www.cuadernosdepedagogia.com\/content\/Experiencia.aspx?params=H4sIAAAAAAAEAMtMSbENqShxrShILcpMzUvOTCxWK0otyC_OLMkvqgxILMmwLS5JLMlMVksuyLTNzA0oMlY1TgTTQJEUuIhnkXaiNrIpALTkpCtZAAAAWKE\">\u00bfQu\u00e9 es un dato?.&nbsp;Un proyecto de investigaci\u00f3n paso a paso<\/a><em><a href=\"http:\/\/www.cuadernosdepedagogia.com\/content\/Experiencia.aspx?params=H4sIAAAAAAAEAMtMSbENqShxrShILcpMzUvOTCxWK0otyC_OLMkvqgxILMmwLS5JLMlMVksuyLTNzA0oMlY1TgTTQJEUuIhnkXaiNrIpALTkpCtZAAAAWKE\">.<\/a> Cuadernos de Pedagog\u00eda. <\/em>Gener, 2016.<\/p>\n\n\n\n<p>M\u00e1rquez, C.; Palou, J. (2016). <a href=\"http:\/\/www.cuadernosdepedagogia.com\/content\/Experiencia.aspx?params=H4sIAAAAAAAEAMtMSbENqShxrShILcpMzUvOTCxWK0otyC_OLMkvqgxILMmwLS5JLMlMVksuyLTNzA0oMlY1TgTTQJEUuIhnkXaiNrIpALTkpCtZAAAAWKE\">Difusi\u00f3n de la investigaci\u00f3n. Un proyecto de investigaci\u00f3n paso a paso.<\/a> <em>Cuadernos de Pedagog\u00eda.<\/em> Novembre, 2016.<\/p>\n\n\n\n<p>Couso, D., &amp; M\u00e1rquez, C. (2016). <a href=\"\/\/gent.uab.cat\/conxitamarquez\/sites\/gent.uab.cat.conxitamarquez\/files\/Couso_M\u00e1rquez_Aula_2016.pdf\" target=\"_blank\" rel=\"noopener\">\u00bfQu\u00e9 ense\u00f1ar y aprender sobre luz\u202f? Mapa de progreso para el aula<\/a>.&nbsp;<em>Aula<\/em>, (249), 14\u201319.<\/p>\n\n\n\n<p>Couso, D., &amp; M\u00e1rquez, C. (2016). <a href=\"http:\/\/gent.uab.cat\/conxitamarquez\/sites\/gent.uab.cat.conxitamarquez\/files\/Couso_M\u00e1rquez_Guix_2016.pdf\" target=\"_blank\" rel=\"noopener\">Qu\u00e8 podem ensenyar i aprendre sobre llum\u202f? Mapa de progr\u00e9s per a l\u2019aula.<\/a> <em>Guix<\/em>,&nbsp;<em>422<\/em>, 14\u201319.<\/p>\n\n\n\n<p>Pedreira, M., &amp; M\u00e1rquez, C. (2015). <a href=\"http:\/\/gent.uab.cat\/conxitamarquez\/sites\/gent.uab.cat.conxitamarquez\/files\/Pedreira,%20M\u00e1rquez%20(2015).pdf\" target=\"_blank\" rel=\"noopener\">Puc tocar? An\u00e1lisis de una propuesta educativa 0-6 en un museo de ciencias.<\/a> <em>Revista de Museologia<\/em>, <em>64<\/em>, 64\u201372.<\/p>\n\n\n\n<p>Palou, J.; M\u00e1rquez, C. (2015) <a href=\"http:\/\/gent.uab.cat\/conxitamarquez\/sites\/gent.uab.cat.conxitamarquez\/files\/Precisar_los_prop\u00f3sitos_de_la_investigaci\u00f3n_.pdf\" target=\"_blank\" rel=\"noopener\">Precisar los prop\u00f3sitos de la investigaci\u00f3n.<\/a> Cuadernos de Pedagog\u00eda. Junio 2015.&nbsp;[ISNN: 2386-6322]<\/p>\n\n\n\n<p>M\u00e1rquez, C.; Palou, J. (2015) <a href=\"\/\/gent.uab.cat\/conxitamarquez\/sites\/gent.uab.cat.conxitamarquez\/files\/Construir_un_interrogante.pdf\" target=\"_blank\" rel=\"noopener\">Construir un interrogante.<\/a> Cuadernos de Pedagog\u00eda, Mayo 2015. [ISNN: 2386-6322]<\/p>\n\n\n\n<p>Nebot, M. R. ; M\u00e1rquez, C. (2014) <a href=\"http:\/\/www.grao.com\/revistas\/alambique\/077-el-planeta-del-agua\/el-ciclo-del-agua-en-el-laboratorio-una-propuesta-de-modelizacion\" target=\"_blank\" rel=\"noopener\">El ciclo del agua en el laboratorio. Una propuesta de modelizaci\u00f3n<\/a>. <em>Alambique Did\u00e1ctica de las Ciencias Experimentales<\/em> 77, 17-24.<\/p>\n\n\n\n<p>Dom\u00e8nech, A. M; M\u00e1rquez, C. (2014) <a href=\"http:\/\/gent.uab.cat\/conxitamarquez\/sites\/gent.uab.cat.conxitamarquez\/files\/domenech_2014.pdf\" target=\"_parent\" rel=\"noopener\">\u00bfC\u00f3mo justifican los alumnos el desacuerdo cient\u00edfico relacionado con una controversia socio-cient\u00edfica? El caso de la reintroducci\u00f3n del oso en los Pirineos<\/a> <em>Revista Eureka sobre Ense\u00f1anza y Divulgaci\u00f3n de las Ciencias<\/em> 11(3), 303-319.<\/p>\n\n\n\n<p>Ferran,N.; Levrero, G.; M\u00e1rquez, C. (2014)&nbsp; <a href=\"\/\/gent.uab.cat\/conxitamarquez\/sites\/gent.uab.cat.conxitamarquez\/files\/ciencies_027_p26_Albums.pdf\" target=\"_blank\" rel=\"noopener\">\u00c0lbums il\u00b7lustrats a la classe de ci\u00e8ncies. Criteris per a la selecci\u00f3.<\/a> <em>Ci\u00e8ncies, 27, <\/em>26-33<em>. <\/em><\/p>\n\n\n\n<p>Izquierdo, M; M\u00e1rquez, C.<em> (2013). <\/em><a href=\"\/\/gent.uab.cat\/conxitamarquez\/sites\/gent.uab.cat.conxitamarquez\/files\/ciencies%2012_15_2013.pdf\" target=\"_blank\" rel=\"noopener\">Projecte curricular \u201cCompet\u00e8ncies de Pensament cient\u00edfic. Ci\u00e8ncies 12-15.<\/a>\u201d<em> <em>Ci\u00e8ncies<\/em>, <\/em>26 , 50-51<\/p>\n\n\n\n<p>Dom\u00e8nech, A.; M\u00e1rquez, C. (2013) <a href=\"\/\/gent.uab.cat\/conxitamarquez\/sites\/gent.uab.cat.conxitamarquez\/files\/anama.pdf\" target=\"_blank\" rel=\"noopener\">Construint la visi\u00f3 sist\u00e8mica del cos hum\u00e0 a partir de la lectura cr\u00edtica d&#8217;una controv\u00e8rsia socio-cient\u00edfica<\/a> <em>Ci\u00e8ncies, <\/em>24, 26-32. [ISSN 1699-6712]<\/p>\n\n\n\n<p>M\u00e1rquez, C.; Prat, A. (2012)&nbsp;<a href=\"\/\/gent.uab.cat\/conxitamarquez\/sites\/gent.uab.cat.conxitamarquez\/files\/aproximaci%C3%B3%20a%20l%27estudi%20dels%20minerals.pdf\" target=\"_blank\" rel=\"noopener\">Aproximaci\u00f3 a l&#8217;estudi dels minerals a Cicle Inicial i Mitj\u00e0.<\/a>&nbsp;<em>Perspectiva Escolar,&nbsp;<\/em>362, 20-27. [ISSN: 0210-2331]<\/p>\n\n\n\n<p>Oliveras, B.; M\u00e1rquez, C.; Sanmart\u00ed, N. (2012) <a href=\"\/\/gent.uab.cat\/conxitamarquez\/sites\/gent.uab.cat.conxitamarquez\/files\/aprender%20a%20leer%20criticamente%20la%20polemica%20de%20los%20banyadores%20speedo.pdf\" target=\"_blank\" rel=\"noopener\">Aprender a leer cr\u00edticamente: La pol\u00e9mica por los ba\u00f1adores Speedo.<\/a> <em>Alambique,<\/em> 70, 37-45. [ISSN:1133-9837]<\/p>\n\n\n\n<p>Sanmart\u00ed, N.; M\u00e1rquez, C. (2012) <a href=\"http:\/\/gent.uab.cat\/conxitamarquez\/sites\/gent.uab.cat.conxitamarquez\/files\/Ense%C3%B1ar%20a%20plantear%20preguntas%20investigables.pdf\" target=\"_blank\" rel=\"noopener\">Ense\u00f1ar a plantear preguntas investigables<\/a>. <em>Alambique,<\/em> 70, 27-36. [ISSN: 1133-9837]<\/p>\n\n\n\n<p>Pedreira, M.; M\u00e1rquez, C. (2011) <a href=\"http:\/\/gent.uab.cat\/conxitamarquez\/sites\/gent.uab.cat.conxitamarquez\/files\/per%20qu%C3%A8%20insistim%20a%20conversar%20per%20aprendre%20ciencies.pdf\" target=\"_blank\" rel=\"noopener\">Per qu\u00e8 insistim a conversar per aprendre ci\u00e8ncies?<\/a> <em>Articles. De Did\u00e0cica de la Llengua i la Literatura, <\/em>54, 29-36. [ISSN: 1133-9845]<\/p>\n\n\n\n<p>Chivite, J.; M\u00e1rquez, C. (2010) <a href=\"http:\/\/gent.uab.cat\/conxitamarquez\/sites\/gent.uab.cat.conxitamarquez\/files\/com%20influencia%20la%20temperatura%20en%20el%20creixement%20de%20les%20hortalisses%20en%20un%20hivernacle.pdf\" target=\"_blank\" rel=\"noopener\">Com influencia la temperatura en el creixement de les hortalisses en un hivernacle<\/a>.<em>Ci\u00e8ncies, <\/em>17, 1-6. [ISSN 16996712]<\/p>\n\n\n\n<p>Deulofeu, J.; M\u00e1rquez, C.; Sanmart\u00ed, N. (2010) <a href=\"\/\/gent.uab.cat\/conxitamarquez\/sites\/gent.uab.cat.conxitamarquez\/files\/formar%20profesores%20de%20secundaria.pdf\" target=\"_blank\" rel=\"noopener\">Formar Profesores de Secundaria. La experiencia de la Universitat Aut\u00f2noma de Barcelona.<\/a> <em>Cuadernos de Pedagog\u00eda,&nbsp;<\/em>404, 80-84. [ISSN: 0210-0630]<\/p>\n\n\n\n<p>M\u00e1rquez, C.; Prat, A. (2010) <a href=\"\/\/gent.uab.cat\/conxitamarquez\/sites\/gent.uab.cat.conxitamarquez\/files\/favorecer%20la%20argumentaci%C3%B3n%20a%20partir%20de%20la%20lectura%20de%20textos.pdf\" target=\"_blank\" rel=\"noopener\">Favorecer la argumentaci\u00f3n a partir de la lectura de textos.<\/a> <em>Alambique, <\/em>63, 39-49. [ISSN: 1133-9837]<\/p>\n\n\n\n<p>M\u00e1rquez, C.; Vilalta, D. (2009)&nbsp;<a href=\"http:\/\/gent.uab.cat\/conxitamarquez\/sites\/gent.uab.cat.conxitamarquez\/files\/conversar....pdf\" target=\"_blank\" rel=\"noopener\">Conversar..<\/a><em><a href=\"http:\/\/gent.uab.cat\/conxitamarquez\/sites\/gent.uab.cat.conxitamarquez\/files\/conversar....pdf\" target=\"_blank\" rel=\"noopener\">.&nbsp;<\/a>Perspectiva escolar,<\/em>&nbsp;331&nbsp;[ISSN: 0210-2331]<\/p>\n\n\n\n<p>M\u00e1rquez, C.; Sard\u00e0, A. (2009) <a href=\"http:\/\/gent.uab.cat\/conxitamarquez\/sites\/gent.uab.cat.conxitamarquez\/files\/evaluar%20la%20competencia%20cientifica.pdf\" target=\"_blank\" rel=\"noopener\">Evaluar la competencia cient\u00edfica.<\/a> <em>Aula de Innovaci\u00f3n educativa, <\/em>186, 13-15. [ISSN: 1131995X]<\/p>\n\n\n\n<p>Guiu, M.; M\u00e1rquez, C. (2009) <a href=\"http:\/\/gent.uab.cat\/conxitamarquez\/sites\/gent.uab.cat.conxitamarquez\/files\/C%C3%B2dols,barrancs%20i%20aigua.pdf\" target=\"_blank\" rel=\"noopener\">Els c\u00f2dols del barranc i l&#8217;aigua.<\/a>&nbsp;<em>Perspectiva Escolar, <\/em>339, 15-22. [ISSN: 0210-2331]<\/p>\n\n\n\n<p>M\u00e1rquez, C.; Roca, M.; Sanmart\u00ed, N. (2009) <a href=\"http:\/\/gent.uab.cat\/conxitamarquez\/sites\/gent.uab.cat.conxitamarquez\/files\/Investigar%20en%20el%20campo%20de%20la%20did%C3%A1ctica%20de%20las%20ciencias.pdf\" target=\"_blank\" rel=\"noopener\">Investigar en el campo de la Did\u00e1ctica de las Ciencias: \u00bfPara qu\u00e9? \u00bfC\u00f3mo? <\/a><em>Investigaci\u00f3n en la Escuela,<\/em> 69, 31-43.&nbsp; [ISSN:02137771]<\/p>\n\n\n\n<p>Marb\u00e0, A.; M\u00e1rquez, C.; Sanmart\u00ed, N. (2009) <a href=\"\/\/gent.uab.cat\/conxitamarquez\/sites\/gent.uab.cat.conxitamarquez\/files\/que%20implica%20leer%20en%20clase%20de%20ciencias.pdf\" target=\"_blank\" rel=\"noopener\">\u00bfQu\u00e9 implica leer en clase de ciencias?<\/a> Reflexiones y propuestas.&nbsp;<em>Alambique,<\/em> 59, 102-11. [ISSN:1133-9837]<\/p>\n\n\n\n<p>M\u00e1rquez, C.; Prat, A.; Marb\u00e0, A. (2009) <a href=\"\/\/gent.uab.cat\/conxitamarquez\/sites\/gent.uab.cat.conxitamarquez\/files\/els%20textos%20de%20ciencia%20tenen%20ideologia.pdf\" target=\"_blank\" rel=\"noopener\">Els textos de ci\u00e8ncia tenen ideologia.<\/a> <em>Ci\u00e8ncies, <\/em>12, 15-18. [ISSN 16996712]<\/p>\n\n\n\n<p>Paz, V.; M\u00e1rquez, C.; Ad\u00fariz-Bravo, A. (2008) <a href=\"\/\/gent.uab.cat\/conxitamarquez\/sites\/gent.uab.cat.conxitamarquez\/files\/analisis%20de%20un%20actividad%20cientifica%20escolar%20dise%C3%B1ada%20para%20ense%C3%B1ar.pdf\" target=\"_blank\" rel=\"noopener\">An\u00e1lisis de una actividad cient\u00edfica escolar dise\u00f1ada para ense\u00f1ar que hacen los cient\u00edficos y la funci\u00f3n de nutrici\u00f3n en el modelo de ser vivo.<\/a> <em>Revista Latinoamericana de Estudios Educativos,<\/em>4(2), 11-28. [ISSN: 1900-9895]<\/p>\n\n\n\n<p>Sard\u00e0, A.; M\u00e1rquez, C. (2008) <a href=\"\/\/gent.uab.cat\/conxitamarquez\/sites\/gent.uab.cat.conxitamarquez\/files\/el%20uso%20de%20maquetas%20en%20el%20proceso%20de%20ense%C3%B1anza%20aprendizajes%20del%20sistema%20nervioso.pdf\" target=\"_blank\" rel=\"noopener\">El uso de maquetas en el proceso de ense\u00f1anza-aprendizaje del sistema nervioso.<\/a> <em>Alambique,<\/em> 58, 67-76. [ISSN:1133-9837]<\/p>\n\n\n\n<p>M\u00e1rquez, C.; Bach, J. (2008) <a href=\"http:\/\/gent.uab.cat\/conxitamarquez\/sites\/gent.uab.cat.conxitamarquez\/files\/Una%20propuesta%20de%20analisis%20de%20las%20representaciones%20de%20los%20alumnos%20sobre%20el%20ciclo%20del%20agua.pdf\" target=\"_blank\" rel=\"noopener\">Una propuesta de an\u00e1lisis de las representaciones de los alumnos sobre el ciclo del agua. <\/a><em>Ense\u00f1anza de las Ciencias de la Tierra,&nbsp;<\/em>15(3), 280-286. [ISSN: 11329157]<\/p>\n\n\n\n<p>Prat, A.; M\u00e1rquez, C.; Marb\u00e0, A. (2008) <a href=\"http:\/\/gent.uab.cat\/conxitamarquez\/sites\/gent.uab.cat.conxitamarquez\/files\/literacitat%20cient%C3%ADfica%20i%20educaci%C3%B3.pdf\" target=\"_blank\" rel=\"noopener\">Literacitat Cient\u00edfica i lectura.<\/a> <em>Temps d&#8217;Educaci\u00f3, <\/em>34, 67-82. [ISSN: 2014-7627]<\/p>\n\n\n\n<p>Prat, A.; M\u00e1rquez, C. (2008) <a href=\"\/\/gent.uab.cat\/conxitamarquez\/sites\/gent.uab.cat.conxitamarquez\/files\/les%20recerques%20a%20internet%20m%C3%A9s%20que%20saber%20llegir.pdf\" target=\"_blank\" rel=\"noopener\">Les recerques a Internet: m\u00e9s que saber llegir.<\/a> <em>Articles de Did\u00e0ctica de la Llengua i la Literatura, <\/em>44, 20-29. [ISSN: 1133-9845]<\/p>\n\n\n\n<p>Marb\u00e0, A.; M\u00e0rquez, C. (2007) <a href=\"http:\/\/gent.uab.cat\/conxitamarquez\/sites\/gent.uab.cat.conxitamarquez\/files\/leer%20ciencias%20para%20aprender%20ciencias.pdf\" target=\"_blank\" rel=\"noopener\">Leer ciencias para aprender ciencias.<\/a> Reflexiones y propuestas. <em>Aula de Innovaci\u00f3n educativa, <\/em>165, 54-57. [ISSN: 1131-995X]<\/p>\n\n\n\n<p>Izquierdo, M.; M\u00e1rquez, C.; Gouv\u00eaa, G. (2006) <a href=\"http:\/\/gent.uab.cat\/conxitamarquez\/sites\/gent.uab.cat.conxitamarquez\/files\/la%20funcion%20retorica%20de%20las%20narraciones%20experimentales%20en%20los%20libros%20de%20ciencias.pdf\" target=\"_blank\" rel=\"noopener\">La funci\u00f3n ret\u00f3rica de las narraciones experimentales en los libros de Ciencias. Presentaci\u00f3n de una pauta de an\u00e0lisis. <\/a><em>Revista Brasileira de Pesquisa em Educa\u00e7\u00e3o em Ci\u00eancias,&nbsp;<\/em>6 (2), 1-14. [ISSN: 1806-5104]<\/p>\n\n\n\n<p>M\u00e1rquez Bargall\u00f3, C.; Roca Tort, M. (2006) <a href=\"http:\/\/gent.uab.cat\/conxitamarquez\/sites\/gent.uab.cat.conxitamarquez\/files\/plantear%20preguntas%20un%20punto%20de%20partida%20par%20aprender%20ciencias.pdf\" target=\"_blank\" rel=\"noopener\">Plantear preguntas: un punto de partida para aprender ciencias.<\/a> <em>Educaci\u00f3n y Pedagog\u00eda,<\/em>18 (45), 63-71. [ISNN: 0121-7593]<\/p>\n\n\n\n<p>Pujol, R.M.; Bonil, J.; M\u00e1rquez, C. (2006) <a href=\"http:\/\/gent.uab.cat\/conxitamarquez\/sites\/gent.uab.cat.conxitamarquez\/files\/Avanzar%20en%20la%20alfabetizacion%20cientifica.pdf\" target=\"_blank\" rel=\"noopener\">Avanzar en la alfabetizaci\u00f3n cient\u00edfica. Descripci\u00f3n y an\u00e1lisis de una experiencia sobre el estudio del cuerpo humano en educaci\u00f3n primaria.<\/a> <em>Investigaci\u00f3n en la escuela, <\/em>60, 37-57. [ISNN: 0213-7771]<\/p>\n\n\n\n<p>M\u00e1rquez, C. (2006) <a href=\"http:\/\/gent.uab.cat\/conxitamarquez\/sites\/gent.uab.cat.conxitamarquez\/files\/pensar%20i%20veure%20el%20mon%20a%20trav%C3%A9s%20del%20concepte%20de%20cicle.pdf\" target=\"_blank\" rel=\"noopener\">Pensar i veure el m\u00f3n a trav\u00e9s del concepte cicle.<\/a>&nbsp;<em>Ci\u00e8ncies, <\/em>4, 32-37. [ISSN 16996712]<\/p>\n\n\n\n<p>Sard\u00e0, A.; M\u00e0rquez, C.; Sanmart\u00ed, N. (2006) <a href=\"http:\/\/gent.uab.cat\/conxitamarquez\/sites\/gent.uab.cat.conxitamarquez\/files\/como%20promover%20distintos%20niveles%20de%20lectura%20de%20los%20textos%20de%20ciencias.pdf\" target=\"_blank\" rel=\"noopener\">C\u00f3mo promover distintos niveles de lectura de los textos de ciencias.<\/a> <em>Revista electr\u00f3nica de Ense\u00f1anza de las Ciencias,&nbsp;<\/em>5(2), 290-303. [ISSN: 1579-1513]<\/p>\n\n\n\n<p>Sanmart\u00ed, N.; Sim\u00f3n, M.; M\u00e1rquez, C. (2006) <a href=\"\/\/gent.uab.cat\/conxitamarquez\/sites\/gent.uab.cat.conxitamarquez\/files\/la%20evaluacion%20como%20proceso%2010%20a%C3%B1os%20despues.pdf\" target=\"_blank\" rel=\"noopener\">La evaluaci\u00f3n como proceso de autoregulaci\u00f3n: 10 a\u00f1os despu\u00e9s.<\/a> <em>Alambique, <\/em>48, 32-41. [ISNN: 1133-9810]<\/p>\n\n\n\n<p>M\u00e1rquez, C.; Trabal, M.; Bages, S. (2006) <a href=\"\/\/gent.uab.cat\/conxitamarquez\/sites\/gent.uab.cat.conxitamarquez\/files\/el%20practicum%20una%20mirada%20a%20tres%20bandes.pdf\" target=\"_blank\" rel=\"noopener\">El pr\u00e0cticum: una mirada a tres bandes.<\/a> <em>Perspectiva Escolar, <\/em>307, 25-34. [ISSN: 0210-2331]<\/p>\n\n\n\n<p>Sanmart\u00ed, N.; M\u00e1rquez, C. (2006)&nbsp;<a href=\"http:\/\/gent.uab.cat\/conxitamarquez\/sites\/gent.uab.cat.conxitamarquez\/files\/la%20formacio%20permanent%20del%20professorat%20de%20ci%C3%A8ncies.pdf\" target=\"_blank\" rel=\"noopener\">La formaci\u00f3 permanent del professorat de ci\u00e8ncies: estat de la q\u00fcesti\u00f3.<\/a> <em>Guix &#8211; Elements d&#8217;Innovaci\u00f3 Educativa,&nbsp;<\/em>323, 36-41. [ISSN: 0213-8581]<\/p>\n\n\n\n<p>Marquez, C. (2005) <a href=\"http:\/\/gent.uab.cat\/conxitamarquez\/sites\/gent.uab.cat.conxitamarquez\/files\/treballar%20el%20cicle%20de%20l%27aigua%20desde%20la%20prespectiva%20dels%20models%20explicatius.pdf\" target=\"_blank\" rel=\"noopener\">Treballar el cicle de l&#8217;aigua des de la perspectiva dels models explicatius.<\/a> <em>Perspectiva Escolar, <\/em>292, 26-34. [ISSN: 0210-2331]<\/p>\n\n\n\n<p>M\u00e1rquez, C. (2005) <a href=\"http:\/\/gent.uab.cat\/conxitamarquez\/sites\/gent.uab.cat.conxitamarquez\/files\/Aprender%20ciencias%20a%20traves%20del%20lenguaje_0.pdf\" target=\"_blank\" rel=\"noopener\">Aprender ciencias a trav\u00e9s del lenguaje.<\/a> <em>Revista Educar, <\/em>33, 27-38. [ISSN: 1405-4787]<\/p>\n\n\n\n<p>M\u00e1rquez, C.; Pujol, R.M. (2005) <a href=\"http:\/\/gent.uab.cat\/conxitamarquez\/sites\/gent.uab.cat.conxitamarquez\/files\/una%20reflexio%20entorn%20de%20la%20conversa%20a%20les%20classes%20de%20ci%C3%A8ncies.pdf\" target=\"_blank\" rel=\"noopener\">Una reflexi\u00f3 entorn de la conversa a les classes de ci\u00e8ncies.<\/a> <em>Articles de Did\u00e0ctica de la Llengua i de la Literatura, <\/em>37, 31-43. [ISSN: 1133-9845]<\/p>\n\n\n\n<p>Sanmart\u00ed, N. Gomez, A. Aduriz- Bravo, A.&nbsp; M\u00e0rquez, C. (2005) <a href=\"http:\/\/gent.uab.cat\/conxitamarquez\/sites\/gent.uab.cat.conxitamarquez\/files\/la%20mediacion%20analogica%20en%20la%20ciencia%20escolar.pdf\" target=\"_blank\" rel=\"noopener\">La mediaci\u00f3n anal\u00f3gica en la ciencia escolar.<\/a> Propuesta de la Funci\u00f3n Modelo Te\u00f3rico.<em> Ense\u00f1anza de las Ciencias, <\/em>Extra, 1-5. [ISSN 0212-4521]<\/p>\n\n\n\n<p>Sanmart\u00ed, N.; Sard\u00e0, A.; M\u00e1rquez, C. (2005) <a href=\"http:\/\/gent.uab.cat\/conxitamarquez\/sites\/gent.uab.cat.conxitamarquez\/files\/como%20favorecer%20la%20comperensio%20de%20textos%20de%20ciencias.pdf\" target=\"_blank\" rel=\"noopener\">C\u00f3mo favorecer la comprensi\u00f3n de textos de ciencias.<\/a> <em>Ense\u00f1anza de las Ciencias, <\/em>Extra, [ISSN 0212-4521]<\/p>\n\n\n\n<p>Sanmart\u00ed, N.; Paz, V.;&nbsp; M\u00e1rquez, C. (2005) <a href=\"http:\/\/gent.uab.cat\/conxitamarquez\/sites\/gent.uab.cat.conxitamarquez\/files\/analisis%20de%20un%20apropuesta%20para%20la%20ensen%C3%B1anza%20del%20resumen.pdf\" target=\"_blank\" rel=\"noopener\">An\u00e1lisis de una propuesta para la ense\u00f1anza del resumen en las clases de ciencias. <\/a><em>Ense\u00f1anza de las Ciencias, <\/em>Extra, [ISSN 0212-4521]<\/p>\n\n\n\n<p>Marquez, C; Pedreira, M. (2005) <a href=\"http:\/\/gent.uab.cat\/conxitamarquez\/sites\/gent.uab.cat.conxitamarquez\/files\/Dialogar%20sobre%20lo%20esencial.pdf\" target=\"_blank\" rel=\"noopener\">Dialogar sobre lo esencial: una propuesta de trabajo en la clase de ciencias. <\/a><em>Alambique, <\/em>44, 105-112. [ISSN:1133-9837]<\/p>\n\n\n\n<p>Pujol, R.M; Marquez, C. (2005) <a href=\"\/\/gent.uab.cat\/conxitamarquez\/sites\/gent.uab.cat.conxitamarquez\/files\/l%27estudi%20del%20cos%20hum%C3%A0.pdf\" target=\"_blank\" rel=\"noopener\">L&#8217;estudi del cos hum\u00e0 a l&#8217;escola infantil i prim\u00e0ria.<\/a> <em>Perspectiva Escolar, <\/em>292, 12-18. [ISSN: 0210-2331]<\/p>\n\n\n\n<p>Roca, M.; M\u00e1rquez, C. (2004) <a href=\"\/\/gent.uab.cat\/conxitamarquez\/sites\/gent.uab.cat.conxitamarquez\/files\/parlar%20i%20escriure%20sobre%20el%20que%20fem%20al%20laboratori.pdf\" target=\"_blank\" rel=\"noopener\">Parlar i escriure sobre el que fem en el laboratori.<\/a> <em>LaTalaia (revista digital), <\/em>15.<\/p>\n\n\n\n<p>M\u00e1rquez, C.; Roca, M.; G\u00f3mez, A.A.; Sard\u00e0, A.; Pujol, R.M. (2004) <a href=\"http:\/\/gent.uab.cat\/conxitamarquez\/sites\/gent.uab.cat.conxitamarquez\/files\/la%20construccion%20de%20modelos%20explicativos%20complejos%20mediante%20preguntas%20mediadoras.pdf\" target=\"_blank\" rel=\"noopener\">La construcci\u00f3n de modelos explicativos complejos mediante preguntas mediadoras<\/a>. <em>Investigaci\u00f3n en la Escuela, <\/em>53, 71-81. [ISSN: 0213-7771]<\/p>\n\n\n\n<p>Caama\u00f1o, A.; Marquez, C.; Roca, M. (2003) <a href=\"http:\/\/gent.uab.cat\/conxitamarquez\/sites\/gent.uab.cat.conxitamarquez\/files\/el%20lenguaje%20de%20la%20ciencia.pdf\" target=\"_blank\" rel=\"noopener\">El lenguaje de la ciencia.<\/a> <em>Cuadernos de pedagog\u00eda, <\/em>330, 76-80. [ISSN: 0210-0630]<\/p>\n\n\n\n<p>M\u00e1rquez, C. (2002)&nbsp;<a href=\"http:\/\/gent.uab.cat\/conxitamarquez\/sites\/gent.uab.cat.conxitamarquez\/files\/dibujar%20en%20clase%20de%20ciencias.pdf\" target=\"_blank\" rel=\"noopener\">Dibujar en las clases de ciencias.<\/a><em> Aula de Innovaci\u00f3n educativa, <\/em>117, 54-57. [ISSN: 1131-995X]<\/p>\n\n\n\n<p>Sanmart\u00ed, N.; Marquez, C.; Garcia Rovira, P. (2002) <a href=\"http:\/\/gent.uab.cat\/conxitamarquez\/sites\/gent.uab.cat.conxitamarquez\/files\/los%20trabajos%20practicos%20punto%20de%20partida%20para%20aprender%20ciencias.pdf\" target=\"_blank\" rel=\"noopener\">Los trabajos pr\u00e1cticos, punto de partida para aprender ciencias.<\/a> <em>Aula de Innovaci\u00f3n Educativa, <\/em>113-114, 8-13. [ISSN: 1131-995X]<\/p>\n\n\n\n<p>M\u00e1rquez, C.; Roca, M. (2001) <a href=\"http:\/\/gent.uab.cat\/conxitamarquez\/sites\/gent.uab.cat.conxitamarquez\/files\/el%20cicle%20de%20l%27aigua%20una%20altre%20vegada.pdf\" target=\"_blank\" rel=\"noopener\">El cicle de l&#8217;aigua, una altra vegada!<\/a> <em>Guix &#8211; Elements d&#8217;Innovaci\u00f3 Educativa, <\/em>275, 42-48. [ISSN: 0213-8581]<\/p>\n\n\n\n<p>Sard\u00e0, A., Sanmart\u00ed, N. ; M\u00e0rquez, C. (1998) <a href=\"\/\/gent.uab.cat\/conxitamarquez\/sites\/gent.uab.cat.conxitamarquez\/files\/com%20podem%20ensenyar%20a%20pensar%20cientificament.pdf\" target=\"_blank\" rel=\"noopener\">Com podem ensenyar a argumentar cient\u00edficament.<\/a> <em>Perspectiva Escolar, <\/em>230, 23-35. [ISSN: 0210-2331]<\/p>\n\n\n\n<p>Cela, J.; M\u00e1rquez, C.; Mir\u00f3, L. (1993) <a href=\"\/\/gent.uab.cat\/conxitamarquez\/sites\/gent.uab.cat.conxitamarquez\/files\/conjugar%20amb%20l%27alumnat%20el%20verb%20participar.pdf\" target=\"_blank\" rel=\"noopener\">Conjugar amb l&#8217;alumnat el verb participar.<\/a> <em>Guix &#8211; Elements d&#8217;Innovaci\u00f3 Educativa,<\/em> 187, 67-69. [ISSN: 0213-8581]<\/p>\n\n\n\n<p>Cela, J.; M\u00e1rquez, C.; Mir\u00f3, L. (1993) <a href=\"\/\/gent.uab.cat\/conxitamarquez\/sites\/gent.uab.cat.conxitamarquez\/files\/una%20experiencia%20de%20participacion%20de%20los%20alumnos.pdf\" target=\"_blank\" rel=\"noopener\">Una experiencia de participaci\u00f3n de los alumnos<\/a><a href=\"\/\/gent.uab.cat\/conxitamarquez\/sites\/gent.uab.cat.conxitamarquez\/files\/una%20experiencia%20de%20participacion%20de%20los%20alumnos.pdf\" target=\"_blank\" rel=\"noopener\">.<\/a> <em>Cuadernos de Pedagog\u00eda, <\/em>217, 32-33. [ISSN: 0210-0630]<\/p>\n\n\n\n<p>M\u00e1rquez, C.; Solsona, N. (1993)<a href=\"http:\/\/gent.uab.cat\/conxitamarquez\/sites\/gent.uab.cat.conxitamarquez\/files\/la%20v%20heur%C3%ADstica.pdf\" target=\"_blank\" rel=\"noopener\"> La V heur\u00edstica, instrument metodol\u00f2gic d&#8217;aplicaci\u00f3 en el treball experimental.<\/a> <em>Guix &#8211; Elements d&#8217;Innovaci\u00f3 Educativa,<\/em> 185, 35-39. [ISSN: 0213-8581]<\/p>\n\n\n\n<p>Cela, J.; M\u00e1rquez, C.; Teixidor, M.; Rodr\u00edguez, A. (1989) <a href=\"\/\/gent.uab.cat\/conxitamarquez\/sites\/gent.uab.cat.conxitamarquez\/files\/tint%C3%ADn%20a%20bellaterra.pdf\" target=\"_blank\" rel=\"noopener\">Tintin a l&#8217;Escola Bellaterra.<\/a> <em>Perspectiva escolar, <\/em>136, 31-33. [ISSN: 0210-2331]<\/p>\n\n\n\n<p>Isern, A.; Manent, M.; M\u00e1rquez, C. (1987) <a href=\"http:\/\/gent.uab.cat\/conxitamarquez\/sites\/gent.uab.cat.conxitamarquez\/files\/ecologia%20un%20treball%20de%20tots.pdf\" target=\"_blank\" rel=\"noopener\">Ecologia: un treball de tots.<\/a> <em>Guix &#8211; Elements d&#8217;Innovaci\u00f3 Educativa,<\/em>122, 43-47. [ISSN: 0213-8581]<\/p>\n","protected":false},"excerpt":{"rendered":"<p>Scientific articles: Gamboa G, Badillo E, Couso D, M\u00e1rquez C. (20&#8217;21).Connecting Mathematics and Science in Primary School STEM Education: Modeling the Population Growth of Species. Mathematics. 9(19): 2496. https:\/\/doi.org\/10.3390\/math9192496 &nbsp;https:\/\/www.mdpi.com\/2227-7390\/9\/19\/2496\/pdf&nbsp; P\u00e9rez-Torres, M.; Couso, D.; M\u00e1rquez, C.; (2021). \u00bfC\u00f3mo dise\u00f1ar un buen proyecto STEM? Identificaci\u00f3n de tensiones en la co-construcci\u00f3n de una r\u00fabrica para su mejora?. [&hellip;]<\/p>\n","protected":false},"author":20,"featured_media":0,"parent":0,"menu_order":0,"comment_status":"closed","ping_status":"closed","template":"","meta":{"footnotes":""},"class_list":["post-561","page","type-page","status-publish","hentry"],"_links":{"self":[{"href":"https:\/\/webs.uab.cat\/conxitamarquez\/wp-json\/wp\/v2\/pages\/561","targetHints":{"allow":["GET"]}}],"collection":[{"href":"https:\/\/webs.uab.cat\/conxitamarquez\/wp-json\/wp\/v2\/pages"}],"about":[{"href":"https:\/\/webs.uab.cat\/conxitamarquez\/wp-json\/wp\/v2\/types\/page"}],"author":[{"embeddable":true,"href":"https:\/\/webs.uab.cat\/conxitamarquez\/wp-json\/wp\/v2\/users\/20"}],"replies":[{"embeddable":true,"href":"https:\/\/webs.uab.cat\/conxitamarquez\/wp-json\/wp\/v2\/comments?post=561"}],"version-history":[{"count":1,"href":"https:\/\/webs.uab.cat\/conxitamarquez\/wp-json\/wp\/v2\/pages\/561\/revisions"}],"predecessor-version":[{"id":639,"href":"https:\/\/webs.uab.cat\/conxitamarquez\/wp-json\/wp\/v2\/pages\/561\/revisions\/639"}],"wp:attachment":[{"href":"https:\/\/webs.uab.cat\/conxitamarquez\/wp-json\/wp\/v2\/media?parent=561"}],"curies":[{"name":"wp","href":"https:\/\/api.w.org\/{rel}","templated":true}]}}