{"id":563,"date":"2009-05-08T11:14:38","date_gmt":"2009-05-08T11:14:38","guid":{"rendered":"https:\/\/webs.uab.cat\/conxitamarquez\/research-projects\/"},"modified":"2022-09-09T10:26:01","modified_gmt":"2022-09-09T10:26:01","slug":"research-projects","status":"publish","type":"page","link":"https:\/\/webs.uab.cat\/conxitamarquez\/research-projects\/","title":{"rendered":"Research projects"},"content":{"rendered":"\n<h2 class=\"wp-block-heading\"><strong>PI: Conxita M\u00e1rquez <\/strong><\/h2>\n\n\n\n<p><strong>PGC2018-096581-B-C21: &#8220;<\/strong>El Pensamiento y las pr\u00e1cticas cient\u00edficas en la era de la post-verdad: Promoviendo desempe\u00f1os epist\u00e9micos en al escuela paar una ciudadania cr\u00edtica y empoderada&#8221;. Ministerio de Ciencia, Innovaci\u00f3n y Universidades. <em>ESPIGA, Epistemic School Performances, Goals and CriticAl thinking. <\/em>IP: Digna Couso y Conxita M\u00e1rquez. Gener 2019- Desembre 2021.54.934 \u20ac.<\/p>\n\n\n\n<p><strong>EDU2015-6643-C2-1-P:<\/strong> &#8220;Participaci\u00f3n reflexiva de profesorado y alumnado en las pr\u00e1cticas cient\u00edficas: Potencialidades, desaf\u00edos y criterios did\u00e1cticos&#8221;. Ministerio de Econom\u00eda y Competitividad. Programa Estatal de Fomento de la Investigaci\u00f3n Cient\u00edfica y T\u00e9cnica de Excelencia, Espanya. Gener 2016-Gener 2019. 44.100\u20ac.&nbsp;<\/p>\n\n\n\n<p><strong>EDU2012-38022-CO2-O2: <\/strong>&#8220;La caracterizaci\u00f3n de los contextos y de su uso en la clase de ciencias para favorecer la modelizaci\u00f3n, la argumentaci\u00f3n y la transferencia&#8221; Ministerio de Ciencia e Innovaci\u00f3n, Espanya; Gener 2013-Desembre 2015<\/p>\n\n\n\n<p><strong>EDU2009-13890-C02-02:&nbsp;<\/strong>&#8220;Desarrollo de competencias cient\u00edficas: modelos y evidencias en la lectura, la escritura y la experimentaci\u00f3n.&#8221;&nbsp;Ministerio de Ciencia e Innovaci\u00f3n, Espanya; Gener 2010- Desembre 2012; 45.012\u20ac<\/p>\n\n\n\n<p><strong>SEJ2006-15589-C02-02:&nbsp;<\/strong>&#8220;Disseny i avaluaci\u00f3 d&#8217;estrat\u00e8gies que afavoreixin el desenvolupament de la compet\u00e8ncia lectora en ci\u00e8ncies: transfer\u00e8ncia de coneixements, interpretaci\u00f3 de proves i lectura cr\u00edtica.&#8221;&nbsp; Ministerio de Educaci\u00f3n y Ciencia, Espanya; Octubre 2006-Setembre 2009;&nbsp;38.215\u20ac<\/p>\n\n\n\n<p><strong>2005ARIE 10023:&nbsp;<\/strong>&#8220;Lectura i escriptura per al pensament cr\u00edtic a la classe de ci\u00e8ncies&#8221;.&nbsp;Ag\u00e8ncia de Gesti\u00f3 d&#8217;Ajuts Universitaris i de Recerca, Catalunya. Mar\u00e7 2006- Mar\u00e7 2007; 6.000\u20ac<\/p>\n\n\n\n<h2 class=\"wp-block-heading\"><strong>Others PI&#8217;s: <\/strong><\/h2>\n\n\n\n<p><strong>ACELEC <\/strong>(Activitat Cient\u00edfica Escolar: Llenguatges, Eines i Contextos). Grup de Investigaci\u00f3n consolidado. Departament d\u2019Universitats, Recerca i Societat de la Informaci\u00f3.&nbsp;Generalitat de Catalunya (<strong>2017SGR1399<\/strong>) Investigadora principal: Mariona Espinet Blanch (ES)<\/p>\n\n\n\n<p><strong>2019 Projecte de Suport a la Innovaci\u00f3 Docent. <\/strong>Facultat Ci\u00e8ncies de l&#8217;Educaci\u00f3. Una proposta metodol\u00f2gica &nbsp;innovadora en la did\u00e0ctica de les ci\u00e8ncies en la formaci\u00f3 inicial de mestres: les capses d&#8217;aprenentatge. IP. Maria Isabel Hern\u00e1ndez<\/p>\n\n\n\n<p><strong>2017ARMIF 00014: <\/strong>&#8220;L &#8216;acolliment ling\u00fc\u00edstic la immersi\u00f3 i l&#8217;educaci\u00f3 pluriling\u00fce i intercultural. Una proposta estrat\u00e8gica de millora per a la formaci\u00f3 inicial de mestres&#8221;. Generalitat de Catalunya. Departament d&#8217;Economia i Coneixement. IP: Montserrat Fons<\/p>\n\n\n\n<p><strong>2105ARMIF 00032:<\/strong> &#8220;Millora del coneixement i \u00fas d&#8217;estrat\u00e8gies del discurs que promouen el desenvolupament de les habilitats cognitives superiors&#8221;. Generalitat de Catalunya. Departament d&#8217;Economia i Coneixement. Juny de 2015-juny de 2016. IP: Montserrat Fons<\/p>\n\n\n\n<p><strong>LICEC (Llenguatge i Context en Educaci\u00f3 cient\u00edfica).<\/strong> Grupo de investigaci\u00f3n consolidado<strong>.&nbsp;<\/strong>Departament d\u2019Universitats, Recerca i Societat de la Informaci\u00f3.&nbsp;Generalitat de Catalunya (<strong>2014SGR1492<\/strong>).&nbsp; (2014-2017). Investigadora principal: Mariona Espinet Blanch (ES). Financiaci\u00f3n: 38.800 \u20ac<\/p>\n\n\n\n<p><strong>2014ARMIF 87142:<\/strong> &#8220;La millora de l&#8217;\u00fas de les lleng\u00fces a l&#8217;aula com a mediaci\u00f3 per a l&#8217;aprenentatge interdisciplinari: aprendre el discurs de l&#8217;aula&#8221;. Generalitat de Catalunya. Departament d&#8217;Economia i Coneixement. Juny de 2014-juny de 2015. 17.463,59. IP: Montserrat Fons<\/p>\n\n\n\n<p><a href=\"http:\/\/grupsderecerca.uab.cat\/liec\/\" target=\"_blank\" rel=\"noopener\"><strong>Llenguatge i Ensenyament de les Ci\u00e8ncies (LIEC). Grupo de Investigaci\u00f3n consolidado.&nbsp;<\/strong><\/a>Departament d\u2019Universitats, Recerca i Societat de la Informaci\u00f3.&nbsp;Generalitat de Catalunya (<strong>2009SGR1543<\/strong>).&nbsp; (2009-2013). Investigadora principal: Mariona Espinet Blanch (ES). Financiaci\u00f3n: 35.200 \u20ac<\/p>\n\n\n\n<p><strong>2009MQD0098:<\/strong>&nbsp; &#8220;Recursos geol\u00f2gics digitals per al treball de camp aut\u00f2nom al M\u00e0ster en Educaci\u00f3 Secund\u00e0ria&#8221;.&nbsp; Projecte en col.,laboraci\u00f3 entre al Facultat de Ci\u00e8ncies i la Facultat de Ci\u00e8ncies de l&#8217;Educaci\u00f3; Octubre 2009-Setembre 2010; 3.000\u20ac; IP: Joan Bach&nbsp;<\/p>\n\n\n\n<p><strong>A-106:&nbsp;<\/strong>&#8220;Ense\u00f1ar y aprender a leer ciencias&#8221;.&nbsp;Ministerio de Educaci\u00f3n, Pol\u00edtica Social y Deporte.; Febrer 2009-Juliol 2009; IP: Anna Marb\u00e0<\/p>\n\n\n\n<p><strong>2008ARIE-00034:&nbsp;<\/strong>&#8220;Estudis dels espais de reflexi\u00f3 compartida entre professorat novell i expert que brollen a partir de la creaci\u00f3 conjunta de material did\u00e0tic per al aprenetatge integrat de contiguts i llengua en aules&#8221;.&nbsp; Ag\u00e8ncia de Gesti\u00f3 d&#8217;Ajuts Universitaris i de Recerca; Desembre 2008-Mar\u00e7 2010; 7.500\u20ac; IP: Cristina Escobar&nbsp;<\/p>\n\n\n\n<p><strong>2007ARIE-00049:&nbsp;<\/strong>&#8220;Les compet\u00e8ncies de lectura i escriptura per adquirir coneixements cient\u00edfics (en diferents contextos, en diferents tem\u00e0tiques)&#8221;. Ag\u00e8ncia de Gesti\u00f3 d&#8217;Ajuts Universitaris i de Recerca; Abril 2008-Abril 2009; 4.000\u20ac; IP: Merc\u00e8 Izquierdo<\/p>\n\n\n\n<p><strong>133785-LLP-1-2007-1-NL-CO:&nbsp;<\/strong>&#8220;SPRITE: Shared Practice in Teacher Education&#8221;. Uni\u00f3n Europea; Novembre 2007-Octubre 2009; 300.000\u20ac; IP:&nbsp;Jan Folkert (NL)<\/p>\n\n\n\n<p><strong>133928-LLP-1-2007-NL-ERAS: <\/strong>&#8220;JOCITE: Joint Curriculum in Teacher Education&#8221;. Uni\u00f3n Europea; Octubre 2007-Setembre 2010;&nbsp;300.000\u20ac; IP:&nbsp;Jan Folkert (NL)<\/p>\n\n\n\n<p><strong>2006ARIE-10014:&nbsp;<\/strong>&#8220;Les compet\u00e8ncies de lectura per adquirir coneixements cient\u00edfics, en diferents contextos&#8221;.&nbsp; Ag\u00e8ncia de Gesti\u00f3 d&#8217;Ajuts Universitaris i de Recerca; Abril 2007-Abril 2008; 4.800\u20ac; IP: Merc\u00e8 Izquierdo&nbsp;<\/p>\n\n\n\n<p><strong>SEJ2006-15424-C03-01\/EDUC:&nbsp;<\/strong>&#8220;Proyecto de ambientalizaci\u00f3n curricular: Dise\u00f1o y an\u00e1lisis de intervenciones de di\u00e1logo disciplinar en la Educaci\u00f3n Universitaria y no Universitaria&#8221;.&nbsp;Ministerio de Educaci\u00f3n y Ciencia; Octubre 2006-Setembre 2009; 26.320\u20ac; IP:&nbsp;Rosa Maria Pujol<\/p>\n\n\n\n<p><strong>MQD 00245:<\/strong> &#8220;Desenvolupament de les compet\u00e8ncies de &#8220;pensament cient\u00edfic&#8221; amb suport virtual&#8221;. AGAUR- Generalitat de Catalunya; Gener 2005-Desembre 2007; 6.000\u20ac; IP: Merc\u00e8 Izquierdo<\/p>\n\n\n\n<p><strong>PHB2004-0117-TA:<\/strong> &#8220;Comunicaci\u00f3n y discurso en la educaci\u00f3n cient\u00edfica&#8221;. Ministerio de Educaci\u00f3n y Ciencia.&nbsp; Beques i ajuts per la cooperaci\u00f3 interuniversit\u00e0ria amb Brasil (CAPES); Novembre 2004-Novembre 2005; IP: Marina Castells<\/p>\n\n\n\n<p>&#8220;Educaci\u00f3 pluriling\u00fce&#8221;. Vicerectorat d&#8217;Ordenaci\u00f3 Acad\u00e8mica de la Universitat Aut\u00f2noma de Barcelona; Novembre 2004-Novembre 2005; 3.000\u20ac; IP: Teresa Ribas<\/p>\n\n\n\n<p><strong>2004ARIE-00066:<\/strong> &#8220;La formaci\u00f3 de l&#8217;alumnat com a ciutad\u00e0 lector de textos de ci\u00e8ncies&#8221;. Ag\u00e8ncia de Gesti\u00f3 d&#8217;Ajuts Universitaris i de Recerca; Octubre 2004-Novembre 2004; 6.200\u20ac; IP: Neus Sanmart\u00ed<\/p>\n\n\n\n<p><strong>La competencia comunicativa en las clases de ciencias: An\u00e1lisis de estrategias orientadas&nbsp; a construir y compartir significados en el proceso de aprendizaje de modelos cient\u00edficos.<\/strong>&nbsp;Ministerio de Ciencia y Tecnolog\u00eda, Direcci\u00f3n General de Investigaci\u00f3n. (BSO2002-04073-C02-01). (2002 &#8211; 2005). Investigadora Principal: Neus Sanmarti Puig (ES). Financiaci\u00f3n: 25.208 \u20ac<\/p>\n\n\n\n<p><strong>BSO2001-2488-C02-01:<\/strong> &#8220;Projecte d&#8217;ambientalitzaci\u00f3 de la Facultat de Ci\u00e8ncies de l&#8217;Educaci\u00f3 de la UAB i de la UdG: Disseny d&#8217;intervencions i an\u00e0lisi del proc\u00e9s&#8221;. Ministerio de Ciencia y Tecnolog\u00eda; Desembre 2001-Desembre 2004; 34.702\u20ac; IP: Rosa Maria Pujol<\/p>\n\n\n\n<p><strong>MQD2000-190:<\/strong> &#8220;Un nou enfocament de les pr\u00e0ctiques de ci\u00e8ncies experimentals en la formaci\u00f3 dels professors d&#8217;infantil, prim\u00e0ria, secund\u00e0ria i universitat&#8221;.&nbsp;Ag\u00e8ncia de Gesti\u00f3 d&#8217;Ajuts Universitaris i de Recerca;Octubre 2001-Setembre 2002; 9.015\u20ac; IP: Merc\u00e8 Izquierdo<\/p>\n\n\n\n<p><strong>AML\/B7-311-97\/0666\/II-0051-A: <\/strong>&#8220;Programa de Ambientalizaci\u00f3n de los estudios superiores: Dise\u00f1o de intervenciones y an\u00e1lisis del proceso&#8221;.&nbsp;Proyecto Alfa. Comisi\u00f3n Europea. Direcci\u00f3n General Relaciones Exterior; Octubre 2001-Octubre 2003; IP: Rosa Maria Pujol&nbsp;<\/p>\n\n\n\n<p><strong>DOGC n\u00ba 3453-16-08-2001:<\/strong> &#8220;Ambientalizaci\u00f3 del pr\u00e0cticum vinculat a la mat\u00e8ria de Did\u00e0ctica de les Ci\u00e8ncies experimentals impartida a les titulacions de magisteri&#8221;. Dep. d&#8217;Universitats, Recerca i Societat de la Informaci\u00f3 (DURSI), Generalitat de Catalunya; 6.010\u20ac; IP: Rosa Maria Pujol<\/p>\n\n\n\n<p>&#8220;Dicurso multimodal en la ense\u00f1anza de ciencias y de matem\u00e1ticas: implicaciones did\u00e1cticas y para la formaci\u00f3n del profesorado&#8221;. Ministerio de Educaci\u00f3n, Cultura y Deporte. Programa Coperaci\u00f3n Cientifica con Ibero Am\u00e9rica a\u00f1o 2001; Gener 2001-Desmbre 2003;12.000\u20ac; IP: Marina Castells<\/p>\n\n\n\n<p><strong>IED1999-02:<\/strong> &#8220;La classe comunicativa: una estrategia per a un ensenyament de qualitat&#8221;. Ministerio de Educaci\u00f3n y Cultura; Setembre 1998-Setembre 2000; 10.818\u20ac; IP: Merc\u00e8 Izquierdo<\/p>\n\n\n\n<p><strong>CIDE-1998-21815:&nbsp;<\/strong>&#8220;La clase comunicativa: una estrategia para una ense\u00f1anza de calidad&#8221;.&nbsp;Centro de Investigaci\u00f3n y documentaci\u00f3n educativa; Gener 1999-Desembre 2000; 12.020\u20ac, IP: Merc\u00e8 Izquierdo&nbsp;<\/p>\n\n\n\n<p><strong>PB92-0610:<\/strong> &#8220;Les explicacions dels alumnes de ci\u00e8ncies i matem\u00e0tiques. An\u00e0lisis, caracteritzaci\u00f3 i representaci\u00f3&#8221;. Direcci\u00f3n General de Investigaci\u00f3n Cient\u00edfica y T\u00e9cnica (DGICYT); Juny 1993-Desembre 1996;9.616\u20ac; IP: Merc\u00e8 Izquierdo&nbsp;<\/p>\n\n\n\n<p><strong>PB88-0230:<\/strong> &#8220;Dise\u00f1o y estudio de un instrumento de Evaluaci\u00f3n de los curr\u00edcula y pensamiento de los profesores de las \u00c1reas de Matem\u00e1ticas y Ciencias Experimentales del nivel obligatorio&#8221;. Direcci\u00f3n General de Investigaci\u00f3n, Ciencia y Tecnolog\u00eda del MEC; Juliol 1989-Juliol 1992; 20.464\u20ac; IP: Josep Maria Fortuny i Merc\u00e8 Izquierdo<\/p>\n\n\n\n<h2 class=\"wp-block-heading\"><strong>Agreements:<\/strong><\/h2>\n\n\n\n<p><strong>Conveni 47315673: &#8220;<\/strong>&#8220;Projecte de Recerca &#8220;Compet\u00e8ncies de pensament cient\u00edfic a l&#8217;ESO Ci\u00e8ncia 12-15&#8221;. Departament d&#8217;Ensenyament de la Generalitat de Catalunya; Gener 2021-Gener 2024; IP:&nbsp;Conxita M\u00e1rquez<\/p>\n\n\n\n<p><strong>Conveni 16132<\/strong>: &#8220;Projecte de Recerca &#8220;Compet\u00e8ncies de pensament cient\u00edfic a l&#8217;ESO Ci\u00e8ncia 12-15&#8221;. Departament d&#8217;Ensenyament de la Generalitat de Catalunya; Setembre 2017-Setembre 2020; IP:&nbsp;Conxita M\u00e1rquez<\/p>\n\n\n\n<p><strong>Conveni 14381<\/strong>: &#8220;Projecte de Recerca &#8220;Compet\u00e8ncies de pensament cient\u00edfic a l&#8217;ESO Ci\u00e8ncia 12-15&#8221;. Departament d&#8217;Ensenyament de la Generalitat de Catalunya;&nbsp;Juliol 2015-Juliol 2017; IP:&nbsp;Conxita M\u00e1rquez<\/p>\n\n\n\n<p><strong>Conveni 13078<\/strong>:&nbsp;&#8220;Compet\u00e8ncies de pensament cient\u00edfic a l&#8217;ESO&#8221;.&nbsp;Departament d&#8217;Ensenyament de la Generalitat de Catalunya; Agost 2013-Juliol 2015;&nbsp;IP: Merc\u00e8 Izquierdo<\/p>\n\n\n\n<p><strong>2267-01\/13<\/strong>:&nbsp;&#8220;Avaluaci\u00f3 del programa educatiu &#8220;El Montseny a l&#8217;escola&#8221;. Conveni de cooperaci\u00f3 educativa per a la realitzaci\u00f3 de pr\u00e0ctiques acad\u00e8miques externes en entitats col\u00b7laboradores&#8221;. Treball Campus. Diputaci\u00f3 de Girona; Octubre&nbsp;2013-Juny 2014; IP: Neus Sanmart\u00ed,&nbsp;Conxita M\u00e1rquez<\/p>\n\n\n\n<p>&#8220;Exemplificaci\u00f3 del curr\u00edculum de ci\u00e8ncies de la naturalesa a l&#8217; etapa de l&#8217; educaci\u00f3 secund\u00e0ria&#8221;<strong>. <\/strong>Departament d&#8217;Educaci\u00f3. Generalitat de Catalunya; Setembre 2008-Desembre 2009; IP: Merc\u00e8 Izquierdo<\/p>\n\n\n\n<p>&#8220;Elaboraci\u00f3 dels documents curriculars de l&#8217; educaci\u00f3 prim\u00e0ria&#8221;.&nbsp;Departament d&#8217;Educaci\u00f3. Generalitat de Catalunya; Gener 2008-Gener 2009; IP: Neus Sanmart\u00ed&nbsp;<\/p>\n\n\n\n<p><strong>Conveni 8597<\/strong>: &#8220;Creaci\u00f3 de la Xarxa de Recerca per a l&#8217;Educaci\u00f3 Matem\u00e0tica i Cient\u00edfica (REMIC). LIEC.&#8221;. REMIC, Generalitat de Catalunya; Setembre 2005-Desembre 2005; 4.250\u20ac; IP: Neus Sanmart\u00ed<\/p>\n\n\n\n<p><strong>Conveni 180305:&nbsp;<\/strong>&#8220;XI Audi\u00e8ncia p\u00fablica de la ciutat de Barcelona. Barcelona fa ci\u00e8ncia&#8221;.&nbsp;Institut d&#8217;Educaci\u00f3 de la Ciutat de Barcelona; Setembre 2005- Juliol 2006; 10.000\u20ac; IP: Neus Sanmart\u00ed<\/p>\n\n\n\n<p><strong>Conveni 6621 de la OITT:<\/strong> &#8220;Seminari d&#8217;educaci\u00f3 cient\u00edfica: l&#8217;observaci\u00f3 i la interpretaci\u00f3 dels \u00e9ssers vius&#8221;. Fundaci\u00f3 La Caixa i Museu de la Ci\u00e8ncia i de la T\u00e8cnica de Catalunya; Febrer 2003-Desembre 2003; 8.168\u20ac; IP: Mariona Espinet<\/p>\n\n\n\n<p><strong>Conveni 6595-projecte 164:<\/strong> &#8220;L&#8217;\u00fas de la llengua en les \u00e0reas curriculars: ci\u00e8ncies socials, ci\u00e8ncies experimentals. Compet\u00e8ncies b\u00e0siques: parlar i escriure ci\u00e8ncia a l&#8217;educaci\u00f3 prim\u00e0ria&#8221;. Fundaci\u00f3 Propedag\u00f2gic; Gener 2003-Gener 2005; 4.221\u20ac; IP: Montserrat Casas<\/p>\n\n\n\n<p><strong>Conveni 5839 de la OITT:<\/strong> &#8220;Seminari taller sobre l&#8217;observaci\u00f3 dels \u00e9ssers vius&#8221;. Fundaci\u00f3 La Caixa i Museu de la Ci\u00e8ncia i de la T\u00e8cnica de Catalunya; Abril 2002-Desembre 2012;7.215\u20ac; IP: Mariona Espinet<\/p>\n","protected":false},"excerpt":{"rendered":"<p>PI: Conxita M\u00e1rquez PGC2018-096581-B-C21: &#8220;El Pensamiento y las pr\u00e1cticas cient\u00edficas en la era de la post-verdad: Promoviendo desempe\u00f1os epist\u00e9micos en al escuela paar una ciudadania cr\u00edtica y empoderada&#8221;. Ministerio de Ciencia, Innovaci\u00f3n y Universidades. ESPIGA, Epistemic School Performances, Goals and CriticAl thinking. IP: Digna Couso y Conxita M\u00e1rquez. Gener 2019- Desembre 2021.54.934 \u20ac. EDU2015-6643-C2-1-P: &#8220;Participaci\u00f3n [&hellip;]<\/p>\n","protected":false},"author":20,"featured_media":0,"parent":0,"menu_order":0,"comment_status":"closed","ping_status":"closed","template":"","meta":{"footnotes":""},"class_list":["post-563","page","type-page","status-publish","hentry"],"_links":{"self":[{"href":"https:\/\/webs.uab.cat\/conxitamarquez\/wp-json\/wp\/v2\/pages\/563","targetHints":{"allow":["GET"]}}],"collection":[{"href":"https:\/\/webs.uab.cat\/conxitamarquez\/wp-json\/wp\/v2\/pages"}],"about":[{"href":"https:\/\/webs.uab.cat\/conxitamarquez\/wp-json\/wp\/v2\/types\/page"}],"author":[{"embeddable":true,"href":"https:\/\/webs.uab.cat\/conxitamarquez\/wp-json\/wp\/v2\/users\/20"}],"replies":[{"embeddable":true,"href":"https:\/\/webs.uab.cat\/conxitamarquez\/wp-json\/wp\/v2\/comments?post=563"}],"version-history":[{"count":1,"href":"https:\/\/webs.uab.cat\/conxitamarquez\/wp-json\/wp\/v2\/pages\/563\/revisions"}],"predecessor-version":[{"id":632,"href":"https:\/\/webs.uab.cat\/conxitamarquez\/wp-json\/wp\/v2\/pages\/563\/revisions\/632"}],"wp:attachment":[{"href":"https:\/\/webs.uab.cat\/conxitamarquez\/wp-json\/wp\/v2\/media?parent=563"}],"curies":[{"name":"wp","href":"https:\/\/api.w.org\/{rel}","templated":true}]}}