{"id":565,"date":"2012-11-09T14:12:41","date_gmt":"2012-11-09T14:12:41","guid":{"rendered":"https:\/\/webs.uab.cat\/conxitamarquez\/conference-reports\/"},"modified":"2022-09-09T10:31:33","modified_gmt":"2022-09-09T10:31:33","slug":"conference-reports","status":"publish","type":"page","link":"https:\/\/webs.uab.cat\/conxitamarquez\/conference-reports\/","title":{"rendered":"Conference reports"},"content":{"rendered":"\n<h2 class=\"wp-block-heading\"><strong>Keynote:<\/strong><\/h2>\n\n\n\n<p>M\u00e1rquez, C. (2021). El pensamiento cr\u00edtico: Un reto para la educaci\u00f3n cient\u00edfica. Estrategias para incorporar el pensamiento cr\u00edtico a las clases de ciencias, IV Congreso Educaci\u00f3n cient\u00edfica en tiempos de cambios. Chile (Online) 6 noviembre de 2021. Organizado por Sociedad Chilena de Educaci\u00f3n Cient\u00edfica.<\/p>\n\n\n\n<p>M\u00e1rquez, C. (2021). Aprendizaje de las ciencias basado en proyectos: del contexto a la acci\u00f3n. Di\u00e1logos de expertos internacionales. II Congreso Internacional. Pedagog\u00eda, Nueva ruralidad y desarrollo docente. Per\u00fa. 06\/07\/2021<\/p>\n\n\n\n<p>M\u00e1rquez, C.; Gonz\u00e1lez, N. (2021).Comprendre el m\u00f3n amb perspectiva STEAM. II Jornades d&#8217;intercanvi d&#8217;experi\u00e8ncies STEAM per al professorat. Organitzat per l&#8217;ICE de la Universitat de LLeida. 29\/06\/2021<\/p>\n\n\n\n<p>M\u00e1rquez, C. , Gonz\u00e1lez, M. (2021). 5 idees per interpretar els fen\u00f2mens geol\u00f2gics. Dins el cicle Converses i recursos. Organitzat pel CESIRE 22\/02\/2021<\/p>\n\n\n\n<p>M\u00e1rquez, C. (2018). Aprendre a observar. Observar per comprendre. Pindoles educatives. CRP del Tarragon\u00e9s. 28\/11\/2018<\/p>\n\n\n\n<p>M\u00e1rquez, C (2018). La Ci\u00e8ncia no (\u00e9s) per mi. Viu la ci\u00e8ncia i experimenta. Centre de professors de Manacor. 31\/05\/2018<\/p>\n\n\n\n<p>M\u00e1rquez, C. (2018). Espacios de ciencia. Oportunidades y limitaciones. Universidad Tecnol\u00f3gica de Pereira. Licenciatura en Pedagog\u00eda Infantil. Colombia. 11\/04\/2018<\/p>\n\n\n\n<p>M\u00e1rquez, C (2018). L&#8217;avaluaci\u00f3 motor dels canvi. Xarxa de Compet\u00e8ncies b\u00e0siques. Serveis Educatius de la Terra Alta. 19\/02\/2018<\/p>\n\n\n\n<p>M\u00e1rquez, C. (2017). Reflexions entorn una avaluaci\u00f3 que serveixi per aprendre. Xarxa de Compet\u00e8ncies b\u00e0siques. Centre de Recursos del Vall\u00e8s Occidental. 23\/01\/2018<\/p>\n\n\n\n<p>M\u00e1rquez, C. (2017). Controv\u00e8rsia i sentit cr\u00edtic: un estil d&#8217;educaci\u00f3 cient\u00edfica. X Converses \u00abRefer\u00e8ncies per repensar l&#8217;educaci\u00f3\u00bb. Cosmocaixa.16\/02\/2017<\/p>\n\n\n\n<p>M\u00e1rquez, C. (2017). Ense\u00f1ar a plantear preguntas investigables. 2\u00b0 Seminario Internacional \u201cLenguaje de las Ciencias: Desaf\u00edos para promover una cultura indagatoria en el aula\u201d. Universidad Santiago de Chile, Proyecto Fondecyt 1150873, la red Iberoamericana de investigaci\u00f3n en did\u00e1ctica de las Ciencias Experimentales.<\/p>\n\n\n\n<h2 class=\"wp-block-heading\"><strong>International: <\/strong><\/h2>\n\n\n\n<p>Boadas, E, M\u00e1rquez, C, Monereo, C. (2021). Aplicaci\u00f3n de la Teor\u00eda de la Actividad en centros de ciencia: An\u00e1lisis de una actividad para<br>alumnos de primaria. XI Congreso Intrenacional en Investigaci\u00f3n en Did\u00e1ctica de las Ciencias. Lisboa. Portugal.<\/p>\n\n\n\n<p>Perez, M, Bargiela, I, M\u00e1rquez, C. (2021). \u00bfQu\u00e9 pensamiento cr\u00edtico fomentan los proyectos escolares STEM? Un an\u00e1lisis emp\u00edrico. XI Congreso Intrenacional en Investigaci\u00f3n en Did\u00e1ctica de las Ciencias. Lisboa. Portugal.<\/p>\n\n\n\n<p>Vila, L, Couso. D, M\u00e1rquez, C. (2021). Desarrollo del pensamiento cr\u00edtico, creativo y cuidadoso en el aula de ciencias. XI Congreso Intrenacional en Investigaci\u00f3n en Did\u00e1ctica de las Ciencias. Lisboa. Portugal.<\/p>\n\n\n\n<p>P\u00e9rez- Torres, M, Couso, D, M\u00e1rquez, C.Unveiling the tensions of stem PBL design by constructing a rubric. ESERA Conference 2021. Braga. Portugal. Simposi.<\/p>\n\n\n\n<p>Nebot, M.R. y M\u00e1rquez, C. (2019). The water cycle: aquifers and underground water pollution modelling. <em>ESERA Conference 2019<\/em>. Bologna, Italia<\/p>\n\n\n\n<p>Joglar, C.; Rojas, S.; M\u00e1rquez, C. (2019). Autoan\u00e1lisis y An\u00e1lisis cruzadode profesores de ciencias en ejercicio en ambientes de realidad virtual. XII ENPEC. Universidade Federal do Rio Grande do Norte Natal, Rio Grande do Norte.<\/p>\n\n\n\n<p>Ruiz, F. J.; Rodas, J. M.; Badillo, E.; M\u00e1rquez, C. (2017). <a href=\"https:\/\/www.google.es\/url?sa=t&amp;rct=j&amp;q=&amp;esrc=s&amp;source=web&amp;cd=1&amp;cad=rja&amp;uact=8&amp;ved=0ahUKEwjOu_Sw1v3YAhVIchQKHdkyCC4QFggmMAA&amp;url=http%3A%2F%2Fgent.uab.cat%2Fconxitamarquez%2Fsites%2Fgent.uab.cat.conxitamarquez%2Ffiles%2F23._la_mirada_profesional_sobre_la_argumentacion_cientifica_escolar_en_la_formacion_inicial_0.pdf&amp;usg=AOvVaw2x4k7_WuNDn4B3Qes3ZqJB\">La mirada profesional sobre la argumentaci\u00f3n cient\u00edfica escolar en la formaci\u00f3n inicial<\/a>. <em>X Congreso Internacional sobre Investigaci\u00f3n en la Did\u00e1ctica de las Ciencias<\/em> (pp. 4671\u20134676).<\/p>\n\n\n\n<p>Pau, I.; M\u00e1rquez, C.; Marb\u00e0, A. (2017). <a href=\"https:\/\/www.google.es\/url?sa=t&amp;rct=j&amp;q=&amp;esrc=s&amp;source=web&amp;cd=1&amp;ved=0ahUKEwihjKCo1v3YAhWJXBQKHWxPBVgQFggmMAA&amp;url=http%3A%2F%2Fgent.uab.cat%2Fconxitamarquez%2Fsites%2Fgent.uab.cat.conxitamarquez%2Ffiles%2F34_-_cual_es_la_identidad_del_animal_0.pdf&amp;usg=AOvVaw0PaaJtNibYrPKZ5JszBLnp\">\u00bfCu\u00e1l es la identidad del animal?: Buscando pruebas en una novela<\/a>. <em>X Congreso Internacional sobre Investigaci\u00f3n en la Did\u00e1ctica de las Ciencias<\/em> (pp. 4515\u20134520).<\/p>\n\n\n\n<p>Lima da Silva, M. G.; Prat, B. O.; M\u00e1rquez, C. (2017). <a href=\"https:\/\/www.google.es\/url?sa=t&amp;rct=j&amp;q=&amp;esrc=s&amp;source=web&amp;cd=2&amp;cad=rja&amp;uact=8&amp;ved=0ahUKEwjcktOg1v3YAhXLPhQKHQvpANUQFggvMAE&amp;url=http%3A%2F%2Fgent.uab.cat%2Fconxitamarquez%2Fsites%2Fgent.uab.cat.conxitamarquez%2Ffiles%2F26_-_analisis_del_nivel_de_argumentacion_de_futuros_docentes_de_quimica__0.pdf&amp;usg=AOvVaw14wgSD-C4E-LMfXrXQacj-\">An\u00e1lisis del nivel de argumentaci\u00f3n de futuros docentes de qu\u00edmica al leer cr\u00edticamente un art\u00edculo de prensa<\/a>. <em>X Congreso Internacional sobre Investigaci\u00f3n en la Did\u00e1ctica de las Ciencias<\/em> (pp. 4509\u20134514).<\/p>\n\n\n\n<p>Nebot, M. R.; M\u00e1rquez, C. (2017). <a href=\"https:\/\/www.google.es\/url?sa=t&amp;rct=j&amp;q=&amp;esrc=s&amp;source=web&amp;cd=1&amp;ved=0ahUKEwjlt6CX1v3YAhUKPBQKHXhnDGIQFggpMAA&amp;url=https%3A%2F%2Fddd.uab.cat%2Fpub%2Fedlc%2Fedlc_a2017nEXTRA%2F10_-_Uso_del_modelo_cinetico-corpuscular_en_explicaciones.pdf&amp;usg=AOvVaw2KBVC6GjJwBb3suzRegdxL\">Uso del modelo cin\u00e9tico- corpuscular en explicaciones sobre fen\u00f3menos naturales<\/a>. <em>X Congreso Internacional sobre Investigaci\u00f3n en la Did\u00e1ctica de las Ciencias<\/em> (pp. 4287\u20134292).<\/p>\n\n\n\n<p>Boadas, E.; Monereo, C.; M\u00e1rquez, C. (2017). <a href=\"https:\/\/ddd.uab.cat\/record\/184420?ln=ca\">Contribucion de las actividades educativas en centros de ciencia para el desarrollo de las dimensiones de la competencia cientifca en alumnos de primaria.<\/a><em> X Congreso Internacional sobre Investigaci\u00f3n en la Did\u00e1ctica de las Ciencias<\/em> (pp. 1519-1524)<\/p>\n\n\n\n<p>M\u00e1rquez, C. (2017). Ense\u00f1ar a plantear preguntas investigables. Conferencia invitada. 2\u00b0 Seminario Internacional \u201cLenguaje de las Ciencias: Desaf\u00edos para promover una cultura indagatoria en el aula\u201d. Universidad Santiago de Chile, Proyecto Fondecyt 1150873, la red Iberoamericana de investigaci\u00f3n en did\u00e1ctica de las Ciencias Experimentales.<\/p>\n\n\n\n<p>Ruiz, F.; Rodas, J. M.; M\u00e1rquez, C.; Badillo, E. (2016). <a href=\"http:\/\/gent.uab.cat\/conxitamarquez\/sites\/gent.uab.cat.conxitamarquez\/files\/el_video_clip_una_herramienta_para_focalizar_aspectos_fundamentales_de_la_argumentacion_cientifica_en_el_aula.pdf\">El video clip una herramienta para focalizar aspectos fundamentales de la argumentaci\u00f3n cient\u00edfica en el aula. Comunicaci\u00f3 oral<\/a>. <em>S\u00e9ptimo Congreso Internacional sobre Formaci\u00f3n de Profesores de Ciencias<\/em>. Bogot\u00e0, Col\u00f2mbia.<\/p>\n\n\n\n<p>Paz, V., M\u00e1rquez, C.; Aduriz, A. (2016). <a href=\"http:\/\/gent.uab.cat\/conxitamarquez\/sites\/gent.uab.cat.conxitamarquez\/files\/vilmapaz_adbia_2016.pdf\">El desarrollo de una habilidad cognitivo ling\u00fc\u00edstica en una unidad did\u00e1ctica de la funci\u00f3n de nutrici\u00f3n del modelo ser vivo<\/a>. <em>XII Jornadas Nacionales y VII Congreso Internacional de Ense\u00f1anza de la Biolog\u00eda. Volver a las fuentes: La resignificaci\u00f3n de la ense\u00f1anza de la Biolog\u00eda en aulas reales<\/em>. Ciudad Aut\u00f3noma de Buenos Aires. Argentina.<\/p>\n\n\n\n<p>Pau. I; M\u00e1rquez, C; Marb\u00e0, A. (2016). <a href=\"http:\/\/gent.uab.cat\/conxitamarquez\/sites\/gent.uab.cat.conxitamarquez\/files\/argumentation_ecology.pdf\">Argumentation, ecology and novels<\/a>. Comunicaci\u00f3 oral. <em>ERIDOB 2016. Eleventh Conference of European Researchers in Didactics of Biology<\/em>, p. 118. Karlstad, Su\u00e8cia.<\/p>\n\n\n\n<p>M\u00e1rquez, C. (2016). Cap a on va la recerca en models i modelitzaci\u00f3? Pon\u00e8ncia. <em>I Jornades Modelitzaci\u00f3 i Aprenentatge de les Ci\u00e8ncies. Introduint la pr\u00e0ctica cient\u00edfica a l&#8217;aula<\/em>. UAB, Bellaterra (Cerdanyola del Vall\u00e8s), Espanya.<\/p>\n\n\n\n<p>Pau-Custodio. I; M\u00e1rquez, C; Marb\u00e0-Tallada, A. (2016). <a href=\"http:\/\/gent.uab.cat\/conxitamarquez\/sites\/gent.uab.cat.conxitamarquez\/files\/actes-ardist-lens-2016.pdf\">Utiliser des romans pour promouvoir l&#8217;alphab\u00e9tisation scientifique<\/a>. Comunicaci\u00f3 oral. <em>9e rencontres scientifiques de l&#8217;ARDiST<\/em>. Lens, Fran\u00e7a.<\/p>\n\n\n\n<p>Pedreira, M.; M\u00e1rquez. C. (2015). Learning processes in a 2-6 activity in a natural science museum. Comunicaci\u00f3. <em>EECERA. <\/em>Barcelona, Espanya.<\/p>\n\n\n\n<p>Castelltort, A.; Sanmart\u00ed, N.; M\u00e1rquez, C. (2015). Overcoming the difficulties about the water cycle from pre-service teacher education. P\u00f3ster. <em>ESERA 2015<\/em>. Helsinki, Finland.<\/p>\n\n\n\n<p>Dom\u00e8nech Calvet, A. M.; M\u00e1rquez, C. (2015). Analysis of students\u2019 profiles of positioning when dealing with Socio-Scientific Issues. Comunicaci\u00f3. <em>ESERA 2015<\/em>. Helsinki, Finland.<\/p>\n\n\n\n<p>Pau, I.; M\u00e1rquez, C.; Marb\u00e0, A. (2015).<a href=\"\/\/gent.uab.cat\/conxitamarquez\/sites\/gent.uab.cat.conxitamarquez\/files\/pau_2016_esera_0.pdf\" target=\"_blank\" rel=\"noopener\"> Choosing novels to promote scientific literacy at secondary school.<\/a> Comunicaci\u00f3. <em>ESERA 2015<\/em>. En J. Lavonen, K. Juuti, J. Lampiselk\u00e4, A. Uitto, &amp; K. Hahl (Eds.), Esera 2015 p. 1109\u20131117.&nbsp;Helsinki, Finland.<\/p>\n\n\n\n<p>Ruiz. F. J.; M\u00e1rquez, C. (2015). Las aproximaciones comunicativas dial\u00f3gicas, una herramienta indispensable para potenciar la argumentaci\u00f3n en ciencias. CINDU 2015. IV Congreso Internacional de Docencia Universitaria. Vigo, Espa\u00f1a.<\/p>\n\n\n\n<p>Dom\u00e9nech, A.M.; M\u00e1rquez, C. (2013).&nbsp;<a href=\"http:\/\/gent.uab.cat\/conxitamarquez\/sites\/gent.uab.cat.conxitamarquez\/files\/la%20medicalizacion.pdf\" target=\"_blank\" rel=\"noopener\">La medicalizaci\u00f3n como contexto sociocient\u00edfico para promover el desarrollo y uso de conocimientos cient\u00edficos.<\/a> Comunicaci\u00f3. IX Congreso internacional sobre investigaci\u00f3n en did\u00e1ctica de las ciencias. p. 1079-1084. Girona, Espanya.<\/p>\n\n\n\n<p>Nebot, R.M.; M\u00e1rquez, C. (2013).&nbsp;<a href=\"\/\/gent.uab.cat\/conxitamarquez\/sites\/gent.uab.cat.conxitamarquez\/files\/analisis%20del%20proceso%20de%20modelizacion_0.pdf\" target=\"_blank\" rel=\"noopener\">An\u00e1lisis del proceso de modelizaci\u00f3n de la din\u00e1mica de una cuenca hidrogeol\u00f3gica: estudio de las interacciones con una maqueta.<\/a>&nbsp; Comunicaci\u00f3. IX Congreso internacional sobre investigaci\u00f3n en did\u00e1ctica de las ciencias. p.2467-2472. Girona, Espanya.<\/p>\n\n\n\n<p>Oliveras, B.; M\u00e1rquez, C. (2013).&nbsp;<a href=\"http:\/\/gent.uab.cat\/conxitamarquez\/sites\/gent.uab.cat.conxitamarquez\/files\/la%20identificacion%20de%20pruebas.pdf\" target=\"_blank\" rel=\"noopener\">La identificaci\u00f3n de pruebas de un art\u00edculo de prensa y su aplicaci\u00f3n en la argumentaci\u00f3n de un problema real relacionado con la energ\u00eda.<\/a> Comunicaci\u00f3. IX Congreso internacional sobre investigaci\u00f3n en did\u00e1ctica de las ciencias. p.2601-2605. Girona, Espanya.<\/p>\n\n\n\n<p>Castelltort, A.; M\u00e1rquez, C.; Sanmart\u00ed, N. (2013).<a href=\"\/\/gent.uab.cat\/conxitamarquez\/sites\/gent.uab.cat.conxitamarquez\/files\/Alba_Castelltort_10Febr2014.pdf\" target=\"_blank\" rel=\"noopener\"> Detecting the implications of using research results to guide a teaching process in the class on teaching science.<\/a>&nbsp;ESERA Conference 2013. Nicosia,Xipre. Science Education Research For Evidence-based Teaching and Coherence in Learning. Proceedings of the ESERA 2013 Conference. p. 214-223.<\/p>\n\n\n\n<p>Castelltort,A.; M\u00e1rquez, C. (2013). Research and primary initial teacher training: A mutually beneficial relationship. P\u00f3ster. ESERA Conference 2013. Nicosia,Xipre.<\/p>\n\n\n\n<p>Dom\u00e9nech, A.M.; M\u00e1rquez, C. (2013). Promoting scientific knowledge and practices in a SSI context-based teaching unit. P\u00f3ster convidat. ESERA Conference 2013. Nicosia,Xipre.<\/p>\n\n\n\n<p>Dom\u00e9nech, A.M.; M\u00e1rquez, C. (2013).&nbsp;<a href=\"http:\/\/gent.uab.cat\/conxitamarquez\/sites\/gent.uab.cat.conxitamarquez\/files\/Ana%20Ma_Dom\u00e8nech_2Feb2014.pdf\" target=\"_blank\" rel=\"noopener\">Promoting students\u2019 critical thinking and argumentation through the analysis of the reliability of scientific studies related to a SSI: The case of ADHD. <\/a>Comunicaci\u00f3. ESERA Conference 2013. Nicosia,Xipre. Science Education Research For Evidence-based Teaching and Coherence in Learning. Proceedings of the ESERA 2013 Conference. p. 130-141.<\/p>\n\n\n\n<p>Dom\u00e8nch, A.M.; M\u00e1rquez, C.; Roca, M. (2012). Health as a crossroad of Socio-scientific Issues and Critical reading. Comunicaci\u00f3 oral en 9th Conference of european researchers in didactics of biology, Berlin, Alemanya.<\/p>\n\n\n\n<p>Izquierdo M., M\u00e1rquez C., Cabello, M. (en nombre del grupo de dise\u00f1o) (2012).&nbsp;<a href=\"http:\/\/gent.uab.cat\/conxitamarquez\/sites\/gent.uab.cat.conxitamarquez\/files\/Identificacion%20de%20los%20elementos%20esenciales%20en%20un%20dise%C3%B1o%20curricular%20por%20competencias.pdf\" target=\"_blank\" rel=\"noopener\">Identificaci\u00f3n de los elementos esenciales en un dise\u00f1o curricular &#8220;por competencias&#8221;.<\/a> Dom\u00ednguez Casti\u00f1eiras, J.M. (Ed.) Comunicaci\u00f3 oral, XXV Encuentro de did\u00e1ctica de las ciencias experimentales, p. 145-149. Santiago de Compostela, Espanya. [ISBN: 978-84-695-4673-4]<\/p>\n\n\n\n<p>Dom\u00e8nch, A.M.; M\u00e1rquez, C.; Roca, M. (2012).&nbsp;<a href=\"http:\/\/gent.uab.cat\/conxitamarquez\/sites\/gent.uab.cat.conxitamarquez\/files\/El%20uso%20de%20las%20controversias%20sociocient%C3%ADficas%20y%20la%20lectura%20cr%C3%ADtica%20para%20promover%20la%20transferencia%20de%20conocimientos%20cient%C3%ADficos.pdf\" target=\"_blank\" rel=\"noopener\">El uso de las controversias sociocient\u00edficas y la lectura cr\u00edtica par promover la transferencia de conocimientos cient\u00edficos.<\/a> Dom\u00ednguez Casti\u00f1eiras, J.M. (Ed.)&nbsp; Comunicaci\u00f3 oral, XXV Encuentro de did\u00e1ctica de las ciencias experimentales, p. 101-108. Santiago de Compostela, Espanya. [ISBN: 978-84-695-4673-4]<\/p>\n\n\n\n<p>Oliveras, B.; M\u00e1rquez, C.; Sanmart\u00ed, N. (2012).&nbsp;<a href=\"http:\/\/gent.uab.cat\/conxitamarquez\/sites\/gent.uab.cat.conxitamarquez\/files\/Dificultades%20del%20alumnado%20al%20alplicar%20los%20conocimientos%20de%20ciencia%20en%20el%20an%C3%A1lisis%20de%20un%20art%C3%ADculo%20de%20prensa%20propuestas%20de%20mejora.pdf\" target=\"_blank\" rel=\"noopener\">Dificultades del alumnado al aplicar los conocimientos de ciencias en el an\u00e1lisis de un art\u00edculo de prensa: propuestas de mejora<\/a>. Dom\u00ednguez Casti\u00f1eiras, J.M. (Ed.) Comunicaci\u00f3 oral, XXV Encuentro de did\u00e1ctica de las ciencias experimentales, p.109-116. Santiago de Compostela, Espanya. [ISBN: 978-84-695-4673-4]<\/p>\n\n\n\n<p>Nebot, M. R.; M\u00e1rquez, C.; Sanmart\u00ed, N. (2012).<a href=\"http:\/\/gent.uab.cat\/conxitamarquez\/sites\/gent.uab.cat.conxitamarquez\/files\/An%C3%A1lisis%20de%20las%20interacciones%20verbales%20en%20un%20trabajo%20pr%C3%A1ctico%20con%20un%20modelo%20anal%C3%B3gico%20de%20una%20cuenca%20hidrogeol%C3%B3gica.pdf\" target=\"_blank\" rel=\"noopener\"> An\u00e1lisis de las interacciones verbales en un trabajo pr\u00e1ctico con un modelo anal\u00f3gico de una cuenca hidrogeol\u00f3gica.<\/a> Dom\u00ednguez Casti\u00f1eiras, J.M. (Ed.) Comunicaci\u00f3 oral, XXV Encuentro de did\u00e1ctica de las ciencias experimentales, p. 67-74. Santiago de Compostela, Espanya. [ISBN: 978-84-695-4673-4]<\/p>\n\n\n\n<p>Ruiz, F.; M\u00e1rquez, C.; Tamayo, O. (2012). Cambios en el nivel argumentativo de los textos construidos por los docentes que participan en un procesos de reflexi\u00f3n cr\u00edtica sobre la argumentaci\u00f3n y su desarrollo en el aula. Comunicaci\u00f3. <em>I SIEC (I Simposio Internacional Ense\u00f1anza Ciencias)<\/em>. Online.<\/p>\n\n\n\n<p>Ruiz, F.J.; Marquez, C.; Eugenio, O. (2011).&nbsp;<a href=\"\/\/gent.uab.cat\/conxitamarquez\/sites\/gent.uab.cat.conxitamarquez\/files\/cambios%20en%20las%20concepciones%20de%20los%20docentes%20sobre%20la%20argumentaci%C3%B3n%20y%20su%20ense%C3%B1anza.pdf\" target=\"_blank\" rel=\"noopener\">Cambio en las concepciones de los docentes sobre la argumentaci\u00f3n y su ense\u00f1anza.<\/a> Comunicaci\u00f3 oral, IV Congreso Internacional de Pedagog\u00eda, Curr\u00edculo y Did\u00e1cticas, p.110-114. Pereira, Col\u00f2mbia.<\/p>\n\n\n\n<p>Marquez, C. (2011). C\u00f3mo ayudar a desarrollar la competencia cient\u00edfica a trav\u00e9s de la lectura. Confer\u00e8ncia, IV Congreso Internacional de Pedagog\u00eda, Curr\u00edculo y Did\u00e1cticas, Pereira, Col\u00f2mbia.<\/p>\n\n\n\n<p>M\u00e1rquez, C.; Ruiz, F.;Tamayo, O. (2011).&nbsp;<a href=\"http:\/\/gent.uab.cat\/conxitamarquez\/sites\/gent.uab.cat.conxitamarquez\/files\/teacher%27s%20change%20of%20conceptions%20on%20argumentation%20and%20its%20teaching.pdf\" target=\"_blank\" rel=\"noopener\">Teachers&#8217; change of conceptions on argumentation and its teaching.<\/a> Brugui\u00e8re et al. (Eds.) Comunicaci\u00f3 oral, 9th International ESERA Conference, p. 31-37. Li\u00f3, Fran\u00e7a. [ISBN: 978-9963-700-44-8]<\/p>\n\n\n\n<p>Dom\u00e8nech, A.M.; M\u00e1rquez, C. (2011).&nbsp;<a href=\"\/\/gent.uab.cat\/conxitamarquez\/sites\/gent.uab.cat.conxitamarquez\/files\/students%27%20opinions%20about%20a%20ssi.pdf\" target=\"_blank\" rel=\"noopener\">Students\u2019 opinions about a SSI: perspectives refered in their arguments about bears&#8217; reintroduction.<\/a> Brugui\u00e8re et al. (Eds.) Comunicaci\u00f3 oral,9th International ESERA Conference, Li\u00f3, Fran\u00e7a. [ISBN: 978-9963-700-44-8]<\/p>\n\n\n\n<p>Oliveras, B.; M\u00e1rquez, C.; Sanmart\u00ed, N. (2011).&nbsp;<a href=\"http:\/\/gent.uab.cat\/conxitamarquez\/sites\/gent.uab.cat.conxitamarquez\/files\/critical%20reading%20activities%20develop%20critical%20thinking.pdf\" target=\"_blank\" rel=\"noopener\">Critical reading activities to develop critical thinking in science classes<\/a>. Brugui\u00e8re et al. (Eds.) Comunicaci\u00f3 oral, 9th International ESERA Conference,&nbsp; p. 100-106. Li\u00f3, Fran\u00e7a. [ISBN: 978-9963-700-44-8]<\/p>\n\n\n\n<p>Mayerhofer, N.; M\u00e1rquez, C. (2011).&nbsp;<a href=\"http:\/\/gent.uab.cat\/conxitamarquez\/sites\/gent.uab.cat.conxitamarquez\/files\/NMAYERHOFER%20TED.pdf\" target=\"_blank\" rel=\"noopener\">Influencia de la discusi\u00f3n entre iguales en la representaci\u00f3n inicial del modelo ser vivo<\/a>. Pon\u00e8ncia, Quinto Congreso Internacional sobre Formaci\u00f3n de Profesores de Ciencias, p. 1762-1766. [ISSN: 0121-3814]<\/p>\n\n\n\n<p>Mayerhofer, N.; M\u00e1rquez, C. (2010)<a href=\"\/\/gent.uab.cat\/conxitamarquez\/sites\/gent.uab.cat.conxitamarquez\/files\/A%20influ%C3%AAncia%20da%20comunica%C3%A7%C3%A3o%20entre%20alunos%20na%20constru%C3%A7%C3%A3o%20do%20modelo%20ser%20vivo_0.pdf\" target=\"_blank\" rel=\"noopener\"> A influ\u00eancia da comunica\u00e7\u00e3o entre alunos na constru\u00e7\u00e3o do modelo ser vivo.<\/a> Comunicaci\u00f3 oral, III Encontro Nacional de Ensino de Biologia, IV Encontro Regional de Ensino de Biologia Regional 5, V Congreso Iberoamericano de Educaci\u00f3n en Ciencias Experimentales, Fortaleza, Brasil. SBEnBio, 3, 30-40.<\/p>\n\n\n\n<p>M\u00e1rquez, C. (2010). Educaci\u00f3n en Ciencias Experimentales: Un panorama actual. Confer\u00e8ncia convidada,III Encontro Nacional de Ensino de Biologia, IV Encontro Regional de Ensino de Biologia Regional 5, V Congreso Iberoamericano de Educaci\u00f3n en Ciencias Experimenatles,Fortaleza, Brasil.<\/p>\n\n\n\n<p>Domenech, A. M.;M\u00e1rquez, C. (2010).&nbsp;<a href=\"\/\/gent.uab.cat\/conxitamarquez\/sites\/gent.uab.cat.conxitamarquez\/files\/XXIVEDCCEECOMUNICACIONES%28CienciaySociedad%29.pdf\" target=\"_blank\" rel=\"noopener\">\u00bfQu\u00e9 tipo de argumentos utilizan los alumnos cuando toman decisiones ante un problema sociocient\u00edfico?<\/a> Comunicaci\u00f3 oral,&nbsp;XXIV Encuentro de Did\u00e1ctica de las Ciencias Experimentales, p. 261-267.&nbsp; Jaen, Espanya.<\/p>\n\n\n\n<p>M\u00e1rquez, C. (2010).&nbsp;<a href=\"http:\/\/gent.uab.cat\/conxitamarquez\/sites\/gent.uab.cat.conxitamarquez\/files\/XXIVEDCCEE%20COMUNICACIONES_desarrollo.pdf\" target=\"_blank\" rel=\"noopener\">Desarrollo de competencias cient\u00edficas: modelos y evidencias en la lectura, la escritura y la experimentaci\u00f3n.<\/a> Comunicaci\u00f3 oral,&nbsp;XXIV Encuentro de Did\u00e1ctica de las Ciencias Experimentales, p. 490-495. Jaen, Espanya.<\/p>\n\n\n\n<p>Mayerhofer, N.; M\u00e1rquez, C. (2010).&nbsp;<a href=\"http:\/\/gent.uab.cat\/conxitamarquez\/sites\/gent.uab.cat.conxitamarquez\/files\/XXIVEDCCEE%20COMUNICACIONES_desarrollo.pdf\" target=\"_blank\" rel=\"noopener\">El desarrollo de la competencia en reconocer y usar pruebas a partir del estudio de las caries en primaria.<\/a> Comunicaci\u00f3 oral,&nbsp;XXIV Encuentro de Did\u00e1ctica de las Ciencias Experimentales, p. 507-514. Jaen, Espanya.<\/p>\n\n\n\n<p>Paz, V. A.; M\u00e1rquez, C.; Ad\u00fariz, A. (2010).&nbsp;<a href=\"http:\/\/gent.uab.cat\/conxitamarquez\/sites\/gent.uab.cat.conxitamarquez\/files\/un%20enfoque%20de%20la%20actividad%20docente.pdf\" target=\"_blank\" rel=\"noopener\">Un enfoque de la actividad docente en el aula: la actividad cient\u00edfica escolar.<\/a> Comunicaci\u00f3 oral, IV Encuentro Iberoamericano de la Red de Investigadores en Did\u00e1ctica de las Ciencias Experimentales, la Matem\u00e1tica y la Tecnolog\u00eda. X Seminario internacional de Did\u00e1ctica de las Ciencias Naturales, la Matem\u00e1tica y la Tecnolog\u00eda. XII Encuentro Chileno de Educaci\u00f3n Qu\u00edmica, Santiago de Xile, Xile.<\/p>\n\n\n\n<p>Mayerhofer, N.; M\u00e1rquez, C. (2010).&nbsp;<a href=\"\/\/gent.uab.cat\/conxitamarquez\/sites\/gent.uab.cat.conxitamarquez\/files\/initial%20models%20for%20elementary%20students%20on%20dental%20caries.pdf\" target=\"_blank\" rel=\"noopener\">Initial models for elementary students on dental caries.<\/a> Comunicaci\u00f3 oral, ERIDOB 2010,&nbsp;p. 137.&nbsp; Braga, Portugal.<\/p>\n\n\n\n<p>Marb\u00e0-Tallada, A.; M\u00e1rquez, C. (2010).&nbsp;<a href=\"\/\/gent.uab.cat\/conxitamarquez\/sites\/gent.uab.cat.conxitamarquez\/files\/students%27%20attitudes%20towards%20science%20while%20studying%20biology.pdf\" target=\"_blank\" rel=\"noopener\">Students&#8217; attitudes towards science while studying biology: the incidence of the behavioural component.<\/a> Comunicaci\u00f3 oral, ERIDOB 2010, p. 135. Braga, Portugal.<\/p>\n\n\n\n<p>M\u00e1rquez, C.; Bonil, J. (2010).&nbsp;<a href=\"http:\/\/gent.uab.cat\/conxitamarquez\/sites\/gent.uab.cat.conxitamarquez\/files\/una%20propuesta%20de%20aplicaci%C3%B3n%20de%20la%20pr%C3%A1ctica%20reflexiva%20a%20la%20formaci%C3%B3n%20inicial%20de%20maestros%20de%20educacion%20primaria.pdf\" target=\"_blank\" rel=\"noopener\">Una propuesta de aplicaci\u00f3n de la pr\u00e1ctica reflexiva a la formaci\u00f3n inicial de maestros de Educaci\u00f3n Primaria.<\/a> Comunicaci\u00f3 oral,&nbsp;II Congreso Internacional de Did\u00e1cticas 2010, p. 1-7. Girona, Espanya.&nbsp;<\/p>\n\n\n\n<p>M\u00e1rquez, C. (2010).&nbsp;<a href=\"http:\/\/gent.uab.cat\/conxitamarquez\/sites\/gent.uab.cat.conxitamarquez\/files\/taula%20rodona_formacio%20profesorat%20secundaria.pdf\" target=\"_blank\" rel=\"noopener\">Formaci\u00f3n del profesorado de secundaria.<\/a> Taula rodona, II Congreso Internacional de Did\u00e1cticas 2010,Girona, Espanya.<\/p>\n\n\n\n<p>Mayerhofer, N.; M\u00e1rquez, C. (2009). Representa\u00e7\u00f5es iniciais sobre micr\u00f3bios desde o ponto de vista de alunos de prim\u00e1ria da regi\u00e3o de Cerdanyola del Vall\u00e8s. Comunicaci\u00f3 oral, XIII Encontro Nacional de educa\u00e7\u00e3o em ci\u00eancias (XIII ENEC), Castelo Branco, Portugal.<\/p>\n\n\n\n<p>Sard\u00e0, A.; M\u00e1rquez, C. (2009).&nbsp;<a href=\"http:\/\/gent.uab.cat\/conxitamarquez\/sites\/gent.uab.cat.conxitamarquez\/files\/evaluacion%20de%20la%20competencia%20cientifica%20del%20alumnado%20de%204%20eso%20segun%20los%20items%20pisa.pdf\" target=\"_blank\" rel=\"noopener\">Evaluaci\u00f3n de la competencia cient\u00edfica del alumnado de 4\u00ba de ESO seg\u00fan los \u00edtems del PISA.<\/a> Ense\u00f1anza de las Ciencias, N\u00famero Extra VIII Congreso Internacional sobre Investigaci\u00f3n en Did\u00e1ctica de las Ciencias, p. 1163-1167. Barcelona, Espanya. [ISNN: 0212-4521]<\/p>\n\n\n\n<p>Marb\u00e0, A.; M\u00e1rquez, C.(2009) \u00bfQu\u00e9 factores influyen en la decisi\u00f3n de estudiar ciencias?. Ense\u00f1anza de las Ciencias, N\u00famero Extra VIII Congreso Internacional sobre Investigaci\u00f3n en Did\u00e1ctica de las Ciencias, p. 1306-1310. Barcelona, Espanya. [ISNN: 0212-4521]<\/p>\n\n\n\n<p>Mayerhofer, N.; M\u00e1rquez, C. (2009).&nbsp;<a href=\"\/\/gent.uab.cat\/conxitamarquez\/sites\/gent.uab.cat.conxitamarquez\/files\/la%20influencia%20de%20la%20palabra%20microbio%20en%20las%20representaciones%20iniciales%20de%20alumnos%20de%20primaria.pdf\" target=\"_blank\" rel=\"noopener\">La influencia de la palabra microbio en las representaciones iniciales de alumnos de primaria.<\/a> Ense\u00f1anza de las Ciencias, N\u00famero Extra VIII Congreso Internacional sobre Investigaci\u00f3n en Did\u00e1ctica de las Ciencias, p. 2086-2092. Barcelona, Espanya. [ISNN: 0212-4521]<\/p>\n\n\n\n<p>M\u00e1rquez, C. (2009). <a href=\"\/\/gent.uab.cat\/conxitamarquez\/sites\/gent.uab.cat.conxitamarquez\/files\/simposio%20promover%20la%20competencia%20cientficia%20a%20traves%20de%20la%20argumentacion%20y%20el%20pensamiento%20critico.pdf\" target=\"_blank\" rel=\"noopener\">Simposio: promover la competencia cient\u00edfica a trav\u00e9s de la argumentaci\u00f3n y el pensamiento cr\u00edtico.<\/a> Ense\u00f1anza de las Ciencias, N\u00famero Extra VIII Congreso Internacional sobre Investigaci\u00f3n en Did\u00e1ctica de las Ciencias, p. 1278-1279. Barcelona, Espanya [ISNN: 0212-4521]<\/p>\n\n\n\n<p>Bonil, J.; M\u00e1rquez, C.; Calafell, G. (2008).&nbsp;<a href=\"\/\/gent.uab.cat\/conxitamarquez\/sites\/gent.uab.cat.conxitamarquez\/files\/el%20dialogo%20entre%20educacion%20cient%C3%ADfica%20poes%C3%ADa%20y%20danza.pdf\" target=\"_blank\" rel=\"noopener\">El di\u00e1logo entre educaci\u00f3n cient\u00edfica, poes\u00eda y danza como eje de la ambientalizaci\u00f3n curricular de la asignatura de Did\u00e1ctica de las Ciencias Experimentales.<\/a> V Congreso de Docencia Universitaria, p.166-168. Val\u00e8ncia, Espanya.<\/p>\n\n\n\n<p>Sard\u00e0, A.; M\u00e1rquez, C.; Marb\u00e0, A. (2008).&nbsp;<a href=\"\/\/gent.uab.cat\/conxitamarquez\/sites\/gent.uab.cat.conxitamarquez\/files\/understanding%20de%20human%20nervous.pdf\" target=\"_blank\" rel=\"noopener\">Understanding the human nervous system through a scale model activity.<\/a> P\u00f2ster, ERIDOB CONFERENCE 2008, p. 84. Utretch, Holanda.<\/p>\n\n\n\n<p>Marb\u00e0, A.; M\u00e1rquez, C. (2008).&nbsp;<a href=\"\/\/gent.uab.cat\/conxitamarquez\/sites\/gent.uab.cat.conxitamarquez\/files\/why%20do%20students%20chose%20to.pdf\" target=\"_blank\" rel=\"noopener\">Why do students choose to study biology?<\/a> P\u00f2ster, ERIDOB CONFERENCE 2008, p. 63. Utretch, Holanda.<\/p>\n\n\n\n<p>Bonil, J.; M\u00e1rquez, C.; Ribas, T.; Guasch, O. (2008).&nbsp;<a href=\"\/\/gent.uab.cat\/conxitamarquez\/sites\/gent.uab.cat.conxitamarquez\/files\/una%20experiencia%20de%20trabajo%20interdisciplinar_0.pdf\" target=\"_blank\" rel=\"noopener\">Una experiencia de trabajo interdisciplinar en la formaci\u00f3n inicial de maestros<\/a>. Comunicaci\u00f3, XXIII encuentros de Did\u00e1ctica de las Ciencias Experimentales,&nbsp; Almeria, Espanya. Publicat a Ciencias para el mundo contempor\u00e1neo y formaci\u00f3n del profesorado en did\u00e1ctica de las ciencias experimentales. Jim\u00e9nez, M. R. (ed.) p. 384-399.&nbsp; Editorial Universidad de Almer\u00eda. [ISBN: 978-84-691-5088-7]<\/p>\n\n\n\n<p>M\u00e1rquez, C. (2008).&nbsp;<a href=\"http:\/\/gent.uab.cat\/conxitamarquez\/sites\/gent.uab.cat.conxitamarquez\/files\/formacion%20incial%20del%20profesorado%20de%20secundaria.pdf\" target=\"_blank\" rel=\"noopener\">Formaci\u00f3n Inicial del profesorado de secundaria.<\/a> Taula rodona, XXIII encuentros de Did\u00e1ctica de las Ciencias Experimentales, Almeria, Espanya. Publicat a Ciencias para el mundo contempor\u00e1neo y formaci\u00f3n del profesorado en did\u00e1ctica de las ciencias experimentales. Jim\u00e9nez, M. R. (ed.) p. 264-274.&nbsp; Editorial Universidad de Almer\u00eda. [ISBN: 978-84-691-5088-7]<\/p>\n\n\n\n<p>M\u00e1rquez, C.; Bonil, J. (2008). Las experiencias de los futuros maestros de sus clases de ciencias. Un punto de partida para su formaci\u00f3n. 5\u00e8 Congr\u00e9s internacional de doc\u00e8ncia universit\u00e0ria i innovaci\u00f3, Lleida, Espanya.<\/p>\n\n\n\n<p>Marb\u00e0, A.;M\u00e1rquez, C.;Sanmart\u00ed, N. (2007).&nbsp;<a href=\"http:\/\/gent.uab.cat\/conxitamarquez\/sites\/gent.uab.cat.conxitamarquez\/files\/barcelona%20fa%20ciencia.pdf\" target=\"_blank\" rel=\"noopener\">Barcelona fa ci\u00e8ncia! Una actividad orientada a acercar la ciencia a los j\u00f3venes.<\/a> P\u00f2ster, IV Congreso Comunicaci\u00f3n Social de la Ciencia. Cultura cient\u00edfica y cultura democr\u00e1tica, Madrid, Espanya.<\/p>\n\n\n\n<p>M\u00e1rquez, C;&nbsp; Prat, A; Marb\u00e0, A. (2007).&nbsp;<a href=\"\/\/gent.uab.cat\/conxitamarquez\/sites\/gent.uab.cat.conxitamarquez\/files\/reading%20critically%20press%20in%20science%20class.pdf\" target=\"_blank\" rel=\"noopener\">Reading critically press advertisement in the science class<\/a>.Comunicaci\u00f3 oral, 7th International ESERA Conference, Malm\u00f6, Su\u00e8cia.<\/p>\n\n\n\n<p>Izquierdo, M.; Marz\u00e1bal, A.; M\u00e1rquez; Gouvea, G. (2007).&nbsp;<a href=\"\/\/gent.uab.cat\/conxitamarquez\/sites\/gent.uab.cat.conxitamarquez\/files\/experimental%20stories%20in%20science%20textbooks.pdf\" target=\"_blank\" rel=\"noopener\">Experimental stories in science texbooks<\/a>. Comunicaci\u00f3 oral, 7th International ESERA Conference, Malm\u00f6, Su\u00e8cia.<\/p>\n\n\n\n<p>Marb\u00e0, A; M\u00e1rquez, C. (2007).&nbsp;<a href=\"\/\/gent.uab.cat\/conxitamarquez\/sites\/gent.uab.cat.conxitamarquez\/files\/attitudes%20toward%20science.pdf\" target=\"_blank\" rel=\"noopener\">Attitudes toward science during scholarship<\/a>.Comunicaci\u00f3 oral, 7th International ESERA Conference, Malm\u00f6, Su\u00e8cia.<\/p>\n\n\n\n<p>Marb\u00e0, A; M\u00e1rquez, C. (2007). Changes during scholarship regarding attitudes toward science.Comunicaci\u00f3 oral, 7th International ESERA Conference, Malm\u00f6, Su\u00e8cia.<\/p>\n\n\n\n<p>Xifra, C; Bonil, J; Canelo, J; Marquez, C. (2007).<a href=\"\/\/gent.uab.cat\/conxitamarquez\/sites\/gent.uab.cat.conxitamarquez\/files\/la%20resolucion%20de%20los%20problemas%20ambientales.pdf\" target=\"_blank\" rel=\"noopener\"> La resoluci\u00f3n de problemas ambientales en formaci\u00f3n inicial de maestros, una contribuci\u00f3n a l&#8217;Educaci\u00f3n para la Sostenibilidad<\/a>. Pon\u00e8ncia, I congreso internacional de innovaci\u00f3n docente: Interdisciplinariedad y Ecoformaci\u00f3n, Barcelona, Espanya.<\/p>\n\n\n\n<p>Bonil, J; Marquez, C; Guasch, O; Ribas, T (2007).&nbsp;<a href=\"\/\/gent.uab.cat\/conxitamarquez\/sites\/gent.uab.cat.conxitamarquez\/files\/Formar%20a%20maestros%20desde%20un%20enfoque%20transdisciplinar.pdf\" target=\"_blank\" rel=\"noopener\">Formar a maestros desde un enfoque transdisciplinar.<\/a> Pon\u00e8ncia, I congreso internacional de innovaci\u00f3n docente: Interdisciplinariedad y Ecoformaci\u00f3n, Barcelona, Espanya.<\/p>\n\n\n\n<p>Izquierdo, M.; M\u00e1rquez, C. (2007).&nbsp;<a href=\"\/\/gent.uab.cat\/conxitamarquez\/sites\/gent.uab.cat.conxitamarquez\/files\/structures%20r%C3%A9thoriques.pdf\" target=\"_blank\" rel=\"noopener\">Structures rh\u00e9toriques dan les livres de texte de sciences. <\/a>International meeting on Critical Analysis of school science textbook, Hammamet, Tun\u00edsia.<\/p>\n\n\n\n<p>Marb\u00e0, A.; M\u00e1rquez, C. (2006).&nbsp;<a href=\"\/\/gent.uab.cat\/conxitamarquez\/sites\/gent.uab.cat.conxitamarquez\/files\/learning%20to%20read%20biology.pdf\" target=\"_blank\" rel=\"noopener\">Learning to read biology (and reading to learn biology)<\/a>. P\u00f2ster, 6th Conference of European Researchers in Didactics of Biology, Londres, Regne Unit.&nbsp;<\/p>\n\n\n\n<p>Bonil, J.; M\u00e1rquez, C.; Guasch, O.; Seix, T. (2006). El format ECTS com a oportunitat per dialogar entre els continguts de dues assignatures en la formaci\u00f3 inicial de mestres de Prim\u00e0ria. Comunicaci\u00f3 oral, 4t Congr\u00e9s Internacional &#8220;Doc\u00e8ncia universit\u00e0ria i innovaci\u00f3&#8221;. Barcelona, Espanya.<\/p>\n\n\n\n<p>M\u00e1rquez, C.; Sanmart\u00ed N.; Panyella, E. (2006).&nbsp;<a href=\"\/\/gent.uab.cat\/conxitamarquez\/sites\/gent.uab.cat.conxitamarquez\/files\/ciencias%20en%20mi%20futuro%20profesional.pdf\" target=\"_blank\" rel=\"noopener\">\u00bfCiencias en mi futuro profesional? Un estudio de las actitudes de los j\u00f3venes de 10 a 16 a\u00f1os en relaci\u00f3n a la ciencia y la tecnologia. <\/a>Comunicaci\u00f3,&nbsp; IV Seminario Ib\u00e9rico de Ciencia, Tecnolog\u00eda y Sociedad en la Educaci\u00f3n Cient\u00edfica, p. 1-9. M\u00e0laga, Espanya. [ISBN: 84-689-8925-8]<\/p>\n\n\n\n<p>M\u00e1rquez, C.; Marb\u00e0, A. (2006).&nbsp;<a href=\"http:\/\/gent.uab.cat\/conxitamarquez\/sites\/gent.uab.cat.conxitamarquez\/files\/leer%20ciencias%20para%20aprender%20ciencias.pdf\" target=\"_blank\" rel=\"noopener\">Leer Ciencias para Aprender Ciencias<\/a>, Diagnosis de la lectura Cr\u00edtica. Comunicaci\u00f3,&nbsp; IV Seminario Ib\u00e9rico de Ciencia, Tecnolog\u00eda y Sociedad en la Educaci\u00f3n Cient\u00edfica, M\u00e0laga, Espanya.<\/p>\n\n\n\n<p>M\u00e1rquez, C. (2006). Plantear buenas preguntas: el punto de partida para mirar, ver y explicar con sentido. Confer\u00e8ncia,&nbsp;Primer encuentro iberoamericano de investigaci\u00f3n sobre la ense\u00f1anza de&nbsp; las ciencias y las matematicas, Medell\u00edn, Col\u00f2mbia.&nbsp;<\/p>\n\n\n\n<p>M\u00e1rquez, C.; Guasch, O.; Bonil, J.; Ribas, T. (2005). Col\u00b7laboraci\u00f3 entre dues assignatures a la formaci\u00f3 inicial dels mestres de prim\u00e0ria. Comentarista, II Jornada&nbsp; de Campus d&#8217;Innovaci\u00f3 Docent. ICE.UAB, Bellaterra (Cerdanyola del Vall\u00e8s), Espanya.<\/p>\n\n\n\n<p>M\u00e0rquez, C. Bonil, J. Pujol, R.M. (2005) <a href=\"\/\/gent.uab.cat\/conxitamarquez\/sites\/gent.uab.cat.conxitamarquez\/files\/las%20preguntas%20mediadoras.pdf\" target=\"_blank\" rel=\"noopener\">Las preguntas mediadoras como recursos para favorecer la construcci\u00f3n de modelos cient\u00edficos complejos.<\/a> Comunicaci\u00f3, VII Congreso Internacional sobre Investigaci\u00f3n en la Did\u00e1ctica de las Ciencias, Granada, Espanya. Ense\u00f1anza de las ciencias, N\u00fam. Extra ( 2005) , p. 1-6, [ISSN 0212-4521]<\/p>\n\n\n\n<p>Ad\u00fariz, A.; M\u00e1rquez, C.; Sanmart\u00ed. N. (2005) <a href=\"http:\/\/gent.uab.cat\/conxitamarquez\/sites\/gent.uab.cat.conxitamarquez\/files\/la%20mediacion%20analogica%20en%20la%20ciencia%20escolar_0.pdf\" target=\"_blank\" rel=\"noopener\">La mediaci\u00f3n anal\u00f3gica en la ciencia escolar. Propuesta de la &#8220;funci\u00f3n modelo te\u00f3rico&#8221;. <\/a>Comunicaci\u00f3, VII Congreso Internacional sobre Investigaci\u00f3n en la Did\u00e1ctica de las Ciencias, Granada, Espanya. Ense\u00f1anza de las ciencias, N\u00fam. Extra ( 2005) , p. 1-6, [ISSN 0212-4521]<\/p>\n\n\n\n<p>Roca, M.; M\u00e1rquez, C. (2005) <a href=\"\/\/gent.uab.cat\/conxitamarquez\/sites\/gent.uab.cat.conxitamarquez\/files\/la%20preguntas%20de%20los%20libros%20de%20texto.pdf\" target=\"_blank\" rel=\"noopener\">Las preguntas de los libros de texto y la construcci\u00f3n de modelos cient\u00edficos<\/a>. Comunicaci\u00f3, VII Congreso Internacional sobre Investigaci\u00f3n en la Did\u00e1ctica de las Ciencias, Granada, Espanya. Ense\u00f1anza de las ciencias, N\u00fam. Extra ( 2005) , p. 1-6, [ISSN 0212-4521]<\/p>\n\n\n\n<p>Izquierdo, M.; M\u00e1rquez, C.(2005)&nbsp;<a href=\"http:\/\/gent.uab.cat\/conxitamarquez\/sites\/gent.uab.cat.conxitamarquez\/files\/la%20funcion%20retorica.pdf\" target=\"_blank\" rel=\"noopener\">La funci\u00f3n ret\u00f3rica de las narraciones en los libros de ciencias.<\/a>&nbsp;Comunicaci\u00f3, VII Congreso Internacional sobre Investigaci\u00f3n en la Did\u00e1ctica de las Ciencias, Granada, Espanya. Ense\u00f1anza de las ciencias, N\u00fam. Extra ( 2005) , p. 1-6, [ISSN 0212-4521]<\/p>\n\n\n\n<p>Paz. V.; M\u00e1rquez, C.; Sanmart\u00ed, N. (2005) <a href=\"http:\/\/gent.uab.cat\/conxitamarquez\/sites\/gent.uab.cat.conxitamarquez\/files\/analisisi%20de%20una%20propuesta%20para%20la%20ense%C3%B1anza%20del%20resumen%20en%20las%20clases%20de%20ciencias.pdf\" target=\"_blank\" rel=\"noopener\">An\u00e1lisis de una propuesta para la ense\u00f1anza del resumen en las clases de ciencias<\/a>. Comunicaci\u00f3, VII Congreso Internacional sobre Investigaci\u00f3n en la Did\u00e1ctica de las Ciencias, Granada, Espanya. Ense\u00f1anza de las ciencias, N\u00fam. Extra ( 2005) , p. 1-6, [ISSN 0212-4521]<\/p>\n\n\n\n<p>Marb\u00e0, A.; M\u00e1rquez, C.; Sanmart\u00ed, N. (2005) <a href=\"http:\/\/gent.uab.cat\/conxitamarquez\/sites\/gent.uab.cat.conxitamarquez\/files\/el%20conocimiento%20cientifico%20los%20textos%20de%20ciencias%20y%20la%20lectura%20en%20el%20aula.pdf\" target=\"_blank\" rel=\"noopener\">El conocimiento cient\u00edfico, los textos de ciencias y la lectura en el aula. <\/a>Comunicaci\u00f3, VII Congreso Internacional sobre Investigaci\u00f3n en la Did\u00e1ctica de las Ciencias, Granada, Espanya.Ense\u00f1anza de las ciencias, N\u00fam. Extra ( 2005) , p. 1-6, [ISSN 0212-4521]<\/p>\n\n\n\n<p>M\u00e1rquez, C.; Marb\u00e0, A. (coord.) (2005) <a href=\"http:\/\/gent.uab.cat\/conxitamarquez\/sites\/gent.uab.cat.conxitamarquez\/files\/los%20textos%20la%20lectura%20y%20el%20aprendizaje%20cientifico.pdf\" target=\"_blank\" rel=\"noopener\">Los textos, la lectura y el aprendizaje cient\u00edfico. <\/a>Simposi, VII Congreso Internacional sobre Investigaci\u00f3n en la Did\u00e1ctica de las Ciencias, Granada, Espanya. Ense\u00f1anza de las ciencias, N\u00fam. Extra ( 2005) , p. 1-6, [ISSN 0212-4521]<\/p>\n\n\n\n<p>Sard\u00e0, A.; M\u00e1rquez, C.; Sanmart\u00ed, N. (2005) <a href=\"http:\/\/gent.uab.cat\/conxitamarquez\/sites\/gent.uab.cat.conxitamarquez\/files\/como%20favorecer%20la%20comprensio%20de%20textos%20de%20ciencias.pdf\" target=\"_blank\" rel=\"noopener\">\u00bfC\u00f3mo favorecer la comprensi\u00f3n de textos de ciencias?.<\/a> Comunicaci\u00f3, VII Congreso Internacional sobre Investigaci\u00f3n en la Did\u00e1ctica de las Ciencias, Granada, Espanya. Ense\u00f1anza de las ciencias, N\u00fam. Extra ( 2005) , p. 1-6, [ISSN 0212-4521]<\/p>\n\n\n\n<p>Izquierdo, M.; Marquez, C. (2005) <a href=\"\/\/gent.uab.cat\/conxitamarquez\/sites\/gent.uab.cat.conxitamarquez\/files\/rethorical%20structures%20in%20science%20books.pdf\" target=\"_blank\" rel=\"noopener\">Rethorical structures in science textbooks.<\/a> Comunicaci\u00f3, 6th Internacional ESERA Conference, Barcelona, Espanya.<\/p>\n\n\n\n<p>Sanmart\u00ed, N. M\u00e1rquez, C, Sard\u00e0, A .(2005) <a href=\"http:\/\/gent.uab.cat\/conxitamarquez\/sites\/gent.uab.cat.conxitamarquez\/files\/strategies%20to%20encourage.pdf\" target=\"_blank\" rel=\"noopener\">Strategies to encourage comprehension when reading scientific texts.<\/a> Comunicaci\u00f3, 6th Internacional ESERA Conference, Barcelona, Espanya.<\/p>\n\n\n\n<p>Sanmart\u00ed, N. Marb\u00e1, A. M\u00e1rquez, C. (2005) <a href=\"\/\/gent.uab.cat\/conxitamarquez\/sites\/gent.uab.cat.conxitamarquez\/files\/briding%20the%20gap%20between.pdf\" target=\"_blank\" rel=\"noopener\">Bridging the gap between sciencie models, texts and non-expert readers.<\/a> Comunicaci\u00f3, 6th Internacional ESERA Conference, Barcelona, Espanya.<\/p>\n\n\n\n<p>M\u00e1rquez, C.; Bonil, J.; Pujol, R.M. (2004) <a href=\"http:\/\/gent.uab.cat\/conxitamarquez\/sites\/gent.uab.cat.conxitamarquez\/files\/les%20sortides%20al%20medi%20en%20formaci%C3%B3%20incial%20de%20mestres%20com%20a%20eina%20d%27ambientalitzaci%C3%B3%20curricular.pdf\" target=\"_blank\" rel=\"noopener\">Les sortides al medi en formaci\u00f3 inicial com a eina d&#8217;ambientalitzaci\u00f3 curricular.<\/a>&nbsp;Comunicaci\u00f3, III Congr\u00e9s Internacional: Doc\u00e8ncia Universit\u00e0ria i Innovaci\u00f3, Girona, Espanya.<\/p>\n\n\n\n<p>Bonil, J; Marquez, C; Pujol, RM. (2004) <a href=\"http:\/\/gent.uab.cat\/conxitamarquez\/sites\/gent.uab.cat.conxitamarquez\/files\/integrar%20la%20complejidad%20en%20la%20did%C3%A1ctica%20de%20las%20ciencias%20en%20formacion%20inical%20de%20maestros%20el%20caso%20del%20crecimiento%20humano.pdf\" target=\"_blank\" rel=\"noopener\">Integrar la complexitat a la did\u00e0ctica de les ci\u00e8ncies en formaci\u00f3 inicial de mestres: el cas del creixement hum\u00e0.<\/a> Comunicaci\u00f3, III Congr\u00e9s Internacional: Doc\u00e8ncia Universit\u00e0ria i Innovaci\u00f3, Girona, Espanya.<\/p>\n\n\n\n<p>M\u00e1rquez, C.; Sanmart\u00ed, N.; Izquierdo, M. (2004) <a href=\"\/\/gent.uab.cat\/conxitamarquez\/sites\/gent.uab.cat.conxitamarquez\/files\/la%20formacion%20del%20alumno%20como%20ciudadano%20lector.pdf\" target=\"_blank\" rel=\"noopener\">La formaci\u00f3n del alumno como ciudadano lector de textos de ciencias.<\/a> Comunicaci\u00f3, III Seminario Ib\u00e9rico Ci\u00eancia &#8211; Tecnolog\u00eda &#8211; Sociedade no Ensino das Ci\u00e8ncias, Aveiro, Portugal. [ISBN: 972-789-126-8]<\/p>\n\n\n\n<p>Marb\u00e0, A.; M\u00e1rquez, C.; Sanmart\u00ed, N. (2004) <a href=\"\/\/gent.uab.cat\/conxitamarquez\/sites\/gent.uab.cat.conxitamarquez\/files\/los%20textos%20de%20ciencias%20como%20herramienta.pdf\" target=\"_blank\" rel=\"noopener\">Los textos de ciencias como herramiento de construcci\u00f3n de conocimiento a lo largo de toda la vida del individuo.<\/a> Comunicaci\u00f3, III Seminario Ib\u00e9rico Ci\u00eancia &#8211; Tecnolog\u00eda &#8211; Sociedade no Ensino das Ci\u00e8ncias, Aveiro, Portugal. [ISBN: 972-789-126-8]<\/p>\n\n\n\n<p>Bonil, J.; M\u00e1rquez, C.; Pujol, R.M. (2004) El crecimiento humano como herramienta para introducir el paradigma de la complejidad en el trabajo cotidiano en el aula. Comunicaci\u00f3, Conferencia Internacional &#8220;Educa\u00e7ao para o desenvolvimiento sustentavel-prepara\u00e7ao da d\u00e9cada das na\u00e7oes unidas&#8221;, Braga, Portugal.<\/p>\n\n\n\n<p>Marquez, C; Espinet, M y Izquierdo, M. (2003) <a href=\"http:\/\/gent.uab.cat\/conxitamarquez\/sites\/gent.uab.cat.conxitamarquez\/files\/modelling%20the%20water%20cycle.pdf\" target=\"_blank\" rel=\"noopener\">Modelling the water cycle through science teachers multimodal discourse.<\/a> Comunicaci\u00f3, 5th International ESERA Conference, Noordwijkerhout, Holanda.<\/p>\n\n\n\n<p>Marins, I.; Mort\u00edmer, E; M\u00e1rquez, C.; Castells, M. (2002)&nbsp;Moreira, M. A. i Concesa, M.&nbsp;(coord.) Discurso multimodal en la ense\u00f1anza de Ciencias y de Matem\u00e1tica : implicaciones did\u00e1cticas para la formaci\u00f3n del profesorado: una experiencia de colaboraci\u00f3n acad\u00e9mica entre Brasil y Espa\u00f1a. Comunicaci\u00f3, I Encuentro Iberoamericano de investigaci\u00f3n en Educaci\u00f3n en Ciencias, Burgos, Espanya. [ISBN: 84-95211-82-3], pag. 499-500.<\/p>\n\n\n\n<p>M\u00e1rquez, C.; Espinet, M.; Izquierdo, M. (2001) <a href=\"\/\/gent.uab.cat\/conxitamarquez\/sites\/gent.uab.cat.conxitamarquez\/files\/el%20discurso%20del%20profesor.pdf\" target=\"_blank\" rel=\"noopener\">El discurso del professor en la modelizaci\u00f3n del ciclo del agua en la educaci\u00f3n secundaria. <\/a>Comunicaci\u00f3, VI Congreso Internacional sobre Investigaci\u00f3n en la Did\u00e1ctica de las Ciencias, Barcelona, Espanya.<\/p>\n\n\n\n<p>M\u00e1rquez, C.; Espinet, M. (2001) <a href=\"\/\/gent.uab.cat\/conxitamarquez\/sites\/gent.uab.cat.conxitamarquez\/files\/el%20ciclo%20del%20agua.pdf\" target=\"_blank\" rel=\"noopener\">El ciclo del agua en los libros de texto de secundaria.<\/a> Simposium, VI Congreso Internacional sobre Investigaci\u00f3n en la Did\u00e1ctica de las Ciencias, Barcelona, Espanya.<\/p>\n\n\n\n<p>Izquierdo, M.; M\u00e1rquez, C.; Espinet, M. (2001) <a href=\"http:\/\/gent.uab.cat\/conxitamarquez\/sites\/gent.uab.cat.conxitamarquez\/files\/interactions%20in%20the%20classroom.pdf\" target=\"_blank\" rel=\"noopener\">Interactions in the classroom. Dialogue: multimodal communication.<\/a> Simp\u00f2sium, 3rd International ESERA Conference, Tessal\u00f2nica, Gr\u00e8cia.<\/p>\n\n\n\n<p>Izquierdo, M.; M\u00e1rquez, C. (1993) The use of theoretical models in science teaching. The paradigmatic fact. Pon\u00e8ncia, Third International Seminar. Misconceptions and Science Education, Ithaca, Gr\u00e8cia.<\/p>\n\n\n\n<p>Sanmart\u00ed, N.; Izquierdo, M. ; M\u00e1rquez, C. (1992) <a href=\"http:\/\/gent.uab.cat\/conxitamarquez\/sites\/gent.uab.cat.conxitamarquez\/files\/substantialitzaion%20a%20necessary%20stage.pdf\" target=\"_blank\" rel=\"noopener\">Substantialization: A necessary stage?<\/a> S. Hills (ed.) Comunicaci\u00f3, Second International Conference on the History and Philosophy of Science and Science Teaching, p. 313-340. Kingston, Canad\u00e0. Volume II<\/p>\n\n\n\n<p>M\u00e1rquez, C. (1989) El uso de esquemas V en la did\u00e1ctica y epistemolog\u00eda de la Qu\u00edmica. P\u00f2ster, Tercer congreso en Investigaci\u00f3n en did\u00e1ctica de la Ciencia, Santiago de Compostel\u00b7la, Espanya.<\/p>\n\n\n\n<h2 class=\"wp-block-heading\"><strong>National: <\/strong><\/h2>\n\n\n\n<p>Nebot, MR.;\u00a0 M\u00e1rquez, C. (2021) Modelizaci\u00f3n de la estructura y din\u00e1mica de los acu\u00edferos. 29 Encuentros de Did\u00e1ctica de las Ciencias Experimentales. C\u00f3rdoba. Espa\u00f1a. Comunicaci\u00f3 oral.<\/p>\n\n\n\n<p>P\u00e9rez-Torres, M., S\u00e1ndez, N., M\u00e1rquez, C., Couso, D. (2021) Comparaci\u00f3n de seis r\u00fabricas para evaluar proyectos escolares de ciencias de educaci\u00f3n secundaria. 29 Encuentros de Did\u00e1ctica de las Ciencias Experimentales.\u00a0C\u00f3rdoba. Espa\u00f1a. Comunicaci\u00f3 oral.<\/p>\n\n\n\n<p>Cortes, A.; Espinet, M.; M\u00e1rquez, C. (2019). Herramientas para el an\u00e1lisis del uso de los contextos en una secuencia de ense\u00f1anza y aprendizaje de qu\u00edmica en educaci\u00f3n secundaria. Comunicaci\u00f3n P\u00f3ster.\u00a0VII Jornades sobre l&#8217;ensenyament de la F\u00edsica i la Qu\u00edmica a l&#8217;educaci\u00f3 secund\u00e0ria.\u00a0Any Internacional de la Taula Peri\u00f2dica dels Elements Qu\u00edmics. Col\u00b7legi de Doctors i llicenciats de Catalunya.<\/p>\n\n\n\n<p>Cortes, A.; Espinet, M.; M\u00e1rquez, C. (2019). El uso de los contextos en la ense\u00f1anza de la qu\u00edmica. Comunicaci\u00f3n Oral. V Encuentro de Investigadores\/as, Profesionales y Creadores\/as y II Jornada de Estudios Latinoamericanos. Retos y Oportunidades para la Transformaci\u00f3n de las Sociedades. Barcelona. Red INCHE.<\/p>\n\n\n\n<p>Pau, I.; M\u00e1rquez, C.; Marb\u00e0-Tallada, A. (2018). La narrativa de ficci\u00f3n como contexto socio-cient\u00edfico: una ejemplificaci\u00f3n mediante la novela juvenil. <a class=\"linkVermell\" href=\"https:\/\/recerca2.uab.es\/NASApp\/EAWb\/action\/edit?what=congres&amp;menu=modificar&amp;item=1250255713&amp;type=ACT\">28 Encuentros de did\u00e1ctica de las ciencias experimentales<\/a>, p. 745-749. A Coru\u00f1a, Espanya.<\/p>\n\n\n\n<p>P\u00e9rez- Torres, M.; Couso, D.; M\u00e1rquez, C. (2018). Caracterizaci\u00f3n del aprendizaje basado en proyectos en el \u00e1mbito cient\u00edfico-tecnol\u00f3gico en educaci\u00f3n secundaria. <a class=\"linkVermell\" href=\"https:\/\/recerca2.uab.es\/NASApp\/EAWb\/action\/edit?what=congres&amp;menu=modificar&amp;item=1250255713&amp;type=ACT\">28 Encuentros de did\u00e1ctica de las ciencias experimentales<\/a> p.643-648. A Coru\u00f1a, Espanya.<\/p>\n\n\n\n<p>Nebot, M.R.; M\u00e1rquez, C. (2018). El modelo cin\u00e9tico-corpuscular y las pr\u00e1cticas cient\u00edficas: una propuesta basada en la dilataci\u00f3n t\u00e9rmica. <a class=\"linkVermell\" href=\"https:\/\/recerca2.uab.es\/NASApp\/EAWb\/action\/edit?what=congres&amp;menu=modificar&amp;item=1250255713&amp;type=ACT\">28 Encuentros de did\u00e1ctica de las ciencias experimentales.<\/a> p.913-918. A Coru\u00f1a, Espanya.<\/p>\n\n\n\n<p>M\u00e1rquez. C.;&nbsp;Dom\u00e8nech Casal, J. (2017). <a href=\"https:\/\/www.slideshare.net\/jdomen44\/controvrsia-i-sentit-crtic-un-estil-deducaci-cientfica\">Controv\u00e8rsia i sentit cr\u00edtic: un estil d\u2019educaci\u00f3 cient\u00edfica<\/a>.&nbsp;<em>X Converses \u00abRefer\u00e8ncies per repensar l&#8217;educaci\u00f3\u00bb<\/em>,&nbsp;Barcelona, Espanya.<\/p>\n\n\n\n<p>Oliveras, B.; M\u00e1rquez, C.; Sanmart\u00ed, N. (2015).&nbsp;<a href=\"http:\/\/gent.uab.cat\/conxitamarquez\/sites\/gent.uab.cat.conxitamarquez\/files\/27edce_libro_de_actas_105.pdf\">Experiencias innovadoras para trabajar el an\u00e1lisis cr\u00edtico de la informaci\u00f3n que leemos de los productos que compramos<\/a>.&nbsp;Comunicaci\u00f3 oral, 27 Encuentro de did\u00e1ctica de las ciencias experimentales, p. 105-112. Badajoz, Espanya.<\/p>\n\n\n\n<p>Oliveras, B.; M\u00e1rquez, C.; Sanmart\u00ed, N. (2015). <a href=\"http:\/\/gent.uab.cat\/conxitamarquez\/sites\/gent.uab.cat.conxitamarquez\/files\/27edce_libro_de_actas_121.pdf\">Hablando de ciencias a partir de novelas<\/a>.&nbsp;Comunicaci\u00f3 oral, 27 Encuentro de did\u00e1ctica de las ciencias experimentales, p. 121-129. Badajoz, Espanya.<\/p>\n\n\n\n<p>Dom\u00e8nech, A. M.; M\u00e1rquez, C.; Roca, M. (2014). <a href=\"http:\/\/gent.uab.cat\/conxitamarquez\/sites\/gent.uab.cat.conxitamarquez\/files\/083.5-Dom\u00e8nech-Calvet.pdf\" target=\"_blank\" rel=\"noopener\">An\u00e1lisis de las investigaciones que los estudiantes proponene respecto a una controversia sociocient\u00edfica: la medicaci\u00f3n del TDA-H.<\/a> <em>26 Encuentros de Did\u00e1ctica de las Ciencias Experimentales<\/em> (pp. 685\u2013692). Huelva, Espanya<\/p>\n\n\n\n<p>Nebot, M. R.; M\u00e1rquez, C. (2014). <a href=\"http:\/\/gent.uab.cat\/conxitamarquez\/sites\/gent.uab.cat.conxitamarquez\/files\/001.1-Nebot-Castello.pdf\" target=\"_blank\" rel=\"noopener\">Estudio de la din\u00e1mica de una cuenca hidrogeol\u00f3gica a trav\u00e9s de trabajos pr\u00e1cticos\u202f: una propuesta sist\u00e9mica.<\/a> <em>26 Encuentros de Did\u00e1ctica de las Ciencias Experimentales<\/em> (pp. 1\u20138). Huelva, Espanya<\/p>\n\n\n\n<p>Oliveras, B.; M\u00e1rquez, C.; Sanmart\u00ed, N. (2014). <a href=\"\/\/gent.uab.cat\/conxitamarquez\/sites\/gent.uab.cat.conxitamarquez\/files\/063.3-Oliveras-Prat.pdf\" target=\"_blank\" rel=\"noopener\">Perfiles lectores de los alumnos ante art\u00edculos de prensa con contenido cient\u00edfico<\/a>. <em>26 Encuentros de Did\u00e1ctica de las Ciencias Experimentales<\/em> (pp. 515\u2013522). Huelva, Espanya<\/p>\n\n\n\n<p>Pau, I.; M\u00e1rquez, C.; Marb\u00e0-Tallada, A. (2014). <a href=\"http:\/\/gent.uab.cat\/conxitamarquez\/sites\/gent.uab.cat.conxitamarquez\/files\/072.4-Pau-Custodio.pdf\" target=\"_blank\" rel=\"noopener\">La novela c\u00f3mo recurso did\u00e1ctico en las clases de ciencias de secundaria<\/a>. <em>26 Encuentros de Did\u00e1ctica de las Ciencias Experimentales<\/em> (pp. 592\u2013599). Huelva, Espanya<\/p>\n\n\n\n<p>Ruiz, F.; M\u00e1rquez, C.; Tamayo, O. (2014). <a href=\"http:\/\/gent.uab.cat\/conxitamarquez\/sites\/gent.uab.cat.conxitamarquez\/files\/094.7-Ruiz-Marquez-Tamayo.pdf\" target=\"_blank\" rel=\"noopener\">La ense\u00f1anza de la argumentaci\u00f3n en ciencias\u202f: aportes desde el desarrollo de encuentros de reflexi\u00f3n cr\u00edtica con docentes.<\/a> <em>26 Encuentros de Did\u00e1ctica de las Ciencias Experimentales<\/em> (pp. 774\u2013780). Huelva, Espanya<\/p>\n\n\n\n<p>Montalban, A.; M\u00e1rquez, C. (2014) <a href=\"http:\/\/gent.uab.cat\/conxitamarquez\/sites\/gent.uab.cat.conxitamarquez\/files\/poster%20alba%20montalban%20bilbao.pdf\" target=\"_blank\" rel=\"noopener\">Evaluaci\u00f3n de la calidad de una propuesta did\u00e1ctica sobre la din\u00e1mica de la Tierra<\/a> P\u00f2ster <em>XVIII Simposio Ense\u00f1anza de la Geolog\u00eda <\/em>Bilbao (Espanya)<\/p>\n\n\n\n<p>Ruiz, F.J.; Tamayo, O.; M\u00e1rquez, C. (2014) Las aproximaciones comunicativas dial\u00f3gicas. III Congreso de Docentes de Ciencias. Madrid, Espanya.<\/p>\n\n\n\n<p>Ruiz, F.J.; Tamayo, O.; M\u00e1rquez, C. (2014) Desarrollo de la argumentaci\u00f3n en ciencias en la escuela.&nbsp; III Congreso de Docentes de Ciencias. Madrid, Espanya.<\/p>\n\n\n\n<p>M\u00e1rquez, C.; Sanmart\u00ed, N.; Marchan, I. (2013) Evoluci\u00f3 de la noci\u00f3 de context en la did\u00e1ctica de les ci\u00e8ncies. Comunicaci\u00f3. Seminari Perspectives sobre el context en educaci\u00f3 cient\u00edfica: aproximacions ter\u00f2riques i implicacions per a la pr\u00e0ctica educativa. Bellaterra, Espanya.<\/p>\n\n\n\n<p>M\u00e1rquez, C. (2013) Stop a la geologia cl\u00e0ssica. Com aprendre a explicar fen\u00f2mens geol\u00f2gics. Confer\u00e8ncia Inagural. VII\u00e8 seminari les ci\u00e8ncies i els infants. Terrassa, Espanya.<\/p>\n\n\n\n<p>Fern\u00e1ndez, M.; Maguregi, G.; M\u00e1rquez, C. i Sanmart\u00ed, N. (2012) <a href=\"\/\/gent.uab.cat\/conxitamarquez\/sites\/gent.uab.cat.conxitamarquez\/files\/Art\u00edculo%20Huelva%20escaneado.pdf\" target=\"_blank\" rel=\"noopener\">El origen de los terremotos: representaciones del alumnado del grado de educaci\u00f3n primaria<\/a>. Comunicaciones del XVII Simposio sobre Ense\u00f1anza de la Geolog\u00eda, Huelva, Espanya. [ISBN: 978-84-15633-09-9]<\/p>\n\n\n\n<p>Prat, A.; C. M\u00e1rquez (2009) <a href=\"http:\/\/gent.uab.cat\/conxitamarquez\/sites\/gent.uab.cat.conxitamarquez\/files\/leer%20en%20clase%20de%20ciencias_0.pdf\" target=\"_blank\" rel=\"noopener\">Leer en clase de ciencias<\/a>. Confer\u00e8ncia, I Jornadas provinciales sobre did\u00e1ctica de las matem\u00e1ticas y las ciencias experimentales, Valdepe\u00f1as, Espanya.&nbsp;<\/p>\n\n\n\n<p>Marb\u00e0, A.; M\u00e1rquez, C.; Sanmart\u00ed, N. (2005) <a href=\"\/\/gent.uab.cat\/conxitamarquez\/sites\/gent.uab.cat.conxitamarquez\/files\/els%20textos%20de%20ci%C3%A8ncies%20a%20l%27aula.pdf\" target=\"_blank\" rel=\"noopener\">Els textos de ci\u00e8ncies a l&#8217;aula: una proposta d&#8217;an\u00e0lisi<\/a>. VII Simposi sobre Ensenyament de les Ci\u00e8ncies de la Natura, Tortosa, Espanya. [ISBN: 84-609-4577-4]<\/p>\n\n\n\n<p>M\u00e1rquez, C.; Sanmart\u00ed, N.; Izquierdo, M.; Custodio, E.; Prat, A.; Sard\u00e0, A. (2005) <a href=\"\/\/gent.uab.cat\/conxitamarquez\/sites\/gent.uab.cat.conxitamarquez\/files\/la%20formacio%20dels%20alumnes%20com%20a%20ciutadans%20lectors.pdf\" target=\"_blank\" rel=\"noopener\">La formaci\u00f3 dels alumnes com a ciutadans-lectors.<\/a> VII Simposi sobre Ensenyament de les Ci\u00e8ncies de la Natura, Tortosa, Espanya.&nbsp;[ISBN: 84-609-4577-4]<\/p>\n\n\n\n<p>M\u00e1rquez, C. (2005) <a href=\"http:\/\/gent.uab.cat\/conxitamarquez\/sites\/gent.uab.cat.conxitamarquez\/files\/pensar%20i%20veure%20el%20mon%20a%20traves%20del%20concepte%20de%20cicle.pdf\" target=\"_blank\" rel=\"noopener\">Pensar i veure el m\u00f3n a trav\u00e8s del concepte cicle: un exemple, el cicle de l&#8217;aigua.<\/a>&nbsp;VII Simposi sobre Ensenyament de les Ci\u00e8ncies de la Natura, Tortosa, Espanya. [ISBN: 84-609-4577-4]<\/p>\n\n\n\n<p>Marquez, C.; Sanmart\u00ed, N. (2005) La mediaci\u00f3 del llenguatge per ensenyar i aprendre ci\u00e8ncies. Primer Seminari Interuniversitari. L&#8217;aula com a \u00e0mbit de recerca sobre l&#8217;ensenyament i l&#8217;aprenentatge de la llengua, Bellaterra (Cerdanyola del Vall\u00e8s), Espanya.<\/p>\n\n\n\n<p>M\u00e1rquez, C.; Bonil, J.; Pujol, R.M. (2004) <a href=\"http:\/\/gent.uab.cat\/conxitamarquez\/sites\/gent.uab.cat.conxitamarquez\/files\/les%20sortides%20al%20medi%20una%20eina.pdf\" target=\"_blank\" rel=\"noopener\">Les sortides al medi: una eina d&#8217;ambientalitzaci\u00f3 curricular amb participacis de dues institucions<\/a>. P\u00f2ster, L&#8217;educaci\u00f3 ambiental en xarxa.VI\u00e8 Forum 2000+4, Bellaterra (Cerdanyola del Vall\u00e8s), Espanya.<\/p>\n\n\n\n<p>Casa, M.; M\u00e1rquez, C.; Noguerol, A.; Ram\u00edrez, R.M.;Serra, M.T.; Valls, C. (2004)&nbsp;<a href=\"\/\/gent.uab.cat\/conxitamarquez\/sites\/gent.uab.cat.conxitamarquez\/files\/l%27%C3%BAs%20de%20la%20llengua%20en%20les%20%C3%A0rees%20curriculars.pdf\" target=\"_blank\" rel=\"noopener\">L&#8217;\u00fas de les lleng\u00fces en les \u00e0rees curriculars ci\u00e8ncies socials i ci\u00e8ncies experimentals<\/a>, Bellaterra (Cerdanyola del Vall\u00e8s), Espanya.<\/p>\n\n\n\n<p>Bonil, J.;Calafell, G.; M\u00e1rquez, C.;Orellana, M.Ll.; Espinet, M.; Pujol, R.M. (2003) El paradigma de la complexitat com a via d&#8217;acc\u00e9s a l&#8217;educaci\u00f3 ambiental. I F\u00f2rum de l&#8217;estrat\u00e8gia catalana d&#8217;educaci\u00f3 ambiental , Barcelona, Espanya.<\/p>\n\n\n\n<p>M\u00e1rquez, C. (2002) <a href=\"\/\/gent.uab.cat\/conxitamarquez\/sites\/gent.uab.cat.conxitamarquez\/files\/evolucion%20de%20las%20representaciones%20de%20los%20alumnos.pdf\" target=\"_blank\" rel=\"noopener\">Evoluci\u00f3n de las representaciones de los alumnos sobre el ciclo del agua<\/a>. XII Simposio sobre ense\u00f1anza de la geolog\u00eda. Girona, Espanya. [ISBN: 84-699-8820-4]<\/p>\n\n\n\n<p>M\u00e1rquez, C.; Espinet, M.; Izquierdo, M. (2002) <a href=\"\/\/gent.uab.cat\/conxitamarquez\/sites\/gent.uab.cat.conxitamarquez\/files\/el%20cicle%20de%20l%27aigua%20en%20el%20llibres%20de%20text.pdf\" target=\"_blank\" rel=\"noopener\">El cicle de l&#8217;aigua en els llibres de text de Prim\u00e0ria i Secund\u00e0ria<\/a>. Comunicaci\u00f3, VI Simposi sobre l&#8217;Ensenyament de les Ci\u00e8ncies de la Naturalesa, Balaguer, Espanya. [ISBN: 84-699-7367-3]<\/p>\n\n\n\n<p>M\u00e1rquez, C.; Roca, M.; Bach, J. (2002) <a href=\"http:\/\/gent.uab.cat\/conxitamarquez\/sites\/gent.uab.cat.conxitamarquez\/files\/Una%20experi%C3%A8ncia%20de%20treball%20a%20l%27aula%20El%20cicle%20de%20l%27aigua.pdf\" target=\"_blank\" rel=\"noopener\">Una experi\u00e8ncia de treball a l&#8217;aula. El cicle de l&#8217;aigua<\/a>. Comunicaci\u00f3, VI Simposi sobre l&#8217;Ensenyament de les Ci\u00e8ncies de la Naturalesa, Balaguer, Espanya. [ISBN: 84-699-7367-3]<\/p>\n\n\n\n<p>M\u00e1rquez, C. (1989). Estudi de les idees pr\u00e8vies sobre el so en alumnes de sis\u00e8. Comunicaci\u00f3. <em>Segon symposium sobre l&#8217;ensenyament de les Ci\u00e8ncies Naturals<\/em>. Tarragona, Espanya.<\/p>\n","protected":false},"excerpt":{"rendered":"<p>Keynote: M\u00e1rquez, C. (2021). El pensamiento cr\u00edtico: Un reto para la educaci\u00f3n cient\u00edfica. Estrategias para incorporar el pensamiento cr\u00edtico a las clases de ciencias, IV Congreso Educaci\u00f3n cient\u00edfica en tiempos de cambios. Chile (Online) 6 noviembre de 2021. Organizado por Sociedad Chilena de Educaci\u00f3n Cient\u00edfica. M\u00e1rquez, C. (2021). Aprendizaje de las ciencias basado en proyectos: [&hellip;]<\/p>\n","protected":false},"author":20,"featured_media":0,"parent":0,"menu_order":0,"comment_status":"closed","ping_status":"closed","template":"","meta":{"footnotes":""},"class_list":["post-565","page","type-page","status-publish","hentry"],"_links":{"self":[{"href":"https:\/\/webs.uab.cat\/conxitamarquez\/wp-json\/wp\/v2\/pages\/565","targetHints":{"allow":["GET"]}}],"collection":[{"href":"https:\/\/webs.uab.cat\/conxitamarquez\/wp-json\/wp\/v2\/pages"}],"about":[{"href":"https:\/\/webs.uab.cat\/conxitamarquez\/wp-json\/wp\/v2\/types\/page"}],"author":[{"embeddable":true,"href":"https:\/\/webs.uab.cat\/conxitamarquez\/wp-json\/wp\/v2\/users\/20"}],"replies":[{"embeddable":true,"href":"https:\/\/webs.uab.cat\/conxitamarquez\/wp-json\/wp\/v2\/comments?post=565"}],"version-history":[{"count":1,"href":"https:\/\/webs.uab.cat\/conxitamarquez\/wp-json\/wp\/v2\/pages\/565\/revisions"}],"predecessor-version":[{"id":640,"href":"https:\/\/webs.uab.cat\/conxitamarquez\/wp-json\/wp\/v2\/pages\/565\/revisions\/640"}],"wp:attachment":[{"href":"https:\/\/webs.uab.cat\/conxitamarquez\/wp-json\/wp\/v2\/media?parent=565"}],"curies":[{"name":"wp","href":"https:\/\/api.w.org\/{rel}","templated":true}]}}