{"id":29,"date":"2024-09-17T12:59:56","date_gmt":"2024-09-17T10:59:56","guid":{"rendered":"https:\/\/webs.uab.cat\/core-educacio\/?page_id=29"},"modified":"2025-07-21T13:30:28","modified_gmt":"2025-07-21T11:30:28","slug":"grups-recerca-uab","status":"publish","type":"page","link":"https:\/\/webs.uab.cat\/core-educacio\/membres\/grups-recerca-uab\/","title":{"rendered":"Grups Recerca de la UAB"},"content":{"rendered":"\n<p><strong>FACULTAT DE CI\u00c8NCIES DE L&#8217;EDUCACI\u00d3 <\/strong><\/p>\n\n\n\n<p><\/p>\n\n\n\n<ul class=\"wp-block-list\">\n<li><a href=\"https:\/\/webs.uab.cat\/acelec\/\" target=\"_blank\" rel=\"noreferrer noopener\">ACELEC &#8211; Activitat cient\u00edfica escolar: Llenguatges, eines i contextos <\/a><\/li>\n\n\n\n<li><a href=\"https:\/\/webs.uab.cat\/atlas\/\" target=\"_blank\" rel=\"noreferrer noopener\">ATLAS. Interseccions cr\u00edtiques en educaci\u00f3<\/a><\/li>\n\n\n\n<li><a href=\"https:\/\/webs.uab.cat\/cifo\/\" data-type=\"link\" data-id=\"https:\/\/webs.uab.cat\/cifo\/\">CIFO-Col\u00b7lectiu investigaci\u00f3 en formaci\u00f3 ocupacional<\/a> <\/li>\n\n\n\n<li><a href=\"https:\/\/webs.uab.cat\/gedo\/es\/\" data-type=\"link\" data-id=\"https:\/\/webs.uab.cat\/gedo\/es\/\">EDO-Equip de Desenvolupament Organitzacional <\/a> <\/li>\n\n\n\n<li><a href=\"https:\/\/webs.uab.cat\/efi\/\">EFI-Efic\u00e0cia de la formaci\u00f3<\/a> <\/li>\n\n\n\n<li><a href=\"https:\/\/www.elbec.group\/\" target=\"_blank\" rel=\"noreferrer noopener\">ELBEC &#8211; Educaci\u00f3 Ling\u00fc\u00edstica Basada en Evid\u00e8ncia Cient\u00edfica<\/a><\/li>\n\n\n\n<li><a href=\"https:\/\/webs.uab.cat\/erdisc\/sobre-erdisc\/\">ERDISC &#8211;&nbsp;Equip de Recerca en Diversitat i Inclusi\u00f3 en Societats Complexes<\/a><\/li>\n\n\n\n<li><a href=\"http:\/\/gipe-igep.org\/\" target=\"_blank\" rel=\"noreferrer noopener\">GIPE-Pol\u00edtiques educatives i de formaci\u00f3<\/a> <\/li>\n\n\n\n<li><a href=\"http:\/\/gipe-igep.org\/gipe-gapef\/\" target=\"_blank\" rel=\"noreferrer noopener\">GIPE \u2013 GAPEF &#8211; Grup d\u2019An\u00e0lisi de Pol\u00edtiques Educatives i de Formaci\u00f3<\/a><\/li>\n\n\n\n<li><a href=\"https:\/\/webs.uab.cat\/greip\/\">GREIP-Grup de recerca sobre ensenyament i interacci\u00f3 pluriling\u00fces<\/a> <\/li>\n\n\n\n<li><a href=\"https:\/\/webs.uab.cat\/grepuab\/\" target=\"_blank\" rel=\"noreferrer noopener\">Grup de Recerca en Educaci\u00f3 Psicomotriu<\/a><\/li>\n\n\n\n<li><a href=\"https:\/\/webs.uab.cat\/musicaieducacio\/es\/\" target=\"_blank\" rel=\"noreferrer noopener\">GRUMED &#8211; Grup de recerca en M\u00fasica, Veu i Educaci\u00f3 <\/a><\/li>\n\n\n\n<li><a href=\"https:\/\/webs.uab.cat\/iars\/es\/\" target=\"_blank\" rel=\"noreferrer noopener\">IARS &#8211; Grup de recerca en Inf\u00e0ncia i Adolesc\u00e8ncia en Risc Social<\/a><\/li>\n<\/ul>\n\n\n\n<p><br><strong>FACULTAT DE CI\u00c8NCIES POL\u00cdTIQUES I DE SOCIOLOGIA<\/strong><\/p>\n\n\n\n<ul class=\"wp-block-list\">\n<li><a href=\"https:\/\/gedime.uab.cat\/\">GEDIME-Grup Estudis d\u2019immigraci\u00f3 i minories \u00e8tniques<\/a><\/li>\n\n\n\n<li><a href=\"https:\/\/quit.uab.cat\/es\/\">QUIT &#8211; Vida Quotidiana i el Treball <\/a><\/li>\n\n\n\n<li><a href=\"http:\/\/geps-uab.cat\/\" target=\"_blank\" rel=\"noreferrer noopener\">GEPS-Globalitzaci\u00f3, educaci\u00f3 i pol\u00edtiques socials<\/a><\/li>\n\n\n\n<li><a href=\"https:\/\/portalrecerca.uab.cat\/ca\/organisations\/grup-de-recerca-en-educaci%C3%B3-i-treball-gret\">GRET-Educaci\u00f3 i treball<\/a><\/li>\n<\/ul>\n\n\n\n<p><strong>FACULTAT DE PSICOLOGIA I DE LOGOPEDIA<\/strong><\/p>\n\n\n\n<ul class=\"wp-block-list\">\n<li><a href=\"https:\/\/webs.uab.cat\/dehisi\/ca\/\" data-type=\"link\" data-id=\"https:\/\/webs.uab.cat\/dehisi\/ca\/\">DEHISI &#8211; Grup de Recerca en Desenvolupament Hum\u00e0, Intervenci\u00f3 Social i Interculturalitat<\/a><\/li>\n\n\n\n<li><a href=\"https:\/\/webs.uab.cat\/grai\/\">GRAI &#8211; Grup de recerca sobre aprenentatge entre iguals <\/a><\/li>\n\n\n\n<li><a href=\"https:\/\/epi4health.com\/\">EPI 4HEALT &#8211; Grup insterinstitucional d&#8217;epidemiologia i salut p\u00fablica <\/a><\/li>\n\n\n\n<li><a href=\"https:\/\/www.sinte.me\/equip\">SINTE &#8211; Grup recerca seminari interuniversitari d&#8217;investigaci\u00f3 en estrat\u00e8gies <\/a><\/li>\n<\/ul>\n\n\n\n<p><\/p>\n","protected":false},"excerpt":{"rendered":"<p>FACULTAT DE CI\u00c8NCIES DE L&#8217;EDUCACI\u00d3 FACULTAT DE CI\u00c8NCIES POL\u00cdTIQUES I DE SOCIOLOGIA FACULTAT DE PSICOLOGIA I DE LOGOPEDIA<\/p>\n","protected":false},"author":1541,"featured_media":0,"parent":25,"menu_order":1,"comment_status":"closed","ping_status":"closed","template":"","meta":{"footnotes":""},"class_list":["post-29","page","type-page","status-publish","hentry"],"_links":{"self":[{"href":"https:\/\/webs.uab.cat\/core-educacio\/wp-json\/wp\/v2\/pages\/29","targetHints":{"allow":["GET"]}}],"collection":[{"href":"https:\/\/webs.uab.cat\/core-educacio\/wp-json\/wp\/v2\/pages"}],"about":[{"href":"https:\/\/webs.uab.cat\/core-educacio\/wp-json\/wp\/v2\/types\/page"}],"author":[{"embeddable":true,"href":"https:\/\/webs.uab.cat\/core-educacio\/wp-json\/wp\/v2\/users\/1541"}],"replies":[{"embeddable":true,"href":"https:\/\/webs.uab.cat\/core-educacio\/wp-json\/wp\/v2\/comments?post=29"}],"version-history":[{"count":21,"href":"https:\/\/webs.uab.cat\/core-educacio\/wp-json\/wp\/v2\/pages\/29\/revisions"}],"predecessor-version":[{"id":210,"href":"https:\/\/webs.uab.cat\/core-educacio\/wp-json\/wp\/v2\/pages\/29\/revisions\/210"}],"up":[{"embeddable":true,"href":"https:\/\/webs.uab.cat\/core-educacio\/wp-json\/wp\/v2\/pages\/25"}],"wp:attachment":[{"href":"https:\/\/webs.uab.cat\/core-educacio\/wp-json\/wp\/v2\/media?parent=29"}],"curies":[{"name":"wp","href":"https:\/\/api.w.org\/{rel}","templated":true}]}}