{"id":42,"date":"2025-02-05T10:31:19","date_gmt":"2025-02-05T08:31:19","guid":{"rendered":"https:\/\/webs.uab.cat\/criminologia\/?page_id=42"},"modified":"2026-04-07T10:14:07","modified_gmt":"2026-04-07T08:14:07","slug":"membres-del-grup","status":"publish","type":"page","link":"https:\/\/webs.uab.cat\/criminologia\/membres-del-grup\/","title":{"rendered":"Membres del grup"},"content":{"rendered":"\n<h2 class=\"wp-block-heading alignwide\">Investigadors<\/h2>\n\n\n\n<div class=\"wp-block-media-text alignwide is-stacked-on-mobile\" style=\"grid-template-columns:15% auto\"><figure class=\"wp-block-media-text__media\"><img loading=\"lazy\" decoding=\"async\" width=\"169\" height=\"203\" src=\"https:\/\/webs.uab.cat\/criminologia\/wp-content\/uploads\/sites\/625\/2025\/02\/pepe.png\" alt=\"\" class=\"wp-image-45 size-full\" \/><\/figure><div class=\"wp-block-media-text__content\">\n<p><strong>Josep Cid<\/strong><\/p>\n\n\n\n<p>Josep Cid \u00e9s catedr\u00e0tic de dret penal i criminologia i coordinador del grau de criminologia de la UAB. La seva recerca est\u00e0 focalitzada en la criminologia i en la penologia. Dirigeix el grup de recerca en &#8220;Desistiment del delicte i Pol\u00edtiques de Reinserci\u00f3&#8221; que en els darrers anys ha focalitzat la seva investigaci\u00f3 en l&#8217;\u00e0mbit del desistiment de la delinq\u00fc\u00e8ncia, tant en poblacions adultes com juvenils, iniciant la recerca a Espanya sobre aquest temes. Actualment investiga el rol dels supervisors en el desistiment de la delinq\u00fc\u00e8ncia. Al 2021 va rebre el Premi Nacional de Criminologia per part de la Societat Espanyola d\u2019Investigaci\u00f3 Criminol\u00f2gica.<\/p>\n<\/div><\/div>\n\n\n\n<div class=\"wp-block-media-text alignwide is-stacked-on-mobile\" style=\"grid-template-columns:15% auto\"><figure class=\"wp-block-media-text__media\"><img loading=\"lazy\" decoding=\"async\" width=\"169\" height=\"203\" src=\"https:\/\/webs.uab.cat\/criminologia\/wp-content\/uploads\/sites\/625\/2025\/02\/AnnaMelendez-1.jpg\" alt=\"\" class=\"wp-image-49 size-full\" \/><\/figure><div class=\"wp-block-media-text__content\">\n<p><strong>Anna Mel\u00e9ndez<\/strong><\/p>\n\n\n\n<p>Anna Mel\u00e9ndez \u00e9s doctora en Dret p\u00fablic i filosofia jur\u00eddic-pol\u00edtica amb la obtenci\u00f3 de menci\u00f3 internacional en l&#8217;\u00e0mbit de la just\u00edcia restaurativa i el desistiment. Actualment, \u00e9s professora lectora a la Universitat Aut\u00f2noma de Barcelona i membre del grup de recerca de desistiment del delicte i pol\u00edtiques de reinserci\u00f3. Les seves l\u00ednies de recerca s\u00f3n principalment el desistiment i la just\u00edcia restaurativa, i actualment ha ampliat a altres \u00e0mbits. A m\u00e9s, \u00e9s professora i sots coordinadora del grau de Criminologia de la UAB.<\/p>\n<\/div><\/div>\n\n\n\n<div class=\"wp-block-media-text alignwide is-stacked-on-mobile\" style=\"grid-template-columns:15% auto\"><figure class=\"wp-block-media-text__media\"><img loading=\"lazy\" decoding=\"async\" width=\"169\" height=\"203\" src=\"https:\/\/webs.uab.cat\/criminologia\/wp-content\/uploads\/sites\/625\/2025\/02\/CarmenNavarro.jpg\" alt=\"\" class=\"wp-image-51 size-full\" \/><\/figure><div class=\"wp-block-media-text__content\">\n<p><strong>Carmen Navarro<\/strong><\/p>\n\n\n\n<p><\/p>\n\n\n\n<p>Carmen Navarro \u00e9s professora titular de Dret Processal a la Universitat Aut\u00f2noma de Barcelona. A m\u00e9s, \u00e9s responsable de pol\u00edtiques d\u2019igualtat de la Facultat de Dret de la UAB. Va rebre el premi Extraordinari de Doctorat. \u00c9s autora de nombrosos articles publicats en revistes especialitzades aix\u00ed com de col\u00b7laboracions en obres col\u00b7lectives. \u00c9s tamb\u00e9 autora de diverses monografies. En 2018 va publicar El encarcelamiento femenino. Especial consideraci\u00f3n a las madres privadas de libertad, a l\u2019editorial Atelier.<\/p>\n<\/div><\/div>\n\n\n\n<div class=\"wp-block-media-text alignwide is-stacked-on-mobile\" style=\"grid-template-columns:15% auto\"><figure class=\"wp-block-media-text__media\"><img loading=\"lazy\" decoding=\"async\" width=\"169\" height=\"203\" src=\"https:\/\/webs.uab.cat\/criminologia\/wp-content\/uploads\/sites\/625\/2025\/02\/Jenny-Cubells.jpg\" alt=\"\" class=\"wp-image-53 size-full\" \/><\/figure><div class=\"wp-block-media-text__content\">\n<p><strong>Jenny Cubells<\/strong><div class=\"team-member-description \" style=\"margin: 0px;padding: 0px;font-size: 13px;line-height: inherit;, Helvetica, Arial, sans-serif;vertical-align: baseline;letter-spacing: normal\"><\/div><div class=\"team-member-description \" style=\"margin: 0px;padding: 0px;font-size: 13px;line-height: inherit;, Helvetica, Arial, sans-serif;vertical-align: baseline;letter-spacing: normal\"><\/div><\/p>\n\n\n\n<p>Jenny Cubells \u00e9s professora agregada al Departament de Psicologia Social de la UAB. Imparteix doc\u00e8ncia als graus de Psicologia i Criminologia de la UAB i als seg\u00fcents M\u00e0sters Oficials de la mateixa universitat. Coordina el grup de recerca \u201cEstudis Socials del G\u00e8nere, el Poder i la Subjectivitat\u201d (GIPIS) i centra la seva recerca en les viol\u00e8ncies masclistes, la viol\u00e8ncia de g\u00e8nere i el sistema jur\u00eddic-penal, l\u2019amor i la viol\u00e8ncia, la delinq\u00fc\u00e8ncia femenina, les masculinitats alternatives, les metodologies performatives i l\u2019an\u00e0lisi del discurs. Actualment investiga el rol dels supervisors en el desistiment de la delinq\u00fc\u00e8ncia i la situaci\u00f3 de les dones empresonades a Catalunya.<\/p>\n<\/div><\/div>\n\n\n\n<div class=\"wp-block-media-text alignwide is-stacked-on-mobile\" style=\"grid-template-columns:15% auto\"><figure class=\"wp-block-media-text__media\"><img loading=\"lazy\" decoding=\"async\" width=\"169\" height=\"203\" src=\"https:\/\/webs.uab.cat\/criminologia\/wp-content\/uploads\/sites\/625\/2025\/02\/Leonor-1.jpg\" alt=\"\" class=\"wp-image-56 size-full\" \/><\/figure><div class=\"wp-block-media-text__content\">\n<p><strong>Leonor M. Cantera<\/strong><div class=\"team-member-description \" style=\"margin: 0px;padding: 0px;font-size: 13px;line-height: inherit;, Helvetica, Arial, sans-serif;vertical-align: baseline;letter-spacing: normal\"><\/div><div class=\"team-member-description \" style=\"margin: 0px;padding: 0px;font-size: 13px;line-height: inherit;, Helvetica, Arial, sans-serif;vertical-align: baseline;letter-spacing: normal\"><\/div><div class=\"team-member-description \" style=\"margin: 0px;padding: 0px;font-size: 13px;line-height: inherit;, Helvetica, Arial, sans-serif;vertical-align: baseline;letter-spacing: normal\"><\/div><\/p>\n\n\n\n<p>Dra. Leonor M. Cantera Espinosa \u00e9s Doctora en filosofia per la Universitat de Puerto Rico. T\u00e9 un doctorat en Psicologia Social amb&nbsp; premi extraordinari per la UAB. Professora en psicologia social de la UAB i coordinador del grup de recerca sobre viol\u00e8ncia dom\u00e8stica i feina -VIPAT. Co-creadora, co-coordinadora i promotora del primer M\u00e0ster sobre Viol\u00e8ncia de G\u00e8nere (viol\u00e8ncia dom\u00e8stica) en tot l\u2019estat espanyol. Les seves \u00e0rees d\u2019inter\u00e8s s\u00f3n la viol\u00e8ncia, bulliyng, mobbing, g\u00e8nere, feina i comunitat. Autora i co-autora de diverses publicacions sobre aquestes tem\u00e0tiques.<\/p>\n<\/div><\/div>\n\n\n\n<div class=\"wp-block-media-text alignwide is-stacked-on-mobile\" style=\"grid-template-columns:15% auto\"><figure class=\"wp-block-media-text__media\"><img loading=\"lazy\" decoding=\"async\" width=\"169\" height=\"203\" src=\"https:\/\/webs.uab.cat\/criminologia\/wp-content\/uploads\/sites\/625\/2025\/02\/Albert-1.jpg\" alt=\"\" class=\"wp-image-67 size-full\" \/><\/figure><div class=\"wp-block-media-text__content\">\n<p><strong>Albert Pedrosa<\/strong><div class=\"team-member-description \" style=\"margin: 0px;padding: 0px;font-size: 13px;line-height: inherit;, Helvetica, Arial, sans-serif;vertical-align: baseline;letter-spacing: normal\"><\/div><div class=\"team-member-description \" style=\"margin: 0px;padding: 0px;font-size: 13px;line-height: inherit;, Helvetica, Arial, sans-serif;vertical-align: baseline;letter-spacing: normal\"><\/div><div class=\"team-member-description \" style=\"margin: 0px;padding: 0px;font-size: 13px;line-height: inherit;, Helvetica, Arial, sans-serif;vertical-align: baseline;letter-spacing: normal\"><\/div><div class=\"team-member-description \" style=\"margin: 0px;padding: 0px;font-size: 13px;line-height: inherit;, Helvetica, Arial, sans-serif;vertical-align: baseline;letter-spacing: normal\"><\/div><div class=\"team-member-description \" style=\"margin: 0px;padding: 0px;font-size: 13px;line-height: inherit;, Helvetica, Arial, sans-serif;vertical-align: baseline;letter-spacing: normal\"><\/div><div class=\"team-member-description \" style=\"margin: 0px;padding: 0px;font-size: 13px;line-height: inherit;, Helvetica, Arial, sans-serif;vertical-align: baseline;letter-spacing: normal\"><\/div><div class=\"team-member-description \" style=\"margin: 0px;padding: 0px;font-size: 13px;line-height: inherit;, Helvetica, Arial, sans-serif;vertical-align: baseline;letter-spacing: normal\"><\/div><\/p>\n\n\n\n<p>Albert Pedrosa \u00e9s doctor en Dret (UAB) i actualment treballa en la UdG com a investigador postdoctoral. Des de 2016 fins a 2022 va estar vinculat al Grau de Criminologia de la UAB, i com a investigador segueix vinculat al grup de recerca sobre &#8220;Desistiment del delicte i Pol\u00edtiques de Reinserci\u00f3. La seva recerca s\u2019ha centrat en aspectes relacionats amb l\u2019empresonament i les fam\u00edlies de les persones empresonades. L\u2019any 2018 va ser guardonat amb el premi SEIC per a la promoci\u00f3 de joves investigadors atorgat per la Societat Espanyola d\u2019Investigaci\u00f3 Criminol\u00f2gica, per la seva recerca sobre les causes de la progressi\u00f3 penitenciaria.<\/p>\n<\/div><\/div>\n\n\n\n<h2 class=\"wp-block-heading alignwide\">Estudiants de doctorat<\/h2>\n\n\n\n<div class=\"wp-block-media-text alignwide is-stacked-on-mobile\" style=\"grid-template-columns:15% auto\"><figure class=\"wp-block-media-text__media\"><img loading=\"lazy\" decoding=\"async\" width=\"169\" height=\"203\" src=\"https:\/\/webs.uab.cat\/criminologia\/wp-content\/uploads\/sites\/625\/2025\/02\/Esther-1.jpg\" alt=\"\" class=\"wp-image-63 size-full\" \/><\/figure><div class=\"wp-block-media-text__content\">\n<p><strong>Esther De la Encarnaci\u00f3n<\/strong><div class=\"team-member-description \" style=\"margin: 0px;padding: 0px;font-size: 13px;line-height: inherit;, Helvetica, Arial, sans-serif;vertical-align: baseline;letter-spacing: normal\"><\/div><div class=\"team-member-description \" style=\"margin: 0px;padding: 0px;font-size: 13px;line-height: inherit;, Helvetica, Arial, sans-serif;vertical-align: baseline;letter-spacing: normal\"><\/div><div class=\"team-member-description \" style=\"margin: 0px;padding: 0px;font-size: 13px;line-height: inherit;, Helvetica, Arial, sans-serif;vertical-align: baseline;letter-spacing: normal\"><\/div><div class=\"team-member-description \" style=\"margin: 0px;padding: 0px;font-size: 13px;line-height: inherit;, Helvetica, Arial, sans-serif;vertical-align: baseline;letter-spacing: normal\"><\/div><div class=\"team-member-description \" style=\"margin: 0px;padding: 0px;font-size: 13px;line-height: inherit;, Helvetica, Arial, sans-serif;vertical-align: baseline;letter-spacing: normal\"><\/div><\/p>\n\n\n\n<p>Esther De la Encarnaci\u00f3n \u00e9s professora associada del grau de criminologia a la UAB des de l\u2018any 2018. Tamb\u00e9 des del 2018 \u00e9s investigadora predoctoral al grup de recerca &#8220;Desistiment del delicte i Pol\u00edtiques de Reinserci\u00f3&#8221; a la mateixa universitat. En aquest grup, ha participat en projectes de recerca sobre desistiment del delicte i reinserci\u00f3 social de les persones que surten de pres\u00f3 com a t\u00e8cnica auxiliar de suport a la recerca des de l\u2019any 2016. Actualment, desenvolupa la seva tesi doctoral sobre el rol de l\u2019acompanyament postpenitenciari en el proc\u00e9s de reinserci\u00f3 social de les persones excarcerades.<\/p>\n<\/div><\/div>\n\n\n\n<h2 class=\"wp-block-heading alignwide\">Col\u00b7laboradors<\/h2>\n\n\n\n<div class=\"wp-block-media-text alignwide is-stacked-on-mobile\" style=\"grid-template-columns:15% auto\"><figure class=\"wp-block-media-text__media\"><img loading=\"lazy\" decoding=\"async\" width=\"169\" height=\"203\" src=\"https:\/\/webs.uab.cat\/criminologia\/wp-content\/uploads\/sites\/625\/2025\/02\/Joel-1.jpg\" alt=\"\" class=\"wp-image-68 size-full\" \/><\/figure><div class=\"wp-block-media-text__content\">\n<p><strong>Joel Mart\u00ed<\/strong><div class=\"team-member-description \" style=\"margin: 0px;padding: 0px;font-size: 13px;line-height: inherit;, Helvetica, Arial, sans-serif;vertical-align: baseline;letter-spacing: normal\"><\/div><div class=\"team-member-description \" style=\"margin: 0px;padding: 0px;font-size: 13px;line-height: inherit;, Helvetica, Arial, sans-serif;vertical-align: baseline;letter-spacing: normal\"><\/div><div class=\"team-member-description \" style=\"margin: 0px;padding: 0px;font-size: 13px;line-height: inherit;, Helvetica, Arial, sans-serif;vertical-align: baseline;letter-spacing: normal\"><\/div><div class=\"team-member-description \" style=\"margin: 0px;padding: 0px;font-size: 13px;line-height: inherit;, Helvetica, Arial, sans-serif;vertical-align: baseline;letter-spacing: normal\"><\/div><div class=\"team-member-description \" style=\"margin: 0px;padding: 0px;font-size: 13px;line-height: inherit;, Helvetica, Arial, sans-serif;vertical-align: baseline;letter-spacing: normal\"><\/div><div class=\"team-member-description \" style=\"margin: 0px;padding: 0px;font-size: 13px;line-height: inherit;, Helvetica, Arial, sans-serif;vertical-align: baseline;letter-spacing: normal\"><\/div><div class=\"team-member-description \" style=\"margin: 0px;padding: 0px;font-size: 13px;line-height: inherit;, Helvetica, Arial, sans-serif;vertical-align: baseline;letter-spacing: normal\"><\/div><div class=\"team-member-description \" style=\"margin: 0px;padding: 0px;font-size: 13px;line-height: inherit;, Helvetica, Arial, sans-serif;vertical-align: baseline;letter-spacing: normal\"><\/div><\/p>\n\n\n\n<p>Joel Mart\u00ed \u00e9s doctor en Sociologia i professor agregat de la UAB. Especialitzat en m\u00e8todes mixtos de recerca, an\u00e0lisi de xarxes i metodologies participatives. Els temes de recerca en els quals ha treballat (sigui des de la investigaci\u00f3 b\u00e0sica o aplicada) comprenen els camps del desenvolupament comunitari i la participaci\u00f3 ciutadana, l\u2019ocupaci\u00f3 i les relacions laborals, la pres\u00f3 i la reinserci\u00f3 social, les migracions i la salut p\u00fablica.<\/p>\n<\/div><\/div>\n\n\n\n<div class=\"wp-block-media-text alignwide is-stacked-on-mobile\" style=\"grid-template-columns:15% auto\"><figure class=\"wp-block-media-text__media\"><img loading=\"lazy\" decoding=\"async\" width=\"169\" height=\"203\" src=\"https:\/\/webs.uab.cat\/criminologia\/wp-content\/uploads\/sites\/625\/2025\/02\/hector-1.jpg\" alt=\"\" class=\"wp-image-65 size-full\" \/><\/figure><div class=\"wp-block-media-text__content\">\n<p><strong>H\u00e9ctor S\u00e1nchez<\/strong><div class=\"team-member-description \" style=\"margin: 0px;padding: 0px;font-size: 13px;line-height: inherit;, Helvetica, Arial, sans-serif;vertical-align: baseline;letter-spacing: normal\"><\/div><div class=\"team-member-description \" style=\"margin: 0px;padding: 0px;font-size: 13px;line-height: inherit;, Helvetica, Arial, sans-serif;vertical-align: baseline;letter-spacing: normal\"><\/div><div class=\"team-member-description \" style=\"margin: 0px;padding: 0px;font-size: 13px;line-height: inherit;, Helvetica, Arial, sans-serif;vertical-align: baseline;letter-spacing: normal\"><\/div><div class=\"team-member-description \" style=\"margin: 0px;padding: 0px;font-size: 13px;line-height: inherit;, Helvetica, Arial, sans-serif;vertical-align: baseline;letter-spacing: normal\"><\/div><div class=\"team-member-description \" style=\"margin: 0px;padding: 0px;font-size: 13px;line-height: inherit;, Helvetica, Arial, sans-serif;vertical-align: baseline;letter-spacing: normal\"><\/div><div class=\"team-member-description \" style=\"margin: 0px;padding: 0px;font-size: 13px;line-height: inherit;, Helvetica, Arial, sans-serif;vertical-align: baseline;letter-spacing: normal\"><\/div><\/p>\n\n\n\n<p>H\u00e9ctor S\u00e1nchez-Delgado t\u00e9 un doctorat en Dret per la Universitat Aut\u00f2noma de Barcelona (UAB), on va defensar la seva tesi doctoral el 2024 sota la direcci\u00f3 del Dr. Josep Cid. Es va graduar en Criminologia a la UAB (2017) i t\u00e9 dos m\u00e0sters: en An\u00e0lisi i Prevenci\u00f3 de la Criminalitat i en Intel\u00b7lig\u00e8ncia de Negoci i Big Data. La seva recerca se centra en l&#8217;an\u00e0lisi espacial de la delinq\u00fc\u00e8ncia i l&#8217;aplicaci\u00f3 de metodologies quantitatives a la criminologia, amb una atenci\u00f3 especial a les teories ecol\u00f2giques de la delinq\u00fc\u00e8ncia. Ha publicat articles sobre patrons de delinq\u00fc\u00e8ncia des d&#8217;una perspectiva geogr\u00e0fica, ha presentat les seves conclusions en congressos nacionals i participa activament en la revisi\u00f3 cient\u00edfica i la doc\u00e8ncia universit\u00e0ria.<\/p>\n<\/div><\/div>\n\n\n\n<div class=\"wp-block-media-text alignwide is-stacked-on-mobile\" style=\"grid-template-columns:15% auto\"><figure class=\"wp-block-media-text__media\"><img loading=\"lazy\" decoding=\"async\" width=\"169\" height=\"203\" src=\"https:\/\/webs.uab.cat\/criminologia\/wp-content\/uploads\/sites\/625\/2025\/02\/Xufre.jpg\" alt=\"\" class=\"wp-image-70 size-full\" \/><\/figure><div class=\"wp-block-media-text__content\">\n<p><strong>Judit Xufr\u00e9<\/strong><div class=\"team-member-description \" style=\"margin: 0px;padding: 0px;font-size: 13px;line-height: inherit;, Helvetica, Arial, sans-serif;vertical-align: baseline;letter-spacing: normal\"><\/div><div class=\"team-member-description \" style=\"margin: 0px;padding: 0px;font-size: 13px;line-height: inherit;, Helvetica, Arial, sans-serif;vertical-align: baseline;letter-spacing: normal\"><\/div><div class=\"team-member-description \" style=\"margin: 0px;padding: 0px;font-size: 13px;line-height: inherit;, Helvetica, Arial, sans-serif;vertical-align: baseline;letter-spacing: normal\"><\/div><div class=\"team-member-description \" style=\"margin: 0px;padding: 0px;font-size: 13px;line-height: inherit;, Helvetica, Arial, sans-serif;vertical-align: baseline;letter-spacing: normal\"><\/div><div class=\"team-member-description \" style=\"margin: 0px;padding: 0px;font-size: 13px;line-height: inherit;, Helvetica, Arial, sans-serif;vertical-align: baseline;letter-spacing: normal\"><\/div><div class=\"team-member-description \" style=\"margin: 0px;padding: 0px;font-size: 13px;line-height: inherit;, Helvetica, Arial, sans-serif;vertical-align: baseline;letter-spacing: normal\"><\/div><div class=\"team-member-description \" style=\"margin: 0px;padding: 0px;font-size: 13px;line-height: inherit;, Helvetica, Arial, sans-serif;vertical-align: baseline;letter-spacing: normal\"><\/div><div class=\"team-member-description \" style=\"margin: 0px;padding: 0px;font-size: 13px;line-height: inherit;, Helvetica, Arial, sans-serif;vertical-align: baseline;letter-spacing: normal\"><\/div><div class=\"team-member-description \" style=\"margin: 0px;padding: 0px;font-size: 13px;line-height: inherit;, Helvetica, Arial, sans-serif;vertical-align: baseline;letter-spacing: normal\"><\/div><\/p>\n\n\n\n<p>Judit Xufr\u00e9 \u00e9s llicenciada en Dret i Criminologia i ha realitzat el m\u00e0ster d\u2019acc\u00e9s a l\u2019advocacia. La seva formaci\u00f3 l\u2019ha portat a centrar-se en l\u2019\u00e0mbit del Dret Penal i Penitenciari. D\u2019aquesta manera forma part d\u2019un despatx d\u2019advocats a Terrassa i del grup de recerca de la Universitat Aut\u00f2noma de Barcelona \u201cDesistiment del delicte i Pol\u00edtiques de Reinserci\u00f3\u201d. Actualment participa en la investigaci\u00f3 sobre el rol del supervisor en el desistiment de la delinq\u00fc\u00e8ncia.<\/p>\n<\/div><\/div>\n\n\n\n<h2 class=\"wp-block-heading alignwide\"><strong>Historial de participants<\/strong><\/h2>\n\n\n\n<ul class=\"wp-block-list\">\n<li>Aina Ib\u00e0\u00f1ez<\/li>\n\n\n\n<li>Ariadna Andreu<\/li>\n\n\n\n<li>Beatriz T\u00e9bar<\/li>\n\n\n\n<li>Constanza Busquets<\/li>\n\n\n\n<li>Elena Garrido<\/li>\n\n\n\n<li>Eugenia Albani<\/li>\n\n\n\n<li>Gabriel Tenenbaum<\/li>\n\n\n\n<li>Iman el Kabiri<\/li>\n\n\n\n<li>Jaime Cabeza<\/li>\n\n\n\n<li>Juanjo Medina<\/li>\n\n\n\n<li>Marcelo F. Aebi<\/li>\n\n\n\n<li>Mauricio Manchado<\/li>\n\n\n\n<li>N\u00faria Cass\u00e0<\/li>\n\n\n\n<li>Roberta Fernandes<\/li>\n\n\n\n<li>Roger Mancho<\/li>\n\n\n\n<li>Tania Ram\u00edrez<\/li>\n\n\n\n<li>Yuridia Felix<\/li>\n<\/ul>\n","protected":false},"excerpt":{"rendered":"<p>Investigadors Josep Cid Josep Cid \u00e9s catedr\u00e0tic de dret penal i criminologia i coordinador del grau de criminologia de la UAB. La seva recerca est\u00e0 focalitzada en la criminologia i en la penologia. Dirigeix el grup de recerca en &#8220;Desistiment del delicte i Pol\u00edtiques de Reinserci\u00f3&#8221; que en els darrers anys ha focalitzat la seva [&hellip;]<\/p>\n","protected":false},"author":1385,"featured_media":0,"parent":0,"menu_order":0,"comment_status":"closed","ping_status":"closed","template":"","meta":{"footnotes":""},"class_list":["post-42","page","type-page","status-publish","hentry"],"_links":{"self":[{"href":"https:\/\/webs.uab.cat\/criminologia\/wp-json\/wp\/v2\/pages\/42","targetHints":{"allow":["GET"]}}],"collection":[{"href":"https:\/\/webs.uab.cat\/criminologia\/wp-json\/wp\/v2\/pages"}],"about":[{"href":"https:\/\/webs.uab.cat\/criminologia\/wp-json\/wp\/v2\/types\/page"}],"author":[{"embeddable":true,"href":"https:\/\/webs.uab.cat\/criminologia\/wp-json\/wp\/v2\/users\/1385"}],"replies":[{"embeddable":true,"href":"https:\/\/webs.uab.cat\/criminologia\/wp-json\/wp\/v2\/comments?post=42"}],"version-history":[{"count":24,"href":"https:\/\/webs.uab.cat\/criminologia\/wp-json\/wp\/v2\/pages\/42\/revisions"}],"predecessor-version":[{"id":736,"href":"https:\/\/webs.uab.cat\/criminologia\/wp-json\/wp\/v2\/pages\/42\/revisions\/736"}],"wp:attachment":[{"href":"https:\/\/webs.uab.cat\/criminologia\/wp-json\/wp\/v2\/media?parent=42"}],"curies":[{"name":"wp","href":"https:\/\/api.w.org\/{rel}","templated":true}]}}