{"id":279,"date":"2024-02-26T14:31:59","date_gmt":"2024-02-26T12:31:59","guid":{"rendered":"https:\/\/webs.uab.cat\/ecf4climcrisiecosocial\/recuperar-sessions\/"},"modified":"2024-03-19T12:52:30","modified_gmt":"2024-03-19T10:52:30","slug":"recuperar-sessions","status":"publish","type":"page","link":"https:\/\/webs.uab.cat\/ecf4climcrisiecosocial\/es\/recuperar-sessions\/","title":{"rendered":"Recuperar sesiones"},"content":{"rendered":"\n<p>En esta p\u00e1gina le planteamos una serie de actividades que puede realizar <strong><em>en caso de no poder asistir a alguna de las conferencias y\/o talleres del ciclo.<\/em><\/strong> <\/p>\n\n<p>Para el reconocimiento de cr\u00e9ditos deber\u00e1 haber asistido a un 80% de las actividades presenciales. <\/p>\n\n<p>[P\u00e0gina pendent d&#8217;actualitzaci\u00f3]<\/p>\n\n<ul class=\"wp-block-list\">\n<li>Conferencia sobre Ecofeminismo y Justicia clim\u00e1tica<\/li>\n<\/ul>\n\n<p>Recomendamos revisar el <a href=\"https:\/\/webs.uab.cat\/ecf4climcrisiecosocial\/es\/2024\/03\/04\/primera-conferencia-crisis-complejas-y-respuestas-ecofeministas\/\">resumen de la conferencia<\/a> en el Blog para reflexionar sobre la relaci\u00f3n de la propuesta ecofeminista con sus caminos profesionales. Puede enviar la reflexi\u00f3n a maria.marcet@uab.cat<\/p>\n\n<ul class=\"wp-block-list\">\n<li>Conferencia sobre Migraciones clim\u00e1ticas<\/li>\n<\/ul>\n\n<p>Beatriz Felipe nos propone hacer una lectura del informe publicado por <a href=\"https:\/\/www.cicra.coop\">CICrA<\/a>: \u00ab<a href=\"https:\/\/www.cicra.coop\/ca\/2022\/11\/18\/nou-informe-injusticia-ambiental-crisi-climatica-aigua-i-migracions-estudi-de-casos\/\">Injusticia ambiental, crisis clim\u00e1tica, agua y migraciones. Estudio de casos<\/a>\u00bb (CICrA, 2022),<\/p>\n\n<p>o el m\u00e1s recientemente publicado\u00bb<a href=\"https:\/\/www.cicra.coop\/ca\/2023\/12\/13\/nou-inform-una-aproximacio-al-paper-de-la-crisi-climatica-lacaparament-pesquer-i-lextractivisme-en-la-expulsio-de-persones-dorigen-africa-que-habiten-barcelonanue\/\">Una aproximaci\u00f3 al paper de la crisi clim\u00e0tica, l&#8217;acaparament pesquer i l&#8217;extractivisme en l&#8217;expulsi\u00f3 de persones d&#8217;origen afric\u00e0 que habiten Barcelona<\/a>\u00bb (CICrA, 2023).<\/p>\n\n<p>Si no dispone de mucho tiempo tambi\u00e9n puede visualizar el <a href=\"https:\/\/www.youtube.com\/watch?v=-W_73ZvGQNo\">v\u00eddeo<\/a> de Beatriz, en colaboraci\u00f3n con el colectivo activista Extinction Rebellion, de 13 minutos! <\/p>\n","protected":false},"excerpt":{"rendered":"<p>En esta p\u00e1gina le planteamos una serie de actividades que puede realizar en caso de no poder asistir a alguna de las conferencias y\/o talleres del ciclo. Para el reconocimiento de cr\u00e9ditos deber\u00e1 haber asistido a un 80% de las actividades presenciales. [P\u00e0gina pendent d&#8217;actualitzaci\u00f3] Recomendamos revisar el resumen de la conferencia en el Blog [&hellip;]<\/p>\n","protected":false},"author":2866,"featured_media":0,"parent":0,"menu_order":0,"comment_status":"closed","ping_status":"closed","template":"","meta":{"footnotes":""},"class_list":["post-279","page","type-page","status-publish","hentry"],"_links":{"self":[{"href":"https:\/\/webs.uab.cat\/ecf4climcrisiecosocial\/es\/wp-json\/wp\/v2\/pages\/279","targetHints":{"allow":["GET"]}}],"collection":[{"href":"https:\/\/webs.uab.cat\/ecf4climcrisiecosocial\/es\/wp-json\/wp\/v2\/pages"}],"about":[{"href":"https:\/\/webs.uab.cat\/ecf4climcrisiecosocial\/es\/wp-json\/wp\/v2\/types\/page"}],"author":[{"embeddable":true,"href":"https:\/\/webs.uab.cat\/ecf4climcrisiecosocial\/es\/wp-json\/wp\/v2\/users\/2866"}],"replies":[{"embeddable":true,"href":"https:\/\/webs.uab.cat\/ecf4climcrisiecosocial\/es\/wp-json\/wp\/v2\/comments?post=279"}],"version-history":[{"count":7,"href":"https:\/\/webs.uab.cat\/ecf4climcrisiecosocial\/es\/wp-json\/wp\/v2\/pages\/279\/revisions"}],"predecessor-version":[{"id":420,"href":"https:\/\/webs.uab.cat\/ecf4climcrisiecosocial\/es\/wp-json\/wp\/v2\/pages\/279\/revisions\/420"}],"wp:attachment":[{"href":"https:\/\/webs.uab.cat\/ecf4climcrisiecosocial\/es\/wp-json\/wp\/v2\/media?parent=279"}],"curies":[{"name":"wp","href":"https:\/\/api.w.org\/{rel}","templated":true}]}}