{"id":326,"date":"2024-02-16T16:50:59","date_gmt":"2024-02-16T14:50:59","guid":{"rendered":"https:\/\/webs.uab.cat\/ecf4climcrisiecosocial\/repositorio-de-interes\/"},"modified":"2025-02-28T15:35:34","modified_gmt":"2025-02-28T13:35:34","slug":"repositorio-de-interes","status":"publish","type":"page","link":"https:\/\/webs.uab.cat\/ecf4climcrisiecosocial\/es\/materiales-de-difusion-curso-anterior-2023-2024\/repositorio-de-interes\/","title":{"rendered":"Repositorio de inter\u00e9s"},"content":{"rendered":"\n<p>El Ciclo sobre Crisis Ecosocial pretende ser una formaci\u00f3n dirigida a la pr\u00e1ctica. <\/p>\n\n<p>Por este motivo, cada taller incorporar\u00e1 una actividad de recogida de datos sobre distintos aspectos socio-ambientales de la Universidad Aut\u00f3noma de Barcelona. <\/p>\n\n<p>Para facilitar la recogida de datos y de informaci\u00f3n relevante a los participantes del Ciclo completo, adjuntamos a continuaci\u00f3n algunos enlaces y documentos.<\/p>\n\n<figure class=\"wp-block-image size-large is-style-rounded\"><img loading=\"lazy\" decoding=\"async\" width=\"1024\" height=\"683\" src=\"https:\/\/webs.uab.cat\/ecf4climcrisiecosocial\/wp-content\/uploads\/sites\/540\/2024\/02\/DSC03389-1024x683.jpg\" alt=\"\" class=\"wp-image-327\" srcset=\"https:\/\/webs.uab.cat\/ecf4climcrisiecosocial\/wp-content\/uploads\/sites\/540\/2024\/02\/DSC03389-1024x683.jpg 1024w, https:\/\/webs.uab.cat\/ecf4climcrisiecosocial\/wp-content\/uploads\/sites\/540\/2024\/02\/DSC03389-300x200.jpg 300w, https:\/\/webs.uab.cat\/ecf4climcrisiecosocial\/wp-content\/uploads\/sites\/540\/2024\/02\/DSC03389-768x512.jpg 768w, https:\/\/webs.uab.cat\/ecf4climcrisiecosocial\/wp-content\/uploads\/sites\/540\/2024\/02\/DSC03389-1536x1024.jpg 1536w, https:\/\/webs.uab.cat\/ecf4climcrisiecosocial\/wp-content\/uploads\/sites\/540\/2024\/02\/DSC03389-2048x1365.jpg 2048w, https:\/\/webs.uab.cat\/ecf4climcrisiecosocial\/wp-content\/uploads\/sites\/540\/2024\/02\/DSC03389-1200x800.jpg 1200w, https:\/\/webs.uab.cat\/ecf4climcrisiecosocial\/wp-content\/uploads\/sites\/540\/2024\/02\/DSC03389-1980x1320.jpg 1980w\" sizes=\"auto, (max-width: 1024px) 100vw, 1024px\" \/><\/figure>\n\n<ul class=\"wp-block-list\">\n<li>La principal encargada de la recogida de datos ambientales en el campus es la <a href=\"https:\/\/www.uab.cat\/mediambient\/\">Oficina de Sostenibilidad<\/a> (se pueden consultar datos de energ\u00eda, alimentaci\u00f3n, residuos y agua)<\/li>\n\n\n\n<li>La UAB dispone de un punto limpio que recientemente ha sido transformado en <a href=\"https:\/\/www.circularb30.cat\/\">Circulab<\/a> (proyecto vinculado a los <a href=\"https:\/\/www.uab.cat\/open-labs\/\">OpenLabs<\/a> de la Facultad de Ingenier\u00eda)<\/li>\n\n\n\n<li>Cada a\u00f1o, por la feria de La Comunitaria, se establece un espacio para las actividades del <a href=\"https:\/\/www.uab.cat\/web\/conoce-la-uab\/itinerarios\/campus-sis-1345668502857.html\">Campus Saludable y Sostenible<\/a>, donde se pueden encontrar algunos servicios relacionados con la Oficina de Sostenibilidad <\/li>\n\n\n\n<li>Cada Facultad dispone de un grupo de trabajo sobre Sostenibilidad (m\u00e1s informaci\u00f3n en los SLIPI de las Facultades)<\/li>\n\n\n\n<li>La Fundaci\u00f3n Aut\u00f3noma Solidaria dispone de un <a href=\"https:\/\/www.uab.cat\/web\/accio-social-\/programa-medi-ambient-1345767673621.html\">programa de voluntariado de Medio Ambiente<\/a><\/li>\n<\/ul>\n\n<p><\/p>\n","protected":false},"excerpt":{"rendered":"<p>El Ciclo sobre Crisis Ecosocial pretende ser una formaci\u00f3n dirigida a la pr\u00e1ctica. Por este motivo, cada taller incorporar\u00e1 una actividad de recogida de datos sobre distintos aspectos socio-ambientales de la Universidad Aut\u00f3noma de Barcelona. Para facilitar la recogida de datos y de informaci\u00f3n relevante a los participantes del Ciclo completo, adjuntamos a continuaci\u00f3n algunos [&hellip;]<\/p>\n","protected":false},"author":2866,"featured_media":0,"parent":981,"menu_order":0,"comment_status":"closed","ping_status":"closed","template":"","meta":{"footnotes":""},"class_list":["post-326","page","type-page","status-publish","hentry"],"_links":{"self":[{"href":"https:\/\/webs.uab.cat\/ecf4climcrisiecosocial\/es\/wp-json\/wp\/v2\/pages\/326","targetHints":{"allow":["GET"]}}],"collection":[{"href":"https:\/\/webs.uab.cat\/ecf4climcrisiecosocial\/es\/wp-json\/wp\/v2\/pages"}],"about":[{"href":"https:\/\/webs.uab.cat\/ecf4climcrisiecosocial\/es\/wp-json\/wp\/v2\/types\/page"}],"author":[{"embeddable":true,"href":"https:\/\/webs.uab.cat\/ecf4climcrisiecosocial\/es\/wp-json\/wp\/v2\/users\/2866"}],"replies":[{"embeddable":true,"href":"https:\/\/webs.uab.cat\/ecf4climcrisiecosocial\/es\/wp-json\/wp\/v2\/comments?post=326"}],"version-history":[{"count":6,"href":"https:\/\/webs.uab.cat\/ecf4climcrisiecosocial\/es\/wp-json\/wp\/v2\/pages\/326\/revisions"}],"predecessor-version":[{"id":983,"href":"https:\/\/webs.uab.cat\/ecf4climcrisiecosocial\/es\/wp-json\/wp\/v2\/pages\/326\/revisions\/983"}],"up":[{"embeddable":true,"href":"https:\/\/webs.uab.cat\/ecf4climcrisiecosocial\/es\/wp-json\/wp\/v2\/pages\/981"}],"wp:attachment":[{"href":"https:\/\/webs.uab.cat\/ecf4climcrisiecosocial\/es\/wp-json\/wp\/v2\/media?parent=326"}],"curies":[{"name":"wp","href":"https:\/\/api.w.org\/{rel}","templated":true}]}}