{"id":989,"date":"2024-03-21T18:17:28","date_gmt":"2024-03-21T16:17:28","guid":{"rendered":"https:\/\/webs.uab.cat\/ecf4climcrisiecosocial\/ii-imaginar-el-futuro\/"},"modified":"2025-03-05T16:21:25","modified_gmt":"2025-03-05T14:21:25","slug":"ii-imaginar-el-futuro","status":"publish","type":"page","link":"https:\/\/webs.uab.cat\/ecf4climcrisiecosocial\/es\/ii-imaginar-el-futuro\/","title":{"rendered":"(II) Imaginar el futuro"},"content":{"rendered":"\n<p>La segunda conferencia del Ciclo sobre Crisis Ecosocial cont\u00f3 con la participaci\u00f3n de dos ponentes muy vinculados tanto a la <strong>econom\u00eda social y solidaria <\/strong>como a <strong>redes de activismo ecologista<\/strong>. Tambi\u00e9n participaron en la organizaci\u00f3n de las <a href=\"https:\/\/futursimpossibles.org\/\">Jornadas Futuros (Im)posibles<\/a>. <\/p>\n\n<p>Rub\u00e9n Suri\u00f1ach y Eva Vilaseca, ambos vinculados a la <a href=\"https:\/\/xes.cat\/\">Red de Econom\u00eda Solidaria (XES)<\/a> y a la <a href=\"https:\/\/futursimpossibles.org\/assemblea-catalana-per-la-transicio-ecosocial\/\">Asamblea por la Transici\u00f3n Ecosocial de Catalu\u00f1a (ACTE)<\/a>, de la que nos hablan al finalizar la charla, nos introdujeron en la perspectiva de los escenarios de futuro.<\/p>\n\n<ul class=\"wp-block-list\">\n<li><strong>Realismo ecol\u00f3gico<\/strong><\/li>\n<\/ul>\n\n<p>Rub\u00e9n inicia la charla con el concepto de realismo ecol\u00f3gico, por lo que debemos actuar con la conciencia hacia la extralimitaci\u00f3n de recursos naturales. <\/p>\n\n<p><a href=\"https:\/\/www.stockholmresilience.org\/research\/planetary-boundaries.html\">Saber m\u00e1s<\/a><\/p>\n\n<p>Existen una serie de indicadores que apuntan hacia este traspaso de los l\u00edmites biogeof\u00edsicos, y el cambio clim\u00e1tico es s\u00f3lo uno de ellos (ej.: acidificaci\u00f3n de los oc\u00e9anos, cambios en las precipitaciones, biodiversidad, cambios edafol\u00f3gicos&#8230;). Por tanto, hay que trabajar desde la l\u00f3gica de la adaptaci\u00f3n, la resiliencia y la mitigaci\u00f3n.  <\/p>\n\n<p>Si la transici\u00f3n ecosocial es inevitable, \u00bfc\u00f3mo hacerla?<\/p>\n\n<ul class=\"wp-block-list\">\n<li><strong>Cancelaci\u00f3n del futuro<\/strong><\/li>\n<\/ul>\n\n<p>Antes de hacerla, es necesario poder imaginarla.<\/p>\n\n<p>Partiendo de esa idea de la necesidad de adaptarnos a la crisis ecosocial, la Jornada Futuros Imposibles permiti\u00f3 observar las dificultades sist\u00e9micas para pensar en sistemas alternativos. Este diagn\u00f3stico est\u00e1 nutrido de hechos hist\u00f3ricos, principalmente vinculados a la <strong> consolidaci\u00f3n del neoliberalismo<\/strong>. Esto ha condicionado, gracias a toda la campa\u00f1a que sus defensores llevan haciendo desde los 80s (ej.: la <a href=\"https:\/\/es.wikipedia.org\/wiki\/There_is_no_alternative\">TINA \u2013 o There is No Alternative<\/a> de Margaret Thatcher) que no se viera alternativa posible al capitalismo imperante.<\/p>\n\n<p>La utop\u00eda neoliberal se afianza hasta el <strong>2008<\/strong>. La crisis supuso un punto de inflexi\u00f3n, porque el crecimiento econ\u00f3mico mostr\u00f3 sus l\u00edmites.  <strong>Ahora bien, ese \u00abchoque de realidad\u00bb no supuso siempre una ruptura de la legitimidad del neoliberalismo.<\/strong> La precariedad ha podido cronificarse, as\u00ed como la sensaci\u00f3n de que \u00abno viviremos mejor que nuestros padres\u00bb. Este elemento de choque y precariedad, sumado a la proliferaci\u00f3n de las distop\u00edas, puede haber favorecido al fen\u00f3meno de cancelaci\u00f3n del futuro. <\/p>\n\n<p>Cancelamos el futuro cuando no podemos pensarlo, imaginarlo, planificarlo, simplemente porque <strong>vivir el presente nos hace sentir m\u00e1s seguros<\/strong>. Las distop\u00edas contribuyen a que nos hagamos una madriguera en el presente pensando que \u00aben unos a\u00f1os, todo puede ser peor\u00bb.<\/p>\n\n<p>\u00bfNo hab\u00e9is tenido la t\u00edpica conversaci\u00f3n sobre <em>\u00ablo mal que est\u00e1 el mundo\u00bb<\/em> y c\u00f3mo <em>\u00abla humanidad se extinguir\u00e1\u00bb<\/em> porque <em>\u00abno hay nada que hacer\u00bb<\/em>?<\/p>\n\n<p> A esto nos referimos.<\/p>\n\n<ul class=\"wp-block-list\">\n<li><strong>La propuesta de los escenarios de futuro<\/strong><\/li>\n<\/ul>\n\n<p>Rub\u00e9n propone trabajar con 4 tipos de ficciones para pensar, de diferentes maneras, y atendiendo a diferentes l\u00f3gicas, el futuro. Por un lado, podemos pensar si primar\u00e1 la l\u00f3gica de mercado, o la l\u00f3gica comunitaria, y al mismo tiempo, si habr\u00e1 m\u00e1s o menos conflictividad social. Como comentamos, los 4 escenarios de futuro son ficciones, y formas de ver el \u00absistema\u00bb en el que viviremos desde diferentes \u00f3pticas. Son categor\u00edas que sirven para el an\u00e1lisis pol\u00edtico del mundo en el que vivimos. Para Rub\u00e9n y Eva, poder dibujar estos escenarios puede permitir afrontar la cancelaci\u00f3n del futuro.    <\/p>\n\n<figure class=\"wp-block-image size-full\"><img loading=\"lazy\" decoding=\"async\" width=\"890\" height=\"517\" src=\"https:\/\/webs.uab.cat\/ecf4climcrisiecosocial\/wp-content\/uploads\/sites\/540\/2024\/03\/image-7.png\" alt=\"\" class=\"wp-image-491\" srcset=\"https:\/\/webs.uab.cat\/ecf4climcrisiecosocial\/wp-content\/uploads\/sites\/540\/2024\/03\/image-7.png 890w, https:\/\/webs.uab.cat\/ecf4climcrisiecosocial\/wp-content\/uploads\/sites\/540\/2024\/03\/image-7-300x174.png 300w, https:\/\/webs.uab.cat\/ecf4climcrisiecosocial\/wp-content\/uploads\/sites\/540\/2024\/03\/image-7-768x446.png 768w\" sizes=\"auto, (max-width: 890px) 100vw, 890px\" \/><figcaption class=\"wp-element-caption\">Una de las diapositivas de la presentaci\u00f3n de Rub\u00e9n y Eva, Futuros (Im)posibles.<\/figcaption><\/figure>\n\n<p><strong><em>LAS \u00c9LITES HACEN LA TRANSICI\u00d3N: ESCENARIO ECOFASCISTA<\/em><\/strong> y <strong><em>ESCENARIO GREEN NEW DEAL CORPORATIVO<\/em><\/strong> <\/p>\n\n<p>Un escenario ecofascista ser\u00eda en el que las \u00e9lites y el poder corporativo llevan a cabo un proceso de segregaci\u00f3n social, acaparamiento de tierras y recursos. El conflicto se sit\u00faa entre las clases populares (divisi\u00f3n interna de esta clase), puesto que se produce una regresi\u00f3n democr\u00e1tica y se tiende al autoritarismo. <\/p>\n\n<p>El tambi\u00e9n llamado <a href=\"https:\/\/commission.europa.eu\/strategy-and-policy\/priorities-2019-2024\/european-green-deal_es\">Green New Deal<\/a> corporativo es un escenario similar al anterior. Se produce un adormecimiento social, los gobiernos y el capital privado hacen maquillaje verde (renovables y electrificaci\u00f3n del transporte), mientras la poblaci\u00f3n que no es tan privilegiada ve c\u00f3mo empeoran las condiciones.  <\/p>\n\n<p>\u00bfC\u00f3mo ser\u00edan las portadas de los peri\u00f3dicos en cada uno de esos escenarios?<\/p>\n\n<div class=\"wp-block-columns is-layout-flex wp-container-core-columns-is-layout-9d6595d7 wp-block-columns-is-layout-flex\">\n<div class=\"wp-block-column is-layout-flow wp-block-column-is-layout-flow\" style=\"flex-basis:100%\">\n<div class=\"wp-block-columns is-layout-flex wp-container-core-columns-is-layout-9d6595d7 wp-block-columns-is-layout-flex\">\n<div class=\"wp-block-column is-layout-flow wp-block-column-is-layout-flow\">\n<figure class=\"wp-block-image size-full\"><img loading=\"lazy\" decoding=\"async\" width=\"354\" height=\"517\" src=\"https:\/\/webs.uab.cat\/ecf4climcrisiecosocial\/wp-content\/uploads\/sites\/540\/2024\/03\/fotoescenaris1.png\" alt=\"\" class=\"wp-image-497\" srcset=\"https:\/\/webs.uab.cat\/ecf4climcrisiecosocial\/wp-content\/uploads\/sites\/540\/2024\/03\/fotoescenaris1.png 354w, https:\/\/webs.uab.cat\/ecf4climcrisiecosocial\/wp-content\/uploads\/sites\/540\/2024\/03\/fotoescenaris1-205x300.png 205w\" sizes=\"auto, (max-width: 354px) 100vw, 354px\" \/><figcaption class=\"wp-element-caption\">Las hipot\u00e9ticas noticias de un mundo ecofascista<\/figcaption><\/figure>\n<\/div>\n\n\n\n<div class=\"wp-block-column is-layout-flow wp-block-column-is-layout-flow\">\n<figure class=\"wp-block-image size-full\"><img loading=\"lazy\" decoding=\"async\" width=\"380\" height=\"511\" src=\"https:\/\/webs.uab.cat\/ecf4climcrisiecosocial\/wp-content\/uploads\/sites\/540\/2024\/03\/fotoescenaris.png\" alt=\"\" class=\"wp-image-500\" srcset=\"https:\/\/webs.uab.cat\/ecf4climcrisiecosocial\/wp-content\/uploads\/sites\/540\/2024\/03\/fotoescenaris.png 380w, https:\/\/webs.uab.cat\/ecf4climcrisiecosocial\/wp-content\/uploads\/sites\/540\/2024\/03\/fotoescenaris-223x300.png 223w\" sizes=\"auto, (max-width: 380px) 100vw, 380px\" \/><figcaption class=\"wp-element-caption\">Las hipot\u00e9ticas noticias de un mundo con el Green New Deal corporativo<\/figcaption><\/figure>\n<\/div>\n<\/div>\n<\/div>\n<\/div>\n\n<p><strong><em>\u00bfQUI\u00c9N LIDERA EL CAMBIO, LAS INSTITUCIONES O LA AUTO-ORGANIZACI\u00d3N?<\/em><\/strong><\/p>\n\n<p>En un escenario de Green New Deal transformador, se asume un liderazgo de un cambio ecosocial m\u00e1s inclusivo desde las instituciones. Hay baja conflictividad social porque la transici\u00f3n la realizan las instituciones, pero la poblaci\u00f3n no tiene la iniciativa.  <\/p>\n\n<p>Sin embargo, en un escenario decrecentista los cambios los lidera la iniciativa de la sociedad civil organizada. \u00c9ste es el escenario m\u00e1s \u00abradical\u00bb porque el actual sistema de democracia representativa pierde peso a medida que gana la fuerza de la auto-organizaci\u00f3n.  <\/p>\n\n<p>Las noticias en cada uno de estos escenarios podr\u00edan ser:<\/p>\n\n<div class=\"wp-block-columns is-layout-flex wp-container-core-columns-is-layout-9d6595d7 wp-block-columns-is-layout-flex\">\n<div class=\"wp-block-column is-layout-flow wp-block-column-is-layout-flow\">\n<figure class=\"wp-block-image size-full\"><img loading=\"lazy\" decoding=\"async\" width=\"348\" height=\"526\" src=\"https:\/\/webs.uab.cat\/ecf4climcrisiecosocial\/wp-content\/uploads\/sites\/540\/2024\/03\/escenaris2.png\" alt=\"\" class=\"wp-image-511\" srcset=\"https:\/\/webs.uab.cat\/ecf4climcrisiecosocial\/wp-content\/uploads\/sites\/540\/2024\/03\/escenaris2.png 348w, https:\/\/webs.uab.cat\/ecf4climcrisiecosocial\/wp-content\/uploads\/sites\/540\/2024\/03\/escenaris2-198x300.png 198w\" sizes=\"auto, (max-width: 348px) 100vw, 348px\" \/><figcaption class=\"wp-element-caption\">Escenario Green New Deal transformador. Fuente: presentaci\u00f3n de Futuros (Im)posibles  <\/figcaption><\/figure>\n<\/div>\n\n\n\n<div class=\"wp-block-column is-layout-flow wp-block-column-is-layout-flow\">\n<figure class=\"wp-block-image size-full\"><img loading=\"lazy\" decoding=\"async\" width=\"347\" height=\"514\" src=\"https:\/\/webs.uab.cat\/ecf4climcrisiecosocial\/wp-content\/uploads\/sites\/540\/2024\/03\/escenaris-4.png\" alt=\"\" class=\"wp-image-514\" srcset=\"https:\/\/webs.uab.cat\/ecf4climcrisiecosocial\/wp-content\/uploads\/sites\/540\/2024\/03\/escenaris-4.png 347w, https:\/\/webs.uab.cat\/ecf4climcrisiecosocial\/wp-content\/uploads\/sites\/540\/2024\/03\/escenaris-4-203x300.png 203w\" sizes=\"auto, (max-width: 347px) 100vw, 347px\" \/><figcaption class=\"wp-element-caption\">Escenario decrecentista. Fuente: presentaci\u00f3n de Futuros (Im)posibles  <\/figcaption><\/figure>\n<\/div>\n<\/div>\n\n<ul class=\"wp-block-list\">\n<li><strong>Disruptores ecol\u00f3gicos y conflictos sociales <\/strong><\/li>\n<\/ul>\n\n<p><strong>Los escenarios de futuro se han dibujado durante el transcurso de distintos talleres que se han llevado a cabo por el territorio catal\u00e1n.<\/strong> En tots aquests es compartia la diagnosi de la futura inestabilitat socioecon\u00f2mica, causada per disrupcions ecol\u00f2giques.<\/p>\n<div class=\"wp-block-image\">\n<figure class=\"aligncenter size-full is-resized\"><img loading=\"lazy\" decoding=\"async\" width=\"957\" height=\"535\" src=\"https:\/\/webs.uab.cat\/ecf4climcrisiecosocial\/wp-content\/uploads\/sites\/540\/2024\/03\/image-9.png\" alt=\"\" class=\"wp-image-517\" style=\"width:540px;height:auto\" srcset=\"https:\/\/webs.uab.cat\/ecf4climcrisiecosocial\/wp-content\/uploads\/sites\/540\/2024\/03\/image-9.png 957w, https:\/\/webs.uab.cat\/ecf4climcrisiecosocial\/wp-content\/uploads\/sites\/540\/2024\/03\/image-9-300x168.png 300w, https:\/\/webs.uab.cat\/ecf4climcrisiecosocial\/wp-content\/uploads\/sites\/540\/2024\/03\/image-9-768x429.png 768w\" sizes=\"auto, (max-width: 957px) 100vw, 957px\" \/><figcaption class=\"wp-element-caption\">Fuente: presentaci\u00f3n de Futuros (Im)posibles<\/figcaption><\/figure>\n<\/div><div class=\"wp-block-image\">\n<figure class=\"aligncenter size-full is-resized\"><img loading=\"lazy\" decoding=\"async\" width=\"957\" height=\"535\" src=\"https:\/\/webs.uab.cat\/ecf4climcrisiecosocial\/wp-content\/uploads\/sites\/540\/2024\/03\/image-10.png\" alt=\"\" class=\"wp-image-520\" style=\"width:534px;height:auto\" srcset=\"https:\/\/webs.uab.cat\/ecf4climcrisiecosocial\/wp-content\/uploads\/sites\/540\/2024\/03\/image-10.png 957w, https:\/\/webs.uab.cat\/ecf4climcrisiecosocial\/wp-content\/uploads\/sites\/540\/2024\/03\/image-10-300x168.png 300w, https:\/\/webs.uab.cat\/ecf4climcrisiecosocial\/wp-content\/uploads\/sites\/540\/2024\/03\/image-10-768x429.png 768w\" sizes=\"auto, (max-width: 957px) 100vw, 957px\" \/><figcaption class=\"wp-element-caption\">Fuente: presentaci\u00f3n de Futuros (Im)posibles <\/figcaption><\/figure>\n<\/div><div class=\"wp-block-image\">\n<figure class=\"aligncenter size-full is-resized\"><img loading=\"lazy\" decoding=\"async\" width=\"957\" height=\"535\" src=\"https:\/\/webs.uab.cat\/ecf4climcrisiecosocial\/wp-content\/uploads\/sites\/540\/2024\/03\/image-11.png\" alt=\"\" class=\"wp-image-523\" style=\"width:528px;height:auto\" srcset=\"https:\/\/webs.uab.cat\/ecf4climcrisiecosocial\/wp-content\/uploads\/sites\/540\/2024\/03\/image-11.png 957w, https:\/\/webs.uab.cat\/ecf4climcrisiecosocial\/wp-content\/uploads\/sites\/540\/2024\/03\/image-11-300x168.png 300w, https:\/\/webs.uab.cat\/ecf4climcrisiecosocial\/wp-content\/uploads\/sites\/540\/2024\/03\/image-11-768x429.png 768w\" sizes=\"auto, (max-width: 957px) 100vw, 957px\" \/><figcaption class=\"wp-element-caption\">Fuente: presentaci\u00f3n de Futuros (Im)posibles <\/figcaption><\/figure>\n<\/div>\n<p>Hay que hacer \u00e9nfasis en que todos estos elementos vinculados a la transici\u00f3n ecosocial y los escenarios son instrumentos vinculados a la incidencia pol\u00edtica. Nos sirven para dibujar futuros posibles y para pensar c\u00f3mo trabajar para que tengan lugar, o para evitarlos, si no son deseables. \u00a1No deben tomarse como previsiones de futuro! Adem\u00e1s, podemos encontrar muchos elementos de estos escenarios en el presente, incluso de los dos escenarios m\u00e1s \u00abradicales\u00bb (ecofascista y, en oposici\u00f3n, decrecentista).    <\/p>\n\n<p>Al finalizar, Eva y Rub\u00e9n nos propon\u00edan 5 estrategias de cambio<\/p>\n\n<blockquote class=\"wp-block-quote is-style-plain is-layout-flow wp-block-quote-is-layout-flow\">\n<ol class=\"wp-block-list\">\n<li>Movilizaci\u00f3n, denuncia y resistencia<\/li>\n\n\n\n<li>Incidencia pol\u00edtica <\/li>\n\n\n\n<li>Construcci\u00f3n de alternativas econ\u00f3micas <\/li>\n\n\n\n<li>Refuerzo del tejido y gobernanza comunitaria <\/li>\n\n\n\n<li>Cambio cultural <\/li>\n<\/ol>\n<\/blockquote>\n\n<ul class=\"wp-block-list\">\n<li><strong>Principios de la transici\u00f3n ecosocial<\/strong><\/li>\n<\/ul>\n\n<figure class=\"wp-block-image size-full\"><img loading=\"lazy\" decoding=\"async\" width=\"962\" height=\"588\" src=\"https:\/\/webs.uab.cat\/ecf4climcrisiecosocial\/wp-content\/uploads\/sites\/540\/2024\/03\/image-12.png\" alt=\"\" class=\"wp-image-526\" srcset=\"https:\/\/webs.uab.cat\/ecf4climcrisiecosocial\/wp-content\/uploads\/sites\/540\/2024\/03\/image-12.png 962w, https:\/\/webs.uab.cat\/ecf4climcrisiecosocial\/wp-content\/uploads\/sites\/540\/2024\/03\/image-12-300x183.png 300w, https:\/\/webs.uab.cat\/ecf4climcrisiecosocial\/wp-content\/uploads\/sites\/540\/2024\/03\/image-12-768x469.png 768w\" sizes=\"auto, (max-width: 962px) 100vw, 962px\" \/><\/figure>\n\n<p><em>vivir con menos, para vivir mejor y para vivir todos y todas<\/em><\/p>\n\n<p>Es el lema que nos presenta Eva iniciando su parte de la ponencia, centrada en el \u00abc\u00f3mo\u00bb de esta transici\u00f3n ecosocial que s\u00ed podemos imaginar.<\/p>\n\n<ul class=\"wp-block-list\">\n<li><strong>Propuestas que ya existen<\/strong><\/li>\n<\/ul>\n\n<p>La transici\u00f3n ecosocial debe centrarse en las necesidades. El sistema econ\u00f3mico no puede falsearlas para nutrir los beneficios capitalistas. Para hacer una propuesta contracapitalista, Kate Raworth ha dibujado la <a href=\"https:\/\/doughnuteconomics.org\/about-doughnut-economics\">econom\u00eda del donut<\/a>, de la que Eva nos hablaba para ponernos un ejemplo de propuesta de an\u00e1lisis. Esta propuesta se llama as\u00ed porque se gr\u00e1fica con un donut, con 3 c\u00edrculos en su interior. Lo que quiere explicar el donut es que entre las necesidades sociales y los l\u00edmites ecol\u00f3gicos se encuentra una econom\u00eda sana (econom\u00eda regenerativa y distributiva).     <\/p>\n<div class=\"wp-block-image\">\n<figure class=\"aligncenter size-full is-resized\"><img loading=\"lazy\" decoding=\"async\" width=\"570\" height=\"551\" src=\"https:\/\/webs.uab.cat\/ecf4climcrisiecosocial\/wp-content\/uploads\/sites\/540\/2024\/03\/Doughnut-Overflow-1.png\" alt=\"\" class=\"wp-image-529\" style=\"width:425px;height:auto\" srcset=\"https:\/\/webs.uab.cat\/ecf4climcrisiecosocial\/wp-content\/uploads\/sites\/540\/2024\/03\/Doughnut-Overflow-1.png 570w, https:\/\/webs.uab.cat\/ecf4climcrisiecosocial\/wp-content\/uploads\/sites\/540\/2024\/03\/Doughnut-Overflow-1-300x290.png 300w\" sizes=\"auto, (max-width: 570px) 100vw, 570px\" \/><figcaption class=\"wp-element-caption\">Fuente: doughnuteconomics.org<\/figcaption><\/figure>\n<\/div>\n<ul class=\"wp-block-list\">\n<li><strong>Cambios para <em>cambiarlo todo<\/em> <\/strong><\/li>\n<\/ul>\n\n<p>En la presentaci\u00f3n hemos intentado desbloquear el camino hacia la transici\u00f3n ecosocial (que no es que no est\u00e9 sucediendo, pero sigue siendo un camino por recorrer) con 4 bloques.<\/p>\n\n<figure class=\"wp-block-table\"><table><tbody><tr><td><strong><em>CAMBIAR LA RELACI\u00d3N NATURALEZA-TERRITORIO<\/em><\/strong><br\/>Restaurar ecosistemas, democratizar el acceso a los bienes naturales, soberan\u00edas, renaturalizaci\u00f3n de las ciudades&#8230;<\/td><\/tr><tr><td><strong><em>CAMBIAR EL SISTEMA ECON\u00d3MICO<\/em><\/strong><br\/>Decrecer, descarbonizar, relocalizar, reconversi\u00f3n productiva.<br\/>Preguntarnos cu\u00e1les son los sectores econ\u00f3micos <em>esenciales <\/em> <em>para la vida<\/em>.<\/td><\/tr><tr><td><strong><em>CAMBIAR EL SISTEMA DEMOCR\u00c1TICO<\/em><\/strong><br\/>Garantizando los derechos sociales, la cobertura de las necesidades b\u00e1sicas, la regeneraci\u00f3n democr\u00e1tica, renta b\u00e1sica universal, repensar c\u00f3mo nos organizamos el tiempo, servicios p\u00fablicos, solidaridad internacionalista y cultura de la paz.<\/td><\/tr><tr><td><strong><em>CAMBIOS CULTURALES<\/em><\/strong><br\/>Vidas m\u00e1s sencillas, m\u00e1s comunitarias, m\u00e1s felices, cultura de la suficiencia; educaci\u00f3n ecosocial, arte y cultura, econom\u00eda social y solidaria, imaginaci\u00f3n y deseo.<\/td><\/tr><\/tbody><\/table><\/figure>\n\n<ul class=\"wp-block-list\">\n<li>L&#8217;ACTE: manos al cambio!<\/li>\n<\/ul>\n\n<p>Con toda esta informaci\u00f3n presente, y con un futuro imaginable tan estimulante, Eva y Rub\u00e9n han formado parte de la constituci\u00f3n de la Asamblea Catalana por la Transici\u00f3n Ecosocial o ACTE (julio de 2023). El objetivo es que \u00e9ste sea un punto de encuentro de movimientos, que, al mismo tiempo, permita apoyar procesos de transici\u00f3n locales. Hasta ahora, han impulsado reuniones monogr\u00e1ficas para abordar, desde el ecologismo, situaciones como la de la actual <em>Revolta pagesa<\/em>.  <\/p>\n\n<p>Incluso intentan utilizar su voz de canal de difusi\u00f3n de estas luchas.<\/p>\n\n<p><a href=\"https:\/\/t.me\/ACTEpagesia\">V\u00e9ase el canal de telegramo del ACTE sobre las movilizaciones del campesinado catal\u00e1n. <\/a><\/p>\n\n<p>As\u00ed es como, de la diagnosis (realismo ecol\u00f3gico), la imaginaci\u00f3n (escenarios de futuro) y la propuesta (asamblea) los ponentes nos traen a la universidad la transici\u00f3n ecosocial, que parece ser un camino de vida que muchas personas no s\u00f3lo imaginan, sino que ya forma parte de sus vidas. <\/p>\n\n<p><\/p>\n","protected":false},"excerpt":{"rendered":"<p>La segunda conferencia del Ciclo sobre Crisis Ecosocial cont\u00f3 con la participaci\u00f3n de dos ponentes muy vinculados tanto a la econom\u00eda social y solidaria como a redes de activismo ecologista. Tambi\u00e9n participaron en la organizaci\u00f3n de las Jornadas Futuros (Im)posibles. Rub\u00e9n Suri\u00f1ach y Eva Vilaseca, ambos vinculados a la Red de Econom\u00eda Solidaria (XES) y [&hellip;]<\/p>\n","protected":false},"author":2866,"featured_media":537,"parent":0,"menu_order":0,"comment_status":"closed","ping_status":"closed","template":"","meta":{"footnotes":""},"class_list":["post-989","page","type-page","status-publish","has-post-thumbnail","hentry"],"_links":{"self":[{"href":"https:\/\/webs.uab.cat\/ecf4climcrisiecosocial\/es\/wp-json\/wp\/v2\/pages\/989","targetHints":{"allow":["GET"]}}],"collection":[{"href":"https:\/\/webs.uab.cat\/ecf4climcrisiecosocial\/es\/wp-json\/wp\/v2\/pages"}],"about":[{"href":"https:\/\/webs.uab.cat\/ecf4climcrisiecosocial\/es\/wp-json\/wp\/v2\/types\/page"}],"author":[{"embeddable":true,"href":"https:\/\/webs.uab.cat\/ecf4climcrisiecosocial\/es\/wp-json\/wp\/v2\/users\/2866"}],"replies":[{"embeddable":true,"href":"https:\/\/webs.uab.cat\/ecf4climcrisiecosocial\/es\/wp-json\/wp\/v2\/comments?post=989"}],"version-history":[{"count":1,"href":"https:\/\/webs.uab.cat\/ecf4climcrisiecosocial\/es\/wp-json\/wp\/v2\/pages\/989\/revisions"}],"predecessor-version":[{"id":990,"href":"https:\/\/webs.uab.cat\/ecf4climcrisiecosocial\/es\/wp-json\/wp\/v2\/pages\/989\/revisions\/990"}],"wp:featuredmedia":[{"embeddable":true,"href":"https:\/\/webs.uab.cat\/ecf4climcrisiecosocial\/es\/wp-json\/wp\/v2\/media\/537"}],"wp:attachment":[{"href":"https:\/\/webs.uab.cat\/ecf4climcrisiecosocial\/es\/wp-json\/wp\/v2\/media?parent=989"}],"curies":[{"name":"wp","href":"https:\/\/api.w.org\/{rel}","templated":true}]}}