{"id":247,"date":"2009-05-25T13:26:58","date_gmt":"2009-05-25T11:26:58","guid":{"rendered":"https:\/\/webs.uab.cat\/efi\/research-contracts\/"},"modified":"2024-12-02T14:05:56","modified_gmt":"2024-12-02T12:05:56","slug":"research-contracts","status":"publish","type":"page","link":"https:\/\/webs.uab.cat\/efi\/en\/research-contracts\/","title":{"rendered":"Research contracts"},"content":{"rendered":"<p><strong>Title: Study on the opinion of vocational training teachers on dual vocational training.<\/strong><\/p>\n<p><strong>Released in:\u00a0<\/strong>2023<\/p>\n<p><strong>Research team:\u00a0<\/strong>Pilar Pineda, Laura Arnau, Anna Ciraso<\/p>\n<p><strong>Short description:<\/strong> The 2017 study on the perception of vocational training schools on dual training is replicated, with the aim of identifying the facilitators and barriers that they detect in its implementation from a longitudinal perspective.<\/p>\n<p><a href=\"https:\/\/www.fundacionbertelsmann.org\/wp-content\/uploads\/2024\/01\/Perspectivas-docentes-sobre-las-oportunidades-y-desafios-en-la-FP-dual_web.pdf\" target=\"_blank\" rel=\"noopener\">Access to the document<\/a><\/p>\n<hr \/>\n<p><strong>Title: <span data-olk-copy-source=\"MessageBody\">Step by step: standing up a Barnahus in Catalonia: A simulation-based training program to avoid secondary victimization in the assessment and treatment of child sexual abuse<\/span><\/strong><\/p>\n<p><strong>Released in:\u00a0<\/strong>2022<\/p>\n<p><strong>Research team:<\/strong>Pilar Pineda, Anna Ciraso, Paloma Valdivia, Carla Quesada, Angelina S\u00e1nchez<\/p>\n<p><strong>Short description: <\/strong>The project addresses the lack of professional training and institutional coordination in Spain to prevent secondary victimization in cases of child sexual abuse. Its main goal is to design and implement a simulation-based training program for professionals working at the first Barnahus in Catalonia. The program focuses on developing specific skills and personal abilities to provide comprehensive and interdisciplinary care to child and adolescent victims. The initiative will also train professionals for future Barnahus centers planned in Catalonia. Expected outcomes include improved professional competencies, better handling of CSA cases, and an increase in evidence-based legal decisions. By systematizing the experience, the project will produce an educational guide for professionals across Europe. STEPS aligns with the European Barnahus Movement and aims to establish a scalable model for Barnahus development in Spain.<\/p>\n<p><a href=\"https:\/\/www.ub.edu\/steps_barnahusproject\/index_en.html\" target=\"_blank\" rel=\"noopener\">Access to the website<\/a><\/p>\n<hr \/>\n<p><strong>Title: Apprentices&#8217; evaluation of the quality of Dual VET<\/strong><\/p>\n<p><strong>Released in:\u00a0<\/strong>2022<\/p>\n<p><strong>Research team:\u00a0<\/strong>Sara Rodr\u00edguez y Pilar Pineda<\/p>\n<p><strong>Short description:<\/strong> This project was commissioned by the Bertelsmann Foundation to analyse the views of dual vocational training apprentices on the quality, contributions and opportunities offered by dual vocational training.<\/p>\n<p><a href=\"https:\/\/www.fundacionbertelsmann.org\/wp-content\/uploads\/2023\/06\/Valoracion-de-la-calidad-de-la-FP-dual-por-parte-del-alumnado_Parte-1_web.pdf\" target=\"_blank\" rel=\"noopener\">Access to the document<\/a><\/p>\n<hr \/>\n<p><strong>Title<\/strong>:\u00a0 Docencia a distancia de emergencia. An\u00e1lisis de las experiencias y opiniones del profesorado y estudiantado del Departamento de Teor\u00edas de la Educaci\u00f3n y Pedagog\u00eda Social (Emergency distance teaching. Analysis of the experiences and opinions of teaching staff and students of the Department of Theories of Education and Social Pedagogy)<\/p>\n<p><strong>Released in<\/strong>: 2020<\/p>\n<p><strong>Research team<\/strong>: Ingrid Noguera, Josefina Sala and Paloma Valdivia.<\/p>\n<p><strong>Short description<\/strong>:<\/p>\n<p>The sudden lockdown has meant that we had to adapt our teaching to non-presence in a fast, unplanned way and without the appropriate technological and pedagogical resources. Despite this, teaching staff has shown a great capacity for adaptation and innovation by offering different solutions for each of the disciplinary areas. This research collects the experiences and opinions of teaching staff of the Department of Educational Theories and Social Pedagogy and of the students who have been affected by the adaptation of teaching during the lockdown period between March and May 2020.<\/p>\n<p><a href=\"https:\/\/ddd.uab.cat\/record\/231272?ln=ca\"><strong>Access to the document<\/strong><\/a><\/p>\n<hr \/>\n<p><strong>Title<\/strong>: Criterios de calidad de la Formaci\u00f3n Dual (Quality criteria for dual VET)<\/p>\n<p><strong>Released in<\/strong>: 2018<\/p>\n<p><strong>Research team<\/strong>: Pilar Pineda and Anna Ciraso. With the support of\u00a0H\u00e9ctor Sequi and Sara Rodr\u00edguez<\/p>\n<p><strong>Short description<\/strong>:<\/p>\n<p>EFI group participates since 2016 as an advisor in the working group &#8220;Quality&#8221; of the Alliance for Dual Vocational Training and Education. The group&#8217; work in 2017 resulted in two sets of quality criteria for Dual VET, one for companies and the other for the. educational centers that are offering dual VET. These sets are designed as tools for internal use, as a guideline for self-evaluation and reflection on the processes and results of dual VET; and as a framework for accountability. Currently, the piloting phase of the batteries is being developed, which will allow us to specify the indicators.<\/p>\n<p><a href=\"https:\/\/www.fundacionbertelsmann.org\/es\/home\/publicaciones\/publicacion\/did\/indicadores-para-la-implantacion-de-proyectos-de-fp-dual-de-calidad?tx_rsmbstpublications_pi2%5Bpage%5D=1&amp;cHash=5de060d82d85ca6f8b3f47dea214b6f5\"><strong>Access to the document<\/strong><\/a><\/p>\n<p><strong>Title<\/strong>: Evaluaci\u00f3n del impacto del programa Come2Industry! (Impact evaluation of Come2Industry! program)<\/p>\n<p><strong>Released in<\/strong>: 2018<\/p>\n<p><strong>Research group<\/strong>: Pilar Pineda, Anna Ciraso and\u00a0H\u00e9ctor Sequi.<\/p>\n<p><strong>Short description<\/strong>:<\/p>\n<p>Come2Industry!\u00a0is an orientation program, promoted by the Bertelsmann Foundation and Freudenberg, whose main goal is to improve the fit between the demand of companies and the training offer. After identifying the trades with the most unmet demand in the program&#8217;s realization environment, it is currently focusing on information and orientation actions towards industrial vocational training: with sessions in secondary schools (compulsory and post-compulsory education)\u00a0with students and families, and visits to companies. The EFI group is involved isince 2017, with the mission of developing and implementing an impact evaluation of the program.<\/p>\n<p><strong><strong>Title<\/strong>:<\/strong> La FP dual en los centros educativos: visiones del profesorado (Dual VET in schools: teachers&#8217; perspectives)<\/p>\n<p><strong><strong><strong>Released in<\/strong><\/strong>: <\/strong>2017<\/p>\n<p><strong>Research group:\u00a0<\/strong>Pilar Pineda, Laura Arnau and\u00a0Anna Ciraso<\/p>\n<p><strong><strong><strong>Short description<\/strong><\/strong>:<\/strong><\/p>\n<p>This project responds to a request by Bertelsmann Foundation.\u00a0It is\u00a0a study on the perception of vocational training centers on dual VET, in order to identify the facilitators and the barriers they detect during implementation, with the aim of detecting improvements to be made, that encourage the development of dual training in Spain and improve its quality, to help increase the employability of Spanish youth.<br \/>\nThe method of the study is predominantly quantitative, with the administration of two questionnaires (for school leaders\u00a0and teachers involved in dual VET courses), to a representative sample of vocational training centers in five autonomous communities: Andalusia, Asturias, Catalunya , Castilla y Le\u00f3n and Madrid.<\/p>\n<p>Access to the document (<strong><a href=\"https:\/\/www.fundacionbertelsmann.org\/es\/home\/publicaciones-raiz\/publicacion\/did\/la-fp-dual-en-los-centros-educativos-visiones-del-profesorado-1\/\" target=\"_blank\" rel=\"noopener\">executive summary<\/a><\/strong>)<\/p>\n<p><strong><strong>Title<\/strong>:<\/strong> IAAP \u2013 Evaluaci\u00f3n de la transferencia de la formaci\u00f3n: resultados generales del cuestionario FET en el Instituto Asturiano de Administraci\u00f3n P\u00fablica \u201cAntonio Posada\u201d (Evaluation of training transfer: general results of the FET questionnaire in the Asturian Institute of Public Administration)<\/p>\n<p><strong><strong><strong>Released in<\/strong><\/strong>: <\/strong>2014<\/p>\n<p><strong>Research group:\u00a0<\/strong>Pilar Pineda Herrero, Anna Ciraso Cal\u00ed, Berta Espona Barcons, Carla Quesada Pallar\u00e8s<\/p>\n<p><strong><strong><strong>Short description<\/strong><\/strong>:<\/strong><\/p>\n<p>This project focuses on evaluating 7 training activities that the Asturian Institute of Public Administration Antonio Posada (IAAP) has carried out between November and December 2013. The evaluation is carried out\u00a0indirectly, using the FET model; three of these actions are also evaluated directly, through questionnaires and interviews. The purpose of the IAAP with this study is to observe how these two approaches to transfer evaluation work in their context and what results they provide, with the aim of\u00a0deciding what is the optimal combination of direct and indirect evaluation for their training system.<\/p>\n<p><strong><strong>Title<\/strong>:<\/strong> FCTonPLUS \u2013 Avaluaci\u00f3 de l\u2019Efic\u00e0cia de la Formaci\u00f3 en Centres de Treball (Evaluation of effectiveness of internships withing the VET system)<\/p>\n<p><strong><strong><strong>Released in<\/strong><\/strong>: <\/strong>2012<\/p>\n<p><strong>Research group:\u00a0<\/strong>Pilar Pineda Herrero (dir.), \u00d2scar Mas Torell\u00f3, Carla Quesada Pallar\u00e8s y Berta Espona Barcons. Supported by: Nat\u00e0lia Garc\u00eda, Adri\u00e0 Zancajo and Anna Ciraso<\/p>\n<p><strong><strong><strong>Short description<\/strong><\/strong>:<\/strong><\/p>\n<p>This study responds to the need to evaluate the effectiveness of training in workplaces (FCT), a compulsory module of VET curricula. This module is key to train qualified workers, so it is important to know if it is effective, i.e: if it complements the skills and knowledge that students have acquired at school, and to apply them to a real professional situation; and also, if it allowes to acquire those attitudes and skills that are necessary for job placement. With this research, the elements that determine the effectiveness of FCT in Barcelona from the point of view of different stakeholders are identified. Secondly, an instrument is created to diagnose the effectiveness of the FCT from the factors that help or hinder it. And thirdly, this instrument is used to evaluate the effectiveness of FCT in this area and to develop proposals in order to achieve a more effective FCT.<\/p>\n<p><a href=\"https:\/\/ddd.uab.cat\/record\/115542\" target=\"_blank\" rel=\"noopener\"><strong>Access to the document<\/strong><\/a><\/p>\n<p><strong>\u00a0<\/strong><\/p>\n<p><strong>Title:<\/strong>\u00a0Evaluaci\u00f3n de la eficacia de la formaci\u00f3n en la Administraci\u00f3n P\u00fablica espa\u00f1ola \u2013 ETAPE \u2013 El modelo FET (Evaluation of training effectiveness in Spanish Publich Administration &#8211; the FET model)<\/p>\n<p><strong><strong>Released in<\/strong>: <\/strong>2012<\/p>\n<p><strong>Research group: <\/strong>Pilar Pineda Herrero (dir.), Carla Quesada Pallar\u00e8s, Berta Espona Barcons, Anna Ciraso Cal\u00ed and Natalia Garc\u00eda Casta\u00f1o<\/p>\n<p><strong><strong>Short description<\/strong>:<\/strong><\/p>\n<p>Workers&#8217; life-long learning is a priority issue for government institutions, because they need professionals who are able to adapt to new circumstances quickly and efficiently. This study applies to training activities of Schools of Public Administration in different regions of Spain the FET model, the first instrument in the Spanish context to measure the factors that determine transfer of training in organizations. The aim is to provide new insights into the performance and effectiveness of public investments in training in our country. The study provides an assessment of the effectiveness of training for Spanish civil servants in terms of transfer factors, allowing to make suggestions for improvements that optimize the results of continuing training.<\/p>\n<p><a href=\"https:\/\/ddd.uab.cat\/record\/115524%20\" target=\"_blank\" rel=\"noopener\"><strong>Access to the document<\/strong><\/a><\/p>\n<p><strong>\u00a0<\/strong><\/p>\n<p><strong>Title:<\/strong> Proyecto de creaci\u00f3n de un sistema de evaluaci\u00f3n de la formaci\u00f3n del profesorado en la Comunidad Foral de Navarra (Design of an evaluation system for teacher training in Navarra)<\/p>\n<p><strong>Released in: <\/strong>2008<\/p>\n<p><strong>Research group:\u00a0<\/strong>Pilar Pineda (dir.), M\u00aa Victoria Moreno, Xavier \u00dacar, Esther Belvis and Carla Quesada<\/p>\n<p><strong>Short description: \u00a0<\/strong><\/p>\n<p>The aim of this research is to create an evaluation plan for all Teacher Support Centres of Navarre, as well as applying it, as a pilot, to detect the results training generates in schools. For this external evaluation, in terms of satisfaction, teacher learning, and learning transfer, the holistic assessment model is used. Results allow to make proposals for improving lifelong learning in this area. Also, the necessary tools and protocols are developed to enable, in the near future, the creation of an evaluation plan for teacher training in Navarre, agreed with all the stakeholders \u00a0involved.<\/p>\n<p><a href=\"https:\/\/ddd.uab.cat\/record\/115545\" target=\"_blank\" rel=\"noopener\"><strong>Access to the document<\/strong><\/a><\/p>\n<p><strong>\u00a0<\/strong><\/p>\n<p><strong><strong>Title<\/strong>:<\/strong> Avaluaci\u00f3 de la Formaci\u00f3 per a l\u2019\u00fas racional del medicament (Evaluation of training for the rational use of medicines)<\/p>\n<p><strong><strong>Released in<\/strong>: <\/strong>2008<\/p>\n<p><strong>Research group:\u00a0<\/strong>Pilar Pineda (dir.), Maria del Mar Duran, M\u00aa Victoria Moreno, Xavier \u00dacar, Esther Belvis and Cristina Su\u00e1rez<\/p>\n<p><strong>Short description:<\/strong><\/p>\n<p>This study is contextualized within the Plan of Training in Use of Drugs (PFM) of the Union Training Consortium (UCF), and specifically in the evaluation of the training results. The research consists of an external evaluation of training, through the holistic model: both in terms of learning and satisfaction of medical practitioners involved; and in terms of transfer of learning to the workplace and impact of training in health centers. This project is the starting point for the creation of a comprehensive system of evaluation of training at UCF, and an opportunity to introduce strategies and generate complicity for the evaluation of transfer of training in this organization.<\/p>\n<p><a href=\"https:\/\/ddd.uab.cat\/record\/115527\" target=\"_blank\" rel=\"noopener\"><strong>Access to the document<\/strong><\/a><\/p>\n<p><strong>\u00a0<\/strong><\/p>\n<p><strong>Title:\u00a0<\/strong>PAFOP \u2013 Avaluaci\u00f3 del programa de formaci\u00f3 per a l\u2019ensenyament de les matem\u00e0tiques en pr\u00e0ctica reflexiva (Evaluation of the training progam for mathematics with reflective practice)<\/p>\n<p><strong>Released in:\u00a0<\/strong>2008<\/p>\n<p><strong>Research group:<\/strong> Pilar Pineda (dir.), Carme Armengol, Esther Belvis, Vict\u00f2ria Moreno and Ver\u00f3nica Lozano<\/p>\n<p><strong>Short description:<\/strong><\/p>\n<p>This research presents the results of the evaluation of a new training program for teaching mathematics based on reflective practice and developed by the Direction for Lifelong Learning and Educational Resources, Department of Education of the Generalitat de Catalunya. Teacher training based on reflective practice involves the observation, analysis and reflection on the teaching performance to improve professional practice. The training evaluation was performed through the design of an Evaluation Plan that included five levels of analysis: Satisfaction, Learning, Pedagogical Adaptation, Transfer and Impact.<\/p>\n<p><a href=\"https:\/\/ddd.uab.cat\/record\/118577?ln=ca\" target=\"_blank\" rel=\"noopener\"><strong>Access to the document<\/strong><\/a><\/p>\n","protected":false},"excerpt":{"rendered":"<p>Title: Study on the opinion of vocational training teachers on dual vocational training. Released in:\u00a02023 Research team:\u00a0Pilar Pineda, Laura Arnau, Anna Ciraso Short description: The 2017 study on the perception of vocational training schools on dual training is replicated, with the aim of identifying the facilitators and barriers that they detect in its implementation from [&hellip;]<\/p>\n","protected":false},"author":20,"featured_media":0,"parent":0,"menu_order":0,"comment_status":"closed","ping_status":"closed","template":"","meta":{"footnotes":""},"class_list":["post-247","page","type-page","status-publish","hentry"],"_links":{"self":[{"href":"https:\/\/webs.uab.cat\/efi\/en\/wp-json\/wp\/v2\/pages\/247","targetHints":{"allow":["GET"]}}],"collection":[{"href":"https:\/\/webs.uab.cat\/efi\/en\/wp-json\/wp\/v2\/pages"}],"about":[{"href":"https:\/\/webs.uab.cat\/efi\/en\/wp-json\/wp\/v2\/types\/page"}],"author":[{"embeddable":true,"href":"https:\/\/webs.uab.cat\/efi\/en\/wp-json\/wp\/v2\/users\/20"}],"replies":[{"embeddable":true,"href":"https:\/\/webs.uab.cat\/efi\/en\/wp-json\/wp\/v2\/comments?post=247"}],"version-history":[{"count":2,"href":"https:\/\/webs.uab.cat\/efi\/en\/wp-json\/wp\/v2\/pages\/247\/revisions"}],"predecessor-version":[{"id":2048,"href":"https:\/\/webs.uab.cat\/efi\/en\/wp-json\/wp\/v2\/pages\/247\/revisions\/2048"}],"wp:attachment":[{"href":"https:\/\/webs.uab.cat\/efi\/en\/wp-json\/wp\/v2\/media?parent=247"}],"curies":[{"name":"wp","href":"https:\/\/api.w.org\/{rel}","templated":true}]}}