{"id":1325,"date":"2023-11-20T16:00:54","date_gmt":"2023-11-20T14:00:54","guid":{"rendered":"https:\/\/webs.uab.cat\/efi\/?page_id=1325"},"modified":"2024-07-16T21:26:14","modified_gmt":"2024-07-16T19:26:14","slug":"productos-del-proyecto","status":"publish","type":"page","link":"https:\/\/webs.uab.cat\/efi\/es\/ser-fp\/productos-del-proyecto\/","title":{"rendered":"Productos del proyecto"},"content":{"rendered":"\n<div class=\"wp-block-buttons alignfull is-content-justification-center is-layout-flex wp-container-core-buttons-is-layout-16018d1d wp-block-buttons-is-layout-flex\">\n<div class=\"wp-block-button is-style-fill\"><a class=\"wp-block-button__link has-background wp-element-button\" href=\"https:\/\/webs.uab.cat\/efi\/es\/ser-fp\/\" style=\"background:linear-gradient(90deg,rgb(202,248,128) 0%,rgb(114,99,173) 0%,rgb(114,99,173) 78%)\">El proyecto<\/a><\/div>\n\n\n\n<div class=\"wp-block-button is-style-fill\"><a class=\"wp-block-button__link has-background wp-element-button\" href=\"https:\/\/webs.uab.cat\/efi\/es\/ser-fp\/equip-del-projecte-ser-fp\/\" style=\"background:linear-gradient(97deg,rgb(94,110,255) 0%,rgb(94,110,255) 100%)\">Equipo<\/a><\/div>\n\n\n\n<div class=\"wp-block-button is-style-fill\"><a class=\"wp-block-button__link has-background wp-element-button\" href=\"https:\/\/webs.uab.cat\/efi\/es\/lineas-del-proyecto\/\" style=\"background:linear-gradient(127deg,rgb(254,195,93) 0%,rgb(254,195,93) 57%)\">L\u00edneas<\/a><\/div>\n\n\n\n<div class=\"wp-block-button\"><a class=\"wp-block-button__link has-background wp-element-button\" href=\"https:\/\/webs.uab.cat\/efi\/es\/ser-fp\/publicaciones\/\" style=\"background:linear-gradient(135deg,rgb(247,191,138) 0%,rgb(247,191,138) 100%)\">Publicaciones<\/a><\/div>\n\n\n\n<div class=\"wp-block-button\"><a class=\"wp-block-button__link has-background wp-element-button\" href=\"https:\/\/webs.uab.cat\/efi\/es\/ser-fp\/col%c2%b7laboracions\/\" style=\"background:linear-gradient(135deg,rgb(231,144,55) 0%,rgb(231,144,55) 100%)\">Colaboradores<\/a><\/div>\n\n\n\n<div class=\"wp-block-button\"><a class=\"wp-block-button__link has-background wp-element-button\" href=\"https:\/\/webs.uab.cat\/efi\/es\/productos-del-proyecto\/\" style=\"background:linear-gradient(135deg,rgb(99,172,30) 0%,rgb(99,172,30) 100%)\">Productos<\/a><\/div>\n<\/div>\n\n\n\n<div class=\"wp-block-columns is-layout-flex wp-container-core-columns-is-layout-9d6595d7 wp-block-columns-is-layout-flex\">\n<div class=\"wp-block-column is-layout-flow wp-block-column-is-layout-flow\"><div class=\"wp-block-image\">\n<figure class=\"aligncenter size-large is-resized\"><a href=\"https:\/\/heyzine.com\/flip-book\/38d53b9229.html\" target=\"_blank\" rel=\"noreferrer noopener\"><img loading=\"lazy\" decoding=\"async\" width=\"1024\" height=\"729\" src=\"https:\/\/webs.uab.cat\/efi\/wp-content\/uploads\/sites\/311\/2024\/05\/L2_cast-1024x729.png\" alt=\"\" class=\"wp-image-1605\" style=\"width:324px\" srcset=\"https:\/\/webs.uab.cat\/efi\/wp-content\/uploads\/sites\/311\/2024\/05\/L2_cast-1024x729.png 1024w, https:\/\/webs.uab.cat\/efi\/wp-content\/uploads\/sites\/311\/2024\/05\/L2_cast-300x214.png 300w, https:\/\/webs.uab.cat\/efi\/wp-content\/uploads\/sites\/311\/2024\/05\/L2_cast-768x547.png 768w, https:\/\/webs.uab.cat\/efi\/wp-content\/uploads\/sites\/311\/2024\/05\/L2_cast-1200x855.png 1200w, https:\/\/webs.uab.cat\/efi\/wp-content\/uploads\/sites\/311\/2024\/05\/L2_cast.png 1282w\" sizes=\"auto, (max-width: 1024px) 100vw, 1024px\" \/><\/a><\/figure>\n<\/div>\n\n\n<p><strong>\u00bfQu\u00e9 idea tienes de la FP?<\/strong><br>Descarga el documento: <a href=\"https:\/\/webs.uab.cat\/efi\/wp-content\/uploads\/sites\/311\/2024\/05\/SERFP_quina-idea-tens-de-lFP\u00bf.pdf\" data-type=\"link\" data-id=\"https:\/\/webs.uab.cat\/efi\/wp-content\/uploads\/sites\/311\/2024\/05\/SERFP_quina-idea-tens-de-lFP\u00bf.pdf\" target=\"_blank\" rel=\"noreferrer noopener\">cat<\/a> | <a href=\"https:\/\/webs.uab.cat\/efi\/wp-content\/uploads\/sites\/311\/2024\/05\/SERFP_\u00bfque-idea-tienes-de-la-FP\u00bf.pdf\">cast<\/a><br>Versi\u00f3n interactiva: <a href=\"https:\/\/heyzine.com\/flip-book\/80e2f661fe.html\" target=\"_blank\" rel=\"noreferrer noopener\">cat<\/a> | <a href=\"https:\/\/heyzine.com\/flip-book\/38d53b9229.html\" target=\"_blank\" rel=\"noreferrer noopener\">cast<\/a><\/p>\n\n\n\n<p><\/p>\n<\/div>\n\n\n\n<div class=\"wp-block-column is-vertically-aligned-center is-layout-flow wp-block-column-is-layout-flow\">\n<figure class=\"wp-block-image size-full is-resized\"><a href=\"webs.uab.cat\/efi\/wp-content\/uploads\/sites\/311\/2024\/05\/SERFP_Informe-calidad-en-los-Centros-educativos.pdf\" target=\"_blank\" rel=\"noreferrer noopener\"><img loading=\"lazy\" decoding=\"async\" width=\"1810\" height=\"2560\" src=\"https:\/\/webs.uab.cat\/efi\/wp-content\/uploads\/sites\/311\/2024\/06\/Calidad-centros-educativos-scaled.jpg\" alt=\"\" class=\"wp-image-1721\" style=\"width:214px;height:auto\" srcset=\"https:\/\/webs.uab.cat\/efi\/wp-content\/uploads\/sites\/311\/2024\/06\/Calidad-centros-educativos-scaled.jpg 1810w, https:\/\/webs.uab.cat\/efi\/wp-content\/uploads\/sites\/311\/2024\/06\/Calidad-centros-educativos-212x300.jpg 212w, https:\/\/webs.uab.cat\/efi\/wp-content\/uploads\/sites\/311\/2024\/06\/Calidad-centros-educativos-724x1024.jpg 724w, https:\/\/webs.uab.cat\/efi\/wp-content\/uploads\/sites\/311\/2024\/06\/Calidad-centros-educativos-768x1086.jpg 768w, https:\/\/webs.uab.cat\/efi\/wp-content\/uploads\/sites\/311\/2024\/06\/Calidad-centros-educativos-1086x1536.jpg 1086w, https:\/\/webs.uab.cat\/efi\/wp-content\/uploads\/sites\/311\/2024\/06\/Calidad-centros-educativos-1448x2048.jpg 1448w, https:\/\/webs.uab.cat\/efi\/wp-content\/uploads\/sites\/311\/2024\/06\/Calidad-centros-educativos-1200x1697.jpg 1200w, https:\/\/webs.uab.cat\/efi\/wp-content\/uploads\/sites\/311\/2024\/06\/Calidad-centros-educativos-1980x2800.jpg 1980w\" sizes=\"auto, (max-width: 1810px) 100vw, 1810px\" \/><\/a><\/figure>\n\n\n\n<p><strong>La calidad de la FP dual en los centros educativos<\/strong><br>Descarga el documento: <a href=\"https:\/\/webs.uab.cat\/efi\/wp-content\/uploads\/sites\/311\/2024\/05\/SERFP_Informe-calidad-en-los-Centros-educativos.pdf\">cast<\/a><\/p>\n<\/div>\n<\/div>\n\n\n\n<div class=\"wp-block-columns is-layout-flex wp-container-core-columns-is-layout-9d6595d7 wp-block-columns-is-layout-flex\">\n<div class=\"wp-block-column is-layout-flow wp-block-column-is-layout-flow\"><div class=\"wp-block-image\">\n<figure class=\"aligncenter size-full is-resized\"><a href=\"webs.uab.cat\/efi\/wp-content\/uploads\/sites\/311\/2024\/05\/SERFP_Informe-calidad-en-las-empresas-Cataluna.pdf\" target=\"_blank\" rel=\"noreferrer noopener\"><img loading=\"lazy\" decoding=\"async\" width=\"1810\" height=\"2560\" src=\"https:\/\/webs.uab.cat\/efi\/wp-content\/uploads\/sites\/311\/2024\/06\/Calidad-empresas-catalunya-scaled.jpg\" alt=\"\" class=\"wp-image-1725\" style=\"width:auto;height:300px\" srcset=\"https:\/\/webs.uab.cat\/efi\/wp-content\/uploads\/sites\/311\/2024\/06\/Calidad-empresas-catalunya-scaled.jpg 1810w, https:\/\/webs.uab.cat\/efi\/wp-content\/uploads\/sites\/311\/2024\/06\/Calidad-empresas-catalunya-212x300.jpg 212w, https:\/\/webs.uab.cat\/efi\/wp-content\/uploads\/sites\/311\/2024\/06\/Calidad-empresas-catalunya-724x1024.jpg 724w, https:\/\/webs.uab.cat\/efi\/wp-content\/uploads\/sites\/311\/2024\/06\/Calidad-empresas-catalunya-768x1086.jpg 768w, https:\/\/webs.uab.cat\/efi\/wp-content\/uploads\/sites\/311\/2024\/06\/Calidad-empresas-catalunya-1086x1536.jpg 1086w, https:\/\/webs.uab.cat\/efi\/wp-content\/uploads\/sites\/311\/2024\/06\/Calidad-empresas-catalunya-1448x2048.jpg 1448w, https:\/\/webs.uab.cat\/efi\/wp-content\/uploads\/sites\/311\/2024\/06\/Calidad-empresas-catalunya-1200x1697.jpg 1200w, https:\/\/webs.uab.cat\/efi\/wp-content\/uploads\/sites\/311\/2024\/06\/Calidad-empresas-catalunya-1980x2800.jpg 1980w\" sizes=\"auto, (max-width: 1810px) 100vw, 1810px\" \/><\/a><\/figure>\n<\/div>\n\n\n<p><strong>La calidad de la FP dual en empresas (Catalu\u00f1a)<\/strong><br>Descarga el documento: <a href=\"https:\/\/webs.uab.cat\/efi\/wp-content\/uploads\/sites\/311\/2024\/05\/SERFP_Informe-calidad-en-las-empresas-Cataluna.pdf\" target=\"_blank\" rel=\"noreferrer noopener\">cast<\/a><\/p>\n<\/div>\n\n\n\n<div class=\"wp-block-column is-layout-flow wp-block-column-is-layout-flow\"><div class=\"wp-block-image\">\n<figure class=\"aligncenter size-full is-resized\"><a href=\"webs.uab.cat\/efi\/wp-content\/uploads\/sites\/311\/2024\/05\/SERFP_Informe-calidad-en-las-empresas-Asturias.pdf\" target=\"_blank\" rel=\"noreferrer noopener\"><img loading=\"lazy\" decoding=\"async\" width=\"1810\" height=\"2560\" src=\"https:\/\/webs.uab.cat\/efi\/wp-content\/uploads\/sites\/311\/2024\/06\/Calidad-empresas-asturias-scaled.jpg\" alt=\"\" class=\"wp-image-1728\" style=\"width:auto;height:300px\" srcset=\"https:\/\/webs.uab.cat\/efi\/wp-content\/uploads\/sites\/311\/2024\/06\/Calidad-empresas-asturias-scaled.jpg 1810w, https:\/\/webs.uab.cat\/efi\/wp-content\/uploads\/sites\/311\/2024\/06\/Calidad-empresas-asturias-212x300.jpg 212w, https:\/\/webs.uab.cat\/efi\/wp-content\/uploads\/sites\/311\/2024\/06\/Calidad-empresas-asturias-724x1024.jpg 724w, https:\/\/webs.uab.cat\/efi\/wp-content\/uploads\/sites\/311\/2024\/06\/Calidad-empresas-asturias-768x1086.jpg 768w, https:\/\/webs.uab.cat\/efi\/wp-content\/uploads\/sites\/311\/2024\/06\/Calidad-empresas-asturias-1086x1536.jpg 1086w, https:\/\/webs.uab.cat\/efi\/wp-content\/uploads\/sites\/311\/2024\/06\/Calidad-empresas-asturias-1448x2048.jpg 1448w, https:\/\/webs.uab.cat\/efi\/wp-content\/uploads\/sites\/311\/2024\/06\/Calidad-empresas-asturias-1200x1697.jpg 1200w, https:\/\/webs.uab.cat\/efi\/wp-content\/uploads\/sites\/311\/2024\/06\/Calidad-empresas-asturias-1980x2800.jpg 1980w\" sizes=\"auto, (max-width: 1810px) 100vw, 1810px\" \/><\/a><\/figure>\n<\/div>\n\n\n<p><strong>La calidad de la FP dual en empresas (Asturias)<\/strong><br>Descarga el documento: <a href=\"https:\/\/webs.uab.cat\/efi\/wp-content\/uploads\/sites\/311\/2024\/05\/SERFP_Informe-calidad-en-las-empresas-Asturias.pdf\">ca<\/a><a href=\"https:\/\/webs.uab.cat\/efi\/wp-content\/uploads\/sites\/311\/2024\/05\/SERFP_Informe-calidad-en-las-empresas-Asturias.pdf\" target=\"_blank\" rel=\"noreferrer noopener\">s<\/a><a href=\"https:\/\/webs.uab.cat\/efi\/wp-content\/uploads\/sites\/311\/2024\/05\/SERFP_Informe-calidad-en-las-empresas-Asturias.pdf\">t<\/a><\/p>\n<\/div>\n<\/div>\n\n\n\n<div class=\"wp-block-columns is-layout-flex wp-container-core-columns-is-layout-9d6595d7 wp-block-columns-is-layout-flex\">\n<div class=\"wp-block-column is-layout-flow wp-block-column-is-layout-flow\"><div class=\"wp-block-image\">\n<figure class=\"aligncenter size-full is-resized\"><a href=\"https:\/\/webs.uab.cat\/efi\/wp-content\/uploads\/sites\/311\/2024\/05\/SERFP_Decalogo-de-Buenas-Practicas-ante-los-retos-de-la-Digitalizacion-e-Innovacion-de-la-Formacion-Profesional.pdf\" target=\"_blank\" rel=\"noreferrer noopener\"><img loading=\"lazy\" decoding=\"async\" width=\"672\" height=\"890\" src=\"https:\/\/webs.uab.cat\/efi\/wp-content\/uploads\/sites\/311\/2024\/05\/L4_decaleg_cast.png\" alt=\"\" class=\"wp-image-1608\" style=\"width:auto;height:400px\" srcset=\"https:\/\/webs.uab.cat\/efi\/wp-content\/uploads\/sites\/311\/2024\/05\/L4_decaleg_cast.png 672w, https:\/\/webs.uab.cat\/efi\/wp-content\/uploads\/sites\/311\/2024\/05\/L4_decaleg_cast-227x300.png 227w\" sizes=\"auto, (max-width: 672px) 100vw, 672px\" \/><\/a><\/figure>\n<\/div>\n\n\n<p><strong>Dec\u00e1logo de Buenas Pr\u00e1cticas ante los retos de la Digitalizaci\u00f3n e Innovaci\u00f3n de la FP<\/strong><br>Descarga el documento: <a href=\"https:\/\/webs.uab.cat\/efi\/wp-content\/uploads\/sites\/311\/2024\/05\/SERFP_Decaleg-de-Bones-Practiques-enfront-dels-reptes-de-la-Digitalitzacio-i-la-Innovacio-en-la-Formacio-Professional.pdf\">c<\/a><a href=\"https:\/\/webs.uab.cat\/efi\/wp-content\/uploads\/sites\/311\/2024\/05\/SERFP_Decaleg-de-Bones-Practiques-enfront-dels-reptes-de-la-Digitalitzacio-i-la-Innovacio-en-la-Formacio-Professional.pdf\" target=\"_blank\" rel=\"noreferrer noopener\">at <\/a>| <a href=\"https:\/\/webs.uab.cat\/efi\/wp-content\/uploads\/sites\/311\/2024\/05\/SERFP_Decalogo-de-Buenas-Practicas-ante-los-retos-de-la-Digitalizacion-e-Innovacion-de-la-Formacion-Profesional.pdf\" target=\"_blank\" rel=\"noreferrer noopener\">cast<\/a><\/p>\n<\/div>\n\n\n\n<div class=\"wp-block-column is-layout-flow wp-block-column-is-layout-flow\"><div class=\"wp-block-image\">\n<figure class=\"aligncenter size-full is-resized\"><a href=\"webs.uab.cat\/efi\/wp-content\/uploads\/sites\/311\/2024\/05\/Guia_Narrativas_SerFP.pdf\" target=\"_blank\" rel=\"noreferrer noopener\"><img loading=\"lazy\" decoding=\"async\" width=\"1241\" height=\"1755\" src=\"https:\/\/webs.uab.cat\/efi\/wp-content\/uploads\/sites\/311\/2024\/06\/Portada_guia-para-la-creacion-de-narrativas_page-0001-1.jpg\" alt=\"\" class=\"wp-image-1754\" style=\"width:auto;height:400px\" srcset=\"https:\/\/webs.uab.cat\/efi\/wp-content\/uploads\/sites\/311\/2024\/06\/Portada_guia-para-la-creacion-de-narrativas_page-0001-1.jpg 1241w, https:\/\/webs.uab.cat\/efi\/wp-content\/uploads\/sites\/311\/2024\/06\/Portada_guia-para-la-creacion-de-narrativas_page-0001-1-212x300.jpg 212w, https:\/\/webs.uab.cat\/efi\/wp-content\/uploads\/sites\/311\/2024\/06\/Portada_guia-para-la-creacion-de-narrativas_page-0001-1-724x1024.jpg 724w, https:\/\/webs.uab.cat\/efi\/wp-content\/uploads\/sites\/311\/2024\/06\/Portada_guia-para-la-creacion-de-narrativas_page-0001-1-768x1086.jpg 768w, https:\/\/webs.uab.cat\/efi\/wp-content\/uploads\/sites\/311\/2024\/06\/Portada_guia-para-la-creacion-de-narrativas_page-0001-1-1086x1536.jpg 1086w, https:\/\/webs.uab.cat\/efi\/wp-content\/uploads\/sites\/311\/2024\/06\/Portada_guia-para-la-creacion-de-narrativas_page-0001-1-1200x1697.jpg 1200w\" sizes=\"auto, (max-width: 1241px) 100vw, 1241px\" \/><\/a><\/figure>\n<\/div>\n\n\n<p><strong>Gu\u00eda para la creaci\u00f3n de narrativas personales<\/strong><br>Descarga el documento: <a href=\"https:\/\/webs.uab.cat\/efi\/wp-content\/uploads\/sites\/311\/2024\/05\/Guia_Narrativas_SerFP.pdf\" target=\"_blank\" rel=\"noreferrer noopener\">cast <\/a>| <a href=\"https:\/\/webs.uab.cat\/efi\/wp-content\/uploads\/sites\/311\/2024\/05\/Guide_narratives_SERFP.pdf\" target=\"_blank\" rel=\"noreferrer noopener\">eng<\/a><\/p>\n<\/div>\n<\/div>\n\n\n\n<div class=\"wp-block-media-text is-stacked-on-mobile\" style=\"grid-template-columns:39% auto\"><figure class=\"wp-block-media-text__media\"><a href=\"https:\/\/webs.uab.cat\/efi\/wp-content\/uploads\/sites\/311\/2024\/05\/Ser-FP_Informe-L1.pdf\" target=\"_blank\" rel=\"noreferrer noopener\"><img loading=\"lazy\" decoding=\"async\" width=\"724\" height=\"1024\" src=\"https:\/\/webs.uab.cat\/efi\/wp-content\/uploads\/sites\/311\/2024\/06\/Portada_concepciones-del-profesorado-1_page-0001-724x1024.jpg\" alt=\"\" class=\"wp-image-1746 size-full\" srcset=\"https:\/\/webs.uab.cat\/efi\/wp-content\/uploads\/sites\/311\/2024\/06\/Portada_concepciones-del-profesorado-1_page-0001-724x1024.jpg 724w, https:\/\/webs.uab.cat\/efi\/wp-content\/uploads\/sites\/311\/2024\/06\/Portada_concepciones-del-profesorado-1_page-0001-212x300.jpg 212w, https:\/\/webs.uab.cat\/efi\/wp-content\/uploads\/sites\/311\/2024\/06\/Portada_concepciones-del-profesorado-1_page-0001-768x1086.jpg 768w, https:\/\/webs.uab.cat\/efi\/wp-content\/uploads\/sites\/311\/2024\/06\/Portada_concepciones-del-profesorado-1_page-0001-1086x1536.jpg 1086w, https:\/\/webs.uab.cat\/efi\/wp-content\/uploads\/sites\/311\/2024\/06\/Portada_concepciones-del-profesorado-1_page-0001-1200x1697.jpg 1200w, https:\/\/webs.uab.cat\/efi\/wp-content\/uploads\/sites\/311\/2024\/06\/Portada_concepciones-del-profesorado-1_page-0001.jpg 1241w\" sizes=\"auto, (max-width: 724px) 100vw, 724px\" \/><\/a><\/figure><div class=\"wp-block-media-text__content\">\n<p><\/p>\n\n\n\n<p><strong>Concepciones y actitudes del profesorado de Educaci\u00f3n Secundaria Obligatoria hacia la orientaci\u00f3n vinculada a estudios postobligatorios<\/strong><br>Descarga el documento: <a href=\"https:\/\/webs.uab.cat\/efi\/wp-content\/uploads\/sites\/311\/2024\/05\/Ser-FP_Informe-L1.pdf\" target=\"_blank\" rel=\"noreferrer noopener\">cast<\/a><\/p>\n\n\n\n<p><\/p>\n<\/div><\/div>\n\n\n\n<figure class=\"wp-block-gallery has-nested-images columns-4 is-cropped wp-block-gallery-1 is-layout-flex wp-block-gallery-is-layout-flex\">\n<figure class=\"wp-block-image size-large\"><img loading=\"lazy\" decoding=\"async\" width=\"512\" height=\"1024\" data-id=\"1684\" src=\"https:\/\/webs.uab.cat\/efi\/wp-content\/uploads\/sites\/311\/2024\/05\/Lona-1-512x1024.jpg\" alt=\"\" class=\"wp-image-1684\" srcset=\"https:\/\/webs.uab.cat\/efi\/wp-content\/uploads\/sites\/311\/2024\/05\/Lona-1-512x1024.jpg 512w, https:\/\/webs.uab.cat\/efi\/wp-content\/uploads\/sites\/311\/2024\/05\/Lona-1-150x300.jpg 150w, https:\/\/webs.uab.cat\/efi\/wp-content\/uploads\/sites\/311\/2024\/05\/Lona-1-768x1536.jpg 768w, https:\/\/webs.uab.cat\/efi\/wp-content\/uploads\/sites\/311\/2024\/05\/Lona-1-1024x2048.jpg 1024w, https:\/\/webs.uab.cat\/efi\/wp-content\/uploads\/sites\/311\/2024\/05\/Lona-1-1200x2400.jpg 1200w, https:\/\/webs.uab.cat\/efi\/wp-content\/uploads\/sites\/311\/2024\/05\/Lona-1-1980x3960.jpg 1980w, https:\/\/webs.uab.cat\/efi\/wp-content\/uploads\/sites\/311\/2024\/05\/Lona-1-scaled.jpg 1280w\" sizes=\"auto, (max-width: 512px) 100vw, 512px\" \/><\/figure>\n\n\n\n<figure class=\"wp-block-image size-large\"><img loading=\"lazy\" decoding=\"async\" width=\"512\" height=\"1024\" data-id=\"1690\" src=\"https:\/\/webs.uab.cat\/efi\/wp-content\/uploads\/sites\/311\/2024\/05\/Lona-2-512x1024.jpg\" alt=\"\" class=\"wp-image-1690\" srcset=\"https:\/\/webs.uab.cat\/efi\/wp-content\/uploads\/sites\/311\/2024\/05\/Lona-2-512x1024.jpg 512w, https:\/\/webs.uab.cat\/efi\/wp-content\/uploads\/sites\/311\/2024\/05\/Lona-2-150x300.jpg 150w, https:\/\/webs.uab.cat\/efi\/wp-content\/uploads\/sites\/311\/2024\/05\/Lona-2-768x1536.jpg 768w, https:\/\/webs.uab.cat\/efi\/wp-content\/uploads\/sites\/311\/2024\/05\/Lona-2-1024x2048.jpg 1024w, https:\/\/webs.uab.cat\/efi\/wp-content\/uploads\/sites\/311\/2024\/05\/Lona-2-1200x2400.jpg 1200w, https:\/\/webs.uab.cat\/efi\/wp-content\/uploads\/sites\/311\/2024\/05\/Lona-2-1980x3960.jpg 1980w, https:\/\/webs.uab.cat\/efi\/wp-content\/uploads\/sites\/311\/2024\/05\/Lona-2-scaled.jpg 1280w\" sizes=\"auto, (max-width: 512px) 100vw, 512px\" \/><\/figure>\n\n\n\n<figure class=\"wp-block-image size-large\"><img loading=\"lazy\" decoding=\"async\" width=\"512\" height=\"1024\" data-id=\"1687\" src=\"https:\/\/webs.uab.cat\/efi\/wp-content\/uploads\/sites\/311\/2024\/05\/Lona-3-512x1024.jpg\" alt=\"\" class=\"wp-image-1687\" srcset=\"https:\/\/webs.uab.cat\/efi\/wp-content\/uploads\/sites\/311\/2024\/05\/Lona-3-512x1024.jpg 512w, https:\/\/webs.uab.cat\/efi\/wp-content\/uploads\/sites\/311\/2024\/05\/Lona-3-150x300.jpg 150w, https:\/\/webs.uab.cat\/efi\/wp-content\/uploads\/sites\/311\/2024\/05\/Lona-3-768x1536.jpg 768w, https:\/\/webs.uab.cat\/efi\/wp-content\/uploads\/sites\/311\/2024\/05\/Lona-3-1024x2048.jpg 1024w, https:\/\/webs.uab.cat\/efi\/wp-content\/uploads\/sites\/311\/2024\/05\/Lona-3-1200x2399.jpg 1200w, https:\/\/webs.uab.cat\/efi\/wp-content\/uploads\/sites\/311\/2024\/05\/Lona-3-1980x3958.jpg 1980w, https:\/\/webs.uab.cat\/efi\/wp-content\/uploads\/sites\/311\/2024\/05\/Lona-3-scaled.jpg 1281w\" sizes=\"auto, (max-width: 512px) 100vw, 512px\" \/><\/figure>\n\n\n\n<figure class=\"wp-block-image size-large\"><img loading=\"lazy\" decoding=\"async\" width=\"512\" height=\"1024\" data-id=\"1693\" src=\"https:\/\/webs.uab.cat\/efi\/wp-content\/uploads\/sites\/311\/2024\/05\/Lona-4-512x1024.jpg\" alt=\"\" class=\"wp-image-1693\" srcset=\"https:\/\/webs.uab.cat\/efi\/wp-content\/uploads\/sites\/311\/2024\/05\/Lona-4-512x1024.jpg 512w, https:\/\/webs.uab.cat\/efi\/wp-content\/uploads\/sites\/311\/2024\/05\/Lona-4-150x300.jpg 150w, https:\/\/webs.uab.cat\/efi\/wp-content\/uploads\/sites\/311\/2024\/05\/Lona-4-768x1536.jpg 768w, https:\/\/webs.uab.cat\/efi\/wp-content\/uploads\/sites\/311\/2024\/05\/Lona-4-1024x2048.jpg 1024w, https:\/\/webs.uab.cat\/efi\/wp-content\/uploads\/sites\/311\/2024\/05\/Lona-4-1200x2400.jpg 1200w, https:\/\/webs.uab.cat\/efi\/wp-content\/uploads\/sites\/311\/2024\/05\/Lona-4-1980x3960.jpg 1980w, https:\/\/webs.uab.cat\/efi\/wp-content\/uploads\/sites\/311\/2024\/05\/Lona-4-scaled.jpg 1280w\" sizes=\"auto, (max-width: 512px) 100vw, 512px\" \/><\/figure>\n<\/figure>\n\n\n\n<p><strong>Trayectorias de \u00e9xito en la Formaci\u00f3n Profesional: descubriendo narrativas personales<\/strong><br>Descarga el documento: <a href=\"https:\/\/hdl.handle.net\/10651\/72508\" target=\"_blank\" rel=\"noreferrer noopener\">cast<\/a><\/p>\n\n\n\n<hr class=\"wp-block-separator has-alpha-channel-opacity\" \/>\n\n\n\n<h2 class=\"wp-block-heading has-text-align-center\">V\u00eddeos de las narrativas de \u00e9xito<\/h2>\n\n\n\n<figure class=\"wp-block-embed is-type-video is-provider-youtube wp-block-embed-youtube wp-embed-aspect-16-9 wp-has-aspect-ratio\"><div class=\"wp-block-embed__wrapper\">\n<iframe loading=\"lazy\" title=\"Narrativas de \u00e9xito y empoderamiento en la Formaci\u00f3n Profesional\" width=\"580\" height=\"326\" src=\"https:\/\/www.youtube.com\/embed\/videoseries?list=PLfiwyQy5C38c-jx0ds_FHorb_tbSKJADn\" frameborder=\"0\" allow=\"accelerometer; autoplay; clipboard-write; encrypted-media; gyroscope; picture-in-picture; web-share\" referrerpolicy=\"strict-origin-when-cross-origin\" allowfullscreen><\/iframe>\n<\/div><\/figure>\n\n\n\n<h2 class=\"wp-block-heading has-text-align-center\">Bases de datos<\/h2>\n\n\n\n<div class=\"wp-block-columns is-layout-flex wp-container-core-columns-is-layout-9d6595d7 wp-block-columns-is-layout-flex\">\n<div class=\"wp-block-column is-layout-flow wp-block-column-is-layout-flow\">\n<p><a href=\"https:\/\/doi.org\/10.34810\/data1251\" target=\"_blank\" rel=\"noreferrer noopener\">Cuestionario sobre estrategias did\u00e1cticas en alumnado de Formaci\u00f3n Profesional de Catalu\u00f1a<\/a><\/p>\n\n\n\n<p><a href=\"https:\/\/doi.org\/10.34810\/data1264\" target=\"_blank\" rel=\"noreferrer noopener\">Concepciones y Actitudes sobre acciones de orientaci\u00f3n del profesorado tutor y orientador del segundo ciclo de la ESO en Espa\u00f1a<\/a><\/p>\n<\/div>\n\n\n\n<div class=\"wp-block-column is-layout-flow wp-block-column-is-layout-flow\">\n<p><a href=\"https:\/\/doi.org\/10.34810\/data1263\" target=\"_blank\" rel=\"noreferrer noopener\">Cuestionario sobre estrategias did\u00e1cticas utilizadas por el profesorado de Formaci\u00f3n Profesional de Catalu\u00f1a<\/a><\/p>\n\n\n\n<p><a href=\"https:\/\/doi.org\/10.34810\/data1266\" target=\"_blank\" rel=\"noreferrer noopener\">Percepciones y Actitudes sobre la Formaci\u00f3n Profesional entre Familias y Estudiantes de Educaci\u00f3n Secundaria Obligatoria en Espa\u00f1a.<\/a><\/p>\n<\/div>\n<\/div>\n\n\n\n<div class=\"wp-block-columns is-layout-flex wp-container-core-columns-is-layout-9d6595d7 wp-block-columns-is-layout-flex\">\n<div class=\"wp-block-column is-layout-flow wp-block-column-is-layout-flow\">\n<p><a href=\"https:\/\/doi.org\/10.34810\/data1267\" target=\"_blank\" rel=\"noreferrer noopener\">Indicadores de calidad de la Formaci\u00f3n Profesional dual de los Centros educat<\/a><a href=\"https:\/\/doi.org\/10.34810\/data1267\">ivos<\/a><\/p>\n<\/div>\n\n\n\n<div class=\"wp-block-column is-layout-flow wp-block-column-is-layout-flow\">\n<p><a href=\"https:\/\/doi.org\/10.34810\/data1274\" target=\"_blank\" rel=\"noreferrer noopener\">Indicadores de calidad de la Formaci\u00f3n Profesional dual de las empresas<\/a><\/p>\n<\/div>\n\n\n\n<div class=\"wp-block-column is-layout-flow wp-block-column-is-layout-flow\">\n<p><a href=\"https:\/\/doi.org\/10.34810\/data1317\" target=\"_blank\" rel=\"noreferrer noopener\">El \u00e9xito y el empoderamiento de j\u00f3venes que cursaron Formaci\u00f3n Profesional: transcripci\u00f3n de entrevistas, focus group y l\u00edneas de vida<\/a><\/p>\n<\/div>\n<\/div>\n\n\n\n<h2 class=\"wp-block-heading has-text-align-center\">Otros productos<\/h2>\n\n\n\n<ul class=\"wp-block-list\">\n<li>Entrevista a M\u00f3nica Torres y Pilar Pineda en Radio Alfaguara, <a href=\"https:\/\/www.ivoox.com\/fp-visible-fp-calidad-21-06-23-audios-mp3_rf_110972455_1.html\" target=\"_blank\" rel=\"noreferrer noopener\">FP Visible, FP de Calidad<\/a><\/li>\n\n\n\n<li>Programa de radio  <a href=\"https:\/\/www.rtpa.es\/audio:Asturias%20al%20dia_1715589993.html\" target=\"_blank\" rel=\"noreferrer noopener\">Asturias al d\u00eda<\/a> con Marta Virg\u00f3s S\u00e1nchez.<\/li>\n<\/ul>\n\n\n\n<div class=\"wp-block-columns is-layout-flex wp-container-core-columns-is-layout-9d6595d7 wp-block-columns-is-layout-flex\">\n<div class=\"wp-block-column is-vertically-aligned-center is-layout-flow wp-block-column-is-layout-flow\" style=\"flex-basis:33.33%\">\n<p class=\"has-small-font-size\">Proyecto<\/p>\n\n\n\n<figure class=\"wp-block-image size-full\"><a href=\"https:\/\/webs.uab.cat\/efi\/es\/ser-fp\/\" target=\"_blank\" rel=\"noreferrer noopener\"><img loading=\"lazy\" decoding=\"async\" width=\"30000\" height=\"8693\" src=\"https:\/\/webs.uab.cat\/efi\/wp-content\/uploads\/sites\/311\/2023\/12\/SER-FP-sin-fondo.png\" alt=\"\" class=\"wp-image-1269\" \/><\/a><\/figure>\n<\/div>\n\n\n\n<div class=\"wp-block-column is-vertically-aligned-center is-layout-flow wp-block-column-is-layout-flow\" style=\"flex-basis:66.66%\">\n<p class=\"has-small-font-size\">Con la financiaci\u00f3n de<\/p>\n\n\n\n<figure class=\"wp-block-image size-large\"><a href=\"https:\/\/www.aei.gob.es\/\" target=\"_blank\" rel=\"noreferrer noopener\"><img loading=\"lazy\" decoding=\"async\" width=\"1024\" height=\"175\" src=\"https:\/\/webs.uab.cat\/efi\/wp-content\/uploads\/sites\/311\/2023\/12\/logo_ministerio_AEI-1024x175.jpg\" alt=\"\" class=\"wp-image-1251\" srcset=\"https:\/\/webs.uab.cat\/efi\/wp-content\/uploads\/sites\/311\/2023\/12\/logo_ministerio_AEI-1024x175.jpg 1024w, https:\/\/webs.uab.cat\/efi\/wp-content\/uploads\/sites\/311\/2023\/12\/logo_ministerio_AEI-300x51.jpg 300w, https:\/\/webs.uab.cat\/efi\/wp-content\/uploads\/sites\/311\/2023\/12\/logo_ministerio_AEI-768x131.jpg 768w, https:\/\/webs.uab.cat\/efi\/wp-content\/uploads\/sites\/311\/2023\/12\/logo_ministerio_AEI-1536x262.jpg 1536w, https:\/\/webs.uab.cat\/efi\/wp-content\/uploads\/sites\/311\/2023\/12\/logo_ministerio_AEI-2048x350.jpg 2048w, https:\/\/webs.uab.cat\/efi\/wp-content\/uploads\/sites\/311\/2023\/12\/logo_ministerio_AEI-1200x205.jpg 1200w, https:\/\/webs.uab.cat\/efi\/wp-content\/uploads\/sites\/311\/2023\/12\/logo_ministerio_AEI-1980x338.jpg 1980w\" sizes=\"auto, (max-width: 1024px) 100vw, 1024px\" \/><\/a><\/figure>\n<\/div>\n<\/div>\n","protected":false},"excerpt":{"rendered":"<p>\u00bfQu\u00e9 idea tienes de la FP?Descarga el documento: cat | castVersi\u00f3n interactiva: cat | cast La calidad de la FP dual en los centros educativosDescarga el documento: cast La calidad de la FP dual en empresas (Catalu\u00f1a)Descarga el documento: cast La calidad de la FP dual en empresas (Asturias)Descarga el documento: cast Dec\u00e1logo de Buenas [&hellip;]<\/p>\n","protected":false},"author":1869,"featured_media":0,"parent":1301,"menu_order":0,"comment_status":"closed","ping_status":"closed","template":"","meta":{"footnotes":""},"class_list":["post-1325","page","type-page","status-publish","hentry"],"_links":{"self":[{"href":"https:\/\/webs.uab.cat\/efi\/es\/wp-json\/wp\/v2\/pages\/1325","targetHints":{"allow":["GET"]}}],"collection":[{"href":"https:\/\/webs.uab.cat\/efi\/es\/wp-json\/wp\/v2\/pages"}],"about":[{"href":"https:\/\/webs.uab.cat\/efi\/es\/wp-json\/wp\/v2\/types\/page"}],"author":[{"embeddable":true,"href":"https:\/\/webs.uab.cat\/efi\/es\/wp-json\/wp\/v2\/users\/1869"}],"replies":[{"embeddable":true,"href":"https:\/\/webs.uab.cat\/efi\/es\/wp-json\/wp\/v2\/comments?post=1325"}],"version-history":[{"count":31,"href":"https:\/\/webs.uab.cat\/efi\/es\/wp-json\/wp\/v2\/pages\/1325\/revisions"}],"predecessor-version":[{"id":1777,"href":"https:\/\/webs.uab.cat\/efi\/es\/wp-json\/wp\/v2\/pages\/1325\/revisions\/1777"}],"up":[{"embeddable":true,"href":"https:\/\/webs.uab.cat\/efi\/es\/wp-json\/wp\/v2\/pages\/1301"}],"wp:attachment":[{"href":"https:\/\/webs.uab.cat\/efi\/es\/wp-json\/wp\/v2\/media?parent=1325"}],"curies":[{"name":"wp","href":"https:\/\/api.w.org\/{rel}","templated":true}]}}