{"id":208,"date":"2009-05-25T13:24:08","date_gmt":"2009-05-25T11:24:08","guid":{"rendered":"https:\/\/webs.uab.cat\/egolab\/equip\/"},"modified":"2026-02-05T11:51:24","modified_gmt":"2026-02-05T09:51:24","slug":"equip","status":"publish","type":"page","link":"https:\/\/webs.uab.cat\/egolab\/ca\/equip\/","title":{"rendered":"Equip"},"content":{"rendered":"\n<h2 class=\"wp-block-heading\">Membres<\/h2>\n\n\n\n<div class=\"wp-block-media-text is-stacked-on-mobile\" style=\"grid-template-columns:19% auto\"><figure class=\"wp-block-media-text__media\"><img loading=\"lazy\" decoding=\"async\" width=\"555\" height=\"571\" src=\"https:\/\/webs.uab.cat\/egolab\/wp-content\/uploads\/sites\/283\/2023\/02\/image.png\" alt=\"\" class=\"wp-image-1569 size-full\" srcset=\"https:\/\/webs.uab.cat\/egolab\/wp-content\/uploads\/sites\/283\/2023\/02\/image.png 555w, https:\/\/webs.uab.cat\/egolab\/wp-content\/uploads\/sites\/283\/2023\/02\/image-292x300.png 292w\" sizes=\"auto, (max-width: 555px) 100vw, 555px\" \/><\/figure><div class=\"wp-block-media-text__content\">\n<p class=\"has-large-font-size\"><a href=\"https:\/\/webs.uab.cat\/egolab\/ca\/hugo-valenzuela\/\" data-type=\"page\" data-id=\"1669\">Hugo Valenzuela<\/a>, professor agregat; <strong>Director de l&#8217;egolab-GRAFO<\/strong><\/p>\n<\/div><\/div>\n\n\n\n<div class=\"wp-block-media-text is-stacked-on-mobile\" style=\"grid-template-columns:16% auto\"><figure class=\"wp-block-media-text__media\"><img decoding=\"async\" src=\"https:\/\/webs.uab.cat\/grafo\/wp-content\/uploads\/sites\/227\/2026\/01\/Foto_Roser_1_.jpg\" alt=\"\" class=\"wp-image-2676 size-full\" \/><\/figure><div class=\"wp-block-media-text__content\">\n<p><a href=\"https:\/\/orcid.org\/0000-0002-6830-6001\">Roser Fern\u00e1ndez Pe\u00f1a<\/a> (Titular d\u2019Universitat, Departament d\u2019Infermeria, UAB).<\/p>\n<\/div><\/div>\n\n\n\n<h2 class=\"wp-block-heading\">Doctorands<\/h2>\n\n\n\n<ul class=\"wp-block-list\">\n<li>Agnieszka Niemczyk<\/li>\n\n\n\n<li>Miroslav Pulgar<\/li>\n<\/ul>\n\n\n\n<h2 class=\"wp-block-heading\">Investigadors\/es vinculats<\/h2>\n\n\n\n<ul class=\"wp-block-list\">\n<li><a href=\"https:\/\/www.researchgate.net\/profile\/Beatriz_Patraca\">Beatriz Patraca Dibildox&nbsp;<\/a> (profesora asociada UAB i UOC).<\/li>\n\n\n\n<li><a href=\"https:\/\/www.uab.cat\/web\/-1345785852162.html\">Raphael Cantillana<\/a>.<\/li>\n<\/ul>\n\n\n\n<h2 class=\"wp-block-heading\">Investigadors visitants<\/h2>\n\n\n\n<ul class=\"wp-block-list\">\n<li>Agnese Capurri<\/li>\n\n\n\n<li>Francesca Gori<\/li>\n\n\n\n<li><a href=\"https:\/\/www.linkedin.com\/in\/desluqlop\/\">Desir\u00e9e Luque L\u00f3pez<\/a> (Research Assistant)<\/li>\n<\/ul>\n\n\n\n<h2 class=\"wp-block-heading\">Investigadors visitants anteriors<\/h2>\n\n\n\n<ul class=\"wp-block-list\">\n<li>Livia Tom\u00e1s. PhD Candidte (Project IP33 of the NCCR \u2013 On the Move). Institute of Sociology. Neuch\u00e2tel (from October 2021)<\/li>\n\n\n\n<li><a href=\"https:\/\/www.unine.ch\/geographie\/home\/collaborateurs-trices\/laure-sandoz.html\">Laure Sandoz<\/a> (Postdoc, Institut de Ge\u00f3graphie, Universit\u00e9 de Neuch\u00e2tel) (juliol &#8211; octubre 2019)<\/li>\n\n\n\n<li>Cristina Herraiz Lizan (PhD Candidate) (2018-2019)<\/li>\n\n\n\n<li><a href=\"https:\/\/www.researchgate.net\/profile\/Hanna_Konya\">Hanna K\u00f3nya <\/a>(Corvinus University of Budapest) (2007-2008, 2018).<\/li>\n\n\n\n<li><a href=\"https:\/\/www.researchgate.net\/profile\/Ariana_Garrote_Hammer\">Ariana Garrote Hammer <\/a>(becaria Early Postdoc Mobility, Fundaci\u00f3 Nacional de la Ci\u00e8ncia de Su\u00efssa) (2018)<\/li>\n\n\n\n<li>Paola Tubaro &#8211; CNRS Paris (2017).<\/li>\n\n\n\n<li>Adriana Suiu (Universidad Jaume I \u2013 Castell\u00f3n de la Plana (Espa\u00f1a) &amp; Universitatea de Vest \u2013 Timi\u0219oara (2016).<\/li>\n\n\n\n<li>Juan Carlos L\u00f3pez Garc\u00eda (UNAM, M\u00e9xico, Octubre-Diciembre 2015).<\/li>\n\n\n\n<li>Julieta Mart\u00ednez Cuero (investigadora postdoctoral (CONACYT-UAB)<\/li>\n\n\n\n<li>Ioana-Alexandra Rusu (University of Bucharest).<\/li>\n\n\n\n<li>Mar\u00eda Eugenia Santana (Universidad Aut\u00f3noma de Chiapas, M\u00e9xico, 2014).<\/li>\n\n\n\n<li>Federico Besserer (Universidad Aut\u00f2noma Metropolitana, 2014).<\/li>\n\n\n\n<li>Filipa Ribeiro, Universidade do Porto (Portugal) (2013).<\/li>\n\n\n\n<li>Tiago Augusta da Cunha, Demografia &#8211; Instituto de Filosofia e Ci\u00eancias Humanas &#8211; Universidade Estadual de Campinas (IFCH-UNICAMP) 2012).<\/li>\n\n\n\n<li>Laura Teves, Universidad de La Plata (Argenitna)&nbsp; (2011).<\/li>\n\n\n\n<li>Ermitte St. Jacques, researcher University of Florida (USA) (2010).<\/li>\n\n\n\n<li>Chris McCarty, Survey Director, University of Florida Survey Research Center, University of Florida.<\/li>\n\n\n\n<li>Juergen Lerner, Graduate student, Department of Computer &amp; Information Science, University of Konstanz [<a href=\"https:\/\/www.inf.uni-konstanz.de\/~lerner\/\" target=\"_blank\" rel=\"noreferrer noopener\">web<\/a>] (2006).<\/li>\n\n\n\n<li>Ermitte Sant Jacques, Graduate student, University of Florida (2004-2005).<\/li>\n<\/ul>\n\n\n\n<h2 class=\"wp-block-heading\">Antincs membres<\/h2>\n\n\n\n<ul class=\"wp-block-list\">\n<li><a href=\"https:\/\/jaimellopis.com\/\">Jaume Llopis<\/a>, investigador associat<\/li>\n\n\n\n<li><a href=\"https:\/\/www.researchgate.net\/profile\/Paula_Escribano2\">Paula Escribano,<\/a> professora associada<\/li>\n\n\n\n<li><a href=\"https:\/\/www.researchgate.net\/profile\/Ignacio_Fradejas-Garcia\" target=\"_blank\" rel=\"noreferrer noopener\">Ignacio Fradejas-Garc\u00eda <\/a>(FPI fellowship)<\/li>\n\n\n\n<li>Angelina <a href=\"https:\/\/www.uab.cat\/web\/-1345776608778.html\">Kussy<\/a>&nbsp;(Predoctoral)<\/li>\n\n\n\n<li>Eug\u00e9nie Cl\u00e9ment (PhD candidate)<\/li>\n\n\n\n<li><a href=\"https:\/\/www.researchgate.net\/profile\/Renata_Hosnedlova\">Ren\u00e1ta Hosnedlov\u00e1 <\/a>(Juan de la Cierva postdoctoral fellowship)<\/li>\n\n\n\n<li><a href=\"https:\/\/xarxes.wordpress.com\/curriculum-vite\/\">Natxo Sorolla<\/a>&nbsp;(investigador postdoctoral)<\/li>\n\n\n\n<li><a href=\"https:\/\/www.researchgate.net\/profile\/Marta_Lobato\">Marta Lobato<\/a> (La Caixa PhD fellowship)<\/li>\n\n\n\n<li><a href=\"https:\/\/www.researchgate.net\/profile\/Judith_Pampalona_Tarres\">Judith Pampalona Tarr\u00e9s<\/a> (Government of Andorra PhD fellowship).<\/li>\n\n\n\n<li><a href=\"https:\/\/www.researchgate.net\/profile\/Sara_Revilla_Gutiez\">Sara Revilla<\/a> (FPU PhD fellowship)<\/li>\n\n\n\n<li>Mar\u00eda Carballo,&nbsp;associate researcher<\/li>\n\n\n\n<li><a href=\"https:\/\/www.researchgate.net\/profile\/Silvia_Gomez-Mestres2\">S\u00edlvia G\u00f3mez-Mestres<\/a>,&nbsp;investigadora postdoctoral.&nbsp;<\/li>\n\n\n\n<li>Neptal\u00ed Ram\u00edrez Reyes, investigador associat.<\/li>\n\n\n\n<li>Paulo Castro Neira, investigador associat.<\/li>\n\n\n\n<li>Javier \u00c1vila Molero, investigador associat.<\/li>\n\n\n\n<li>Mart\u00e9 E. S\u00e1nchez&nbsp;(AECID fellowship)<\/li>\n\n\n\n<li>Sarah Hoeksma Giraldo<\/li>\n\n\n\n<li>Claudia Aguilar<\/li>\n\n\n\n<li>Judith Saus Moreno<\/li>\n\n\n\n<li>Vanesa Alcaide Lozano<\/li>\n\n\n\n<li>Laura Hom<\/li>\n\n\n\n<li>Toni Navarro<\/li>\n<\/ul>\n","protected":false},"excerpt":{"rendered":"<p>Membres Hugo Valenzuela, professor agregat; Director de l&#8217;egolab-GRAFO Roser Fern\u00e1ndez Pe\u00f1a (Titular d\u2019Universitat, Departament d\u2019Infermeria, UAB). Doctorands Investigadors\/es vinculats Investigadors visitants Investigadors visitants anteriors Antincs membres<\/p>\n","protected":false},"author":20,"featured_media":0,"parent":0,"menu_order":0,"comment_status":"closed","ping_status":"closed","template":"","meta":{"footnotes":""},"class_list":["post-208","page","type-page","status-publish","hentry"],"_links":{"self":[{"href":"https:\/\/webs.uab.cat\/egolab\/ca\/wp-json\/wp\/v2\/pages\/208","targetHints":{"allow":["GET"]}}],"collection":[{"href":"https:\/\/webs.uab.cat\/egolab\/ca\/wp-json\/wp\/v2\/pages"}],"about":[{"href":"https:\/\/webs.uab.cat\/egolab\/ca\/wp-json\/wp\/v2\/types\/page"}],"author":[{"embeddable":true,"href":"https:\/\/webs.uab.cat\/egolab\/ca\/wp-json\/wp\/v2\/users\/20"}],"replies":[{"embeddable":true,"href":"https:\/\/webs.uab.cat\/egolab\/ca\/wp-json\/wp\/v2\/comments?post=208"}],"version-history":[{"count":8,"href":"https:\/\/webs.uab.cat\/egolab\/ca\/wp-json\/wp\/v2\/pages\/208\/revisions"}],"predecessor-version":[{"id":2531,"href":"https:\/\/webs.uab.cat\/egolab\/ca\/wp-json\/wp\/v2\/pages\/208\/revisions\/2531"}],"wp:attachment":[{"href":"https:\/\/webs.uab.cat\/egolab\/ca\/wp-json\/wp\/v2\/media?parent=208"}],"curies":[{"name":"wp","href":"https:\/\/api.w.org\/{rel}","templated":true}]}}