{"id":1020,"date":"2022-09-27T20:23:21","date_gmt":"2022-09-27T18:23:21","guid":{"rendered":"https:\/\/webs.uab.cat\/emigra\/?page_id=1020"},"modified":"2022-10-13T21:28:34","modified_gmt":"2022-10-13T19:28:34","slug":"inici","status":"publish","type":"page","link":"https:\/\/webs.uab.cat\/emigra\/ca\/","title":{"rendered":"Inici"},"content":{"rendered":"\n<p><strong>EMIGRA&nbsp;<\/strong>\u00e9s un acr\u00f2nim format per les paraules que defineixen el nostre&nbsp;<strong>\u00e0mbit d\u2019especialitzaci\u00f3<\/strong>&nbsp;i la nostra&nbsp;<strong>disciplina<\/strong>: Educaci\u00f3, Migracions, Inf\u00e0ncia\/joventut, G\u00e8nere, desde la Recerca Antropol\u00f2gica en el marc m\u00e9s ampli de les ci\u00e8ncies socials.&nbsp;<\/p>\n\n\n\n<p>El grup de recerca va n\u00e9ixer al&nbsp;<strong>Departament d\u2019Antropologia Social i Cultural<\/strong>&nbsp;i fou reconegut oficialment per la UAB des de 2007, any en qu\u00e8 va organitzar el&nbsp;<em>II Congreso Internacional de Etnograf\u00eda y Educaci\u00f3n&nbsp;<\/em>a la UAB. Poc despr\u00e9s, EMIGRA va impulsar la creaci\u00f3 del&nbsp;<strong>Centre d\u2019Estudis i Recerca en Migracions<\/strong>, aprovat per Consell de Govern el 2009, de car\u00e0cter interdisciplinari i interuniversitari UAB-UB, que integra personal investigador en l\u2019\u00e0mbit de les migracions a trav\u00e9s de grups de recerca d\u2019Antropologia, Sociologia&nbsp;i Dret. El CER Migracions \u00e9s un&nbsp;<strong>Grup de Recerca Consolidat (SGR2017 1702)<\/strong>&nbsp;de l\u2019AGAUR, Generalitat de Catalunya.<\/p>\n\n\n\n<p><strong>EMIGRA&nbsp;<\/strong>s\u2019inscriu en la&nbsp;<strong>tradici\u00f3 te\u00f2rica materialista<\/strong>&nbsp;en ci\u00e8ncies socials des del&nbsp;<strong>paradigma s\u00f2cio-cr\u00edtic<\/strong>, amb un comprom\u00eds expl\u00edcit de transfer\u00e8ncia social des de l\u2019<strong>antropologia aplicada<\/strong>. En concret, treballem principalment sobre les&nbsp;<strong>condicions d\u2019integraci\u00f3<\/strong>&nbsp;de la poblaci\u00f3 infantil i juvenil i les seves fam\u00edlies i entorns en el context de les din\u00e0miques contempor\u00e0nies globals entre&nbsp;<strong>diversitat cultural i desigualtat social<\/strong>, des d\u2019una&nbsp;<strong>perspectiva interseccional<\/strong>&nbsp;de classe, g\u00e8nere i origen.<\/p>\n\n\n\n<p><strong>EMIGRA&nbsp;<\/strong>forma part de diverses&nbsp;<strong>xarxes i associacions acad\u00e8miques i professionals<\/strong>: NESET II, IRNEYET, IMISCOE, Federaci\u00f3n Espa\u00f1ola de Sociolog\u00eda; Society for Applied Anthropology, AIBR.<\/p>\n\n\n\n<p>A l&#8217;inici del curs 2022-23,&nbsp;<strong>EMIGRA&nbsp;<\/strong>est\u00e0 portant a terme 3&nbsp;<strong>projectes de recerca:<\/strong><\/p>\n\n\n\n<ul class=\"wp-block-list\"><li><strong>HORIZON-RIA<\/strong>&nbsp;CL2-2022&nbsp;Transformations 01-101093987&nbsp;<strong>ReIncluGen<\/strong>:&nbsp;Rethinking Inclusion and Gender empowerment: A participatory action research: 3.000.000\u20ac (en col\u00b7laboraci\u00f3 amb&nbsp;CEMIS, Universiteit Antwerpen \/ Rotterdam, 11 partners acad\u00e8mics i entitats de la societat civil)<\/li><li><strong>Strategic Partnership 2021<\/strong>-1-ES01-KA220-SCH-000027661&nbsp;<strong>EU ERASMUS Plus&nbsp;In&amp;In<\/strong>: Inclusive education with an intersectional approach, for the school success of girls and boys of migrant origin, 144.000\u20ac (en col\u00b7laboraci\u00f3 amb InteRED Espanya)<\/li><li>RICIP-<strong>AGAUR<\/strong>&nbsp;ICI01521-00016\/2021 Despla\u00e7aments for\u00e7ats per viol\u00e8ncies fora de context b\u00e8l\u00b7lic i context de recepci\u00f3 laboral i escolar, 10.000\u20ac<\/li><\/ul>\n\n\n\n<p>I acaba de finalitzar un projecte d&#8217;<strong>intervenci\u00f3 social<\/strong>:<\/p>\n\n\n\n<ul class=\"wp-block-list\"><li>Fundaci\u00f3 Aut\u00f2noma Solid\u00e0ria&nbsp;<strong>UAB<\/strong>&nbsp;2021\/003 Suport legal a dones migrants en casos de viol\u00e8ncia, 10.000\u20ac (en col\u00b7laboraci\u00f3 amb PROBENS)<\/li><\/ul>\n\n\n\n<p><strong>EMIGRA&nbsp;<\/strong>t\u00e9&nbsp;<strong>convenis de recerca i intervenci\u00f3 social<\/strong>, entre d\u2019altres, amb l\u2019associaci\u00f3 Europa Sense Murs, Save the Children, Unicef, InteRED, Ajuntament de Barcelona, Diputaci\u00f3 de Barcelona, Ajuntament de Sabadell i altres ajuntaments i consells comarcals d&#8217;arreu de Catalunya.<\/p>\n\n\n\n<p>El nostre \u00faltim producte de<strong>&nbsp;transfer\u00e8ncia<\/strong>&nbsp;fruit del projecte europeu ORALPHA (2018-2020) \u00e9s el&nbsp;<strong>MOOC<\/strong>&nbsp;(Massive Online Open Courseware) de la plataforma Coursera-UAB&nbsp;<em>Literacy for new citizens. A course for trainers<\/em>:&nbsp;<a href=\"https:\/\/www.coursera.org\/uab\">https:\/\/www.coursera.org\/uab<\/a><\/p>\n\n\n\n<p>Segueix-nos a les xarxes!<\/p>\n","protected":false},"excerpt":{"rendered":"<p>EMIGRA&nbsp;\u00e9s un acr\u00f2nim format per les paraules que defineixen el nostre&nbsp;\u00e0mbit d\u2019especialitzaci\u00f3&nbsp;i la nostra&nbsp;disciplina: Educaci\u00f3, Migracions, Inf\u00e0ncia\/joventut, G\u00e8nere, desde la Recerca Antropol\u00f2gica en el marc m\u00e9s ampli de les ci\u00e8ncies socials.&nbsp; El grup de recerca va n\u00e9ixer al&nbsp;Departament d\u2019Antropologia Social i Cultural&nbsp;i fou reconegut oficialment per la UAB des de 2007, any en qu\u00e8 va [&hellip;]<\/p>\n","protected":false},"author":20,"featured_media":0,"parent":0,"menu_order":0,"comment_status":"closed","ping_status":"closed","template":"","meta":{"footnotes":""},"class_list":["post-1020","page","type-page","status-publish","hentry"],"_links":{"self":[{"href":"https:\/\/webs.uab.cat\/emigra\/ca\/wp-json\/wp\/v2\/pages\/1020","targetHints":{"allow":["GET"]}}],"collection":[{"href":"https:\/\/webs.uab.cat\/emigra\/ca\/wp-json\/wp\/v2\/pages"}],"about":[{"href":"https:\/\/webs.uab.cat\/emigra\/ca\/wp-json\/wp\/v2\/types\/page"}],"author":[{"embeddable":true,"href":"https:\/\/webs.uab.cat\/emigra\/ca\/wp-json\/wp\/v2\/users\/20"}],"replies":[{"embeddable":true,"href":"https:\/\/webs.uab.cat\/emigra\/ca\/wp-json\/wp\/v2\/comments?post=1020"}],"version-history":[{"count":1,"href":"https:\/\/webs.uab.cat\/emigra\/ca\/wp-json\/wp\/v2\/pages\/1020\/revisions"}],"predecessor-version":[{"id":1021,"href":"https:\/\/webs.uab.cat\/emigra\/ca\/wp-json\/wp\/v2\/pages\/1020\/revisions\/1021"}],"wp:attachment":[{"href":"https:\/\/webs.uab.cat\/emigra\/ca\/wp-json\/wp\/v2\/media?parent=1020"}],"curies":[{"name":"wp","href":"https:\/\/api.w.org\/{rel}","templated":true}]}}