{"id":16,"date":"2024-03-24T20:47:43","date_gmt":"2024-03-24T18:47:43","guid":{"rendered":"https:\/\/webs.uab.cat\/epsim2024\/?page_id=16"},"modified":"2024-05-13T14:26:21","modified_gmt":"2024-05-13T12:26:21","slug":"programa","status":"publish","type":"page","link":"https:\/\/webs.uab.cat\/epsim2024\/programa\/","title":{"rendered":"Din\u00e1mica &amp; Programa"},"content":{"rendered":"\n<p>En cada una de las reuniones de las Comisiones se debatir\u00e1 una propuesta legislativa, que presentar\u00e1 el\/la profesor\/a responsable asignado\/a a la Comisi\u00f3n. Se especificar\u00e1 sobre qu\u00e9 puntos de la propuesta legislativa tienen que llegar a acuerdos.<\/p>\n\n\n\n<p>Dentro de cada Comisi\u00f3n, en primer lugar, se reunir\u00e1n los miembros de los grupos pol\u00edticos, con el fin de llegar a un acuerdo desde cada una de las posiciones pol\u00edticas. Tambi\u00e9n, si lo consideran oportuno, podr\u00e1n negociar con otros grupos pol\u00edticos, dentro de la Comisi\u00f3n, soluciones viables para alcanzar las mayor\u00edas deseables. Finalmente, se votar\u00e1n en cada Comisi\u00f3n las decisiones propuestas, en relaci\u00f3n al proyecto legislativo presentado.<\/p>\n\n\n\n<p>A continuaci\u00f3n, se reunir\u00e1 cada grupo pol\u00edtico para intercambiar las decisiones adoptadas en todas las Comisiones y se decidir\u00e1 adoptar\u00e1 una posici\u00f3n, de cara a la votaci\u00f3n en el Pleno. A estas reuniones tambi\u00e9n asistir\u00e1 un miembro del equipo.<\/p>\n\n\n\n<p>Tras la comida, se celebrar\u00e1 el Pleno, que estar\u00e1 presidido por Sergi Barrera, director de la Oficina del Parlamento Europeo en Barcelona, que actuar\u00e1 como presidente. En esta parte de la Simulaci\u00f3n, una persona representante de cada Comisi\u00f3n y de cada grupo de pol\u00edtico expondr\u00e1 la posici\u00f3n acordada para cada una de las leyes, que se ir\u00e1n votando sucesivamente. El presidente estar\u00e1 asistido por una asistente, que anotar\u00e1 los resultados de las votaciones.<\/p>\n\n\n\n<p>En el siguiente recuadro se presenta el programa, que incluye la persona responsable del equipo para cada una de las reuniones y la ubicaci\u00f3n de cada reuni\u00f3n.<\/p>\n\n\n\n<figure class=\"wp-block-table is-style-regular\"><table class=\"has-fixed-layout\"><thead><tr><th class=\"has-text-align-center\" data-align=\"center\">Hora<\/th><th class=\"has-text-align-center\" data-align=\"center\">Reuni\u00f3n<\/th><th class=\"has-text-align-center\" data-align=\"center\">Idioma<\/th><th class=\"has-text-align-center\" data-align=\"center\">Responsable<\/th><th class=\"has-text-align-center\" data-align=\"center\">Ubicaci\u00f3n<\/th><\/tr><\/thead><tbody><tr><td class=\"has-text-align-center\" data-align=\"center\"><strong>10:45-11:00<\/strong><\/td><td class=\"has-text-align-center\" data-align=\"center\"><strong>Acreditaciones<\/strong><\/td><td class=\"has-text-align-center\" data-align=\"center\"><\/td><td class=\"has-text-align-center\" data-align=\"center\">Conxi Mu\u00f1oz<\/td><td class=\"has-text-align-center\" data-align=\"center\">Sala de actos <\/td><\/tr><tr><td class=\"has-text-align-center\" data-align=\"center\"><strong>11:00-11:10<\/strong><\/td><td class=\"has-text-align-center\" data-align=\"center\"><strong>Presentaci\u00f3n<\/strong><\/td><td class=\"has-text-align-center\" data-align=\"center\"><\/td><td class=\"has-text-align-center\" data-align=\"center\">N\u00faria Font<\/td><td class=\"has-text-align-center\" data-align=\"center\">Sala de actos<\/td><\/tr><tr><td class=\"has-text-align-center\" data-align=\"center\"><strong>11:20-12:50<\/strong><\/td><td class=\"has-text-align-center\" data-align=\"center\"><strong>Reuniones de las Comisiones<\/strong><\/td><td class=\"has-text-align-center\" data-align=\"center\"><\/td><td class=\"has-text-align-center\" data-align=\"center\"><\/td><td class=\"has-text-align-center\" data-align=\"center\"><\/td><\/tr><tr><td class=\"has-text-align-center\" data-align=\"center\"><\/td><td class=\"has-text-align-center\" data-align=\"center\">EMPL<\/td><td class=\"has-text-align-center\" data-align=\"center\">Castellano<\/td><td class=\"has-text-align-center\" data-align=\"center\">N\u00faria Font<\/td><td class=\"has-text-align-center\" data-align=\"center\">Seminario B<\/td><\/tr><tr><td class=\"has-text-align-center\" data-align=\"center\"><\/td><td class=\"has-text-align-center\" data-align=\"center\">LIBE<\/td><td class=\"has-text-align-center\" data-align=\"center\">Castellano<\/td><td class=\"has-text-align-center\" data-align=\"center\">Ana Mar Fern\u00e1ndez<\/td><td class=\"has-text-align-center\" data-align=\"center\">Aula 3<\/td><\/tr><tr><td class=\"has-text-align-center\" data-align=\"center\"><\/td><td class=\"has-text-align-center\" data-align=\"center\">IMCO<\/td><td class=\"has-text-align-center\" data-align=\"center\">Ingl\u00e9s<\/td><td class=\"has-text-align-center\" data-align=\"center\">Andrea Lanaia &amp; Enric Vendrell<\/td><td class=\"has-text-align-center\" data-align=\"center\">Seminario D<\/td><\/tr><tr><td class=\"has-text-align-center\" data-align=\"center\"><\/td><td class=\"has-text-align-center\" data-align=\"center\">TRAN<\/td><td class=\"has-text-align-center\" data-align=\"center\">Ingl\u00e9s<\/td><td class=\"has-text-align-center\" data-align=\"center\">Alina Olsson<\/td><td class=\"has-text-align-center\" data-align=\"center\">Seminario E<\/td><\/tr><tr><td class=\"has-text-align-center\" data-align=\"center\"><strong>13:00-14:00<\/strong><\/td><td class=\"has-text-align-center\" data-align=\"center\"><strong>Reuniones de los Grupos pol\u00edticos<\/strong><\/td><td class=\"has-text-align-center\" data-align=\"center\"><\/td><td class=\"has-text-align-center\" data-align=\"center\"><\/td><td class=\"has-text-align-center\" data-align=\"center\"><\/td><\/tr><tr><td class=\"has-text-align-center\" data-align=\"center\"><\/td><td class=\"has-text-align-center\" data-align=\"center\">PPE <\/td><td class=\"has-text-align-center\" data-align=\"center\">Castellano \/ ingl\u00e9s<\/td><td class=\"has-text-align-center\" data-align=\"center\">N\u00faria Font<\/td><td class=\"has-text-align-center\" data-align=\"center\">Aula 3<\/td><\/tr><tr><td class=\"has-text-align-center\" data-align=\"center\"><\/td><td class=\"has-text-align-center\" data-align=\"center\">S&amp;D <\/td><td class=\"has-text-align-center\" data-align=\"center\">Castellano \/ ingl\u00e9s<\/td><td class=\"has-text-align-center\" data-align=\"center\">Ana Mar Fern\u00e1ndez<\/td><td class=\"has-text-align-center\" data-align=\"center\">Aula 4<\/td><\/tr><tr><td class=\"has-text-align-center\" data-align=\"center\"><\/td><td class=\"has-text-align-center\" data-align=\"center\">Renew <\/td><td class=\"has-text-align-center\" data-align=\"center\">Castellano \/ ingl\u00e9s<\/td><td class=\"has-text-align-center\" data-align=\"center\">Andrea Lanaia<\/td><td class=\"has-text-align-center\" data-align=\"center\">Seminario B<\/td><\/tr><tr><td class=\"has-text-align-center\" data-align=\"center\"><\/td><td class=\"has-text-align-center\" data-align=\"center\">Verdes\/ALE <\/td><td class=\"has-text-align-center\" data-align=\"center\">Castellano \/ ingl\u00e9s<\/td><td class=\"has-text-align-center\" data-align=\"center\">Marina Callau<\/td><td class=\"has-text-align-center\" data-align=\"center\">Seminario D<\/td><\/tr><tr><td class=\"has-text-align-center\" data-align=\"center\"><\/td><td class=\"has-text-align-center\" data-align=\"center\">CRE <\/td><td class=\"has-text-align-center\" data-align=\"center\">Castellano \/ ingl\u00e9s<\/td><td class=\"has-text-align-center\" data-align=\"center\">Alina Olsson<\/td><td class=\"has-text-align-center\" data-align=\"center\">Seminario E<\/td><\/tr><tr><td class=\"has-text-align-center\" data-align=\"center\"><\/td><td class=\"has-text-align-center\" data-align=\"center\">ID <\/td><td class=\"has-text-align-center\" data-align=\"center\">Castellano \/ ingl\u00e9s<\/td><td class=\"has-text-align-center\" data-align=\"center\">Llu\u00eds Esteve<\/td><td class=\"has-text-align-center\" data-align=\"center\">Seminario C<\/td><\/tr><tr><td class=\"has-text-align-center\" data-align=\"center\"><\/td><td class=\"has-text-align-center\" data-align=\"center\">La Izquierda<\/td><td class=\"has-text-align-center\" data-align=\"center\">Castellano \/ ingl\u00e9s<\/td><td class=\"has-text-align-center\" data-align=\"center\">Vanessa Caiza<\/td><td class=\"has-text-align-center\" data-align=\"center\">Espai de postgrau<\/td><\/tr><tr><td class=\"has-text-align-center\" data-align=\"center\"><strong>14.00-15:00<\/strong><\/td><td class=\"has-text-align-center\" data-align=\"center\"><strong>Comida<\/strong><\/td><td class=\"has-text-align-center\" data-align=\"center\"><\/td><td class=\"has-text-align-center\" data-align=\"center\"><\/td><td class=\"has-text-align-center\" data-align=\"center\">Sala Anexa<\/td><\/tr><tr><td class=\"has-text-align-center\" data-align=\"center\"><strong>15:00-16:30<\/strong><\/td><td class=\"has-text-align-center\" data-align=\"center\"><strong>Pleno<\/strong><\/td><td class=\"has-text-align-center\" data-align=\"center\">Castellano \/ ingl\u00e9s<\/td><td class=\"has-text-align-center\" data-align=\"center\">Sergi Barrera, asistido por Alina Olsson <\/td><td class=\"has-text-align-center\" data-align=\"center\">Sala de actos<\/td><\/tr><\/tbody><\/table><\/figure>\n","protected":false},"excerpt":{"rendered":"<p>En cada una de las reuniones de las Comisiones se debatir\u00e1 una propuesta legislativa, que presentar\u00e1 el\/la profesor\/a responsable asignado\/a a la Comisi\u00f3n. Se especificar\u00e1 sobre qu\u00e9 puntos de la propuesta legislativa tienen que llegar a acuerdos. Dentro de cada Comisi\u00f3n, en primer lugar, se reunir\u00e1n los miembros de los grupos pol\u00edticos, con el fin [&hellip;]<\/p>\n","protected":false},"author":50,"featured_media":0,"parent":0,"menu_order":3,"comment_status":"closed","ping_status":"closed","template":"","meta":{"footnotes":""},"class_list":["post-16","page","type-page","status-publish","hentry"],"_links":{"self":[{"href":"https:\/\/webs.uab.cat\/epsim2024\/wp-json\/wp\/v2\/pages\/16","targetHints":{"allow":["GET"]}}],"collection":[{"href":"https:\/\/webs.uab.cat\/epsim2024\/wp-json\/wp\/v2\/pages"}],"about":[{"href":"https:\/\/webs.uab.cat\/epsim2024\/wp-json\/wp\/v2\/types\/page"}],"author":[{"embeddable":true,"href":"https:\/\/webs.uab.cat\/epsim2024\/wp-json\/wp\/v2\/users\/50"}],"replies":[{"embeddable":true,"href":"https:\/\/webs.uab.cat\/epsim2024\/wp-json\/wp\/v2\/comments?post=16"}],"version-history":[{"count":42,"href":"https:\/\/webs.uab.cat\/epsim2024\/wp-json\/wp\/v2\/pages\/16\/revisions"}],"predecessor-version":[{"id":424,"href":"https:\/\/webs.uab.cat\/epsim2024\/wp-json\/wp\/v2\/pages\/16\/revisions\/424"}],"wp:attachment":[{"href":"https:\/\/webs.uab.cat\/epsim2024\/wp-json\/wp\/v2\/media?parent=16"}],"curies":[{"name":"wp","href":"https:\/\/api.w.org\/{rel}","templated":true}]}}