{"id":132,"date":"2020-12-10T22:03:36","date_gmt":"2020-12-10T20:03:36","guid":{"rendered":"https:\/\/blogs.uab.cat\/equipice-coeducacio\/?page_id=132"},"modified":"2020-12-10T22:03:36","modified_gmt":"2020-12-10T20:03:36","slug":"cinema","status":"publish","type":"page","link":"https:\/\/webs.uab.cat\/equipice-coeducacio\/cinema\/","title":{"rendered":"AUDIOVISUALS"},"content":{"rendered":"<p>&nbsp;<\/p>\n<p><img loading=\"lazy\" decoding=\"async\" class=\" wp-image-205 aligncenter\" src=\"https:\/\/webs.uab.cat\/equipice-coeducacio\/wp-content\/uploads\/sites\/292\/2021\/04\/descarga.jpg\" alt=\"\" width=\"261\" height=\"341\" \/><\/p>\n<ul>\n<li>L&#8217;escola del dem\u00e0: una experi\u00e8ncia de coeducaci\u00f3 a bressol\u00a0\u00a0<a href=\"https:\/\/youtu.be\/OCTTAwkkasw\">https:\/\/youtu.be\/OCTTAwkkasw<\/a><\/li>\n<li>48 Cosas que las mujeres escuchan a lo largo de su vida \u00a0<a href=\"https:\/\/youtu.be\/wl3CLakCZmA\">https:\/\/youtu.be\/wl3CLakCZmA<\/a><\/li>\n<li>Revelando estereotipos que no nos representan | Yolanda Dom\u00ednguez<\/li>\n<li><a href=\"https:\/\/youtu.be\/H1C-vG4yBMI\">https:\/\/youtu.be\/H1C-vG4yBMI<\/a><\/li>\n<li>La bicicleta verde, pel\u00b7l\u00edcula: <a href=\"https:\/\/youtu.be\/hnZKMP7x9UY\">https:\/\/youtu.be\/hnZKMP7x9UY<\/a><\/li>\n<li>Mustang, pel.l\u00edcula: <a href=\"https:\/\/youtu.be\/ABNB3zw5BAo\">https:\/\/youtu.be\/ABNB3zw5BAo<\/a><\/li>\n<li>\u00bfQu\u00e9 significa hacer algo\u00a0<a href=\"https:\/\/www.youtube.com\/hashtag\/comoni%C3%B1a\">#ComoNi\u00f1a<\/a>\u200b?\u00a0 <a href=\"https:\/\/youtu.be\/s82iF2ew-yk\">https:\/\/youtu.be\/s82iF2ew-yk<\/a><\/li>\n<li>Au bout de la rue (Court-m\u00e9trage)\u00a0<a href=\"https:\/\/youtu.be\/9W7EmM9Pg38\">https:\/\/youtu.be\/9W7EmM9Pg38<\/a><\/li>\n<li>Ni\u00f1os vs. Moda\u00a0\u00a0<a href=\"https:\/\/youtu.be\/LlShHeU2qU4\">https:\/\/youtu.be\/LlShHeU2qU4<\/a><\/li>\n<li>La Coeducaci\u00f3 a les Escoles Bressol de Terrassa\u00a0\u00a0<a href=\"https:\/\/youtu.be\/SbuiaClPQMo\">https:\/\/youtu.be\/SbuiaClPQMo<\/a><\/li>\n<li>La peluca de Luca: <a href=\"https:\/\/vimeo.com\/55523227\">https:\/\/vimeo.com\/55523227<\/a><\/li>\n<li>Sara y las Goleadoras\u00a0\u00a0<a href=\"https:\/\/youtu.be\/jzP-ksmWID4\">https:\/\/youtu.be\/jzP-ksmWID4<\/a><\/li>\n<li>Associaci\u00f3 per a la Coeducaci\u00f3 <a href=\"http:\/\/associacioperlacoeducacio.org\/videos-coeducativos\/\">http:\/\/associacioperlacoeducacio.org\/videos-coeducativos\/<\/a><\/li>\n<li>Drac M\u00e0gic: <a href=\"https:\/\/www.dracmagic.cat\/\">https:\/\/www.dracmagic.cat<\/a><\/li>\n<\/ul>\n<p>Guies:<\/p>\n<ul>\n<li><a href=\"https:\/\/webs.uab.cat\/equipice-coeducacio\/wp-content\/uploads\/sites\/292\/2021\/04\/Curts_igualtat_primaria.pdf\">Curts_igualtat_primaria<\/a><\/li>\n<li><a href=\"https:\/\/webs.uab.cat\/equipice-coeducacio\/wp-content\/uploads\/sites\/292\/2021\/04\/guiacontes_mail.pdf\">guiacontes_mail<\/a><\/li>\n<li><a href=\"https:\/\/webs.uab.cat\/equipice-coeducacio\/wp-content\/uploads\/sites\/292\/2021\/04\/karlsson_teulades-de-0-a-6-anys-1.pdf\">karlsson_teulades-de-0-a-6-anys (1)<\/a><\/li>\n<li><a href=\"https:\/\/webs.uab.cat\/equipice-coeducacio\/wp-content\/uploads\/sites\/292\/2021\/04\/karlsson_teulades-de-0-a-6-anys.pdf\">karlsson_teulades-de-0-a-6-anys<\/a><\/li>\n<\/ul>\n","protected":false},"excerpt":{"rendered":"<p>&nbsp; L&#8217;escola del dem\u00e0: una experi\u00e8ncia de coeducaci\u00f3 a bressol\u00a0\u00a0https:\/\/youtu.be\/OCTTAwkkasw 48 Cosas que las mujeres escuchan a lo largo de su vida \u00a0https:\/\/youtu.be\/wl3CLakCZmA Revelando estereotipos que no nos representan | Yolanda Dom\u00ednguez https:\/\/youtu.be\/H1C-vG4yBMI La bicicleta verde, pel\u00b7l\u00edcula: https:\/\/youtu.be\/hnZKMP7x9UY Mustang, pel.l\u00edcula: https:\/\/youtu.be\/ABNB3zw5BAo \u00bfQu\u00e9 significa hacer algo\u00a0#ComoNi\u00f1a\u200b?\u00a0 https:\/\/youtu.be\/s82iF2ew-yk Au bout de la rue (Court-m\u00e9trage)\u00a0https:\/\/youtu.be\/9W7EmM9Pg38 Ni\u00f1os vs. Moda\u00a0\u00a0https:\/\/youtu.be\/LlShHeU2qU4 [&hellip;]<\/p>\n","protected":false},"author":1313,"featured_media":0,"parent":0,"menu_order":0,"comment_status":"closed","ping_status":"closed","template":"","meta":{"footnotes":""},"class_list":["post-132","page","type-page","status-publish","hentry"],"_links":{"self":[{"href":"https:\/\/webs.uab.cat\/equipice-coeducacio\/wp-json\/wp\/v2\/pages\/132","targetHints":{"allow":["GET"]}}],"collection":[{"href":"https:\/\/webs.uab.cat\/equipice-coeducacio\/wp-json\/wp\/v2\/pages"}],"about":[{"href":"https:\/\/webs.uab.cat\/equipice-coeducacio\/wp-json\/wp\/v2\/types\/page"}],"author":[{"embeddable":true,"href":"https:\/\/webs.uab.cat\/equipice-coeducacio\/wp-json\/wp\/v2\/users\/1313"}],"replies":[{"embeddable":true,"href":"https:\/\/webs.uab.cat\/equipice-coeducacio\/wp-json\/wp\/v2\/comments?post=132"}],"version-history":[{"count":0,"href":"https:\/\/webs.uab.cat\/equipice-coeducacio\/wp-json\/wp\/v2\/pages\/132\/revisions"}],"wp:attachment":[{"href":"https:\/\/webs.uab.cat\/equipice-coeducacio\/wp-json\/wp\/v2\/media?parent=132"}],"curies":[{"name":"wp","href":"https:\/\/api.w.org\/{rel}","templated":true}]}}