{"id":21,"date":"2020-11-26T19:28:11","date_gmt":"2020-11-26T17:28:11","guid":{"rendered":"https:\/\/blogs.uab.cat\/equipice-coeducacio\/?page_id=21"},"modified":"2023-05-04T18:28:41","modified_gmt":"2023-05-04T16:28:41","slug":"educacio-afectiva-i-sexual","status":"publish","type":"page","link":"https:\/\/webs.uab.cat\/equipice-coeducacio\/tematiques\/educacio-afectiva-i-sexual\/","title":{"rendered":"EDUCACI\u00d3 AFECTIVA I SEXUAL"},"content":{"rendered":"<p><img loading=\"lazy\" decoding=\"async\" class=\" wp-image-172 aligncenter\" src=\"https:\/\/webs.uab.cat\/equipice-coeducacio\/wp-content\/uploads\/sites\/292\/2020\/12\/20200830_140317-300x225.jpg\" alt=\"\" width=\"462\" height=\"350\"><\/p>\n<table>\n<tbody>\n<tr>\n<td><span style=\"font-weight: 400\">CURS<\/span><\/td>\n<td><span style=\"font-weight: 400\">RECURSOS DIVERSITAT AFECTIVA I SEXUAL<\/span><\/td>\n<\/tr>\n<tr>\n<td><span style=\"font-weight: 400\">INFANTIL I CICLE INICIAL<\/span><\/td>\n<td><span style=\"font-weight: 400\">LLIBRE Amb en tango som tres<\/span> <span style=\"font-weight: 400\">de Justin Richardson i, Peter parnell<\/span><\/p>\n<p><span style=\"font-weight: 400\">&nbsp;<\/span><\/td>\n<\/tr>\n<tr>\n<td><span style=\"font-weight: 400\">CICLE SUPERIOR I<\/span><\/p>\n<p><span style=\"font-weight: 400\">1R CICLE DE LA ESO<\/span><\/td>\n<td><a href=\"https:\/\/www.lasexta.com\/noticias\/sociedad\/orgullo-lgtbi\/lgtbiq-esto-es-lo-que-significa-cada-una-de-las-siglas-con-las-que-se-identifica-el-colectivo-video_201906265d13ea8d0cf2ee729a408fb1.html\"><span style=\"font-weight: 400\">https:\/\/www.lasexta.com\/noticias\/sociedad\/orgullo-lgtbi\/lgtbiq-esto-es-lo-que-significa-cada-una-de-las-siglas-con-las-que-se-identifica-el-colectivo-video_201906265d13ea8d0cf2ee729a408fb1.html<\/span><\/a><\/td>\n<\/tr>\n<tr>\n<td><span style=\"font-weight: 400\">TOTS ELS NIVELLS<\/span><\/p>\n<p><span style=\"font-weight: 400\">A PARTIR DE PRIM\u00c0RIA<\/span><\/td>\n<td><a href=\"http:\/\/www.dibgen.com\/index-ca.html\"><span style=\"font-weight: 400\">http:\/\/www.dibgen.com\/index-ca.html<\/span><\/a><\/p>\n<p><span style=\"font-weight: 400\">&nbsp;<\/span><\/td>\n<\/tr>\n<tr>\n<td><span style=\"font-weight: 400\">PRIM\u00c0RIA<\/span><\/td>\n<td><span style=\"font-weight: 400\">LLIBRE <\/span><i><span style=\"font-weight: 400\">Jo vaig amb mi <\/span><\/i><span style=\"font-weight: 400\">De Raquel Diaz Reguera<\/span><\/td>\n<\/tr>\n<tr>\n<td><span style=\"font-weight: 400\">CICLE MITJ\u00c0, SUPERIOR I ESO<\/span><\/td>\n<td><span style=\"font-weight: 400\">https:\/\/youtu.be\/zLKWwLKAOV0<\/span><\/td>\n<\/tr>\n<tr>\n<td><span style=\"font-weight: 400\">SUPERIOR I ESO<\/span><\/td>\n<td><span style=\"font-weight: 400\">PEL\u00b7L\u00cdCULA Desxifrant l\u2019Enigma (dirigida per Morten Tyldum)<\/span><\/td>\n<\/tr>\n<tr>\n<td><span style=\"font-weight: 400\">TOTS ELS NIVELLS<\/span><\/td>\n<td><span style=\"font-weight: 400\">https:\/\/youtu.be\/MV4GyYp4Ku4<\/span><\/td>\n<\/tr>\n<tr>\n<td><span style=\"font-weight: 400\">PRIM\u00c0RIA<\/span><\/td>\n<td><span style=\"font-weight: 400\">CONTE: &#8220;Aitor t\u00e9 dues mares&#8221;<\/span><\/td>\n<\/tr>\n<tr>\n<td><span style=\"font-weight: 400\">INFANTIL<\/span><\/td>\n<td><i><span style=\"font-weight: 400\">\u201cEL PR\u00cdNCEP VENTAFOCS<\/span><\/i><span style=\"font-weight: 400\">\u201d <\/span><a href=\"https:\/\/es.slideshare.net\/Planereta\/el-prncep-ventafocs\"><span style=\"font-weight: 400\">https:\/\/es.slideshare.net\/Planereta\/el-prncep-ventafoc<\/span><\/a><\/td>\n<\/tr>\n<tr>\n<td><span style=\"font-weight: 400\">SUPERIOR I ESO<\/span><\/td>\n<td><span style=\"font-weight: 400\">CURT &#8220;S\u00f3lo m\u00eda&#8221;.<\/span><\/td>\n<\/tr>\n<tr>\n<td><span style=\"font-weight: 400\">INFANTIL I CICLE INICIAL<\/span><\/td>\n<td><span style=\"font-weight: 400\">CONTE O VIDEO<\/span><i><span style=\"font-weight: 400\"> Lalo el pr\u00edncipe rosa<\/span><\/i><\/td>\n<\/tr>\n<tr>\n<td><span style=\"font-weight: 400\">INFANTIL I CICLE INICIAL<\/span><\/td>\n<td><a href=\"http:\/\/xtec.gencat.cat\/web\/.content\/centres\/projeducatiu\/convivencia\/protocols\/maltractament-infantil-adolescent\/documents\/educacio-afectiva-sexual.pdf\">http:\/\/xtec.gencat.cat\/web\/.content\/centres\/projeducatiu\/convivencia\/protocols\/maltractament-infantil-adolescent\/documents\/educacio-afectiva-sexual.pdf<\/a><\/td>\n<\/tr>\n<tr>\n<td><\/td>\n<td><\/td>\n<\/tr>\n<tr>\n<td><\/td>\n<td><\/td>\n<\/tr>\n<\/tbody>\n<\/table>\n<p><span style=\"font-weight: 400\">&nbsp;<\/span><\/p>\n<table>\n<tbody>\n<tr>\n<td><span style=\"font-weight: 400\">Xtec Educaci\u00f3 afectiva i sexual&nbsp;<\/span><\/td>\n<td><a href=\"http:\/\/xtec.gencat.cat\/ca\/curriculum\/coeducacio\/recursos\/edafectiva\/\"><span style=\"font-weight: 400\">http:\/\/xtec.gencat.cat\/ca\/curriculum\/coeducacio\/recursos\/edafectiva\/<\/span><\/a><\/td>\n<\/tr>\n<tr>\n<td><span style=\"font-weight: 400\">Programa d\u2019educaci\u00f3 afectivo-sexual adre\u00e7at a les escoles d\u2019infantil i prim\u00e0ria p\u00fabliques del districte de Gr\u00e0cia&nbsp;<\/span><\/td>\n<td><a href=\"http:\/\/www.escolesfeministes.org\/wp-content\/uploads\/2019\/06\/ProgramaEducacioAfectivoSexual_CoordinadoraGracia.pdf\"><span style=\"font-weight: 400\">http:\/\/www.escolesfeministes.org\/wp-content\/uploads\/2019\/06\/ProgramaEducacioAfectivoSexual_CoordinadoraGracia.pdf<\/span><\/a><\/td>\n<\/tr>\n<tr>\n<td><span style=\"font-weight: 400\">+diversitat sexual i educaci\u00f3n&nbsp;<\/span><\/td>\n<td><a href=\"http:\/\/www.espaiperformatiu.udl.cat\/?page_id=1162\"><span style=\"font-weight: 400\">http:\/\/www.espaiperformatiu.udl.cat\/?page_id=1162<\/span><\/a><\/td>\n<\/tr>\n<tr>\n<td><span style=\"font-weight: 400\">Unitat did\u00e1ctica Vestido Nuevo&nbsp;<\/span><\/td>\n<td><a href=\"http:\/\/xtec.gencat.cat\/web\/.content\/centres\/projeducatiu\/convivencia\/protocols\/assetjament-escolar-persones-lgbti\/documents\/unitat-didactica-LGBTI.pdf\"><span style=\"font-weight: 400\">http:\/\/xtec.gencat.cat\/web\/.content\/centres\/projeducatiu\/convivencia\/protocols\/assetjament-escolar-persones-lgbti\/documents\/unitat-didactica-LGBTI.pdf<\/span><\/a><\/td>\n<\/tr>\n<tr>\n<td><span style=\"font-weight: 400\">Guia de coeducaci\u00f3 de Fil&nbsp; l\u2019Agulla<\/span><\/td>\n<td><a href=\"http:\/\/cgtense.pangea.org\/IMG\/pdf\/guia_coeducacio_fil_a_lagulla.pdf\"><span style=\"font-weight: 400\">http:\/\/cgtense.pangea.org\/IMG\/pdf\/guia_coeducacio_fil_a_lagulla.pdf<\/span><\/a><span style=\"font-weight: 400\">&nbsp;<\/span><\/td>\n<\/tr>\n<tr>\n<td><span style=\"font-weight: 400\">CAT\u00c0LEG GENERAL SALUT SEXUAL, sidastudi<\/span><\/td>\n<td><a href=\"http:\/\/salutsexual.sidastudi.org\/ca\/registro\/2c9391e41fb402cc011fb44b168a5228\"><span style=\"font-weight: 400\">http:\/\/salutsexual.sidastudi.org\/ca\/registro\/2c9391e41fb402cc011fb44b168a5228<\/span><\/a><span style=\"font-weight: 400\">&nbsp;<\/span><\/td>\n<\/tr>\n<tr>\n<td><span style=\"font-weight: 400\">Guia LGTBICQ&nbsp;<\/span><\/td>\n<td><a href=\"https:\/\/antiga.sindicat.net\/dona\/calaix\/guiasteila.pdf\"><span style=\"font-weight: 400\">https:\/\/antiga.sindicat.net\/dona\/calaix\/guiasteila.pdf<\/span><\/a><\/td>\n<\/tr>\n<tr>\n<td><span style=\"font-weight: 400\"> Recursos diversitat i afectes&nbsp;<\/span><\/td>\n<td><a href=\"https:\/\/teiximxarxes.cat\/recurs\/sexualitats-i-afectes\"><span style=\"font-weight: 400\">https:\/\/teiximxarxes.cat\/recurs\/sexualitats-i-afectes<\/span><\/a><span style=\"font-weight: 400\">&nbsp;<\/span><\/td>\n<\/tr>\n<tr>\n<td><span style=\"font-weight: 400\">El projecte \u201cDiversitat en curt\u201d posa a disposici\u00f3 dels centres educatius cinc curtmetratges que, acompanyats de guies did\u00e0ctiques, permeten treballar a l\u2019aula temes relacionats amb les identitats i les discriminacions per ra\u00f3 de sexe, la diversitat afectiva i sexual i la conviv\u00e8ncia.<\/span><\/p>\n<p><span style=\"font-weight: 400\">&nbsp;<\/span><\/p>\n<p><span style=\"font-weight: 400\">&nbsp;<\/span><\/td>\n<td><a href=\"https:\/\/ajuntament.barcelona.cat\/educacio\/ca\/noticia\/nou-material-didactic-sobre-diversitat-sexual-i-afectiva_508882\"><span style=\"font-weight: 400\">https:\/\/ajuntament.barcelona.cat\/educacio\/ca\/noticia\/nou-material-didactic-sobre-diversitat-sexual-i-afectiva_508882<\/span><\/a><\/p>\n<p><span style=\"font-weight: 400\">&nbsp;<\/span><\/td>\n<\/tr>\n<\/tbody>\n<\/table>\n<p><span style=\"font-weight: 400\">&nbsp;<\/span><\/p>\n<p><a href=\"https:\/\/webs.uab.cat\/equipice-coeducacio\/wp-content\/uploads\/sites\/292\/2021\/04\/La_educacion_sexual_de_la_primera_infancia.pdf\">La_educacion_sexual_de_la_primera_infancia<\/a><\/p>\n<p><span style=\"font-weight: 400\">&nbsp;<\/span><\/p>\n<p>&nbsp;<\/p>\n<p>&nbsp;<\/p>\n","protected":false},"excerpt":{"rendered":"<p>CURS RECURSOS DIVERSITAT AFECTIVA I SEXUAL INFANTIL I CICLE INICIAL LLIBRE Amb en tango som tres de Justin Richardson i, Peter parnell &nbsp; CICLE SUPERIOR I 1R CICLE DE LA ESO https:\/\/www.lasexta.com\/noticias\/sociedad\/orgullo-lgtbi\/lgtbiq-esto-es-lo-que-significa-cada-una-de-las-siglas-con-las-que-se-identifica-el-colectivo-video_201906265d13ea8d0cf2ee729a408fb1.html TOTS ELS NIVELLS A PARTIR DE PRIM\u00c0RIA http:\/\/www.dibgen.com\/index-ca.html &nbsp; PRIM\u00c0RIA LLIBRE Jo vaig amb mi De Raquel Diaz Reguera CICLE MITJ\u00c0, SUPERIOR I [&hellip;]<\/p>\n","protected":false},"author":1313,"featured_media":0,"parent":403,"menu_order":0,"comment_status":"closed","ping_status":"closed","template":"","meta":{"footnotes":""},"class_list":["post-21","page","type-page","status-publish","hentry"],"_links":{"self":[{"href":"https:\/\/webs.uab.cat\/equipice-coeducacio\/wp-json\/wp\/v2\/pages\/21","targetHints":{"allow":["GET"]}}],"collection":[{"href":"https:\/\/webs.uab.cat\/equipice-coeducacio\/wp-json\/wp\/v2\/pages"}],"about":[{"href":"https:\/\/webs.uab.cat\/equipice-coeducacio\/wp-json\/wp\/v2\/types\/page"}],"author":[{"embeddable":true,"href":"https:\/\/webs.uab.cat\/equipice-coeducacio\/wp-json\/wp\/v2\/users\/1313"}],"replies":[{"embeddable":true,"href":"https:\/\/webs.uab.cat\/equipice-coeducacio\/wp-json\/wp\/v2\/comments?post=21"}],"version-history":[{"count":1,"href":"https:\/\/webs.uab.cat\/equipice-coeducacio\/wp-json\/wp\/v2\/pages\/21\/revisions"}],"predecessor-version":[{"id":411,"href":"https:\/\/webs.uab.cat\/equipice-coeducacio\/wp-json\/wp\/v2\/pages\/21\/revisions\/411"}],"up":[{"embeddable":true,"href":"https:\/\/webs.uab.cat\/equipice-coeducacio\/wp-json\/wp\/v2\/pages\/403"}],"wp:attachment":[{"href":"https:\/\/webs.uab.cat\/equipice-coeducacio\/wp-json\/wp\/v2\/media?parent=21"}],"curies":[{"name":"wp","href":"https:\/\/api.w.org\/{rel}","templated":true}]}}