{"id":485,"date":"2017-09-27T13:45:48","date_gmt":"2017-09-27T11:45:48","guid":{"rendered":"https:\/\/webs.uab.cat\/erdisc\/publications\/"},"modified":"2023-10-30T14:14:36","modified_gmt":"2023-10-30T12:14:36","slug":"publications-2","status":"publish","type":"page","link":"https:\/\/webs.uab.cat\/erdisc\/en\/publications-2\/","title":{"rendered":"Publications"},"content":{"rendered":"\n<h2 class=\"wp-block-heading alignwide\"><strong>Articles <\/strong><\/h2>\n\n\n\n<div class=\"wp-block-group alignwide is-content-justification-space-between is-nowrap is-layout-flex wp-container-core-group-is-layout-0dfbf163 wp-block-group-is-layout-flex\">\n<p class=\"has-normal-font-size\"><strong>2023<\/strong><\/p>\n\n\n\n<hr class=\"wp-block-separator has-alpha-channel-opacity\" \/>\n\n\n\n<p class=\"has-small-font-size wp-container-content-6511ad4a\" style=\"font-style:normal;font-weight:100\"><span style=\"font-size: 16px\">Essomba Gelabert, M., Tarr\u00e9s Vallesp\u00ed, A., &amp; Argelagu\u00e9s Besson, M. (2023). La investigaci\u00f3n-acci\u00f3n comunitaria.&nbsp;<em>Perfiles Educativos<\/em>,&nbsp;<em>45<\/em>(180), 158-174. <a rel=\"noreferrer noopener\" href=\"https:\/\/doi.org\/10.22201\/iisue.24486167e.2023.180.60918\" target=\"_blank\">https:\/\/doi.org\/10.22201\/iisue.24486167e.2023.180.60918<\/a> <\/span><\/p>\n\n\n\n<figure class=\"wp-block-image size-full is-resized\"><a href=\"https:\/\/perfileseducativos.unam.mx\/iisue_pe\/index.php\/perfiles\/article\/view\/60918\/53201\" target=\"_blank\" rel=\"noreferrer noopener\"><img loading=\"lazy\" decoding=\"async\" src=\"https:\/\/webs.uab.cat\/erdisc\/wp-content\/uploads\/sites\/359\/2023\/07\/Perfiles-educativos-2023.jpg\" alt=\"\" class=\"wp-image-1875\" width=\"95\" height=\"134\" \/><\/a><\/figure>\n<\/div>\n\n\n\n<div class=\"wp-block-group alignwide is-content-justification-space-between is-nowrap is-layout-flex wp-container-core-group-is-layout-0dfbf163 wp-block-group-is-layout-flex\">\n<p class=\"has-normal-font-size\"><strong>2023<\/strong><\/p>\n\n\n\n<hr class=\"wp-block-separator has-alpha-channel-opacity\" \/>\n\n\n\n<p class=\"has-small-font-size wp-container-content-6511ad4a\" style=\"font-style:normal;font-weight:100\">Essomba, M. A., &amp; Tarr\u00e9s, A. (2023). Cultural minorities, inclusive education, and digital accessibility during COVID-19 in Catalonia (Spain). In <em>Advances in educational technologies and instructional design book series. <\/em>(pp. 236\u2013251). https:\/\/doi.org\/10.4018\/979-8-3693-0453-2.ch012 <\/p>\n\n\n\n<figure class=\"wp-block-image size-full is-resized\"><a href=\"https:\/\/doi.org\/10.4018\/979-8-3693-0453-2.ch012\" target=\"_blank\" rel=\"noreferrer noopener\"><img loading=\"lazy\" decoding=\"async\" src=\"https:\/\/webs.uab.cat\/erdisc\/wp-content\/uploads\/sites\/359\/2023\/07\/Covid-techno-2023.png\" alt=\"\" class=\"wp-image-1880\" width=\"95\" height=\"134\" \/><\/a><\/figure>\n<\/div>\n\n\n\n<div class=\"wp-block-group alignwide is-content-justification-space-between is-nowrap is-layout-flex wp-container-core-group-is-layout-0dfbf163 wp-block-group-is-layout-flex\">\n<p class=\"has-normal-font-size\"><strong>2022<\/strong><\/p>\n\n\n\n<hr class=\"wp-block-separator has-alpha-channel-opacity\" \/>\n\n\n\n<p class=\"has-small-font-size wp-container-content-6511ad4a\" style=\"font-style:normal;font-weight:100\">Essomba, M. A., Lleonart, P., Alfonso, L., &amp; Bin, H. (2022). Education for Sustainable Development in Educating Cities: Towards a Transformative Approach from Informal and Non-Formal Education. <em>Sustainability<\/em>, <em>14<\/em>(7), 4005. https:\/\/doi.org\/10.3390\/su14074005 <\/p>\n\n\n\n<figure class=\"wp-block-image size-large is-resized\"><a href=\"https:\/\/www.mdpi.com\/2071-1050\/14\/7\/4005\" target=\"_blank\" rel=\"noreferrer noopener\"><img loading=\"lazy\" decoding=\"async\" src=\"https:\/\/webs.uab.cat\/erdisc\/wp-content\/uploads\/sites\/359\/2023\/07\/Sustainability-2022-724x1024.png\" alt=\"\" class=\"wp-image-1884\" width=\"95\" height=\"134\" srcset=\"https:\/\/webs.uab.cat\/erdisc\/wp-content\/uploads\/sites\/359\/2023\/07\/Sustainability-2022-724x1024.png 724w, https:\/\/webs.uab.cat\/erdisc\/wp-content\/uploads\/sites\/359\/2023\/07\/Sustainability-2022-212x300.png 212w, https:\/\/webs.uab.cat\/erdisc\/wp-content\/uploads\/sites\/359\/2023\/07\/Sustainability-2022-768x1086.png 768w, https:\/\/webs.uab.cat\/erdisc\/wp-content\/uploads\/sites\/359\/2023\/07\/Sustainability-2022.png 850w\" sizes=\"auto, (max-width: 95px) 100vw, 95px\" \/><\/a><\/figure>\n<\/div>\n\n\n\n<div class=\"wp-block-group alignwide is-content-justification-space-between is-nowrap is-layout-flex wp-container-core-group-is-layout-0dfbf163 wp-block-group-is-layout-flex\">\n<p class=\"has-normal-font-size\"><strong>2021<\/strong><\/p>\n\n\n\n<hr class=\"wp-block-separator has-alpha-channel-opacity\" \/>\n\n\n\n<p class=\"has-small-font-size wp-container-content-6511ad4a\" style=\"font-style:normal;font-weight:100\"><span style=\"font-size: 16px\">Essomba Gelabert, M. (2021). <\/span>Young leaders\u2019 voices in leisure time educational educational institutions: narratives of participation, resilience and on covid-19 policies during the pand\u00e8mic lockdown<span style=\"font-size: 16px\">.&nbsp;<em>Youth Voice Journal,&nbsp;11<\/em>, 56-75. <\/span><\/p>\n\n\n\n<figure class=\"wp-block-image size-large is-resized\"><a href=\"https:\/\/www.rj4allpublications.com\/product\/young-leaders-voices-in-leisure-time-educational-institutions-narratives-of-participation-resilience-and-on-covid-19-policies-during-the-pandemic-lockdown\/\" target=\"_blank\" rel=\"noreferrer noopener\"><img loading=\"lazy\" decoding=\"async\" src=\"https:\/\/webs.uab.cat\/erdisc\/wp-content\/uploads\/sites\/359\/2023\/07\/SI-Cover-BR-723x1024.jpg\" alt=\"\" class=\"wp-image-1889\" width=\"95\" height=\"134\" srcset=\"https:\/\/webs.uab.cat\/erdisc\/wp-content\/uploads\/sites\/359\/2023\/07\/SI-Cover-BR-723x1024.jpg 723w, https:\/\/webs.uab.cat\/erdisc\/wp-content\/uploads\/sites\/359\/2023\/07\/SI-Cover-BR-212x300.jpg 212w, https:\/\/webs.uab.cat\/erdisc\/wp-content\/uploads\/sites\/359\/2023\/07\/SI-Cover-BR-768x1088.jpg 768w, https:\/\/webs.uab.cat\/erdisc\/wp-content\/uploads\/sites\/359\/2023\/07\/SI-Cover-BR.jpg 794w\" sizes=\"auto, (max-width: 95px) 100vw, 95px\" \/><\/a><\/figure>\n<\/div>\n\n\n\n<div class=\"wp-block-group alignwide is-content-justification-space-between is-nowrap is-layout-flex wp-container-core-group-is-layout-0dfbf163 wp-block-group-is-layout-flex\">\n<p class=\"has-normal-font-size\"><strong>2021<\/strong><\/p>\n\n\n\n<hr class=\"wp-block-separator has-alpha-channel-opacity\" \/>\n\n\n\n<p class=\"has-small-font-size wp-container-content-6511ad4a\" style=\"font-style:normal;font-weight:100\"><span style=\"font-size: 16px\">Delgado, K., Barrionuevo, M., &amp; Essomba, M.A. (2021). <\/span>La educaci\u00f3n inclusiva en el nivel inicial. Estudio de un caso<span style=\"font-size: 16px\">. <em>Espacios<\/em>, <em>42<\/em>(3), 27-41. <\/span>DOI: 10.48082\/espacios-a21v42v03p03<\/p>\n\n\n\n<figure class=\"wp-block-image size-full is-resized\"><a href=\"https:\/\/www.revistaespacios.com\/a21v42n03\/21420303.html\" target=\"_blank\" rel=\"noreferrer noopener\"><img loading=\"lazy\" decoding=\"async\" src=\"https:\/\/webs.uab.cat\/erdisc\/wp-content\/uploads\/sites\/359\/2023\/07\/Espacios-42.jpg\" alt=\"\" class=\"wp-image-1893\" width=\"95\" height=\"134\" \/><\/a><\/figure>\n<\/div>\n\n\n\n<div class=\"wp-block-group alignwide is-content-justification-space-between is-nowrap is-layout-flex wp-container-core-group-is-layout-0dfbf163 wp-block-group-is-layout-flex\">\n<p class=\"has-normal-font-size\"><strong>2019<\/strong><\/p>\n\n\n\n<hr class=\"wp-block-separator has-alpha-channel-opacity\" \/>\n\n\n\n<p class=\"has-small-font-size wp-container-content-6511ad4a\" style=\"font-style:normal;font-weight:100\"><span style=\"font-size: 16px\">Mu\u00f1oz, G., Quintriqueo, S., Essomba, M.A.&nbsp;(2019).<\/span> Participaci\u00f3n familiar y comunitaria en la educaci\u00f3n intercultural en contexto mapuche (Chile).&nbsp;<em>Espacios, 40<\/em>(19), <span style=\"font-size: 16px\">21-31.<\/span>  <\/p>\n\n\n\n<figure class=\"wp-block-image size-full is-resized\"><a href=\"https:\/\/www.revistaespacios.com\/a19v40n19\/a19v40n19p21.pdf\" target=\"_blank\" rel=\"noreferrer noopener\"><img loading=\"lazy\" decoding=\"async\" src=\"https:\/\/webs.uab.cat\/erdisc\/wp-content\/uploads\/sites\/359\/2023\/07\/Espacios-40.jpg\" alt=\"\" class=\"wp-image-1903\" width=\"95\" height=\"134\" \/><\/a><\/figure>\n<\/div>\n\n\n\n<div class=\"wp-block-group alignwide is-content-justification-space-between is-nowrap is-layout-flex wp-container-core-group-is-layout-0dfbf163 wp-block-group-is-layout-flex\">\n<p class=\"has-normal-font-size\"><strong>2019<\/strong><\/p>\n\n\n\n<hr class=\"wp-block-separator has-alpha-channel-opacity\" \/>\n\n\n\n<p class=\"has-small-font-size wp-container-content-6511ad4a\" style=\"font-style:normal;font-weight:100\"><span style=\"font-size: 16px\">Escarbajal, A., Essomba, M.A., Abenza, B.&nbsp;(2019).<\/span> El rendimiento acad\u00e9mico de alumnos de la ESO en un contexto vulnerable y multicultural. <em>Educar,<\/em><span style=\"font-size: 16px\"><em> 55<\/em>(1)<em>, <\/em>79-99.<\/span>  <\/p>\n\n\n\n<figure class=\"wp-block-image size-full is-resized\"><a href=\"https:\/\/educar.uab.cat\/article\/view\/v55-n1-escarbajal-essomba-abenza\" target=\"_blank\" rel=\"noreferrer noopener\"><img loading=\"lazy\" decoding=\"async\" src=\"https:\/\/webs.uab.cat\/erdisc\/wp-content\/uploads\/sites\/359\/2023\/07\/Educar-55.jpg\" alt=\"\" class=\"wp-image-1907\" width=\"95\" height=\"134\" \/><\/a><\/figure>\n<\/div>\n\n\n\n<div class=\"wp-block-group alignwide is-content-justification-space-between is-nowrap is-layout-flex wp-container-core-group-is-layout-0dfbf163 wp-block-group-is-layout-flex\">\n<p class=\"has-normal-font-size\"><strong>2019<\/strong><\/p>\n\n\n\n<hr class=\"wp-block-separator has-alpha-channel-opacity\" \/>\n\n\n\n<p class=\"has-small-font-size wp-container-content-6511ad4a\" style=\"font-style:normal;font-weight:100\">Essomba, M.A., Guardiola, J., Pozos, K<span style=\"font-size: 16px\">.&nbsp;(2019).<\/span> Alumnado de origen extranjero y equidad educativa. Propuestas para una pol\u00edtica educativa intercultural en Espa\u00f1a hoy. <em>Revista Electr\u00f3nica Interuniversitaria de Formaci\u00f3n del Profesorado, 33<\/em>(2)<span style=\"font-size: 16px\">, 43-62.<\/span>  <\/p>\n\n\n\n<figure class=\"wp-block-image size-full is-resized\"><a href=\"https:\/\/recyt.fecyt.es\/index.php\/RIFOP\/article\/view\/73219\" target=\"_blank\" rel=\"noreferrer noopener\"><img loading=\"lazy\" decoding=\"async\" src=\"https:\/\/webs.uab.cat\/erdisc\/wp-content\/uploads\/sites\/359\/2023\/07\/Revista-formacion-profesorado.jpg\" alt=\"\" class=\"wp-image-1911\" width=\"95\" height=\"134\" srcset=\"https:\/\/webs.uab.cat\/erdisc\/wp-content\/uploads\/sites\/359\/2023\/07\/Revista-formacion-profesorado.jpg 561w, https:\/\/webs.uab.cat\/erdisc\/wp-content\/uploads\/sites\/359\/2023\/07\/Revista-formacion-profesorado-213x300.jpg 213w\" sizes=\"auto, (max-width: 95px) 100vw, 95px\" \/><\/a><\/figure>\n<\/div>\n\n\n\n<div style=\"height:20px\" aria-hidden=\"true\" class=\"wp-block-spacer\"><\/div>\n\n\n\n<h2 class=\"wp-block-heading alignwide\"><strong>Books<\/strong> and book chapters<\/h2>\n\n\n\n<div class=\"wp-block-group alignwide is-content-justification-space-between is-nowrap is-layout-flex wp-container-core-group-is-layout-0dfbf163 wp-block-group-is-layout-flex\">\n<p class=\"has-normal-font-size\"><strong>2023<\/strong><\/p>\n\n\n\n<hr class=\"wp-block-separator has-alpha-channel-opacity\" \/>\n\n\n\n<p class=\"has-small-font-size wp-container-content-6511ad4a\" style=\"font-style:normal;font-weight:100\"><span style=\"font-size: 16px\">Nadeu Puig-Pey, M., Tarr\u00e9s Vallespi, A., &amp; Essomba Gelabert, M. A.&nbsp;(2023).<\/span> Actitudes y pr\u00e1cticas interculturales de educadoras y educadores en el tiempo libre en Catalu\u00f1a. Identidades cosmopolitas en tiempos de transformaci\u00f3n social. In T. Morata, E. Palas\u00ed, &amp; E. Tobalina (Eds.),&nbsp;<span style=\"font-size: 16px\"><em><em>Ocio educativo y acci\u00f3n sociocultural: Construyendo modelos para el desarrollo de personas y comunidade<\/em><\/em><\/span><em><span style=\"font-size: 16px\">s<\/span>. <\/em>(pp. <span style=\"font-size: 16px\">168-175<\/span>).<\/p>\n\n\n\n<figure class=\"wp-block-image size-full is-resized\"><a href=\"https:\/\/www.grao.com\/libros\/ocio-educativo-y-accion-sociocultural-75364\" target=\"_blank\" rel=\"noreferrer noopener\"><img loading=\"lazy\" decoding=\"async\" src=\"https:\/\/webs.uab.cat\/erdisc\/wp-content\/uploads\/sites\/359\/2023\/07\/Grao-2023.png\" alt=\"\" class=\"wp-image-1860\" width=\"95\" height=\"134\" srcset=\"https:\/\/webs.uab.cat\/erdisc\/wp-content\/uploads\/sites\/359\/2023\/07\/Grao-2023.png 366w, https:\/\/webs.uab.cat\/erdisc\/wp-content\/uploads\/sites\/359\/2023\/07\/Grao-2023-211x300.png 211w\" sizes=\"auto, (max-width: 95px) 100vw, 95px\" \/><\/a><\/figure>\n<\/div>\n\n\n\n<div class=\"wp-block-group alignwide is-content-justification-space-between is-nowrap is-layout-flex wp-container-core-group-is-layout-0dfbf163 wp-block-group-is-layout-flex\">\n<p class=\"has-normal-font-size\"><strong>2022<\/strong><\/p>\n\n\n\n<hr class=\"wp-block-separator has-alpha-channel-opacity\" \/>\n\n\n\n<p class=\"has-small-font-size wp-container-content-6511ad4a\" style=\"font-style:normal;font-weight:100\">Essomba, M.A., Mil\u00e1n, M., Guix\u00e9, T. <span style=\"font-size: 16px\">(2022). <\/span>Initial Training of Vocational Education Faculty in Spain: Higher Quality, Better Skills. <span style=\"font-size: 16px\">F. B\u00fcnning, G.Sp\u00f6ttl i H. Stolte (Eds.)<\/span> <em>Technical and Vocational Teacher Education and Training in International and Development Co-Operation<\/em><span style=\"font-size: 16px\">, 413-434. <\/span>Ed. Springer Singapore.<\/p>\n\n\n\n<figure class=\"wp-block-image size-large is-resized\"><a href=\"https:\/\/link.springer.com\/book\/10.1007\/978-981-16-6474-8\" target=\"_blank\" rel=\"noreferrer noopener\"><img loading=\"lazy\" decoding=\"async\" src=\"https:\/\/webs.uab.cat\/erdisc\/wp-content\/uploads\/sites\/359\/2023\/07\/Springer-659x1024.jpg\" alt=\"\" class=\"wp-image-1916\" width=\"95\" height=\"134\" \/><\/a><\/figure>\n<\/div>\n\n\n\n<div class=\"wp-block-group alignwide is-content-justification-space-between is-nowrap is-layout-flex wp-container-core-group-is-layout-0dfbf163 wp-block-group-is-layout-flex\">\n<p class=\"has-normal-font-size\"><strong>2021<\/strong><\/p>\n\n\n\n<hr class=\"wp-block-separator has-alpha-channel-opacity\" \/>\n\n\n\n<p class=\"has-small-font-size wp-container-content-6511ad4a\" style=\"font-style:normal;font-weight:100\">Essomba Gelabert, M. A. (2021). Community education, active citizenship and inmigration. Learning to participate in community contexts in times of pandemic. In <em>Handbook of Research on Promoting Social Justice for Inmigrants and Refugees through Active Citizenship and Intercultural Education. <\/em>(pp. 1-15)<\/p>\n\n\n\n<figure class=\"wp-block-image size-full is-resized\"><a href=\"https:\/\/www.igi-global.com\/chapter\/community-education-active-citizenship-and-immigration\/282304\" target=\"_blank\" rel=\"noreferrer noopener\"><img loading=\"lazy\" decoding=\"async\" src=\"https:\/\/webs.uab.cat\/erdisc\/wp-content\/uploads\/sites\/359\/2023\/07\/IGI-global-1.jpg\" alt=\"\" class=\"wp-image-1925\" width=\"95\" height=\"134\" \/><\/a><\/figure>\n<\/div>\n\n\n\n<div class=\"wp-block-group alignwide is-content-justification-space-between is-nowrap is-layout-flex wp-container-core-group-is-layout-0dfbf163 wp-block-group-is-layout-flex\">\n<p class=\"has-normal-font-size\"><strong>2021<\/strong><\/p>\n\n\n\n<hr class=\"wp-block-separator has-alpha-channel-opacity\" \/>\n\n\n\n<p class=\"has-small-font-size wp-container-content-6511ad4a\" style=\"font-style:normal;font-weight:100\">Essomba. (2021). <em>La Diversitat al cor de la inf\u00e0ncia\u202f: an\u00e0lisi de contes sobre la diversitat escrits per nenes i nens per al Premi Pilar\u00edn Bay\u00e9s 2020 <\/em>(Primera edici\u00f3). Mediterr\u00e0nia.<\/p>\n\n\n\n<figure class=\"wp-block-image size-full is-resized\"><a href=\"https:\/\/diarieducacio.cat\/senderi\/2021\/05\/02\/la-diversitat-al-cor-de-la-infancia\/\" target=\"_blank\" rel=\"noreferrer noopener\"><img loading=\"lazy\" decoding=\"async\" src=\"https:\/\/webs.uab.cat\/erdisc\/wp-content\/uploads\/sites\/359\/2023\/07\/Diversitat-Senderi.jpeg\" alt=\"\" class=\"wp-image-1930\" width=\"95\" height=\"134\" srcset=\"https:\/\/webs.uab.cat\/erdisc\/wp-content\/uploads\/sites\/359\/2023\/07\/Diversitat-Senderi.jpeg 450w, https:\/\/webs.uab.cat\/erdisc\/wp-content\/uploads\/sites\/359\/2023\/07\/Diversitat-Senderi-215x300.jpeg 215w\" sizes=\"auto, (max-width: 95px) 100vw, 95px\" \/><\/a><\/figure>\n<\/div>\n\n\n\n<div class=\"wp-block-group alignwide is-content-justification-space-between is-nowrap is-layout-flex wp-container-core-group-is-layout-0dfbf163 wp-block-group-is-layout-flex\">\n<p class=\"has-normal-font-size\"><strong>2017<\/strong><\/p>\n\n\n\n<hr class=\"wp-block-separator has-alpha-channel-opacity\" \/>\n\n\n\n<p class=\"has-small-font-size wp-container-content-6511ad4a\" style=\"font-style:normal;font-weight:100\"><span style=\"font-size: 16px\">Alegria, J., Esclap\u00e9s, E., Iglesias, E., Quintela, J., LLeonart, P. (2017). Proyecto Prometeus: acceso y permanencia. In M. El Homrani, F. Pe\u00f1afiel Mart\u00ednez i A. Hern\u00e1ndez Fern\u00e1ndez (Coords.). <em>Entornos y Estrategias Educativas para la Inclusi\u00f3n Social<\/em>. (pp. 143-154). <\/span><\/p>\n\n\n\n<figure class=\"wp-block-image size-full is-resized\"><a href=\"https:\/\/dialnet.unirioja.es\/servlet\/articulo?codigo=6899524\" target=\"_blank\" rel=\"noreferrer noopener\"><img loading=\"lazy\" decoding=\"async\" src=\"https:\/\/webs.uab.cat\/erdisc\/wp-content\/uploads\/sites\/359\/2023\/07\/Prometeus.jpg\" alt=\"\" class=\"wp-image-1871\" width=\"95\" height=\"134\" \/><\/a><\/figure>\n<\/div>\n\n\n\n<div style=\"height:20px\" aria-hidden=\"true\" class=\"wp-block-spacer\"><\/div>\n\n\n\n<h2 class=\"wp-block-heading alignwide\">Resources<\/h2>\n","protected":false},"excerpt":{"rendered":"<p>Articles 2023 Essomba Gelabert, M., Tarr\u00e9s Vallesp\u00ed, A., &amp; Argelagu\u00e9s Besson, M. (2023). La investigaci\u00f3n-acci\u00f3n comunitaria.&nbsp;Perfiles Educativos,&nbsp;45(180), 158-174. https:\/\/doi.org\/10.22201\/iisue.24486167e.2023.180.60918 2023 Essomba, M. A., &amp; Tarr\u00e9s, A. (2023). Cultural minorities, inclusive education, and digital accessibility during COVID-19 in Catalonia (Spain). In Advances in educational technologies and instructional design book series. (pp. 236\u2013251). https:\/\/doi.org\/10.4018\/979-8-3693-0453-2.ch012 2022 Essomba, M. [&hellip;]<\/p>\n","protected":false},"author":20,"featured_media":0,"parent":0,"menu_order":5,"comment_status":"closed","ping_status":"closed","template":"","meta":{"footnotes":""},"class_list":["post-485","page","type-page","status-publish","hentry"],"_links":{"self":[{"href":"https:\/\/webs.uab.cat\/erdisc\/en\/wp-json\/wp\/v2\/pages\/485","targetHints":{"allow":["GET"]}}],"collection":[{"href":"https:\/\/webs.uab.cat\/erdisc\/en\/wp-json\/wp\/v2\/pages"}],"about":[{"href":"https:\/\/webs.uab.cat\/erdisc\/en\/wp-json\/wp\/v2\/types\/page"}],"author":[{"embeddable":true,"href":"https:\/\/webs.uab.cat\/erdisc\/en\/wp-json\/wp\/v2\/users\/20"}],"replies":[{"embeddable":true,"href":"https:\/\/webs.uab.cat\/erdisc\/en\/wp-json\/wp\/v2\/comments?post=485"}],"version-history":[{"count":2,"href":"https:\/\/webs.uab.cat\/erdisc\/en\/wp-json\/wp\/v2\/pages\/485\/revisions"}],"predecessor-version":[{"id":1982,"href":"https:\/\/webs.uab.cat\/erdisc\/en\/wp-json\/wp\/v2\/pages\/485\/revisions\/1982"}],"wp:attachment":[{"href":"https:\/\/webs.uab.cat\/erdisc\/en\/wp-json\/wp\/v2\/media?parent=485"}],"curies":[{"name":"wp","href":"https:\/\/api.w.org\/{rel}","templated":true}]}}