{"id":227,"date":"2014-10-22T19:49:18","date_gmt":"2014-10-22T17:49:18","guid":{"rendered":"https:\/\/webs.uab.cat\/erife\/llibres\/"},"modified":"2026-01-27T14:54:47","modified_gmt":"2026-01-27T12:54:47","slug":"llibres","status":"publish","type":"page","link":"https:\/\/webs.uab.cat\/erife\/llibres\/","title":{"rendered":"Llibres i Cap\u00edtols de Llibres"},"content":{"rendered":"\n<h1 class=\"wp-block-heading\"><a>Publicacions (\u00faltims 5 anys)<\/a><\/h1>\n\n\n\n<h2 class=\"wp-block-heading\"><a>Llibres<\/a><\/h2>\n\n\n\n<p>Par\u00eds-Romia, G., Blanch-Gelabert, S., &amp; Hay, P.(Coord.), Cabo,H., Dybwik, S., Halle, K., Panciroli, C., Russo, V., Urp\u00ed, I. (2023). <em>Intesrcice. Encounters between artist, children and educators. Thoughts in-between the arts and Education<\/em>.&nbsp; <a href=\"https:\/\/ddd.uab.cat\/record\/275922\">https:\/\/ddd.uab.cat\/record\/275922<\/a><\/p>\n\n\n\n<p>Blanch, S., Blanes, I., Bosco, A., Campoy, S., Casillas, S. Et al. (2022).&nbsp;<em>Experi\u00e8ncies docents d\u2019Aprenentatge i Servei a la UAB.<\/em>&nbsp;<a href=\"https:\/\/ddd.uab.cat\/record\/258663\">https:\/\/ddd.uab.cat\/record\/258663<\/a><\/p>\n\n\n\n<p>Fuertes, M., Blanch, S., &amp; Luna, E. (2021). <em>Aprenentatge i Servei i pr\u00e0ctiques curriculars en els Graus d\u2019Educaci\u00f3.<\/em> ACUP.<\/p>\n\n\n\n<p>Duran, D. (Coord.), Flores, M., Oller, M., Corcelles, M., Miquel, E., &amp; Blanch, S. (2018). <em>Llegim i escrivim en parella: Tutoria entre iguals, amb implicaci\u00f3 familiar, per a la compet\u00e8ncia comunicativa<\/em>. Horsori.<\/p>\n\n\n\n<p>Blanch, S. (2017). <em>Com Redissenyar les reunions amb les fam\u00edlies? guia pr\u00e0ctica.<\/em> Fundaci\u00f3 Bofill.&nbsp;<\/p>\n\n\n\n<p>Mas, M., &amp; Anton, M.\u00a0(2017). <em>La psicomotricidad educativa: avanzando paso a paso<\/em>. Octaedro.<\/p>\n\n\n\n<h2 class=\"wp-block-heading\"><a>Cap\u00edtols de llibres<\/a><\/h2>\n\n\n\n<p>Blanch, S., Franco, D., &amp; Ronzoni, M. (2025). Case study seven: Co-creating the shop &#8220;La Botiga&#8221;: A first implementation of challenge-based learning at the Universitat Aut\u00f2noma de Barcelona. En K. Dikilita\u015f, T. Marshall, &amp; M. Shahverdi (Eds.), A practical guide to understanding and implementing challenge-based learning (pp. 181\u2013197). Palgrave Macmillan.<a href=\"https:\/\/doi.org\/10.1007\/978-3-031-67011-4\"> https:\/\/doi.org\/10.1007\/978-3-031-67011-4 <\/a><\/p>\n\n\n\n<p>Blanch-Gelabert, S., &amp; de Cabo Ser\u00f3n, L. (2025). La \u00e9tica en el \u00e1mbito de la psicolog\u00eda de la educaci\u00f3n. En C.Selva y R. Pina (Coords.), S. Mora, N. Angl\u00e8s, S. Blanch, L. de Cabo, et al., <em>La \u00e9tica en la pr\u00e1ctica psicol\u00f3gica. Dilemas y retos<\/em> (pp.53-66). <a href=\"https:\/\/www.dykinson.com\/libros\/la-etica-en-la-practica-psicologica\/9788411661058\/\">https:\/\/www.dykinson.com\/libros\/la-etica-en-la-practica-psicologica\/9788411661058\/<\/a><\/p>\n\n\n\n<p>Blanch, S., &amp; Tru\u00f1o, M. (en premsa, 2025?). Escuelas y espacios infantiles abiertas a las familias y al barrio: m\u00e1s equidad y m\u00e1s comunidad. A V. Arnaiz Sancho y S. Salvador Carre\u00f1o, <em>Nueva Gu\u00eda para proyectar y construir escuelas infantiles<\/em>, (pp.). FEMP.<\/p>\n\n\n\n<p>Blanch, S., &amp; Par\u00eds, S. (2024). Promoting inclusivity through emedding art into daily practice. In U.Ward (Ed.), <em>Supporting Early Childhood Practice through difficult times<\/em> (pp.140-156) Routledge. <a href=\"https:\/\/doi.org\/10.4324\/9781003471172-17\">https:\/\/doi.org\/10.4324\/9781003471172-17<\/a><\/p>\n\n\n\n<p>Godall, T., L\u00f3pez, C., Mas, M.T., &amp; Rovira, D. (2024). Emmi Pikler y su influencia en psicomotricidad. En Mart\u00ednez-Minguez, L. (coord.) <em>Psicomotricidad, Pikler, Lapierre, Aucouturier y UAB diferencias conectadas<\/em>. Gra\u00f3. <a href=\"https:\/\/portalrecerca.uab.cat\/es\/publications\/psicomotricidad-pikler-lapierre-aucouturier-y-uab-diferencias-con\">https:\/\/portalrecerca.uab.cat\/es\/publications\/psicomotricidad-pikler-lapierre-aucouturier-y-uab-diferencias-con<\/a><\/p>\n\n\n\n<p>Forestello, A.M., &amp; Reche Gonz\u00e1lez, C. (2023). Entrevista a David Aparicio, educador en el Espacio Familiar 0-3 Cad\u00ed-Raval. \u00c1mbito Educativo. En A. Careta Plans y N. Ballesteros Ventura (coords.), <em>El valor de los cuidados. La supervisi\u00f3n en contextos profesionales en los que se trabaja con personas<\/em> (pp. 253-264). Octaedro. <a href=\"https:\/\/octaedro.com\/libro\/el-valor-de-los-cuidados\">https:\/\/octaedro.com\/libro\/el-valor-de-los-cuidados<\/a><\/p>\n\n\n\n<p>Careta, A., &amp; Ballesteros, N. (Coords) (2023). <em>El valor de los cuidados. La supervisi\u00f3n en contextos profesionales en los que se trabaja con personas.<\/em> Octaedro. <a href=\"https:\/\/espaibes.cat\/botiga\/llibre-bes-spv\/\">https:\/\/espaibes.cat\/botiga\/llibre-bes-spv\/<\/a><strong><\/strong><\/p>\n\n\n\n<p>Blanch,S., &amp; Ballesteros. (2023). El cierre en el proceso de supervisi\u00f3n. En A.Careta y N. Ballesteros (Coords.), <em>El valor de los cuidados. La supervisi\u00f3n en contextos profesionales en los que se trabaja con personas (pp.211-2024).<\/em> Octaedro. <a href=\"https:\/\/octaedro.com\/libro\/el-valor-de-los-cuidados\/\">https:\/\/octaedro.com\/libro\/el-valor-de-los-cuidados\/<\/a><\/p>\n\n\n\n<p>Bernal Valle, J., P\u00e9rez-Moreno,J.,&amp; Blanch-Gelabert, S. (2023). La m\u00fasica del hogar como recurso para el per\u00edodo de familiarizaci\u00f3n en la escuela infantil (0-3). En Blanch, S., Gair\u00edn, J., <em>Manual de Educaci\u00f3n Infantil. Orientaciones y Recursos (0-6 a\u00f1os). TI,<\/em> Wolters Kluwer, Cuadernos de Pedagog\u00eda. <a href=\"https:\/\/portalrecerca.uab.cat\/en\/publications\/manual-de-educaci%C3%B3n-infantil-orientaciones-y-recursos\">https:\/\/portalrecerca.uab.cat\/en\/publications\/manual-de-educaci%C3%B3n-infantil-orientaciones-y-recursos<\/a><\/p>\n\n\n\n<p>Lehrer, J., Hadley, F., Rouse, E., Van Laere, K., Blanch Gelabert, S., &amp; Ward, U. (2022). Conclusion. J. Lehrer, F. Hadley, K. Van Laere, and E. Rouse (Eds.), In <em>Relationships with Families in Early Childhood Education and Care<\/em> (pp. 185\u2013195). Routledge. <a href=\"https:\/\/doi.org\/10.4324\/9780367816100\">https:\/\/doi.org\/10.4324\/9780367816100<\/a><\/p>\n\n\n\n<p>Blanch, S., &amp; Lalueza, J.L. (2022). L\u2019aprenentatge servei a la UAB. A S. Blanch, I. Blanes, A.Bosco, S. Campoy, S. Casillas, et al., <em>Experi\u00e8ncies docents d\u2019Aprenentatge i Servei a la UAB (pp.9-26). <\/em><a href=\"https:\/\/ddd.uab.cat\/record\/258663\">https:\/\/ddd.uab.cat\/record\/258663<\/a><\/p>\n\n\n\n<p>Blanch, S., &amp; Lalueza, J.L. (2022). La promoci\u00f3 de projectes d\u2019Aprenentatge servei a la UAB. A S. Blanch, I. Blanes, A.Bosco, S. Campoy, S. Casillas, et al., <em>Experi\u00e8ncies docents d\u2019Aprenentatge i Servei a la UAB (27-44).&nbsp; <\/em><a href=\"https:\/\/ddd.uab.cat\/record\/258663\">https:\/\/ddd.uab.cat\/record\/258663<\/a><\/p>\n\n\n\n<p>Blanch, S, Forestello, A. M, &amp; Lemkof, G. (2021). Parental involvement in Early Childhood Education (ECE) in Catalunya, Spain. A Garvis. S, Phillipson, S., Harju-Luukkainen, H., &amp; Sadownik, A., <em>Parental Engagement and Early Childhood Education around the World.<\/em>&nbsp; Taylor &amp; Francis.<\/p>\n\n\n\n<p>Mas, M., Blanch, S., Paris, G., &amp; Pla, I. (2021). Un espacio de expresi\u00f3n con un artista residente en la escuela infantil. Un contexto de aprendizaje para maestros i infantes de 2 a 3 a\u00f1os. In J. M. Romero Rodr\u00edguez, M. P. C\u00e1ceres Reche, J. C. D. L. Cruz Campos, &amp; M. Ramos Navas-Parejo (Ed.),&nbsp;<em>Investigaci\u00f3n educativa ante los actuales retos migratorios&nbsp;<\/em>(pp. 919-926). Dykinson. <a href=\"https:\/\/doi.org\/10.2307\/j.ctv2gz3wvn\">https:\/\/doi.org\/10.2307\/j.ctv2gz3wvn<\/a><\/p>\n\n\n\n<p>Blanch, S., &amp; Careta, A. (2021) Apoderament comunitari de les fam\u00edlies al Barri Les Planes-Blocs la Florida, Hospitalet de Llobregat, en Rajadell, N., Birbes, C. (coords) (2021) Teixint xarxes educatives sostenibles a l\u2019etapa de crian\u00e7a del 0-3. <em>Reflexions i experi\u00e8ncies d\u2019acompanyament a Catalunya i a la Llombardia, Universitat de Barcelona, Universit\u00e0 Cattolica del Sacro Cuore de Brescia, <\/em>i Edicions Saragossa.<em><\/em><\/p>\n\n\n\n<p>Mas, M.T., Corbal\u00e1n, J., Mart\u00ednez, J., &amp; Mart\u00ednez, S. (2020). <em>Tiempo para jugar, tiempo para atender. En <\/em>en Blanch, S., Gair\u00edn, J., <em>Manual de Educaci\u00f3n Infantil. Orientaciones y Recursos (0-6 a\u00f1os). &nbsp;Orientaciones y Recursos (0-6 a\u00f1os), TII<\/em>. Wolters Kluwer.<\/p>\n\n\n\n<p>Ballesteros, N., &amp; Careta, A. (2020). <em>Taller d&#8217;Acompanyament Educatiu per Fam\u00edlies al Barri de Les Planes-Blocs La Florida. <\/em><em>Ajuntament de l\u2019Hospitalet<\/em>. <a href=\"http:\/\/www.l-h.cat\/gdocs\/d9541897.pdf\">http:\/\/www.l-h.cat\/gdocs\/d9541897.pdf<\/a><\/p>\n\n\n\n<p>Careta, A (2020). The iconic language in the processes of group inclusion: The BES&#8217; playing cards en Ist GASi Online Symposium in Group Analysis Book of Abstracts. <em>The Group Analytic Society International.<\/em><\/p>\n\n\n\n<p>Careta, A., Gimeno, X., &amp; Peris, P. (2020). \u00bfQu\u00e9 hace el equipo educativo de un centro de Educaci\u00f3n Infantil cuando decide supervisar su trabajo para la mejora de la atenci\u00f3n educativa? en Blanch, S., Gair\u00edn, J., <em>Manual de Educaci\u00f3n Infantil. Orientaciones y Recursos (0-6 a\u00f1os). TI,<\/em> Wolters Kluwer. <a href=\"http:\/\/espaibes.cat\/supervisio\/materials-de-treball-amb-grups-5\/\">http:\/\/espaibes.cat\/supervisio\/materials-de-treball-amb-grups-5\/<\/a><\/p>\n\n\n\n<p>Blanch.S. (2019). Como redise\u00f1ar la reuni\u00f3n con las familias para avanzar hacia la participaci\u00f3n aut\u00e9ntica. En Blanch, S., Gair\u00edn, J., <em>Manual de Educaci\u00f3n Infantil. Orientaciones y Recursos (0-6 a\u00f1os). TI,<\/em> Wolters Kluwer.<em><\/em><\/p>\n\n\n\n<p><\/p>\n\n\n\n<p><strong>Anys Anteriors<\/strong><\/p>\n\n\n\n<p>Blanch, S. (2018). L&#8217;Aps al pr\u00e0cticum del grau d&#8217;Educaci\u00f3 Infantil. A A. Escofet &amp; M. Teresa Fuertes (Coord),&nbsp;<em>Construint vincles entre universitat i societat. 20 experi\u00e8ncies d&#8217;aprenentatge i servei a les univesitats catalanes (pp. 119-130).<\/em> Pedagogies UB.&nbsp;<\/p>\n\n\n\n<p><strong>Gimeno, X., &amp; Careta, A<\/strong>.&nbsp;(2018).&nbsp;<em>Adaptaci\u00f3 de l&#8217;Escala de Factors Curatius de Yalom a grups multifamiliars de poblaci\u00f3 adolescent i les seves fam\u00edlies. Recuperat de&nbsp;<a href=\"https:\/\/ddd.uab.cat\/record\/166596?ln=ca\">https:\/\/ddd.uab.cat\/record\/166596?ln=ca<\/a><\/em><\/p>\n\n\n\n<p><strong>Blanch, S., &amp; Tejada, J<\/strong>. (2017). El trabajo en equipo cooperativo, estrategia para la adquisici\u00f3n y el desarrollo de competencias gen\u00e9ricas y espec\u00edficas en la asignatura de Inclusi\u00f3n Educativa en el Grado de Educaci\u00f3n Infantil. En M. P\u00e9rez Ferra &amp; J. Rodr\u00edguez Pulido (Coords),&nbsp;<em>Buenas pr\u00e1cticas docentes del profesorado universitario<\/em>&nbsp;(pp. 47-66). Barcelona:Octaedro.<\/p>\n\n\n\n<p><strong>Blanch, S.<\/strong> (2017).&nbsp;<em>Com Redissenyar les reunions amb les fam\u00edlies? guia pr\u00e0ctica.<\/em>&nbsp;Barcelona: Fundaci\u00f3 Jaume Bofill. Recuperat de<strong>&nbsp;<\/strong><a href=\"http:\/\/www.fbofill.cat\/sites\/default\/files\/Guia_crides_families_05.07.17.pdf\">http:\/\/www.fbofill.cat\/publicacions\/com-redissenyar-les-reunions-amb-les-families<\/a><\/p>\n\n\n\n<p><strong>Par\u00eds, G., Blanch, S, Comes, P., Edo, M., Estrada, J., Gimeno, X, Moron, M., &amp; Peire, T. <\/strong>(2017).&nbsp;<em>R\u00fabrica d\u2019autoavaluaci\u00f3 de compet\u00e8ncies i habilitats personals i prosocials<\/em>. Bellaterra: Dip\u00f2sit digital de documents de la UAB. Recuperat de&nbsp;<a href=\"http:\/\/ddd.uab.cat\/pub\/recdoc\/2017\/169417\/RUBRICA_publicar_DDD.pdf\">http:\/\/ddd.uab.cat\/pub\/recdoc\/2017\/169417\/RUBRICA_publicar_DDD.pdf<\/a><\/p>\n\n\n\n<p><strong><strong>Blanch, S., &amp;&nbsp;Gimeno, X. (2016). <\/strong><\/strong>Espai Familiar &#8220;La Casa dels Infants&#8221;. Indicatori di conduzione del gruppo. A C.Silva i M.A. Riera,&nbsp;<em>Il sostengno alla genitorialit\u00e0. Un studio fra Italia e Spagna,(pp.<\/em>82-99), Fienze: Infanzie studi e richerche, Franco Angeli.<\/p>\n\n\n\n<p><strong><strong>Blanch, S., Gimeno, X., &amp; Careta. A.&nbsp;<\/strong>(2016).&nbsp;<strong><em>T<\/em><\/strong><em>erritoris d\u2019intersecci\u00f3 entre els centres educatius i les fam\u00edlies.<\/em><strong><em>&nbsp;<\/em><\/strong><\/strong><em>Un estudi en l\u2019etapa de l\u2019educaci\u00f3 infantil<\/em>.<strong><strong> Bellaterra: I<\/strong><\/strong>CE UAB<strong><strong>.&nbsp;<strong><a href=\"https:\/\/www.uab.cat\/doc\/Territoris_Interseccio_Centres_Educatius_Families\">[En l\u00ednia]<\/a>&nbsp;<\/strong><\/strong><\/strong><a href=\"https:\/\/www.uab.cat\/doc\/Territoris_Interseccio_Centres_Educatius_Families\">https:\/\/www.uab.cat\/doc\/Territoris_Interseccio_Centres_Educatius_Families<\/a><\/p>\n\n\n\n<p><strong>Edo, M., Blanch, S.<strong>, &amp;&nbsp;<\/strong>Anton, M. (2016).&nbsp;<\/strong><em>El joc a la primera inf\u00e0ncia<\/em>. Barcelona: Octaedro.&nbsp;<strong><a href=\"http:\/\/elibros.octaedro.com\/OCTart.asp?libro=80155&amp;id=es&amp;txt=El%20joc%20a%20la%20primera%20inf%E0ncia\">http:\/\/elibros.octaedro.com\/OCTart.asp?libro=80155&amp;id=es&amp;txt=El%20joc%20a%20la%20primera%20inf%E0ncia<\/a><\/strong><\/p>\n\n\n\n<p><strong>Edo, M., Blanch, S.<strong>, &amp;&nbsp;<\/strong>&nbsp;Anton, M.<\/strong> (2016).&nbsp;<em>El juego en la primera infancia<\/em><strong>. Barcelona:Octaedro.<br><a href=\"http:\/\/www.octaedro.com\/octart.asp?libro=13154&amp;txt=El%20juego%20en%20la%20primera%20infancia\">http:\/\/www.octaedro.com\/octart.asp?libro=13154&amp;txt=El%20juego%20en%20la%20primera%20infancia<\/a><\/strong><\/p>\n\n\n\n<p><strong><strong>Blanch, S.&nbsp;<\/strong><\/strong>(2016).<strong> L\u2019educaci\u00f3 Inclusiva. A L. Martin i D. Vilalta (Coord),&nbsp;<\/strong><em>L\u2019Educaci\u00f3 Infantil avui: reptes i propostes<\/em>&nbsp;(pp<strong><strong>.24-32). Bellaterra: ICE UAB.&nbsp;<\/strong><\/strong><strong><strong><strong><a href=\"https:\/\/ddd.uab.cat\/record\/145881\">[En l\u00ednia]<\/a>&nbsp;<\/strong><a href=\"http:\/\/documentsice.uab.cat\/publicacions\/materialsdigitals\/reptes-i-propostes.pdf\">http:\/\/documentsice.uab.cat\/publicacions\/materialsdigitals\/reptes-i-propostes.pdf<\/a><\/strong><\/strong><\/p>\n\n\n\n<p><strong>Blanch, S.&nbsp;<\/strong>(2016). L\u2019educaci\u00f3n Inclusiva. A L. Martin i D. Vilalta (Coord),&nbsp;<em>La educaci\u00f3n infantil hoy: retos y propuestas<\/em><strong>&nbsp;(pp.24-32). Bellaterra: ICE UAB.&nbsp;<\/strong><strong><strong><strong><strong><a href=\"https:\/\/ddd.uab.cat\/record\/145881\">[En l\u00ednia]<\/a>&nbsp;<\/strong><\/strong><\/strong><\/strong><a href=\"http:\/\/documentsice.uab.cat\/publicacions\/materialsdigitals\/retos-y-propuestas.pdf\">http:\/\/documentsice.uab.cat\/publicacions\/materialsdigitals\/retos-y-propuestas.pdf<\/a><\/p>\n\n\n\n<p><strong>Blanch, S., P\u00e9rez, E. i Silvente, J.<\/strong> (2016)<strong>.&nbsp;<\/strong><a href=\"https:\/\/ddd.uab.cat\/search?f=title&amp;p=Com%20citar%20i%20referenciar%20en%20els%20textos%20acad%C3%A8mics%20Compilaci%C3%B3%20basada%20en%20la%20normativa%20APA&amp;sc=1&amp;ln=ca\">Com citar i referenciar en els textos acad\u00e8mics. Compilaci\u00f3 basada en la normativa APA<\/a>. Bellaterra:&nbsp;<strong><a href=\"https:\/\/ddd.uab.cat\/record\/145881\">[En l\u00ednia]&nbsp;<\/a><\/strong><a href=\"https:\/\/ddd.uab.cat\/record\/145881\">DDD.&nbsp;https:\/\/ddd.uab.cat\/record\/145881<\/a><\/p>\n\n\n\n<p>\u200b<strong>Blanch, S. i Badia, G.<\/strong> (2015).<strong>&nbsp;<\/strong><em>A criar fills se n&#8217;apr\u00e8n? Una an\u00e0lisi de programes que enforteixen les capacitats parentals<\/em>. Barcelona: Fundaci\u00f3 Jaume Bofill.&nbsp;<a href=\"https:\/\/www.fbofill.cat\/publicacions\/criar-fills-se-napren\">[En l\u00ednia]&nbsp;<\/a><br><a href=\"https:\/\/www.fbofill.cat\/publicacions\/criar-fills-se-napren\">https:\/\/www.fbofill.cat\/publicacions\/criar-fills-se-napren<\/a><\/p>\n\n\n\n<p><strong>Monereo, C. (coord.). \u00c1lbarez, I., Badia, A., Becerril, L., Blanch, S., Castell\u00f3, M., Corcelles, M., Fern\u00e1ndez, I., Fuentes, M., Juand\u00f3, J., Liesa, E., M\u00e1rquez, M. D., Mayoral, P., Monereo, C., Olivera-Smith, M., Palma, M. i P\u00e9rez-Caban\u00ed. L.<\/strong> (2014).&nbsp;<em>Ense\u00f1ando a ense\u00f1ar en la universidad. La formaci\u00f3n del profesorado basada en incidentes cr\u00edticos.<\/em>&nbsp;Barcelona: Octaedro-ICE UB.<\/p>\n\n\n\n<p><strong>Anton, M., Blanch, S. et. al.<strong> (2014). <\/strong><\/strong>XI Jornades d&#8217;Innovaci\u00f3 en l&#8217;Etapa d&#8217;Educaci\u00f3 Infantil. Pres\u00e8ncia, entramat de converses. Bellaterra Cerdanyola del Vall\u00e8s: Institut de Ci\u00e8ncies de l&#8217;Educaci\u00f3 de la Universitat Aut\u00f2noma de Barcelona.<strong><strong>&nbsp;<a href=\"https:\/\/ddd.uab.cat\/pub\/llibres\/2014\/123119\/jorinneduinf_a2014.pdf\">[En l\u00ednia]<\/a>&nbsp;<\/strong>&nbsp;https:\/\/ddd.uab.cat\/pub\/llibres\/2014\/123119\/jorinneduinf_a2014.pdf<\/strong><\/p>\n\n\n\n<p><strong>Blanch, S.<\/strong> (2013).&nbsp;<em>Cr\u00e9ixer en Fam\u00edlia. Guia de 3-6 anys.<\/em>&nbsp;Barcelona: Generalitat de Catalunya- Departament de Benestar Social i Fam\u00edlia- Secretaria de fam\u00edlia.&nbsp;<a href=\"http:\/\/benestar.gencat.cat\/web\/.content\/01departament\/08publicacions\/ambits_tematics\/families\/26creixerfamilia36\/creixer_familia_3_6.pdf\">[En l\u00ednia]<\/a>&nbsp;<br>http:\/\/benestar.gencat.cat\/web\/.content\/01departament\/08publicacions\/ambits_tematics\/families\/26creixerfamilia36\/creixer_familia_3_6.pdf<\/p>\n\n\n\n<p><strong>Duran, D. (coord.). Blanch, S., Corcelles, M., Fons, M., Flores, M., Oller,M., Merino, E., Miquel, E., Utset, M. i Valdebenito. V.<\/strong> (2013)&nbsp;<strong><em>Jornada Estatal sobre Llegim en parella: Barcelona<\/em>. Bellaterra Cerdanyola del Vall\u00e8s: ICE de la Universitat Aut\u00f2noma de Barcelona.&nbsp;<strong><strong><a href=\"http:\/\/benestar.gencat.cat\/web\/.content\/01departament\/08publicacions\/ambits_tematics\/families\/26creixerfamilia36\/creixer_familia_3_6.pdf\">[En l\u00ednia]<\/a>&nbsp;<\/strong><\/strong><\/strong>http:\/\/documentsice.uab.cat\/publicacions\/materialsdigitals\/llegim_en_parella.pdf<\/p>\n\n\n\n<p><strong>Duran, D. (coord.). Blanch, S., Corcelles, M., Flores, M., Merino, E., Oller, M. i Utset, M.<\/strong> (2013)&nbsp;<strong><em>Llegim i escrivim en parella<\/em>. Barcelona: ICE de la Universitat Aut\u00f2noma de Barcelona.<\/strong><\/p>\n\n\n\n<p><strong>Duran, D. (coord.). Blanch, S., Corcelles, M., Fern\u00e1ndez, M., Flores, M., Kerejeta, B., Molinere, L. y Valdebenito, V.<\/strong> (2011).&nbsp;<strong><em>Bikoteka Irakurtzen. Berdinen arteko tutoretza-programa, ikasle eta familiekin irakurtzeko gaitasuna hobetzeko..<\/em>&nbsp;Vit\u00f2ria: Servicio Central de Publicaciones del Gobierno Vasco.<\/strong><\/p>\n\n\n\n<p><strong>Duran, D. (coord.); Blanch, S.; Corcelles, M.; Flores, M.; Oller, M.; Utset, M. y Valdebenito, V.<\/strong> (2011). <em>Leemos en pareja. Tutor\u00eda entre iguales para la competencia lectora<\/em>. Barcelona: Horsori.Es tracta d&#8217;un manual per a la implementaci\u00f3 del programa educatiu <em>Llegim en parella<\/em>, impulsat pel GRAI. El llibre aporta una actualitzaci\u00f3 substancial de la primera publicaci\u00f3 en catal\u00e0, presentant la fonamentaci\u00f3 conceptual del programa, la descripci\u00f3 i els seus materials de suport, per al professorat, alumnat i fam\u00edlies. A m\u00e9s aporta resultats d&#8217;investigaci\u00f3 de les pr\u00e0ctiques de <em>Llegim en parella<\/em>.<\/p>\n\n\n\n<p><a id=\"yui_3_16_0_1_1413903452564_148357\" href=\"http:\/\/tienda.horsori.net\/coleccion-manuales\/144-cm-18-leemos-en-pareja-tutoria-entre-iguales-para-la-competencia-lectora-9788496108974.html\" target=\"_blank\" rel=\"nofollow noopener\">http:\/\/tienda.horsori.net\/coleccion-manuales\/144-cm-18-leemos-en-pareja-tutoria-entre-iguales-para-la-competencia-lectora-9788496108974.html<\/a><\/p>\n\n\n\n<p><strong>Duran, D., Blanch, S.,&nbsp;Corcelles, M.,&nbsp;Flores, M.,&nbsp;Merino, E.,&nbsp;Oller, M.<strong>, &amp;&nbsp;<\/strong> Vidal, A.<\/strong>(2009).<em> Llegim en parella. Tutoria entre iguals, a l\u2019aula i a casa, per a la millora de la compet\u00e8ncia lectora.<\/em> Barcelona<strong>: <\/strong>Publicacions de l\u2019ICE de la UAB. Aquesta publicaci\u00f3 recull el programa educatiu Llegim en parella impulsat pel Grup de recerca sobre Aprenentatge entre iguals que pertany a l&#8217;esmemtat ICE. El programa es basa en la tutoria entre iguals, m\u00e8tode d\u2019aprenentatge cooperatiu, i combina la tutoria entre alumnes i la tutoria familiar. El seu objectiu \u00e9s millorar la compet\u00e8ncia lectora, un element clau per a l&#8217;\u00e8xit escolar de l&#8217;alumnat. El llibre recull els fonaments conceptuals i la descripci\u00f3 del programa oferint un conjunt de materials amb l&#8217;objectiu de facilitar la posada en pr\u00e0ctica en els centres educatius.<\/p>\n\n\n\n<p><a href=\"http:\/\/publicacions.uab.es\/llibres\/fitxa_web_llibres.asp?ID=1475\" target=\"_blank\" rel=\"noopener\">http:\/\/publicacions.uab.es\/llibres\/fitxa_web_llibres.asp?ID=1475<\/a><\/p>\n","protected":false},"excerpt":{"rendered":"<p>Publicacions (\u00faltims 5 anys) Llibres Par\u00eds-Romia, G., Blanch-Gelabert, S., &amp; Hay, P.(Coord.), Cabo,H., Dybwik, S., Halle, K., Panciroli, C., Russo, V., Urp\u00ed, I. (2023). Intesrcice. Encounters between artist, children and educators. Thoughts in-between the arts and Education.&nbsp; https:\/\/ddd.uab.cat\/record\/275922 Blanch, S., Blanes, I., Bosco, A., Campoy, S., Casillas, S. Et al. (2022).&nbsp;Experi\u00e8ncies docents d\u2019Aprenentatge i Servei [&hellip;]<\/p>\n","protected":false},"author":20,"featured_media":0,"parent":0,"menu_order":0,"comment_status":"closed","ping_status":"closed","template":"","meta":{"footnotes":""},"class_list":["post-227","page","type-page","status-publish","hentry"],"_links":{"self":[{"href":"https:\/\/webs.uab.cat\/erife\/wp-json\/wp\/v2\/pages\/227","targetHints":{"allow":["GET"]}}],"collection":[{"href":"https:\/\/webs.uab.cat\/erife\/wp-json\/wp\/v2\/pages"}],"about":[{"href":"https:\/\/webs.uab.cat\/erife\/wp-json\/wp\/v2\/types\/page"}],"author":[{"embeddable":true,"href":"https:\/\/webs.uab.cat\/erife\/wp-json\/wp\/v2\/users\/20"}],"replies":[{"embeddable":true,"href":"https:\/\/webs.uab.cat\/erife\/wp-json\/wp\/v2\/comments?post=227"}],"version-history":[{"count":4,"href":"https:\/\/webs.uab.cat\/erife\/wp-json\/wp\/v2\/pages\/227\/revisions"}],"predecessor-version":[{"id":820,"href":"https:\/\/webs.uab.cat\/erife\/wp-json\/wp\/v2\/pages\/227\/revisions\/820"}],"wp:attachment":[{"href":"https:\/\/webs.uab.cat\/erife\/wp-json\/wp\/v2\/media?parent=227"}],"curies":[{"name":"wp","href":"https:\/\/api.w.org\/{rel}","templated":true}]}}