{"id":634,"date":"2023-03-14T08:42:14","date_gmt":"2023-03-14T06:42:14","guid":{"rendered":"https:\/\/webs.uab.cat\/erife\/?page_id=634"},"modified":"2025-03-24T14:44:38","modified_gmt":"2025-03-24T12:44:38","slug":"noticies","status":"publish","type":"page","link":"https:\/\/webs.uab.cat\/erife\/noticies\/","title":{"rendered":"Not\u00edcies"},"content":{"rendered":"\n<p>Blanch-Gelabert, S. (2024). Hem d\u2019efugit d\u2019educar? Pon\u00e8ncia inaugural compartida amb el Fil\u00f2sof&nbsp; Joan Carles M\u00e8lich a les XVI Jornades Innovaci\u00f3 a Etapa Educaci\u00f3 Infantil hem defugit d&#8217;educar? Reconnectem amb l&#8217;ess\u00e8ncia de la funci\u00f3 educative, 19 octubre, 2024, UAB Bellaterra.<a href=\"https:\/\/www.uab.cat\/ca\/ice\/jornada-docents-educacio-infantil\">https:\/\/www.uab.cat\/ca\/ice\/jornada-docents-educacio-infantil<\/a><\/p>\n\n\n\n<figure class=\"wp-block-image size-large\"><img loading=\"lazy\" decoding=\"async\" width=\"1024\" height=\"526\" src=\"https:\/\/webs.uab.cat\/erife\/wp-content\/uploads\/sites\/388\/2025\/03\/Captura-de-pantalla-2025-03-18-a-las-1.28.23\u202fp.m-1024x526.png\" alt=\"\" class=\"wp-image-771\" srcset=\"https:\/\/webs.uab.cat\/erife\/wp-content\/uploads\/sites\/388\/2025\/03\/Captura-de-pantalla-2025-03-18-a-las-1.28.23\u202fp.m-1024x526.png 1024w, https:\/\/webs.uab.cat\/erife\/wp-content\/uploads\/sites\/388\/2025\/03\/Captura-de-pantalla-2025-03-18-a-las-1.28.23\u202fp.m-300x154.png 300w, https:\/\/webs.uab.cat\/erife\/wp-content\/uploads\/sites\/388\/2025\/03\/Captura-de-pantalla-2025-03-18-a-las-1.28.23\u202fp.m-768x395.png 768w, https:\/\/webs.uab.cat\/erife\/wp-content\/uploads\/sites\/388\/2025\/03\/Captura-de-pantalla-2025-03-18-a-las-1.28.23\u202fp.m-1200x617.png 1200w, https:\/\/webs.uab.cat\/erife\/wp-content\/uploads\/sites\/388\/2025\/03\/Captura-de-pantalla-2025-03-18-a-las-1.28.23\u202fp.m.png 1234w\" sizes=\"auto, (max-width: 1024px) 100vw, 1024px\" \/><\/figure>\n\n\n\n<p>Blanch-Gelabert, S. (2024). Introducion of Challenge Based Learning in Higher Education. Key note final conference of the D-EMIND project. Chamber of Commerce and Insdustry of csongr\u00e1d-Csan\u00e1d, Hungary.<\/p>\n\n\n\n<p>Blanch-Gelabert, S. (2023). Music as a universal activity. The role it plays in the lives of people. Key note at MERYC. 11th Conference of the European Network of Music Educators and Researchers of Young Children. Making music as we grow up: Current practices in Early Childhood Music Education, 4th &#8211; 7th July 2023, UAB, Bellaterra.<a href=\"https:\/\/meryc.eu\/meryc-conference-barcelona-2023\/\">https:\/\/meryc.eu\/meryc-conference-barcelona-2023\/<\/a><\/p>\n\n\n\n<figure class=\"wp-block-image size-large\"><img loading=\"lazy\" decoding=\"async\" width=\"1024\" height=\"626\" src=\"https:\/\/webs.uab.cat\/erife\/wp-content\/uploads\/sites\/388\/2025\/03\/WhatsApp-Image-2025-03-18-at-13.39.44-1024x626.jpeg\" alt=\"\" class=\"wp-image-774\" srcset=\"https:\/\/webs.uab.cat\/erife\/wp-content\/uploads\/sites\/388\/2025\/03\/WhatsApp-Image-2025-03-18-at-13.39.44-1024x626.jpeg 1024w, https:\/\/webs.uab.cat\/erife\/wp-content\/uploads\/sites\/388\/2025\/03\/WhatsApp-Image-2025-03-18-at-13.39.44-300x183.jpeg 300w, https:\/\/webs.uab.cat\/erife\/wp-content\/uploads\/sites\/388\/2025\/03\/WhatsApp-Image-2025-03-18-at-13.39.44-768x469.jpeg 768w, https:\/\/webs.uab.cat\/erife\/wp-content\/uploads\/sites\/388\/2025\/03\/WhatsApp-Image-2025-03-18-at-13.39.44-1536x939.jpeg 1536w, https:\/\/webs.uab.cat\/erife\/wp-content\/uploads\/sites\/388\/2025\/03\/WhatsApp-Image-2025-03-18-at-13.39.44-1200x734.jpeg 1200w, https:\/\/webs.uab.cat\/erife\/wp-content\/uploads\/sites\/388\/2025\/03\/WhatsApp-Image-2025-03-18-at-13.39.44.jpeg 1600w\" sizes=\"auto, (max-width: 1024px) 100vw, 1024px\" \/><\/figure>\n\n\n\n<p>Blanch, S., (2023). Pon\u00e8ncia L\u2019Aprenentatge Basa ten Reptes a l\u2019Educaci\u00f3 Superior. Seminari Aprenentatge Basa ten reptes I empreneduria a l\u2019Educaci\u00f3 Superior. D-Mind project (Co-funded by European Union). 24 de maig 2023, Universitat Aut\u00f2noma de Barcelona. Bellaterra.<\/p>\n\n\n\n<figure class=\"wp-block-embed is-type-video is-provider-youtube wp-block-embed-youtube wp-embed-aspect-16-9 wp-has-aspect-ratio\"><div class=\"wp-block-embed__wrapper\">\n<iframe loading=\"lazy\" title=\"Pon\u00e8ncia \u201cL\u2019aprenentatge basat en reptes a l\u2019Educaci\u00f3 Superior\u201d\" width=\"580\" height=\"326\" src=\"https:\/\/www.youtube.com\/embed\/0rsbcJGWu64?feature=oembed\" frameborder=\"0\" allow=\"accelerometer; autoplay; clipboard-write; encrypted-media; gyroscope; picture-in-picture; web-share\" referrerpolicy=\"strict-origin-when-cross-origin\" allowfullscreen><\/iframe>\n<\/div><\/figure>\n\n\n\n<p>Blanch, S., &amp; Par\u00eds, G. (2023). Pon\u00e8ncia sobre el Projecte Interstice. Encontres entre artistas, infants i educadores. Sala d\u2019Actes d\u2019Arts Santa M\u00f2nica, dijous 9 de febrer 2023. Barcelona. <a href=\"https:\/\/www.interstice.eu\/news\/detail\/multiplier-event-in-barcelona\">https:\/\/www.interstice.eu\/news\/detail\/multiplier-event-in-barcelona<\/a><\/p>\n\n\n\n<figure class=\"wp-block-image size-large\"><img loading=\"lazy\" decoding=\"async\" width=\"1024\" height=\"781\" src=\"https:\/\/webs.uab.cat\/erife\/wp-content\/uploads\/sites\/388\/2025\/03\/Captura-de-pantalla-2025-03-18-a-las-1.54.51\u202fp.m-1024x781.png\" alt=\"\" class=\"wp-image-777\" srcset=\"https:\/\/webs.uab.cat\/erife\/wp-content\/uploads\/sites\/388\/2025\/03\/Captura-de-pantalla-2025-03-18-a-las-1.54.51\u202fp.m-1024x781.png 1024w, https:\/\/webs.uab.cat\/erife\/wp-content\/uploads\/sites\/388\/2025\/03\/Captura-de-pantalla-2025-03-18-a-las-1.54.51\u202fp.m-300x229.png 300w, https:\/\/webs.uab.cat\/erife\/wp-content\/uploads\/sites\/388\/2025\/03\/Captura-de-pantalla-2025-03-18-a-las-1.54.51\u202fp.m-768x585.png 768w, https:\/\/webs.uab.cat\/erife\/wp-content\/uploads\/sites\/388\/2025\/03\/Captura-de-pantalla-2025-03-18-a-las-1.54.51\u202fp.m-1536x1171.png 1536w, https:\/\/webs.uab.cat\/erife\/wp-content\/uploads\/sites\/388\/2025\/03\/Captura-de-pantalla-2025-03-18-a-las-1.54.51\u202fp.m-1200x915.png 1200w, https:\/\/webs.uab.cat\/erife\/wp-content\/uploads\/sites\/388\/2025\/03\/Captura-de-pantalla-2025-03-18-a-las-1.54.51\u202fp.m.png 1910w\" sizes=\"auto, (max-width: 1024px) 100vw, 1024px\" \/><\/figure>\n\n\n\n<p>Blanch, S., &amp; Par\u00eds, G. (2023). Pon\u00e8ncia Interstice. Art i Educaci\u00f3. Festival elPetit, Dissabte 18 de novembre,&nbsp; Sabadell. <\/p>\n\n\n\n<figure class=\"wp-block-embed is-type-video is-provider-vimeo wp-block-embed-vimeo wp-embed-aspect-16-9 wp-has-aspect-ratio\"><div class=\"wp-block-embed__wrapper\">\n<iframe loading=\"lazy\" title=\"Encontre23_1811_Interstice_ES\" src=\"https:\/\/player.vimeo.com\/video\/894548583?dnt=1&amp;app_id=122963\" width=\"580\" height=\"326\" frameborder=\"0\" allow=\"autoplay; fullscreen; picture-in-picture; clipboard-write; encrypted-media\"><\/iframe>\n<\/div><\/figure>\n\n\n\n<p>Blanch, S. (2023). Creando complicidades con las fam\u00edlias. 17 de noviembre, 2023. Avil\u00e9s.<\/p>\n\n\n\n<p>Blanch, S. (2023). Com acompanyar les relacions i la gesti\u00f3 de conflictes. Escola \u00c0ngels Garriga, 17 d\u2019octubre 2023, Barcelona.<\/p>\n\n\n\n<p>Blanch, S. (2023). El&nbsp;respecte durant el proc\u00e9s del control d\u2019esf\u00ednters. Dimarts 9 de Febrer 2023, Barcelona. Servei Educatiu Horta-Guinard\u00f3. <a href=\"https:\/\/serveiseducatius.xtec.cat\/horta-guinardo\/portada\/conferencia-el-respecte-durant-el-proces-del-control-desfinters-amb-la-silvia-blanch\/\">https:\/\/serveiseducatius.xtec.cat\/horta-guinardo\/portada\/conferencia-el-respecte-durant-el-proces-del-control-desfinters-amb-la-silvia-blanch\/<\/a><\/p>\n\n\n\n<figure class=\"wp-block-image size-full\"><img loading=\"lazy\" decoding=\"async\" width=\"696\" height=\"790\" src=\"https:\/\/webs.uab.cat\/erife\/wp-content\/uploads\/sites\/388\/2025\/03\/Captura-de-pantalla-2025-03-20-a-las-10.32.22\u202fa.m.png\" alt=\"\" class=\"wp-image-782\" srcset=\"https:\/\/webs.uab.cat\/erife\/wp-content\/uploads\/sites\/388\/2025\/03\/Captura-de-pantalla-2025-03-20-a-las-10.32.22\u202fa.m.png 696w, https:\/\/webs.uab.cat\/erife\/wp-content\/uploads\/sites\/388\/2025\/03\/Captura-de-pantalla-2025-03-20-a-las-10.32.22\u202fa.m-264x300.png 264w\" sizes=\"auto, (max-width: 696px) 100vw, 696px\" \/><\/figure>\n\n\n\n<p>Blanch, S. (2022). Pon\u00e8ncia Interstice. Festival elPetit, Dissabte 30 de novembre, Sabadell.<\/p>\n\n\n\n<figure class=\"wp-block-embed is-type-video is-provider-vimeo wp-block-embed-vimeo wp-embed-aspect-16-9 wp-has-aspect-ratio\"><div class=\"wp-block-embed__wrapper\">\n<iframe loading=\"lazy\" title=\"Encontre_1911_S\u00edlviaBlanch_CA\" src=\"https:\/\/player.vimeo.com\/video\/778783366?dnt=1&amp;app_id=122963\" width=\"580\" height=\"326\" frameborder=\"0\" allow=\"autoplay; fullscreen; picture-in-picture; clipboard-write; encrypted-media\"><\/iframe>\n<\/div><\/figure>\n\n\n\n<p>Blanch-Gelabert, S. (2022). Participaci\u00f3 I comunicaci\u00f3 per ser I fer millor. Confer\u00e8ncia inaugural projecte Europeu FRIENDESK. 24 de maig de 2022, Girona.<\/p>\n\n\n\n<p>Blanch, S. (2022). Pon\u00e8nica sobre el projecte Modelatge 0-6. Espai de reflexi\u00f3 I debat Entorn l\u2019Educaci\u00f3 Infantil.&nbsp; Jornades 0-6, 30 de setembre, Cardedeu. Organitzat per Generalitat de Catalunya, I Ajuntament de Cardedeu.<\/p>\n\n\n\n<p>Blanch, S. (2020, october). Early Childhood narrative. Invited conference in the anual EECERA Conference. International Narratives about COVID-2019 and Early Childhood. Online.<\/p>\n\n\n\n<p>Blanch, S. (2019, August). Professionals working at Educational Playgroups to improve responsive parenting. Comunication presented in 29th EECERA Conference: Working with parents and families: the professionalisme from the practitioners and parents\u2019 point of view. Thessaloniki, Greece.<\/p>\n\n\n\n<p>Blanch, S. Comit\u00e8 Organitzador i moderadora de taula rodona La inclusi\u00f3 a l\u2019escola, al III&nbsp;Educongress: Educaci\u00f3 Infantil Inclusiva. Barcelona.<\/p>\n\n\n\n<figure class=\"wp-block-image size-large\"><img loading=\"lazy\" decoding=\"async\" width=\"1024\" height=\"566\" src=\"https:\/\/webs.uab.cat\/erife\/wp-content\/uploads\/sites\/388\/2025\/03\/Captura-de-pantalla-2025-03-24-a-las-12.24.50\u202fp.m-1024x566.png\" alt=\"\" class=\"wp-image-798\" srcset=\"https:\/\/webs.uab.cat\/erife\/wp-content\/uploads\/sites\/388\/2025\/03\/Captura-de-pantalla-2025-03-24-a-las-12.24.50\u202fp.m-1024x566.png 1024w, https:\/\/webs.uab.cat\/erife\/wp-content\/uploads\/sites\/388\/2025\/03\/Captura-de-pantalla-2025-03-24-a-las-12.24.50\u202fp.m-300x166.png 300w, https:\/\/webs.uab.cat\/erife\/wp-content\/uploads\/sites\/388\/2025\/03\/Captura-de-pantalla-2025-03-24-a-las-12.24.50\u202fp.m-768x425.png 768w, https:\/\/webs.uab.cat\/erife\/wp-content\/uploads\/sites\/388\/2025\/03\/Captura-de-pantalla-2025-03-24-a-las-12.24.50\u202fp.m-1200x664.png 1200w, https:\/\/webs.uab.cat\/erife\/wp-content\/uploads\/sites\/388\/2025\/03\/Captura-de-pantalla-2025-03-24-a-las-12.24.50\u202fp.m.png 1472w\" sizes=\"auto, (max-width: 1024px) 100vw, 1024px\" \/><\/figure>\n\n\n\n<p>Lalueza, J.L.,&nbsp;Blanch, S., Garc\u00eda-Romero, D.&nbsp;(2019, September).&nbsp; University&nbsp;Service-Learning&nbsp;institucionalization&nbsp;identification&nbsp;analysis&nbsp;of&nbsp;experiences. Comunication in the Second&nbsp;European&nbsp;Conference&nbsp;on Service-Learning&nbsp;in&nbsp;Higher&nbsp;Education. Amberes, Belgic. <strong><\/strong><\/p>\n\n\n\n<p>Lalueza, J. L.,\u00a0Garcia, D., Blanch, S., Edo, M. y\u00a0Peire, T. (2019). La implementaci\u00f3n de proyectos Aprendizaje Servicio en la\u00a0Universitat\u00a0Aut\u00f2noma\u00a0Barcelona a trav\u00e9s de las pr\u00e1cticas externas. El caso de la facultad de\u00a0Psicologia de la UAB. Comunicaci\u00f3n en <em>el XV\u00a0Symposium\u00a0Internacional sobre el Pr\u00e1cticum y las Pr\u00e1cticas Externas \u201cPresente y retos de futuro\u201d<\/em>\u202f. Poio, Espa\u00f1a. <a href=\"https:\/\/poio.reppe.org\/symposium-anteriores\/symposium-2019\">https:\/\/poio.reppe.org\/symposium-anteriores\/symposium-2019<\/a><\/p>\n\n\n\n<figure class=\"wp-block-image size-large\"><img loading=\"lazy\" decoding=\"async\" width=\"1024\" height=\"203\" src=\"https:\/\/webs.uab.cat\/erife\/wp-content\/uploads\/sites\/388\/2025\/03\/Captura-de-pantalla-2025-03-24-a-las-12.16.54\u202fp.m-1024x203.png\" alt=\"\" class=\"wp-image-795\" srcset=\"https:\/\/webs.uab.cat\/erife\/wp-content\/uploads\/sites\/388\/2025\/03\/Captura-de-pantalla-2025-03-24-a-las-12.16.54\u202fp.m-1024x203.png 1024w, https:\/\/webs.uab.cat\/erife\/wp-content\/uploads\/sites\/388\/2025\/03\/Captura-de-pantalla-2025-03-24-a-las-12.16.54\u202fp.m-300x59.png 300w, https:\/\/webs.uab.cat\/erife\/wp-content\/uploads\/sites\/388\/2025\/03\/Captura-de-pantalla-2025-03-24-a-las-12.16.54\u202fp.m-768x152.png 768w, https:\/\/webs.uab.cat\/erife\/wp-content\/uploads\/sites\/388\/2025\/03\/Captura-de-pantalla-2025-03-24-a-las-12.16.54\u202fp.m-1536x304.png 1536w, https:\/\/webs.uab.cat\/erife\/wp-content\/uploads\/sites\/388\/2025\/03\/Captura-de-pantalla-2025-03-24-a-las-12.16.54\u202fp.m-1200x238.png 1200w, https:\/\/webs.uab.cat\/erife\/wp-content\/uploads\/sites\/388\/2025\/03\/Captura-de-pantalla-2025-03-24-a-las-12.16.54\u202fp.m.png 1776w\" sizes=\"auto, (max-width: 1024px) 100vw, 1024px\" \/><\/figure>\n\n\n\n<p>Blanch, S., Edo, M., &amp; Paris, G. (2018). R\u00fabrica per a millorar les compet\u00e8ncies personals i prosocials a trav\u00e9s de la implementaci\u00f3 de projectes ApS durant el pr\u00e0cticum als graus de mestres d\u2019infantil i prim\u00e0ria. Projectes de comprom\u00eds social entre futurs mestres d&#8217;Educaci\u00f3 Infantil i les escoles. Comunicaci\u00f3 al X Congr\u00e9s Internacional Doc\u00e8ncia Universit\u00e0ria i Innovaci\u00f3. Universitat de Girona. <a href=\"https:\/\/www.cidui.org\/x-congres-cidui-2018\/\">https:\/\/www.cidui.org\/x-congres-cidui-2018\/<\/a><\/p>\n\n\n\n<figure class=\"wp-block-image size-large\"><img loading=\"lazy\" decoding=\"async\" width=\"1024\" height=\"539\" src=\"https:\/\/webs.uab.cat\/erife\/wp-content\/uploads\/sites\/388\/2025\/03\/Captura-de-pantalla-2025-03-24-a-las-12.09.48\u202fp.m-1024x539.png\" alt=\"\" class=\"wp-image-791\" srcset=\"https:\/\/webs.uab.cat\/erife\/wp-content\/uploads\/sites\/388\/2025\/03\/Captura-de-pantalla-2025-03-24-a-las-12.09.48\u202fp.m-1024x539.png 1024w, https:\/\/webs.uab.cat\/erife\/wp-content\/uploads\/sites\/388\/2025\/03\/Captura-de-pantalla-2025-03-24-a-las-12.09.48\u202fp.m-300x158.png 300w, https:\/\/webs.uab.cat\/erife\/wp-content\/uploads\/sites\/388\/2025\/03\/Captura-de-pantalla-2025-03-24-a-las-12.09.48\u202fp.m-768x405.png 768w, https:\/\/webs.uab.cat\/erife\/wp-content\/uploads\/sites\/388\/2025\/03\/Captura-de-pantalla-2025-03-24-a-las-12.09.48\u202fp.m-1200x632.png 1200w, https:\/\/webs.uab.cat\/erife\/wp-content\/uploads\/sites\/388\/2025\/03\/Captura-de-pantalla-2025-03-24-a-las-12.09.48\u202fp.m.png 1378w\" sizes=\"auto, (max-width: 1024px) 100vw, 1024px\" \/><\/figure>\n\n\n","protected":false},"excerpt":{"rendered":"<p>Blanch-Gelabert, S. (2024). Hem d\u2019efugit d\u2019educar? Pon\u00e8ncia inaugural compartida amb el Fil\u00f2sof&nbsp; Joan Carles M\u00e8lich a les XVI Jornades Innovaci\u00f3 a Etapa Educaci\u00f3 Infantil hem defugit d&#8217;educar? Reconnectem amb l&#8217;ess\u00e8ncia de la funci\u00f3 educative, 19 octubre, 2024, UAB Bellaterra.https:\/\/www.uab.cat\/ca\/ice\/jornada-docents-educacio-infantil Blanch-Gelabert, S. (2024). Introducion of Challenge Based Learning in Higher Education. Key note final conference of [&hellip;]<\/p>\n","protected":false},"author":20,"featured_media":0,"parent":0,"menu_order":0,"comment_status":"closed","ping_status":"closed","template":"","meta":{"footnotes":""},"class_list":["post-634","page","type-page","status-publish","hentry"],"_links":{"self":[{"href":"https:\/\/webs.uab.cat\/erife\/wp-json\/wp\/v2\/pages\/634","targetHints":{"allow":["GET"]}}],"collection":[{"href":"https:\/\/webs.uab.cat\/erife\/wp-json\/wp\/v2\/pages"}],"about":[{"href":"https:\/\/webs.uab.cat\/erife\/wp-json\/wp\/v2\/types\/page"}],"author":[{"embeddable":true,"href":"https:\/\/webs.uab.cat\/erife\/wp-json\/wp\/v2\/users\/20"}],"replies":[{"embeddable":true,"href":"https:\/\/webs.uab.cat\/erife\/wp-json\/wp\/v2\/comments?post=634"}],"version-history":[{"count":7,"href":"https:\/\/webs.uab.cat\/erife\/wp-json\/wp\/v2\/pages\/634\/revisions"}],"predecessor-version":[{"id":801,"href":"https:\/\/webs.uab.cat\/erife\/wp-json\/wp\/v2\/pages\/634\/revisions\/801"}],"wp:attachment":[{"href":"https:\/\/webs.uab.cat\/erife\/wp-json\/wp\/v2\/media?parent=634"}],"curies":[{"name":"wp","href":"https:\/\/api.w.org\/{rel}","templated":true}]}}