{"id":300,"date":"2022-07-19T16:00:28","date_gmt":"2022-07-19T14:00:28","guid":{"rendered":"https:\/\/webs.uab.cat\/projecteabcd\/inicio\/"},"modified":"2026-01-09T19:10:32","modified_gmt":"2026-01-09T17:10:32","slug":"inicio","status":"publish","type":"page","link":"https:\/\/webs.uab.cat\/estudiabcd\/inicio\/?lang=es","title":{"rendered":"Inicio"},"content":{"rendered":"\n<div class=\"wp-block-media-text alignfull is-stacked-on-mobile\"><figure class=\"wp-block-media-text__media\"><img loading=\"lazy\" decoding=\"async\" width=\"1024\" height=\"588\" src=\"https:\/\/webs.uab.cat\/estudiabcd\/wp-content\/uploads\/sites\/244\/2023\/03\/DSC00754_r-1024x588.jpg\" alt=\"\" class=\"wp-image-1050 size-full\" srcset=\"https:\/\/webs.uab.cat\/estudiabcd\/wp-content\/uploads\/sites\/244\/2023\/03\/DSC00754_r-1024x588.jpg 1024w, https:\/\/webs.uab.cat\/estudiabcd\/wp-content\/uploads\/sites\/244\/2023\/03\/DSC00754_r-300x172.jpg 300w, https:\/\/webs.uab.cat\/estudiabcd\/wp-content\/uploads\/sites\/244\/2023\/03\/DSC00754_r-768x441.jpg 768w, https:\/\/webs.uab.cat\/estudiabcd\/wp-content\/uploads\/sites\/244\/2023\/03\/DSC00754_r-1536x883.jpg 1536w, https:\/\/webs.uab.cat\/estudiabcd\/wp-content\/uploads\/sites\/244\/2023\/03\/DSC00754_r-2048x1177.jpg 2048w, https:\/\/webs.uab.cat\/estudiabcd\/wp-content\/uploads\/sites\/244\/2023\/03\/DSC00754_r-1200x690.jpg 1200w, https:\/\/webs.uab.cat\/estudiabcd\/wp-content\/uploads\/sites\/244\/2023\/03\/DSC00754_r-1980x1138.jpg 1980w\" sizes=\"auto, (max-width: 1024px) 100vw, 1024px\" \/><\/figure><div class=\"wp-block-media-text__content\">\n<h2 class=\"wp-block-heading\">Bienvenidas y bienvenidos al estudio ABCD!<\/h2>\n\n\n\n<p><\/p>\n\n\n\n<p><strong>ABCD&nbsp;<\/strong>es un estudio&nbsp;multidisciplinar&nbsp;que permite conocer diferentes perfiles de&nbsp;<strong>desarrollo&nbsp;<\/strong>de comportamientos adaptativos y&nbsp;desadaptatius&nbsp;en<strong>&nbsp;ni\u00f1as y ni\u00f1os<\/strong>, as\u00ed como las diferentes formas de manifestarse, al inicio de la etapa escolar. La finalidad \u00faltima es estudiar los&nbsp;<strong>factores de riesgo y de protecci\u00f3n<\/strong>&nbsp;asociados a dificultades tempranas socioemocionales y acad\u00e9micas, as\u00ed como contribuir al&nbsp;<strong>bienestar&nbsp;<\/strong>de las ni\u00f1as y ni\u00f1os.<\/p>\n\n\n\n<p>El estudio se lleva a cabo en Sabadell, <a href=\"https:\/\/web.sabadell.cat\/ciutats-amigues-de-la-infancia\">ciudad amiga de la infancia <\/a> y est\u00e1 liderado por el grupo de investigaci\u00f3n <a href=\"http:\/\/webs.uab.cat\/labhuma\">Laboratorio Humano<\/a> de la <a href=\"http:\/\/www.uab.cat\">Universitat Aut\u00f2noma de Barcelona<\/a> en colaboraci\u00f3n con el <a href=\"http:\/\/www.tauli.cat\/salutmental\/\">Servei de Salut Mental Infantojuvenil de l&#8217;Hospital Universitari Parc Taul\u00ed<\/a>.<\/p>\n\n\n\n<figure class=\"wp-block-image size-full is-resized\"><img loading=\"lazy\" decoding=\"async\" width=\"162\" height=\"162\" src=\"https:\/\/webs.uab.cat\/estudiabcd\/wp-content\/uploads\/sites\/244\/2022\/12\/Logo_ABCD-removebg-preview.png\" alt=\"\" class=\"wp-image-873\" style=\"width:170px;height:auto\" srcset=\"https:\/\/webs.uab.cat\/estudiabcd\/wp-content\/uploads\/sites\/244\/2022\/12\/Logo_ABCD-removebg-preview.png 162w, https:\/\/webs.uab.cat\/estudiabcd\/wp-content\/uploads\/sites\/244\/2022\/12\/Logo_ABCD-removebg-preview-150x150.png 150w\" sizes=\"auto, (max-width: 162px) 100vw, 162px\" \/><\/figure>\n\n\n\n<div class=\"wp-block-buttons is-layout-flex wp-block-buttons-is-layout-flex\">\n<div class=\"wp-block-button\"><a class=\"wp-block-button__link wp-element-button\" href=\"https:\/\/webs.uab.cat\/estudiabcd\/sobre-el-proyecto\/?lang=es\">Conoce m\u00e1s<\/a><\/div>\n\n\n\n<div class=\"wp-block-button\"><a class=\"wp-block-button__link wp-element-button\" href=\"https:\/\/webs.uab.cat\/estudiabcd\/sobre-el-proyecto\/objetivos\/?lang=es\">Objetivos del estudio<\/a><\/div>\n<\/div>\n<\/div><\/div>\n\n\n\n<p><\/p>\n","protected":false},"excerpt":{"rendered":"","protected":false},"author":544,"featured_media":0,"parent":0,"menu_order":0,"comment_status":"closed","ping_status":"closed","template":"","meta":{"footnotes":""},"class_list":["post-300","page","type-page","status-publish","hentry"],"_links":{"self":[{"href":"https:\/\/webs.uab.cat\/estudiabcd\/wp-json\/wp\/v2\/pages\/300","targetHints":{"allow":["GET"]}}],"collection":[{"href":"https:\/\/webs.uab.cat\/estudiabcd\/wp-json\/wp\/v2\/pages"}],"about":[{"href":"https:\/\/webs.uab.cat\/estudiabcd\/wp-json\/wp\/v2\/types\/page"}],"author":[{"embeddable":true,"href":"https:\/\/webs.uab.cat\/estudiabcd\/wp-json\/wp\/v2\/users\/544"}],"replies":[{"embeddable":true,"href":"https:\/\/webs.uab.cat\/estudiabcd\/wp-json\/wp\/v2\/comments?post=300"}],"version-history":[{"count":13,"href":"https:\/\/webs.uab.cat\/estudiabcd\/wp-json\/wp\/v2\/pages\/300\/revisions"}],"predecessor-version":[{"id":3166,"href":"https:\/\/webs.uab.cat\/estudiabcd\/wp-json\/wp\/v2\/pages\/300\/revisions\/3166"}],"wp:attachment":[{"href":"https:\/\/webs.uab.cat\/estudiabcd\/wp-json\/wp\/v2\/media?parent=300"}],"curies":[{"name":"wp","href":"https:\/\/api.w.org\/{rel}","templated":true}]}}