{"id":165,"date":"2020-05-01T11:47:07","date_gmt":"2020-05-01T11:47:07","guid":{"rendered":"http:\/\/blogs.uab.cat\/evot\/?page_id=165"},"modified":"2026-04-16T14:08:18","modified_gmt":"2026-04-16T12:08:18","slug":"com-es-fan-les-candidatures","status":"publish","type":"page","link":"https:\/\/webs.uab.cat\/evot\/implementacio-de-dades\/com-es-fan-les-candidatures\/","title":{"rendered":"Com es fan les candidatures"},"content":{"rendered":"\n<p><\/p>\n\n\n\n<h2 class=\"wp-block-heading\">Eleccions a deg\u00e0 o degana de facultat o director o directora d&#8217;escola<\/h2>\n\n\n\n<p>La configuraci\u00f3 de les candidatures per les <strong>eleccions a deg\u00e0 o degana de facultat o director o directora d&#8217;escola<\/strong> \u00e9s diferent a les candidatures per a les eleccions a Junta de Consell de Centre (abans Junta de Facultat o Escola).<\/p>\n\n\n\n<p class=\"has-marro-stradivari-color has-text-color\"><strong>Per a la configuraci\u00f3 de les candidatures per a aquesta tipologia d&#8217;eleccions cal parlar directament amb l&#8217;Oficina de Coordinaci\u00f3 Institucional<\/strong>.<\/p>\n\n\n\n<div style=\"height:100px\" aria-hidden=\"true\" class=\"wp-block-spacer\"><\/div>\n\n\n\n<p><\/p>\n\n\n\n<h2 class=\"wp-block-heading\">Eleccions a Consell de Centre<\/h2>\n\n\n\n<p class=\"has-marro-stradivari-color has-text-color\"><strong>Important: Canvi de nomenclatura<\/strong>.<\/p>\n\n\n\n<p>El nou sistema de votaci\u00f3 electr\u00f2nica ha canviat la nomenclatura de les eleccions. Cal tenir en compte aquests canvis per a confeccionar aquests documents. <\/p>\n\n\n\n<ul class=\"wp-block-list\">\n<li>Agrupaci\u00f3 d&#8217;eleccions (abans Elecci\u00f3)<\/li>\n\n\n\n<li>Elecci\u00f3 (abans circumscripci\u00f3)<\/li>\n\n\n\n<li>Circumscripci\u00f3 (abans districte).<\/li>\n<\/ul>\n\n\n\n<h2 class=\"wp-block-heading\">Documents que cal implementar<\/h2>\n\n\n\n<p><strong>MsEXCEL amb el resum de candidatures (2)<\/strong> on consten la codificaci\u00f3 i la denominaci\u00f3 de cadascuna de les eleccions d&#8217;una agrupaci\u00f3 d&#8217;eleccions, el nombre de representants que cal escollir i el nombre final&nbsp; de candidats i candidates que es presenten. Aquest document inclou les instruccions per la seva elaboraci\u00f3. <\/p>\n\n\n\n<p><strong>MsEXCEL de les candidatures (1)<\/strong> amb les dades de totes les eleccions (abans circumscripcions) i els seus candidats. Es pot descarregar aquest document i tamb\u00e9 el pdf amb les instruccions.<\/p>\n\n\n\n<div class=\"wp-block-media-text is-stacked-on-mobile\" style=\"grid-template-columns:15% auto\"><figure class=\"wp-block-media-text__media\"><img loading=\"lazy\" decoding=\"async\" width=\"452\" height=\"452\" src=\"https:\/\/webs.uab.cat\/evot\/wp-content\/uploads\/sites\/32\/2021\/04\/ms-excel.png\" alt=\"\" class=\"wp-image-990 size-full\" srcset=\"https:\/\/webs.uab.cat\/evot\/wp-content\/uploads\/sites\/32\/2021\/04\/ms-excel.png 452w, https:\/\/webs.uab.cat\/evot\/wp-content\/uploads\/sites\/32\/2021\/04\/ms-excel-300x300.png 300w, https:\/\/webs.uab.cat\/evot\/wp-content\/uploads\/sites\/32\/2021\/04\/ms-excel-150x150.png 150w\" sizes=\"auto, (max-width: 452px) 100vw, 452px\" \/><\/figure><div class=\"wp-block-media-text__content\">\n<p class=\"has-blanc-coco-color has-accent-background-color has-text-color has-background has-small-font-size\"><strong><a href=\"https:\/\/webs.uab.cat\/evot\/wp-content\/uploads\/sites\/32\/2023\/09\/UAB_eVot_PLANTILLA_Candidatures_JuntaCentre.xlsx\" target=\"_blank\" rel=\"noreferrer noopener\">(1) Model de candidatures:&nbsp; MsEXCEL<\/a><\/strong><\/p>\n<\/div><\/div>\n\n\n\n<div class=\"wp-block-media-text is-stacked-on-mobile\" style=\"grid-template-columns:15% auto\"><figure class=\"wp-block-media-text__media\"><img loading=\"lazy\" decoding=\"async\" width=\"452\" height=\"452\" src=\"https:\/\/webs.uab.cat\/evot\/wp-content\/uploads\/sites\/32\/2021\/04\/ms-excel.png\" alt=\"\" class=\"wp-image-990 size-full\" srcset=\"https:\/\/webs.uab.cat\/evot\/wp-content\/uploads\/sites\/32\/2021\/04\/ms-excel.png 452w, https:\/\/webs.uab.cat\/evot\/wp-content\/uploads\/sites\/32\/2021\/04\/ms-excel-300x300.png 300w, https:\/\/webs.uab.cat\/evot\/wp-content\/uploads\/sites\/32\/2021\/04\/ms-excel-150x150.png 150w\" sizes=\"auto, (max-width: 452px) 100vw, 452px\" \/><\/figure><div class=\"wp-block-media-text__content\">\n<p class=\"has-blanc-coco-color has-accent-background-color has-text-color has-background has-small-font-size\"><strong><a href=\"https:\/\/webs.uab.cat\/evot\/wp-content\/uploads\/sites\/32\/2023\/09\/UAB_eVot_Graella_RESUM_Candidatures.xlsx\" data-type=\"URL\" data-id=\"https:\/\/webs.uab.cat\/evot\/wp-content\/uploads\/sites\/32\/2023\/09\/UAB_eVot_Graella_RESUM_Candidatures.xlsx\" target=\"_blank\" rel=\"noreferrer noopener\">(2) Model de resum de candidatures: MsEXCEL<\/a><\/strong><\/p>\n<\/div><\/div>\n\n\n\n<div class=\"wp-block-media-text is-stacked-on-mobile\" style=\"grid-template-columns:15% auto\"><figure class=\"wp-block-media-text__media\"><img loading=\"lazy\" decoding=\"async\" width=\"452\" height=\"452\" src=\"https:\/\/webs.uab.cat\/evot\/wp-content\/uploads\/sites\/32\/2021\/04\/pdf-2-v1.png\" alt=\"\" class=\"wp-image-1052 size-full\" srcset=\"https:\/\/webs.uab.cat\/evot\/wp-content\/uploads\/sites\/32\/2021\/04\/pdf-2-v1.png 452w, https:\/\/webs.uab.cat\/evot\/wp-content\/uploads\/sites\/32\/2021\/04\/pdf-2-v1-300x300.png 300w, https:\/\/webs.uab.cat\/evot\/wp-content\/uploads\/sites\/32\/2021\/04\/pdf-2-v1-150x150.png 150w\" sizes=\"auto, (max-width: 452px) 100vw, 452px\" \/><\/figure><div class=\"wp-block-media-text__content\">\n<p class=\"has-blanc-coco-color has-accent-background-color has-text-color has-background has-small-font-size\"><strong><a href=\"https:\/\/webs.uab.cat\/evot\/wp-content\/uploads\/sites\/32\/2023\/11\/UAB_com_es_fa_EXCEL_CANDIDATURES_EVOT.pdf\" target=\"_blank\" rel=\"noreferrer noopener\">MANUAL: Com es fa l&#8217;Excel de Candidatures (PDF)<\/a><\/strong><\/p>\n<\/div><\/div>\n\n\n\n<h2 class=\"wp-block-heading\"><span style=\"color: #000000\"><strong>Important (eleccions a Consell de Centre)<\/strong><\/span><\/h2>\n\n\n\n<ul class=\"wp-block-list\">\n<li><span style=\"color: #000000\">Cal que els candidats i\/o candidates figurin en el cens electoral de la seva elecci\u00f3 (abans circumscripci\u00f3).<br><\/span><\/li>\n\n\n\n<li><span style=\"color: #000000\">Un membre nat d&#8217;un \u00f2rgan de govern no pot presentar candidatura com a membre electe del mateix \u00f2rgan.<br><\/span><\/li>\n\n\n\n<li><span style=\"color: #000000\">Un candidat o candidata no pot formar part d&#8217;una mesa electoral<br><\/span><\/li>\n<\/ul>\n\n\n\n<h2 class=\"wp-block-heading\"><strong><span style=\"color: #000000\">Documents relacionats de consulta i suport<\/span><\/strong><\/h2>\n\n\n\n<ul class=\"wp-block-list\">\n<li><span style=\"color: #800000\"><span style=\"color: #000000\"> Model de textos de diferents casu\u00edstiques (circumscripci\u00f3 sense candidats o amb menys candidats) textos en catal\u00e0, castell\u00e0 i angl\u00e8s:&nbsp; <strong><a href=\"https:\/\/webs.uab.cat\/evot\/wp-content\/uploads\/sites\/32\/2023\/11\/Casuistiques_diferents_en_les_preguntes_Candidatures-eVot2023-1.xlsx\" target=\"_blank\" rel=\"noreferrer noopener\"><span style=\"color: #008000\">MsExcel<\/span> <\/a><\/strong><\/span><\/span><\/li>\n\n\n\n<li><span style=\"color: #800000\"><span style=\"color: #000000\">Nomenclatura UAB en catal\u00e0, castell\u00e0 i angl\u00e8s:&nbsp;<a rel=\"noreferrer noopener\" href=\"https:\/\/blogs.uab.cat\/uabnomenclatura\/\" target=\"_blank\"> <\/a><\/span><\/span><span style=\"color: #008000\"><strong><a href=\"https:\/\/blogs.uab.cat\/uabnomenclatura\/\" data-type=\"URL\" data-id=\"https:\/\/blogs.uab.cat\/uabnomenclatura\/\" target=\"_blank\" rel=\"noreferrer noopener\">p\u00e0gina web<\/a><\/strong><\/span><\/li>\n<\/ul>\n\n\n\n<div style=\"height:100px\" aria-hidden=\"true\" class=\"wp-block-spacer\"><\/div>\n\n\n\n<div class=\"wp-block-media-text is-stacked-on-mobile\" style=\"grid-template-columns:15% auto\"><figure class=\"wp-block-media-text__media\"><img decoding=\"async\" src=\"https:\/\/static.thenounproject.com\/png\/371288-200.png\" alt=\"Info Icons - Download Free Vector Icons | Noun Project\" \/><\/figure><div class=\"wp-block-media-text__content\">\n<p class=\"has-small-font-size\"><strong>Per a dubtes contacteu amb nosaltres: <a href=\"mailto:eleccions@uab.cat\" target=\"_blank\" rel=\"noreferrer noopener\">eleccions@uab.cat<\/a><a href=\"mailto:eleccions@uab.cat\"> <\/a>o truqueu per tel\u00e8fon o per TEAMS a l\u2019equip eVot de l\u2019OCI<\/strong><\/p>\n<\/div><\/div>\n","protected":false},"excerpt":{"rendered":"<p>Eleccions a deg\u00e0 o degana de facultat o director o directora d&#8217;escola La configuraci\u00f3 de les candidatures per les eleccions a deg\u00e0 o degana de facultat o director o directora d&#8217;escola \u00e9s diferent a les candidatures per a les eleccions a Junta de Consell de Centre (abans Junta de Facultat o Escola). Per a la [&hellip;]<\/p>\n","protected":false},"author":26,"featured_media":0,"parent":154,"menu_order":20,"comment_status":"closed","ping_status":"closed","template":"","meta":{"footnotes":""},"class_list":["post-165","page","type-page","status-publish","hentry"],"_links":{"self":[{"href":"https:\/\/webs.uab.cat\/evot\/wp-json\/wp\/v2\/pages\/165","targetHints":{"allow":["GET"]}}],"collection":[{"href":"https:\/\/webs.uab.cat\/evot\/wp-json\/wp\/v2\/pages"}],"about":[{"href":"https:\/\/webs.uab.cat\/evot\/wp-json\/wp\/v2\/types\/page"}],"author":[{"embeddable":true,"href":"https:\/\/webs.uab.cat\/evot\/wp-json\/wp\/v2\/users\/26"}],"replies":[{"embeddable":true,"href":"https:\/\/webs.uab.cat\/evot\/wp-json\/wp\/v2\/comments?post=165"}],"version-history":[{"count":39,"href":"https:\/\/webs.uab.cat\/evot\/wp-json\/wp\/v2\/pages\/165\/revisions"}],"predecessor-version":[{"id":1837,"href":"https:\/\/webs.uab.cat\/evot\/wp-json\/wp\/v2\/pages\/165\/revisions\/1837"}],"up":[{"embeddable":true,"href":"https:\/\/webs.uab.cat\/evot\/wp-json\/wp\/v2\/pages\/154"}],"wp:attachment":[{"href":"https:\/\/webs.uab.cat\/evot\/wp-json\/wp\/v2\/media?parent=165"}],"curies":[{"name":"wp","href":"https:\/\/api.w.org\/{rel}","templated":true}]}}