{"id":37,"date":"2020-05-05T08:40:04","date_gmt":"2020-05-05T08:40:04","guid":{"rendered":"http:\/\/blogs.uab.cat\/evot\/?page_id=37"},"modified":"2022-09-07T14:13:31","modified_gmt":"2022-09-07T12:13:31","slug":"organitzacio-i-tasques","status":"publish","type":"page","link":"https:\/\/webs.uab.cat\/evot\/evot-centres\/organitzacio-i-tasques\/","title":{"rendered":"Qu\u00e8 cal fer i qui ho fa"},"content":{"rendered":"\n<h2 class=\"alignwide has-accent-color has-text-color wp-block-heading\">Organitzaci\u00f3 i tasques<\/h2>\n\n\n\n<figure class=\"wp-block-table alignwide is-style-regular\"><table class=\"has-background-background-color has-background\"><tbody><tr><td> <span style=\"color: #008000\">Activitats que gestiona el CENTRE<\/span> <br> <span style=\"color: #ff0000\"><span style=\"color: #ff0000\">Activitats que gestionen OCI-APSI (Oficina de Coordinaci\u00f3 Institucional \u2013 \u00c0rea de Planificaci\u00f3 de Sistemes d\u2019Informaci\u00f3)<\/span> <\/span><br> <span style=\"color: #0000ff\"><span style=\"color: #0000ff\">Activitats conjuntes CENTRE i OCI-APSI<\/span><\/span><\/td><\/tr><\/tbody><\/table><\/figure>\n\n\n\n<p><span style=\"color: #008000\"><\/span><\/p>\n\n\n\n<figure class=\"wp-block-table alignwide is-style-regular has-small-font-size\"><table class=\"has-primary-color has-text-color\"><tbody><tr><td class=\"has-text-align-left\" data-align=\"left\"><strong>CONVOCAT\u00d2RIA D&#8217;ELECCIONS<\/strong><\/td><td class=\"has-text-align-center\" data-align=\"center\">Responsable<\/td><\/tr><tr><td class=\"has-text-align-left\" data-align=\"left\"><span style=\"color: #008000\">Convocat\u00f2ria i confecci\u00f3 del calendari de les eleccions<\/span><\/td><td class=\"has-text-align-center\" data-align=\"center\"><span style=\"color: #008000\">Deganat\/Direcci\u00f3, Junta Electoral Territorial<\/span><\/td><\/tr><tr><td class=\"has-text-align-left\" data-align=\"left\"><span style=\"color: #008000\">Publicaci\u00f3 del calendari electoral<\/span><\/td><td class=\"has-text-align-center\" data-align=\"center\"><span style=\"color: #008000\">Deganat\/Direcci\u00f3<\/span><\/td><\/tr><tr><td class=\"has-text-align-left\" data-align=\"left\"><span style=\"color: #ff0000\">Comunicar al CSUC el calendari de les eleccions i el nombre d\u2019electors (formulari CSUC)<\/span><\/td><td class=\"has-text-align-center\" data-align=\"center\"><span style=\"color: #ff0000\">OCI<\/span><\/td><\/tr><tr><td class=\"has-text-align-left\" data-align=\"left\"><strong>WEB ELECTORAL<\/strong><\/td><td class=\"has-text-align-center\" data-align=\"center\"><\/td><\/tr><tr><td class=\"has-text-align-left\" data-align=\"left\"><span style=\"color: #008000\">Responsable web electoral i manteniment<\/span><\/td><td class=\"has-text-align-center\" data-align=\"center\"><span style=\"color: #008000\"><span style=\"color: #008000\">Deganat\/Direcci\u00f3<\/span><\/span><\/td><\/tr><tr><td class=\"has-text-align-left\" data-align=\"left\"><span style=\"color: #008000\">Publicaci\u00f3 de calendaris, documentaci\u00f3, formularis i resultats<\/span><\/td><td class=\"has-text-align-center\" data-align=\"center\"><span style=\"color: #008000\"><span style=\"color: #008000\">Deganat\/Direcci\u00f3<\/span><\/span><\/td><\/tr><tr><td class=\"has-text-align-left\" data-align=\"left\"><strong>SEU ELECTORAL ELECTR\u00d2NICA<\/strong><\/td><td class=\"has-text-align-center\" data-align=\"center\"><\/td><\/tr><tr><td class=\"has-text-align-left\" data-align=\"left\"><span style=\"color: #ff0000\">Publicaci\u00f3 d\u2019acc\u00e9s a la consulta del cens<\/span><\/td><td class=\"has-text-align-center\" data-align=\"center\"><span style=\"color: #ff0000\">OCI<\/span><\/td><\/tr><tr><td class=\"has-text-align-left\" data-align=\"left\"><span style=\"color: #ff0000\">Publicaci\u00f3 d\u2019acc\u00e9s a la votaci\u00f3<\/span><\/td><td class=\"has-text-align-center\" data-align=\"center\"><span style=\"color: #ff0000\">OCI<\/span><\/td><\/tr><tr><td class=\"has-text-align-left\" data-align=\"left\"><span style=\"color: #ff0000\">Publicaci\u00f3 dels rebuts de votaci\u00f3<\/span><\/td><td class=\"has-text-align-center\" data-align=\"center\"><span style=\"color: #ff0000\">OCI<\/span><\/td><\/tr><tr><td class=\"has-text-align-left\" data-align=\"left\"><strong>CENS ELECTORAL<\/strong><\/td><td class=\"has-text-align-center\" data-align=\"center\"><\/td><\/tr><tr><td class=\"has-text-align-left\" data-align=\"left\"><span style=\"color: #008000\">Sol\u00b7licitar a l\u2019OCI (llistats dels sectors A, B i D) i a Gesti\u00f3 Acad\u00e8mica del Centre (llistats del sector C)<\/span><\/td><td class=\"has-text-align-center\" data-align=\"center\"><span style=\"color: #008000\"><span style=\"color: #008000\">Deganat\/Direcci\u00f3<\/span><\/span><span style=\"color: #ff0000\"><\/span><\/td><\/tr><tr><td class=\"has-text-align-left\" data-align=\"left\"><span style=\"color: #ff0000\">Generaci\u00f3 dels llistats de cens dels sectors A, B  i D<\/span><\/td><td class=\"has-text-align-center\" data-align=\"center\"><span style=\"color: #ff0000\">\u00c0rees RRHH<\/span> <span style=\"color: #ff0000\">(HOMINIS,&nbsp; PDS), OCI<\/span><\/td><\/tr><tr><td class=\"has-text-align-left\" data-align=\"left\"><span style=\"color: #008000\">Generaci\u00f3 de llistats de cens del sector C<\/span><\/td><td class=\"has-text-align-center\" data-align=\"center\"><span style=\"color: #008000\">Gesti\u00f3 Acad\u00e8mica del centre (SIGMA)<span style=\"color: #008000\">, D<\/span><\/span><span style=\"color: #008000\"><span style=\"color: #008000\">eganat\/Direcci\u00f3<\/span><\/span><\/td><\/tr><tr><td class=\"has-text-align-left\" data-align=\"left\"><span style=\"color: #008000\">Confecci\u00f3 unificada i codificada de l\u2019excel del cens, a partir de tots els llistats, per a la plataforma de votaci\u00f3 electr\u00f2nica<\/span><\/td><td class=\"has-text-align-center\" data-align=\"center\"><span style=\"color: #008000\"><span style=\"color: #008000\">Deganat\/Direcci\u00f3<\/span><\/span><span style=\"color: #ff0000\"><\/span><\/td><\/tr><tr><td class=\"has-text-align-left\" data-align=\"left\"><span style=\"color: #008000\">Tramesa a l&#8217;OCI del cens provisional<\/span><span style=\"color: #ff0000\"><\/span><\/td><td class=\"has-text-align-center\" data-align=\"center\"><span style=\"color: #008000\"><span style=\"color: #008000\">Deganat\/Direcci\u00f3<\/span><\/span><span style=\"color: #ff0000\"><\/span><\/td><\/tr><tr><td class=\"has-text-align-left\" data-align=\"left\"><span style=\"color: #ff0000\">Publicaci\u00f3 del cens provisional al sistema eVot (PUBLICENS) i consulta a la Seu Electoral Electr\u00f2nica<\/span><\/td><td class=\"has-text-align-center\" data-align=\"center\"><span style=\"color: #ff0000\">OCI<\/span><\/td><\/tr><tr><td class=\"has-text-align-left\" data-align=\"left\"><span style=\"color: #008000\">Publicaci\u00f3 de l\u2019enlla\u00e7 a la consulta del cens al web electoral<\/span><\/td><td class=\"has-text-align-center\" data-align=\"center\"><span style=\"color: #008000\"><span style=\"color: #008000\"><span style=\"color: #008000\">Deganat\/Direcci\u00f3<\/span><\/span><\/span><span style=\"color: #ff0000\"><\/span><\/td><\/tr><tr><td class=\"has-text-align-left\" data-align=\"left\"><span style=\"color: #008000\">Recollida de reclamacions i la seva resoluci\u00f3<\/span><span style=\"color: #ff0000\"><\/span><\/td><td class=\"has-text-align-center\" data-align=\"center\"><span style=\"color: #008000\"><span style=\"color: #008000\"><span style=\"color: #008000\">Deganat\/Direcci\u00f3<\/span><\/span><\/span><span style=\"color: #ff0000\"><\/span><\/td><\/tr><tr><td class=\"has-text-align-left\" data-align=\"left\"><span style=\"color: #008000\">Introducci\u00f3 de les modificacions a l\u2019excel del cens electoral a partir de les reclamacions<\/span><\/td><td class=\"has-text-align-center\" data-align=\"center\"><span style=\"color: #008000\"><span style=\"color: #008000\"><span style=\"color: #008000\">Deganat\/Direcci\u00f3<\/span><\/span><\/span><span style=\"color: #ff0000\"><\/span><\/td><\/tr><tr><td class=\"has-text-align-left\" data-align=\"left\"><span style=\"color: #008000\">Tramesa a l&#8217;OCI del cens definitiu<\/span><\/td><td class=\"has-text-align-center\" data-align=\"center\"><span style=\"color: #008000\"><span style=\"color: #008000\"><span style=\"color: #008000\">Deganat\/Direcci\u00f3<\/span><\/span><\/span><span style=\"color: #ff0000\"><\/span><\/td><\/tr><tr><td class=\"has-text-align-left\" data-align=\"left\"><span style=\"color: #ff0000\">Publicaci\u00f3 del cens definitiu al sistema eVot (PUBLICENS) i consulta a la Seu Electoral Electr\u00f2nica<\/span><\/td><td class=\"has-text-align-center\" data-align=\"center\"><span style=\"color: #ff0000\">OCI<\/span><\/td><\/tr><tr><td class=\"has-text-align-left\" data-align=\"left\"><span style=\"color: #008000\"><span style=\"color: #008000\"><span style=\"color: #008000\">Publicaci\u00f3 de l\u2019enlla\u00e7 a la consulta del cens al web electoral<\/span><\/span><\/span><\/td><td class=\"has-text-align-center\" data-align=\"center\"><span style=\"color: #008000\"><span style=\"color: #008000\"><span style=\"color: #008000\">Deganat\/Direcci\u00f3<\/span><\/span><\/span><span style=\"color: #ff0000\"><\/span><\/td><\/tr><tr><td class=\"has-text-align-left\" data-align=\"left\"><span style=\"color: #ff0000\">Implementaci\u00f3 i gesti\u00f3 de les dades de l\u2019arxiu excel del cens definitiu a la plataforma eVot<\/span><\/td><td class=\"has-text-align-center\" data-align=\"center\"><span style=\"color: #ff0000\">OCI<\/span><\/td><\/tr><tr><td class=\"has-text-align-left\" data-align=\"left\"><strong>CANDIDATURES<\/strong><\/td><td class=\"has-text-align-center\" data-align=\"center\"><\/td><\/tr><tr><td class=\"has-text-align-left\" data-align=\"left\"><span style=\"color: #008000\">Informaci\u00f3 del termini i documentaci\u00f3<\/span><\/td><td class=\"has-text-align-center\" data-align=\"center\"><span style=\"color: #008000\"><span style=\"color: #008000\"><span style=\"color: #008000\">Deganat\/Direcci\u00f3<\/span><\/span><\/span><span style=\"color: #ff0000\"><\/span><\/td><\/tr><tr><td class=\"has-text-align-left\" data-align=\"left\"><span style=\"color: #008000\">Publicaci\u00f3 al web electoral de les candidatures provisionals presentades<\/span><\/td><td class=\"has-text-align-center\" data-align=\"center\"><span style=\"color: #008000\"><span style=\"color: #008000\"><span style=\"color: #008000\">Deganat\/Direcci\u00f3<\/span><\/span><\/span><span style=\"color: #ff0000\"><\/span><\/td><\/tr><tr><td class=\"has-text-align-left\" data-align=\"left\"><span style=\"color: #008000\">Informaci\u00f3 i documentaci\u00f3 per a reclamacions eVot<\/span><\/td><td class=\"has-text-align-center\" data-align=\"center\"><span style=\"color: #008000\"><span style=\"color: #008000\"><span style=\"color: #008000\">Deganat\/Direcci\u00f3<\/span><\/span><\/span><span style=\"color: #ff0000\"><\/span><\/td><\/tr><tr><td class=\"has-text-align-left\" data-align=\"left\"><span style=\"color: #008000\">Recollida de reclamacions i la seva resoluci\u00f3<\/span><\/td><td class=\"has-text-align-center\" data-align=\"center\"><span style=\"color: #008000\"><span style=\"color: #008000\"><span style=\"color: #008000\">Deganat\/Direcci\u00f3, Junta Electoral Territorial<\/span><\/span><\/span><\/td><\/tr><tr><td class=\"has-text-align-left\" data-align=\"left\"><span style=\"color: #008000\">Publicaci\u00f3 al web electoral de les candidatures definitives<\/span><\/td><td class=\"has-text-align-center\" data-align=\"center\"><span style=\"color: #008000\"><span style=\"color: #008000\"><span style=\"color: #008000\">Deganat\/Direcci\u00f3<\/span><\/span><\/span><span style=\"color: #ff0000\"><\/span><\/td><\/tr><tr><td class=\"has-text-align-left\" data-align=\"left\"><span style=\"color: #008000\">Confecci\u00f3 arxiu excel de candidatures per a la plataforma<\/span><\/td><td class=\"has-text-align-center\" data-align=\"center\"><span style=\"color: #008000\"><span style=\"color: #008000\"><span style=\"color: #008000\">Deganat\/Direcci\u00f3<\/span><\/span><\/span><span style=\"color: #ff0000\"><\/span><\/td><\/tr><tr><td class=\"has-text-align-left\" data-align=\"left\"><span style=\"color: #ff0000\">Implementaci\u00f3 de les dades de l\u2019arxiu excel de candidatures a la plataforma eVot<\/span><\/td><td class=\"has-text-align-center\" data-align=\"center\"><span style=\"color: #ff0000\">OCI<\/span><\/td><\/tr><tr><td class=\"has-text-align-left\" data-align=\"left\"><strong>PROC\u00c9S DE VOTACI\u00d3<\/strong><\/td><td class=\"has-text-align-center\" data-align=\"center\"><\/td><\/tr><tr><td class=\"has-text-align-left\" data-align=\"left\"><span style=\"color: #008000\">Campanya electoral: criteris i informaci\u00f3<\/span><\/td><td class=\"has-text-align-center\" data-align=\"center\"><span style=\"color: #008000\">Deganat\/Direcci\u00f3, Junta Electoral Territorial<\/span><\/td><\/tr><tr><td class=\"has-text-align-left\" data-align=\"left\"><span style=\"color: #008000\">Sorteig de membres mesa electoral i mesa d\u2019administraci\u00f3<\/span><\/td><td class=\"has-text-align-center\" data-align=\"center\"><span style=\"color: #008000\">Deganat\/Direcci\u00f3, Junta Electoral Territorial<\/span><\/td><\/tr><tr><td class=\"has-text-align-left\" data-align=\"left\"><span style=\"color: #008000\">Convocar els membres de les meses per a la seva constituci\u00f3 i per l\u2019escrutini<\/span><\/td><td class=\"has-text-align-center\" data-align=\"center\"><span style=\"color: #008000\"><span style=\"color: #008000\"><span style=\"color: #008000\">Deganat\/Direcci\u00f3<\/span><\/span><\/span><span style=\"color: #ff0000\"><\/span><\/td><\/tr><tr><td class=\"has-text-align-left\" data-align=\"left\"><span style=\"color: #008000\">Instal\u00b7laci\u00f3 programari eVot a un ordinador del centre <strong>(si s\u2019escau)<\/strong>. Actualment aquesta tasca est\u00e0 centralitzada al rectorat (ordinadors OCI)<\/span><\/td><td class=\"has-text-align-center\" data-align=\"center\"><span style=\"color: #008000\">Deganat\/Direcci\u00f3, SID<\/span><\/td><\/tr><tr><td class=\"has-text-align-left\" data-align=\"left\"><span style=\"color: #0000ff\"><span style=\"color: #0000ff\">Constituci\u00f3 de la mesa electoral i mesa d\u2019administraci\u00f3 (actualment es fa a l&#8217;edifici del rectorat)<\/span><\/span><\/td><td class=\"has-text-align-center\" data-align=\"center\"><span style=\"color: #0000ff\"><span style=\"color: #0000ff\">Deganat\/Direcci\u00f3, Junta Electoral Territorial, Mesa Electoral, Mesa d&#8217;Administraci\u00f3, <\/span><\/span><span style=\"color: #0000ff\"><span style=\"color: #0000ff\">OCI\/APSI<\/span><\/span><\/td><\/tr><tr><td class=\"has-text-align-left\" data-align=\"left\"><span style=\"color: #ff0000\">Contacte amb el CSUC (Servidors de la plataforma)<\/span><\/td><td class=\"has-text-align-center\" data-align=\"center\"><span style=\"color: #ff0000\">APSI<\/span><\/td><\/tr><tr><td class=\"has-text-align-left\" data-align=\"left\"><span style=\"color: #ff0000\">Publicaci\u00f3 de l\u2019acc\u00e9s a la votaci\u00f3 a la Seu Electoral Electr\u00f2nica<\/span><\/td><td class=\"has-text-align-center\" data-align=\"center\"><span style=\"color: #ff0000\">OCI<\/span><\/td><\/tr><tr><td class=\"has-text-align-left\" data-align=\"left\"><span style=\"color: #008000\">Publicaci\u00f3 de l\u2019enlla\u00e7 a l\u2019acc\u00e9s a la votaci\u00f3 al web electoral<\/span><\/td><td class=\"has-text-align-center\" data-align=\"center\"><span style=\"color: #008000\"><span style=\"color: #008000\"><span style=\"color: #008000\">Deganat\/Direcci\u00f3<\/span><\/span><\/span><span style=\"color: #ff0000\"><\/span><\/td><\/tr><tr><td class=\"has-text-align-left\" data-align=\"left\"><span style=\"color: #0000ff\"><span style=\"color: #0000ff\">Recollida d\u2019incid\u00e8ncies sobre el proc\u00e9s votaci\u00f3<\/span><\/span><\/td><td class=\"has-text-align-center\" data-align=\"center\"><span style=\"color: #0000ff\"><span style=\"color: #0000ff\">Deganat\/Direcci\u00f3, Junta Electoral Territorial, Mesa Electoral, Mesa d&#8217;Administraci\u00f3, OCI\/APSI<\/span><\/span><\/td><\/tr><tr><td class=\"has-text-align-left\" data-align=\"left\"><span style=\"color: #ff0000\">Tancament de l\u2019acc\u00e9s a l\u2019urna electoral al final de la votaci\u00f3<\/span><\/td><td class=\"has-text-align-center\" data-align=\"center\"><span style=\"color: #ff0000\">OCI<\/span><\/td><\/tr><tr><td class=\"has-text-align-left\" data-align=\"left\"><span style=\"color: #0000ff\"><span style=\"color: #0000ff\">Escrutini: mesa electoral i mesa d\u2019administraci\u00f3 (actualment es fa a l\u2019edifici del rectorat)<\/span><\/span><\/td><td class=\"has-text-align-center\" data-align=\"center\"><span style=\"color: #0000ff\"><span style=\"color: #0000ff\">Deganat\/Direcci\u00f3, Junta Electoral Territorial, Mesa Electoral, Mesa d&#8217;Administraci\u00f3, OCI\/APSI<\/span><\/span><\/td><\/tr><tr><td class=\"has-text-align-left\" data-align=\"left\"><strong>RESULTATS<\/strong><\/td><td class=\"has-text-align-center\" data-align=\"center\"><\/td><\/tr><tr><td class=\"has-text-align-left\" data-align=\"left\"><span style=\"color: #008000\">Confecci\u00f3 de documents amb resultats provisionals<\/span><\/td><td class=\"has-text-align-center\" data-align=\"center\"><span style=\"color: #008000\">Deganat\/Direcci\u00f3, Junta Electoral Territorial<\/span><\/td><\/tr><tr><td class=\"has-text-align-left\" data-align=\"left\"><span style=\"color: #008000\">Publicaci\u00f3 al web electoral dels resultats provisionals<\/span><\/td><td class=\"has-text-align-center\" data-align=\"center\"><span style=\"color: #008000\"><span style=\"color: #008000\"><span style=\"color: #008000\">Deganat\/Direcci\u00f3<\/span><\/span><\/span><span style=\"color: #ff0000\"><\/span><\/td><\/tr><tr><td class=\"has-text-align-left\" data-align=\"left\"><span style=\"color: #008000\">Recollida de reclamacions i la seva resoluci\u00f3<\/span><\/td><td class=\"has-text-align-center\" data-align=\"center\"><span style=\"color: #008000\">Deganat\/Direcci\u00f3, Junta Electoral Territorial<\/span><\/td><\/tr><tr><td class=\"has-text-align-left\" data-align=\"left\"><span style=\"color: #008000\">Publicaci\u00f3 al web electoral dels resultats definitius<\/span><\/td><td class=\"has-text-align-center\" data-align=\"center\"><span style=\"color: #008000\"><span style=\"color: #008000\"><span style=\"color: #008000\">Deganat\/Direcci\u00f3<\/span><\/span><\/span><span style=\"color: #ff0000\"><\/span><\/td><\/tr><tr><td class=\"has-text-align-left\" data-align=\"left\"><span style=\"color: #ff0000\">Publicaci\u00f3 dels rebuts de votaci\u00f3 a la Seu Electoral Electr\u00f2nica<\/span><\/td><td class=\"has-text-align-center\" data-align=\"center\"><span style=\"color: #ff0000\">OCI<\/span><\/td><\/tr><\/tbody><\/table><\/figure>\n\n\n\n<p><\/p>\n\n\n\n<div class=\"wp-block-group\"><div class=\"wp-block-group__inner-container is-layout-flow wp-block-group-is-layout-flow\"><\/div><\/div>\n\n\n\n<div style=\"height:50px\" aria-hidden=\"true\" class=\"wp-block-spacer\"><\/div>\n\n\n\n<div class=\"wp-block-media-text is-stacked-on-mobile\" style=\"grid-template-columns:15% auto\"><figure class=\"wp-block-media-text__media\"><img decoding=\"async\" src=\"https:\/\/static.thenounproject.com\/png\/371288-200.png\" alt=\"Info Icons - Download Free Vector Icons | Noun Project\" \/><\/figure><div class=\"wp-block-media-text__content\">\n<p class=\"has-small-font-size\"><strong>Per a dubtes contacteu amb nosaltres: <a href=\"mailto:eleccions@uab.cat\">eleccions@uab.cat <\/a>o truqueu per tel\u00e8fon o per TEAMS a l\u2019equip eVot de l\u2019OCI<\/strong><\/p>\n<\/div><\/div>\n","protected":false},"excerpt":{"rendered":"<p>Organitzaci\u00f3 i tasques Activitats que gestiona el CENTRE Activitats que gestionen OCI-APSI (Oficina de Coordinaci\u00f3 Institucional \u2013 \u00c0rea de Planificaci\u00f3 de Sistemes d\u2019Informaci\u00f3) Activitats conjuntes CENTRE i OCI-APSI CONVOCAT\u00d2RIA D&#8217;ELECCIONS Responsable Convocat\u00f2ria i confecci\u00f3 del calendari de les eleccions Deganat\/Direcci\u00f3, Junta Electoral Territorial Publicaci\u00f3 del calendari electoral Deganat\/Direcci\u00f3 Comunicar al CSUC el calendari de les [&hellip;]<\/p>\n","protected":false},"author":26,"featured_media":0,"parent":18,"menu_order":20,"comment_status":"closed","ping_status":"closed","template":"","meta":{"footnotes":""},"class_list":["post-37","page","type-page","status-publish","hentry"],"_links":{"self":[{"href":"https:\/\/webs.uab.cat\/evot\/wp-json\/wp\/v2\/pages\/37","targetHints":{"allow":["GET"]}}],"collection":[{"href":"https:\/\/webs.uab.cat\/evot\/wp-json\/wp\/v2\/pages"}],"about":[{"href":"https:\/\/webs.uab.cat\/evot\/wp-json\/wp\/v2\/types\/page"}],"author":[{"embeddable":true,"href":"https:\/\/webs.uab.cat\/evot\/wp-json\/wp\/v2\/users\/26"}],"replies":[{"embeddable":true,"href":"https:\/\/webs.uab.cat\/evot\/wp-json\/wp\/v2\/comments?post=37"}],"version-history":[{"count":48,"href":"https:\/\/webs.uab.cat\/evot\/wp-json\/wp\/v2\/pages\/37\/revisions"}],"predecessor-version":[{"id":1564,"href":"https:\/\/webs.uab.cat\/evot\/wp-json\/wp\/v2\/pages\/37\/revisions\/1564"}],"up":[{"embeddable":true,"href":"https:\/\/webs.uab.cat\/evot\/wp-json\/wp\/v2\/pages\/18"}],"wp:attachment":[{"href":"https:\/\/webs.uab.cat\/evot\/wp-json\/wp\/v2\/media?parent=37"}],"curies":[{"name":"wp","href":"https:\/\/api.w.org\/{rel}","templated":true}]}}