{"id":116,"date":"2019-10-25T10:03:44","date_gmt":"2019-10-25T10:03:44","guid":{"rendered":"https:\/\/webs.uab.cat\/eylbid\/activites\/"},"modified":"2020-05-05T16:59:19","modified_gmt":"2020-05-05T16:59:19","slug":"activites","status":"publish","type":"page","link":"https:\/\/webs.uab.cat\/eylbid\/fr\/activites\/","title":{"rendered":"Activit\u00e9s"},"content":{"rendered":"<ul>\n<li><strong>Reunion initiale du partenariat strat\u00e9gique EYLBID<\/strong> \u00e0 Bellaterra (Universit\u00e9 Autonome de Barcelone, Espagne) le 30 et 31 janvier 2020 : Le 30 et le 31 janvier 2020, le D\u00e9partement de Traduction, d&rsquo;Interpr\u00e9tariat et d&rsquo;\u00c9tudes de l&rsquo;Asie Orientale (UAB) a accueilli la r\u00e9union initiale transnationale du projet. Le repr\u00e9sentants de tous les partenaires strat\u00e9giques y ont assist\u00e9. <a href=\"https:\/\/www.uab.cat\/web\/sala-de-premsa\/detall-de-noticia\/un-projecte-sensibilitzara-sobre-la-interpretacio-per-part-de-joves-i-infants-en-el-context-escolar-1345667174054.html?noticiaid=1345807258402\">Vous trouverez ici le communiqu\u00e9 de presse de l&rsquo;activit\u00e9<\/a> ainsi que quelques photos :<\/li>\n<\/ul>\n<table border=\"1\" cellpadding=\"1\" cellspacing=\"1\">\n<tbody>\n<tr>\n<td>\n<p style=\"text-align:center\"><img loading=\"lazy\" decoding=\"async\" class=\" size-full wp-image-75\" alt=\"Team kick off meeting\" height=\"209\" src=\"https:\/\/webs.uab.cat\/eylbid\/wp-content\/uploads\/sites\/160\/2019\/10\/1tm_team.jpg\" width=\"352\" srcset=\"https:\/\/webs.uab.cat\/eylbid\/wp-content\/uploads\/sites\/160\/2019\/10\/1tm_team.jpg 2500w, https:\/\/webs.uab.cat\/eylbid\/wp-content\/uploads\/sites\/160\/2019\/10\/1tm_team-300x178.jpg 300w, https:\/\/webs.uab.cat\/eylbid\/wp-content\/uploads\/sites\/160\/2019\/10\/1tm_team-1024x606.jpg 1024w, https:\/\/webs.uab.cat\/eylbid\/wp-content\/uploads\/sites\/160\/2019\/10\/1tm_team-768x455.jpg 768w, https:\/\/webs.uab.cat\/eylbid\/wp-content\/uploads\/sites\/160\/2019\/10\/1tm_team-1536x909.jpg 1536w, https:\/\/webs.uab.cat\/eylbid\/wp-content\/uploads\/sites\/160\/2019\/10\/1tm_team-2048x1212.jpg 2048w, https:\/\/webs.uab.cat\/eylbid\/wp-content\/uploads\/sites\/160\/2019\/10\/1tm_team-1200x710.jpg 1200w, https:\/\/webs.uab.cat\/eylbid\/wp-content\/uploads\/sites\/160\/2019\/10\/1tm_team-1980x1172.jpg 1980w\" sizes=\"auto, (max-width: 352px) 100vw, 352px\" \/><\/p>\n<\/td>\n<td>\n<p style=\"text-align:center\"><img loading=\"lazy\" decoding=\"async\" class=\" size-full wp-image-81\" alt=\"Eylbid Team working kick off meeting\" height=\"204\" src=\"https:\/\/webs.uab.cat\/eylbid\/wp-content\/uploads\/sites\/160\/2019\/10\/img_1862-scaled.jpg\" width=\"271\" srcset=\"https:\/\/webs.uab.cat\/eylbid\/wp-content\/uploads\/sites\/160\/2019\/10\/img_1862-scaled.jpg 2560w, https:\/\/webs.uab.cat\/eylbid\/wp-content\/uploads\/sites\/160\/2019\/10\/img_1862-300x225.jpg 300w, https:\/\/webs.uab.cat\/eylbid\/wp-content\/uploads\/sites\/160\/2019\/10\/img_1862-1024x768.jpg 1024w, https:\/\/webs.uab.cat\/eylbid\/wp-content\/uploads\/sites\/160\/2019\/10\/img_1862-768x576.jpg 768w, https:\/\/webs.uab.cat\/eylbid\/wp-content\/uploads\/sites\/160\/2019\/10\/img_1862-1536x1152.jpg 1536w, https:\/\/webs.uab.cat\/eylbid\/wp-content\/uploads\/sites\/160\/2019\/10\/img_1862-2048x1536.jpg 2048w, https:\/\/webs.uab.cat\/eylbid\/wp-content\/uploads\/sites\/160\/2019\/10\/img_1862-1200x900.jpg 1200w, https:\/\/webs.uab.cat\/eylbid\/wp-content\/uploads\/sites\/160\/2019\/10\/img_1862-1980x1485.jpg 1980w\" sizes=\"auto, (max-width: 271px) 100vw, 271px\" \/><\/p>\n<\/td>\n<\/tr>\n<\/tbody>\n<\/table>\n<ul>\n<li><strong>Deuxi\u00e8me r\u00e9union transnationale<\/strong>&nbsp;du partenariat strat\u00e9gique EYLBID: online,&nbsp; 18 et 19 septembre 2020.&nbsp;Le repr\u00e9sentants de tous les partenaires strat\u00e9giques y ont assist\u00e9<\/li>\n<li><strong>Troisi\u00e8me r\u00e9union transnationale<\/strong>&nbsp;du partenariat strat\u00e9gique EYLBID: Online, 5, 15, juillet&nbsp;2021.<\/li>\n<li><strong>Quatri\u00e8me r\u00e9union transnationale<\/strong>&nbsp;du partenariat strat\u00e9gique EYLBID: : Online, 27\/04\/2022<\/li>\n<\/ul>\n","protected":false},"excerpt":{"rendered":"<p>Reunion initiale du partenariat strat\u00e9gique EYLBID \u00e0 Bellaterra (Universit\u00e9 Autonome de Barcelone, Espagne) le 30 et 31 janvier 2020 : Le 30 et le 31 janvier 2020, le D\u00e9partement de Traduction, d&rsquo;Interpr\u00e9tariat et d&rsquo;\u00c9tudes de l&rsquo;Asie Orientale (UAB) a accueilli la r\u00e9union initiale transnationale du projet. Le repr\u00e9sentants de tous les partenaires strat\u00e9giques y ont [&hellip;]<\/p>\n","protected":false},"author":20,"featured_media":0,"parent":0,"menu_order":0,"comment_status":"closed","ping_status":"closed","template":"","meta":{"footnotes":""},"class_list":["post-116","page","type-page","status-publish","hentry"],"_links":{"self":[{"href":"https:\/\/webs.uab.cat\/eylbid\/fr\/wp-json\/wp\/v2\/pages\/116","targetHints":{"allow":["GET"]}}],"collection":[{"href":"https:\/\/webs.uab.cat\/eylbid\/fr\/wp-json\/wp\/v2\/pages"}],"about":[{"href":"https:\/\/webs.uab.cat\/eylbid\/fr\/wp-json\/wp\/v2\/types\/page"}],"author":[{"embeddable":true,"href":"https:\/\/webs.uab.cat\/eylbid\/fr\/wp-json\/wp\/v2\/users\/20"}],"replies":[{"embeddable":true,"href":"https:\/\/webs.uab.cat\/eylbid\/fr\/wp-json\/wp\/v2\/comments?post=116"}],"version-history":[{"count":0,"href":"https:\/\/webs.uab.cat\/eylbid\/fr\/wp-json\/wp\/v2\/pages\/116\/revisions"}],"wp:attachment":[{"href":"https:\/\/webs.uab.cat\/eylbid\/fr\/wp-json\/wp\/v2\/media?parent=116"}],"curies":[{"name":"wp","href":"https:\/\/api.w.org\/{rel}","templated":true}]}}