{"id":1468,"date":"2024-09-13T13:55:03","date_gmt":"2024-09-13T13:55:03","guid":{"rendered":"https:\/\/webs.uab.cat\/fontsue\/?page_id=1468"},"modified":"2026-08-23T19:59:13","modified_gmt":"2026-08-23T19:59:13","slug":"introduccio","status":"publish","type":"page","link":"https:\/\/webs.uab.cat\/fontsue\/","title":{"rendered":"INTRODUCCI\u00d3"},"content":{"rendered":"\n<p class=\"wp-block-paragraph\">Aquesta guia ofereix una selecci\u00f3 de recursos d\u2019informaci\u00f3 sobre la Uni\u00f3 Europea, elaborada i mantinguda pel Centre de Documentaci\u00f3 Europea de la Universitat Aut\u00f2noma de Barcelona.<\/p>\n\n\n\n<p class=\"wp-block-paragraph\">El seu objectiu \u00e9s facilitar l\u2019acc\u00e9s a fonts fiables i especialitzades sobre la Uni\u00f3 Europea a estudiants, docents, investigadors, professionals i a totes les persones interessades en la realitat europea.<\/p>\n\n\n\n<p class=\"wp-block-paragraph\">Els recursos s\u2019organitzen en diferents \u00e0mbits per facilitar-ne la consulta. La guia es revisa i s\u2019actualitza de manera continuada.<\/p>\n\n\n\n<p class=\"wp-block-paragraph\"><strong>INFORMACI\u00d3 SOBRE LA UE<\/strong><\/p>\n\n\n\n<ul class=\"wp-block-list\">\n<li><a href=\"https:\/\/webs.uab.cat\/fontsue\/institucions-de-la-ue\/\" data-type=\"page\" data-id=\"1480\">Institucions<\/a><\/li>\n\n\n\n<li><a href=\"https:\/\/webs.uab.cat\/fontsue\/legislacio\/\" data-type=\"page\" data-id=\"1777\">Legislaci\u00f3<\/a><\/li>\n\n\n\n<li><a href=\"https:\/\/webs.uab.cat\/fontsue\/jurisprudencia\/\" data-type=\"page\" data-id=\"1781\">Jurisprud\u00e8ncia<\/a><\/li>\n\n\n\n<li><a href=\"https:\/\/webs.uab.cat\/fontsue\/estadistiques\/\" data-type=\"page\" data-id=\"1785\">Estad\u00edstiques<\/a><\/li>\n\n\n\n<li><a href=\"https:\/\/webs.uab.cat\/fontsue\/politiques-de-la-ue\/\" data-type=\"page\" data-id=\"1790\">Pol\u00edtiques de la UE<\/a><\/li>\n\n\n\n<li><a href=\"https:\/\/webs.uab.cat\/fontsue\/historia\/\" data-type=\"page\" data-id=\"1788\">Hist\u00f2ria de la integraci\u00f3 europea<\/a><\/li>\n<\/ul>\n\n\n\n<p class=\"wp-block-paragraph\"><strong>RECURSOS PER A LA RECERCA<\/strong><\/p>\n\n\n\n<ul class=\"wp-block-list\">\n<li><a href=\"https:\/\/webs.uab.cat\/fontsue\/tesaurus-de-fonts-dinformacio-sobre-la-ue\/\" data-type=\"page\" data-id=\"1596\">Descriptors tem\u00e0tics<\/a><\/li>\n\n\n\n<li><a href=\"https:\/\/webs.uab.cat\/fontsue\/bibliografia\/\" data-type=\"page\" data-id=\"1557\">Bibliografia i recerca<\/a><\/li>\n\n\n\n<li><a href=\"https:\/\/www.diigo.com\/user\/cde_uab\/?query=%23Databases\" data-type=\"link\" data-id=\"https:\/\/www.diigo.com\/user\/cde_uab\/?query=%23Databases\" target=\"_blank\" rel=\"noreferrer noopener\">Bases de dades<\/a><\/li>\n\n\n\n<li><a href=\"https:\/\/www.diigo.com\/user\/cde_uab\/?query=%23Statistics_and_Indicators\" data-type=\"link\" data-id=\"https:\/\/www.diigo.com\/user\/cde_uab\/?query=%23Statistics_and_Indicators\" target=\"_blank\" rel=\"noreferrer noopener\">Estad\u00edstiques i indicadors<\/a><\/li>\n\n\n\n<li><a href=\"https:\/\/www.diigo.com\/user\/cde_uab\/?query=%23Terminology\" data-type=\"link\" data-id=\"https:\/\/www.diigo.com\/user\/cde_uab\/?query=%23Terminology\" target=\"_blank\" rel=\"noreferrer noopener\">Glossaris<\/a><\/li>\n\n\n\n<li><a href=\"https:\/\/www.diigo.com\/user\/cde_uab\/?query=%23Maps\" data-type=\"link\" data-id=\"https:\/\/www.diigo.com\/user\/cde_uab\/?query=%23Maps\" target=\"_blank\" rel=\"noreferrer noopener\">Mapes<\/a><\/li>\n\n\n\n<li><a href=\"https:\/\/www.diigo.com\/user\/cde_uab?query=%23VIdeos\" data-type=\"link\" data-id=\"https:\/\/www.diigo.com\/user\/cde_uab?query=%23VIdeos\" target=\"_blank\" rel=\"noreferrer noopener\">V\u00eddeos<\/a><\/li>\n<\/ul>\n\n\n\n<p class=\"wp-block-paragraph\"><strong>APRENENTATGE I DIVULGACI\u00d3<\/strong><\/p>\n\n\n\n<ul class=\"wp-block-list\">\n<li><a href=\"https:\/\/webs.uab.cat\/fontsue\/recursos-educatius\/\" data-type=\"page\" data-id=\"1797\" target=\"_blank\" rel=\"noreferrer noopener\">Recursos educatius<\/a><\/li>\n\n\n\n<li><a href=\"https:\/\/webs.uab.cat\/fontsue\/autoaprenentatge\/\" data-type=\"page\" data-id=\"1801\" target=\"_blank\" rel=\"noreferrer noopener\">Autoaprenentatge<\/a><\/li>\n<\/ul>\n\n\n\n<p class=\"wp-block-paragraph\"><strong>ESTAR AL DIA<\/strong><\/p>\n\n\n\n<ul class=\"wp-block-list\">\n<li><a href=\"https:\/\/webs.uab.cat\/fontsue\/actualitat-europea\/\" data-type=\"page\" data-id=\"1799\" target=\"_blank\" rel=\"noreferrer noopener\">Actualitat de la UE<\/a><\/li>\n\n\n\n<li><a href=\"https:\/\/airtable.com\/appshMv7hl0TWCw6s\/shrI3TKDCigGUB0bD\/tblQx1GBxKow8M60M\" data-type=\"link\" data-id=\"https:\/\/airtable.com\/appshMv7hl0TWCw6s\/shrI3TKDCigGUB0bD\/tblQx1GBxKow8M60M\" target=\"_blank\" rel=\"noreferrer noopener\">Agenda d&#8217;activitats<\/a><\/li>\n\n\n\n<li><a href=\"https:\/\/www.bib.uab.cat\/lacarpeta\/sb21cde\/llista.php\" data-type=\"link\" data-id=\"https:\/\/www.bib.uab.cat\/lacarpeta\/sb21cde\/llista.php\" target=\"_blank\" rel=\"noreferrer noopener\">Butllet\u00ed setmanal del CDE UAB<\/a><\/li>\n\n\n\n<li><a href=\"https:\/\/www.diigo.com\/user\/cde_uab\/?query=%23Podcasts\" data-type=\"link\" data-id=\"https:\/\/www.diigo.com\/user\/cde_uab\/?query=%23Podcasts\" target=\"_blank\" rel=\"noreferrer noopener\">Podcasts<\/a><\/li>\n\n\n\n<li><a href=\"https:\/\/webs.uab.cat\/fontsue\/premsa-i-blogs\/\" data-type=\"page\" data-id=\"1843\" target=\"_blank\" rel=\"noreferrer noopener\">Premsa i blogs<\/a><\/li>\n<\/ul>\n\n\n\n<p class=\"wp-block-paragraph\"><strong>OPORTUNITATS<\/strong><\/p>\n\n\n\n<ul class=\"wp-block-list\">\n<li><a href=\"https:\/\/airtable.com\/appshMv7hl0TWCw6s\/shrnxS2vwMkgvxvql\/tblnVDqhbyOKl0ne6\" data-type=\"link\" data-id=\"https:\/\/airtable.com\/appshMv7hl0TWCw6s\/shrnxS2vwMkgvxvql\/tblnVDqhbyOKl0ne6\" target=\"_blank\" rel=\"noreferrer noopener\">Feina i pr\u00e0ctiques<\/a><\/li>\n\n\n\n<li><a href=\"https:\/\/airtable.com\/appshMv7hl0TWCw6s\/shrBjV7J9Mmzd185X\/tblmklQKd96qjsyt6\" data-type=\"link\" data-id=\"https:\/\/airtable.com\/appshMv7hl0TWCw6s\/shrBjV7J9Mmzd185X\/tblmklQKd96qjsyt6\" target=\"_blank\" rel=\"noreferrer noopener\">Beques<\/a><\/li>\n\n\n\n<li><a href=\"https:\/\/www.diigo.com\/user\/cde_uab\/?query=%23Awards_Contests\" data-type=\"link\" data-id=\"https:\/\/www.diigo.com\/user\/cde_uab\/?query=%23Awards_Contests\" target=\"_blank\" rel=\"noreferrer noopener\">Premis i concursos<\/a><\/li>\n<\/ul>\n\n\n\n<p class=\"wp-block-paragraph\"><\/p>\n\n\n\n<p class=\"wp-block-paragraph\"><\/p>\n","protected":false},"excerpt":{"rendered":"<p>Aquesta guia ofereix una selecci\u00f3 de recursos d\u2019informaci\u00f3 sobre la Uni\u00f3 Europea, elaborada i mantinguda pel Centre de Documentaci\u00f3 Europea de la Universitat Aut\u00f2noma de Barcelona. El seu objectiu \u00e9s facilitar l\u2019acc\u00e9s a fonts fiables i especialitzades sobre la Uni\u00f3 Europea a estudiants, docents, investigadors, professionals i a totes les persones interessades en la realitat [&hellip;]<\/p>\n","protected":false},"author":50,"featured_media":0,"parent":0,"menu_order":0,"comment_status":"closed","ping_status":"closed","template":"","meta":{"footnotes":""},"class_list":["post-1468","page","type-page","status-publish","hentry"],"_links":{"self":[{"href":"https:\/\/webs.uab.cat\/fontsue\/wp-json\/wp\/v2\/pages\/1468","targetHints":{"allow":["GET"]}}],"collection":[{"href":"https:\/\/webs.uab.cat\/fontsue\/wp-json\/wp\/v2\/pages"}],"about":[{"href":"https:\/\/webs.uab.cat\/fontsue\/wp-json\/wp\/v2\/types\/page"}],"author":[{"embeddable":true,"href":"https:\/\/webs.uab.cat\/fontsue\/wp-json\/wp\/v2\/users\/50"}],"replies":[{"embeddable":true,"href":"https:\/\/webs.uab.cat\/fontsue\/wp-json\/wp\/v2\/comments?post=1468"}],"version-history":[{"count":99,"href":"https:\/\/webs.uab.cat\/fontsue\/wp-json\/wp\/v2\/pages\/1468\/revisions"}],"predecessor-version":[{"id":2408,"href":"https:\/\/webs.uab.cat\/fontsue\/wp-json\/wp\/v2\/pages\/1468\/revisions\/2408"}],"wp:attachment":[{"href":"https:\/\/webs.uab.cat\/fontsue\/wp-json\/wp\/v2\/media?parent=1468"}],"curies":[{"name":"wp","href":"https:\/\/api.w.org\/{rel}","templated":true}]}}