{"id":1468,"date":"2024-09-13T13:55:03","date_gmt":"2024-09-13T13:55:03","guid":{"rendered":"https:\/\/webs.uab.cat\/fontsue\/?page_id=1468"},"modified":"2026-04-17T08:31:20","modified_gmt":"2026-04-17T08:31:20","slug":"introduccio","status":"publish","type":"page","link":"https:\/\/webs.uab.cat\/fontsue\/","title":{"rendered":"Guia de recursos"},"content":{"rendered":"\n<h2 class=\"wp-block-heading\">Introducci\u00f3<\/h2>\n\n\n\n<p>Aquest web \u00e9s una guia de recursos pensada per ajudar a entendre qu\u00e8 \u00e9s i com funciona la Uni\u00f3 Europea.<\/p>\n\n\n\n<p>Tot i que el <a href=\"https:\/\/european-union.europa.eu\/index_es\" data-type=\"link\" data-id=\"https:\/\/european-union.europa.eu\/index_es\" target=\"_blank\" rel=\"noreferrer noopener\">portal Europa<\/a> \u00e9s una eina fonamental per informar-se sobre la UE, des del Centre de Documentaci\u00f3 Europea considerem que, atesa la complexitat de la seva estructura i funcionament, \u00e9s \u00fatil disposar d\u2019una eina pedag\u00f2gica que faciliti l\u2019acc\u00e9s i simplifiqui la consulta de la gran quantitat d\u2019informaci\u00f3 que ofereix aquest portal.<\/p>\n\n\n\n<p>A m\u00e9s, aquest web no nom\u00e9s recull recursos elaborats per les institucions europees, sin\u00f3 que tamb\u00e9 inclou altres fonts externes d\u2019alt inter\u00e8s per aprofundir en el coneixement del proc\u00e9s d\u2019integraci\u00f3 europea.<\/p>\n\n\n\n<h2 class=\"wp-block-heading\">Recopilacions de recursos<\/h2>\n\n\n\n<p>A l&#8217;igual que aquest web, que \u00e9s resultat del treball que fem al Centre de Documentaci\u00f3 Europea de la UAB, molts centres de recerca i de documentaci\u00f3 tenen el seu propi web recopilant recursos. Us recomanem alguns molt \u00fatils:<\/p>\n\n\n\n<ul class=\"wp-block-list\">\n<li><a href=\"https:\/\/www.upf.edu\/web\/baces\/eu-resources-platform\" data-type=\"link\" data-id=\"https:\/\/www.upf.edu\/web\/baces\/eu-resources-platform\" target=\"_blank\" rel=\"noreferrer noopener\">EU Learning Platform (BACES-UPF)<\/a><\/li>\n\n\n\n<li><a href=\"https:\/\/www.comunidad.madrid\/servicios\/madrid-mundo\/publicaciones-union-europea\" data-type=\"link\" data-id=\"https:\/\/www.comunidad.madrid\/servicios\/madrid-mundo\/publicaciones-union-europea\" target=\"_blank\" rel=\"noreferrer noopener\">Publicaciones sobre la UE (Madrid en el mundo)<\/a><\/li>\n\n\n\n<li><a href=\"https:\/\/ec-europa-eu.libguides.com\/EU_sources\" data-type=\"link\" data-id=\"https:\/\/ec-europa-eu.libguides.com\/EU_sources\" target=\"_blank\" rel=\"noreferrer noopener\">EC Sources and Information &#8211; EC Library Guide<\/a><\/li>\n<\/ul>\n\n\n\n<h2 class=\"wp-block-heading\">Institucions<\/h2>\n\n\n\n<p>El marc institucional de la UE i el seu sistema de presa de decisions \u00e9s \u00fanic. El conformen set institucions europees, vuit \u00f2rgans de la UE i un gran nombre d&#8217;ag\u00e8ncies que s&#8217;estenen per tota la Uni\u00f3. En <a href=\"https:\/\/webs.uab.cat\/fontsue\/institucions-de-la-ue\/\" data-type=\"link\" data-id=\"https:\/\/webs.uab.cat\/fontsue\/institucions-de-la-ue\/\" target=\"_blank\" rel=\"noreferrer noopener\">aquesta p\u00e0gina<\/a> es presenten les principals institucions i alguns enlla\u00e7os rellevants.<\/p>\n\n\n\n<h2 class=\"wp-block-heading\">Legislaci\u00f3<\/h2>\n\n\n\n<p>El proc\u00e9s legislatiu de la UE implica principalment el Consell de la Uni\u00f3 Europea i el Parlament Europeu. Tanmateix, tamb\u00e9 hi participen la Comissi\u00f3 Europea i altres \u00f2rgans de la Uni\u00f3. Per obtenir una visi\u00f3 detallada del funcionament del proc\u00e9s legislatiu, podeu consultar el <a href=\"https:\/\/www.europarl.europa.eu\/about-parliament\/es\/parliaments-powers\/legislative-powers\" data-type=\"link\" data-id=\"https:\/\/www.europarl.europa.eu\/about-parliament\/es\/parliaments-powers\/legislative-powers\" target=\"_blank\" rel=\"noreferrer noopener\">web sobre el poder legislatiu del Parlament Europeu<\/a> o la p\u00e0gina dedicada al <a href=\"https:\/\/www.consilium.europa.eu\/es\/council-eu\/decision-making\/ordinary-legislative-procedure\/\" data-type=\"link\" data-id=\"https:\/\/www.consilium.europa.eu\/es\/council-eu\/decision-making\/ordinary-legislative-procedure\/\" target=\"_blank\" rel=\"noreferrer noopener\">procediment legislatiu ordinari del Consell de la UE<\/a>.<\/p>\n\n\n\n<p>Cal destacar tamb\u00e9 la <a href=\"https:\/\/citizens-initiative.europa.eu\/_es\" data-type=\"link\" data-id=\"https:\/\/citizens-initiative.europa.eu\/_es\" target=\"_blank\" rel=\"noreferrer noopener\">Iniciativa Ciutadana Europea (ICE)<\/a>, un instrument de democr\u00e0cia participativa que permet als ciutadans de la UE convidar la Comissi\u00f3 Europea a presentar una proposta legislativa en \u00e0mbits de la seva compet\u00e8ncia. Perqu\u00e8 una iniciativa sigui examinada, ha de recollir almenys un mili\u00f3 de signatures procedents d\u2019un nombre significatiu d\u2019Estats membres. Aquest mecanisme refor\u00e7a la participaci\u00f3 directa de la ciutadania en el proc\u00e9s d\u2019elaboraci\u00f3 de les pol\u00edtiques europees i contribueix a apropar la Uni\u00f3 als seus ciutadans.<\/p>\n\n\n\n<p>Un altre mecanisme de participaci\u00f3 s\u00f3n les <a href=\"https:\/\/commission.europa.eu\/about\/service-standards-and-principles\/transparency\/consultations_es\" data-type=\"link\" data-id=\"https:\/\/commission.europa.eu\/about\/service-standards-and-principles\/transparency\/consultations_es\" target=\"_blank\" rel=\"noreferrer noopener\">consultes p\u00fabliques<\/a> que organitza la Comissi\u00f3 Europea abans d\u2019elaborar o revisar iniciatives legislatives i pol\u00edtiques. Aquestes consultes permeten que ciutadans, empreses, organitzacions i altres parts interessades expressin la seva opini\u00f3 i facin aportacions sobre iniciatives concretes. A trav\u00e9s del portal <a href=\"https:\/\/ec.europa.eu\/info\/law\/better-regulation\/have-your-say_en\" data-type=\"link\" data-id=\"https:\/\/ec.europa.eu\/info\/law\/better-regulation\/have-your-say_en\" target=\"_blank\" rel=\"noreferrer noopener\">\u201cHave your say\u201d (Digueu-hi la vostra)<\/a>, es poden consultar les iniciatives obertes, enviar contribucions i fer el seguiment de l\u2019evoluci\u00f3 de les propostes. Aquesta plataforma de participaci\u00f3 ciutadana contribueix a millorar la transpar\u00e8ncia i la qualitat normativa, tot afavorint una elaboraci\u00f3 de pol\u00edtiques m\u00e9s oberta i inclusiva.<\/p>\n\n\n\n<p>En aquest mateix marc s\u2019inscriu el<a href=\"https:\/\/citizens.ec.europa.eu\/index_en\" data-type=\"link\" data-id=\"https:\/\/citizens.ec.europa.eu\/index_en\" target=\"_blank\" rel=\"noreferrer noopener\"> portal de participaci\u00f3 ciutadana de la Comissi\u00f3 Europea<\/a>, que ofereix un espai centralitzat perqu\u00e8 la ciutadania participi activament en la vida democr\u00e0tica de la Uni\u00f3. Aquest web recull les diferents vies de participaci\u00f3 disponibles \u2014com ara les consultes p\u00fabliques, les iniciatives ciutadanes europees o els debats ciutadans\u2014 i proporciona informaci\u00f3 clara sobre com implicar-se en l\u2019elaboraci\u00f3 i millora de les pol\u00edtiques europees. L\u2019objectiu \u00e9s refor\u00e7ar la transpar\u00e8ncia, fomentar el di\u00e0leg amb les institucions i facilitar una participaci\u00f3 m\u00e9s accessible, inclusiva i informada.<\/p>\n\n\n\n<p>Aquesta plataforma de participaci\u00f3 ciutadana contribueix, en definitiva, a millorar la qualitat normativa i a promoure una elaboraci\u00f3 de pol\u00edtiques m\u00e9s oberta i propera als ciutadans.<\/p>\n\n\n\n<p>Per cercar legislaci\u00f3 de la UE \u2014tant vigent com en fase de preparaci\u00f3\u2014 cal consultar el portal <a href=\"https:\/\/eur-lex.europa.eu\/homepage.html?lang=es\" data-type=\"link\" data-id=\"https:\/\/eur-lex.europa.eu\/homepage.html?lang=es\" target=\"_blank\" rel=\"noreferrer noopener\">EUR-Lex<\/a>. Aquest portal permet accedir als <a href=\"https:\/\/eur-lex.europa.eu\/collection\/eu-law\/treaties\/treaties-force.html\" data-type=\"link\" data-id=\"https:\/\/eur-lex.europa.eu\/collection\/eu-law\/treaties\/treaties-force.html\" target=\"_blank\" rel=\"noreferrer noopener\">Tractats<\/a>, als <a href=\"https:\/\/eur-lex.europa.eu\/collection\/eu-law\/legal-acts\/recent.html\" data-type=\"link\" data-id=\"https:\/\/eur-lex.europa.eu\/collection\/eu-law\/legal-acts\/recent.html\" target=\"_blank\" rel=\"noreferrer noopener\">actes jur\u00eddics<\/a> de les institucions europees, als <a href=\"https:\/\/eur-lex.europa.eu\/collection\/eu-law\/pre-acts.html\" data-type=\"link\" data-id=\"https:\/\/eur-lex.europa.eu\/collection\/eu-law\/pre-acts.html\" target=\"_blank\" rel=\"noreferrer noopener\">documents preparatoris<\/a>, a la <a href=\"https:\/\/eur-lex.europa.eu\/collection\/eu-law\/eu-case-law.html\" data-type=\"link\" data-id=\"https:\/\/eur-lex.europa.eu\/collection\/eu-law\/eu-case-law.html\" target=\"_blank\" rel=\"noreferrer noopener\">jurisprud\u00e8ncia de la UE<\/a>, als <a href=\"https:\/\/eur-lex.europa.eu\/collection\/eu-law\/inter-agree.html\" data-type=\"link\" data-id=\"https:\/\/eur-lex.europa.eu\/collection\/eu-law\/inter-agree.html\" target=\"_blank\" rel=\"noreferrer noopener\">acords internacionals<\/a>, als <a href=\"https:\/\/eur-lex.europa.eu\/collection\/eu-law\/efta.html\" data-type=\"link\" data-id=\"https:\/\/eur-lex.europa.eu\/collection\/eu-law\/efta.html\" target=\"_blank\" rel=\"noreferrer noopener\">documents de l\u2019AELC<\/a>, aix\u00ed com a les refer\u00e8ncies a les <a href=\"https:\/\/eur-lex.europa.eu\/collection\/n-law\/mne.html\" data-type=\"link\" data-id=\"https:\/\/eur-lex.europa.eu\/collection\/n-law\/mne.html\" target=\"_blank\" rel=\"noreferrer noopener\">mesures de transposici\u00f3 nacional<\/a> i a la <a href=\"https:\/\/eur-lex.europa.eu\/collection\/n-law\/n-case-law.html\" data-type=\"link\" data-id=\"https:\/\/eur-lex.europa.eu\/collection\/n-law\/n-case-law.html\" target=\"_blank\" rel=\"noreferrer noopener\">jurisprud\u00e8ncia nacional <\/a>relacionada amb el dret de la Uni\u00f3.<\/p>\n\n\n\n<p>Cada document d\u2019EUR-Lex incorpora informaci\u00f3 detallada i contextualitzada, com ara les relacions amb altres textos jur\u00eddics, les interpretacions jurisprudencials, les dates d\u2019adopci\u00f3, entrada en vigor i aplicabilitat, la base jur\u00eddica o els actes modificatius, entre d\u2019altres.<\/p>\n\n\n\n<p>A m\u00e9s, EUR-Lex dona acc\u00e9s a totes les edicions del <a href=\"https:\/\/eur-lex.europa.eu\/oj\/direct-access.html\" data-type=\"link\" data-id=\"https:\/\/eur-lex.europa.eu\/oj\/direct-access.html\" target=\"_blank\" rel=\"noreferrer noopener\">Diari Oficial de la Uni\u00f3 Europea (DO)<\/a> des de 1952, al <a href=\"https:\/\/eur-lex.europa.eu\/budget\/www\/index-en.htm\" data-type=\"link\" data-id=\"https:\/\/eur-lex.europa.eu\/budget\/www\/index-en.htm\" target=\"_blank\" rel=\"noreferrer noopener\">pressupost en l\u00ednia<\/a> des de 1957 i a m\u00e9s de 2.000 <a href=\"https:\/\/eur-lex.europa.eu\/browse\/summaries.html\" data-type=\"link\" data-id=\"https:\/\/eur-lex.europa.eu\/browse\/summaries.html\" target=\"_blank\" rel=\"noreferrer noopener\">s\u00edntesis de la legislaci\u00f3 europea<\/a>, que expliquen el dret de la UE de manera clara, concisa i entenedora.<\/p>\n\n\n\n<p>En <a href=\"https:\/\/eur-lex.europa.eu\/content\/help\/search\/intro.html\" data-type=\"link\" data-id=\"https:\/\/eur-lex.europa.eu\/content\/help\/search\/intro.html\" target=\"_blank\" rel=\"noreferrer noopener\">aquest web<\/a> trobareu una guia per fer cerques eficients a Eur-Lex.<\/p>\n\n\n\n<p>Si voleu fer el seguiment dels expedients legislatius, hi ha diversos portals especialment \u00fatils: el <a href=\"https:\/\/www.europarl.europa.eu\/legislative-train\/\" data-type=\"link\" data-id=\"https:\/\/www.europarl.europa.eu\/legislative-train\/\" target=\"_blank\" rel=\"noreferrer noopener\">Legislative Train Schedule<\/a> (des de 2014), el <a href=\"https:\/\/oeil.europarl.europa.eu\/oeil\/en\" data-type=\"link\" data-id=\"https:\/\/oeil.europarl.europa.eu\/oeil\/en\" target=\"_blank\" rel=\"noreferrer noopener\">Legislative Observatory<\/a> (des de 1994) i l\u2019<a href=\"https:\/\/law-tracker.europa.eu\/homepage?lang=en\" data-type=\"link\" data-id=\"https:\/\/law-tracker.europa.eu\/homepage?lang=en\" target=\"_blank\" rel=\"noreferrer noopener\">EU Law Tracker<\/a> (des de 2024).<\/p>\n\n\n\n<p>Pel que fa al compliment de la legislaci\u00f3 europea, la Comissi\u00f3 Europea exerceix el paper de <a href=\"https:\/\/eur-lex.europa.eu\/ES\/legal-content\/glossary\/enforcement-of-eu-law.html\" data-type=\"link\" data-id=\"https:\/\/eur-lex.europa.eu\/ES\/legal-content\/glossary\/enforcement-of-eu-law.html\" target=\"_blank\" rel=\"noreferrer noopener\">guardiana dels Tractats<\/a>. Aquesta funci\u00f3 pot comportar l\u2019inici de <a href=\"https:\/\/commission.europa.eu\/law\/application-eu-law\/implementing-eu-law\/infringement-procedure_en?prefLang=es\" data-type=\"link\" data-id=\"https:\/\/commission.europa.eu\/law\/application-eu-law\/implementing-eu-law\/infringement-procedure_en?prefLang=es\" target=\"_blank\" rel=\"noreferrer noopener\">procediments d\u2019infracci\u00f3<\/a> quan els Estats membres no compleixen les obligacions derivades del dret de la Uni\u00f3. Aquestes activitats de control es poden consultar mitjan\u00e7ant<a href=\"https:\/\/ec.europa.eu\/implementing-eu-law\/home\/en\" data-type=\"link\" data-id=\"https:\/\/ec.europa.eu\/implementing-eu-law\/home\/en\" target=\"_blank\" rel=\"noreferrer noopener\"> mapes interactius i gr\u00e0fics personalitzables<\/a>.<\/p>\n\n\n\n<p>Per con\u00e8ixer la hist\u00f2ria d\u2019un assumpte concret o accedir a la base de dades completa de decisions sobre infraccions, es pot consultar el <a href=\"https:\/\/ec.europa.eu\/implementing-eu-law\/search-infringement-decisions\/?langCode=EN\" data-type=\"link\" data-id=\"https:\/\/ec.europa.eu\/implementing-eu-law\/search-infringement-decisions\/?langCode=EN\" target=\"_blank\" rel=\"noreferrer noopener\">registre p\u00fablic de decisions d\u2019infracci\u00f3<\/a>. <\/p>\n\n\n\n<p>D\u2019altra banda, al portal de la Representaci\u00f3 de la Comissi\u00f3 Europea a Barcelona hi trobareu una secci\u00f3 espec\u00edfica amb informaci\u00f3 sobre els <a href=\"https:\/\/barcelona.spain.representation.ec.europa.eu\/viure-treballar-i-estudiar\/els-teus-drets_ca\" data-type=\"link\" data-id=\"https:\/\/barcelona.spain.representation.ec.europa.eu\/viure-treballar-i-estudiar\/els-teus-drets_ca\" target=\"_blank\" rel=\"noreferrer noopener\">drets dels ciutadans europeus<\/a>.<\/p>\n\n\n\n<p>Finalment, per comprendre com es genera la legislaci\u00f3 a Espanya \u2014que sovint t\u00e9 l\u2019origen en normes europees\u2014 \u00e9s especialment \u00fatil consultar <a href=\"https:\/\/parlamentia.newtral.es\/buscador-de-leyes\" data-type=\"link\" data-id=\"https:\/\/parlamentia.newtral.es\/buscador-de-leyes\" target=\"_blank\" rel=\"noreferrer noopener\">Parlamentia<\/a>, una plataforma que explica de manera did\u00e0ctica com s\u2019elaboren les lleis a Espanya, des de la seva entrada al Congr\u00e9s fins a la publicaci\u00f3 al BOE.<\/p>\n\n\n\n<h2 class=\"wp-block-heading\">Just\u00edcia<\/h2>\n\n\n\n<p>Des de la seva creaci\u00f3 el 1952, el <a href=\"https:\/\/curia.europa.eu\/site\/jcms\/\" data-type=\"link\" data-id=\"https:\/\/curia.europa.eu\/site\/jcms\/\" target=\"_blank\" rel=\"noreferrer noopener\">Tribunal de Just\u00edcia de la Uni\u00f3 Europea (TJUE)<\/a> t\u00e9 com a missi\u00f3 garantir el respecte del dret de la Uni\u00f3 en la interpretaci\u00f3 i aplicaci\u00f3 dels Tractats. En exercici d\u2019aquesta funci\u00f3, controla la legalitat dels actes de les institucions europees, vetlla perqu\u00e8 els Estats membres compleixin les obligacions que els imposa el dret de la UE i interpreta el dret de la Uni\u00f3 a petici\u00f3 dels \u00f2rgans jurisdiccionals nacionals mitjan\u00e7ant el <a href=\"https:\/\/curia.europa.eu\/site\/jcms\/d2_5108\/es\/desarrollo-del-procedimiento\" data-type=\"link\" data-id=\"https:\/\/curia.europa.eu\/site\/jcms\/d2_5108\/es\/desarrollo-del-procedimiento\" target=\"_blank\" rel=\"noreferrer noopener\">mecanisme de la q\u00fcesti\u00f3 prejudicial<\/a>.<\/p>\n\n\n\n<p>Si, com a particular o com a empresa, considereu que heu estat perjudicats per una acci\u00f3 o omissi\u00f3 d\u2019una instituci\u00f3 de la UE o del seu personal, disposeu de dues <a href=\"https:\/\/curia.europa.eu\/site\/jcms\/d2_5108\/es\/desarrollo-del-procedimiento\" data-type=\"link\" data-id=\"https:\/\/curia.europa.eu\/site\/jcms\/d2_5108\/es\/desarrollo-del-procedimiento\" target=\"_blank\" rel=\"noreferrer noopener\">vies de recurs<\/a>. D\u2019una banda, podeu acudir als tribunals nacionals, que, si escau, poden plantejar una q\u00fcesti\u00f3 prejudicial davant el Tribunal de Just\u00edcia. De l\u2019altra, podeu interposar directament un recurs davant el Tribunal General quan una decisi\u00f3 d\u2019una instituci\u00f3 europea us afecti de manera directa i individual.<\/p>\n\n\n\n<p>En cas que considereu que l\u2019administraci\u00f3 d\u2019un Estat membre ha vulnerat el dret de la Uni\u00f3, cal seguir el procediment oficial de <a href=\"https:\/\/commission.europa.eu\/about\/contact\/problems-and-complaints_es\" data-type=\"link\" data-id=\"https:\/\/commission.europa.eu\/about\/contact\/problems-and-complaints_es\" target=\"_blank\" rel=\"noreferrer noopener\">den\u00fancia davant la Comissi\u00f3 Europea<\/a>.<\/p>\n\n\n\n<p>Dins del web del TJUE s\u00f3n especialment recomanables la <a href=\"https:\/\/infocuria.curia.europa.eu\/tabs\/tout?lang=es\" data-type=\"link\" data-id=\"https:\/\/infocuria.curia.europa.eu\/tabs\/tout?lang=es\" target=\"_blank\" rel=\"noreferrer noopener\">base de dades de jurisprud\u00e8ncia<\/a>, les<a href=\"https:\/\/curia.europa.eu\/site\/jcms\/d2_5127\/es\/\" data-type=\"link\" data-id=\"https:\/\/curia.europa.eu\/site\/jcms\/d2_5127\/es\/\" target=\"_blank\" rel=\"noreferrer noopener\"> fitxes tem\u00e0tiques<\/a>, els <a href=\"https:\/\/curia.europa.eu\/site\/jcms\/d2_5128\/es\/boletin-mensual-de-jurisprudencia\" data-type=\"link\" data-id=\"https:\/\/curia.europa.eu\/site\/jcms\/d2_5128\/es\/boletin-mensual-de-jurisprudencia\" target=\"_blank\" rel=\"noreferrer noopener\">butlletins mensuals de jurisprud\u00e8ncia<\/a>, la <a href=\"https:\/\/curia.europa.eu\/site\/jcms\/d2_5129\/es\/seleccion-anual-de-las-principales-sentencias\" data-type=\"link\" data-id=\"https:\/\/curia.europa.eu\/site\/jcms\/d2_5129\/es\/seleccion-anual-de-las-principales-sentencias\" target=\"_blank\" rel=\"noreferrer noopener\">selecci\u00f3 anual de les principals sent\u00e8ncies<\/a>, els <a href=\"https:\/\/curia.europa.eu\/site\/jcms\/d2_5158\/es\/comunicados-de-prensa\" data-type=\"link\" data-id=\"https:\/\/curia.europa.eu\/site\/jcms\/d2_5158\/es\/comunicados-de-prensa\" target=\"_blank\" rel=\"noreferrer noopener\">comunicats de premsa<\/a>, les <a href=\"https:\/\/curia.europa.eu\/site\/jcms\/d2_5137\/es\/notas-de-investigacion\" data-type=\"link\" data-id=\"https:\/\/curia.europa.eu\/site\/jcms\/d2_5137\/es\/notas-de-investigacion\" target=\"_blank\" rel=\"noreferrer noopener\">notes de recerca<\/a> i les <a href=\"https:\/\/curia.europa.eu\/site\/jcms\/d2_5138\/es\/novedades-juridicas\" data-type=\"link\" data-id=\"https:\/\/curia.europa.eu\/site\/jcms\/d2_5138\/es\/novedades-juridicas\" target=\"_blank\" rel=\"noreferrer noopener\">novetats jur\u00eddiques<\/a>. <\/p>\n\n\n\n<p>En aquesta secci\u00f3 dedicada a la just\u00edcia tamb\u00e9 destaquen altres portals d\u2019inter\u00e8s. En primer lloc, la <a href=\"https:\/\/curia.europa.eu\/site\/jcms\/d2_5135\/es\/\" data-type=\"link\" data-id=\"https:\/\/curia.europa.eu\/site\/jcms\/d2_5135\/es\/\" target=\"_blank\" rel=\"noreferrer noopener\">Xarxa Judicial de la UE<\/a>, una plataforma d\u2019intercanvi d\u2019informaci\u00f3 entre tribunals que t\u00e9 per objectiu compartir i centralitzar recursos \u00fatils per a l\u2019aplicaci\u00f3, la difusi\u00f3 i l\u2019estudi del dret de la Uni\u00f3, tal com \u00e9s interpretat tant pel Tribunal de Just\u00edcia com pels tribunals nacionals.<\/p>\n\n\n\n<p>En segon lloc, el <a href=\"https:\/\/e-justice.europa.eu\/select-language?destination=\/node\/2\" data-type=\"link\" data-id=\"https:\/\/e-justice.europa.eu\/select-language?destination=\/node\/2\" target=\"_blank\" rel=\"noreferrer noopener\">Portal Europeu de Just\u00edcia Electr\u00f2nica (e-Just\u00edcia)<\/a> constitueix una eina clau per facilitar l\u2019acc\u00e9s a la just\u00edcia a escala europea, amb la voluntat d\u2019esdevenir una finestreta \u00fanica en l\u2019\u00e0mbit judicial.<\/p>\n\n\n\n<p>Finalment, cal esmentar dues ag\u00e8ncies fonamentals en la cooperaci\u00f3 judicial i policial per combatre la delinq\u00fc\u00e8ncia transfronterera greu i el terrorisme: <a href=\"https:\/\/www.eurojust.europa.eu\/\" data-type=\"link\" data-id=\"https:\/\/www.eurojust.europa.eu\/\" target=\"_blank\" rel=\"noreferrer noopener\">Eurojust<\/a> i <a href=\"https:\/\/www.europol.europa.eu\/\" data-type=\"link\" data-id=\"https:\/\/www.europol.europa.eu\/\" target=\"_blank\" rel=\"noreferrer noopener\">Europol<\/a>, que donen suport a les autoritats nacionals en la coordinaci\u00f3 d\u2019investigacions i actuacions operatives.<\/p>\n\n\n\n<h2 class=\"wp-block-heading\">Estad\u00edstiques<\/h2>\n\n\n\n<p><a href=\"https:\/\/ec.europa.eu\/eurostat\/web\/main\/home\" data-type=\"link\" data-id=\"https:\/\/ec.europa.eu\/eurostat\/web\/main\/home\" target=\"_blank\" rel=\"noreferrer noopener\">Eurostat<\/a> \u00e9s l\u2019oficina estad\u00edstica de la Uni\u00f3 Europea. Elabora i publica estad\u00edstiques europees en col\u00b7laboraci\u00f3 amb els instituts nacionals d\u2019estad\u00edstica i altres autoritats competents dels Estats membres. La seva missi\u00f3 \u00e9s proporcionar dades comparables i fiables que permetin analitzar i comprendre l\u2019evoluci\u00f3 econ\u00f2mica, social i territorial de la UE.<\/p>\n\n\n\n<p>Atesa l\u2019amplitud i complexitat del seu contingut, es recomana utilitzar la cerca per mat\u00e8ries a trav\u00e9s dels apartats <a href=\"https:\/\/ec.europa.eu\/eurostat\/web\/main\/data\/statistical-themes\" data-type=\"link\" data-id=\"https:\/\/ec.europa.eu\/eurostat\/web\/main\/data\/statistical-themes\" target=\"_blank\" rel=\"noreferrer noopener\">Statistical themes<\/a> i <a href=\"https:\/\/ec.europa.eu\/eurostat\/web\/main\/data\/stats-finder-a-z\" data-type=\"link\" data-id=\"https:\/\/ec.europa.eu\/eurostat\/web\/main\/data\/stats-finder-a-z\" target=\"_blank\" rel=\"noreferrer noopener\">Stats finder A\u2013Z<\/a>, que faciliten la localitzaci\u00f3 de dades per \u00e0rees tem\u00e0tiques. L\u2019apartat <a href=\"https:\/\/ec.europa.eu\/eurostat\/web\/main\/data\/data-visualisations\" data-type=\"link\" data-id=\"https:\/\/ec.europa.eu\/eurostat\/web\/main\/data\/data-visualisations\" target=\"_blank\" rel=\"noreferrer noopener\">Data visualisations<\/a> ofereix, a m\u00e9s, eines interactives i aplicacions visuals especialment \u00fatils per explorar les dades de manera intu\u00eftiva.<\/p>\n\n\n\n<p>A m\u00e9s, Eurostat ofereix una col\u00b7lecci\u00f3 de <a href=\"https:\/\/ec.europa.eu\/eurostat\/web\/main\/publications\/interactive-publications\" data-type=\"link\" data-id=\"https:\/\/ec.europa.eu\/eurostat\/web\/main\/publications\/interactive-publications\" target=\"_blank\" rel=\"noreferrer noopener\">publicacions interactives<\/a> que presenten dades estad\u00edstiques clau de manera visual, din\u00e0mica i accessible. Aquestes publicacions combinen visualitzacions interactives amb textos explicatius per temes com la demografia, l\u2019energia, la digitalitzaci\u00f3, la migraci\u00f3 o les regions d\u2019Europa, permetent comparar la situaci\u00f3 i les tend\u00e8ncies entre pa\u00efsos o regions de la UE. Les visualitzacions s\u00f3n especialment \u00fatils per entendre les dades de manera intu\u00eftiva i per a usos educatius o d\u2019an\u00e0lisi comparada, fent-los una eina molt valuosa tant per a estudiants i investigadors com per a professionals i ciutadans interessats.<\/p>\n\n\n\n<p>En paral\u00b7lel, la secci\u00f3 de <a href=\"https:\/\/ec.europa.eu\/eurostat\/web\/main\/publications\/key-figures\" data-type=\"link\" data-id=\"https:\/\/ec.europa.eu\/eurostat\/web\/main\/publications\/key-figures\" target=\"_blank\" rel=\"noreferrer noopener\">Key Figures<\/a> d\u2019Eurostat recull una selecci\u00f3 de indicadors essencials sobre aspectes socials, econ\u00f2mics i ambientals de la Uni\u00f3 Europea presentats de forma clara i sintetitzada. Aquesta col\u00b7lecci\u00f3 de dades destacades facilita una visi\u00f3 r\u00e0pida i comparable de factors com l\u2019economia, l\u2019ocupaci\u00f3, els nivells de vida o l\u2019educaci\u00f3 entre els Estats membres.<\/p>\n\n\n\n<p>Les estad\u00edstiques d\u2019Eurostat es complementen amb les elaborades per diverses ag\u00e8ncies i institucions europees. En s\u00f3n alguns exemples:<\/p>\n\n\n\n<ul class=\"wp-block-list\">\n<li><a href=\"https:\/\/economy-finance.ec.europa.eu\/economic-research-and-databases\/economic-databases_en\" data-type=\"link\" data-id=\"https:\/\/economy-finance.ec.europa.eu\/economic-research-and-databases\/economic-databases_en\" target=\"_blank\" rel=\"noreferrer noopener\">EC Economic Databases<\/a><\/li>\n\n\n\n<li><a href=\"https:\/\/www.ecb.europa.eu\/stats\/html\/index.en.html\" data-type=\"link\" data-id=\"https:\/\/www.ecb.europa.eu\/stats\/html\/index.en.html\" target=\"_blank\" rel=\"noreferrer noopener\">ECB Statistics<\/a> i <a href=\"https:\/\/data.ecb.europa.eu\/\" data-type=\"link\" data-id=\"https:\/\/data.ecb.europa.eu\/\" target=\"_blank\" rel=\"noreferrer noopener\">ECB Data Portal<\/a><\/li>\n\n\n\n<li><a href=\"https:\/\/www.ecdc.europa.eu\/en\/data-dashboards-and-databases\" data-type=\"link\" data-id=\"https:\/\/www.ecdc.europa.eu\/en\/data-dashboards-and-databases\" target=\"_blank\" rel=\"noreferrer noopener\">European Centre for Disease Prevention and Control<\/a><\/li>\n\n\n\n<li><a href=\"https:\/\/data.europa.eu\/en\" data-type=\"link\" data-id=\"https:\/\/data.europa.eu\/en\" target=\"_blank\" rel=\"noreferrer noopener\">European data<\/a> <\/li>\n\n\n\n<li><a href=\"https:\/\/www.eea.europa.eu\/en\/analysis#tab-datasets\" data-type=\"link\" data-id=\"https:\/\/www.eea.europa.eu\/en\/analysis#tab-datasets\" target=\"_blank\" rel=\"noreferrer noopener\">European Environment Agency<\/a><\/li>\n\n\n\n<li><a href=\"https:\/\/industry.eea.europa.eu\/\" data-type=\"link\" data-id=\"https:\/\/industry.eea.europa.eu\/\" target=\"_blank\" rel=\"noreferrer noopener\">European Industrial Emissions Portal<\/a><\/li>\n\n\n\n<li><a href=\"https:\/\/eige.europa.eu\/gender-statistics\/dgs\" data-type=\"link\" data-id=\"https:\/\/eige.europa.eu\/gender-statistics\/dgs\" target=\"_blank\" rel=\"noreferrer noopener\">Gender Statistics Database<\/a><\/li>\n\n\n\n<li><a href=\"https:\/\/national-policies.eacea.ec.europa.eu\/mobility-scoreboard\" data-type=\"link\" data-id=\"https:\/\/national-policies.eacea.ec.europa.eu\/mobility-scoreboard\" target=\"_blank\" rel=\"noreferrer noopener\">Mobility Scoreboard<\/a><\/li>\n\n\n\n<li><a href=\"https:\/\/single-market-scoreboard.ec.europa.eu\/\" data-type=\"link\" data-id=\"https:\/\/single-market-scoreboard.ec.europa.eu\/\" target=\"_blank\" rel=\"noreferrer noopener\">Single Market and  Competitiveness Scoreboard<\/a><\/li>\n<\/ul>\n\n\n\n<p>En aquest apartat tamb\u00e9 \u00e9s rellevant incloure l\u2019<a href=\"https:\/\/europa.eu\/eurobarometer\/screen\/home\" data-type=\"link\" data-id=\"https:\/\/europa.eu\/eurobarometer\/screen\/home\" target=\"_blank\" rel=\"noreferrer noopener\">Eurobar\u00f2metre<\/a>, que des de 1974 constitueix l\u2019instrument d\u2019enquesta utilitzat per les institucions europees per mesurar peri\u00f2dicament l\u2019estat de l\u2019opini\u00f3 p\u00fablica a Europa. A trav\u00e9s d\u2019aquests estudis es recullen dades sobre la percepci\u00f3 ciutadana de la UE i sobre q\u00fcestions pol\u00edtiques i socials d\u2019actualitat. Per facilitar-ne la consulta, es recomana utilitzar les opcions <a href=\"https:\/\/europa.eu\/eurobarometer\/surveys\/browse\/theme\" data-type=\"link\" data-id=\"https:\/\/europa.eu\/eurobarometer\/surveys\/browse\/theme\" target=\"_blank\" rel=\"noreferrer noopener\">Surveys by theme<\/a> i <a href=\"https:\/\/europa.eu\/eurobarometer\/surveys\/browse\/a-z\" data-type=\"link\" data-id=\"https:\/\/europa.eu\/eurobarometer\/surveys\/browse\/a-z\" target=\"_blank\" rel=\"noreferrer noopener\">Surveys A\u2013Z<\/a>, que permeten accedir als resultats per tem\u00e0tica o per ordre alfab\u00e8tic.<\/p>\n\n\n\n<h2 class=\"wp-block-heading\">Bibliografia<\/h2>\n\n\n\n<p>En <a href=\"https:\/\/webs.uab.cat\/fontsue\/bibliografia\/\" data-type=\"link\" data-id=\"https:\/\/webs.uab.cat\/fontsue\/bibliografia\/\" target=\"_blank\" rel=\"noreferrer noopener\">aquesta p\u00e0gina<\/a> trobareu un recull de bases de dades especialitzades, revistes cient\u00edfiques i centres de recerca (<em>think tanks<\/em>) que us seran de gran utilitat per localitzar bibliografia acad\u00e8mica i fonts d\u2019an\u00e0lisi sobre la Uni\u00f3 Europea.<\/p>\n\n\n\n<p>Tamb\u00e9 us recomanem consultar la nostra recopilaci\u00f3 <a href=\"https:\/\/ddd.uab.cat\/record\/229097\" data-type=\"link\" data-id=\"https:\/\/ddd.uab.cat\/record\/229097\" target=\"_blank\" rel=\"noreferrer noopener\">Publicacions online sobre la UE<\/a>, que ofereix una selecci\u00f3 de recursos digitals d\u2019inter\u00e8s.A m\u00e9s, podeu consultar la <a href=\"https:\/\/ddd.uab.cat\/record\/320185\" data-type=\"link\" data-id=\"https:\/\/ddd.uab.cat\/record\/320185\" target=\"_blank\" rel=\"noreferrer noopener\">guia bibliogr\u00e0fica<\/a> disponible al Dip\u00f2sit Digital de Documents de la UAB (DDD), que orienta en la cerca i localitzaci\u00f3 de fonts especialitzades sobre la Uni\u00f3 Europea i facilita estrat\u00e8gies per accedir a informaci\u00f3 acad\u00e8mica de qualitat.<\/p>\n\n\n\n<p>Igualment, \u00e9s molt convenient fer la cerca al <a href=\"https:\/\/bibcercador.uab.cat\/discovery\/search?vid=34CSUC_UAB:VU1\" data-type=\"link\" data-id=\"https:\/\/bibcercador.uab.cat\/discovery\/search?vid=34CSUC_UAB:VU1\" target=\"_blank\" rel=\"noreferrer noopener\">cat\u00e0leg de les biblioteques de la UAB<\/a>, utilitzant els filtres disponibles per refinar els resultats \u2014com ara la disponibilitat, el tipus de recurs o la ubicaci\u00f3. Si teniu dubtes sobre l\u2019estrat\u00e8gia o els criteris de cerca, podeu posar-vos en <a href=\"https:\/\/tiquets.uab.cat\/servicedesk\/customer\/portal\/14\/user\/login?destination=portal%2F14%2Fcreate%2F371\" data-type=\"link\" data-id=\"https:\/\/tiquets.uab.cat\/servicedesk\/customer\/portal\/14\/user\/login?destination=portal%2F14%2Fcreate%2F371\" target=\"_blank\" rel=\"noreferrer noopener\">contacte<\/a> amb nosaltres i us assessorarem en la localitzaci\u00f3 de la informaci\u00f3 m\u00e9s adequada.<\/p>\n\n\n\n<h2 class=\"wp-block-heading\">Hist\u00f2ria<\/h2>\n\n\n\n<p>Per con\u00e8ixer la hist\u00f2ria del proc\u00e9s d\u2019integraci\u00f3 europea, us recomanem diversos recursos del portal Europa, com ara <a href=\"https:\/\/european-union.europa.eu\/principles-countries-history\/history-eu\/eu-pioneers_es\" data-type=\"link\" data-id=\"https:\/\/european-union.europa.eu\/principles-countries-history\/history-eu\/eu-pioneers_es\" target=\"_blank\" rel=\"noreferrer noopener\">Pioneros de la UE<\/a>, <a href=\"https:\/\/european-union.europa.eu\/principles-countries-history\/eu-enlargement_es\" data-type=\"link\" data-id=\"https:\/\/european-union.europa.eu\/principles-countries-history\/eu-enlargement_es\">Ampliaci\u00f3n de la UE<\/a> i la <a href=\"https:\/\/learning-corner.learning.europa.eu\/eu-timeline_es#\/dashboard\" data-type=\"link\" data-id=\"https:\/\/learning-corner.learning.europa.eu\/eu-timeline_es#\/dashboard\" target=\"_blank\" rel=\"noreferrer noopener\">L\u00ednia cronol\u00f2gica de la UE<\/a>. Aquesta darrera ofereix una visi\u00f3 sint\u00e8tica i accessible dels principals esdeveniments. <\/p>\n\n\n\n<p>A m\u00e9s, podeu accedir a una valuosa col\u00b7lecci\u00f3 de documentaci\u00f3 hist\u00f2rica a trav\u00e9s del portal del <a href=\"https:\/\/www.cvce.eu\/en\" data-type=\"link\" data-id=\"https:\/\/www.cvce.eu\/en\" target=\"_blank\" rel=\"noreferrer noopener\">Centre virtuel de la connaissance sur l\u2019Europe (CVCE)<\/a>, establert a Luxemburg l\u2019any 2002. El seu contingut s\u2019organitza en col\u00b7leccions multim\u00e8dia que inclouen una \u00e0mplia varietat de fonts multiling\u00fces \u2014documents textuals, imatges, enregistraments d\u2019\u00e0udio i v\u00eddeo, entre d\u2019altres\u2014. Amb m\u00e9s de dos milions de consultes anuals, les seves col\u00b7leccions tem\u00e0tiques i el programa d\u2019hist\u00f2ria oral \u2014que reuneix m\u00e9s d\u2019un centenar d\u2019entrevistes a figures clau del proc\u00e9s d\u2019integraci\u00f3 europea\u2014 constitueixen un recurs innovador i de gran valor per a la recerca hist\u00f2rica.<\/p>\n\n\n\n<p>Tamb\u00e9 \u00e9s especialment interessant el documental <a href=\"https:\/\/www.consilium.europa.eu\/es\/history\/?filters=1734\" data-type=\"link\" data-id=\"https:\/\/www.consilium.europa.eu\/es\/history\/?filters=1734\" target=\"_blank\" rel=\"noreferrer noopener\">De charlas distendidas a decisiones fundamentales<\/a>, que repassa l\u2019evoluci\u00f3 del Consell Europeu des dels seus inicis fins a la seva consolidaci\u00f3 com a instituci\u00f3 central en la definici\u00f3 de les grans orientacions pol\u00edtiques de la Uni\u00f3.<\/p>\n\n\n\n<p>Finalment, si feu una <a href=\"https:\/\/bibcercador.uab.cat\/discovery\/search?query=sub,contains,historia,AND&amp;query=sub,contains,unio%20europea,AND&amp;tab=Everything&amp;search_scope=MyInst_and_CI&amp;sortby=date_d&amp;vid=34CSUC_UAB:VU1&amp;mode=advanced&amp;offset=0\" data-type=\"link\" data-id=\"https:\/\/bibcercador.uab.cat\/discovery\/search?query=sub,contains,historia,AND&amp;query=sub,contains,unio%20europea,AND&amp;tab=Everything&amp;search_scope=MyInst_and_CI&amp;sortby=date_d&amp;vid=34CSUC_UAB:VU1&amp;mode=advanced&amp;offset=0\" target=\"_blank\" rel=\"noreferrer noopener\">cerca al cat\u00e0leg de les biblioteques de la UAB<\/a>, hi trobareu nombrosos t\u00edtols d\u2019inter\u00e8s sobre la hist\u00f2ria de la integraci\u00f3 europea, disponibles en diferents formats i nivells d\u2019especialitzaci\u00f3.<\/p>\n\n\n\n<h2 class=\"wp-block-heading\">Pol\u00edtiques p\u00fabliques <\/h2>\n\n\n\n<p>L\u2019apartat <a href=\"https:\/\/european-union.europa.eu\/priorities-and-actions\/actions-topic_es\" data-type=\"link\" data-id=\"https:\/\/european-union.europa.eu\/priorities-and-actions\/actions-topic_es\" target=\"_blank\" rel=\"noreferrer noopener\">Actuaci\u00f3n por tema<\/a> del portal Europa constitueix una excel\u00b7lent porta d\u2019entrada a les pol\u00edtiques de la Uni\u00f3 Europea. Per a cada \u00e0mbit tem\u00e0tic s\u2019hi ofereix una descripci\u00f3 de l\u2019acci\u00f3 de la UE, s\u00edntesis de la legislaci\u00f3 aplicable, principals publicacions i altra informaci\u00f3 rellevant que permet comprendre el marc pol\u00edtic i normatiu corresponent.<\/p>\n\n\n\n<p>Aquest contingut es complementa amb les p\u00e0gines dedicades a les <a href=\"https:\/\/www.consilium.europa.eu\/es\/topics\/\" data-type=\"link\" data-id=\"https:\/\/www.consilium.europa.eu\/es\/topics\/\" target=\"_blank\" rel=\"noreferrer noopener\">\u00e0rees tem\u00e0tiques del Consell de la UE<\/a>, que inclouen informaci\u00f3 actualitzada sobre les darreres reunions, comunicats de premsa i iniciatives vinculades als diferents \u00e0mbits d\u2019actuaci\u00f3 del Consell i del Consell Europeu.<\/p>\n\n\n\n<p>En tercer lloc, s\u00f3n especialment recomanables les <a href=\"https:\/\/www.europarl.europa.eu\/at-your-service\/es\/stay-informed\/factsheets-on-the-european-union\" data-type=\"link\" data-id=\"https:\/\/www.europarl.europa.eu\/at-your-service\/es\/stay-informed\/factsheets-on-the-european-union\" target=\"_blank\" rel=\"noreferrer noopener\">Fichas t\u00e9cnicas sobre la Uni\u00f3n Europea<\/a>, elaborades pel Parlament Europeu. Es tracta d\u2019un veritable manual de refer\u00e8ncia, amb continguts rigorosos i actualitzats, que ofereixen una visi\u00f3 global de les institucions i de les pol\u00edtiques de la UE, aix\u00ed com del paper del Parlament Europeu en el desenvolupament del proc\u00e9s d\u2019integraci\u00f3. Estan redactades amb un enfocament clar, sint\u00e8tic i accessible per al p\u00fablic general.<\/p>\n\n\n\n<p>Finalment, us convidem a consultar el nostre <a href=\"https:\/\/webs.uab.cat\/fontsue\/tesaurus-de-fonts-dinformacio-sobre-la-ue\/\" data-type=\"link\" data-id=\"https:\/\/webs.uab.cat\/fontsue\/tesaurus-de-fonts-dinformacio-sobre-la-ue\/\" target=\"_blank\" rel=\"noreferrer noopener\">Tesaurus de fonts d\u2019informaci\u00f3 sobre la UE<\/a>, que recull m\u00e9s de 34.200 enlla\u00e7os organitzats mitjan\u00e7ant etiquetes interrelacionades, facilitant aix\u00ed una cerca tem\u00e0tica i estructurada dels recursos disponibles.<\/p>\n\n\n\n<h2 class=\"wp-block-heading\">Carrera professional UE<\/h2>\n\n\n\n<p>Si esteu interessats a desenvolupar una carrera professional a les institucions europees, \u00e9s important con\u00e8ixer tant les oportunitats d\u2019oposicions com els programes de pr\u00e0ctiques que ofereix la Uni\u00f3 Europea. A la UAB <a href=\"https:\/\/webs.uab.cat\/cdeanuncis\/tag\/servei-docupabilitat\/\" data-type=\"link\" data-id=\"https:\/\/webs.uab.cat\/cdeanuncis\/tag\/servei-docupabilitat\/\" target=\"_blank\" rel=\"noreferrer noopener\">s\u2019organitzen cursos i sessions informatives<\/a> espec\u00edfiques per preparar les proves d\u2019acc\u00e9s a la funci\u00f3 p\u00fablica europea i per orientar sobre els diferents perfils professionals demandats per les institucions i ag\u00e8ncies de la UE. A m\u00e9s, el nostre Centre publica cada setmana una <a href=\"https:\/\/webs.uab.cat\/cdeanuncis\/2023\/12\/20\/ofertes-de-treball-i-practiques-recopilacio\/\" data-type=\"link\" data-id=\"https:\/\/webs.uab.cat\/cdeanuncis\/2023\/12\/20\/ofertes-de-treball-i-practiques-recopilacio\/\" target=\"_blank\" rel=\"noreferrer noopener\">recopilaci\u00f3 d\u2019ofertes de feina i pr\u00e0ctiques a les institucions europees i en altres organismes vinculats a la UE<\/a>, amb l\u2019objectiu de facilitar l\u2019acc\u00e9s a aquestes oportunitats i acompanyar-vos en el proc\u00e9s de candidatura.<\/p>\n\n\n\n<p>Igualment, adquirim i posem a disposici\u00f3 dels usuaris llibres i manuals espec\u00edfics per a la preparaci\u00f3 d\u2019oposicions a la UE, que podeu localitzar a trav\u00e9s del cat\u00e0leg de les biblioteques de la UAB mitjan\u00e7ant <a href=\"https:\/\/bibcercador.uab.cat\/discovery\/search?query=title,exact,ultimate%20eu,AND&amp;tab=Everything&amp;search_scope=MyInst_and_CI&amp;sortby=date_d&amp;vid=34CSUC_UAB:VU1&amp;facet=rtype,include,books&amp;mode=advanced&amp;offset=0&amp;came_from=sort\" data-type=\"link\" data-id=\"https:\/\/bibcercador.uab.cat\/discovery\/search?query=any,contains,ultimate%20eu%20test%20book&amp;tab=Everything&amp;search_scope=MyInst_and_CI&amp;sortby=date_d&amp;vid=34CSUC_UAB:VU1&amp;facet=rtype,include,books&amp;offset=0&amp;came_from=sort\" target=\"_blank\" rel=\"noreferrer noopener\">aquest enlla\u00e7<\/a>.<\/p>\n\n\n\n<h2 class=\"wp-block-heading\">Escoles &amp; instituts<\/h2>\n\n\n\n<p>Els docents d\u2019escoles i instituts que vulguin ajudar el seu alumnat a con\u00e8ixer la Uni\u00f3 Europea i el seu funcionament trobaran materials did\u00e0ctics adaptats a totes les franges d\u2019edat al portal <a href=\"https:\/\/learning-corner.learning.europa.eu\/index_es\" data-type=\"link\" data-id=\"https:\/\/learning-corner.learning.europa.eu\/index_es\" target=\"_blank\" rel=\"noreferrer noopener\">EUROPA (Zona de aprendizaje)<\/a> i a l\u2019apartat <a href=\"https:\/\/barcelona.spain.representation.ec.europa.eu\/viure-treballar-i-estudiar\/recursos-pedagogics_ca\" data-type=\"link\" data-id=\"https:\/\/barcelona.spain.representation.ec.europa.eu\/viure-treballar-i-estudiar\/recursos-pedagogics_ca\" target=\"_blank\" rel=\"noreferrer noopener\">Recursos pedag\u00f2gics<\/a> del portal de la Representaci\u00f3 de la Comissi\u00f3 Europea a Barcelona.<\/p>\n\n\n\n<p>A m\u00e9s, el nostre Centre organitza regularment activitats adre\u00e7ades a escoles i instituts amb l\u2019objectiu d\u2019apropar la realitat de la UE a l\u2019alumnat d\u2019una manera participativa i adaptada als diferents nivells educatius. Podeu consultar-ne l\u2019oferta actual en <a href=\"https:\/\/webs.uab.cat\/cdeanuncis\/category\/escoles-instituts\/\" data-type=\"link\" data-id=\"https:\/\/webs.uab.cat\/cdeanuncis\/category\/escoles-instituts\/\" target=\"_blank\" rel=\"noreferrer noopener\">aquest enlla\u00e7<\/a>.<\/p>\n\n\n\n<h2 class=\"wp-block-heading\">Mantenir-se al dia<\/h2>\n\n\n\n<p>El nostre Centre publica setmanalment un <a href=\"https:\/\/webs.uab.cat\/cdeanuncis\/2023\/05\/26\/butlleti-de-noticies\/\" data-type=\"link\" data-id=\"https:\/\/webs.uab.cat\/cdeanuncis\/2023\/05\/26\/butlleti-de-noticies\/\" target=\"_blank\" rel=\"noreferrer noopener\">butllet\u00ed<\/a> que recull tant not\u00edcies oficials de les institucions europees com informacions procedents de la premsa independent, aix\u00ed com ofertes de feina i pr\u00e0ctiques, beques, premis i subvencions, entre d\u2019altres. Us hi podeu subscriure mitjan\u00e7ant <a href=\"https:\/\/llistes.uab.cat\/sympa\/subscribe\/butlleti-cde-uab-l\" data-type=\"link\" data-id=\"https:\/\/llistes.uab.cat\/sympa\/subscribe\/butlleti-cde-uab-l\" target=\"_blank\" rel=\"noreferrer noopener\">aquest formulari<\/a>.<\/p>\n\n\n\n<p>Si voleu fer un seguiment m\u00e9s exhaustiu de l\u2019actualitat europea, us recomanem consultar directament els comunicats de premsa de les institucions, especialment els de la <a href=\"https:\/\/ec.europa.eu\/commission\/presscorner\/home\/es\" data-type=\"link\" data-id=\"https:\/\/ec.europa.eu\/commission\/presscorner\/home\/es\" target=\"_blank\" rel=\"noreferrer noopener\">Comissi\u00f3 Europea<\/a>, el <a href=\"https:\/\/www.europarl.europa.eu\/news\/es\" data-type=\"link\" data-id=\"https:\/\/www.europarl.europa.eu\/news\/es\" target=\"_blank\" rel=\"noreferrer noopener\">Parlament Europeu<\/a>, el <a href=\"https:\/\/www.consilium.europa.eu\/es\/press\/press-releases\/\" data-type=\"link\" data-id=\"https:\/\/www.consilium.europa.eu\/es\/press\/press-releases\/\" target=\"_blank\" rel=\"noreferrer noopener\">Consell<\/a> i el <a href=\"https:\/\/curia.europa.eu\/site\/jcms\/d2_5158\/es\/\" data-type=\"link\" data-id=\"https:\/\/curia.europa.eu\/site\/jcms\/d2_5158\/es\/\" target=\"_blank\" rel=\"noreferrer noopener\">Tribunal de Just\u00edcia de la UE<\/a>, que ofereixen informaci\u00f3 oficial i actualitzada sobre les seves activitats i decisions.<\/p>\n\n\n\n<p>Tamb\u00e9 existeixen diversos mitjans especialitzats en informaci\u00f3 europea. Entre els m\u00e9s rellevants destaquen <a href=\"https:\/\/euractiv.es\/\" data-type=\"link\" data-id=\"https:\/\/euractiv.es\/\" target=\"_blank\" rel=\"noreferrer noopener\">Euractiv<\/a>, <a href=\"https:\/\/es.euronews.com\/my-europe\" data-type=\"link\" data-id=\"https:\/\/es.euronews.com\/my-europe\" target=\"_blank\" rel=\"noreferrer noopener\">Euronews<\/a>, <a href=\"https:\/\/www.politico.eu\/brussels\/\" data-type=\"link\" data-id=\"https:\/\/www.politico.eu\/brussels\/\" target=\"_blank\" rel=\"noreferrer noopener\">Politico<\/a> i <a href=\"https:\/\/aquieuropa.com\/\" data-type=\"link\" data-id=\"https:\/\/aquieuropa.com\/\" target=\"_blank\" rel=\"noreferrer noopener\">Aqu\u00ed Europa<\/a>, que ofereixen an\u00e0lisi, reportatges i cobertura di\u00e0ria sobre la pol\u00edtica i les institucions de la UE.<\/p>\n\n\n\n<p>Finalment, podeu rec\u00f3rrer tamb\u00e9 a eines basades en intel\u00b7lig\u00e8ncia artificial. <a href=\"https:\/\/fundacionmaldita.es\/es\/news\/periodismo-e-investigacion\/chateurope-el-primer-chatbot-dedicado-a-la-actualidad-europea\" data-type=\"link\" data-id=\"https:\/\/fundacionmaldita.es\/es\/news\/periodismo-e-investigacion\/chateurope-el-primer-chatbot-dedicado-a-la-actualidad-europea\" target=\"_blank\" rel=\"noreferrer noopener\">ChatEurope<\/a> \u00e9s el primer chatbot dedicat espec\u00edficament a l\u2019actualitat europea i constitueix un recurs innovador per seguir les not\u00edcies i comprendre millor el context pol\u00edtic de la Uni\u00f3.<\/p>\n\n\n\n<h2 class=\"wp-block-heading\">Autoaprenentatge<\/h2>\n\n\n\n<p>Si voleu formar-vos de manera aut\u00f2noma, us presentem algunes oportunitats excel\u00b7lents:<\/p>\n\n\n\n<ul class=\"wp-block-list\">\n<li><a href=\"https:\/\/www.coursera.org\/learn\/ue-historia-instituciones-politicas\" data-type=\"link\" data-id=\"https:\/\/www.coursera.org\/learn\/ue-historia-instituciones-politicas\" target=\"_blank\" rel=\"noreferrer noopener\">MOOC UAB &#8220;Uni\u00f3n Europea: Historia, Instituciones y Pol\u00edticas&#8221;<\/a><\/li>\n\n\n\n<li><a href=\"https:\/\/academy.europa.eu\/?lang=es\" data-type=\"link\" data-id=\"https:\/\/academy.europa.eu\/?lang=es\" target=\"_blank\" rel=\"noreferrer noopener\">EU Academy<\/a><\/li>\n\n\n\n<li><a href=\"https:\/\/eur-lex.europa.eu\/content\/online-learning\/index.html\" data-type=\"link\" data-id=\"https:\/\/eur-lex.europa.eu\/content\/online-learning\/index.html\" target=\"_blank\" rel=\"noreferrer noopener\">EUR-Lex online learning<\/a><\/li>\n<\/ul>\n\n\n\n<p class=\"has-text-align-right\">Darrera actualitzaci\u00f3: 24.2.2026<\/p>\n","protected":false},"excerpt":{"rendered":"<p>Introducci\u00f3 Aquest web \u00e9s una guia de recursos pensada per ajudar a entendre qu\u00e8 \u00e9s i com funciona la Uni\u00f3 Europea. Tot i que el portal Europa \u00e9s una eina fonamental per informar-se sobre la UE, des del Centre de Documentaci\u00f3 Europea considerem que, atesa la complexitat de la seva estructura i funcionament, \u00e9s \u00fatil [&hellip;]<\/p>\n","protected":false},"author":50,"featured_media":0,"parent":0,"menu_order":0,"comment_status":"closed","ping_status":"closed","template":"","meta":{"footnotes":""},"class_list":["post-1468","page","type-page","status-publish","hentry"],"_links":{"self":[{"href":"https:\/\/webs.uab.cat\/fontsue\/wp-json\/wp\/v2\/pages\/1468","targetHints":{"allow":["GET"]}}],"collection":[{"href":"https:\/\/webs.uab.cat\/fontsue\/wp-json\/wp\/v2\/pages"}],"about":[{"href":"https:\/\/webs.uab.cat\/fontsue\/wp-json\/wp\/v2\/types\/page"}],"author":[{"embeddable":true,"href":"https:\/\/webs.uab.cat\/fontsue\/wp-json\/wp\/v2\/users\/50"}],"replies":[{"embeddable":true,"href":"https:\/\/webs.uab.cat\/fontsue\/wp-json\/wp\/v2\/comments?post=1468"}],"version-history":[{"count":99,"href":"https:\/\/webs.uab.cat\/fontsue\/wp-json\/wp\/v2\/pages\/1468\/revisions"}],"predecessor-version":[{"id":1764,"href":"https:\/\/webs.uab.cat\/fontsue\/wp-json\/wp\/v2\/pages\/1468\/revisions\/1764"}],"wp:attachment":[{"href":"https:\/\/webs.uab.cat\/fontsue\/wp-json\/wp\/v2\/media?parent=1468"}],"curies":[{"name":"wp","href":"https:\/\/api.w.org\/{rel}","templated":true}]}}