{"id":1480,"date":"2024-09-13T17:31:03","date_gmt":"2024-09-13T17:31:03","guid":{"rendered":"https:\/\/webs.uab.cat\/fontsue\/?page_id=1480"},"modified":"2026-08-18T19:27:53","modified_gmt":"2026-08-18T19:27:53","slug":"institucions-de-la-ue","status":"publish","type":"page","link":"https:\/\/webs.uab.cat\/fontsue\/institucions-de-la-ue\/","title":{"rendered":"INSTITUCIONS DE LA UE"},"content":{"rendered":"\n<p class=\"wp-block-paragraph\">El marc institucional de la UE i el seu sistema de presa de decisions \u00e9s \u00fanic. El conformen set institucions europees, vuit \u00f2rgans de la UE i un gran nombre d&#8217;ag\u00e8ncies que s&#8217;estenen per tota la Uni\u00f3. En aquesta p\u00e0gina es presenten les principals institucions i alguns enlla\u00e7os rellevants.<\/p>\n\n\n\n<h2 class=\"wp-block-heading\">Comissi\u00f3 Europea<\/h2>\n\n\n\n<p class=\"wp-block-paragraph\">La Comissi\u00f3 Europea \u00e9s l\u2019\u00f2rgan executiu de la Uni\u00f3 Europea. T\u00e9 un paper central en el desenvolupament i l\u2019aplicaci\u00f3 de les pol\u00edtiques de la UE i representa els interessos generals de la Uni\u00f3.<\/p>\n\n\n\n<p class=\"wp-block-paragraph\">Entre les seves principals funcions destaquen:<\/p>\n\n\n\n<ul class=\"wp-block-list\">\n<li><strong>Proposar nova legislaci\u00f3 europea<\/strong>, d\u2019acord amb les prioritats pol\u00edtiques de la Uni\u00f3.<\/li>\n\n\n\n<li><strong>Vetllar pel compliment del dret de la UE<\/strong> i supervisar-ne l\u2019aplicaci\u00f3 als Estats membres.<\/li>\n\n\n\n<li><strong>Gestionar el pressupost de la Uni\u00f3 Europea<\/strong> i els seus programes de finan\u00e7ament.<\/li>\n\n\n\n<li><strong>Aplicar les pol\u00edtiques de la UE<\/strong> en els diferents \u00e0mbits de compet\u00e8ncia de la Uni\u00f3.<\/li>\n\n\n\n<li><strong>Negociar determinats acords internacionals<\/strong> en nom de la UE.<\/li>\n<\/ul>\n\n\n\n<p class=\"wp-block-paragraph\">La Comissi\u00f3 est\u00e0 formada per un Col\u00b7legi de 27 comissaris, un per cada Estat membre, sota la direcci\u00f3 del president o presidenta de la Comissi\u00f3. La seva estructura administrativa s\u2019organitza principalment en direccions generals i serveis especialitzats.<\/p>\n\n\n\n<h3 class=\"wp-block-heading\"><strong>Recursos<\/strong><\/h3>\n\n\n\n<p class=\"wp-block-paragraph\"><strong><a href=\"https:\/\/commission.europa.eu\/index_es?utm_source=chatgpt.com\">Portal de la Comissi\u00f3 Europea<\/a><\/strong><br>Informaci\u00f3 institucional, pol\u00edtiques i iniciatives, actualitat, legislaci\u00f3, pressupost i finan\u00e7ament.<\/p>\n\n\n\n<p class=\"wp-block-paragraph\"><strong><a href=\"https:\/\/commission.europa.eu\/law_en?utm_source=chatgpt.com\">Dret de la UE<\/a><\/strong><br>Informaci\u00f3 sobre l\u2019elaboraci\u00f3, l\u2019aplicaci\u00f3 i el control del dret de la Uni\u00f3 Europea.<\/p>\n\n\n\n<p class=\"wp-block-paragraph\"><strong><a href=\"https:\/\/commission.europa.eu\/get-involved\/engage-eu-policymaking\/have-your-say-portal\/consultations_en?utm_source=chatgpt.com\">Have Your Say<\/a><\/strong><br>Portal que permet participar en consultes p\u00fabliques i donar la vostra opini\u00f3 sobre les iniciatives, les pol\u00edtiques i la legislaci\u00f3 de la UE.<\/p>\n\n\n\n<p class=\"wp-block-paragraph\"><strong><a>Funding &amp; Tenders Portal<\/a><\/strong><br>Portal d\u2019informaci\u00f3 i gesti\u00f3 de les subvencions, convocat\u00f2ries i procediments de contractaci\u00f3 de la Uni\u00f3 Europea.<\/p>\n\n\n\n<p class=\"wp-block-paragraph\"><strong><a href=\"https:\/\/commission.europa.eu\/about\/service-standards-and-principles\/transparency_en\">Transpar\u00e8ncia<\/a><\/strong><br>Acc\u00e9s a documents de la Comissi\u00f3, informaci\u00f3 sobre el proc\u00e9s de presa de decisions, registre de transpar\u00e8ncia i dades sobre els beneficiaris dels fons europeus.<\/p>\n\n\n\n<p class=\"wp-block-paragraph\"><strong><a href=\"https:\/\/commission.europa.eu\/about\/organisation_en?utm_source=chatgpt.com\">Departaments i ag\u00e8ncies executives<\/a><\/strong><br>Informaci\u00f3 sobre les direccions generals, els serveis i les ag\u00e8ncies executives de la Comissi\u00f3 Europea.<\/p>\n\n\n\n<h2 class=\"wp-block-heading\">Parlament Europeu<\/h2>\n\n\n\n<p class=\"wp-block-paragraph\">El Parlament Europeu \u00e9s la instituci\u00f3 de la Uni\u00f3 Europea elegida directament pels ciutadans. Els seus membres s\u00f3n elegits cada cinc anys per sufragi universal directe. Actualment est\u00e0 format per 720 diputats, elegits als 27 Estats membres.<\/p>\n\n\n\n<p class=\"wp-block-paragraph\">El Parlament Europeu exerceix tres funcions principals:<\/p>\n\n\n\n<ul class=\"wp-block-list\">\n<li><strong>Funci\u00f3 legislativa:<\/strong> adopta la legislaci\u00f3 de la UE conjuntament amb el Consell de la Uni\u00f3 Europea, principalment mitjan\u00e7ant el procediment legislatiu ordinari.<\/li>\n\n\n\n<li><strong>Funci\u00f3 pressupost\u00e0ria:<\/strong> decideix, juntament amb el Consell, el pressupost anual de la Uni\u00f3 Europea.<\/li>\n\n\n\n<li><strong>Funci\u00f3 de control pol\u00edtic:<\/strong> supervisa la tasca de la Comissi\u00f3 Europea i d&#8217;altres institucions i organismes de la UE. Tamb\u00e9 participa en l&#8217;elecci\u00f3 del president o presidenta de la Comissi\u00f3 i en l&#8217;aprovaci\u00f3 del Col\u00b7legi de Comissaris.<\/li>\n<\/ul>\n\n\n\n<p class=\"wp-block-paragraph\">El treball parlamentari es desenvolupa principalment a les <strong>comissions parlament\u00e0ries<\/strong>, que preparen els treballs legislatius i els informes que posteriorment es debaten i voten en sessi\u00f3 plen\u00e0ria. Actualment hi ha 22 comissions permanents especialitzades en diferents \u00e0mbits de les pol\u00edtiques de la UE.<\/p>\n\n\n\n<h3 class=\"wp-block-heading\"><strong>Recursos<\/strong><\/h3>\n\n\n\n<p class=\"wp-block-paragraph\"><a href=\"https:\/\/www.europarl.europa.eu\/portal\/es\/\"><strong>Portal del Parlament Europeu<\/strong><\/a><br>Informaci\u00f3 institucional, actualitat, activitats del Parlament, diputats, grups pol\u00edtics, sessions plen\u00e0ries i comissions.<\/p>\n\n\n\n<p class=\"wp-block-paragraph\"><a href=\"https:\/\/www.europarl.europa.eu\/about-parliament\/en\/parliaments-powers\"><strong>Poderes i compet\u00e8ncies del Parlament Europeu<\/strong><\/a><br>Informaci\u00f3 sobre les funcions legislatives, pressupost\u00e0ries i de control del Parlament Europeu.<\/p>\n\n\n\n<p class=\"wp-block-paragraph\"><a href=\"https:\/\/oeil.europarl.europa.eu\/oeil\/en\"><strong>Observatori Legislatiu<\/strong><\/a><br>Base de dades per seguir el proc\u00e9s de presa de decisions de la UE, amb informaci\u00f3 sobre els procediments legislatius, documents i calendari parlamentari.<\/p>\n\n\n\n<p class=\"wp-block-paragraph\"><a href=\"https:\/\/www.europarl.europa.eu\/committees\/en\/home\"><strong>Comissions parlament\u00e0ries<\/strong><\/a><br>Informaci\u00f3 sobre les comissions del Parlament, les seves reunions, documents, activitats i \u00e0mbits de compet\u00e8ncia.<\/p>\n\n\n\n<p class=\"wp-block-paragraph\"><a href=\"https:\/\/www.europarl.europa.eu\/thinktank\/en\/home\"><strong>Think Tank del Parlament Europeu<\/strong><\/a><br>Estudis, an\u00e0lisis i informes elaborats pels serveis de recerca del Parlament Europeu sobre les pol\u00edtiques i els principals reptes de la UE.<\/p>\n\n\n\n<p class=\"wp-block-paragraph\"><a href=\"https:\/\/www.europarl.europa.eu\/factsheets\/es\/home\"><strong>Fitxes tem\u00e0tiques sobre la Uni\u00f3 Europea<\/strong><\/a><br>Informaci\u00f3 sint\u00e8tica i actualitzada sobre les pol\u00edtiques, les institucions i el funcionament de la Uni\u00f3 Europea.<\/p>\n\n\n\n<p class=\"wp-block-paragraph\"><a href=\"https:\/\/www.europarl.europa.eu\/petitions\/es\/home\"><strong>Portal de peticions<\/strong><\/a><br>Permet presentar i consultar peticions adre\u00e7ades al Parlament Europeu i con\u00e8ixer la tasca de la Comissi\u00f3 de Peticions.<\/p>\n\n\n\n<p class=\"wp-block-paragraph\"><a href=\"https:\/\/multimedia.europarl.europa.eu\/es\/home\"><strong>Centre Multim\u00e8dia<\/strong><\/a><br>V\u00eddeos, fotografies, \u00e0udios i altres continguts multim\u00e8dia sobre l&#8217;activitat del Parlament Europeu.<\/p>\n\n\n\n<h2 class=\"wp-block-heading\">Consell Europeu<\/h2>\n\n\n\n<p class=\"wp-block-paragraph\">El <strong>Consell Europeu<\/strong> \u00e9s una de les set institucions de la Uni\u00f3 Europea. Est\u00e0 format pels caps d&#8217;Estat o de Govern dels 27 Estats membres, pel president del Consell Europeu i pel president de la Comissi\u00f3 Europea.<\/p>\n\n\n\n<p class=\"wp-block-paragraph\">La seva funci\u00f3 principal \u00e9s <strong>definir les orientacions i les prioritats pol\u00edtiques generals de la Uni\u00f3 Europea<\/strong>, tant a curt com a llarg termini. Tamb\u00e9 aborda les q\u00fcestions m\u00e9s importants de l&#8217;agenda europea i pot intervenir en situacions de crisi que requereixen una resposta pol\u00edtica dels l\u00edders dels Estats membres.<\/p>\n\n\n\n<p class=\"wp-block-paragraph\">El Consell Europeu <strong>no exerceix funcions legislatives<\/strong>: no negocia ni adopta la legislaci\u00f3 de la UE. Les seves orientacions pol\u00edtiques serveixen de marc per al desenvolupament posterior de les pol\u00edtiques i de l&#8217;activitat legislativa de la Uni\u00f3.<\/p>\n\n\n\n<p class=\"wp-block-paragraph\">Les reunions del Consell Europeu se celebren habitualment a Brussel\u00b7les. Al final de les reunions, els l\u00edders adopten <strong>conclusions<\/strong> que estableixen les principals q\u00fcestions que preocupen la Uni\u00f3 i les actuacions o objectius que cal assolir. Aquestes conclusions poden influir en l&#8217;agenda pol\u00edtica de la UE i, en alguns casos, fixar terminis o demanar l&#8217;elaboraci\u00f3 de propostes.<\/p>\n\n\n\n<h3 class=\"wp-block-heading\">Recursos<\/h3>\n\n\n\n<p class=\"wp-block-paragraph\"><strong><a href=\"https:\/\/www.consilium.europa.eu\/es\/european-council\/\">Portal del Consell Europeu<\/a><\/strong><br>Informaci\u00f3 sobre el Consell Europeu, els seus membres, reunions, prioritats i actualitat.<\/p>\n\n\n\n<p class=\"wp-block-paragraph\"><strong><a href=\"https:\/\/www.consilium.europa.eu\/es\/european-council\/how-the-european-council-works\/?utm_source=chatgpt.com\">Com funciona el Consell Europeu<\/a><\/strong><br>Informaci\u00f3 sobre la composici\u00f3, les funcions, les reunions i el proc\u00e9s de presa de decisions del Consell Europeu.<\/p>\n\n\n\n<p class=\"wp-block-paragraph\"><strong><a href=\"https:\/\/www.consilium.europa.eu\/es\/european-council\/conclusions\/\">Conclusions del Consell Europeu<\/a><\/strong><br>Acc\u00e9s a les conclusions adoptades en les reunions del Consell Europeu i a les conclusions hist\u00f2riques disponibles des de 1975.<\/p>\n\n\n\n<p class=\"wp-block-paragraph\"><strong><a href=\"https:\/\/www.consilium.europa.eu\/es\/meetings\/european-council\/\">Calendari de reunions del Consell Europeu<\/a><\/strong><br>Calendari i documentaci\u00f3 de les reunions del Consell Europeu.<\/p>\n\n\n\n<p class=\"wp-block-paragraph\"><strong><a href=\"https:\/\/www.consilium.europa.eu\/es\/european-council\/strategic-agenda-2024-2029\/\">Agenda Estrat\u00e8gica 2024-2029<\/a><\/strong><br>Prioritats pol\u00edtiques de la Uni\u00f3 Europea per al per\u00edode 2024-2029.<\/p>\n\n\n\n<p class=\"wp-block-paragraph\"><strong><a href=\"https:\/\/www.consilium.europa.eu\/es\/documents-publications\/public-register\/\">Registre p\u00fablic de documents<\/a><\/strong><br>Acc\u00e9s als documents oficials del Consell de la Uni\u00f3 Europea i del Consell Europeu.<\/p>\n\n\n\n<p class=\"wp-block-paragraph\"><strong><a href=\"https:\/\/www.consilium.europa.eu\/es\/european-council-and-council-of-the-eu\/\">Consell Europeu i Consell de la Uni\u00f3 Europea: quina difer\u00e8ncia hi ha?<\/a><\/strong><br>Recurs especialment \u00fatil per entendre les difer\u00e8ncies entre les dues institucions, una de les confusions m\u00e9s habituals en l&#8217;estudi de la UE.<\/p>\n\n\n\n<h2 class=\"wp-block-heading\">Consell de la UE<\/h2>\n\n\n\n<p class=\"wp-block-paragraph\"> El <strong>Consell de la Uni\u00f3 Europea<\/strong>, conegut habitualment com a <strong>Consell<\/strong>, representa els governs dels 27 Estats membres. En les seves reunions participen els ministres dels Estats membres responsables de l&#8217;\u00e0mbit pol\u00edtic que es tracta.<\/p>\n\n\n\n<p class=\"wp-block-paragraph\">El Consell \u00e9s, juntament amb el Parlament Europeu, un dels principals <strong>colegisladors de la Uni\u00f3 Europea<\/strong>. La seva funci\u00f3 principal \u00e9s negociar i adoptar la legislaci\u00f3 de la UE a partir de les propostes de la Comissi\u00f3 Europea. Tamb\u00e9 adopta el pressupost de la Uni\u00f3 juntament amb el Parlament Europeu, coordina determinades pol\u00edtiques dels Estats membres, desenvolupa la pol\u00edtica exterior i de seguretat comuna i participa en la celebraci\u00f3 d&#8217;acords internacionals en nom de la UE.<\/p>\n\n\n\n<p class=\"wp-block-paragraph\">El Consell \u00e9s una \u00fanica instituci\u00f3, per\u00f2 els ministres es reuneixen en <strong>10 configuracions diferents<\/strong>, segons l&#8217;\u00e0mbit de les pol\u00edtiques que es tracten, com ara Afers Econ\u00f2mics i Financers (ECOFIN), Medi Ambient, Agricultura i Pesca, Ocupaci\u00f3 i Afers Socials, Educaci\u00f3, Joventut, Cultura i Esport o Afers Exteriors.<\/p>\n\n\n\n<p class=\"wp-block-paragraph\">Abans que els ministres adoptin una decisi\u00f3, les propostes es treballen en diferents nivells preparatoris, principalment els <strong>grups de treball<\/strong> i el <strong>Coreper<\/strong> (Comit\u00e8 de Representants Permanents). La Presid\u00e8ncia del Consell rota entre els Estats membres cada sis mesos i t\u00e9 la funci\u00f3 d&#8217;impulsar i coordinar els seus treballs.<\/p>\n\n\n\n<h3 class=\"wp-block-heading\">Eurogrup<\/h3>\n\n\n\n<p class=\"wp-block-paragraph\">L&#8217;<strong>Eurogrup<\/strong> \u00e9s un \u00f2rgan informal que reuneix els ministres d&#8217;Economia i Finances dels Estats membres de la zona de l&#8217;euro. La seva principal funci\u00f3 \u00e9s garantir una estreta coordinaci\u00f3 de les pol\u00edtiques econ\u00f2miques dels pa\u00efsos que comparteixen la moneda \u00fanica i abordar q\u00fcestions relacionades amb l&#8217;estabilitat i el funcionament de la zona euro.<\/p>\n\n\n\n<p class=\"wp-block-paragraph\">L&#8217;Eurogrup es reuneix habitualment una vegada al mes, la vig\u00edlia de la reuni\u00f3 del Consell d&#8217;Afers Econ\u00f2mics i Financers (ECOFIN). Tamb\u00e9 prepara les reunions de la <strong>Cimera de l&#8217;Euro<\/strong> i en fa el seguiment posterior. Com a \u00f2rgan informal, no adopta actes legislatius.<\/p>\n\n\n\n<h3 class=\"wp-block-heading\">Recursos<\/h3>\n\n\n\n<p class=\"wp-block-paragraph\"><strong><a href=\"https:\/\/www.consilium.europa.eu\/es\/\">Portal del Consell de la Uni\u00f3 Europea<\/a><\/strong><br>Informaci\u00f3 sobre el Consell, les seves activitats, reunions, decisions, actualitat i documents.<\/p>\n\n\n\n<p class=\"wp-block-paragraph\"><strong><a href=\"https:\/\/www.consilium.europa.eu\/es\/council-eu\/what-the-council-does\/?utm_source=chatgpt.com\">Qu\u00e8 fa el Consell<\/a><\/strong><br>Informaci\u00f3 sobre les principals funcions del Consell i el seu paper en l&#8217;elaboraci\u00f3 de la legislaci\u00f3 i les pol\u00edtiques de la UE.<\/p>\n\n\n\n<p class=\"wp-block-paragraph\"><strong><a href=\"https:\/\/www.consilium.europa.eu\/es\/council-eu\/decision-making\/\">El paper del Consell en la presa de decisions<\/a><\/strong><br>Explicaci\u00f3 del paper del Consell com a colegislador i de la seva participaci\u00f3 en el proc\u00e9s de presa de decisions de la UE.<\/p>\n\n\n\n<p class=\"wp-block-paragraph\"><strong><a href=\"https:\/\/www.consilium.europa.eu\/es\/council-eu\/how-the-work-in-the-council-is-organised\/\">Com s&#8217;organitza el treball del Consell<\/a><\/strong><br>Informaci\u00f3 sobre els grups de treball, el Coreper i les diferents fases preparat\u00f2ries dels treballs del Consell.<\/p>\n\n\n\n<p class=\"wp-block-paragraph\"><strong><a href=\"https:\/\/www.consilium.europa.eu\/es\/council-eu\/council-meetings-explained\/\">Reunions del Consell<\/a><\/strong><br>Informaci\u00f3 sobre les diferents configuracions del Consell, les reunions i la participaci\u00f3 dels ministres dels Estats membres.<\/p>\n\n\n\n<p class=\"wp-block-paragraph\"><strong><a href=\"https:\/\/www.consilium.europa.eu\/es\/council-eu\/how-does-the-council-vote\/\">Sistema de votaci\u00f3 del Consell<\/a><\/strong><br>Informaci\u00f3 sobre la majoria qualificada, la unanimitat i la majoria simple, aix\u00ed com sobre el funcionament de les votacions.<\/p>\n\n\n\n<p class=\"wp-block-paragraph\"><strong><a href=\"https:\/\/www.consilium.europa.eu\/es\/council-eu\/presidency-council-eu\/\">Presid\u00e8ncia del Consell de la UE<\/a><\/strong><br>Informaci\u00f3 sobre la Presid\u00e8ncia rotat\u00f2ria, els seus programes i prioritats.<\/p>\n\n\n\n<p class=\"wp-block-paragraph\"><strong><a href=\"https:\/\/www.consilium.europa.eu\/es\/documents-publications\/public-register\/\">Registre p\u00fablic de documents<\/a><\/strong><br>Acc\u00e9s als documents oficials del Consell i informaci\u00f3 sobre els documents legislatius i altres documents p\u00fablics.<\/p>\n\n\n\n<h3 class=\"wp-block-heading\">Recursos sobre l&#8217;Eurogrup<\/h3>\n\n\n\n<p class=\"wp-block-paragraph\"><strong><a href=\"https:\/\/www.consilium.europa.eu\/es\/eurogroup\/?utm_source=chatgpt.com\">Portal de l&#8217;Eurogrup<\/a><\/strong><br>Informaci\u00f3 sobre els membres, les reunions, les prioritats i l&#8217;actualitat de l&#8217;Eurogrup.<\/p>\n\n\n\n<p class=\"wp-block-paragraph\"><strong><a href=\"https:\/\/www.consilium.europa.eu\/es\/eurogroup\/how-the-eurogroup-works\/?utm_source=chatgpt.com\">Com funciona l&#8217;Eurogrup<\/a><\/strong><br>Informaci\u00f3 sobre les seves funcions, organitzaci\u00f3, reunions i base jur\u00eddica.<\/p>\n\n\n\n<p class=\"wp-block-paragraph\"><strong><a>Calendari de reunions de l&#8217;Eurogrup<\/a><\/strong><br>Calendari, ordres del dia i informaci\u00f3 sobre les reunions de l&#8217;Eurogrup.<\/p>\n\n\n\n<p class=\"wp-block-paragraph\"><strong><a href=\"https:\/\/www.consilium.europa.eu\/es\/eurogroup\/work-programme\/\">Programa de treball de l&#8217;Eurogrup<\/a><\/strong><br>Prioritats i principals \u00e0mbits de treball de l&#8217;Eurogrup.<\/p>\n\n\n\n<h2 class=\"wp-block-heading\">Tribunal de Just\u00edcia de la UE<\/h2>\n\n\n\n<p class=\"wp-block-paragraph\">El <strong>Tribunal de Just\u00edcia de la Uni\u00f3 Europea (TJUE)<\/strong> \u00e9s la instituci\u00f3 judicial de la Uni\u00f3 Europea. La seva funci\u00f3 \u00e9s garantir que el dret de la Uni\u00f3 s&#8217;interpreti i s&#8217;apliqui de la mateixa manera a tots els Estats membres i que les institucions de la UE i els Estats membres respectin el dret de la Uni\u00f3.<\/p>\n\n\n\n<p class=\"wp-block-paragraph\">El TJUE est\u00e0 format per <strong>dos \u00f2rgans jurisdiccionals: el Tribunal de Just\u00edcia i el Tribunal General<\/strong>. El Tribunal de Just\u00edcia resol principalment q\u00fcestions prejudicials plantejades pels \u00f2rgans jurisdiccionals nacionals, recursos per incompliment contra els Estats membres i determinats recursos contra actes de les institucions de la UE. Tamb\u00e9 resol els recursos contra les sent\u00e8ncies i interlocut\u00f2ries del Tribunal General.<\/p>\n\n\n\n<p class=\"wp-block-paragraph\">El <strong>Tribunal General<\/strong> coneix principalment dels recursos presentats per particulars, empreses i organitzacions contra actes o decisions de les institucions i organismes de la UE, aix\u00ed com d&#8217;alguns recursos interposats pels Estats membres i d&#8217;altres assumptes espec\u00edfics previstos pel dret de la Uni\u00f3.<\/p>\n\n\n\n<p class=\"wp-block-paragraph\">El TJUE contribueix aix\u00ed al desenvolupament del dret de la Uni\u00f3 mitjan\u00e7ant la seva jurisprud\u00e8ncia i, especialment, mitjan\u00e7ant les <strong>q\u00fcestions prejudicials<\/strong>, que permeten als \u00f2rgans jurisdiccionals nacionals plantejar dubtes sobre la interpretaci\u00f3 o la validesa del dret de la UE.<\/p>\n\n\n\n<h3 class=\"wp-block-heading\">Recursos<\/h3>\n\n\n\n<p class=\"wp-block-paragraph\"><strong><a>Portal del Tribunal de Just\u00edcia de la Uni\u00f3 Europea<\/a><\/strong><br>Informaci\u00f3 institucional, actualitat, activitat judicial, composici\u00f3 dels tribunals, procediments i documentaci\u00f3 del TJUE.<\/p>\n\n\n\n<p class=\"wp-block-paragraph\"><strong><a href=\"https:\/\/infocuria.curia.europa.eu\/\">InfoCuria<\/a><\/strong><br>Base de dades i motor de cerca de la jurisprud\u00e8ncia del TJUE. Permet consultar sent\u00e8ncies, conclusions, interlocut\u00f2ries, documents processals, resums d&#8217;assumptes i altra documentaci\u00f3 relacionada amb els procediments judicials. La nova versi\u00f3 permet cercar tant en el text complet com en les metadades i aplicar diversos filtres.<\/p>\n\n\n\n<p class=\"wp-block-paragraph\"><strong><a>Jurisprud\u00e8ncia del TJUE<\/a><\/strong><br>Acc\u00e9s a la jurisprud\u00e8ncia i als recursos relacionats amb les decisions del Tribunal de Just\u00edcia i del Tribunal General.<\/p>\n\n\n\n<p class=\"wp-block-paragraph\"><strong><a>EUR-Lex \u2013 Jurisprud\u00e8ncia<\/a><\/strong><br>Acc\u00e9s a les decisions del TJUE integrades en la base de dades EUR-Lex, juntament amb la resta de fonts del dret de la Uni\u00f3 Europea.<\/p>\n\n\n\n<p class=\"wp-block-paragraph\"><strong><a href=\"https:\/\/curia.europa.eu\/site\/jcms\/d2_5103\/en\/\">Procediments davant del Tribunal<\/a><\/strong><br>Informaci\u00f3 sobre els diferents tipus de procediments, les fases dels processos i les normes aplicables.<\/p>\n\n\n\n<p class=\"wp-block-paragraph\"><strong><a href=\"https:\/\/curia.europa.eu\/site\/jcms\/d2_5105\/en\/can-i-bring-my-case-to-the-court?utm_source=chatgpt.com\">Qui pot presentar un recurs davant del TJUE?<\/a><\/strong><br>Informaci\u00f3 sobre els tipus d&#8217;assumptes que poden arribar al TJUE, qui els pot presentar i els requisits aplicables.<\/p>\n\n\n\n<p class=\"wp-block-paragraph\"><strong><a href=\"https:\/\/curia.europa.eu\/site\/jcms\/p1_1000062957\/en\/composition-of-the-courts?utm_source=chatgpt.com\">Composici\u00f3 dels tribunals<\/a><\/strong><br>Informaci\u00f3 sobre els jutges, advocats generals i la composici\u00f3 del Tribunal de Just\u00edcia i del Tribunal General.<\/p>\n\n\n\n<p class=\"wp-block-paragraph\"><strong><a>Aula judicial<\/a><\/strong><br>Recursos i materials per con\u00e8ixer el funcionament del TJUE i aprofundir en el dret de la Uni\u00f3 Europea.<\/p>\n\n\n\n<h2 class=\"wp-block-heading\">Banc Central Europeu<\/h2>\n\n\n\n<p class=\"wp-block-paragraph\">El <strong>Banc Central Europeu (BCE)<\/strong> \u00e9s una de les set institucions de la Uni\u00f3 Europea i el banc central dels pa\u00efsos que utilitzen l\u2019euro. La seva funci\u00f3 principal \u00e9s <strong>mantenir l\u2019estabilitat dels preus a la zona de l\u2019euro<\/strong>. Per assolir aquest objectiu, el BCE defineix i aplica la pol\u00edtica monet\u00e0ria de la zona de l\u2019euro.<\/p>\n\n\n\n<p class=\"wp-block-paragraph\">Entre les seves principals funcions destaquen:<\/p>\n\n\n\n<ul class=\"wp-block-list\">\n<li><strong>Definir i aplicar la pol\u00edtica monet\u00e0ria<\/strong> de la zona de l\u2019euro, principalment mitjan\u00e7ant els tipus d\u2019inter\u00e8s i altres instruments de pol\u00edtica monet\u00e0ria.<\/li>\n\n\n\n<li><strong>Contribuir a la seguretat i solidesa del sistema bancari<\/strong>, mitjan\u00e7ant la supervisi\u00f3 dels bancs en el marc del Mecanisme \u00danic de Supervisi\u00f3.<\/li>\n\n\n\n<li><strong>Promoure el bon funcionament dels sistemes de pagament<\/strong> i contribuir a la seguretat de les infraestructures financeres.<\/li>\n\n\n\n<li><strong>Emetre bitllets en euros<\/strong> i supervisar-ne l\u2019emissi\u00f3 juntament amb els bancs centrals nacionals de la zona de l\u2019euro.<\/li>\n\n\n\n<li><strong>Contribuir a l\u2019estabilitat financera<\/strong> i exercir funcions en els \u00e0mbits de les estad\u00edstiques, la pol\u00edtica macroprudencial i les reserves oficials de divises.<\/li>\n<\/ul>\n\n\n\n<p class=\"wp-block-paragraph\">El BCE treballa conjuntament amb els bancs centrals nacionals dels pa\u00efsos de la zona de l\u2019euro, que formen amb el BCE l\u2019<strong>Eurosistema<\/strong>. El <strong>Sistema Europeu de Bancs Centrals (SEBC)<\/strong>, en canvi, inclou el BCE i els bancs centrals nacionals de tots els Estats membres de la UE, independentment de si han adoptat l\u2019euro.<\/p>\n\n\n\n<p class=\"wp-block-paragraph\">El principal \u00f2rgan de presa de decisions del BCE \u00e9s el <strong>Consell de Govern<\/strong>, que estableix la pol\u00edtica monet\u00e0ria de la zona de l\u2019euro. El BCE exerceix les seves funcions amb independ\u00e8ncia i est\u00e0 subjecte a mecanismes de transpar\u00e8ncia i rendici\u00f3 de comptes, entre els quals destaca la seva relaci\u00f3 amb el Parlament Europeu.<\/p>\n\n\n\n<h3 class=\"wp-block-heading\">Recursos<\/h3>\n\n\n\n<p class=\"wp-block-paragraph\"><strong><a href=\"https:\/\/www.ecb.europa.eu\/home\/html\/index.en.html\">Portal del Banc Central Europeu<\/a><\/strong><br>Informaci\u00f3 institucional, pol\u00edtica monet\u00e0ria, supervisi\u00f3 banc\u00e0ria, euro, sistemes de pagament, estad\u00edstiques i actualitat del BCE.<\/p>\n\n\n\n<p class=\"wp-block-paragraph\"><strong><a href=\"https:\/\/www.ecb.europa.eu\/mopo\/html\/index.en.html\">Pol\u00edtica monet\u00e0ria<\/a><\/strong><br>Informaci\u00f3 sobre l\u2019estrat\u00e8gia, els instruments i les decisions de pol\u00edtica monet\u00e0ria del BCE.<\/p>\n\n\n\n<p class=\"wp-block-paragraph\"><strong><a href=\"https:\/\/www.ecb.europa.eu\/press\/govcdec\/mopo\/html\/index.en.html\">Decisions de pol\u00edtica monet\u00e0ria<\/a><\/strong><br>Acc\u00e9s a les decisions del Consell de Govern sobre pol\u00edtica monet\u00e0ria i als comunicats corresponents.<\/p>\n\n\n\n<p class=\"wp-block-paragraph\"><strong><a href=\"https:\/\/www.bankingsupervision.europa.eu\/home\/html\/index.en.html\">Supervisi\u00f3 banc\u00e0ria europea<\/a><\/strong><br>Informaci\u00f3 sobre la supervisi\u00f3 dels bancs de la zona de l\u2019euro en el marc del Mecanisme \u00danic de Supervisi\u00f3.<\/p>\n\n\n\n<p class=\"wp-block-paragraph\"><strong><a href=\"https:\/\/data.ecb.europa.eu\/\">Estad\u00edstiques del BCE<\/a><\/strong><br>Acc\u00e9s a les bases de dades i estad\u00edstiques del BCE sobre economia, finances, pol\u00edtica monet\u00e0ria i sistema bancari.<\/p>\n\n\n\n<p class=\"wp-block-paragraph\"><strong><a href=\"https:\/\/www.ecb.europa.eu\/euro\/html\/index.en.html\">Euro<\/a><\/strong><br>Informaci\u00f3 sobre la moneda \u00fanica, els bitllets i les monedes en euros i la zona de l\u2019euro.<\/p>\n\n\n\n<p class=\"wp-block-paragraph\"><strong><a href=\"https:\/\/www.ecb.europa.eu\/ecb\/orga\/escb\/html\/index.en.html?utm_source=chatgpt.com\">Eurosistema, SEBC i zona de l\u2019euro<\/a><\/strong><br>Explicaci\u00f3 de les difer\u00e8ncies entre el BCE, l\u2019Eurosistema, el Sistema Europeu de Bancs Centrals i la zona de l\u2019euro.<\/p>\n\n\n\n<p class=\"wp-block-paragraph\"><strong><a href=\"https:\/\/www.ecb.europa.eu\/ecb-and-you\/explainers\/html\/index.en.html\">Explicadors del BCE<\/a><\/strong><br>Recursos divulgatius per comprendre de manera senzilla la pol\u00edtica monet\u00e0ria, la inflaci\u00f3, els tipus d\u2019inter\u00e8s, la supervisi\u00f3 banc\u00e0ria i altres q\u00fcestions relacionades amb l\u2019activitat del BCE.<\/p>\n\n\n\n<p class=\"wp-block-paragraph\"><strong><a href=\"https:\/\/www.ecb.europa.eu\/ecb\/decisions\/html\/index.en.html?utm_source=chatgpt.com\">Organitzaci\u00f3 i \u00f2rgans de decisi\u00f3<\/a><\/strong><br>Informaci\u00f3 sobre el Consell de Govern, el Comit\u00e8 Executiu, el Consell General i el Consell de Supervisi\u00f3.<\/p>\n\n\n\n<h2 class=\"wp-block-heading\">Tribunal de Comptes Europeu<\/h2>\n\n\n\n<p class=\"wp-block-paragraph\">El <strong>Tribunal de Comptes Europeu<\/strong> \u00e9s una de les set institucions de la Uni\u00f3 Europea. T\u00e9 com a missi\u00f3 <strong>auditar les finances de la UE<\/strong> i contribuir a millorar la gesti\u00f3 dels recursos europeus. Examina com es recapten i es gasten els fons de la Uni\u00f3 i comprova que les operacions siguin legals i regulars.<\/p>\n\n\n\n<p class=\"wp-block-paragraph\">El Tribunal de Comptes Europeu exerceix principalment tres funcions:<\/p>\n\n\n\n<ul class=\"wp-block-list\">\n<li><strong>Auditoria financera:<\/strong> comprova si els comptes anuals de la UE presenten fidelment la seva situaci\u00f3 financera.<\/li>\n\n\n\n<li><strong>Auditoria de compliment:<\/strong> verifica si les operacions financeres respecten les normes aplicables.<\/li>\n\n\n\n<li><strong>Auditoria de resultats:<\/strong> analitza si les pol\u00edtiques i els programes de la UE han assolit els seus objectius de manera eficient i efectiva.<\/li>\n<\/ul>\n\n\n\n<p class=\"wp-block-paragraph\">Els resultats de les seves auditories es publiquen en <strong>informes anuals, informes especials i dict\u00e0mens<\/strong>, que proporcionen informaci\u00f3 i recomanacions per millorar la gesti\u00f3 financera de la Uni\u00f3. El Tribunal tamb\u00e9 presenta les seves conclusions al Parlament Europeu i al Consell, especialment en el marc del procediment d&#8217;aprovaci\u00f3 de la gesti\u00f3 del pressupost de la UE.<\/p>\n\n\n\n<p class=\"wp-block-paragraph\">El Tribunal est\u00e0 format per <strong>un membre de cada Estat membre<\/strong>, nomenats pel Consell despr\u00e9s de consultar el Parlament Europeu, per un mandat renovable de sis anys. Els membres actuen amb independ\u00e8ncia i en inter\u00e8s general de la Uni\u00f3.<\/p>\n\n\n\n<h3 class=\"wp-block-heading\">Recursos<\/h3>\n\n\n\n<p class=\"wp-block-paragraph\"><strong><a href=\"https:\/\/www.eca.europa.eu\/\">Portal del Tribunal de Comptes Europeu<\/a><\/strong><br>Informaci\u00f3 institucional, actualitat, auditories, informes, dict\u00e0mens i activitats del Tribunal.<\/p>\n\n\n\n<p class=\"wp-block-paragraph\"><strong><a href=\"https:\/\/www.eca.europa.eu\/en\/publications\">Publicacions<\/a><\/strong><br>Acc\u00e9s als informes anuals, informes especials, dict\u00e0mens, revisions i altres publicacions del Tribunal de Comptes Europeu.<\/p>\n\n\n\n<p class=\"wp-block-paragraph\"><strong><a>Informes especials<\/a><\/strong><br>Informes d&#8217;auditoria sobre pol\u00edtiques, programes i \u00e0mbits espec\u00edfics de l&#8217;activitat de la UE.<\/p>\n\n\n\n<p class=\"wp-block-paragraph\"><strong><a>Informes anuals<\/a><\/strong><br>Informes anuals sobre l&#8217;execuci\u00f3 del pressupost de la UE i els comptes de la Uni\u00f3.<\/p>\n\n\n\n<p class=\"wp-block-paragraph\"><strong><a>Auditories<\/a><\/strong><br>Informaci\u00f3 sobre les auditories financeres, de compliment i de resultats realitzades pel Tribunal.<\/p>\n\n\n\n<p class=\"wp-block-paragraph\"><strong><a>EU spending and revenue<\/a><\/strong><br>Informaci\u00f3 sobre els ingressos i les despeses de la Uni\u00f3 Europea i els resultats de les auditories corresponents.<\/p>\n\n\n\n<p class=\"wp-block-paragraph\"><strong><a>EU budget<\/a><\/strong><br>Informaci\u00f3 sobre el pressupost de la UE, la seva execuci\u00f3 i els controls financers.<\/p>\n\n\n\n<p class=\"wp-block-paragraph\"><strong><a>ECA Journal<\/a><\/strong><br>Revista del Tribunal de Comptes Europeu amb articles i reflexions sobre q\u00fcestions relacionades amb les finances, les pol\u00edtiques i la gesti\u00f3 de la UE.<\/p>\n\n\n\n<p class=\"wp-block-paragraph\"><strong><a>EU Financial Management<\/a><\/strong><br>Recursos i informaci\u00f3 sobre el control financer, la rendici\u00f3 de comptes i la gesti\u00f3 dels recursos de la Uni\u00f3.<\/p>\n\n\n\n<h2 class=\"wp-block-heading\">Altres institucions, \u00f2rgans i organismes de la UE<\/h2>\n\n\n\n<p class=\"wp-block-paragraph\">A m\u00e9s de les set institucions de la Uni\u00f3 Europea, la UE compta amb diversos \u00f2rgans i organismes que desenvolupen funcions espec\u00edfiques en \u00e0mbits com la representaci\u00f3 dels interessos econ\u00f2mics i socials, la protecci\u00f3 dels drets, el finan\u00e7ament, les relacions exteriors i la protecci\u00f3 de dades.<\/p>\n\n\n\n<p class=\"wp-block-paragraph\"><strong><a href=\"https:\/\/www.eesc.europa.eu\/\">Comit\u00e8 Econ\u00f2mic i Social Europeu (CESE)<\/a><\/strong><br>\u00d2rgan consultiu que representa les organitzacions d&#8217;empresaris, treballadors i altres grups de la societat civil organitzada. Emet dict\u00e0mens sobre les pol\u00edtiques i les propostes legislatives de la UE.<\/p>\n\n\n\n<p class=\"wp-block-paragraph\"><strong><a href=\"https:\/\/cor.europa.eu\/\">Comit\u00e8 Europeu de les Regions (CdR)<\/a><\/strong><br>\u00d2rgan consultiu que representa les autoritats regionals i locals dels Estats membres i participa en el proc\u00e9s d&#8217;elaboraci\u00f3 de les pol\u00edtiques de la UE.<\/p>\n\n\n\n<p class=\"wp-block-paragraph\"><strong><a href=\"https:\/\/www.eib.org\/\">Banc Europeu d&#8217;Inversions (BEI)<\/a><\/strong><br>Banc de la Uni\u00f3 Europea que finan\u00e7a projectes que contribueixen als objectius de la UE, dins i fora d&#8217;Europa.<\/p>\n\n\n\n<p class=\"wp-block-paragraph\"><strong><a href=\"https:\/\/www.ombudsman.europa.eu\/\">Defensor del Poble Europeu<\/a><\/strong><br>Investiga casos de possible mala administraci\u00f3 en les institucions, \u00f2rgans i organismes de la UE.<\/p>\n\n\n\n<p class=\"wp-block-paragraph\"><strong><a href=\"https:\/\/www.edps.europa.eu\/\">Supervisor Europeu de Protecci\u00f3 de Dades (SEPD)<\/a><\/strong><br>Autoritat independent que supervisa el tractament de dades personals per part de les institucions i organismes de la UE.<\/p>\n\n\n\n<p class=\"wp-block-paragraph\"><strong><a href=\"https:\/\/www.eeas.europa.eu\/\">Servei Europeu d&#8217;Acci\u00f3 Exterior (SEAE)<\/a><\/strong><br>Servei diplom\u00e0tic de la UE que dona suport a l&#8217;Alt Representant de la Uni\u00f3 per a Afers Exteriors i Pol\u00edtica de Seguretat i contribueix a l&#8217;aplicaci\u00f3 de la pol\u00edtica exterior de la UE.<\/p>\n\n\n\n<p class=\"wp-block-paragraph\"><strong><a href=\"https:\/\/www.eppo.europa.eu\/\">Fiscalia Europea (EPPO)<\/a><\/strong><br>Organisme independent de la UE encarregat d&#8217;investigar i perseguir els delictes que afecten els interessos financers de la Uni\u00f3.<\/p>\n\n\n\n<p class=\"wp-block-paragraph\"><strong><a href=\"https:\/\/www.edpb.europa.eu\/\">Comit\u00e8 Europeu de Protecci\u00f3 de Dades (CEPD)<\/a><\/strong><br>Organisme europeu que contribueix a garantir una aplicaci\u00f3 coherent de les normes de protecci\u00f3 de dades a tots els Estats membres.<\/p>\n\n\n\n<h3 class=\"wp-block-heading\">Ag\u00e8ncies de la Uni\u00f3 Europea<\/h3>\n\n\n\n<p class=\"wp-block-paragraph\">Les <strong>ag\u00e8ncies de la Uni\u00f3 Europea<\/strong> s\u00f3n organismes especialitzats que desenvolupen funcions t\u00e8cniques, cient\u00edfiques o de suport a les pol\u00edtiques de la UE. Treballen en \u00e0mbits molt diversos, com el medi ambient, la salut, els medicaments, la seguretat, l&#8217;ocupaci\u00f3, la migraci\u00f3, els drets fonamentals o el transport.<\/p>\n\n\n\n<p class=\"wp-block-paragraph\"><strong><a href=\"https:\/\/european-union.europa.eu\/institutions-law-budget\/institutions-and-bodies\/search-all-eu-institutions-and-bodies_en\">Ag\u00e8ncies de la Uni\u00f3 Europea<\/a><\/strong><br>Directori oficial de les ag\u00e8ncies i altres organismes de la Uni\u00f3 Europea.<\/p>\n\n\n\n<p class=\"wp-block-paragraph\">Entre les ag\u00e8ncies i organismes especialitzats m\u00e9s coneguts hi ha:<\/p>\n\n\n\n<p class=\"wp-block-paragraph\"><strong><a href=\"https:\/\/www.eea.europa.eu\/\">Ag\u00e8ncia Europea de Medi Ambient (AEMA)<\/a><\/strong><br>Informaci\u00f3 i dades sobre el medi ambient, el canvi clim\u00e0tic i la sostenibilitat a Europa.<\/p>\n\n\n\n<p class=\"wp-block-paragraph\"><strong><a href=\"https:\/\/www.ema.europa.eu\/\">Ag\u00e8ncia Europea de Medicaments (EMA)<\/a><\/strong><br>Informaci\u00f3 cient\u00edfica sobre medicaments d&#8217;\u00fas hum\u00e0 i veterinari i sobre la seva avaluaci\u00f3 i supervisi\u00f3 a la UE.<\/p>\n\n\n\n<p class=\"wp-block-paragraph\"><strong><a href=\"https:\/\/www.frontex.europa.eu\/\">Ag\u00e8ncia Europea de la Gu\u00e0rdia de Fronteres i Costes (Frontex)<\/a><\/strong><br>Informaci\u00f3 sobre la gesti\u00f3 de les fronteres exteriors de la UE i la cooperaci\u00f3 entre els Estats membres.<\/p>\n\n\n\n<p class=\"wp-block-paragraph\"><strong><a href=\"https:\/\/fra.europa.eu\/\">Ag\u00e8ncia de la Uni\u00f3 Europea per als Drets Fonamentals (FRA)<\/a><\/strong><br>Recerca, dades i informes sobre els drets fonamentals a la Uni\u00f3 Europea.<\/p>\n\n\n\n<p class=\"wp-block-paragraph\"><strong><a href=\"https:\/\/osha.europa.eu\/\">Ag\u00e8ncia Europea per a la Seguretat i la Salut en el Treball (EU-OSHA)<\/a><\/strong><br>Informaci\u00f3, dades i recursos sobre seguretat i salut en el treball.<\/p>\n\n\n\n<p class=\"wp-block-paragraph\"><strong><a href=\"https:\/\/www.eurofound.europa.eu\/\">Eurofound<\/a><\/strong><br>Recerca i informaci\u00f3 comparativa sobre les condicions de vida i de treball i les relacions laborals a Europa.<\/p>\n\n\n\n<p class=\"wp-block-paragraph\"><strong><a href=\"https:\/\/www.eurojust.europa.eu\/\">Ag\u00e8ncia de la Uni\u00f3 Europea per a la Cooperaci\u00f3 Judicial Penal (Eurojust)<\/a><\/strong><br>Suport a la cooperaci\u00f3 judicial entre les autoritats nacionals en la lluita contra la delinq\u00fc\u00e8ncia greu i organitzada.<\/p>\n\n\n\n<p class=\"wp-block-paragraph\"><strong><a href=\"https:\/\/www.europol.europa.eu\/\">Ag\u00e8ncia de la Uni\u00f3 Europea per a la Cooperaci\u00f3 Policial (Europol)<\/a><\/strong><br>Suport a les autoritats policials dels Estats membres en la prevenci\u00f3 i la lluita contra la delinq\u00fc\u00e8ncia greu i el terrorisme.<\/p>\n\n\n\n<h2 class=\"wp-block-heading\">M\u00e9s informaci\u00f3<\/h2>\n\n\n\n<p class=\"wp-block-paragraph\"><strong><a href=\"https:\/\/european-union.europa.eu\/institutions-law-budget\/institutions-and-bodies\/search-all-eu-institutions-and-bodies_en\">Institucions i organismes de la Uni\u00f3 Europea<\/a><\/strong><br>Directori oficial de les institucions, \u00f2rgans i organismes de la Uni\u00f3 Europea, amb informaci\u00f3 sobre les seves funcions i activitats.<\/p>\n\n\n\n<p class=\"wp-block-paragraph\"><strong><a href=\"https:\/\/op.europa.eu\/en\/web\/who-is-who\">EU Whoiswho<\/a><\/strong><br>Directori oficial de les institucions, organismes i serveis de la Uni\u00f3 Europea, amb informaci\u00f3 sobre la seva organitzaci\u00f3 i estructura administrativa.<\/p>\n\n\n\n<p class=\"wp-block-paragraph\"><strong><a href=\"https:\/\/european-union.europa.eu\/index_en\">Portal de la Uni\u00f3 Europea<\/a><\/strong><br>Portal oficial de la UE amb informaci\u00f3 sobre les institucions, les pol\u00edtiques, els drets dels ciutadans, la legislaci\u00f3, el pressupost i les activitats de la Uni\u00f3.<\/p>\n\n\n\n<p class=\"wp-block-paragraph\"><strong><a href=\"https:\/\/op.europa.eu\/en\/web\/general-publications\/publications\">Publications Office of the European Union<\/a><\/strong><br>Acc\u00e9s a les publicacions oficials de la Uni\u00f3 Europea i als principals serveis d&#8217;informaci\u00f3 i documentaci\u00f3 de l&#8217;Oficina de Publicacions.<\/p>\n\n\n\n<p class=\"wp-block-paragraph\"><strong><a href=\"https:\/\/eur-lex.europa.eu\/\">EUR-Lex<\/a><\/strong><br>Acc\u00e9s al dret de la Uni\u00f3 Europea, al Diari Oficial de la UE, a la jurisprud\u00e8ncia i a altres documents jur\u00eddics i institucionals.<\/p>\n\n\n\n<p class=\"wp-block-paragraph\"><\/p>\n\n\n\n<p class=\"wp-block-paragraph\"><\/p>\n\n\n\n<p class=\"has-text-align-right wp-block-paragraph\"><\/p>\n\n\n\n<p class=\"wp-block-paragraph\"><\/p>\n","protected":false},"excerpt":{"rendered":"<p>El marc institucional de la UE i el seu sistema de presa de decisions \u00e9s \u00fanic. El conformen set institucions europees, vuit \u00f2rgans de la UE i un gran nombre d&#8217;ag\u00e8ncies que s&#8217;estenen per tota la Uni\u00f3. En aquesta p\u00e0gina es presenten les principals institucions i alguns enlla\u00e7os rellevants. Comissi\u00f3 Europea La Comissi\u00f3 Europea \u00e9s [&hellip;]<\/p>\n","protected":false},"author":50,"featured_media":0,"parent":0,"menu_order":0,"comment_status":"closed","ping_status":"closed","template":"","meta":{"footnotes":""},"class_list":["post-1480","page","type-page","status-publish","hentry"],"_links":{"self":[{"href":"https:\/\/webs.uab.cat\/fontsue\/wp-json\/wp\/v2\/pages\/1480","targetHints":{"allow":["GET"]}}],"collection":[{"href":"https:\/\/webs.uab.cat\/fontsue\/wp-json\/wp\/v2\/pages"}],"about":[{"href":"https:\/\/webs.uab.cat\/fontsue\/wp-json\/wp\/v2\/types\/page"}],"author":[{"embeddable":true,"href":"https:\/\/webs.uab.cat\/fontsue\/wp-json\/wp\/v2\/users\/50"}],"replies":[{"embeddable":true,"href":"https:\/\/webs.uab.cat\/fontsue\/wp-json\/wp\/v2\/comments?post=1480"}],"version-history":[{"count":76,"href":"https:\/\/webs.uab.cat\/fontsue\/wp-json\/wp\/v2\/pages\/1480\/revisions"}],"predecessor-version":[{"id":1811,"href":"https:\/\/webs.uab.cat\/fontsue\/wp-json\/wp\/v2\/pages\/1480\/revisions\/1811"}],"wp:attachment":[{"href":"https:\/\/webs.uab.cat\/fontsue\/wp-json\/wp\/v2\/media?parent=1480"}],"curies":[{"name":"wp","href":"https:\/\/api.w.org\/{rel}","templated":true}]}}