{"id":1557,"date":"2024-09-14T18:56:54","date_gmt":"2024-09-14T18:56:54","guid":{"rendered":"https:\/\/webs.uab.cat\/fontsue\/?page_id=1557"},"modified":"2026-08-19T13:04:11","modified_gmt":"2026-08-19T13:04:11","slug":"bibliografia","status":"publish","type":"page","link":"https:\/\/webs.uab.cat\/fontsue\/bibliografia\/","title":{"rendered":"BIBLIOGRAFIA I RECERCA"},"content":{"rendered":"\n<p class=\"wp-block-paragraph\">En aquesta secci\u00f3 trobareu una selecci\u00f3 de recursos per localitzar bibliografia, documents i informaci\u00f3 especialitzada sobre la Uni\u00f3 Europea. Inclou bases de dades i portals d&#8217;informaci\u00f3, revistes cient\u00edfiques i centres de recerca i think tanks especialitzats en estudis europeus.<\/p>\n\n\n\n<p class=\"wp-block-paragraph\">Per ampliar la cerca bibliogr\u00e0fica, podeu consultar tamb\u00e9 les publicacions sobre la Uni\u00f3 Europea disponibles al Dip\u00f2sit Digital de Documents (DDD) de la UAB publicats per l&#8217;Intitut d&#8217;Estudis Europeus i pel Centre de Documentaci\u00f3 Europea, la guia bibliogr\u00e0fica sobre la Uni\u00f3 Europea i el <a href=\"https:\/\/bibcercador.uab.cat\/discovery\/search?query=sub,contains,unio%20europea,AND&amp;tab=CSUC&amp;search_scope=PhysicalNetwork&amp;sortby=rank&amp;vid=34CSUC_UAB:VU1&amp;mode=advanced&amp;offset=0\" data-type=\"link\" data-id=\"https:\/\/bibcercador.uab.cat\/discovery\/search?query=sub,contains,unio%20europea,AND&amp;tab=CSUC&amp;search_scope=PhysicalNetwork&amp;sortby=rank&amp;vid=34CSUC_UAB:VU1&amp;mode=advanced&amp;offset=0\" target=\"_blank\" rel=\"noreferrer noopener\"><strong>cat\u00e0leg de les biblioteques universit\u00e0ries catalanes<\/strong><\/a>.<\/p>\n\n\n\n<p class=\"wp-block-paragraph\">Si necessiteu orientaci\u00f3 per iniciar o aprofundir una recerca sobre la Uni\u00f3 Europea, <a href=\"https:\/\/tiquets.uab.cat\/servicedesk\/customer\/portal\/14\/user\/login?destination=portal%2F14%2Fcreate%2F371\" data-type=\"link\" data-id=\"https:\/\/tiquets.uab.cat\/servicedesk\/customer\/portal\/14\/user\/login?destination=portal%2F14%2Fcreate%2F371\" target=\"_blank\" rel=\"noreferrer noopener\"><strong>podeu contactar amb el Centre de Documentaci\u00f3 Europea de la UAB<\/strong><\/a>.<\/p>\n\n\n\n<p class=\"wp-block-paragraph\">En aquesta p\u00e0gina trobareu un recull de bases de dades especialitzades, revistes cient\u00edfiques i centres de recerca que us seran de gran utilitat per localitzar bibliografia acad\u00e8mica i fonts d\u2019an\u00e0lisi sobre la Uni\u00f3 Europea.<\/p>\n\n\n\n<h2 class=\"wp-block-heading\">Bases de dades i portals<\/h2>\n\n\n\n<p class=\"wp-block-paragraph\"><a href=\"https:\/\/aei.pitt.edu\/\"><strong>Archive of European Integration (AEI)<\/strong><\/a><br>Repositori digital de la University of Pittsburgh, d&#8217;acc\u00e9s gratu\u00eft, especialitzat en materials sobre la integraci\u00f3 europea. Inclou documents oficials de les Comunitats Europees i de la UE, aix\u00ed com publicacions d&#8217;institucions i centres de recerca.<\/p>\n\n\n\n<p class=\"wp-block-paragraph\"><a href=\"https:\/\/biblioteca.ulpgc.es\/cde\/documentacion\/archivo-digital-espana-union-europea\"><strong>Archivo Digital Espa\u00f1a-Uni\u00f3n Europea<\/strong><\/a><br>Repositori digital que facilita l&#8217;acc\u00e9s a documentaci\u00f3 i recursos sobre la Uni\u00f3 Europea relacionats amb Espanya, especialment \u00fatils per a la recerca sobre la participaci\u00f3 espanyola en el proc\u00e9s d&#8217;integraci\u00f3 europea.<\/p>\n\n\n\n<p class=\"wp-block-paragraph\"><a href=\"https:\/\/cadmus.eui.eu\/\"><strong>CADMUS<\/strong><\/a><br>Repositori de l&#8217;European University Institute que dona acc\u00e9s a la producci\u00f3 cient\u00edfica de la instituci\u00f3, incloent-hi articles, llibres, tesis doctorals, working papers i altres publicacions.<\/p>\n\n\n\n<p class=\"wp-block-paragraph\"><a href=\"https:\/\/www.consilium.europa.eu\/en\/documents\/research-paper\/\"><strong>Consell de la Uni\u00f3 Europea \u2013 Research &amp; Analysis<\/strong><\/a><br>Recull d&#8217;estudis, informes i documents d&#8217;an\u00e0lisi elaborats pels serveis del Consell sobre q\u00fcestions pol\u00edtiques, econ\u00f2miques i institucionals de la Uni\u00f3 Europea.<\/p>\n\n\n\n<p class=\"wp-block-paragraph\"><a href=\"https:\/\/www.europeansources.info\/\"><strong>European Sources Online (ESO)<\/strong><\/a><br>Recurs d&#8217;informaci\u00f3 especialitzat de la Cardiff University que facilita l&#8217;acc\u00e9s a fonts, documents i informaci\u00f3 sobre les pol\u00edtiques de la UE, els seus estats membres i el proc\u00e9s d&#8217;integraci\u00f3 europea.<\/p>\n\n\n\n<p class=\"wp-block-paragraph\"><a href=\"https:\/\/ec.europa.eu\/libraries\/\"><strong>Find-eR<\/strong><\/a><br>Cat\u00e0leg de la Biblioteca de la Comissi\u00f3 Europea que permet cercar llibres, revistes, articles i altres recursos bibliogr\u00e0fics de les col\u00b7leccions de les institucions europees.<\/p>\n\n\n\n<p class=\"wp-block-paragraph\"><a href=\"https:\/\/archives.eui.eu\/\"><strong>Historical Archives of the European Union (HAEU)<\/strong><\/a><br>Arxiu hist\u00f2ric de la integraci\u00f3 europea, amb documents de les institucions de la UE i col\u00b7leccions de documents personals i d&#8217;organitzacions relacionades amb el proc\u00e9s d&#8217;integraci\u00f3 europea. Els fons s\u00f3n consultables a trav\u00e9s de la base de dades dels Arxius Hist\u00f2rics de la UE, amb seu a Flor\u00e8ncia.<\/p>\n\n\n\n<p class=\"wp-block-paragraph\"><a href=\"https:\/\/op.europa.eu\/en\/\"><strong>Oficina de Publicacions de la Uni\u00f3 Europea<\/strong><\/a><br>Portal de l&#8217;Oficina de Publicacions de la UE que permet consultar publicacions, documents, legislaci\u00f3, dades i altres recursos d&#8217;informaci\u00f3 produ\u00efts per les institucions, \u00f2rgans i organismes de la Uni\u00f3 Europea.<\/p>\n\n\n\n<p class=\"wp-block-paragraph\"><a href=\"https:\/\/www.europarl.europa.eu\/thinktank\/en\/\"><strong>Think Tank del Parlament Europeu<\/strong><\/a><br>Portal del Servei d&#8217;Estudis del Parlament Europeu que recull estudis, informes, briefings i altres an\u00e0lisis sobre les pol\u00edtiques i els principals reptes de la Uni\u00f3 Europea.<\/p>\n\n\n\n<h2 class=\"wp-block-heading\">Revistes cient\u00edfiques<\/h2>\n\n\n\n<p class=\"wp-block-paragraph\"><a href=\"https:\/\/ced.revistas.deusto.es\/\"><strong>Cuadernos Europeos de Deusto<\/strong><\/a><br>Revista acad\u00e8mica interdisciplin\u00e0ria dedicada als estudis europeus, amb articles sobre integraci\u00f3 europea, dret, economia, pol\u00edtica i relacions internacionals.<\/p>\n\n\n\n<p class=\"wp-block-paragraph\"><a href=\"https:\/\/kluwerlawonline.com\/journal\/EuropeanForeignAffairsReview\"><strong>European Foreign Affairs Review<\/strong><\/a><br>Revista especialitzada en les relacions exteriors de la Uni\u00f3 Europea i en els aspectes jur\u00eddics i pol\u00edtics de l&#8217;acci\u00f3 exterior europea.<\/p>\n\n\n\n<p class=\"wp-block-paragraph\"><a href=\"https:\/\/journals.sagepub.com\/home\/eup\"><strong>European Union Politics<\/strong><\/a><br>Revista acad\u00e8mica centrada en l&#8217;an\u00e0lisi de la pol\u00edtica de la Uni\u00f3 Europea, les seves institucions, els processos pol\u00edtics i les relacions entre els diferents nivells de govern.<\/p>\n\n\n\n<p class=\"wp-block-paragraph\"><a href=\"https:\/\/onlinelibrary.wiley.com\/journal\/14685965\"><strong>Journal of Common Market Studies (JCMS)<\/strong><\/a><br>Una de les principals revistes acad\u00e8miques en l&#8217;\u00e0mbit dels estudis europeus, amb recerca sobre integraci\u00f3 europea, pol\u00edtica, economia, dret i relacions internacionals.<\/p>\n\n\n\n<p class=\"wp-block-paragraph\"><a href=\"https:\/\/www.jcer.net\/\"><strong>Journal of Contemporary European Research (JCER)<\/strong><\/a><br>Revista acad\u00e8mica d&#8217;acc\u00e9s obert dedicada a la recerca interdisciplin\u00e0ria sobre la Uni\u00f3 Europea i la pol\u00edtica europea contempor\u00e0nia.<\/p>\n\n\n\n<p class=\"wp-block-paragraph\"><a href=\"https:\/\/www.tandfonline.com\/journals\/geui20\"><strong>Journal of European Integration<\/strong><\/a><br>Revista acad\u00e8mica especialitzada en el proc\u00e9s d&#8217;integraci\u00f3 europea i en l&#8217;evoluci\u00f3 de la Uni\u00f3 Europea, des d&#8217;una perspectiva multidisciplin\u00e0ria.<\/p>\n\n\n\n<p class=\"wp-block-paragraph\"><a href=\"https:\/\/www.tandfonline.com\/journals\/rjpp20\"><strong>Journal of European Public Policy (JEPP)<\/strong><\/a><br>Revista especialitzada en l&#8217;an\u00e0lisi de les pol\u00edtiques p\u00fabliques europees, la governan\u00e7a i els processos de presa de decisions de la Uni\u00f3 Europea.<\/p>\n\n\n\n<p class=\"wp-block-paragraph\"><a href=\"https:\/\/revistas.ucm.es\/index.php\/PADE\"><strong>Papeles de Europa<\/strong><\/a><br>Revista acad\u00e8mica interdisciplin\u00e0ria dedicada als estudis europeus i a l&#8217;an\u00e0lisi de la integraci\u00f3 i les pol\u00edtiques de la Uni\u00f3 Europea.<\/p>\n\n\n\n<p class=\"wp-block-paragraph\"><a href=\"https:\/\/revistes.uab.cat\/quadernsiee\/\"><strong>Quaderns IEE<\/strong><\/a><br>Revista de l&#8217;Institut d&#8217;Estudis Europeus de la Universitat Aut\u00f2noma de Barcelona dedicada a la recerca sobre la Uni\u00f3 Europea i els processos d&#8217;integraci\u00f3 europea.<\/p>\n\n\n\n<p class=\"wp-block-paragraph\"><a href=\"https:\/\/recyt.fecyt.es\/index.php\/RDCE\"><strong>Revista de Derecho Comunitario Europeo<\/strong><\/a><br>Revista especialitzada en dret de la Uni\u00f3 Europea, amb estudis sobre l&#8217;ordenament jur\u00eddic europeu, les institucions i les pol\u00edtiques de la UE.<\/p>\n\n\n\n<p class=\"wp-block-paragraph\"><a href=\"https:\/\/revistas.uva.es\/index.php\/ree\"><strong>Revista de Estudios Europeos<\/strong><\/a><br>Revista interdisciplin\u00e0ria dedicada a l&#8217;estudi de la integraci\u00f3 europea i de les q\u00fcestions pol\u00edtiques, econ\u00f2miques, jur\u00eddiques, socials i culturals relacionades amb Europa.<\/p>\n\n\n\n<p class=\"wp-block-paragraph\"><a href=\"https:\/\/www.iustel.com\/v2\/revistas\/detalle_revista.asp?id=13\"><strong>Revista General de Derecho Europeo<\/strong><\/a><br>Revista especialitzada en l&#8217;an\u00e0lisi jur\u00eddica de la Uni\u00f3 Europea i del dret europeu, amb estudis doctrinals i comentaris sobre l&#8217;evoluci\u00f3 de l&#8217;ordenament de la UE.<\/p>\n\n\n\n<h2 class=\"wp-block-heading\">Centres de recerca i think tanks<\/h2>\n\n\n\n<p class=\"wp-block-paragraph\"><a href=\"https:\/\/www.uio.no\/arena\/english\/\"><strong>ARENA Centre for European Studies<\/strong><\/a><br>Centre de recerca de la University of Oslo especialitzat en l&#8217;estudi de la integraci\u00f3 europea, la governan\u00e7a, les institucions i la pol\u00edtica de la Uni\u00f3 Europea.<\/p>\n\n\n\n<p class=\"wp-block-paragraph\"><a href=\"https:\/\/www.bruegel.org\/\"><strong>Bruegel<\/strong><\/a><br>Think tank europeu especialitzat en economia i pol\u00edtiques p\u00fabliques, amb recerca sobre pol\u00edtica econ\u00f2mica, finances, comer\u00e7, energia, clima i competitivitat.<\/p>\n\n\n\n<p class=\"wp-block-paragraph\"><a href=\"https:\/\/www.zei.uni-bonn.de\/\"><strong>Center for European Integration Studies (ZEI)<\/strong><\/a><br>Centre interdisciplinari de la University of Bonn dedicat a l&#8217;estudi de la integraci\u00f3 europea, les institucions de la UE i les relacions d&#8217;Europa amb el seu entorn internacional.<\/p>\n\n\n\n<p class=\"wp-block-paragraph\"><a href=\"https:\/\/www.ceps.eu\/\"><strong>Centre for European Policy Studies (CEPS)<\/strong><\/a><br>Think tank independent amb seu a Brussel\u00b7les que desenvolupa recerca i an\u00e0lisi sobre les principals pol\u00edtiques i reptes econ\u00f2mics, pol\u00edtics i institucionals de la Uni\u00f3 Europea.<\/p>\n\n\n\n<p class=\"wp-block-paragraph\"><a href=\"https:\/\/ecfr.eu\/\"><strong>European Council on Foreign Relations (ECFR)<\/strong><\/a><br>Think tank europeu especialitzat en pol\u00edtica exterior i relacions internacionals, amb an\u00e0lisi sobre el paper de la Uni\u00f3 Europea en el m\u00f3n.<\/p>\n\n\n\n<p class=\"wp-block-paragraph\"><a href=\"https:\/\/www.epc.eu\/\"><strong>European Policy Centre (EPC)<\/strong><\/a><br>Think tank independent amb seu a Brussel\u00b7les que analitza les principals pol\u00edtiques i reptes institucionals de la Uni\u00f3 Europea.<\/p>\n\n\n\n<p class=\"wp-block-paragraph\"><a href=\"https:\/\/europeum.org\/\"><strong>EUROPEUM Institute for European Policy<\/strong><\/a><br>Think tank amb seu a Praga dedicat a la recerca i al debat sobre la integraci\u00f3 europea, les pol\u00edtiques de la UE i el paper d&#8217;Europa en el m\u00f3n.<\/p>\n\n\n\n<p class=\"wp-block-paragraph\"><a href=\"https:\/\/www.diigo.com\/user\/cde_uab\/?query=%23Experts\" data-type=\"link\" data-id=\"https:\/\/www.diigo.com\/user\/cde_uab\/?query=%23Experts\" target=\"_blank\" rel=\"noreferrer noopener\"><strong>Experts i investigadors<\/strong><\/a><br>Podeu consultar directoris i recursos per localitzar experts i investigadors en estudis europeus.<\/p>\n\n\n\n<p class=\"wp-block-paragraph\"><a href=\"https:\/\/www.robert-schuman.eu\/\"><strong>Fondation Robert Schuman<\/strong><\/a><br>Think tank especialitzat en q\u00fcestions europees que ofereix estudis, an\u00e0lisis i informaci\u00f3 sobre les institucions, les pol\u00edtiques i l&#8217;evoluci\u00f3 de la Uni\u00f3 Europea.<\/p>\n\n\n\n<p class=\"wp-block-paragraph\"><a href=\"https:\/\/feps-europe.eu\/\"><strong>Foundation for European Progressive Studies (FEPS)<\/strong><\/a><br>Think tank europeu vinculat a la fam\u00edlia socialdem\u00f2crata que desenvolupa recerca sobre pol\u00edtiques europees, democr\u00e0cia, economia, societat i transicions ecol\u00f2gica i digital.<\/p>\n\n\n\n<p class=\"wp-block-paragraph\"><a href=\"https:\/\/www.delorscentre.eu\/\"><strong>Jacques Delors Centre<\/strong><\/a><br>Centre de recerca de la Hertie School dedicat a l&#8217;estudi de la integraci\u00f3 europea i dels principals reptes pol\u00edtics, econ\u00f2mics i institucionals de la Uni\u00f3 Europea.<\/p>\n\n\n\n<p class=\"wp-block-paragraph\"><a href=\"https:\/\/www.sieps.se\/en\/\"><strong>Swedish Institute for European Policy Studies (SIEPS)<\/strong><\/a><br>Institut de recerca que analitza les pol\u00edtiques europees, el proc\u00e9s d&#8217;integraci\u00f3 i les relacions entre Su\u00e8cia i la Uni\u00f3 Europea.<\/p>\n\n\n\n<p class=\"wp-block-paragraph\"><a href=\"https:\/\/www.martenscentre.eu\/\"><strong>Wilfried Martens Centre for European Studies<\/strong><\/a><br>Think tank vinculat al Partit Popular Europeu que desenvolupa recerca i an\u00e0lisi sobre pol\u00edtiques europees, economia, democr\u00e0cia, seguretat i relacions internacionals.<\/p>\n\n\n\n<p class=\"wp-block-paragraph\"><\/p>\n\n\n\n<p class=\"wp-block-paragraph\"><\/p>\n","protected":false},"excerpt":{"rendered":"<p>En aquesta secci\u00f3 trobareu una selecci\u00f3 de recursos per localitzar bibliografia, documents i informaci\u00f3 especialitzada sobre la Uni\u00f3 Europea. Inclou bases de dades i portals d&#8217;informaci\u00f3, revistes cient\u00edfiques i centres de recerca i think tanks especialitzats en estudis europeus. Per ampliar la cerca bibliogr\u00e0fica, podeu consultar tamb\u00e9 les publicacions sobre la Uni\u00f3 Europea disponibles al [&hellip;]<\/p>\n","protected":false},"author":50,"featured_media":0,"parent":0,"menu_order":0,"comment_status":"closed","ping_status":"closed","template":"","meta":{"footnotes":""},"class_list":["post-1557","page","type-page","status-publish","hentry"],"_links":{"self":[{"href":"https:\/\/webs.uab.cat\/fontsue\/wp-json\/wp\/v2\/pages\/1557","targetHints":{"allow":["GET"]}}],"collection":[{"href":"https:\/\/webs.uab.cat\/fontsue\/wp-json\/wp\/v2\/pages"}],"about":[{"href":"https:\/\/webs.uab.cat\/fontsue\/wp-json\/wp\/v2\/types\/page"}],"author":[{"embeddable":true,"href":"https:\/\/webs.uab.cat\/fontsue\/wp-json\/wp\/v2\/users\/50"}],"replies":[{"embeddable":true,"href":"https:\/\/webs.uab.cat\/fontsue\/wp-json\/wp\/v2\/comments?post=1557"}],"version-history":[{"count":49,"href":"https:\/\/webs.uab.cat\/fontsue\/wp-json\/wp\/v2\/pages\/1557\/revisions"}],"predecessor-version":[{"id":2003,"href":"https:\/\/webs.uab.cat\/fontsue\/wp-json\/wp\/v2\/pages\/1557\/revisions\/2003"}],"wp:attachment":[{"href":"https:\/\/webs.uab.cat\/fontsue\/wp-json\/wp\/v2\/media?parent=1557"}],"curies":[{"name":"wp","href":"https:\/\/api.w.org\/{rel}","templated":true}]}}