{"id":1596,"date":"2024-09-14T19:46:59","date_gmt":"2024-09-14T19:46:59","guid":{"rendered":"https:\/\/webs.uab.cat\/fontsue\/?page_id=1596"},"modified":"2024-09-14T19:46:59","modified_gmt":"2024-09-14T19:46:59","slug":"tesaurus-de-fonts-dinformacio-sobre-la-ue","status":"publish","type":"page","link":"https:\/\/webs.uab.cat\/fontsue\/tesaurus-de-fonts-dinformacio-sobre-la-ue\/","title":{"rendered":"Tesaurus de fonts d&#8217;informaci\u00f3 sobre la UE"},"content":{"rendered":"\n<p><a href=\"https:\/\/webs.uab.cat\/fontsue\/accio-exterior\/\" data-type=\"link\" data-id=\"https:\/\/webs.uab.cat\/fontsue\/accio-exterior\/\" target=\"_blank\" rel=\"noreferrer noopener\">Acci\u00f3 exterior<\/a><\/p>\n\n\n\n<p><a href=\"https:\/\/webs.uab.cat\/fontsue\/afers-institucionals-integracio-europea-governanca\/\" data-type=\"link\" data-id=\"https:\/\/webs.uab.cat\/fontsue\/afers-institucionals-integracio-europea-governanca\/\" target=\"_blank\" rel=\"noreferrer noopener\">Afers institucionals, integraci\u00f3 europea i governan\u00e7a<\/a><\/p>\n\n\n\n<p><a href=\"https:\/\/webs.uab.cat\/fontsue\/afers-socials-treball-religions\/\" data-type=\"link\" data-id=\"https:\/\/webs.uab.cat\/fontsue\/afers-socials-treball-religions\/\" target=\"_blank\" rel=\"noreferrer noopener\">Afers socials, treball i religions<\/a><\/p>\n\n\n\n<p><a href=\"https:\/\/webs.uab.cat\/fontsue\/agricultura-pesca-alimentacio\/\" data-type=\"link\" data-id=\"https:\/\/webs.uab.cat\/fontsue\/agricultura-pesca-alimentacio\/\" target=\"_blank\" rel=\"noreferrer noopener\">Agricultura, pesca<\/a><a href=\"https:\/\/webs.uab.cat\/fontsue\/agricultura-pesca-alimentacio\/\" data-type=\"link\" data-id=\"https:\/\/webs.uab.cat\/fontsue\/agricultura-pesca-alimentacio\/\"> i alimentaci\u00f3<\/a><\/p>\n\n\n\n<p><a href=\"https:\/\/webs.uab.cat\/fontsue\/dret-elsj\/\" data-type=\"link\" data-id=\"https:\/\/webs.uab.cat\/fontsue\/dret-elsj\/\" target=\"_blank\" rel=\"noreferrer noopener\">Dret i ELSJ<\/a><\/p>\n\n\n\n<p><a href=\"https:\/\/webs.uab.cat\/fontsue\/economia-finances\/\" data-type=\"link\" data-id=\"https:\/\/webs.uab.cat\/fontsue\/economia-finances\/\" target=\"_blank\" rel=\"noreferrer noopener\">Economia i finances<\/a><\/p>\n\n\n\n<p><a href=\"https:\/\/webs.uab.cat\/fontsue\/educacio-cultura-esport-joventut-periodisme\/\" data-type=\"link\" data-id=\"https:\/\/webs.uab.cat\/fontsue\/educacio-cultura-esport-joventut-periodisme\/\" target=\"_blank\" rel=\"noreferrer noopener\">Educaci\u00f3, cultura, esport, joventut i periodisme<\/a><\/p>\n\n\n\n<p><a href=\"https:\/\/webs.uab.cat\/fontsue\/medi-ambient-energia\/\" data-type=\"link\" data-id=\"https:\/\/webs.uab.cat\/fontsue\/medi-ambient-energia\/\" target=\"_blank\" rel=\"noreferrer noopener\">Medi ambient i energia<\/a><\/p>\n\n\n\n<p><a href=\"https:\/\/webs.uab.cat\/fontsue\/mercat-unic-empresa\/\" data-type=\"link\" data-id=\"https:\/\/webs.uab.cat\/fontsue\/mercat-unic-empresa\/\" target=\"_blank\" rel=\"noreferrer noopener\">Mercat \u00fanic i empresa<\/a><\/p>\n\n\n\n<p><a href=\"https:\/\/webs.uab.cat\/fontsue\/politica-regional\/\" data-type=\"link\" data-id=\"https:\/\/webs.uab.cat\/fontsue\/politica-regional\/\" target=\"_blank\" rel=\"noreferrer noopener\">Pol\u00edtica regional<\/a><\/p>\n\n\n\n<p><a href=\"https:\/\/webs.uab.cat\/fontsue\/recerca-societat-de-la-informacio-telecomunicacions\/\" data-type=\"link\" data-id=\"https:\/\/webs.uab.cat\/fontsue\/recerca-societat-de-la-informacio-telecomunicacions\/\" target=\"_blank\" rel=\"noreferrer noopener\">Recerca, societat de la informaci\u00f3 i telecomunicacions<\/a><\/p>\n\n\n\n<p><a href=\"https:\/\/webs.uab.cat\/fontsue\/salut-publica\/\" data-type=\"link\" data-id=\"https:\/\/webs.uab.cat\/fontsue\/salut-publica\/\" target=\"_blank\" rel=\"noreferrer noopener\">Salut p\u00fablica<\/a><\/p>\n\n\n\n<p><a href=\"https:\/\/webs.uab.cat\/fontsue\/transport-turisme\/\" data-type=\"link\" data-id=\"https:\/\/webs.uab.cat\/fontsue\/transport-turisme\/\" target=\"_blank\" rel=\"noreferrer noopener\">Transport i turisme<\/a><\/p>\n","protected":false},"excerpt":{"rendered":"<p>Acci\u00f3 exterior Afers institucionals, integraci\u00f3 europea i governan\u00e7a Afers socials, treball i religions Agricultura, pesca i alimentaci\u00f3 Dret i ELSJ Economia i finances Educaci\u00f3, cultura, esport, joventut i periodisme Medi ambient i energia Mercat \u00fanic i empresa Pol\u00edtica regional Recerca, societat de la informaci\u00f3 i telecomunicacions Salut p\u00fablica Transport i turisme<\/p>\n","protected":false},"author":50,"featured_media":0,"parent":0,"menu_order":0,"comment_status":"closed","ping_status":"closed","template":"","meta":{"footnotes":""},"class_list":["post-1596","page","type-page","status-publish","hentry"],"_links":{"self":[{"href":"https:\/\/webs.uab.cat\/fontsue\/wp-json\/wp\/v2\/pages\/1596","targetHints":{"allow":["GET"]}}],"collection":[{"href":"https:\/\/webs.uab.cat\/fontsue\/wp-json\/wp\/v2\/pages"}],"about":[{"href":"https:\/\/webs.uab.cat\/fontsue\/wp-json\/wp\/v2\/types\/page"}],"author":[{"embeddable":true,"href":"https:\/\/webs.uab.cat\/fontsue\/wp-json\/wp\/v2\/users\/50"}],"replies":[{"embeddable":true,"href":"https:\/\/webs.uab.cat\/fontsue\/wp-json\/wp\/v2\/comments?post=1596"}],"version-history":[{"count":8,"href":"https:\/\/webs.uab.cat\/fontsue\/wp-json\/wp\/v2\/pages\/1596\/revisions"}],"predecessor-version":[{"id":1604,"href":"https:\/\/webs.uab.cat\/fontsue\/wp-json\/wp\/v2\/pages\/1596\/revisions\/1604"}],"wp:attachment":[{"href":"https:\/\/webs.uab.cat\/fontsue\/wp-json\/wp\/v2\/media?parent=1596"}],"curies":[{"name":"wp","href":"https:\/\/api.w.org\/{rel}","templated":true}]}}