{"id":1777,"date":"2026-08-18T18:45:02","date_gmt":"2026-08-18T18:45:02","guid":{"rendered":"https:\/\/webs.uab.cat\/fontsue\/?page_id=1777"},"modified":"2026-08-18T19:38:35","modified_gmt":"2026-08-18T19:38:35","slug":"legislacio","status":"publish","type":"page","link":"https:\/\/webs.uab.cat\/fontsue\/legislacio\/","title":{"rendered":"LEGISLACI\u00d3"},"content":{"rendered":"\n<p class=\"wp-block-paragraph\">La legislaci\u00f3 de la Uni\u00f3 Europea constitueix el conjunt de normes jur\u00eddiques que regulen les compet\u00e8ncies i l\u2019activitat de la UE i estableixen drets i obligacions per als Estats membres, les institucions europees, les empreses i la ciutadania.<\/p>\n\n\n\n<p class=\"wp-block-paragraph\">Aquesta p\u00e0gina ofereix acc\u00e9s a les principals fonts i eines per <strong>consultar el dret de la Uni\u00f3 Europea, seguir l\u2019elaboraci\u00f3 de la legislaci\u00f3 i con\u00e8ixer com s\u2019aplica i es controla<\/strong>.<\/p>\n\n\n\n<h2 class=\"wp-block-heading\">Elaboraci\u00f3 de la legislaci\u00f3 de la UE<\/h2>\n\n\n\n<p class=\"wp-block-paragraph\">La Comissi\u00f3 Europea t\u00e9, amb car\u00e0cter general, el dret d\u2019iniciativa legislativa i presenta propostes que s\u00f3n examinades i adoptades pel Parlament Europeu i el Consell de la Uni\u00f3 Europea. El procediment legislatiu aplicable dep\u00e8n de la mat\u00e8ria i de la base jur\u00eddica prevista pels Tractats.<\/p>\n\n\n\n<p class=\"wp-block-paragraph\"><a href=\"https:\/\/commission.europa.eu\/law\/law-making-process_en\"><strong>Comissi\u00f3 Europea \u2013 Elaboraci\u00f3 de la legislaci\u00f3 de la UE<\/strong><\/a><br>Informaci\u00f3 sobre les diferents fases d\u2019elaboraci\u00f3, adopci\u00f3 i aplicaci\u00f3 de la legislaci\u00f3 europea.<\/p>\n\n\n\n<p class=\"wp-block-paragraph\"><a href=\"https:\/\/www.europarl.europa.eu\/about-parliament\/en\/powers-and-procedures\/legislative-powers\"><strong>Parlament Europeu \u2013 Procediments legislatius<\/strong><\/a><br>Informaci\u00f3 sobre el paper del Parlament Europeu en el proc\u00e9s legislatiu i els diferents procediments.<\/p>\n\n\n\n<p class=\"wp-block-paragraph\"><a href=\"https:\/\/www.consilium.europa.eu\/en\/council-eu\/decision-making\/\"><strong>Consell de la UE \u2013 Presa de decisions<\/strong><\/a><br>Informaci\u00f3 sobre el paper del Consell en l\u2019adopci\u00f3 de la legislaci\u00f3 europea i la seva relaci\u00f3 amb el Parlament Europeu.<\/p>\n\n\n\n<h2 class=\"wp-block-heading\">Consulta del dret de la Uni\u00f3 Europea<\/h2>\n\n\n\n<p class=\"wp-block-paragraph\"><a href=\"https:\/\/eur-lex.europa.eu\/\"><strong>EUR-Lex<\/strong><\/a><br>Portal oficial de la Uni\u00f3 Europea per consultar el dret de la UE. Permet accedir als Tractats, actes jur\u00eddics, documents preparatoris, jurisprud\u00e8ncia, acords internacionals i altres documents relacionats amb el dret de la Uni\u00f3.<\/p>\n\n\n\n<p class=\"wp-block-paragraph\">A EUR-Lex tamb\u00e9 es pot consultar el <strong>Diari Oficial de la Uni\u00f3 Europea<\/strong>, la legislaci\u00f3 consolidada, les modificacions dels actes jur\u00eddics, les mesures nacionals de transposici\u00f3 i altra informaci\u00f3 relacionada amb cada acte.<\/p>\n\n\n\n<p class=\"wp-block-paragraph\"><a href=\"https:\/\/eur-lex.europa.eu\/oj\/direct-access.html\"><strong>Diari Oficial de la Uni\u00f3 Europea<\/strong><\/a><br>Publicaci\u00f3 oficial de la legislaci\u00f3 i altres actes de la Uni\u00f3 Europea.<\/p>\n\n\n\n<p class=\"wp-block-paragraph\"><a href=\"https:\/\/eur-lex.europa.eu\/collection\/eu-law\/treaties.html\"><strong>Tractats de la Uni\u00f3 Europea<\/strong><\/a><br>Acc\u00e9s als tractats constitutius i als principals textos que estableixen el marc jur\u00eddic de la Uni\u00f3 Europea.<\/p>\n\n\n\n<p class=\"wp-block-paragraph\"><a href=\"https:\/\/eur-lex.europa.eu\/summary\/index.html\"><strong>S\u00edntesis de la legislaci\u00f3 de la UE<\/strong><\/a><br>Explicacions breus i accessibles sobre la legislaci\u00f3 europea, organitzades per \u00e0mbits tem\u00e0tics.<\/p>\n\n\n\n<p class=\"wp-block-paragraph\"><a href=\"https:\/\/eur-lex.europa.eu\/collection\/n-law\/mne.html\"><strong>Mesures nacionals de transposici\u00f3<\/strong><\/a><br>Informaci\u00f3 sobre les mesures adoptades pels Estats membres per incorporar les directives europees al dret nacional.<\/p>\n\n\n\n<h2 class=\"wp-block-heading\">Seguiment de la legislaci\u00f3<\/h2>\n\n\n\n<p class=\"wp-block-paragraph\">A m\u00e9s de consultar els textos jur\u00eddics adoptats, diferents eines permeten seguir <strong>l\u2019evoluci\u00f3 d&#8217;una proposta legislativa al llarg del proc\u00e9s de presa de decisions<\/strong>.<\/p>\n\n\n\n<p class=\"wp-block-paragraph\"><a href=\"https:\/\/oeil.europarl.europa.eu\/\"><strong>Legislative Observatory<\/strong><\/a><br>Base de dades del Parlament Europeu per seguir els procediments legislatius i consultar la documentaci\u00f3 relacionada amb cada expedient.<\/p>\n\n\n\n<p class=\"wp-block-paragraph\"><a href=\"https:\/\/www.europarl.europa.eu\/legislative-train\/\"><strong>Legislative Train Schedule<\/strong><\/a><br>Eina del Parlament Europeu que permet seguir les iniciatives legislatives vinculades a les prioritats pol\u00edtiques de la Uni\u00f3.<\/p>\n\n\n\n<p class=\"wp-block-paragraph\"><a href=\"https:\/\/law-tracker.europa.eu\/\"><strong>EU Law Tracker<\/strong><\/a><br>Eina per seguir el cicle de vida dels actes legislatius de la Uni\u00f3 Europea, des de la proposta fins a la seva adopci\u00f3 i aplicaci\u00f3.<\/p>\n\n\n\n<h2 class=\"wp-block-heading\">Aplicaci\u00f3 i compliment del dret de la UE<\/h2>\n\n\n\n<p class=\"wp-block-paragraph\">Els Estats membres s\u00f3n responsables d\u2019aplicar correctament el dret de la Uni\u00f3. La Comissi\u00f3 Europea supervisa l\u2019aplicaci\u00f3 del dret de la UE i pot iniciar <strong>procediments d\u2019infracci\u00f3<\/strong> quan considera que un Estat membre no compleix les seves obligacions.<\/p>\n\n\n\n<p class=\"wp-block-paragraph\"><a href=\"https:\/\/commission.europa.eu\/law\/law-making-process\/applying-eu-law\/infringement-procedure_en\"><strong>Procediments d\u2019infracci\u00f3 \u2013 Comissi\u00f3 Europea<\/strong><\/a><br>Informaci\u00f3 sobre el procediment que pot iniciar la Comissi\u00f3 Europea quan un Estat membre incompleix el dret de la UE.<\/p>\n\n\n\n<p class=\"wp-block-paragraph\"><a href=\"https:\/\/commission.europa.eu\/law\/law-making-process\/applying-eu-law\/infringement-decisions_en\"><strong>Decisions sobre procediments d\u2019infracci\u00f3<\/strong><\/a><br>Informaci\u00f3 sobre les decisions de la Comissi\u00f3 relatives als procediments d\u2019infracci\u00f3.<\/p>\n\n\n\n<h2 class=\"wp-block-heading\">Participaci\u00f3 en l\u2019elaboraci\u00f3 de les pol\u00edtiques i la legislaci\u00f3<\/h2>\n\n\n\n<p class=\"wp-block-paragraph\">La ciutadania, les empreses, les organitzacions i altres grups d\u2019inter\u00e8s poden participar en diferents fases de l\u2019elaboraci\u00f3 de les pol\u00edtiques i la legislaci\u00f3 de la UE.<\/p>\n\n\n\n<p class=\"wp-block-paragraph\"><a href=\"https:\/\/commission.europa.eu\/get-involved\/engage-eu-policymaking\/have-your-say-portal_en\"><strong>Have Your Say<\/strong><\/a><br>Portal de la Comissi\u00f3 Europea que permet participar en consultes p\u00fabliques i donar la vostra opini\u00f3 sobre les iniciatives i pol\u00edtiques de la UE.<\/p>\n\n\n\n<p class=\"wp-block-paragraph\"><a href=\"https:\/\/citizens-initiative.europa.eu\/\"><strong>Iniciativa ciutadana europea<\/strong><\/a><br>Instrument que permet a la ciutadania de la UE demanar a la Comissi\u00f3 Europea que proposi mesures legislatives en \u00e0mbits en qu\u00e8 la UE t\u00e9 compet\u00e8ncies.<\/p>\n\n\n\n<p class=\"wp-block-paragraph\"><a href=\"https:\/\/www.europarl.europa.eu\/petitions\/en\/home\"><strong>Peticions al Parlament Europeu<\/strong><\/a><br>Permet als ciutadans de la UE i a les persones que resideixen o tenen la seu en un Estat membre presentar peticions al Parlament Europeu sobre q\u00fcestions relacionades amb els \u00e0mbits d\u2019actuaci\u00f3 de la UE.<\/p>\n\n\n\n<h2 class=\"wp-block-heading\">Recursos de refer\u00e8ncia<\/h2>\n\n\n\n<p class=\"wp-block-paragraph\"><a href=\"https:\/\/european-union.europa.eu\/institutions-law-budget\/law_en\"><strong>EU Law<\/strong><\/a><br>Informaci\u00f3 general sobre el dret de la Uni\u00f3 Europea i el seu funcionament.<\/p>\n\n\n\n<p class=\"wp-block-paragraph\"><a href=\"https:\/\/op.europa.eu\/en\/web\/about-us\"><strong>Publications Office of the European Union<\/strong><\/a><br>Oficina responsable de la producci\u00f3 i difusi\u00f3 de les publicacions oficials de la Uni\u00f3 Europea i dels principals serveis d\u2019informaci\u00f3 jur\u00eddica i documental.<\/p>\n\n\n\n<p class=\"wp-block-paragraph\"><a href=\"https:\/\/n-lex.europa.eu\/\"><strong>N-Lex<\/strong><\/a><br>Portal d\u2019acc\u00e9s a les bases de dades de legislaci\u00f3 nacional dels Estats membres de la Uni\u00f3 Europea.<\/p>\n\n\n\n<p class=\"wp-block-paragraph\"><a href=\"https:\/\/e-justice.europa.eu\/home\"><strong>European e-Justice Portal<\/strong><\/a><br>Portal europeu de just\u00edcia electr\u00f2nica que facilita l\u2019acc\u00e9s a informaci\u00f3 i eines relacionades amb els sistemes judicials dels Estats membres i la cooperaci\u00f3 judicial europea.<\/p>\n\n\n\n<p class=\"wp-block-paragraph\"><\/p>\n\n\n\n<p class=\"wp-block-paragraph\"><\/p>\n\n\n\n<p class=\"wp-block-paragraph\"><\/p>\n\n\n\n<p class=\"wp-block-paragraph\"><\/p>\n\n\n\n<p class=\"wp-block-paragraph\"><\/p>\n\n\n\n<p class=\"wp-block-paragraph\"><\/p>\n\n\n\n<p class=\"wp-block-paragraph\"><\/p>\n\n\n\n<p class=\"wp-block-paragraph\"><\/p>\n","protected":false},"excerpt":{"rendered":"<p>La legislaci\u00f3 de la Uni\u00f3 Europea constitueix el conjunt de normes jur\u00eddiques que regulen les compet\u00e8ncies i l\u2019activitat de la UE i estableixen drets i obligacions per als Estats membres, les institucions europees, les empreses i la ciutadania. Aquesta p\u00e0gina ofereix acc\u00e9s a les principals fonts i eines per consultar el dret de la Uni\u00f3 [&hellip;]<\/p>\n","protected":false},"author":50,"featured_media":0,"parent":0,"menu_order":0,"comment_status":"closed","ping_status":"closed","template":"","meta":{"footnotes":""},"class_list":["post-1777","page","type-page","status-publish","hentry"],"_links":{"self":[{"href":"https:\/\/webs.uab.cat\/fontsue\/wp-json\/wp\/v2\/pages\/1777","targetHints":{"allow":["GET"]}}],"collection":[{"href":"https:\/\/webs.uab.cat\/fontsue\/wp-json\/wp\/v2\/pages"}],"about":[{"href":"https:\/\/webs.uab.cat\/fontsue\/wp-json\/wp\/v2\/types\/page"}],"author":[{"embeddable":true,"href":"https:\/\/webs.uab.cat\/fontsue\/wp-json\/wp\/v2\/users\/50"}],"replies":[{"embeddable":true,"href":"https:\/\/webs.uab.cat\/fontsue\/wp-json\/wp\/v2\/comments?post=1777"}],"version-history":[{"count":3,"href":"https:\/\/webs.uab.cat\/fontsue\/wp-json\/wp\/v2\/pages\/1777\/revisions"}],"predecessor-version":[{"id":1815,"href":"https:\/\/webs.uab.cat\/fontsue\/wp-json\/wp\/v2\/pages\/1777\/revisions\/1815"}],"wp:attachment":[{"href":"https:\/\/webs.uab.cat\/fontsue\/wp-json\/wp\/v2\/media?parent=1777"}],"curies":[{"name":"wp","href":"https:\/\/api.w.org\/{rel}","templated":true}]}}