{"id":1788,"date":"2026-08-18T18:50:14","date_gmt":"2026-08-18T18:50:14","guid":{"rendered":"https:\/\/webs.uab.cat\/fontsue\/?page_id=1788"},"modified":"2026-08-19T09:16:07","modified_gmt":"2026-08-19T09:16:07","slug":"historia","status":"publish","type":"page","link":"https:\/\/webs.uab.cat\/fontsue\/historia\/","title":{"rendered":"HIST\u00d2RIA DE LA INTEGRACI\u00d3 EUROPEA"},"content":{"rendered":"\n<p class=\"wp-block-paragraph\">La hist\u00f2ria de la Uni\u00f3 Europea \u00e9s el resultat d&#8217;un proc\u00e9s d&#8217;integraci\u00f3 pol\u00edtica, econ\u00f2mica i social iniciat despr\u00e9s de la Segona Guerra Mundial. Aquesta p\u00e0gina reuneix recursos per con\u00e8ixer els principals moments, figures i documents de la construcci\u00f3 europea, des dels primers projectes d&#8217;integraci\u00f3 fins a l&#8217;actualitat.<\/p>\n\n\n\n<p class=\"wp-block-paragraph\"><a href=\"https:\/\/european-union.europa.eu\/principles-countries-history\/history-eu\/eu-pioneers_en\"><strong>Pioners de la UE<\/strong><\/a><br>Informaci\u00f3 sobre les persones que van contribuir al desenvolupament del projecte europeu i a la construcci\u00f3 de les primeres institucions europees.<\/p>\n\n\n\n<p class=\"wp-block-paragraph\"><a href=\"https:\/\/european-union.europa.eu\/principles-countries-history\/history-eu_en\"><strong>Hist\u00f2ria de la Uni\u00f3 Europea<\/strong><\/a><br>Recorregut per les principals etapes del proc\u00e9s d&#8217;integraci\u00f3 europea, des de la creaci\u00f3 de les primeres Comunitats Europees fins a l&#8217;actualitat.<\/p>\n\n\n\n<p class=\"wp-block-paragraph\"><a href=\"https:\/\/learning-corner.learning.europa.eu\/history-europe_en\"><strong>L\u00ednia cronol\u00f2gica de la UE<\/strong><\/a><br>Cronologia interactiva dels principals esdeveniments de la hist\u00f2ria de la integraci\u00f3 europea.<\/p>\n\n\n\n<p class=\"wp-block-paragraph\"><a href=\"https:\/\/european-union.europa.eu\/principles-countries-history\/eu-enlargement_en\"><strong>Ampliaci\u00f3 de la UE<\/strong><\/a><br>Informaci\u00f3 sobre les diferents ampliacions de la Uni\u00f3 Europea i el proc\u00e9s d&#8217;adhesi\u00f3 dels nous Estats membres.<\/p>\n\n\n\n<h2 class=\"wp-block-heading\">Documents i fonts hist\u00f2riques<\/h2>\n\n\n\n<p class=\"wp-block-paragraph\"><a href=\"https:\/\/www.cvce.eu\/\"><strong>Centre virtuel de la connaissance sur l\u2019Europe (CVCE)<\/strong><\/a><br>Gran col\u00b7lecci\u00f3 digital de fonts sobre la hist\u00f2ria de la integraci\u00f3 europea, amb documents textuals, fotografies, discursos, entrevistes, enregistraments audiovisuals i altres materials hist\u00f2rics. \u00c9s especialment \u00fatil per a la recerca sobre els or\u00edgens i el desenvolupament de la construcci\u00f3 europea.<\/p>\n\n\n\n<p class=\"wp-block-paragraph\"><a href=\"https:\/\/www.eui.eu\/en\/academic-units\/historical-archives-of-the-european-union\"><strong>Historical Archives of the European Union (HAEU)<\/strong><\/a><br>Arxiu hist\u00f2ric de les institucions europees, amb acc\u00e9s a documents, fons d&#8217;arxiu i col\u00b7leccions relacionades amb la hist\u00f2ria de la integraci\u00f3 europea.<\/p>\n\n\n\n<p class=\"wp-block-paragraph\"><a href=\"https:\/\/archives.eui.eu\/\"><strong>EU Archives<\/strong><\/a><br>Portal de consulta dels arxius hist\u00f2rics de la Uni\u00f3 Europea gestionats pel Historical Archives of the European Union.<\/p>\n\n\n\n<p class=\"wp-block-paragraph\"><strong><a href=\"https:\/\/aei.pitt.edu\/?utm_source=chatgpt.com\">Archive of European Integration (AEI)<\/a><\/strong><br>Repositori digital especialitzat en la hist\u00f2ria de la integraci\u00f3 europea. Ofereix acc\u00e9s gratu\u00eft a documents oficials de les Comunitats Europees i de la Uni\u00f3 Europea, aix\u00ed com a materials de recerca d&#8217;institucions i investigadors sobre el proc\u00e9s d&#8217;integraci\u00f3 europea. Permet consultar les col\u00b7leccions per any, tema, s\u00e8ries documentals, confer\u00e8ncies i altres criteris.<\/p>\n\n\n\n<h2 class=\"wp-block-heading\">Recursos audiovisuals<\/h2>\n\n\n\n<p class=\"wp-block-paragraph\"><a href=\"https:\/\/audiovisual.ec.europa.eu\/\"><strong>European Commission \u2013 Audiovisual Portal<\/strong><\/a><br>Col\u00b7lecci\u00f3 audiovisual de la Comissi\u00f3 Europea amb fotografies, v\u00eddeos i enregistraments hist\u00f2rics i actuals relacionats amb la construcci\u00f3 europea.<\/p>\n\n\n\n<p class=\"wp-block-paragraph\"><a href=\"https:\/\/www.consilium.europa.eu\/es\/european-council\/\"><strong>De charlas distendidas a decisiones fundamentales<\/strong><\/a><br>Recurs audiovisual del Consell que explica l&#8217;evoluci\u00f3 del Consell Europeu i el seu paper en el proc\u00e9s d&#8217;integraci\u00f3 europea.<\/p>\n\n\n\n<h2 class=\"wp-block-heading\">M\u00e9s informaci\u00f3<\/h2>\n\n\n\n<p class=\"wp-block-paragraph\">Trobareu bibliografia al <a href=\"https:\/\/bibcercador.uab.cat\/discovery\/search?query=sub,exact,unio%20europea,AND&amp;query=sub,exact,historia,AND&amp;tab=Everything&amp;search_scope=MyInst_and_CI&amp;sortby=rank&amp;vid=34CSUC_UAB:VU1&amp;mode=advanced&amp;offset=0\" data-type=\"link\" data-id=\"https:\/\/bibcercador.uab.cat\/discovery\/search?query=sub,exact,unio%20europea,AND&amp;query=sub,exact,historia,AND&amp;tab=Everything&amp;search_scope=MyInst_and_CI&amp;sortby=rank&amp;vid=34CSUC_UAB:VU1&amp;mode=advanced&amp;offset=0\" target=\"_blank\" rel=\"noreferrer noopener\"><strong>cat\u00e0leg de les biblioteques de la UAB<\/strong><\/a> i una recopilaci\u00f3 d&#8217;enlla\u00e7os a l&#8217;apartat <a href=\"https:\/\/www.diigo.com\/user\/cde_uab\/?query=%23History\" data-type=\"link\" data-id=\"https:\/\/www.diigo.com\/user\/cde_uab\/?query=%23History\" target=\"_blank\" rel=\"noreferrer noopener\"><strong>History<\/strong><\/a> de la guia per localitzar recursos del Centre de Documentaci\u00f3 Europea.<\/p>\n\n\n\n<p class=\"wp-block-paragraph\"><\/p>\n","protected":false},"excerpt":{"rendered":"<p>La hist\u00f2ria de la Uni\u00f3 Europea \u00e9s el resultat d&#8217;un proc\u00e9s d&#8217;integraci\u00f3 pol\u00edtica, econ\u00f2mica i social iniciat despr\u00e9s de la Segona Guerra Mundial. Aquesta p\u00e0gina reuneix recursos per con\u00e8ixer els principals moments, figures i documents de la construcci\u00f3 europea, des dels primers projectes d&#8217;integraci\u00f3 fins a l&#8217;actualitat. Pioners de la UEInformaci\u00f3 sobre les persones que [&hellip;]<\/p>\n","protected":false},"author":50,"featured_media":0,"parent":0,"menu_order":0,"comment_status":"closed","ping_status":"closed","template":"","meta":{"footnotes":""},"class_list":["post-1788","page","type-page","status-publish","hentry"],"_links":{"self":[{"href":"https:\/\/webs.uab.cat\/fontsue\/wp-json\/wp\/v2\/pages\/1788","targetHints":{"allow":["GET"]}}],"collection":[{"href":"https:\/\/webs.uab.cat\/fontsue\/wp-json\/wp\/v2\/pages"}],"about":[{"href":"https:\/\/webs.uab.cat\/fontsue\/wp-json\/wp\/v2\/types\/page"}],"author":[{"embeddable":true,"href":"https:\/\/webs.uab.cat\/fontsue\/wp-json\/wp\/v2\/users\/50"}],"replies":[{"embeddable":true,"href":"https:\/\/webs.uab.cat\/fontsue\/wp-json\/wp\/v2\/comments?post=1788"}],"version-history":[{"count":8,"href":"https:\/\/webs.uab.cat\/fontsue\/wp-json\/wp\/v2\/pages\/1788\/revisions"}],"predecessor-version":[{"id":1831,"href":"https:\/\/webs.uab.cat\/fontsue\/wp-json\/wp\/v2\/pages\/1788\/revisions\/1831"}],"wp:attachment":[{"href":"https:\/\/webs.uab.cat\/fontsue\/wp-json\/wp\/v2\/media?parent=1788"}],"curies":[{"name":"wp","href":"https:\/\/api.w.org\/{rel}","templated":true}]}}