{"id":1790,"date":"2026-08-18T18:53:47","date_gmt":"2026-08-18T18:53:47","guid":{"rendered":"https:\/\/webs.uab.cat\/fontsue\/?page_id=1790"},"modified":"2026-08-18T19:54:12","modified_gmt":"2026-08-18T19:54:12","slug":"politiques-de-la-ue","status":"publish","type":"page","link":"https:\/\/webs.uab.cat\/fontsue\/politiques-de-la-ue\/","title":{"rendered":"POL\u00cdTIQUES DE LA UE"},"content":{"rendered":"\n<p class=\"wp-block-paragraph\">La Uni\u00f3 Europea desenvolupa pol\u00edtiques en \u00e0mbits molt diversos, des de l\u2019agricultura i el medi ambient fins a l\u2019ocupaci\u00f3, l\u2019energia, la recerca, el comer\u00e7 o la pol\u00edtica exterior.<\/p>\n\n\n\n<p class=\"wp-block-paragraph\">Aquesta p\u00e0gina ofereix acc\u00e9s a les principals fonts institucionals per con\u00e8ixer les pol\u00edtiques de la Uni\u00f3 Europea, consultar-ne la legislaci\u00f3 i seguir-ne l\u2019evoluci\u00f3.<\/p>\n\n\n\n<h2 class=\"wp-block-heading\">Pol\u00edtiques i \u00e0mbits d&#8217;actuaci\u00f3 de la UE<\/h2>\n\n\n\n<p class=\"wp-block-paragraph\"><a href=\"https:\/\/european-union.europa.eu\/priorities-and-actions\/actions-topic_en\"><strong>\u00c0rees tem\u00e0tiques de la Uni\u00f3 Europea<\/strong><\/a><br>Portal oficial de la Uni\u00f3 Europea que presenta les principals pol\u00edtiques i \u00e0mbits d\u2019actuaci\u00f3 de la UE. Per a cada tema ofereix informaci\u00f3 sobre l\u2019acci\u00f3 de la Uni\u00f3, la legislaci\u00f3, les pol\u00edtiques i els recursos relacionats.<\/p>\n\n\n\n<p class=\"wp-block-paragraph\"><a href=\"https:\/\/www.consilium.europa.eu\/en\/topics\/\"><strong>\u00c0rees tem\u00e0tiques del Consell de la UE<\/strong><\/a><br>Informaci\u00f3 sobre els principals \u00e0mbits de treball del Consell de la Uni\u00f3 Europea, amb acc\u00e9s a reunions, conclusions, comunicats de premsa, actes legislatius i altres documents relacionats amb les pol\u00edtiques europees.<\/p>\n\n\n\n<p class=\"wp-block-paragraph\"><a href=\"https:\/\/www.europarl.europa.eu\/factsheets\/es\/home\"><strong>Fitxes tem\u00e0tiques sobre la Uni\u00f3 Europea<\/strong><\/a><br>Recurs de refer\u00e8ncia elaborat pel Parlament Europeu que ofereix informaci\u00f3 sint\u00e8tica i actualitzada sobre les institucions, les pol\u00edtiques i els \u00e0mbits d\u2019actuaci\u00f3 de la Uni\u00f3 Europea.<\/p>\n\n\n\n<p class=\"wp-block-paragraph\">Les fitxes estan organitzades per grans \u00e0rees tem\u00e0tiques i expliquen el marc jur\u00eddic i institucional de les pol\u00edtiques, aix\u00ed com el paper del Parlament Europeu en el seu desenvolupament.<\/p>\n\n\n\n<h2 class=\"wp-block-heading\">Recursos complementaris<\/h2>\n\n\n\n<p class=\"wp-block-paragraph\"><a href=\"https:\/\/commission.europa.eu\/strategy-and-policy_en\"><strong>Comissi\u00f3 Europea \u2013 Pol\u00edtiques i iniciatives<\/strong><\/a><br>Informaci\u00f3 sobre les prioritats pol\u00edtiques, les iniciatives i les pol\u00edtiques desenvolupades per la Comissi\u00f3 Europea.<\/p>\n\n\n\n<p class=\"wp-block-paragraph\"><a href=\"https:\/\/eur-lex.europa.eu\/\"><strong>EUR-Lex<\/strong><\/a><br>Permet consultar la legislaci\u00f3 de la Uni\u00f3 Europea relacionada amb les diferents pol\u00edtiques i \u00e0mbits d\u2019actuaci\u00f3.<\/p>\n\n\n\n<p class=\"wp-block-paragraph\"><a href=\"https:\/\/op.europa.eu\/en\/web\/general-publications\/publications\"><strong>Publications Office of the European Union<\/strong><\/a><br>Acc\u00e9s a publicacions, informes i altres documents oficials relacionats amb les pol\u00edtiques de la Uni\u00f3 Europea.<\/p>\n\n\n\n<h2 class=\"wp-block-heading\">Recursos del Centre de Documentaci\u00f3 Europea<\/h2>\n\n\n\n<p class=\"wp-block-paragraph\">Per aprofundir en qualsevol pol\u00edtica o \u00e0mbit d\u2019actuaci\u00f3 de la Uni\u00f3 Europea, podeu consultar tamb\u00e9 els <a href=\"https:\/\/webs.uab.cat\/fontsue\/\"><strong>Descriptors tem\u00e0tics<\/strong><\/a> de la guia, que permeten accedir al repositori de recursos del Centre de Documentaci\u00f3 Europea organitzat per mat\u00e8ries.<\/p>\n\n\n\n<p class=\"wp-block-paragraph\"><\/p>\n","protected":false},"excerpt":{"rendered":"<p>La Uni\u00f3 Europea desenvolupa pol\u00edtiques en \u00e0mbits molt diversos, des de l\u2019agricultura i el medi ambient fins a l\u2019ocupaci\u00f3, l\u2019energia, la recerca, el comer\u00e7 o la pol\u00edtica exterior. Aquesta p\u00e0gina ofereix acc\u00e9s a les principals fonts institucionals per con\u00e8ixer les pol\u00edtiques de la Uni\u00f3 Europea, consultar-ne la legislaci\u00f3 i seguir-ne l\u2019evoluci\u00f3. Pol\u00edtiques i \u00e0mbits d&#8217;actuaci\u00f3 [&hellip;]<\/p>\n","protected":false},"author":50,"featured_media":0,"parent":0,"menu_order":0,"comment_status":"closed","ping_status":"closed","template":"","meta":{"footnotes":""},"class_list":["post-1790","page","type-page","status-publish","hentry"],"_links":{"self":[{"href":"https:\/\/webs.uab.cat\/fontsue\/wp-json\/wp\/v2\/pages\/1790","targetHints":{"allow":["GET"]}}],"collection":[{"href":"https:\/\/webs.uab.cat\/fontsue\/wp-json\/wp\/v2\/pages"}],"about":[{"href":"https:\/\/webs.uab.cat\/fontsue\/wp-json\/wp\/v2\/types\/page"}],"author":[{"embeddable":true,"href":"https:\/\/webs.uab.cat\/fontsue\/wp-json\/wp\/v2\/users\/50"}],"replies":[{"embeddable":true,"href":"https:\/\/webs.uab.cat\/fontsue\/wp-json\/wp\/v2\/comments?post=1790"}],"version-history":[{"count":3,"href":"https:\/\/webs.uab.cat\/fontsue\/wp-json\/wp\/v2\/pages\/1790\/revisions"}],"predecessor-version":[{"id":1821,"href":"https:\/\/webs.uab.cat\/fontsue\/wp-json\/wp\/v2\/pages\/1790\/revisions\/1821"}],"wp:attachment":[{"href":"https:\/\/webs.uab.cat\/fontsue\/wp-json\/wp\/v2\/media?parent=1790"}],"curies":[{"name":"wp","href":"https:\/\/api.w.org\/{rel}","templated":true}]}}