{"id":137,"date":"2009-05-25T13:30:47","date_gmt":"2009-05-25T11:30:47","guid":{"rendered":"https:\/\/webs.uab.cat\/gaemi\/quienes-somos\/"},"modified":"2022-11-24T16:35:01","modified_gmt":"2022-11-24T14:35:01","slug":"quienes-somos","status":"publish","type":"page","link":"https:\/\/webs.uab.cat\/gaemi\/es\/quienes-somos\/","title":{"rendered":"Qui\u00e9nes somos"},"content":{"rendered":"\n<p>El grupo GAEMI est\u00e0 compuesto por:<\/p>\n\n\n\n<p>&nbsp;<\/p>\n\n\n\n<div class=\"wp-block-media-text is-stacked-on-mobile\" style=\"grid-template-columns:30% auto\"><figure class=\"wp-block-media-text__media\"><img loading=\"lazy\" decoding=\"async\" width=\"450\" height=\"600\" src=\"https:\/\/webs.uab.cat\/gaemi\/wp-content\/uploads\/sites\/288\/2009\/05\/1_0.jpg\" alt=\"1_0.jpg\" class=\"wp-image-121 size-full\" srcset=\"https:\/\/webs.uab.cat\/gaemi\/wp-content\/uploads\/sites\/288\/2009\/05\/1_0.jpg 450w, https:\/\/webs.uab.cat\/gaemi\/wp-content\/uploads\/sites\/288\/2009\/05\/1_0-225x300.jpg 225w\" sizes=\"auto, (max-width: 450px) 100vw, 450px\" \/><\/figure><div class=\"wp-block-media-text__content\">\n<h2 class=\"wp-block-heading\"><strong>Joan Garc\u00eda Garc\u00eda<\/strong><\/h2>\n\n\n\n<p><em>Jefe del Grupo<\/em><\/p>\n<\/div><\/div>\n\n\n\n<p>Titulado en F\u00edsica en la Universidad Aut\u00f3noma de Barcelona (UAB) en el 1994 y Doctorado en Ingenier\u00eda El\u00e9ctrica trabajando en el modelo de transporte cu\u00e1ntico en diodos de tunelizaci\u00f3n resonante III-V en el 2001. Fue investigador en el<em> Institute of Microwaves and Photonics<\/em> en <em>Leeds Univeristy<\/em> (Reino Unido) en el dise\u00f1o de micromaquinaci\u00f3n de reflejos en klystrons para la generaci\u00f3n de radiaci\u00f3n THz as\u00ed como en el dise\u00f1o de transmisi\u00f3n cargada peri\u00f3dicamente con varactores. Durante m\u00e1s de 15 a\u00f1os ha estado trabajando en metamateriales y dispositivos pasivos de frecuencias de microondas.<\/p>\n\n\n\n<div class=\"wp-block-media-text is-stacked-on-mobile\" style=\"grid-template-columns:30% auto\"><figure class=\"wp-block-media-text__media\"><img loading=\"lazy\" decoding=\"async\" width=\"450\" height=\"600\" src=\"https:\/\/webs.uab.cat\/gaemi\/wp-content\/uploads\/sites\/288\/2009\/05\/img_20181115_1315491.jpg\" alt=\"\" class=\"wp-image-124 size-full\" srcset=\"https:\/\/webs.uab.cat\/gaemi\/wp-content\/uploads\/sites\/288\/2009\/05\/img_20181115_1315491.jpg 450w, https:\/\/webs.uab.cat\/gaemi\/wp-content\/uploads\/sites\/288\/2009\/05\/img_20181115_1315491-225x300.jpg 225w\" sizes=\"auto, (max-width: 450px) 100vw, 450px\" \/><\/figure><div class=\"wp-block-media-text__content\">\n<h2 class=\"wp-block-heading\"><strong>Ariadna Sendra i Munita<\/strong><\/h2>\n\n\n\n<p><em>Estudiante de M\u00e1ster<\/em><br>\u2709 E-mail: ariadna.sendra@e-campues.uab.cat<\/p>\n<\/div><\/div>\n\n\n\n<p>Titulada del Grado en Ingenier\u00eda Electr\u00f3nica de Telecomunicaci\u00f3n el a\u00f1o 2018 y actualmente cursando el M\u00e1ster en Ingenier\u00eda de Telecomunicaci\u00f3n en la Universidad Aut\u00f3noma de Barcelona (UAB)<\/p>\n\n\n\n<p>&nbsp;<\/p>\n\n\n\n<div class=\"wp-block-media-text is-stacked-on-mobile\" style=\"grid-template-columns:30% auto\"><figure class=\"wp-block-media-text__media\"><img loading=\"lazy\" decoding=\"async\" width=\"450\" height=\"600\" src=\"https:\/\/webs.uab.cat\/gaemi\/wp-content\/uploads\/sites\/288\/2009\/05\/img_20181115_1223221.jpg\" alt=\"\" class=\"wp-image-127 size-full\" srcset=\"https:\/\/webs.uab.cat\/gaemi\/wp-content\/uploads\/sites\/288\/2009\/05\/img_20181115_1223221.jpg 450w, https:\/\/webs.uab.cat\/gaemi\/wp-content\/uploads\/sites\/288\/2009\/05\/img_20181115_1223221-225x300.jpg 225w\" sizes=\"auto, (max-width: 450px) 100vw, 450px\" \/><\/figure><div class=\"wp-block-media-text__content\">\n<h2 class=\"wp-block-heading\"><strong>Carles Nasarre Campo<\/strong><\/h2>\n\n\n\n<p><em>Estudiante de M\u00e1ster<\/em><br>\u2709 E-mail: carles.nasarre@e-campus-uab.cat<\/p>\n<\/div><\/div>\n\n\n\n<p>Titulado del Graduado en Ingenier\u00eda Electr\u00f3nica de Telecomunicaci\u00f3n el a\u00f1o 2018 y actualmente cursando el M\u00e1ster en Ingenier\u00eda de Telecomunicaci\u00f3n en la Universidad Aut\u00f3noma de Barcelona (UAB)<\/p>\n","protected":false},"excerpt":{"rendered":"<p>El grupo GAEMI est\u00e0 compuesto por: &nbsp; Joan Garc\u00eda Garc\u00eda Jefe del Grupo Titulado en F\u00edsica en la Universidad Aut\u00f3noma de Barcelona (UAB) en el 1994 y Doctorado en Ingenier\u00eda El\u00e9ctrica trabajando en el modelo de transporte cu\u00e1ntico en diodos de tunelizaci\u00f3n resonante III-V en el 2001. Fue investigador en el Institute of Microwaves and [&hellip;]<\/p>\n","protected":false},"author":20,"featured_media":0,"parent":0,"menu_order":0,"comment_status":"closed","ping_status":"closed","template":"","meta":{"footnotes":""},"class_list":["post-137","page","type-page","status-publish","hentry"],"_links":{"self":[{"href":"https:\/\/webs.uab.cat\/gaemi\/es\/wp-json\/wp\/v2\/pages\/137","targetHints":{"allow":["GET"]}}],"collection":[{"href":"https:\/\/webs.uab.cat\/gaemi\/es\/wp-json\/wp\/v2\/pages"}],"about":[{"href":"https:\/\/webs.uab.cat\/gaemi\/es\/wp-json\/wp\/v2\/types\/page"}],"author":[{"embeddable":true,"href":"https:\/\/webs.uab.cat\/gaemi\/es\/wp-json\/wp\/v2\/users\/20"}],"replies":[{"embeddable":true,"href":"https:\/\/webs.uab.cat\/gaemi\/es\/wp-json\/wp\/v2\/comments?post=137"}],"version-history":[{"count":1,"href":"https:\/\/webs.uab.cat\/gaemi\/es\/wp-json\/wp\/v2\/pages\/137\/revisions"}],"predecessor-version":[{"id":381,"href":"https:\/\/webs.uab.cat\/gaemi\/es\/wp-json\/wp\/v2\/pages\/137\/revisions\/381"}],"wp:attachment":[{"href":"https:\/\/webs.uab.cat\/gaemi\/es\/wp-json\/wp\/v2\/media?parent=137"}],"curies":[{"name":"wp","href":"https:\/\/api.w.org\/{rel}","templated":true}]}}