{"id":185,"date":"2020-07-22T10:09:41","date_gmt":"2020-07-22T08:09:41","guid":{"rendered":"https:\/\/webs.uab.cat\/gedo\/grupo-edainet\/"},"modified":"2024-04-17T12:29:24","modified_gmt":"2024-04-17T10:29:24","slug":"e-dior","status":"publish","type":"page","link":"https:\/\/webs.uab.cat\/gedo\/es\/e-dior\/","title":{"rendered":"E-DIOR"},"content":{"rendered":"\n<p><strong>ENTORNOS DIGITALES A LAS ORGANIZACIONES EDUCATIVAS<\/strong><br><strong>Coordinadora:\u00a0<\/strong>Alejandra Bosco Paniagua<\/p>\n\n\n\n<figure class=\"wp-block-image size-large\"><img loading=\"lazy\" decoding=\"async\" width=\"1024\" height=\"466\" src=\"https:\/\/webs.uab.cat\/gedo\/wp-content\/uploads\/sites\/278\/2023\/04\/Ejecutivo_web-2-1024x466.png\" alt=\"\" class=\"wp-image-934\" srcset=\"https:\/\/webs.uab.cat\/gedo\/wp-content\/uploads\/sites\/278\/2023\/04\/Ejecutivo_web-2-1024x466.png 1024w, https:\/\/webs.uab.cat\/gedo\/wp-content\/uploads\/sites\/278\/2023\/04\/Ejecutivo_web-2-300x136.png 300w, https:\/\/webs.uab.cat\/gedo\/wp-content\/uploads\/sites\/278\/2023\/04\/Ejecutivo_web-2-768x349.png 768w, https:\/\/webs.uab.cat\/gedo\/wp-content\/uploads\/sites\/278\/2023\/04\/Ejecutivo_web-2-1200x546.png 1200w, https:\/\/webs.uab.cat\/gedo\/wp-content\/uploads\/sites\/278\/2023\/04\/Ejecutivo_web-2.png 1480w\" sizes=\"auto, (max-width: 1024px) 100vw, 1024px\" \/><\/figure>\n\n\n\n<p>En esta l\u00ednea de investigaci\u00f3n se baraja la incidencia de las tecnolog\u00edas digitales en el contexto de las organizaciones educativas y en todos sus elementos. Desde esta perspectiva, en la l\u00ednea se desarrollan proyectos de investigaci\u00f3n e innovaci\u00f3n para dar respuesta a los retos tecnol\u00f3gicos de centros de educaci\u00f3n obligatoria, postobligatoria y educaci\u00f3n superior as\u00ed como organizaciones no formales. Los resultados de esta l\u00ednea de investigaci\u00f3n pretenden aportar evidencias y propuestas de actuaci\u00f3n a estos retos a los que la sociedad se enfrenta con las tecnolog\u00edas digitales a trav\u00e9s de la intervenci\u00f3n en las organizaciones educativas.<\/p>\n\n\n\n<p>Concretamente en esta l\u00ednea de investigaci\u00f3n nos centramos en abordar las siguientes cuestiones:<\/p>\n\n\n\n<ol class=\"wp-block-list\">\n<li>Usos y abusos de las tecnolog\u00edas digitales en ni\u00f1os, adolescentes, j\u00f3venes y adultos<\/li>\n\n\n\n<li>La competencia digital docente y de los educadores<\/li>\n\n\n\n<li>Las tecnolog\u00edas digitales en la educaci\u00f3n superior: inteligencia artificial, realidad virtual, realidad aumentada,\u2026<\/li>\n\n\n\n<li>Las resistencias y facilitadores del uso de las tecnolog\u00edas digitales en las instituciones educativas<\/li>\n<\/ol>\n\n\n\n<p>&nbsp;<\/p>\n","protected":false},"excerpt":{"rendered":"<p>ENTORNOS DIGITALES A LAS ORGANIZACIONES EDUCATIVASCoordinadora:\u00a0Alejandra Bosco Paniagua En esta l\u00ednea de investigaci\u00f3n se baraja la incidencia de las tecnolog\u00edas digitales en el contexto de las organizaciones educativas y en todos sus elementos. Desde esta perspectiva, en la l\u00ednea se desarrollan proyectos de investigaci\u00f3n e innovaci\u00f3n para dar respuesta a los retos tecnol\u00f3gicos de centros [&hellip;]<\/p>\n","protected":false},"author":20,"featured_media":0,"parent":0,"menu_order":0,"comment_status":"closed","ping_status":"closed","template":"","meta":{"footnotes":""},"class_list":["post-185","page","type-page","status-publish","hentry"],"_links":{"self":[{"href":"https:\/\/webs.uab.cat\/gedo\/es\/wp-json\/wp\/v2\/pages\/185","targetHints":{"allow":["GET"]}}],"collection":[{"href":"https:\/\/webs.uab.cat\/gedo\/es\/wp-json\/wp\/v2\/pages"}],"about":[{"href":"https:\/\/webs.uab.cat\/gedo\/es\/wp-json\/wp\/v2\/types\/page"}],"author":[{"embeddable":true,"href":"https:\/\/webs.uab.cat\/gedo\/es\/wp-json\/wp\/v2\/users\/20"}],"replies":[{"embeddable":true,"href":"https:\/\/webs.uab.cat\/gedo\/es\/wp-json\/wp\/v2\/comments?post=185"}],"version-history":[{"count":4,"href":"https:\/\/webs.uab.cat\/gedo\/es\/wp-json\/wp\/v2\/pages\/185\/revisions"}],"predecessor-version":[{"id":1358,"href":"https:\/\/webs.uab.cat\/gedo\/es\/wp-json\/wp\/v2\/pages\/185\/revisions\/1358"}],"wp:attachment":[{"href":"https:\/\/webs.uab.cat\/gedo\/es\/wp-json\/wp\/v2\/media?parent=185"}],"curies":[{"name":"wp","href":"https:\/\/api.w.org\/{rel}","templated":true}]}}