{"id":594,"date":"2014-03-31T11:55:03","date_gmt":"2014-03-31T11:55:03","guid":{"rendered":"https:\/\/webs.uab.cat\/getcc\/rafael-tasis-collection\/"},"modified":"2025-03-27T09:27:53","modified_gmt":"2025-03-27T09:27:53","slug":"rafael-tasis-collection","status":"publish","type":"page","link":"https:\/\/webs.uab.cat\/getcc\/en\/rafael-tasis-collection\/","title":{"rendered":"Rafael Tasis Collection"},"content":{"rendered":"\n<div class=\"wp-block-media-text is-stacked-on-mobile\" style=\"grid-template-columns:36% auto\"><figure class=\"wp-block-media-text__media\"><img loading=\"lazy\" decoding=\"async\" width=\"699\" height=\"1024\" src=\"https:\/\/webs.uab.cat\/getcc\/wp-content\/uploads\/sites\/65\/2016\/10\/foto1-699x1024.jpg\" alt=\"foto1\" class=\"wp-image-561 size-full\" srcset=\"https:\/\/webs.uab.cat\/getcc\/wp-content\/uploads\/sites\/65\/2016\/10\/foto1-699x1024.jpg 699w, https:\/\/webs.uab.cat\/getcc\/wp-content\/uploads\/sites\/65\/2016\/10\/foto1-205x300.jpg 205w, https:\/\/webs.uab.cat\/getcc\/wp-content\/uploads\/sites\/65\/2016\/10\/foto1-768x1125.jpg 768w, https:\/\/webs.uab.cat\/getcc\/wp-content\/uploads\/sites\/65\/2016\/10\/foto1-1048x1536.jpg 1048w, https:\/\/webs.uab.cat\/getcc\/wp-content\/uploads\/sites\/65\/2016\/10\/foto1-1398x2048.jpg 1398w, https:\/\/webs.uab.cat\/getcc\/wp-content\/uploads\/sites\/65\/2016\/10\/foto1-1200x1759.jpg 1200w, https:\/\/webs.uab.cat\/getcc\/wp-content\/uploads\/sites\/65\/2016\/10\/foto1.jpg 1403w\" sizes=\"auto, (max-width: 699px) 100vw, 699px\" \/><\/figure><div class=\"wp-block-media-text__content\">\n<p>Rafael Tasis Marca (Barcelona, 1906 \u2013 Paris, 1966) developed a highly prolific literary activity as a journalist, critic, writer, playwright, historian and translator. He was leader of the Catalan political party Acci\u00f3 Catalana Republicana and was involved in the administration of the Catalan national government Generalitat de Catalunya during the war \u2014 first, as a general secretary of the party and then in the official policy of the first exile.<\/p>\n<\/div><\/div>\n\n\n\n<p>He was self-educated and began writing for the children\u2019s magazine <em>La Mainada<\/em> and for pre-war prestigious publications such as <em>La Publicitat<\/em>, <em>Mirador<\/em> or <em>Revista de Catalunya<\/em> as a columnist and literary critic. He became a famous novelist thanks to his work <em>Vint anys<\/em> (1931). In 1948, he came back from his exile in Paris and was a frequent collaborator of the magazines in exile and actively participated in the resistance against the Franco dictatorship. He worked on various literary trends. As a novelist, he published <em>Sol ponent<\/em> (1953), <em>Abans d\u2019ahir<\/em> (1956) and <em>Tres<\/em> (1962) and wrote the crime novels <em>La B\u00edblia valenciana<\/em> (1955), <em>\u00c9s hora de plegar<\/em> (1956) and <em>Un crim al Paral\u00b7lel<\/em> (1960). As a playwright, he is the author of <em>Un home entre herois <\/em>&nbsp;(1956), <em>Gulliver i els gegants<\/em> (1952) and <em>La maleta<\/em> (1960). He also worked on history, writing <em>La vida del rei en Pere III<\/em> (1954) and <em>Joan I, rei, ca\u00e7ador i music<\/em> (1958). He is the author of various literary essays, such as <em>Una visi\u00f3 de conjunt de la novel\u00b7la catalana<\/em> (1935) or <em>La novel\u00b7la catalana<\/em> (1954), or <em>Hist\u00f2ria de la premsa catalana<\/em> (1966), the latter written in collaboration with Joan Torrent.<\/p>\n\n\n\n<p>In the 30s, Rafael Tasis translated <em>El retrat de Dorian Gray<\/em>, the sole novel by Oscar Wilde; <em>La nimfa constant<\/em>, an Europe-wide success by Margaret Kennedy; and <em>El somriure de la Gioconda<\/em> by Aldous Huxley, a writer he personally met and appreciated, and of whom he published the version of <em>After Many A Summer<\/em> a year before his death. He was an avid reader of crime novels and, in the 60s, Rafael Tasis translated classical works such as <em>La clau de vidre<\/em> (1963), by Dashiell Hammett, for the collection <em>La Cua de Palla<\/em>. He also translated drama, as the free adaption of <em>Volpone<\/em> (1957), by Ben Jonson, and <em>La sala d\u2019estar<\/em> (1962), a comedy by Graham Greene. Some of his translations remained unpublished, as <em>El joglar del m\u00f3n occidental<\/em>, by J. M. Synge (published in 2014 by Dolors Udina), <em>L\u2019Apol\u00b7lo de Bellac<\/em>, by Jean Giraudoux (played by the theatre company Agrupaci\u00f3 Dram\u00e0tica de Barcelona), <em>Les maletes del senyor Vernet<\/em>, a comedy by Claude Megnier, and <em>Assaigs d\u2019un bi\u00f2leg<\/em>, by Julian Huxley.<\/p>\n\n\n\n<p>The collection is a donation from Rafael Tasis\u2019 family and is kept at the library <a href=\"http:\/\/www.bib.uab.cat\/human\/fonspersonals\/tasis\/\" target=\"_blank\" rel=\"noopener\">Biblioteca d\u2019Humanitats at the Universitat Aut\u00f2noma de Barcelona<\/a>. It includes abundant documents: press scraps, political and literary projects, letters to journalists and unfinished or unpublished works.<\/p>\n\n\n\n<p><a href=\"http:\/\/grupsderecerca.uab.cat\/getcc\/sites\/grupsderecerca.uab.cat.getcc\/files\/tasis_diptic.pdf\" target=\"_blank\" rel=\"noopener\">I Seminari Rafael Tasis<\/a>&nbsp;(Institut d&#8217;Estudis Catalans, 9th&nbsp;March 2016)<\/p>\n\n\n\n<p><a href=\"http:\/\/filescat.uab.cat\/filcat\/ii-seminari-rafael-tasis\/\" target=\"_blank\" rel=\"noopener\">II Seminari Rafael Tasis<\/a>&nbsp;(Institut d&#8217;Estudis Catalans,&nbsp;9th March 2018)&nbsp;<\/p>\n\n\n\n<p>Some of these works have been recently published.<\/p>\n\n\n\n<div class=\"wp-block-media-text is-stacked-on-mobile\" style=\"grid-template-columns:33% auto\"><figure class=\"wp-block-media-text__media\"><img loading=\"lazy\" decoding=\"async\" width=\"190\" height=\"265\" src=\"https:\/\/webs.uab.cat\/getcc\/wp-content\/uploads\/sites\/65\/2019\/01\/baixa_0.png\" alt=\"Constel\u00b7laci\u00f3 tasiana: contextos i relacions\" class=\"wp-image-591 size-full\" \/><\/figure><div class=\"wp-block-media-text__content\">\n<p><strong>Rafael Tasis<\/strong><\/p>\n\n\n\n<p><a href=\"http:\/\/filescat.uab.cat\/filcat\/la-societat-catalana-de-llengua-i-literatura-publica-constellacio-tasiana\/\" target=\"_blank\" rel=\"noopener\"><em>Constel\u00b7laci\u00f3 tasiana: contextos i relacions<\/em><\/a><\/p>\n\n\n\n<p>Edited by Montserrat Bacard\u00ed and Francesc Foguet<\/p>\n\n\n\n<p>Societat Catalana de Llengua i Literatura, IEC&nbsp;<\/p>\n\n\n\n<p>Collection \u00abTreballs de la Societat Catalana de Llengua i Literatura\u00bb, 16, 2018<\/p>\n\n\n\n<p>ISBN:&nbsp;978-84-9965-429-4<\/p>\n<\/div><\/div>\n\n\n\n<div class=\"wp-block-media-text is-stacked-on-mobile\" style=\"grid-template-columns:34% auto\"><figure class=\"wp-block-media-text__media\"><img loading=\"lazy\" decoding=\"async\" width=\"556\" height=\"800\" src=\"https:\/\/webs.uab.cat\/getcc\/wp-content\/uploads\/sites\/65\/2017\/10\/diari-1922_tasis.jpg\" alt=\"diari-1922_tasis\" class=\"wp-image-588 size-full\" srcset=\"https:\/\/webs.uab.cat\/getcc\/wp-content\/uploads\/sites\/65\/2017\/10\/diari-1922_tasis.jpg 556w, https:\/\/webs.uab.cat\/getcc\/wp-content\/uploads\/sites\/65\/2017\/10\/diari-1922_tasis-209x300.jpg 209w\" sizes=\"auto, (max-width: 556px) 100vw, 556px\" \/><\/figure><div class=\"wp-block-media-text__content\">\n<p><strong>Rafael Tasis<\/strong><\/p>\n\n\n\n<p><em><a href=\"http:\/\/filescat.uab.cat\/filcat\/es-publica-rafael-tasis-1906-1966-cinquanta-anys-despres\/\" target=\"_blank\" rel=\"noopener\">R<\/a><\/em><a href=\"http:\/\/filescat.uab.cat\/filcat\/montserrat-bacardi-i-francesc-foguet-publiquen-diari-1922-de-rafael-tasis\/\" target=\"_blank\" rel=\"noopener\"><em>afael Tasis Diari (1922)<\/em><\/a><\/p>\n\n\n\n<p>Edited by Montserrat Bacard\u00ed and Francesc Foguet<\/p>\n\n\n\n<p>Publicacions de l&#8217;Abadia de Montserrat<\/p>\n\n\n\n<p>Collection \u00abBiblioteca Serra d&#8217;Or\u00bb, 497, 2017<\/p>\n\n\n\n<p>ISBN:&nbsp;978-84-9883-921-0<\/p>\n<\/div><\/div>\n\n\n\n<div class=\"wp-block-media-text is-stacked-on-mobile\" style=\"grid-template-columns:34% auto\"><figure class=\"wp-block-media-text__media\"><img loading=\"lazy\" decoding=\"async\" width=\"732\" height=\"1024\" src=\"https:\/\/webs.uab.cat\/getcc\/wp-content\/uploads\/sites\/65\/2017\/01\/tasis_50_anys.jpg\" alt=\"Rafael Tasis (1906-1966), cinquanta anys despr\u00e9s\" class=\"wp-image-585 size-full\" srcset=\"https:\/\/webs.uab.cat\/getcc\/wp-content\/uploads\/sites\/65\/2017\/01\/tasis_50_anys.jpg 732w, https:\/\/webs.uab.cat\/getcc\/wp-content\/uploads\/sites\/65\/2017\/01\/tasis_50_anys-214x300.jpg 214w\" sizes=\"auto, (max-width: 732px) 100vw, 732px\" \/><\/figure><div class=\"wp-block-media-text__content\">\n<p><strong>Rafael Tasis<\/strong><\/p>\n\n\n\n<p><em><a href=\"http:\/\/filescat.uab.cat\/filcat\/es-publica-rafael-tasis-1906-1966-cinquanta-anys-despres\/\" target=\"_blank\" rel=\"noopener\">R<\/a><\/em><a href=\"http:\/\/filescat.uab.cat\/filcat\/es-publica-rafael-tasis-1906-1966-cinquanta-anys-despres\/\" target=\"_blank\" rel=\"noopener\"><em>afael Tasis (1906-1966), cinquanta anys despr\u00e9s<\/em><\/a><\/p>\n\n\n\n<p>Edited by Montserrat Bacard\u00ed, Francesc Foguet and \u00c0lex Mart\u00edn<\/p>\n\n\n\n<p>Societat Catalana de Llengua i Literatura, IEC<\/p>\n\n\n\n<p>Collection \u00abTreballs de la Societat Catalana de Llengua i Literatura\u00bb, 12, 2016<\/p>\n\n\n\n<p>ISBN:&nbsp;978-84-9965-338-9<\/p>\n<\/div><\/div>\n\n\n\n<div class=\"wp-block-media-text is-stacked-on-mobile\" style=\"grid-template-columns:34% auto\"><figure class=\"wp-block-media-text__media\"><img loading=\"lazy\" decoding=\"async\" width=\"706\" height=\"1024\" src=\"https:\/\/webs.uab.cat\/getcc\/wp-content\/uploads\/sites\/65\/2016\/10\/LecturesTasis.jpg\" alt=\"Rafael Tasis -\nLectures de postguerra\" class=\"wp-image-582 size-full\" srcset=\"https:\/\/webs.uab.cat\/getcc\/wp-content\/uploads\/sites\/65\/2016\/10\/LecturesTasis.jpg 706w, https:\/\/webs.uab.cat\/getcc\/wp-content\/uploads\/sites\/65\/2016\/10\/LecturesTasis-207x300.jpg 207w\" sizes=\"auto, (max-width: 706px) 100vw, 706px\" \/><\/figure><div class=\"wp-block-media-text__content\">\n<p><strong>Rafael Tasis<\/strong><\/p>\n\n\n\n<p><a href=\"http:\/\/filescat.uab.cat\/filcat\/index.php\/lectures-de-postguerra-de-rafael-tasis\/\" target=\"_blank\" rel=\"noopener\"><em>Lectures de postguerra<\/em><\/a><\/p>\n\n\n\n<p>Edited by Montserrat Bacard\u00ed and Francesc Foguet<\/p>\n\n\n\n<p>Publicacions de l&#8217;Abadia de Montserrat<\/p>\n\n\n\n<p>Collection \u00abBiblioteca Serra d&#8217;Or\u00bb, 491, 2016<\/p>\n\n\n\n<p>ISBN:&nbsp;978-84-9883-841-1<\/p>\n\n\n\n<p>360 p.<\/p>\n<\/div><\/div>\n\n\n\n<div class=\"wp-block-media-text is-stacked-on-mobile\" style=\"grid-template-columns:34% auto\"><figure class=\"wp-block-media-text__media\"><img loading=\"lazy\" decoding=\"async\" width=\"729\" height=\"1024\" src=\"https:\/\/webs.uab.cat\/getcc\/wp-content\/uploads\/sites\/65\/2016\/10\/Muntaner-4.png\" alt=\"Muntaner 4\" class=\"wp-image-573 size-full\" srcset=\"https:\/\/webs.uab.cat\/getcc\/wp-content\/uploads\/sites\/65\/2016\/10\/Muntaner-4.png 729w, https:\/\/webs.uab.cat\/getcc\/wp-content\/uploads\/sites\/65\/2016\/10\/Muntaner-4-214x300.png 214w\" sizes=\"auto, (max-width: 729px) 100vw, 729px\" \/><\/figure><div class=\"wp-block-media-text__content\">\n<p><strong>Rafael Tasis<\/strong><\/p>\n\n\n\n<p><a href=\"http:\/\/filescat.uab.cat\/filcat\/index.php\/ensiola-publica-muntaner-4\/\" target=\"_blank\" rel=\"noopener\"><em>Muntaner, 4<\/em><\/a><\/p>\n\n\n\n<p>Edited by Montserrat Bacard\u00ed and Francesc Foguet<\/p>\n\n\n\n<p>Editorial Ensiola<\/p>\n\n\n\n<p>Collection \u00abEnsiola Narrativa\u00bb, 28, 2015<\/p>\n\n\n\n<p>ISBN:&nbsp;978-84-942075-7-0<\/p>\n\n\n\n<p>232 p.<\/p>\n<\/div><\/div>\n\n\n\n<div class=\"wp-block-media-text is-stacked-on-mobile\" style=\"grid-template-columns:35% auto\"><figure class=\"wp-block-media-text__media\"><img loading=\"lazy\" decoding=\"async\" width=\"235\" height=\"338\" src=\"https:\/\/webs.uab.cat\/getcc\/wp-content\/uploads\/sites\/65\/2016\/10\/Coberta-reculons.jpg\" alt=\"Coberta-reculons\" class=\"wp-image-1003 size-full\" srcset=\"https:\/\/webs.uab.cat\/getcc\/wp-content\/uploads\/sites\/65\/2016\/10\/Coberta-reculons.jpg 235w, https:\/\/webs.uab.cat\/getcc\/wp-content\/uploads\/sites\/65\/2016\/10\/Coberta-reculons-209x300.jpg 209w\" sizes=\"auto, (max-width: 235px) 100vw, 235px\" \/><\/figure><div class=\"wp-block-media-text__content\">\n<p><strong>Rafael Tasis<\/strong><\/p>\n\n\n\n<p><a href=\"http:\/\/www.cossetania.com\/a-reculons-1797\" target=\"_blank\" rel=\"noopener\"><em>A reculons<\/em><\/a><\/p>\n\n\n\n<p>Edited by Montserrat Bacard\u00ed and Francesc Foguet<\/p>\n\n\n\n<p>Cosset\u00e0nia Edicions<\/p>\n\n\n\n<p>Collection \u00abBiblioteca de Tots colors\u00bb, 9, 2015<\/p>\n\n\n\n<p>ISBN:&nbsp;978-84-9034-374-6<\/p>\n\n\n\n<p>136 p.<\/p>\n<\/div><\/div>\n\n\n\n<div class=\"wp-block-media-text is-stacked-on-mobile\" style=\"grid-template-columns:35% auto\"><figure class=\"wp-block-media-text__media\"><img loading=\"lazy\" decoding=\"async\" width=\"200\" height=\"314\" src=\"https:\/\/webs.uab.cat\/getcc\/wp-content\/uploads\/sites\/65\/2016\/10\/El-revulsiu-del-catalanisme.jpg\" alt=\"El revulsiu del catalanisme\" class=\"wp-image-567 size-full\" srcset=\"https:\/\/webs.uab.cat\/getcc\/wp-content\/uploads\/sites\/65\/2016\/10\/El-revulsiu-del-catalanisme.jpg 200w, https:\/\/webs.uab.cat\/getcc\/wp-content\/uploads\/sites\/65\/2016\/10\/El-revulsiu-del-catalanisme-191x300.jpg 191w\" sizes=\"auto, (max-width: 200px) 100vw, 200px\" \/><\/figure><div class=\"wp-block-media-text__content\">\n<p><strong>Rafael Tasis<\/strong><\/p>\n\n\n\n<p><em><a href=\"http:\/\/www.cossetania.com\/el-revulsiu-del-catalanisme-1765\" target=\"_blank\" rel=\"noopener\">El revulsiu del catalanisme<\/a><\/em><\/p>\n\n\n\n<p>Edited by Montserrat Bacard\u00ed and Francesc Foguet<\/p>\n\n\n\n<p>\u00a0Cosset\u00e0nia Edicions<\/p>\n\n\n\n<p>\u00a0Collection \u00abMem\u00f2ria del Segle XX\u00bb, 27, 2015<\/p>\n\n\n\n<p>\u00a0ISBN: 978-84-9034-341-8<\/p>\n\n\n\n<p>\u00a0254 p.<\/p>\n<\/div><\/div>\n\n\n\n<div class=\"wp-block-media-text is-stacked-on-mobile\" style=\"grid-template-columns:35% auto\"><figure class=\"wp-block-media-text__media\"><img loading=\"lazy\" decoding=\"async\" width=\"280\" height=\"410\" src=\"https:\/\/webs.uab.cat\/getcc\/wp-content\/uploads\/sites\/65\/2016\/10\/Huxley2.jpg\" alt=\"Huxley2\" class=\"wp-image-549 size-full\" srcset=\"https:\/\/webs.uab.cat\/getcc\/wp-content\/uploads\/sites\/65\/2016\/10\/Huxley2.jpg 280w, https:\/\/webs.uab.cat\/getcc\/wp-content\/uploads\/sites\/65\/2016\/10\/Huxley2-205x300.jpg 205w\" sizes=\"auto, (max-width: 280px) 100vw, 280px\" \/><\/figure><div class=\"wp-block-media-text__content\">\n<p>&nbsp;<strong>Aldous Huxley<\/strong><\/p>\n\n\n\n<p><em><a href=\"http:\/\/www.adesiaraeditorial.cat\/ficha.aspx?cod=ACI000037\" target=\"_blank\" rel=\"noopener\">Carretera enll\u00e0<\/a><\/em><\/p>\n\n\n\n<p>Translation by Rafael Tasis<\/p>\n\n\n\n<p>Edited by Dolors Udina<\/p>\n\n\n\n<p>Editorial Adesiara<\/p>\n\n\n\n<p>Collection \u00abD&#8217;ac\u00ed i d&#8217;all\u00e0\u00bb, 37, 2014<\/p>\n\n\n\n<p>ISBN: 978-84-92405-74-9<\/p>\n\n\n\n<p>224 p.<\/p>\n<\/div><\/div>\n\n\n\n<div class=\"wp-block-media-text is-stacked-on-mobile\" style=\"grid-template-columns:35% auto\"><figure class=\"wp-block-media-text__media\"><img loading=\"lazy\" decoding=\"async\" width=\"662\" height=\"1024\" src=\"https:\/\/webs.uab.cat\/getcc\/wp-content\/uploads\/sites\/65\/2016\/10\/joglar1-662x1024.jpg\" alt=\"joglar1\" class=\"wp-image-564 size-full\" srcset=\"https:\/\/webs.uab.cat\/getcc\/wp-content\/uploads\/sites\/65\/2016\/10\/joglar1-662x1024.jpg 662w, https:\/\/webs.uab.cat\/getcc\/wp-content\/uploads\/sites\/65\/2016\/10\/joglar1-194x300.jpg 194w, https:\/\/webs.uab.cat\/getcc\/wp-content\/uploads\/sites\/65\/2016\/10\/joglar1-768x1188.jpg 768w, https:\/\/webs.uab.cat\/getcc\/wp-content\/uploads\/sites\/65\/2016\/10\/joglar1-993x1536.jpg 993w, https:\/\/webs.uab.cat\/getcc\/wp-content\/uploads\/sites\/65\/2016\/10\/joglar1-1324x2048.jpg 1324w, https:\/\/webs.uab.cat\/getcc\/wp-content\/uploads\/sites\/65\/2016\/10\/joglar1-1200x1856.jpg 1200w, https:\/\/webs.uab.cat\/getcc\/wp-content\/uploads\/sites\/65\/2016\/10\/joglar1-1980x3063.jpg 1980w, https:\/\/webs.uab.cat\/getcc\/wp-content\/uploads\/sites\/65\/2016\/10\/joglar1-scaled.jpg 1655w\" sizes=\"auto, (max-width: 662px) 100vw, 662px\" \/><\/figure><div class=\"wp-block-media-text__content\">\n<p><strong>John Millington Synge<\/strong><\/p>\n\n\n\n<p><a href=\"http:\/\/www.editorialpunctum.com\/coeditors\/getcc\/el-joglar-del-mon-occidental\/\" target=\"_blank\" rel=\"noopener\"><em>El joglar del m\u00f3n occidental<\/em><\/a><\/p>\n\n\n\n<p>Translation by Rafael Tasis<\/p>\n\n\n\n<p>Edited by Dolors Udina<\/p>\n\n\n\n<p>Editorial Punctum<\/p>\n\n\n\n<p>Collection \u00abVersions\u00bb, 2, 2012<\/p>\n\n\n\n<p>ISBN: 978-84-940694-1-3<\/p>\n\n\n\n<p>76 p.<\/p>\n<\/div><\/div>\n\n\n\n<div class=\"wp-block-media-text is-stacked-on-mobile\" style=\"grid-template-columns:35% auto\"><figure class=\"wp-block-media-text__media\"><img loading=\"lazy\" decoding=\"async\" width=\"669\" height=\"1024\" src=\"https:\/\/webs.uab.cat\/getcc\/wp-content\/uploads\/sites\/65\/2016\/10\/tasis1-669x1024.jpg\" alt=\"tasis1\" class=\"wp-image-552 size-full\" srcset=\"https:\/\/webs.uab.cat\/getcc\/wp-content\/uploads\/sites\/65\/2016\/10\/tasis1-669x1024.jpg 669w, https:\/\/webs.uab.cat\/getcc\/wp-content\/uploads\/sites\/65\/2016\/10\/tasis1-196x300.jpg 196w, https:\/\/webs.uab.cat\/getcc\/wp-content\/uploads\/sites\/65\/2016\/10\/tasis1-768x1176.jpg 768w, https:\/\/webs.uab.cat\/getcc\/wp-content\/uploads\/sites\/65\/2016\/10\/tasis1.jpg 792w\" sizes=\"auto, (max-width: 669px) 100vw, 669px\" \/><\/figure><div class=\"wp-block-media-text__content\">\n<p><strong>Rafael Tasis<\/strong><\/p>\n\n\n\n<p><em><a href=\"http:\/\/www.cossetania.com\/les-raons-de-exili-1265\" target=\"_blank\" rel=\"noopener\">Les raons de l&#8217;exili<\/a><\/em><\/p>\n\n\n\n<p>Edited by Montserrat Bacard\u00ed and Francesc Foguet<\/p>\n\n\n\n<p>Editorial Cosset\u00e0nia<\/p>\n\n\n\n<p>Collection \u00abMem\u00f2ria del segle XX\u00bb, 19, 2012<\/p>\n\n\n\n<p>ISBN: 978-84-15456-43-8<\/p>\n\n\n\n<p>304 p., 13,3 x 21 cm<\/p>\n<\/div><\/div>\n\n\n\n<div class=\"wp-block-media-text is-stacked-on-mobile\" style=\"grid-template-columns:35% auto\"><figure class=\"wp-block-media-text__media\"><img loading=\"lazy\" decoding=\"async\" width=\"695\" height=\"1024\" src=\"https:\/\/webs.uab.cat\/getcc\/wp-content\/uploads\/sites\/65\/2016\/10\/calders1-695x1024.jpg\" alt=\"calders1\" class=\"wp-image-558 size-full\" srcset=\"https:\/\/webs.uab.cat\/getcc\/wp-content\/uploads\/sites\/65\/2016\/10\/calders1-695x1024.jpg 695w, https:\/\/webs.uab.cat\/getcc\/wp-content\/uploads\/sites\/65\/2016\/10\/calders1-204x300.jpg 204w, https:\/\/webs.uab.cat\/getcc\/wp-content\/uploads\/sites\/65\/2016\/10\/calders1-768x1131.jpg 768w, https:\/\/webs.uab.cat\/getcc\/wp-content\/uploads\/sites\/65\/2016\/10\/calders1.jpg 804w\" sizes=\"auto, (max-width: 695px) 100vw, 695px\" \/><\/figure><div class=\"wp-block-media-text__content\">\n<p><strong>Pere Calders<\/strong><\/p>\n\n\n\n<p><em>Fe de vida. Cartes a Rafael Tasis<\/em><\/p>\n\n\n\n<p>Edited by Montserrat Bacard\u00ed and Francesc Foguet<\/p>\n\n\n\n<p>Editorial Acontravent<\/p>\n\n\n\n<p>Collection \u00abAbans d&#8217;ara\u00bb, 27, 2012<\/p>\n\n\n\n<p>ISBN:&nbsp;9788415720034<\/p>\n\n\n\n<p>230 p.<\/p>\n<\/div><\/div>\n\n\n\n<div class=\"wp-block-media-text is-stacked-on-mobile\" style=\"grid-template-columns:35% auto\"><figure class=\"wp-block-media-text__media\"><img loading=\"lazy\" decoding=\"async\" width=\"688\" height=\"1024\" src=\"https:\/\/webs.uab.cat\/getcc\/wp-content\/uploads\/sites\/65\/2016\/10\/tasis_bo-688x1024.jpg\" alt=\"tasis_bo\" class=\"wp-image-543 size-full\" srcset=\"https:\/\/webs.uab.cat\/getcc\/wp-content\/uploads\/sites\/65\/2016\/10\/tasis_bo-688x1024.jpg 688w, https:\/\/webs.uab.cat\/getcc\/wp-content\/uploads\/sites\/65\/2016\/10\/tasis_bo-202x300.jpg 202w, https:\/\/webs.uab.cat\/getcc\/wp-content\/uploads\/sites\/65\/2016\/10\/tasis_bo-768x1143.jpg 768w, https:\/\/webs.uab.cat\/getcc\/wp-content\/uploads\/sites\/65\/2016\/10\/tasis_bo-1032x1536.jpg 1032w, https:\/\/webs.uab.cat\/getcc\/wp-content\/uploads\/sites\/65\/2016\/10\/tasis_bo.jpg 1075w\" sizes=\"auto, (max-width: 688px) 100vw, 688px\" \/><\/figure><div class=\"wp-block-media-text__content\">\n<p><strong>Rafael Tasis<\/strong><\/p>\n\n\n\n<p><em>Diari \u00edntim. Escrits autobiogr\u00e0fics<\/em><\/p>\n\n\n\n<p>Edited by Montserrat Bacard\u00ed and Francesc Foguet<\/p>\n\n\n\n<p>Editorial Acontravent<\/p>\n\n\n\n<p>Collection \u00abAbans d&#8217;ara\u00bb, 21, 2012<\/p>\n\n\n\n<p>ISBN: 9788493972202<\/p>\n\n\n\n<p>428 p., 21 cm<\/p>\n<\/div><\/div>\n\n\n\n<div class=\"wp-block-media-text is-stacked-on-mobile\" style=\"grid-template-columns:35% auto\"><figure class=\"wp-block-media-text__media\"><img loading=\"lazy\" decoding=\"async\" width=\"188\" height=\"269\" src=\"https:\/\/webs.uab.cat\/getcc\/wp-content\/uploads\/sites\/65\/2016\/10\/desert.jpg\" alt=\"desert\" class=\"wp-image-555 size-full\" \/><\/figure><div class=\"wp-block-media-text__content\">\n<p><strong>Rafael Tasis i Ramon Xuriguera <\/strong><\/p>\n\n\n\n<p><em><a href=\"http:\/\/books.google.es\/books?id=n3-tyg7dq_sC&amp;lpg=PA3&amp;ots=e9RnoVSTPs&amp;dq=l'espant%C3%B3s%20%C3%A9s%20el%20buit%20el%20desert%20abadia%20montserrat&amp;hl=ca&amp;pg=PP1#v=onepage&amp;q=l'espant%C3%B3s%20%C3%A9s%20el%20buit%20el%20desert%20abadia%20montserrat&amp;f=false\" target=\"_blank\" rel=\"noopener\">L&#8217;espant\u00f3s \u00e9s el buit, el desert<\/a><\/em><\/p>\n\n\n\n<p>Edited by Josep Camps i Arb\u00f3s<\/p>\n\n\n\n<p>Publicacions de l&#8217;Abadia de Montserrat, 2010<\/p>\n\n\n\n<p>ISBN:&nbsp;9788498833232<\/p>\n\n\n\n<p>264 p.<\/p>\n<\/div><\/div>\n\n\n\n<p>&nbsp;<\/p>\n\n\n\n<p>&nbsp;<\/p>\n\n\n\n<p>&nbsp;<\/p>\n\n\n\n<p>&nbsp;<\/p>\n\n\n\n<p>&nbsp;<\/p>\n\n\n\n<p>&nbsp;<\/p>\n","protected":false},"excerpt":{"rendered":"<p>Rafael Tasis Marca (Barcelona, 1906 \u2013 Paris, 1966) developed a highly prolific literary activity as a journalist, critic, writer, playwright, historian and translator. He was leader of the Catalan political party Acci\u00f3 Catalana Republicana and was involved in the administration of the Catalan national government Generalitat de Catalunya during the war \u2014 first, as a [&hellip;]<\/p>\n","protected":false},"author":20,"featured_media":0,"parent":0,"menu_order":0,"comment_status":"closed","ping_status":"closed","template":"","meta":{"footnotes":""},"class_list":["post-594","page","type-page","status-publish","hentry"],"_links":{"self":[{"href":"https:\/\/webs.uab.cat\/getcc\/en\/wp-json\/wp\/v2\/pages\/594","targetHints":{"allow":["GET"]}}],"collection":[{"href":"https:\/\/webs.uab.cat\/getcc\/en\/wp-json\/wp\/v2\/pages"}],"about":[{"href":"https:\/\/webs.uab.cat\/getcc\/en\/wp-json\/wp\/v2\/types\/page"}],"author":[{"embeddable":true,"href":"https:\/\/webs.uab.cat\/getcc\/en\/wp-json\/wp\/v2\/users\/20"}],"replies":[{"embeddable":true,"href":"https:\/\/webs.uab.cat\/getcc\/en\/wp-json\/wp\/v2\/comments?post=594"}],"version-history":[{"count":4,"href":"https:\/\/webs.uab.cat\/getcc\/en\/wp-json\/wp\/v2\/pages\/594\/revisions"}],"predecessor-version":[{"id":2570,"href":"https:\/\/webs.uab.cat\/getcc\/en\/wp-json\/wp\/v2\/pages\/594\/revisions\/2570"}],"wp:attachment":[{"href":"https:\/\/webs.uab.cat\/getcc\/en\/wp-json\/wp\/v2\/media?parent=594"}],"curies":[{"name":"wp","href":"https:\/\/api.w.org\/{rel}","templated":true}]}}