{"id":36,"date":"2010-12-13T12:31:58","date_gmt":"2010-12-13T12:31:58","guid":{"rendered":"https:\/\/webs.uab.cat\/getcc\/montserrat-bacardi\/"},"modified":"2025-12-18T12:40:42","modified_gmt":"2025-12-18T12:40:42","slug":"montserrat-bacardi","status":"publish","type":"page","link":"https:\/\/webs.uab.cat\/getcc\/montserrat-bacardi\/","title":{"rendered":"Montserrat Bacard\u00ed"},"content":{"rendered":"\n<blockquote class=\"wp-block-quote is-layout-flow wp-block-quote-is-layout-flow\">\n<p>Universitat Aut\u00f2noma de Barcelona<\/p>\n\n\n\n<p><a href=\"mailto:Montserrat.Bacardi@uab.cat\">Montserrat.Bacardi@uab.cat<\/a><\/p>\n\n\n\n<p>ORCID iD:&nbsp;0000-0001-9593-7928<\/p>\n<\/blockquote>\n\n\n\n<p>Doctora en Filologia Hisp\u00e0nica (1991) i llicenciada en Filologia Catalana (1996) per la Universitat de Barcelona, \u00e9s catedr\u00e0tica de la Facultat de Traducci\u00f3 i d\u2019Interpretaci\u00f3 de la Universitat Aut\u00f2noma de Barcelona. Ha dut a terme diverses tasques editorials. Des del 1998 \u00e9s directora de&nbsp;<em>Quaderns. Revista de Traducci\u00f3<\/em>&nbsp;i, des del 2011, de les col\u00b7leccions \u00abVersions\u00bb i \u00abVisions\u00bb de l&#8217;editorial Punctum. Dirigeix la C\u00e0tedra Jordi Arbon\u00e8s des que es va fundar, el 2003, i el Grup d&#8217;Estudi de la Traducci\u00f3 Catalana Contempor\u00e0nia.<\/p>\n\n\n\n<p>Ha publicat articles d&#8217;hist\u00f2ria de la literatura i de la traducci\u00f3 i els llibres <em>Alfons Costafreda. La temptaci\u00f3 de la poesia<\/em> (1989), <em>Cent anys de traducci\u00f3 al catal\u00e0 (1891-1990). Antologia<\/em> (ed.) (1998), <em>Anna Muri\u00e0. El vici d&#8217;escriure<\/em> (2004), <em>El<\/em> <em>Quixot en catal\u00e0<\/em> (2006), <em>Catalans a Buenos Aires. Records de Fivaller Seras<\/em> (2009), <em>Una impossibilitat possible. Trenta anys de traducci\u00f3 als Pa\u00efsos Catalans (1975-2005) <\/em>(ed.) (2010), <em>Diccionari de la traducci\u00f3 catalana<\/em> (dir.) (2011), <em>La traducci\u00f3 catalana sota el franquisme<\/em> (2012),&nbsp;<em>Les traductores i la tradici\u00f3<\/em> (2013),&nbsp;<em>Gr\u00e0cia Bassa, poeta, periodista i traductora<\/em>&nbsp;(2016) i&nbsp;<em>Maria Dolors Orriols, viure i escriure<\/em>&nbsp;(2019). Ha editat textos in\u00e8dits de Jordi Arbon\u00e8s, Pere Calders, Joaquim Carb\u00f3, Anna Muri\u00e0,&nbsp;Teresa P\u00e0mies, Rafael Tasis, Joan Triad\u00fa o Manuel Valldeperes. Ha obtingut el premi de Recerca Human\u00edstica de la Fundaci\u00f3 Enciclop\u00e8dia Catalana (2000, amb Pilar Godayol), el premi Rafel Cornell\u00e0 de retrat literari (2009), el premi Cr\u00edtica Serra d&#8217;Or (2012, pel&nbsp;<em>Diccionari de la traducci\u00f3 catalana<\/em>) i el premi Fundaci\u00f3 Merc\u00e8 Rodoreda (2019). \u00c9s membre de la Secci\u00f3 Hist\u00f2rico-Arqueol\u00f2gica de l&#8217;Institut d&#8217;Estudis Catalans i de la comissi\u00f3 t\u00e8cnica de la Fundaci\u00f3 Merc\u00e8 Rodoreda.<\/p>\n\n\n\n<h2 class=\"wp-block-heading\"><strong>Publicacions (Selecci\u00f3)<\/strong><\/h2>\n\n\n\n<p>2025 \u00abLes dones i els llibres&#8230; i el feixisme\u00bb. Dins: Ramon Solsona.&nbsp;<em>Dones migpartides. Trenta narradores entre la il\u00b7lusi\u00f3 republicana, la derrota i el redre\u00e7ament<\/em>. Barcelona: P\u00f2rtic, p. 11-17.<\/p>\n\n\n\n<p>2025 \u00abLa traducci\u00f3n literaria como factor de modernidad en las culturas ib\u00e9ricas\u00bb. Dins: Luis Mart\u00edn-Estudillo, Antonio S\u00e1ez Delgado (ed.).&nbsp;<em>Modernidades ib\u00e9ricas. The Routledge Companion to Iberian Modernities (1870-1930)<\/em>. Londres \/ Nova York: Routledge, p. 326-342 [amb Pere Comellas].<\/p>\n\n\n\n<p>2025 \u00abLa traducci\u00f3 catalana al segle XXI (apunts i instant\u00e0nies)\u00bb. Dins: Jordi Marrugat, V\u00edctor Mart\u00ednez-Gil, N\u00faria Santamaria (ed.),&nbsp;<em>Literatura catalana de la postmodernitat<\/em>. Barcelona: Universitat de Barcelona, vol. II, p. 1369-1383.<\/p>\n\n\n\n<p>2025 \u00abTraduir, una manera d&#8217;habitar el m\u00f3n\u00bb. Dins: Dolors Udina, Mireille Gansel i Antoni Clap\u00e9s.&nbsp;<em>Les dues ales d&#8217;un ocell. Conversa a tres sobre la traducci\u00f3<\/em>. Barcelona: Raig Verd, p. 145-154.<\/p>\n\n\n\n<p>2024 <a href=\"https:\/\/turia.uv.es\/index.php\/caplletra\/article\/view\/28953\">\u00abEl teatre catal\u00e0 a Buenos Aires (1939-1975)\u00bb<\/a>.&nbsp;<em>Caplletra<\/em>, 77, p. 21-38 [amb Francesc Foguet].<\/p>\n\n\n\n<p>2024.&nbsp;<em><a href=\"https:\/\/publicacions.iec.cat\/repository\/pdf\/00000498\/00000084.pdf\">Moments estel\u00b7lars de la traducci\u00f3 catalana del segle XX<\/a><\/em>. Barcelona: Institut d&#8217;Estudis Catalans.<\/p>\n\n\n\n<p>2023 <a href=\"https:\/\/www.erudit.org\/fr\/revues\/meta\/2023-v68-n2-meta09098\/1109345ar\/\">\u00abBest-sellers y censura franquista: las traducciones de Teresa P\u00e0mies\u00bb<\/a>.&nbsp;<em>Meta<\/em>, 68\/2, p. 427-444.<\/p>\n\n\n\n<p>2023 <a href=\"https:\/\/publicacions.iec.cat\/PopulaFitxa.do?moduleName=coleccions_bibliografiques&amp;subModuleName=&amp;idCatalogacio=40568\" target=\"_blank\" rel=\"noreferrer noopener\">\u00abL&#8217;assaig literari actual\u00bb<\/a>. Dins:&nbsp;<em>Usos socials del catal\u00e0. Informe de l&#8217;Institut d&#8217;Estudis Catalans<\/em>. Barcelona: Institut d\u2019Estudis Catalans, p. 195-198.<\/p>\n\n\n\n<p>2023 Teresa P\u00e0mies.&nbsp;<em><a href=\"https:\/\/www.adesiaraeditorial.cat\/llibre\/una-noia-i-un-soldat\/\">Una noia i un soldat<\/a>&nbsp;<\/em>(ed.). Barcelona: Adesiara.<\/p>\n\n\n\n<p>2023&nbsp;<em><a href=\"https:\/\/lafinestralectora.cat\/la-veritat-literaria-de-teresa-pamies\/\">La veritat liter\u00e0ria de Teresa P\u00e0mies<\/a><\/em>. Vic: Eumo.<\/p>\n\n\n\n<p>2023 <a rel=\"noreferrer noopener\" href=\"https:\/\/publicacions.iec.cat\/repository\/pdf\/00000328\/00000027.pdf\" target=\"_blank\">\u00abUna novel\u00b7la in\u00e8dita de Teresa P\u00e0mies censurada\u00bb<\/a>.&nbsp;<em>Llengua &amp; Literatura<\/em>, 33, p. 27-50.<\/p>\n\n\n\n<p>2022 <a href=\"https:\/\/revistes.iec.cat\/index.php\/CSSr\/issue\/view\/10061\">\u00abJoan Triad\u00fa, lector i (pre)escriptor\u00bb<\/a>.&nbsp;<em>Revista Catalana de Ci\u00e8ncies Socials=Catalan Social Sciences Review,<\/em>&nbsp;12, p. 103-106.<\/p>\n\n\n\n<p>2022 <a href=\"https:\/\/www.adesiaraeditorial.cat\/llibre\/el-riu-i-els-inconscients\/\">\u00abD&#8217;un temps, d&#8217;un pa\u00eds\u00bb<\/a>. Dins: Maria Dolors Orriols.&nbsp;<em>El riu i els inconscients<\/em>. Barcelona: Adesiara, p. 7-68.<\/p>\n\n\n\n<p>2022 \u00abMaria Dolors Orriols, una escriptora lliure\u00bb. Dins: Maria Dolors Orriols.&nbsp;<em>Cavalcades<\/em>. Barcelona: Viena, p. 9-13.<\/p>\n\n\n\n<p>2022 <a href=\"https:\/\/publicacions.iec.cat\/repository\/pdf\/00000312\/00000077.pdf\" target=\"_blank\" rel=\"noreferrer noopener\">\u00abRafael Tasis, corresponsal literari de l&#8217;exili\u00bb<\/a>.&nbsp;<em>Estudis Rom\u00e0nics<\/em>, 44, p. 255-276 [amb Francesc Foguet].<\/p>\n\n\n\n<p>2022 \u00ab<a href=\"https:\/\/www.aieti.eu\/enti\/catalan_francoism_ENG\/\" target=\"_blank\" rel=\"noopener\">Catalan Translation and Francoism (1939-1975)<\/a>\u00bb. Dins: ENTI (Encyclopedia of Translation &amp; Interpreting).<\/p>\n\n\n\n<p>2021 Teresa P\u00e0mies.&nbsp;<em><a href=\"https:\/\/cultura.gencat.cat\/ca\/ilc\/detalls\/publicacio\/Magrada-escriure-magrada-rabiosament\">\u00abM\u2019agrada escriure. M\u2019agrada rabiosament\u00bb<\/a>. Cartes (1938-2002)<\/em>&nbsp;(ed.). Barcelona: Instituci\u00f3 de les Lletres Catalanes.<\/p>\n\n\n\n<p>2021 \u00abTraductors de confian\u00e7a o la confian\u00e7a dels traductors i editors de postguerra\u00bb. Dins:&nbsp;Bala\u015f, Oana-Dana; Montoliu Pauli, Xavier (ed.).&nbsp;<a href=\"https:\/\/publicacions.iec.cat\/PopulaFitxa.do?moduleName=monografies_en_linia&amp;subModuleName=cerca_avanzada&amp;idCatalogacio=35988#\" target=\"_blank\" rel=\"noopener\"><em>Actes del Divuit\u00e8 Col\u00b7loqui Internacional de Llengua i Literatura Catalanes<\/em><\/a>. Barcelona: Institut d&#8217;Estudis Catalans, p.80-92.<\/p>\n\n\n\n<p>2020&nbsp;\u00abModernitat i alteritat. Traducci\u00f3 catalana a Buenos Aires\u00bb.&nbsp;<em>Afers<\/em>, 96\/97, p. 351-370.<\/p>\n\n\n\n<p>2020 <a href=\"https:\/\/trea.es\/producto\/pliegos-alzados\/\">\u00abEdici\u00f3n y traducci\u00f3n en catal\u00e1n: momentos fundacionales\u00bb<\/a>. Dins: Larraz, Fernando; Mengual, Josep; Sopena, Mireia (ed.).&nbsp;<em>Pliegos alzados. La historia de la edici\u00f3n, a debate<\/em>. Gij\u00f3n: Trea, p. 275-286.<\/p>\n\n\n\n<p>2020&nbsp;<em><a href=\"https:\/\/www.pamsa.cat\/wp-content\/uploads\/17668-Teresa-P%C3%A0mies.pdf\">Teresa P\u00e0mies, pol\u00edtica, mem\u00f2ria i literatura<\/a>&nbsp;<\/em>(ed.). Barcelona: Publicacions de l&#8217;Abadia de Montserrat [amb Francesc Foguet].<\/p>\n\n\n\n<p>2020&nbsp;<a href=\"https:\/\/journals.openedition.org\/bulletinhispanique\/10872\">\u00abTraducci\u00f3n y edici\u00f3n catalanas en la postguerra\u00bb<\/a>.&nbsp;<em>Bulletin Hispanique<\/em>, 122-1, p. 309-324.<\/p>\n\n\n\n<p>2020 \u00abTranslation\u00bb. Dins: Argenter, Joan A.; L\u00fcdtke, Jens (ed.).&nbsp;<em><a href=\"https:\/\/www.degruyter.com\/document\/doi\/10.1515\/9783110450408\/html#contents\">Manual of Catalan Linguistics<\/a><\/em>. Berl\u00edn: De Gruyter, p. 581-594 [amb Joaquim Mallafr\u00e8].<\/p>\n\n\n\n<p>2020&nbsp;<a href=\"http:\/\/revistes.ub.edu\/index.php\/transfer\/article\/view\/30190\" target=\"_blank\" rel=\"noopener noreferrer\">\u00abMaria Dolors Orriols (auto)traductora\u00bb<\/a>.&nbsp;<em>Transfer<\/em>, 15, p. 12-30.<\/p>\n\n\n\n<p>2019&nbsp;\u00abEl profesor\u00bb<em>.&nbsp;Scriptura<\/em>, 27, p. 149-151.<\/p>\n\n\n\n<p>2019 \u00abTranslation policies from\/into the official languages in Spain\u00bb. Dins: Valde\u00f3n, Roberto A.; Vidal, \u00c1frica (ed.).&nbsp;<em><a href=\"https:\/\/www.routledge.com\/The-Routledge-Handbook-of-Spanish-Translation-Studies\/Valdeon-Vidal\/p\/book\/9780367729035?srsltid=AfmBOop7FeGusTm0UDJYkt7iZLnu1YMDywWuQbbY8PN3OYpJNU2Hj_Of\">The Routledge Handbook of Spanish Translation Studies<\/a><\/em>. Londres: Routledge, p. 425-449.<\/p>\n\n\n\n<p>2019 \u00abCatalan Translation in Chile in the Exile of 1939\u00bb. Dins: Corretger, Montserrat; Casanovas Pompeu; Salvador, Vicent (ed.).&nbsp;<em><a href=\"https:\/\/link.springer.com\/book\/10.1007\/978-3-030-18144-4\">The Rise of Catalan Identity<\/a><\/em>. Berl\u00edn: Springer, p. 145-155.<\/p>\n\n\n\n<p>2019&nbsp;<em><a href=\"https:\/\/lafinestralectora.cat\/wp-content\/PDFS\/eumoeditorial\/tasts\/Orriols_viure_i_escriure_mostra.pdf\">Maria Dolors Orriols, viure i escriure<\/a><\/em>. Vic: Eumo.<\/p>\n\n\n\n<p>2018&nbsp;<em><a href=\"https:\/\/publicacions.iec.cat\/repository\/pdf\/00000501\/00000008.pdf\">Constel\u00b7laci\u00f3 tasiana: contextos i relacions<\/a><\/em>&nbsp;(ed.). Barcelona:&nbsp;Societat Catalana de Llengua i Literatura, filial de l&#8217;IEC&nbsp;[amb Francesc Foguet].<\/p>\n\n\n\n<p>2018 <a href=\"http:\/\/filescat.uab.cat\/filcat\/els-professors-montserrat-bacardi-i-francesc-foguet-publiquen-vigencia-de-manuel-de-pedrolo\/\" target=\"_blank\" rel=\"noopener\"><em>Vig\u00e8ncia de Manuel de Pedrolo<\/em><\/a> (ed.). Barcelona: Publicacions de l&#8217;Abadia de Montserrat [amb Francesc Foguet].<\/p>\n\n\n\n<p>2018&nbsp;\u00abCatalan Women Translators under Francoism: (Self-)censorship, Exile and Silence\u00bb. Dins: Godayol, Pilar; Taronna, Annarita (eds.).&nbsp;<em><a href=\"https:\/\/www.cambridgescholars.com\/resources\/pdfs\/978-1-5275-0665-7-sample.pdf\">Foreign Women Authors under Fascism and Francoism. Gender, Translation and Censorship.<\/a>&nbsp;<\/em>Newcastle upon Tyne: Cambridge Scholars Publishing, p. 106-125.<\/p>\n\n\n\n<p>2018&nbsp;<a href=\"https:\/\/www.pencatala.cat\/wp-content\/uploads\/2018\/04\/PEN-Album_JoaquimCarbo.pdf\" target=\"_blank\" rel=\"noopener\"><em>\u00c0lbum Joaquim Carb\u00f3. Les cartes sobre la taula<\/em><\/a>&nbsp;(ed.). Barcelona: PEN Catal\u00e0.<\/p>\n\n\n\n<p>2018 <a href=\"https:\/\/www.raco.cat\/index.php\/QuadernsTraduccio\/article\/view\/337802\" target=\"_blank\" rel=\"noopener\">\u00ab<em>Quaderns. Revista de Traducci\u00f3<\/em>: 20 anys, 25 n\u00fameros!\u00bb<\/a>.&nbsp;<em>Quaderns. Revista de Traducci\u00f3<\/em>, 25, p. 5-8.<\/p>\n\n\n\n<p>2017 <a href=\"https:\/\/www.raco.cat\/index.php\/Ausa\/article\/view\/342305\" target=\"_blank\" rel=\"noopener\">\u00abMaria Dolors Orriols o la revolta interior\u00bb<\/a>. <em>Ausa<\/em>, 180 (Vol. 28), p. 287-306.<\/p>\n\n\n\n<p>2017 \u00abTeatro y traducci\u00f3n al catal\u00e1n en el exilio de Buenos Aires\u00bb. Dins: Fabiani, Anita; Arcara, Stefania; D&#8217;Amore, Manuela (eds.).&nbsp;<em>Soggetti Situati<\/em>. Pisa:&nbsp;Edizioni ETS, p. 29-38.&nbsp;<\/p>\n\n\n\n<p>2017&nbsp;<a href=\"https:\/\/books.google.es\/books?id=bnK0DQAAQBAJ&amp;pg=PA107&amp;lpg=PA107&amp;dq=traducci%C3%B3+i+lluita+pol%C3%ADtica+a+l%27exili&amp;source=bl&amp;ots=ArQYbYpdDV&amp;sig=eVmbqXovK8jQ0t8sqr0YwO_5mbU&amp;hl=ca&amp;sa=X&amp;ved=0ahUKEwj-n6KM6vrXAhUFlxoKHSocAeEQ6AEIJjAA#v=onepage&amp;q=traducci%C3%B3%20i%20lluita%20pol%C3%ADtica%20a%20l'exili&amp;f=false\" target=\"_blank\" rel=\"noopener\">\u00abTraducci\u00f3 i lluita pol\u00edtica a l&#8217;exili: el grup de Xile\u00bb<\/a>. Dins: Corretger, Montserrat; Casanovas Pompeu; Salvador, Vicent (eds.). <em>El comprom\u00eds literari en la modernitat. Del per\u00edode d&#8217;entreguerres al postfranquisme (1920-1980)<\/em>. Tarragona\/Melbourne: Universitat Rovira i Virgili\/Royal Melbourne Institute of Technology, p. 107-118.<\/p>\n\n\n\n<p>2017 \u00abTraducci\u00f3 i expatriaci\u00f3: Les revistes <em>Catalunya<\/em> i <em>Ressorgiment<\/em> de Buenos Aires\u00bb. A: Albert,&nbsp;C.; Friedlein,&nbsp;R.; Mart\u00ed,&nbsp;I. (eds.).&nbsp;<em>Els catalans i Llatinoam\u00e8rica (s. XIX i XX). Viatges, exilis i teories<\/em>. Barcelona: Publicacions de l\u2019Abadia de Montserrat, p. 229-242.<\/p>\n\n\n\n<p>2017 Manuel Valldeperes.&nbsp;<em><a href=\"http:\/\/filescat.uab.cat\/filcat\/surt-a-la-llum-ombres-entre-tenebres-de-manuel-valldeperes\/\" target=\"_blank\" rel=\"noopener\">Ombres entre tenebres. L\u2019\u00e8xode de Catalunya<\/a>&nbsp;<\/em>(ed.).&nbsp;Barcelona: Adesiara [amb Francesc Foguet].&nbsp;<\/p>\n\n\n\n<p>2017 Rafael Tasis. <a href=\"http:\/\/filescat.uab.cat\/filcat\/montserrat-bacardi-i-francesc-foguet-publiquen-diari-1922-de-rafael-tasis\/\" target=\"_blank\" rel=\"noopener\"><em>Diari (1922)<\/em><\/a> (ed.). Barcelona: Publicacions de l&#8217;Abadia de Montserrat [amb Francesc Foguet].&nbsp;<\/p>\n\n\n\n<p>2017&nbsp;\u00abTeresa P\u00e0mies: vida, pol\u00edtica i traducci\u00f3\u00bb. Dins: Bacard\u00ed, Montserrat; Godayol, Pilar (eds.). <em><a href=\"http:\/\/www.editorialpunctum.com\/coeditors\/getcc\/traduccio-i-franquisme\/\" target=\"_blank\" rel=\"noopener\">Traducci\u00f3 i franquisme<\/a><\/em>. Lleida: Punctum, p. 13-27.<\/p>\n\n\n\n<p>2017 <a href=\"http:\/\/www.editorialpunctum.com\/coeditors\/getcc\/traduccio-i-franquisme\/\" target=\"_blank\" rel=\"noopener\"><em>Traducci\u00f3 i franquisme<\/em><\/a> (ed.). Lleida: Punctum [amb Pilar Godayol].<\/p>\n\n\n\n<p>2016&nbsp;<a href=\"https:\/\/ddd.uab.cat\/pub\/jocih\/jocih_a2017m10n11\/jocih_a2017m10d11p83iENG.pdf\">\u00abTranslation and Political Struggle in Exile: The Chile Group\u00bb<\/a>.&nbsp;<em>Journal of Catalan Intellectual History<\/em>, 10, p. 83-91.<\/p>\n\n\n\n<p>2016 <em><a href=\"https:\/\/publicacions.iec.cat\/repository\/pdf\/00000501\/00000012.pdf\">Rafael Tasis (1906-1966), cinquanta anys despr\u00e9s<\/a><\/em> (ed.). Barcelona:&nbsp;Societat Catalana de Llengua i Literatura, filial de l&#8217;IEC&nbsp;[amb Francesc Foguet i \u00c0lex Mart\u00edn].<\/p>\n\n\n\n<p>2016 \u00abFourfold subalterns: Catalan, women, translators and theorists\u00bb.&nbsp;<em>Journal of Iberian and Latin American Studies<\/em>, 22 (2), p. 1-13 [amb Pilar Godayol].<\/p>\n\n\n\n<p>2016 <a href=\"http:\/\/www.palafrugell.cat\/serveis-ciutadania\/gracia-bassa-poeta-periodista-i-traductora\" target=\"_blank\" rel=\"noopener\"><em>Gr\u00e0cia Bassa, poeta, periodista i traductora<\/em><\/a>. Palafrugell: Ajuntament de Palafrugell.<\/p>\n\n\n\n<p>2016 Rafael Tasis. <em><a href=\"https:\/\/filcat.uab.cat\/lectures-de-postguerra-de-rafael-tasis\/\">Lectures de postguerra<\/a><\/em>&nbsp;(ed.). Barcelona: Publicacions de l\u2019Abadia de Montserrat&nbsp;[amb Francesc Foguet].<\/p>\n\n\n\n<p>2015&nbsp;<a href=\"http:\/\/revistas.ucm.es\/index.php\/RFRM\/article\/view\/54692\" target=\"_blank\" rel=\"noopener\">\u00abAgust\u00ed Bartra: traducir en la terrible soledat catalana\u00bb<\/a>. <em>Revista de Filolog\u00eda Rom\u00e1nica<\/em>, vol. 32 (1).<\/p>\n\n\n\n<p>2015 <a href=\"http:\/\/www.raco.cat\/index.php\/Caplletra\/article\/view\/292714\/389087\" target=\"_blank\" rel=\"noopener\">\u00abApunts sobre exili, llengua i traducci\u00f3\u00bb<\/a>.&nbsp;<em>Caplletra,<\/em>&nbsp;58, p. 159-182.<\/p>\n\n\n\n<p>2015 \u00abEl <em>Mart\u00edn Fierro<\/em> d\u2019Enric Mart\u00ed i Muntaner\u00bb. Dins: Hern\u00e1ndez, Jos\u00e9.<em> Mart\u00edn Fierro<\/em>. Barcelona: ArgentCat, p. 44-56.<\/p>\n\n\n\n<p>2015 <a href=\"https:\/\/ddd.uab.cat\/pub\/artpub\/2015\/170130\/visat_a2015n20abacardi.pdf\">\u00abLes traduccions \u201cinnecess\u00e0ries\u201d\u00bb<\/a>. <em>Visat<\/em>, 20.<\/p>\n\n\n\n<p>2015 Rafael Tasis. <a href=\"http:\/\/www.ensiola.cat\/muntaner-4\/\" target=\"_blank\" rel=\"noopener\"><em>Muntaner, 4 <\/em><\/a>(ed.)<em>. <\/em>Muro: Ensiola [amb Francesc Foguet]<em>. <\/em><\/p>\n\n\n\n<p>2015 Rafael Tasis. <a href=\"http:\/\/www.cossetania.com\/a-reculons-1797\" target=\"_blank\" rel=\"noopener\"><em>A reculons <\/em><\/a>(ed.)<em>. <\/em>Valls: Cosset\u00e0nia [amb Francesc Foguet]<em>. <\/em><\/p>\n\n\n\n<p>2015 Rafael Tasis.<a href=\"http:\/\/www.cossetania.com\/el-revulsiu-del-catalanisme-1765\" target=\"_blank\" rel=\"noopener\"> <em>El revulsiu del catalanisme<\/em><\/a> (ed.). Valls: Cosset\u00e0nia [amb Francesc Foguet].<\/p>\n\n\n\n<p>2015 <a href=\"https:\/\/raco.cat\/index.php\/Marges\/article\/view\/319670\/409898\">\u00abL\u2019ofici de traduir a l\u2019exili: flors al pol Nord\u00bb<\/a>. <em>Els Marges<\/em>, 106, p. 56-68.<\/p>\n\n\n\n<p>2015 Joan Triad\u00fa. <em>Cartes a Carme Porta<\/em> (ed.). Barcelona: Biblioteca del N\u00favol, 2015 [amb Susanna \u00c0lvarez]. <a href=\"https:\/\/www.nuvol.com\/biblioteca-digital\/cartes-a-carme-porta\">Ebook disponible<\/a><\/p>\n\n\n\n<p>2015 \u00abDe la llengua imposada a la llengua perseguida. Miquel M. Serra i Pastor i Josep M. Llompart, traductors de Camilo Jos\u00e9 Cela\u00bb. A: G\u00fcell, Monique&nbsp;(dir.).<em> <a href=\"https:\/\/www.trabucaire.com\/boutique\/catala\/les-illes-balears-literatura-llengua-historia-arts-les-iles-baleares-litterature-langue-histoire-arts\/\">Les Illes Balears: Literatura, llengua, hist\u00f2ria, arts\/Les Iles Bal\u00e9ares: Litt\u00e9rature, langue, histoire, arts.<\/a><\/em> Canet: Editions Trabucaire, p. 243-252.<\/p>\n\n\n\n<p>2014 \u00abCatalan women translators: an introductory overview\u00bb.&nbsp;<em>The Translator<\/em>, 20 (2), p. 144-161.<\/p>\n\n\n\n<p>2014 <a href=\"https:\/\/raco.cat\/index.php\/AssaigTeatre\/article\/view\/145699\/260923\"><em>Epistolari<\/em> <em>Jordi Arbon\u00e8s &amp; Joaquim Carb\u00f3<\/em>&nbsp;<\/a>(ed.). Lleida: Punctum.<\/p>\n\n\n\n<p>2013 <a href=\"https:\/\/ddd.uab.cat\/pub\/artpub\/2013\/170581\/bulletinhispanique-2722_1_.pdf\">\u00abRetraduir el <em>Quixot<\/em> al catal\u00e0: per a qui? Cinc (o sis) traduccions &#8220;envellides&#8221; de naixen\u00e7a\u00bb<\/a>. <em>Bulletin Hispanique<\/em>, 115 (2), p. 541-553.<\/p>\n\n\n\n<p>2013 \u00abJoan Oliver, traductor for\u00e7at\u00bb. <em>Rivista Italiana di Studi Catalani<\/em>, 3, p. 5-21.<\/p>\n\n\n\n<p>2013 Pere Calders.<em> La maleta extraviada. M\u00e9s cartes a Joan Triad\u00fa <\/em>(ed.). Barcelona: Publicacions de l\u2019Abadia de Montserrat [amb Susanna \u00c0lvarez].<\/p>\n\n\n\n<p>2013 <em><a href=\"https:\/\/ddd.uab.cat\/pub\/llibres\/2013\/170769\/9788494069475.pdf\">Les traductores i la tradici\u00f3. 20 pr\u00f2legs del segle XX<\/a><\/em>. Lleida: Punctum [amb Pilar Godayol].<\/p>\n\n\n\n<p>2013 <em><a href=\"https:\/\/publicacions.iec.cat\/repository\/pdf\/00000501\/00000016.pdf\">La literatura catalana contempor\u00e0nia: intertextos, influ\u00e8ncies i relacions<\/a>&nbsp;<\/em>(ed.). Barcelona: Institut d\u2019Estudis Catalans [amb Francesc Foguet i Enric Gall\u00e9n].<\/p>\n\n\n\n<p>2013 \u00abUn combat contra l&#8217;exili: el <em>Mart\u00edn Fierro<\/em> d&#8217;Enric Mart\u00ed i Muntaner\u00bb. Dins: Verdaguer, M. \u00c0ngels (ed.). <em>Traduir els cl\u00e0ssics, antics i moderns<\/em>. Barcelona: Publicacions de l&#8217;Abadia de Montserrat, p. 309-325.<\/p>\n\n\n\n<p>2013 <a href=\"http:\/\/rua.ua.es\/dspace\/bitstream\/10045\/35013\/1\/MonTI_05_10.pdf\" target=\"_blank\" rel=\"noopener\">\u00abTraduir sota la dictadura franquista, traduir clandestinament: <em>Poesia<\/em> (1944-1945) i <em>Ariel<\/em> (1946-1951)\u00bb<\/a>. <em>MonTI<\/em>, 5, p. 241-256.<\/p>\n\n\n\n<p>2012 \u00abEl teatre catal\u00e0 a Buenos Aires (1939-1975)\u00bb. <em>Estudios Catalanes.<\/em> <em>Revista Internacional de Lengua, Literatura y Cultura Catalanas<\/em>, 6, p. 97-115 [amb Francesc Foguet].<\/p>\n\n\n\n<p>2012 \u00abGr\u00e0cia Bassa, expatriate journalist, poet and translator\u00bb. Dins: Garc\u00eda-Izquierdo, Isabel; Monz\u00f3, Esther (eds.). <em>Iberian Studies on Translation and Interpreting<\/em>. Bern: Peter Lang, p. 155-166.<\/p>\n\n\n\n<p>2012 \u00abTraducci\u00f3n y dictadura. El caso catal\u00e1n (1939-1961)\u00bb. Dins: <em>El espa\u00f1ol fente a los retos del siglo XXI: investigaci\u00f3n y ense\u00f1anza<\/em>. Mosc\u00fa: Universitat MGIMO, p. 247-251.<\/p>\n\n\n\n<p>2012 Pere Calders. <em>Fe de vida. Les cartes a Rafael Tasis<\/em> (ed.). Barcelona: A Contra Vent [amb Francesc Foguet].<\/p>\n\n\n\n<p>2012 <a href=\"http:\/\/www.cossetania.com\/tasts\/lesraonsdelexili.pdf\" target=\"_blank\" rel=\"noopener\">Rafael Tasis. <em>Les raons de l\u2019exili<\/em><\/a> (ed.). Valls: Cosset\u00e0nia [amb Francesc Foguet].<\/p>\n\n\n\n<p>2012 <a href=\"http:\/\/books.google.es\/books?id=yBb0j_b8essC&amp;printsec=frontcover&amp;hl=ca&amp;source=gbs_ge_summary_r&amp;cad=0#v=onepage&amp;q&amp;f=false\" target=\"_blank\" rel=\"noopener\"><em>Teoria i pr\u00e0ctica de la traducci\u00f3<\/em><\/a>. Barcelona: UOC [amb Ona Dom\u00e8nech, Cristina Gelp\u00ed i Marisa Presas].<\/p>\n\n\n\n<p>2012 <a href=\"http:\/\/www.fbc.cat\/mm\/file\/tastQA110.pdf\" target=\"_blank\" rel=\"noopener\"><em>Joan Sales i Vall\u00e8s: literatura i pol\u00edtica<\/em>. J<em>oan Oliver, traductor de contraband i retraductor de circumst\u00e0ncies<\/em><\/a>. Sabadell: Fundaci\u00f3 Bosch i Cardellach [amb Montserrat Casals i Couturier].<\/p>\n\n\n\n<p>2012 <em>\u00c0lbum Anna Muri\u00e0. Epistolari familiar (una mostra)<\/em> (ed.). Barcelona: PEN Catal\u00e0.<\/p>\n\n\n\n<p>2012 <a href=\"http:\/\/www.editorialpunctum.com\/coeditors\/trilcat\/la-traduccio-catalana-sota-el-franquisme\/\" target=\"_blank\" rel=\"noopener\"><em>La traducci\u00f3 catalana sota el franquisme<\/em>.<\/a> Lleida: Punctum.<\/p>\n\n\n\n<p>2011 Rafael Tasis. <em>Diari \u00edntim. Escrits autobiogr\u00e0fics <\/em>(ed.). Barcelona: A Contra Vent [amb Francesc Foguet].<\/p>\n\n\n\n<p>2011 <em>Diccionari de la traducci\u00f3 catalana<\/em> (dir.). Vic: Eumo [amb Pilar Godayol].<\/p>\n\n\n\n<p>2010 <a href=\"https:\/\/ddd.uab.cat\/pub\/artpub\/2010\/170587\/traduccio_historia_accidentada.pdf\" target=\"_blank\" rel=\"noreferrer noopener\">\u00abLa traducci\u00f3 del castell\u00e0 al catal\u00e0 al segle XX. Esb\u00f3s d\u2019una hist\u00f2ria accidentada\u00bb<\/a> i <a href=\"https:\/\/ddd.uab.cat\/pub\/artpub\/2010\/170588\/traduccio_aleatoria.pdf\" target=\"_blank\" rel=\"noreferrer noopener\">\u00abLa traducci\u00f3 del catal\u00e0 al castell\u00e0: una tradici\u00f3 aleat\u00f2ria\u00bb<\/a>.&nbsp;<em>Visat<\/em>, 9.<\/p>\n\n\n\n<p>2010 \u00abPrefaci\u00bb. Dins: Riera-Eures, Manel; Sanjaume, Margarida.&nbsp;<em>Diccionari d\u2019<em>onomatopeies i altres&nbsp;<\/em>interjeccions<\/em>. Vic:&nbsp;Eumo, p. 11-12.<\/p>\n\n\n\n<p>2010 \u00abEl <em>Quijote<\/em> reescrito en catal\u00e1n\u00bb. Dins: <em>Perspectivas del mundo global a trav\u00e9s de la lengua y cultura espa\u00f1ola: investigaci\u00f3n y ense\u00f1anza<\/em>. Mosc\u00fa: Universitat MGIMO, p. 66-75.<\/p>\n\n\n\n<p>2010<em> Una impossibilitat possible. Trenta anys de traducci\u00f3 als Pa\u00efsos Catalans (1975-2005)<\/em> (ed.). Vilanova i la Geltr\u00fa: El Cep i la Nansa [amb Pilar Godayol].<\/p>\n\n\n\n<p>2009 <a href=\"http:\/\/www.traces.uab.es\/tracesbd\/avui\/av090418_06.pdf\" target=\"_blank\" rel=\"noopener\">\u00abRamon Folch i Camarasa. Retrat del perfecte escriptor no gens mediocre\u00bb<\/a>. <em>Avui Cultura<\/em> (18 abril), p. 10-11.<\/p>\n\n\n\n<p>2009 \u00abLa traducci\u00f3 en la narrativa de Ramon Folch i Camarasa\u00bb. <em>XIV\u00e8 Col\u00b7loqui Internacional de Llengua i Literatura Catalanes<\/em>. Barcelona: Publicacions de l\u2019Abadia de Montserrat, p. 79-86.<\/p>\n\n\n\n<p>2009 <a href=\"http:\/\/www.raco.cat\/index.php\/QuadernsTraduccio\/article\/view\/139929\/191108\" target=\"_blank\" rel=\"noopener\">\u00abLa traducci\u00f3 catalana a l\u2019exili. Una primera aproximaci\u00f3\u00bb<\/a>. <em>Quaderns. Revista de Traducci\u00f3<\/em>,16, p. 9-21.<\/p>\n\n\n\n<p>2009 \u00abFrancesc Arn\u00f3, cent anys!\u00bb. <em>Serra d\u2019Or<\/em>, 590 (febrer), p. 32-33.<\/p>\n\n\n\n<p>2009 <a href=\"http:\/\/books.google.es\/books?id=Yv4U3iNBDkgC&amp;printsec=frontcover&amp;hl=ca&amp;source=gbs_ge_summary_r&amp;cad=0#v=onepage&amp;q&amp;f=false\" target=\"_blank\" rel=\"noopener\">Pere Calders \u2013 Joan Triad\u00fa. <em>Cartes. Textos<\/em><\/a> (ed.). Barcelona: Publicacions de l\u2019Abadia de Montserrat [amb Susanna \u00c0lvarez].<\/p>\n\n\n\n<p>2009 <em>Catalans a Buenos Aires. Records de Fivaller Seras<\/em>. Lleida: Pag\u00e8s.<\/p>\n\n\n\n<p>2008&nbsp;<a href=\"https:\/\/ddd.uab.cat\/pub\/quaderns\/11385790n15\/11385790n15p227.pdf\" target=\"_blank\" rel=\"noreferrer noopener\">\u00abJan\u00e9 i Llig\u00e9, Jordi; Kabatek, Joohannes (eds.). <em>Fronteres entre l\u2019universal i el particular en la literatura catalana<\/em>. Aachen: Shaker Verlag, 2007\u00bb<\/a>.&nbsp;<em>Quaderns. Revista de Traducci\u00f3<\/em>, 15, p. 227-229.<\/p>\n\n\n\n<p>2008 <a href=\"https:\/\/ddd.uab.cat\/pub\/artpub\/2008\/170586\/Historia_de_la_traduccio_literaria.pdf\" target=\"_blank\" rel=\"noreferrer noopener\">\u00abHist\u00f2ria de la traducci\u00f3 liter\u00e0ria\u00bb<\/a>.&nbsp;<em>Visat<\/em>, 6.<\/p>\n\n\n\n<p>2008 \u00abTraduir durant el franquisme, traduir contra el franquisme\u00bb. Dins: Pons, Arnau;&nbsp;\u0160krabec, Simona (ed.). <em>Carrers de frontera.&nbsp;<em>Passatges de la cultura alemanya a la cultura catalana<\/em><\/em>. Barcelona: Institut Ramon Llull, p. 270-271.<\/p>\n\n\n\n<p>2008 <a href=\"http:\/\/www.escriptors.cat\/?q=publicacions_literatures6_bacardi_gudayol\" target=\"_blank\" rel=\"noopener\">\u00abTraductores, de les disculpes a les afirmacions\u00bb<\/a>. <em>Literatures<\/em>, 6, p. 45-66 [amb Pilar Godayol].<\/p>\n\n\n\n<p>2008 \u00abRamon Xuriguera, traductor\u00bb. <em>Urc<\/em>, 23, p. 66-72.<\/p>\n\n\n\n<p>2008 \u00abAmic i editor. Les cartes de Joan Sales a Ramon Folch i Camarasa\u00bb. <em>Lluc. Revista de Cultura i d&#8217;Idees<\/em>, 864 (juliol-agost), p. 31-36.<\/p>\n\n\n\n<p>2008&nbsp;<em>Mem\u00f2ries d\u2019un segle d\u2019or&nbsp;<\/em>(ed.). Barcelona: Proa [amb Susanna \u00c1lvarez i Joan Triad\u00fa].<\/p>\n\n\n\n<p>2007 <a href=\"https:\/\/raco.cat\/index.php\/1611\/article\/view\/137865\/188487\" target=\"_blank\" rel=\"noreferrer noopener\">\u00abLa traducci\u00f3 del castell\u00e0 al catal\u00e0: una tradici\u00f3 aleat\u00f2ria\u00bb<\/a>.&nbsp;<em>1611. Revista de Historia de la Traducci\u00f3n<\/em>, 1 [digital].<\/p>\n\n\n\n<p>2007 \u00abLes traduccions del <em>Quixot<\/em> al catal\u00e0\u00bb. Dins: Riera, Carme; Ser\u00e9s, Guillermo&nbsp;(eds.).<em> Cervantes, el \u201cQuijote\u201d y Barcelona<\/em>. Barcelona: Centro para la Edici\u00f3n de los Cl\u00e1sicos Espa\u00f1oles\u201d, p. 29-36.<\/p>\n\n\n\n<p>2007 <a href=\"http:\/\/books.google.es\/books?id=ZP4d6qHn4K8C&amp;pg=PA1&amp;lpg=PA1&amp;dq=Literatura+comparada+catalana+i+espanyola+al+segle+XX.+G%C3%A8neres,+lectures+i+traduccions+%281898-1951%29&amp;source=bl&amp;ots=bWrQehwDTw&amp;sig=qfQxFHxXKQa2eQae0NTXz7A3USo&amp;hl=ca&amp;sa=X&amp;ei=VfwVU4nrFKjoywPq94KQBg&amp;ved=0CGsQ6AEwCA#v=onepage&amp;q=Literatura%20comparada%20catalana%20i%20espanyola%20al%20segle%20XX.%20G%C3%A8neres%2C%20lectures%20i%20traduccions%20%281898-1951%29&amp;f=false\" target=\"_blank\" rel=\"noopener\">\u00abRestituir la hist\u00f2ria: les traduccions del castell\u00e0 al catal\u00e0 d\u2019Alfons Maseras per a la Col\u00b7lecci\u00f3 Popular Barcino\u00bb<\/a>. Dins: Gibert, Miquel M. (<em>et. al.)<\/em>. <em><a href=\"http:\/\/www.editorialpunctum.com\/coeditors\/trilcat\/literatura-comparada-catalana-i-espanyola-al-segle-xx-generes-lectures-i-traduccions-1898-1951\/\" target=\"_blank\" rel=\"noopener\">Literatura comparada catalana i espanyola al segle XX. G\u00e8neres, lectures i traduccions (1898-1951)<\/a>.<\/em> Lleida: PUNCTUM &amp; TRILCAT, p. 145-156.<\/p>\n\n\n\n<p>2007 <a href=\"https:\/\/ddd.uab.cat\/pub\/artpub\/2007\/171003\/Comprendre_Simenon_comprendre_el_pais.pdf\" target=\"_blank\" rel=\"noreferrer noopener\">\u00abComprendre Simenon, comprendre el pa\u00eds\u00bb<\/a>.&nbsp;<em>Serra d\u2019Or<\/em>, 573, p. 60-70.<\/p>\n\n\n\n<p>2007 \u00abHonors per a la traducci\u00f3\u00bb.&nbsp;<em><a href=\"https:\/\/roderic.uv.es\/rest\/api\/core\/bitstreams\/c91f09fc-8b88-4080-a5bc-1683c7d1a944\/content\" target=\"_blank\" rel=\"noreferrer noopener\">Car\u00e0cters<\/a><\/em>, p. 38.<\/p>\n\n\n\n<p>2007 \u00abDinars amb (re)escriptors\u00bb.&nbsp;<em><a href=\"https:\/\/roderic.uv.es\/rest\/api\/core\/bitstreams\/c6e5490c-3489-40c2-9490-9a6c87b0893d\/content\" target=\"_blank\" rel=\"noreferrer noopener\">Car\u00e0cters<\/a><\/em>, p. 37.<\/p>\n\n\n\n<p>2007 \u00abMontaigne, Alonso i la tradici\u00f3\u00bb i \u00abFlaubert, Cocteau, Sartre, Beauvoir&#8230;\u00bb.&nbsp;<em><a href=\"https:\/\/roderic.uv.es\/rest\/api\/core\/bitstreams\/96bd213e-b262-4ab9-9a45-dfb13d418a14\/content\" target=\"_blank\" rel=\"noreferrer noopener\">Car\u00e0cters<\/a><\/em>, p. 32.<\/p>\n\n\n\n<p>2006 <a href=\"http:\/\/www.raco.cat\/index.php\/QuadernsTraduccio\/article\/view\/51663\/55308\" target=\"_blank\" rel=\"noopener\">\u00abAnna Muri\u00e0, traductora (in)visible\u00bb<\/a>. <em>Quaderns. Revista de Traducci\u00f3<\/em>,13, p. 77-85.<\/p>\n\n\n\n<p>2006 <a href=\"https:\/\/ddd.uab.cat\/pub\/artpub\/2006\/170861\/Anna_Muria_el_contemporani.pdf\" target=\"_blank\" rel=\"noreferrer noopener\">\u00abAnna Muri\u00e0, la ficci\u00f3 de la realitat\u00bb<\/a>. <em>El Contemporani<\/em>, 33-34 (gener-desembre), p. 78-84.<\/p>\n\n\n\n<p>2006 <a href=\"http:\/\/www.uab.es\/servlet\/Satellite?blobcol=urldocument&amp;blobheader=application%2Fpdf&amp;blobkey=id&amp;blobnocache=true&amp;blobtable=Document&amp;blobwhere=1096482042430&amp;ssbinary=true\" target=\"_blank\" rel=\"noopener\">\u00abRamon Folch i Camarasa, la d\u00e8ria de (re)escriure\u00bb<\/a>. Dins: <em>Doctor Honoris Causa Ramon Folch i Camarasa<\/em>. Bellaterra: Universitat Aut\u00f2noma de Barcelona, p. 5-11.<\/p>\n\n\n\n<p>2006 <em>Traductores<\/em>. Vic: Universitat de Vic [amb Pilar Godayol].<\/p>\n\n\n\n<p>2006 <a href=\"http:\/\/books.google.es\/books?id=bJzBnegBL68C&amp;printsec=frontcover&amp;hl=ca&amp;source=gbs_ge_summary_r&amp;cad=0#v=onepage&amp;q&amp;f=false\" target=\"_blank\" rel=\"noopener\"><em>El Quixot en catal\u00e0<\/em><\/a>. Barcelona: Publicacions de l\u2019Abadia de Montserrat [amb Imma Estany].<\/p>\n\n\n\n<p>2005 <a href=\"http:\/\/books.google.es\/books?id=YVDj-a-jVbYC&amp;lpg=PP1&amp;hl=ca&amp;pg=PT169#v=onepage&amp;q&amp;f=false\" target=\"_blank\" rel=\"noopener\">\u00abAntoni Bulbena i Tusell, traductor en guerra\u00bb<\/a>. Dins: Gibert, Miquel M.; Ort\u00edn, Marcel&nbsp;(eds.). <a href=\"http:\/\/www.editorialpunctum.com\/coeditors\/trilcat\/generes-i-formes-en-la-literatura-catalana-dentreguerres-1918-1939\/\" target=\"_blank\" rel=\"noopener\"><em>G\u00e8neres i formes en la literatura catalana d&#8217;entreguerres (1918-1939)<\/em><\/a>. Lleida: PUNCTUM &amp; TRILCAT, p. 169-179.<\/p>\n\n\n\n<p>2005 \u00abPresentaci\u00f3\u00bb. Dins: Cervantes. <em>Don Quixot de la Manxa. Traducci\u00f3 d\u2019Antoni Bulbena i Tusell. <\/em>Barcelona: Edicions 62, p. 7-10.<\/p>\n\n\n\n<p>2005 <a href=\"http:\/\/www.raco.cat\/index.php\/QuadernsTraduccio\/article\/view\/25458\/25297\" target=\"_blank\" rel=\"noopener\">\u00abEpistolari Jordi Arbon\u00e8s \u2013 Joan Triad\u00fa (1964-1997)\u00bb<\/a>. <em>Quaderns. Revista de Traducci\u00f3<\/em>,<em>&nbsp;<\/em>12, p. 85-113 [amb Susanna \u00c0lvarez].<\/p>\n\n\n\n<p>2005 \u00abTranslation from Spanish into Catalan during the 20th century: Sketch of a chequered history\u00bb. Dins: Branchadell, Albert;&nbsp;West, Lovell Margaret&nbsp;(ed.). <em><a href=\"http:\/\/books.google.es\/books?id=s1n_pNr04ioC&amp;lpg=PP1&amp;hl=ca&amp;pg=PA257#v=onepage&amp;q&amp;f=false\" target=\"_blank\" rel=\"noopener\">Less Translated Languages<\/a><\/em>. Amsterdam\/Philadelphia: John Benjamins, p. 257-268.<\/p>\n\n\n\n<p>2004 <a href=\"https:\/\/ddd.uab.cat\/pub\/artpub\/2004\/171002\/En_Sales_Proposa_i_en_Corominas_disposa.pdf\" target=\"_blank\" rel=\"noreferrer noopener\">\u00abEn Sales proposa i en Corominas disposa\u00bb<\/a>.&nbsp;<em>Serra d&#8217;Or<\/em>, 538, p. 73-74.<\/p>\n\n\n\n<p>2004 \u00abAnna Muri\u00e0 o la construcci\u00f3 (auto)biogr\u00e0fica\u00bb.&nbsp;<em><a href=\"https:\/\/roderic.uv.es\/items\/c73df2e5-6cb2-4b17-815c-538d31abb3fa\" target=\"_blank\" rel=\"noreferrer noopener\">L\u2019Espill<\/a><\/em>, 18 (hivern), p. 157-165.<\/p>\n\n\n\n<p>2004 <a href=\"https:\/\/ddd.uab.cat\/pub\/artpub\/2004\/170985\/Una_dona_amb_molts_bracos.pdf\" target=\"_blank\" rel=\"noreferrer noopener\">\u00abUna dona amb molts bra\u00e7os\u00bb<\/a>. <em>Serra d&#8217;Or<\/em>, 531 (mar\u00e7), p. 17-19.<\/p>\n\n\n\n<p>2004&nbsp;<em>Centenari Anna Muri\u00e0<\/em>. Barcelona: Instituci\u00f3 de les Lletres Catalanes [amb Iolanda Pelegr\u00ed].<\/p>\n\n\n\n<p>2004 <em>Anna Muri\u00e0. El vici d&#8217;escriure<\/em>. Barcelona: P\u00f2rtic.<\/p>\n\n\n\n<p>2002 \u00ab<em>Uncertain glory <\/em>by Joan Sales: a novel under construction\u00bb.&nbsp;<em>Catalan Writing<\/em>, 17-18, p. 78.<\/p>\n\n\n\n<p>2002 \u00abNotes about History of Translation to Catalan\u00bb. <em>Catalan Writing<\/em>, 17-18, p. 13-99.<\/p>\n\n\n\n<p>2002 <a href=\"http:\/\/www.raco.cat\/index.php\/QuadernsTraduccio\/article\/view\/25324\/25158\" target=\"_blank\" rel=\"noopener\">\u00abCarles Soldevila, socialitzador de la literatura\u00bb<\/a>. <em>Quaderns. Revista de Traducci\u00f3<\/em>, 8, p. 51-66.<\/p>\n\n\n\n<p>2001 \u00abTraduir el <em>Quixot<\/em> al catal\u00e0: m\u00e9s enll\u00e0 de la intel\u00b7ligibilitat\u00bb. <em>Revista de Catalunya<\/em>, 165 (setembre), p. 70-78.<\/p>\n\n\n\n<p>2000 <a href=\"https:\/\/ddd.uab.cat\/pub\/caplli\/2000\/170765\/Teoria_i_practica_de_la_traduccio_Modul6_La_traduccio_en_la_cultura_catalana.pdf\" target=\"_blank\" rel=\"noreferrer noopener\">\u00abLa traducci\u00f3 en la cultura catalana\u00bb<\/a>. Dins: Presas, Marisa&nbsp;(coord.). <em>Teoria i pr\u00e0ctica de la traducci\u00f3<\/em>. Barcelona: Universitat Oberta de Catalunya, p. 1-37.<\/p>\n\n\n\n<p>2000 <a href=\"https:\/\/ddd.uab.cat\/pub\/artpub\/2000\/170984\/Un_art_subsidiari_i_derivat.pdf\" target=\"_blank\" rel=\"noreferrer noopener\">\u00abUn art subsidiari i derivat?\u00bb<\/a>. <em>Serra d\u2019Or<\/em>, 490 (octubre), p. 71-72.<\/p>\n\n\n\n<p>1999&nbsp;<a href=\"https:\/\/raco.cat\/index.php\/QuadernsTraduccio\/article\/view\/51475\/388524\" target=\"_blank\" rel=\"noreferrer noopener\">\u00abCatelli, Nora; Gargatagli, Marietta. <em>El tabaco que fumaba Plinio. Escenas de la traducci\u00f3n en Espa\u00f1a y Am\u00e9rica: relatos, leyes y reflexiones sobre los otros<\/em>. Barcelona: Ediciones del Serbal, 1988\u00bb<\/a>.&nbsp;<em>Quaderns. Revista de Traducci\u00f3<\/em>, 4, p. 167-169.<\/p>\n\n\n\n<p>1999 <a href=\"http:\/\/www.raco.cat\/index.php\/QuadernsTraduccio\/article\/view\/25187\/25021\" target=\"_blank\" rel=\"noopener\">\u00abLa mania cerv\u00e0ntica. Les traduccions del <em>Quixot<\/em> al catal\u00e0 (1836-50?-1906)\u00bb<\/a>. <em>Quaderns. Revista de Traducci\u00f3<\/em>, 3, p. 49-59 [amb Imma Estany].<\/p>\n\n\n\n<p>1998 \u00abCent anys de traducci\u00f3 al catal\u00e0 (1891-1990). Una presentaci\u00f3\u00bb. Dins:&nbsp;<em>VI Seminari sobre la Traducci\u00f3 a Catalunya<\/em>. Barcelona: Associaci\u00f3 d\u2019Escriptors en Llengua Catalana, p. 43-46.<\/p>\n\n\n\n<p>1998 <a href=\"http:\/\/www.raco.cat\/index.php\/QuadernsTraduccio\/article\/view\/25170\/25005\" target=\"_blank\" rel=\"noopener\">\u00ab1936: L\u2019hora de les traduccions\u00bb<\/a>. <em>Quaderns. Revista de Traducci\u00f3<\/em>, 2, p. 133-137.<\/p>\n\n\n\n<p>1998 <a href=\"http:\/\/www.raco.cat\/index.php\/QuadernsTraduccio\/article\/view\/25138\/24973\" target=\"_blank\" rel=\"noopener\">\u00abJoan Sales i els criteris de traducci\u00f3\u00bb<\/a>. <em>Quaderns. Revista de Traducci\u00f3<\/em>, 1, p. 27-38.<\/p>\n\n\n\n<p>1998 \u00abJoan Sales i la traducci\u00f3\u00bb. Dins: Orero, Pilar (ed.). <a href=\"http:\/\/books.google.es\/books?id=MNc2NU-3M4oC&amp;lpg=PP1&amp;hl=ca&amp;pg=PP1#v=onepage&amp;q&amp;f=false\" target=\"_blank\" rel=\"noopener\"><em>Actes del Tercer Congr\u00e9s Internacional sobre Traducci\u00f3<\/em><\/a>. Bellaterra: Universitat Aut\u00f2noma de Barcelona, p. 319-326.<\/p>\n\n\n\n<p>1998 <em>Cent anys de traducci\u00f3 al catal\u00e0 (1891-1991)<\/em>.<em> Antologia<\/em> (ed.). Vic: Eumo [amb Joan Fontcuberta i Francesc Parcerisas].<\/p>\n\n\n\n<p>1997 <a href=\"http:\/\/ddd.uab.cat\/pub\/llibres\/1994\/25\/coninttra_a1994_5.pdf\" target=\"_blank\" rel=\"noopener\">\u00abLes traduccions de la poesia de Carles Riba al castell\u00e0\u00bb<\/a>. Dins: Bacard\u00ed, Montserrat&nbsp;(ed.). <em>Actes del Segon Congr\u00e9s Internacional sobre Traducci\u00f3<\/em>. Bellaterra: Universitat Aut\u00f2noma de Barcelona, p. 425-435.<\/p>\n\n\n\n<p>1997 <a href=\"http:\/\/ddd.uab.cat\/pub\/llibres\/1994\/25\/coninttra_a1994_1.pdf\" target=\"_blank\" rel=\"noopener\"><em>Actes del Segon Congr\u00e9s Internacional sobre Traducci\u00f3<\/em><\/a> (ed.). Bellaterra: Universitat Aut\u00f2noma de Barcelona.<\/p>\n\n\n\n<p>1996 \u00abAlfonso Costafreda, traductor de Carles Riba\u00bb. Dins: P\u00e9rez Lasheras, Antonio&nbsp;(ed.). <em>Actas del Congreso \u201cJaime Gil de Biedma y su generaci\u00f3n po\u00e9tica\u201d<\/em>. Saragossa: Gobierno de Arag\u00f3n, Departamento de Educaci\u00f3n y Cultura, v. II, p. 273-280.<\/p>\n\n\n\n<p>1996 \u00abAvel\u00b7l\u00ed Art\u00eds-Gener i els <em>Quaderns de l\u2019Exili<\/em>\u00bb. Dins: C\u00f2nsul, Isidor (ed.). <em>Tisner.<\/em> <em>Miscel\u00b7l\u00e0nia d\u2019homenatge<\/em>. Barcelona: Publicacions de l\u2019Abadia de Montserrat, p. 159-171 [amb Carles Mengual].<\/p>\n\n\n\n<p>1996 <a href=\"https:\/\/ddd.uab.cat\/pub\/artpub\/1996\/170980\/Les_relacions_de_Xavier_Benguerel.pdf\" target=\"_blank\" rel=\"noreferrer noopener\">\u00abLes \u201crelacions\u201d de Xavier Benguerel\u00bb<\/a>. <em>Serra d\u2019Or<\/em>, 439-440 (juliol-agost), p. 56-57.<\/p>\n\n\n\n<p>1995 <a href=\"https:\/\/ddd.uab.cat\/pub\/artpub\/1995\/170983\/Avel_li_Artis-Gener_El_triomf_de_la_paraula.pdf\" target=\"_blank\" rel=\"noreferrer noopener\">\u00abAvel\u00b7l\u00ed Art\u00eds-Gener, el triomf de la paraula\u00bb<\/a>. <em>Serra d\u2019Or<\/em>, 431 (novembre), p. 69-70.<\/p>\n\n\n\n<p>1995 <a href=\"https:\/\/ddd.uab.cat\/pub\/artpub\/1995\/170982\/Vicenc_Riera_Llorca_El_seu_pas_pel_temps.pdf\" target=\"_blank\" rel=\"noreferrer noopener\">\u00abVicen\u00e7 Riera Llorca, el seu pas pel temps\u00bb<\/a>. <em>Serra d\u2019Or<\/em>, 421 (gener), p. 49-50.<\/p>\n\n\n\n<p>1994 <a href=\"https:\/\/ddd.uab.cat\/pub\/artpub\/1994\/170981\/Soldats_i_poetes_Les_cartes_de_Joan_Sales_a_Marius_Torres.pdf\" target=\"_blank\" rel=\"noreferrer noopener\">\u00abSoldats i poetes. Les cartes de Joan Sales a M\u00e0rius Torres\u00bb<\/a>. <em>Serra d\u2019Or<\/em>, 417 (setembre), p. 54-59.<\/p>\n\n\n\n<p>1993 <a href=\"https:\/\/ddd.uab.cat\/pub\/artpub\/1993\/170979\/Un_home_apassionat_.pdf\" target=\"_blank\" rel=\"noreferrer noopener\">\u00abCarles Riba. Un home apassionat\u00bb<\/a>. <em>Serra d\u2019Or<\/em>, 406 (octubre), p. 36-38.<\/p>\n\n\n\n<p>1990 \u00abAlfonso Costafreda en Barcelona\u00bb.<em> \u00cdnsula<\/em>, 523-524 (juliol-agost), p. 33-35.<\/p>\n\n\n\n<p>1989 \u00abAlfons Costafreda, poeta d\u2019enlloc\u00bb.&nbsp;<em>Urc<\/em>, 1 (setembre), p. 65-69.<\/p>\n\n\n\n<p>1989 \u00abPere Gimferrer, una altra hist\u00f2ria\u00bb.&nbsp;<em>Lletra de Canvi<\/em>, 18 (juny), p. 28-32.<\/p>\n\n\n\n<p>1989 \u00abFinalment, Sergi P\u00e0mies\u00bb.&nbsp;<em>Lletra de Canvi<\/em>, 15 (mar\u00e7), p. 28-32.<\/p>\n\n\n\n<p>1989<em> Alfonso Costafreda. La temptaci\u00f3 de la poesia<\/em>. Lleida: Institut d\u2019Estudis Ilerdencs.<\/p>\n\n\n\n<p>1986 <a href=\"https:\/\/raco.cat\/index.php\/Scriptura\/article\/view\/94163\" target=\"_blank\" rel=\"noreferrer noopener\">\u00abAcerca de la vida y la palabra en <em>Compa\u00f1era de hoy<\/em> de Alfonso Costafreda\u00bb<\/a>.&nbsp;<em>Scriptura<\/em>, 2 (abril), p. 11-27.<\/p>\n\n\n\n<p>1984&nbsp;\u00abUn poema in\u00e8dit d&#8217;Alfonso Costafreda a la llengua catalana\u00bb. <em>L&#8217;Impr\u00e8s&nbsp;<\/em>(desembre), p. 65.&nbsp;<\/p>\n\n\n\n<h2 class=\"wp-block-heading\"><strong>Comunicacions i pon\u00e8ncies (Selecci\u00f3)<\/strong><\/h2>\n\n\n\n<p>2024&nbsp;Primer Simposi Internacional Criptog\u00ednia: fonts i metodologies (Universitat de Vic).&nbsp;<em>Una biografia: un trencaclosques<\/em>.<\/p>\n\n\n\n<p>2024 S\u00e9minaire d&#8217;\u00c9tudes Catalanes CRIMIC (Sorbonne Universit\u00e9).&nbsp;<em>Una llengua i una cambra pr\u00f2pia sota la repressi\u00f3 franquista<\/em>.<\/p>\n\n\n\n<p>2023 I Congr\u00e9s Internacional Literatura Catalana de la Postmodernitat (Universitat de Barcelona).&nbsp;<em>La traducci\u00f3 catalana als segle XXI (apunts i instant\u00e0nies)<\/em>.<\/p>\n\n\n\n<p>2022 28\u00e8 Col\u00b7loqui Germanocatal\u00e0 \u00abEntre difer\u00e8ncia i semblan\u00e7a\u00bb (Universitat de Berna). <em>Una novel\u00b7la in\u00e8dita de Teresa P\u00e0mies censurada<\/em>.<\/p>\n\n\n\n<p>2021 Homenatge a Joan Triad\u00fa i Font en l\u2019any del seu centenari (Institut d&#8217;Estudis Catalans).&nbsp;<em>Joan Triad\u00fa, lector i (pre)escriptor<\/em>.<\/p>\n\n\n\n<p>2021 II Congreso Internacional Literatura y Franquismo. Ortodoxias y Heterodoxias (Universidad de Alcal\u00e1). Censura y marxismo.&nbsp;Una noia i un soldat<em>, la novela prohibida de Teresa P\u00e0mies<\/em>.<\/p>\n\n\n\n<p>2020 X Seminario Internacional Redes P\u00fablicas y Relaciones Editoriales. La investigaci\u00f3n colaborativa: la Red de Estudios sobre la Edici\u00f3n Iberoamericana Red-EDIT (Consejo Superior de Investigaciones Cient\u00edficas, Madrid).&nbsp;<em>Investigaciones en traducci\u00f3n-edici\u00f3n catalana contempor\u00e1nea<\/em>.<\/p>\n\n\n\n<p>2019 Congr\u00e9s Internacional Literatura i Exili (Universitat Rovira i Virgili).&nbsp;<em>L&#8217;exili ling\u00fc\u00edstic de Teresa P\u00e0mies<\/em>.<\/p>\n\n\n\n<p>2019 VI Congreso Internacional. Puentes de di\u00e1logo entre el exilio republicano de 1939 y el interior (Universitat Aut\u00f2noma de Barcelona).&nbsp;<em>Rafael Tasis, l&#8217;home pont entre l&#8217;exili i l&#8217;interior en la literatura catalana de postguerra<\/em>.<\/p>\n\n\n\n<p>2019&nbsp;<a href=\"http:\/\/grupsderecerca.uab.cat\/getcc\/sites\/grupsderecerca.uab.cat.getcc\/files\/cenzura_i_przeklad_na_jezyk_katalonski_w_okresie_frankizmu.pdf\" target=\"_blank\" rel=\"noreferrer noopener\">Jornades sobre Censura i Traducci\u00f3 Catalana durant el Franquisme<\/a>&nbsp;(Universitat de Poznan, Pol\u00f2nia).&nbsp;<em>Traducci\u00f3n y dictadura, censura y exilio (1939-1961)<\/em>.<\/p>\n\n\n\n<p>2018 III Symposium on Literary Translation and Contemporary Iberia&nbsp;<strong>\u00ab<\/strong>Translation, Power and Politics<strong>\u00bb<\/strong>&nbsp;(Universidade Cat\u00f3lica de Lisboa). Aplec<em>&nbsp;(1952), un hito contra la represi\u00f3n franquista<\/em>.<\/p>\n\n\n\n<p>2018&nbsp;XVIII Col\u00b7loqui Internacional de Llengua i Literatura Catalanes,&nbsp;Universitat&nbsp;de Bucarest.&nbsp;<em>Traductors de confian\u00e7a o la confian\u00e7a dels traductors i editors de postguerra.<\/em><\/p>\n\n\n\n<p>2018&nbsp;Jornada Inaugural de la C\u00e0tedra Mari\u00e0 Villang\u00f3mez d\u2019Estudis Catalans,&nbsp;Universitat de Leipzig.&nbsp;<em>La traducci\u00f3 liter\u00e0ria com a arma pol\u00edtica. L\u2019exili de 1939<\/em>.<\/p>\n\n\n\n<p>2016&nbsp;Jornada Laboratori Internacional de Traducci\u00f3. Traducci\u00f3 i censura,&nbsp;Universit\u00e9 Perpignan Via Domitia.&nbsp;<em>Teresa P\u00e0mies, traductora militant<\/em>.<\/p>\n\n\n\n<p>2015&nbsp;Primer Congreso Internacional de la ACAL (Asociaci\u00f3n de Catalanistas de Am\u00e9rica Latina),&nbsp;Puebla (M\u00e9xico).&nbsp;<em>Alteridad y modernidad. Traducci\u00f3n teatral al catal\u00e1n en Buenos Aires<\/em>.<\/p>\n\n\n\n<p>2015&nbsp;META. 60 anniversaire. Les horizons de la traduction: retour vers le futur,&nbsp;Universit\u00e9 de Montr\u00e9al.&nbsp;<em>Traducci\u00f3n y represi\u00f3n. El catal\u00e1n durante la primera etapa de la dictadura de Franco (1939-1961)<\/em>.<\/p>\n\n\n\n<p>2015&nbsp;15<sup>th<\/sup>&nbsp;International NACS Colloquium,&nbsp;Institut d\u2019Estudis Catalans (Barcelona).&nbsp;<em>Teresa P\u00e0mies: pol\u00edtica I traducci\u00f3<\/em>.<\/p>\n\n\n\n<p>2015&nbsp;5<sup>th<\/sup>&nbsp;International Workshop of Higher Education. Symposium on&nbsp;Women translators, strategies and censorship, Universitat de Vic.&nbsp;<em>Gr\u00e0cia Bassa, translator of South American poets<\/em>.<\/p>\n\n\n\n<p>2015&nbsp;Congr\u00e9s Lleng\u00fces i cultures en contacte: el catal\u00e0 i l\u2019Europa d\u2019avui,&nbsp;Universitat&nbsp;de Bucarest.&nbsp;<em>La traducci\u00f3 liter\u00e0ria com a arma pol\u00edtica. L\u2019exili catal\u00e0 de 1939<\/em>.<\/p>\n\n\n\n<p>2014&nbsp;Congreso N\u00f3s-Outras. Comportamientos traductivos,&nbsp;Universidade de Vigo.&nbsp;<em>El papel de las mujeres en la historia de la traducci\u00f3n catalana<\/em>.<\/p>\n\n\n\n<p>2014&nbsp;2<sup>nd<\/sup>&nbsp;International Conference&nbsp;Language and Diversity: Discourse and Translation,&nbsp;Universit\u00e0 degli Studi di Catania.&nbsp;<em>Teatro y traducci\u00f3n al catal\u00e1n en el exilio de Buenos Aires<\/em>.<\/p>\n\n\n\n<p>2014&nbsp;24\u00e8 Col\u00b7loqui Germanocatal\u00e0,&nbsp;Rurh-Universit\u00e4t Bochum.&nbsp;<em>Traducci\u00f3 i expatriaci\u00f3. Les revistes \u201cCatalunya\u201d i \u201cRessorgiment\u201d de Buenos Aires<\/em>.<\/p>\n\n\n\n<p>2014&nbsp;Jornada de Traducci\u00f3n Literaria (Departament de Traducci\u00f3 i Comunicaci\u00f3),&nbsp;Universitat Jaume I.&nbsp;<em>Vers una hist\u00f2ria de la traducci\u00f3 catalana.<\/em><\/p>\n\n\n\n<p>2013&nbsp;LIX Congreso de la Asociaci\u00f3n Japonesa de Hispanistas,&nbsp;Universitat de Sofia (T\u00f2quio).&nbsp;<em>Las traducciones de <\/em>El&nbsp;Quijote<em>&nbsp;al catal\u00e1n<\/em>.<\/p>\n\n\n\n<p>2013&nbsp;Colloque International \u00abLes \u00eeles Bal\u00e9ares: litt\u00e9rature, langue, histoire, arts\u00bb,&nbsp;Universit\u00e9 Paris-Sorbonne.&nbsp;<em>De la llengua imposada a la llengua perseguida. Miquel M. Serra Pastor i Josep M. Llompart, traductors de Camilo Jos\u00e9 Cela<\/em>.<\/p>\n\n\n\n<p>2013&nbsp;North American Catalan Society Colloquium,&nbsp;University of Toronto.&nbsp;<em>Joan Oliver, traductor for\u00e7at<\/em>.<\/p>\n\n\n\n<p>2013&nbsp;VI Congreso Internacional de la Asociaci\u00f3n Ib\u00e9rica de Estudios de Traducci\u00f3n e Interpretaci\u00f3n, Universitat de Las Palmas de Gran Canaria.&nbsp;<em>La \u201cprofessionalitzaci\u00f3\u201d dels traductors catalans exilats<\/em>.<\/p>\n\n\n\n<p>2012 Congr\u00e9s <strong>\u00ab<\/strong>Aquest ser\u00e0 el princpi. Deu anys sense Anna Muri\u00e0<strong>\u00bb<\/strong>, Palau de la Virreina (Barcelona).&nbsp;<em>L\u2019exili<\/em>.<\/p>\n\n\n\n<p>2012 Fundaci\u00f3 Bosch i Cardellach, Sabadell. <em>Joan Oliver, traductor de contraband i retraductor de circumst\u00e0ncies<\/em>.<\/p>\n\n\n\n<p>2012 Joan Sales. Homenatge Nacional Centenari (1912-2012),&nbsp;\u00d2mnium Giron\u00e8s.&nbsp;<em>Joan Sales i la traducci\u00f3<\/em>.<\/p>\n\n\n\n<p>2012&nbsp;El espa\u00f1ol frente a los retos del siglo XXI: investigaci\u00f3n y ense\u00f1anza,&nbsp;Universitat MGIMO (Moscou).&nbsp;<em>Traducci\u00f3n y censura. El caso catal\u00e1n (1939-1962)<\/em>.<\/p>\n\n\n\n<p>2012&nbsp;X Congresso Internazionale dell\u2019Associazione Italiana di Studi Catalani \u00abCiutat de l\u2019amor: scrivere la citt\u00e0, racontare i sentimenti\u00bb,&nbsp;Universit\u00e0 degli Studi di Verona.&nbsp;<em>Traduir sota la dictadura franquista, traduir clandestinament:<\/em>&nbsp;Poesia<em>&nbsp;(1944-1945) i&nbsp;<\/em>Ariel<em>&nbsp;(1946-1951)<\/em>.<\/p>\n\n\n\n<p>2011&nbsp;Colloque International \u00abLes traductions viellissent-elles?\u00bb,&nbsp;Universit\u00e9 Paris-Sorbonne.&nbsp;<em>Retraduir el&nbsp;<\/em>Quixot<em>&nbsp;al catal\u00e0: per a qui? Cinc (o sis) traduccions \u201cenvellides\u201d de naixen\u00e7a<\/em>.<\/p>\n\n\n\n<p>2011&nbsp;V Congreso AIETI: Actualidad e Investigaci\u00f3n en los Estudios de Traducci\u00f3n e Interpretaci\u00f3n,&nbsp;Universitat Jaume I (Castell\u00f3).&nbsp;<em>Gr\u00e0cia Bassa, periodista, poeta i traductora expatriada<\/em>.<\/p>\n\n\n\n<p>2010&nbsp;Perspectivas del mundo global a trav\u00e9s de la lengua y cultura espa\u00f1ola: investigaci\u00f3n y ense\u00f1anza,&nbsp;Universitat MGIMO (Moscou).&nbsp;El<em>&nbsp;<\/em>Quijote&nbsp;<em>en catal\u00e1n<\/em>.<\/p>\n\n\n\n<p>2009&nbsp;Traducir y traductores: alrededor de la traducci\u00f3n,&nbsp;Blanquerna Centre Cultural (Madrid).&nbsp;<em>La traducci\u00f3n de textos catalanes<\/em>.<\/p>\n\n\n\n<p>2009&nbsp;Poetics &amp; Cristianity International Conference,&nbsp;Pontificia Universit\u00e0 della Santa Croce (Roma).&nbsp;<em>Joan Sales, editor y traductor cristiano<\/em>.<\/p>\n\n\n\n<p>2008&nbsp;III Jornades sobre Traducci\u00f3 i Literatura. La traducci\u00f3n a l\u2019exili,&nbsp;Universitat Aut\u00f2noma de Barcelona.&nbsp;<em>La traducci\u00f3n catalana a l\u2019exili. Una primera aproximaci\u00f3<\/em>.<\/p>\n\n\n\n<p>2008&nbsp;II Simposi Agust\u00ed Bartra,&nbsp;Universitat Aut\u00f2noma de Barcelona.&nbsp;<em>Agust\u00ed Bartra: traduir en la terrible soledat catalana<\/em>.<\/p>\n\n\n\n<p>2006&nbsp;I Simposi sobre literatura comparada catalana i espanyola al segle XX. G\u00e8neres, lectures i relacions (1898-1951),&nbsp;Universitat Pompeu Fabra.&nbsp;<em>Restituir la hist\u00f2ria: les traduccions del castell\u00e0 al catal\u00e0 d\u2019Alfons Maseras per a la Col\u00b7lecci\u00f3 Popular Barcino<\/em>.<\/p>\n\n\n\n<p>2006&nbsp;XIV\u00e8 Col\u00b7loqui Internacional de Llengua i Literatura Catalanes,&nbsp;Universitat E\u00f6tv\u00f6s Lor\u00e1nd (Budapest).&nbsp;<em>La traducci\u00f3 en la narrativa de Ramon Folch i Camarasa<\/em>.<\/p>\n\n\n\n<p>2005&nbsp;I Simposi sobre traducci\u00f3 i recepci\u00f3 en la literatura catalana contempor\u00e0nia,&nbsp;Universitat Pompeu Fabra.&nbsp;<em>Antoni Bulbena i Tosell, traductor en guerra<\/em>.<\/p>\n\n\n\n<p>2005&nbsp;Cervantes, el&nbsp;Quijote&nbsp;y Barcelona,&nbsp;Fundaci\u00f3 Caixa Catalunya.&nbsp;<em>Les traduccions del&nbsp;<\/em>Quixot&nbsp;<em>en catal\u00e0<\/em>.<\/p>\n\n\n\n<p>2005&nbsp;IX Jornades de Traducci\u00f3. Congr\u00e9s Internacional sobre G\u00e8nere i Traducci\u00f3,&nbsp;Universitat de Vic.&nbsp;<em>Anna Muri\u00e0, traductora (in)visible<\/em>.<\/p>\n\n\n\n<p>2004&nbsp;II Col\u00b7loqui de Catalan\u00edstica Txeca,&nbsp;Universitat Carolina de Praga.&nbsp;<em>La traducci\u00f3 del catal\u00e0 al castell\u00e0: una tradici\u00f3 aleat\u00f2ria<\/em>.<\/p>\n\n\n\n<p>2003 Perfiles de la traducci\u00f3n en Galicia, Universidade de Vigo.&nbsp;<em>Traducir en una comunidad biling\u00fce<\/em>.<\/p>\n\n\n\n<p>2003 II Jornades de debat i reflexi\u00f3. La dona al segle XX, Universitat Aut\u00f2noma de Barcelona.&nbsp;<em>Dona i escriptura. Anna Muri\u00e0<\/em>.<\/p>\n\n\n\n<p>2002&nbsp;X Seminari sobre la Traducci\u00f3 a Catalunya,&nbsp;Biblioteca-Museu V\u00edctor Balaguer (Vilanova i la Geltr\u00fa).&nbsp;<em>Les antologies po\u00e8tiques al castell\u00e0<\/em>.<\/p>\n\n\n\n<p>2001&nbsp;V Congr\u00e9s Internacional de Traducci\u00f3,&nbsp;Universitat Aut\u00f2noma de Barcelona.&nbsp;<em>La traducci\u00f3 del castell\u00e0 al catal\u00e0 al segle XX. Esb\u00f3s d\u2019una hist\u00f2ria accidentada<\/em>.<\/p>\n\n\n\n<p>2001 V Jornades de Traducci\u00f3. Traducci\u00f3 i edici\u00f3 a Catalunya,&nbsp;Universitat de Vic.&nbsp;<em>Carles Soldevila i la \u201cBiblioteca Univers\u201d<\/em>.<\/p>\n\n\n\n<p>2000 Congreso&nbsp;\u00daltimas corrientes te\u00f3ricas en los estudios de traducci\u00f3n y sus aplicaciones,&nbsp;Universitat de Salamanca.&nbsp;<em>Traducir el <\/em>Quijote <em>al catal\u00e1n: m\u00e1s all\u00e1 de la inteligibilidad<\/em>.<\/p>\n\n\n\n<p>1998 Taula Rodona Mari\u00e0 Manent i la traducci\u00f3,&nbsp;Universitat Aut\u00f2noma de Barcelona.&nbsp;<em>Mari\u00e0 Manent i la traducci\u00f3 al catal\u00e0<\/em>.<\/p>\n\n\n\n<p>1998 VI Seminari sobre la Traducci\u00f3 a Catalunya,&nbsp;Biblioteca-Museu V\u00edctor Balaguer (Vilanova i la Geltr\u00fa).&nbsp;Cent anys de traducci\u00f3 al catal\u00e0 (1891-1990). <em>Una presentaci\u00f3<\/em>.<\/p>\n\n\n\n<p>1996&nbsp;IV Seminari sobre la Traducci\u00f3 a Catalunya,&nbsp;Biblioteca-Museu V\u00edctor Balaguer (Vilanova i la Geltr\u00fa).&nbsp;<em>Joan Sales i els criteris de traducci\u00f3<\/em>.<\/p>\n\n\n\n<p>1996&nbsp;Tercer Congr\u00e9s Internacional sobre Traducci\u00f3,&nbsp;Universitat Aut\u00f2noma de Barcelona.&nbsp;<em>Joan Sales i la traducci\u00f3<\/em>.<\/p>\n\n\n\n<p>1995&nbsp;XVIII Trobada Internacional del SIETI. Lleng\u00fces minoritzades a Europa,&nbsp;Universitat Aut\u00f2noma de Barcelona.&nbsp;<em>La traducci\u00f3 del castell\u00e0 al catal\u00e0 o la bona voluntat<\/em>.<\/p>\n\n\n\n<p>1994&nbsp;Segon Congr\u00e9s Internacional sobre Traducci\u00f3,&nbsp;Universitat Aut\u00f2noma de Barcelona.&nbsp;<em>Les traduccions de la poesia de Carles Riba al castell\u00e0<\/em>.<\/p>\n\n\n\n<p>1992 Jornades d\u2019homenatge al poeta targar\u00ed Alfons Costafreda,&nbsp;T\u00e0rrega.&nbsp;<em>Contra la vida, la poesia<\/em>.<\/p>\n\n\n\n<p>1991 Congreso Jaime Gil de Biedma y su generaci\u00f3n po\u00e9tica,&nbsp;Universitat de Saragossa.&nbsp;<em>Alfonso Costafreda, traductor de Carles Riba<\/em>.<\/p>\n\n\n\n<h2 class=\"wp-block-heading\"><strong>Premis<\/strong><\/h2>\n\n\n\n<p>2023 Premi d&#8217;Assaig Ricard Torrents Bertrana (Universitat de Vic &#8211; Eumo Editorial), per&nbsp;<em>La veritat liter\u00e0ria de Teresa P\u00e0mies<\/em>.<\/p>\n\n\n\n<p>2019 Premi Fundaci\u00f3 Merc\u00e8 Rodoreda<strong>&nbsp;<\/strong>(Institut d&#8217;Estudis Catalans), pel treball <em>Maria Dolors Orriols, viure i escriure<\/em>.<\/p>\n\n\n\n<p>2012 Premi de la Cr\u00edtica Serra d\u2019Or, modalitat d&#8217;Investigaci\u00f3 (Humanitats), pel <em>Diccionari de la traducci\u00f3 catalana<\/em>.<\/p>\n\n\n\n<p>2009 Premi Rafel Cornell\u00e0 de retrat literari, dels Premis Recull de Blanes, per <em>Ramon Folch i Camarasa. Retrat del perfecte escriptor no gens mediocre<\/em>.<\/p>\n\n\n\n<p>2000 Premi de Recerca Human\u00edstica, Fundaci\u00f3 Enciclop\u00e8dia Catalana, pel projecte <em>Diccionari de la traducci\u00f3 catalana<\/em>.<\/p>\n","protected":false},"excerpt":{"rendered":"<p>Universitat Aut\u00f2noma de Barcelona Montserrat.Bacardi@uab.cat ORCID iD:&nbsp;0000-0001-9593-7928 Doctora en Filologia Hisp\u00e0nica (1991) i llicenciada en Filologia Catalana (1996) per la Universitat de Barcelona, \u00e9s catedr\u00e0tica de la Facultat de Traducci\u00f3 i d\u2019Interpretaci\u00f3 de la Universitat Aut\u00f2noma de Barcelona. Ha dut a terme diverses tasques editorials. Des del 1998 \u00e9s directora de&nbsp;Quaderns. Revista de Traducci\u00f3&nbsp;i, des [&hellip;]<\/p>\n","protected":false},"author":20,"featured_media":0,"parent":0,"menu_order":0,"comment_status":"closed","ping_status":"closed","template":"","meta":{"footnotes":""},"class_list":["post-36","page","type-page","status-publish","hentry"],"_links":{"self":[{"href":"https:\/\/webs.uab.cat\/getcc\/wp-json\/wp\/v2\/pages\/36","targetHints":{"allow":["GET"]}}],"collection":[{"href":"https:\/\/webs.uab.cat\/getcc\/wp-json\/wp\/v2\/pages"}],"about":[{"href":"https:\/\/webs.uab.cat\/getcc\/wp-json\/wp\/v2\/types\/page"}],"author":[{"embeddable":true,"href":"https:\/\/webs.uab.cat\/getcc\/wp-json\/wp\/v2\/users\/20"}],"replies":[{"embeddable":true,"href":"https:\/\/webs.uab.cat\/getcc\/wp-json\/wp\/v2\/comments?post=36"}],"version-history":[{"count":22,"href":"https:\/\/webs.uab.cat\/getcc\/wp-json\/wp\/v2\/pages\/36\/revisions"}],"predecessor-version":[{"id":2846,"href":"https:\/\/webs.uab.cat\/getcc\/wp-json\/wp\/v2\/pages\/36\/revisions\/2846"}],"wp:attachment":[{"href":"https:\/\/webs.uab.cat\/getcc\/wp-json\/wp\/v2\/media?parent=36"}],"curies":[{"name":"wp","href":"https:\/\/api.w.org\/{rel}","templated":true}]}}