{"id":5616,"date":"2023-10-16T17:31:32","date_gmt":"2023-10-16T15:31:32","guid":{"rendered":"https:\/\/webs.uab.cat\/gicom\/?page_id=5616"},"modified":"2025-04-29T14:47:53","modified_gmt":"2025-04-29T12:47:53","slug":"arnau-sala","status":"publish","type":"page","link":"https:\/\/webs.uab.cat\/gicom\/es\/equipo-gicom\/arnau-sala\/","title":{"rendered":"Arnau Sala"},"content":{"rendered":"<div class=\"wp-block-image is-style-rounded\">\n<figure class=\"aligncenter size-thumbnail\"><img loading=\"lazy\" decoding=\"async\" width=\"150\" height=\"150\" src=\"https:\/\/webs.uab.cat\/gicom\/wp-content\/uploads\/sites\/206\/2023\/10\/Arnau-Sala-150x150.jpg\" alt=\"\" class=\"wp-image-5614\" srcset=\"https:\/\/webs.uab.cat\/gicom\/wp-content\/uploads\/sites\/206\/2023\/10\/Arnau-Sala-150x150.jpg 150w, https:\/\/webs.uab.cat\/gicom\/wp-content\/uploads\/sites\/206\/2023\/10\/Arnau-Sala-300x300.jpg 300w, https:\/\/webs.uab.cat\/gicom\/wp-content\/uploads\/sites\/206\/2023\/10\/Arnau-Sala-1024x1024.jpg 1024w, https:\/\/webs.uab.cat\/gicom\/wp-content\/uploads\/sites\/206\/2023\/10\/Arnau-Sala-768x768.jpg 768w, https:\/\/webs.uab.cat\/gicom\/wp-content\/uploads\/sites\/206\/2023\/10\/Arnau-Sala-1536x1536.jpg 1536w, https:\/\/webs.uab.cat\/gicom\/wp-content\/uploads\/sites\/206\/2023\/10\/Arnau-Sala-2048x2048.jpg 2048w, https:\/\/webs.uab.cat\/gicom\/wp-content\/uploads\/sites\/206\/2023\/10\/Arnau-Sala-1200x1199.jpg 1200w, https:\/\/webs.uab.cat\/gicom\/wp-content\/uploads\/sites\/206\/2023\/10\/Arnau-Sala-1980x1979.jpg 1980w\" sizes=\"auto, (max-width: 150px) 100vw, 150px\" \/><\/figure>\n<\/div>\n\n\n<hr class=\"wp-block-separator has-alpha-channel-opacity\" \/>\n\n\n\n<p>Arnau Sala es biotecn\u00f3logo y Doctor en Ingenier\u00eda Qu\u00edmica, Biol\u00f3gica y Ambiental por la Universitat Aut\u00f2noma de Barcelona desde el a\u00f1o 2022. Su tesis se centr\u00f3 en la optimizaci\u00f3n y escalado de la producci\u00f3n de biopesticidas de origen f\u00fangico mediante fermentaci\u00f3n en estado s\u00f3lido (FES) de residuos alimentarios, definiendo los par\u00e1metros clave del proceso, desarrollando estrategias de producci\u00f3n hasta una escala de 22 L y demostrando la efectividad del producto biopesticida obtenido. Actualmente, est\u00e1 realizando su segundo postdoctorado con una beca Juan de la Cierva en el Centro de Investigaci\u00f3n Ecol\u00f3gica y Forestal (CREAF) y est\u00e1 vinculado al grupo GICOM, al DEQBA y a la UAB como Investigador Vinculado y Colaborador Docente.<\/p>\n\n\n\n<p>Su investigaci\u00f3n se centra en el uso de hongos para la obtenci\u00f3n de bioproductos mediante FES, la optimizaci\u00f3n y escalado de estos procesos, el efecto de los par\u00e1metros de producci\u00f3n en la cantidad y calidad del producto obtenido, la aplicaci\u00f3n de estos productos en un contexto de agricultura regenerativa y en la evaluaci\u00f3n de sus propiedades ecot\u00f3xicas. Dentro del escalado de procesos de FES, se enfoca en el uso de cepas termotolerantes como soluci\u00f3n a los problemas de generaci\u00f3n de calor inherentes a la FES. Ha participado en varios proyectos del GICOM, incluyendo el BIOPRO (tesis doctoral) y el FERTILAB (primer postdoctorado).<\/p>\n\n\n\n<p>Adem\u00e1s del GICOM y del CREAF, ha desarrollado parte de su investigaci\u00f3n (incluyendo estancias doctorales y postdoctorales) en el grupo de patolog\u00eda de insectos y control biol\u00f3gico (IPBC), Section for Organismal Biology (SOBI) de la Universidad de Copenhague, con el objetivo principal de ampliar el conocimiento microbiol\u00f3gico de hongos con actividad biopesticida para utilizarlo en la producci\u00f3n de biopesticidas mediante FES, y tambi\u00e9n para aprender sobre la aplicaci\u00f3n del producto biopesticida en insectos plaga. Antes de su primer postdoctorado, trabaj\u00f3 en el centro de investigaci\u00f3n Eurecat en la unidad de waste, energy and environmental impact (WEEI) dentro de la l\u00ednea de residuos, donde particip\u00f3 en numerosos proyectos enfocados al tratamiento y valorizaci\u00f3n de diferentes residuos tales como compostaje, residuos lignocelul\u00f3sicos, PLA y celulosa, destacando su participaci\u00f3n en el proyecto europeo Herewear (H2020), entre otros.<\/p>\n\n\n\n<div class=\"wp-block-buttons is-layout-flex wp-block-buttons-is-layout-flex\">\n<div class=\"wp-block-button\"><a class=\"wp-block-button__link wp-element-button\" href=\"https:\/\/orcid.org\/0000-0001-7010-6984\" target=\"_blank\" rel=\"noreferrer noopener\">ORCID<\/a><\/div>\n<\/div>\n","protected":false},"excerpt":{"rendered":"<p>Arnau Sala es biotecn\u00f3logo y Doctor en Ingenier\u00eda Qu\u00edmica, Biol\u00f3gica y Ambiental por la Universitat Aut\u00f2noma de Barcelona desde el a\u00f1o 2022. Su tesis se centr\u00f3 en la optimizaci\u00f3n y escalado de la producci\u00f3n de biopesticidas de origen f\u00fangico mediante fermentaci\u00f3n en estado s\u00f3lido (FES) de residuos alimentarios, definiendo los par\u00e1metros clave del proceso, desarrollando [&hellip;]<\/p>\n","protected":false},"author":153,"featured_media":0,"parent":5516,"menu_order":0,"comment_status":"closed","ping_status":"closed","template":"","meta":{"footnotes":""},"class_list":["post-5616","page","type-page","status-publish","hentry"],"yoast_head":"<!-- This site is optimized with the Yoast SEO plugin v26.8 - https:\/\/yoast.com\/product\/yoast-seo-wordpress\/ -->\n<title>Arnau Sala - Grupo de Investigaci\u00f3n en Compostaje<\/title>\n<meta name=\"robots\" content=\"index, follow, max-snippet:-1, max-image-preview:large, max-video-preview:-1\" \/>\n<link rel=\"canonical\" href=\"https:\/\/webs.uab.cat\/gicom\/es\/equipo-gicom\/arnau-sala\/\" \/>\n<meta property=\"og:locale\" content=\"es_ES\" \/>\n<meta property=\"og:type\" content=\"article\" \/>\n<meta property=\"og:title\" content=\"Arnau Sala - Grupo de Investigaci\u00f3n en Compostaje\" \/>\n<meta property=\"og:description\" content=\"Arnau Sala es biotecn\u00f3logo y Doctor en Ingenier\u00eda Qu\u00edmica, Biol\u00f3gica y Ambiental por la Universitat Aut\u00f2noma de Barcelona desde el a\u00f1o 2022. Su tesis se centr\u00f3 en la optimizaci\u00f3n y escalado de la producci\u00f3n de biopesticidas de origen f\u00fangico mediante fermentaci\u00f3n en estado s\u00f3lido (FES) de residuos alimentarios, definiendo los par\u00e1metros clave del proceso, desarrollando [&hellip;]\" \/>\n<meta property=\"og:url\" content=\"https:\/\/webs.uab.cat\/gicom\/es\/equipo-gicom\/arnau-sala\/\" \/>\n<meta property=\"og:site_name\" content=\"Grupo de Investigaci\u00f3n en Compostaje\" \/>\n<meta property=\"article:modified_time\" content=\"2025-04-29T12:47:53+00:00\" \/>\n<meta property=\"og:image\" content=\"https:\/\/webs.uab.cat\/gicom\/wp-content\/uploads\/sites\/206\/2023\/10\/Arnau-Sala.jpg\" \/>\n\t<meta property=\"og:image:width\" content=\"2171\" \/>\n\t<meta property=\"og:image:height\" content=\"2170\" \/>\n\t<meta property=\"og:image:type\" content=\"image\/jpeg\" \/>\n<meta name=\"twitter:card\" content=\"summary_large_image\" \/>\n<meta name=\"twitter:label1\" content=\"Tiempo de lectura\" \/>\n\t<meta name=\"twitter:data1\" content=\"3 minutos\" \/>\n<script type=\"application\/ld+json\" class=\"yoast-schema-graph\">{\"@context\":\"https:\/\/schema.org\",\"@graph\":[{\"@type\":\"WebPage\",\"@id\":\"https:\/\/webs.uab.cat\/gicom\/es\/equipo-gicom\/arnau-sala\/\",\"url\":\"https:\/\/webs.uab.cat\/gicom\/es\/equipo-gicom\/arnau-sala\/\",\"name\":\"Arnau Sala - Grupo de Investigaci\u00f3n en Compostaje\",\"isPartOf\":{\"@id\":\"https:\/\/webs.uab.cat\/gicom\/es\/#website\"},\"primaryImageOfPage\":{\"@id\":\"https:\/\/webs.uab.cat\/gicom\/es\/equipo-gicom\/arnau-sala\/#primaryimage\"},\"image\":{\"@id\":\"https:\/\/webs.uab.cat\/gicom\/es\/equipo-gicom\/arnau-sala\/#primaryimage\"},\"thumbnailUrl\":\"https:\/\/webs.uab.cat\/gicom\/wp-content\/uploads\/sites\/206\/2023\/10\/Arnau-Sala-150x150.jpg\",\"datePublished\":\"2023-10-16T15:31:32+00:00\",\"dateModified\":\"2025-04-29T12:47:53+00:00\",\"breadcrumb\":{\"@id\":\"https:\/\/webs.uab.cat\/gicom\/es\/equipo-gicom\/arnau-sala\/#breadcrumb\"},\"inLanguage\":\"es\",\"potentialAction\":[{\"@type\":\"ReadAction\",\"target\":[\"https:\/\/webs.uab.cat\/gicom\/es\/equipo-gicom\/arnau-sala\/\"]}]},{\"@type\":\"ImageObject\",\"inLanguage\":\"es\",\"@id\":\"https:\/\/webs.uab.cat\/gicom\/es\/equipo-gicom\/arnau-sala\/#primaryimage\",\"url\":\"https:\/\/webs.uab.cat\/gicom\/wp-content\/uploads\/sites\/206\/2023\/10\/Arnau-Sala-150x150.jpg\",\"contentUrl\":\"https:\/\/webs.uab.cat\/gicom\/wp-content\/uploads\/sites\/206\/2023\/10\/Arnau-Sala-150x150.jpg\"},{\"@type\":\"BreadcrumbList\",\"@id\":\"https:\/\/webs.uab.cat\/gicom\/es\/equipo-gicom\/arnau-sala\/#breadcrumb\",\"itemListElement\":[{\"@type\":\"ListItem\",\"position\":1,\"name\":\"Inici\",\"item\":\"https:\/\/webs.uab.cat\/gicom\/es\/\"},{\"@type\":\"ListItem\",\"position\":2,\"name\":\"Equipo GICOM\",\"item\":\"https:\/\/webs.uab.cat\/gicom\/es\/equipo-gicom\/\"},{\"@type\":\"ListItem\",\"position\":3,\"name\":\"Arnau Sala\"}]},{\"@type\":\"WebSite\",\"@id\":\"https:\/\/webs.uab.cat\/gicom\/es\/#website\",\"url\":\"https:\/\/webs.uab.cat\/gicom\/es\/\",\"name\":\"Grupo de Investigaci\u00f3n en Compostaje\",\"description\":\"Compostaje, bioconversi\u00f3n de residuos org\u00e1nicos y remediaci\u00f3n ambiental\",\"potentialAction\":[{\"@type\":\"SearchAction\",\"target\":{\"@type\":\"EntryPoint\",\"urlTemplate\":\"https:\/\/webs.uab.cat\/gicom\/es\/?s={search_term_string}\"},\"query-input\":{\"@type\":\"PropertyValueSpecification\",\"valueRequired\":true,\"valueName\":\"search_term_string\"}}],\"inLanguage\":\"es\"}]}<\/script>\n<!-- \/ Yoast SEO plugin. -->","yoast_head_json":{"title":"Arnau Sala - Grupo de Investigaci\u00f3n en Compostaje","robots":{"index":"index","follow":"follow","max-snippet":"max-snippet:-1","max-image-preview":"max-image-preview:large","max-video-preview":"max-video-preview:-1"},"canonical":"https:\/\/webs.uab.cat\/gicom\/es\/equipo-gicom\/arnau-sala\/","og_locale":"es_ES","og_type":"article","og_title":"Arnau Sala - Grupo de Investigaci\u00f3n en Compostaje","og_description":"Arnau Sala es biotecn\u00f3logo y Doctor en Ingenier\u00eda Qu\u00edmica, Biol\u00f3gica y Ambiental por la Universitat Aut\u00f2noma de Barcelona desde el a\u00f1o 2022. Su tesis se centr\u00f3 en la optimizaci\u00f3n y escalado de la producci\u00f3n de biopesticidas de origen f\u00fangico mediante fermentaci\u00f3n en estado s\u00f3lido (FES) de residuos alimentarios, definiendo los par\u00e1metros clave del proceso, desarrollando [&hellip;]","og_url":"https:\/\/webs.uab.cat\/gicom\/es\/equipo-gicom\/arnau-sala\/","og_site_name":"Grupo de Investigaci\u00f3n en Compostaje","article_modified_time":"2025-04-29T12:47:53+00:00","og_image":[{"width":2171,"height":2170,"url":"https:\/\/webs.uab.cat\/gicom\/wp-content\/uploads\/sites\/206\/2023\/10\/Arnau-Sala.jpg","type":"image\/jpeg"}],"twitter_card":"summary_large_image","twitter_misc":{"Tiempo de lectura":"3 minutos"},"schema":{"@context":"https:\/\/schema.org","@graph":[{"@type":"WebPage","@id":"https:\/\/webs.uab.cat\/gicom\/es\/equipo-gicom\/arnau-sala\/","url":"https:\/\/webs.uab.cat\/gicom\/es\/equipo-gicom\/arnau-sala\/","name":"Arnau Sala - Grupo de Investigaci\u00f3n en Compostaje","isPartOf":{"@id":"https:\/\/webs.uab.cat\/gicom\/es\/#website"},"primaryImageOfPage":{"@id":"https:\/\/webs.uab.cat\/gicom\/es\/equipo-gicom\/arnau-sala\/#primaryimage"},"image":{"@id":"https:\/\/webs.uab.cat\/gicom\/es\/equipo-gicom\/arnau-sala\/#primaryimage"},"thumbnailUrl":"https:\/\/webs.uab.cat\/gicom\/wp-content\/uploads\/sites\/206\/2023\/10\/Arnau-Sala-150x150.jpg","datePublished":"2023-10-16T15:31:32+00:00","dateModified":"2025-04-29T12:47:53+00:00","breadcrumb":{"@id":"https:\/\/webs.uab.cat\/gicom\/es\/equipo-gicom\/arnau-sala\/#breadcrumb"},"inLanguage":"es","potentialAction":[{"@type":"ReadAction","target":["https:\/\/webs.uab.cat\/gicom\/es\/equipo-gicom\/arnau-sala\/"]}]},{"@type":"ImageObject","inLanguage":"es","@id":"https:\/\/webs.uab.cat\/gicom\/es\/equipo-gicom\/arnau-sala\/#primaryimage","url":"https:\/\/webs.uab.cat\/gicom\/wp-content\/uploads\/sites\/206\/2023\/10\/Arnau-Sala-150x150.jpg","contentUrl":"https:\/\/webs.uab.cat\/gicom\/wp-content\/uploads\/sites\/206\/2023\/10\/Arnau-Sala-150x150.jpg"},{"@type":"BreadcrumbList","@id":"https:\/\/webs.uab.cat\/gicom\/es\/equipo-gicom\/arnau-sala\/#breadcrumb","itemListElement":[{"@type":"ListItem","position":1,"name":"Inici","item":"https:\/\/webs.uab.cat\/gicom\/es\/"},{"@type":"ListItem","position":2,"name":"Equipo GICOM","item":"https:\/\/webs.uab.cat\/gicom\/es\/equipo-gicom\/"},{"@type":"ListItem","position":3,"name":"Arnau Sala"}]},{"@type":"WebSite","@id":"https:\/\/webs.uab.cat\/gicom\/es\/#website","url":"https:\/\/webs.uab.cat\/gicom\/es\/","name":"Grupo de Investigaci\u00f3n en Compostaje","description":"Compostaje, bioconversi\u00f3n de residuos org\u00e1nicos y remediaci\u00f3n ambiental","potentialAction":[{"@type":"SearchAction","target":{"@type":"EntryPoint","urlTemplate":"https:\/\/webs.uab.cat\/gicom\/es\/?s={search_term_string}"},"query-input":{"@type":"PropertyValueSpecification","valueRequired":true,"valueName":"search_term_string"}}],"inLanguage":"es"}]}},"_links":{"self":[{"href":"https:\/\/webs.uab.cat\/gicom\/es\/wp-json\/wp\/v2\/pages\/5616","targetHints":{"allow":["GET"]}}],"collection":[{"href":"https:\/\/webs.uab.cat\/gicom\/es\/wp-json\/wp\/v2\/pages"}],"about":[{"href":"https:\/\/webs.uab.cat\/gicom\/es\/wp-json\/wp\/v2\/types\/page"}],"author":[{"embeddable":true,"href":"https:\/\/webs.uab.cat\/gicom\/es\/wp-json\/wp\/v2\/users\/153"}],"replies":[{"embeddable":true,"href":"https:\/\/webs.uab.cat\/gicom\/es\/wp-json\/wp\/v2\/comments?post=5616"}],"version-history":[{"count":5,"href":"https:\/\/webs.uab.cat\/gicom\/es\/wp-json\/wp\/v2\/pages\/5616\/revisions"}],"predecessor-version":[{"id":6082,"href":"https:\/\/webs.uab.cat\/gicom\/es\/wp-json\/wp\/v2\/pages\/5616\/revisions\/6082"}],"up":[{"embeddable":true,"href":"https:\/\/webs.uab.cat\/gicom\/es\/wp-json\/wp\/v2\/pages\/5516"}],"wp:attachment":[{"href":"https:\/\/webs.uab.cat\/gicom\/es\/wp-json\/wp\/v2\/media?parent=5616"}],"curies":[{"name":"wp","href":"https:\/\/api.w.org\/{rel}","templated":true}]}}