{"id":164,"date":"2009-05-25T13:22:03","date_gmt":"2009-05-25T11:22:03","guid":{"rendered":"https:\/\/webs.uab.cat\/grafo\/rd-projects\/"},"modified":"2026-02-27T12:01:06","modified_gmt":"2026-02-27T10:01:06","slug":"rd-projects","status":"publish","type":"page","link":"https:\/\/webs.uab.cat\/grafo\/en\/rd-projects\/","title":{"rendered":"Projects"},"content":{"rendered":"\n<p class=\"has-blanc-coco-color has-verd-tropic-background-color has-text-color has-background has-link-color has-large-font-size wp-elements-3357cc98c7858f7e23481ffc4aafaeee\"><strong>Research Projects<\/strong><\/p>\n\n\n\n<h2 class=\"wp-block-heading\">Current competitive projects<\/h2>\n\n\n\n<div class=\"wp-block-group\"><div class=\"wp-block-group__inner-container is-layout-constrained wp-block-group-is-layout-constrained\">\n<div class=\"wp-block-columns is-layout-flex wp-container-core-columns-is-layout-9d6595d7 wp-block-columns-is-layout-flex\">\n<div class=\"wp-block-column is-layout-flow wp-block-column-is-layout-flow\" style=\"flex-basis:100%\">\n<div class=\"wp-block-media-text is-stacked-on-mobile\" style=\"grid-template-columns:17% auto\"><figure class=\"wp-block-media-text__media\"><img loading=\"lazy\" decoding=\"async\" width=\"608\" height=\"130\" src=\"https:\/\/webs.uab.cat\/grafo\/wp-content\/uploads\/sites\/227\/2025\/07\/RE4GREEN-logo-transparent-2.png\" alt=\"\" class=\"wp-image-2318 size-full\" srcset=\"https:\/\/webs.uab.cat\/grafo\/wp-content\/uploads\/sites\/227\/2025\/07\/RE4GREEN-logo-transparent-2.png 608w, https:\/\/webs.uab.cat\/grafo\/wp-content\/uploads\/sites\/227\/2025\/07\/RE4GREEN-logo-transparent-2-300x64.png 300w\" sizes=\"auto, (max-width: 608px) 100vw, 608px\" \/><\/figure><div class=\"wp-block-media-text__content\">\n<p><em><strong>Research Ethics and integrity for the GREEN transition<\/strong>&nbsp;<\/em>(<a href=\"https:\/\/re4green.eu\/\">RE4GREEN<\/a>). HORIZON-EUROPE 101131706). IP UAB: Jos\u00e9 Luis Molina. 2M\u20ac.<\/p>\n<\/div><\/div>\n\n\n\n<div class=\"wp-block-media-text is-stacked-on-mobile\" style=\"grid-template-columns:17% auto\"><figure class=\"wp-block-media-text__media\"><img loading=\"lazy\" decoding=\"async\" width=\"909\" height=\"1024\" src=\"https:\/\/webs.uab.cat\/grafo\/wp-content\/uploads\/sites\/227\/2025\/04\/MapCDPerNets.jpg\" alt=\"\" class=\"wp-image-2114 size-full\" srcset=\"https:\/\/webs.uab.cat\/grafo\/wp-content\/uploads\/sites\/227\/2025\/04\/MapCDPerNets.jpg 909w, https:\/\/webs.uab.cat\/grafo\/wp-content\/uploads\/sites\/227\/2025\/04\/MapCDPerNets-266x300.jpg 266w, https:\/\/webs.uab.cat\/grafo\/wp-content\/uploads\/sites\/227\/2025\/04\/MapCDPerNets-768x865.jpg 768w\" sizes=\"auto, (max-width: 909px) 100vw, 909px\" \/><\/figure><div class=\"wp-block-media-text__content\">\n<p><strong><a href=\"https:\/\/mapcdpernets.es\/\">Mapping Cultural Diversity through Personal Networks&nbsp;communities<\/a><\/strong>&nbsp;\u2013 FBBVA \u2013 Convocatoria Fundamentos. IP UAB: Jos\u00e9 Luis Molina.<\/p>\n<\/div><\/div>\n<\/div>\n<\/div>\n<\/div><\/div>\n\n\n\n<div class=\"wp-block-media-text is-stacked-on-mobile\" style=\"grid-template-columns:17% auto\"><figure class=\"wp-block-media-text__media\"><img loading=\"lazy\" decoding=\"async\" width=\"267\" height=\"270\" src=\"https:\/\/webs.uab.cat\/grafo\/wp-content\/uploads\/sites\/227\/2025\/04\/Logo-Afronta-trimmed.png\" alt=\"\" class=\"wp-image-2185 size-full\" \/><\/figure><div class=\"wp-block-media-text__content\">\n<p class=\"has-small-font-size\"><a href=\"https:\/\/webs.uab.cat\/afronta\/\" target=\"_blank\" rel=\"noreferrer noopener\">Vulnerable children in current multi-crisis contexts: institutional mechanisms, family resources and community coping strategies (PID2022-139502OB-I00)<\/a> (AFRONTA). Ministerio de Ciencia e Innovaci\u00f3n. IP: Jorge Grau Rebollo. 2023-2026.<\/p>\n<\/div><\/div>\n\n\n\n<div class=\"wp-block-media-text is-stacked-on-mobile\" style=\"grid-template-columns:15% auto\"><figure class=\"wp-block-media-text__media\"><img loading=\"lazy\" decoding=\"async\" width=\"150\" height=\"150\" src=\"https:\/\/webs.uab.cat\/grafo\/wp-content\/uploads\/sites\/227\/2025\/04\/logo-horizon.jpg\" alt=\"\" class=\"wp-image-2094 size-full\" \/><\/figure><div class=\"wp-block-media-text__content\">\n<p class=\"has-small-font-size\"><a href=\"https:\/\/cordis.europa.eu\/project\/id\/101103573\"><em>NEST\u2013care: meNtal hEalthcare Service neTworking solutions<\/em><\/a><em>.<\/em>&nbsp;Marie-Curie (Grant agreement ID: 101103). 2023-2025.<\/p>\n<\/div><\/div>\n\n\n\n<div class=\"wp-block-media-text is-stacked-on-mobile\" style=\"grid-template-columns:15% auto\"><figure class=\"wp-block-media-text__media\"><img loading=\"lazy\" decoding=\"async\" width=\"150\" height=\"150\" src=\"https:\/\/webs.uab.cat\/grafo\/wp-content\/uploads\/sites\/227\/2025\/04\/logo-horizon.jpg\" alt=\"\" class=\"wp-image-2094 size-full\" \/><\/figure><div class=\"wp-block-media-text__content\">\n<p class=\"has-small-font-size\"><em>Analysis of and Responses to Extremists Narratives<\/em>. HORIZON-CL2-2022-DEMOCRACY-01. Consorcio de 12 universidades. WP6, Jos\u00e9 Luis Molina. 2023-2027.<\/p>\n<\/div><\/div>\n\n\n\n<div class=\"wp-block-media-text is-stacked-on-mobile\" style=\"grid-template-columns:15% auto\"><figure class=\"wp-block-media-text__media\"><img loading=\"lazy\" decoding=\"async\" width=\"1024\" height=\"1024\" src=\"https:\/\/webs.uab.cat\/grafo\/wp-content\/uploads\/sites\/227\/2025\/09\/Logo-PRESILIENT-white-2-1024x1024.jpeg\" alt=\"\" class=\"wp-image-2385 size-full\" srcset=\"https:\/\/webs.uab.cat\/grafo\/wp-content\/uploads\/sites\/227\/2025\/09\/Logo-PRESILIENT-white-2-1024x1024.jpeg 1024w, https:\/\/webs.uab.cat\/grafo\/wp-content\/uploads\/sites\/227\/2025\/09\/Logo-PRESILIENT-white-2-300x300.jpeg 300w, https:\/\/webs.uab.cat\/grafo\/wp-content\/uploads\/sites\/227\/2025\/09\/Logo-PRESILIENT-white-2-150x150.jpeg 150w, https:\/\/webs.uab.cat\/grafo\/wp-content\/uploads\/sites\/227\/2025\/09\/Logo-PRESILIENT-white-2-768x768.jpeg 768w, https:\/\/webs.uab.cat\/grafo\/wp-content\/uploads\/sites\/227\/2025\/09\/Logo-PRESILIENT-white-2-1536x1536.jpeg 1536w, https:\/\/webs.uab.cat\/grafo\/wp-content\/uploads\/sites\/227\/2025\/09\/Logo-PRESILIENT-white-2-1200x1200.jpeg 1200w, https:\/\/webs.uab.cat\/grafo\/wp-content\/uploads\/sites\/227\/2025\/09\/Logo-PRESILIENT-white-2.jpeg 1600w\" sizes=\"auto, (max-width: 1024px) 100vw, 1024px\" \/><\/figure><div class=\"wp-block-media-text__content\">\n<p class=\"has-small-font-size\"><em>Post-pandemic resilient communities: is the informal economy a reservoir for the next generation of digitalized and green businesses in the Global South?<\/em>&nbsp;(PRESILIENT, HORIZON-MSCA-2021-DN-01-101073394). Consorci de 7 universitats amb una amplia xarxa d\u2019entitats col\u00b7laboradores. Investigador principal WP UAB: Jose Luis Molina. 250.000\u20ac.<\/p>\n<\/div><\/div>\n\n\n\n<div class=\"wp-block-media-text is-stacked-on-mobile\" style=\"grid-template-columns:15% auto\"><figure class=\"wp-block-media-text__media\"><img loading=\"lazy\" decoding=\"async\" width=\"267\" height=\"270\" src=\"https:\/\/webs.uab.cat\/grafo\/wp-content\/uploads\/sites\/227\/2025\/04\/Logo-Afronta-trimmed.png\" alt=\"\" class=\"wp-image-2184 size-full\" \/><\/figure><div class=\"wp-block-media-text__content\">\n<p class=\"has-small-font-size\"><strong>Plantejament col\u00b7laboratiu d\u2019un model de recerca en salut p\u00fablica socioculturalment sensible sobre HIV-SIDA liderat per joves en Machava-Sede (Mo\u00e7ambic)<\/strong>.&nbsp;GRAFO-UAB \/ Universidade Eduardo Mondlane (Maputo-Mo\u00e7ambic); Direcc\u00e3o Provincial de Sa\u00fade de Maputo; Escola Secund\u00e0ria de Machava-Sede.  Fundaci\u00f3 Aut\u00f2noma Solid\u00e0ria (FAS).&nbsp;<a href=\"https:\/\/www.uab.cat\/doc\/ResolucioFSXL24\">Fons de Solidaritat de la UAB<\/a>. Investigadora Principal: Anna Piella. 2024<\/p>\n<\/div><\/div>\n\n\n\n<div class=\"wp-block-media-text is-stacked-on-mobile\" style=\"grid-template-columns:15% auto\"><figure class=\"wp-block-media-text__media\"><img loading=\"lazy\" decoding=\"async\" width=\"644\" height=\"615\" src=\"https:\/\/webs.uab.cat\/grafo\/wp-content\/uploads\/sites\/227\/2026\/02\/Logo-ARISE-OK-BIG.jpg\" alt=\"\" class=\"wp-image-2869 size-full\" srcset=\"https:\/\/webs.uab.cat\/grafo\/wp-content\/uploads\/sites\/227\/2026\/02\/Logo-ARISE-OK-BIG.jpg 644w, https:\/\/webs.uab.cat\/grafo\/wp-content\/uploads\/sites\/227\/2026\/02\/Logo-ARISE-OK-BIG-300x286.jpg 300w\" sizes=\"auto, (max-width: 644px) 100vw, 644px\" \/><\/figure><div class=\"wp-block-media-text__content\">\n<p class=\"has-small-font-size\">\u00a0<strong>ARISE. Healing by Connecting<\/strong>\u00a0(2026-2027). egolab-GRAFO, FOESAA, C\u00e1ritas. 20.000\u20ac. Principal Investigator: Hugo Valenzuela.<\/p>\n<\/div><\/div>\n\n\n\n<h2 class=\"wp-block-heading\">Previous competitive research projects<\/h2>\n\n\n\n<div class=\"wp-block-media-text is-stacked-on-mobile\" style=\"grid-template-columns:15% auto\"><figure class=\"wp-block-media-text__media\"><img loading=\"lazy\" decoding=\"async\" width=\"150\" height=\"150\" src=\"https:\/\/webs.uab.cat\/grafo\/wp-content\/uploads\/sites\/227\/2025\/04\/logo-horizon.jpg\" alt=\"\" class=\"wp-image-2094 size-full\" \/><\/figure><div class=\"wp-block-media-text__content\">\n<p class=\"has-small-font-size\"><em>Socio-economic Empowerment of coastal communities as users of the sea to ensure sustainable coastal development.<\/em>&nbsp;Programa HORIZON EUROPE (HORIZON-CL6-2021-COMMUNITIES-01-04). Consorci de 16 Universitats. Investigadora principal projecte UAB: S\u00edlvia G\u00f3mez Mestres. 2022-2025. 300.000\u20ac.<\/p>\n<\/div><\/div>\n\n\n\n<div class=\"wp-block-media-text is-stacked-on-mobile\" style=\"grid-template-columns:18% auto\"><figure class=\"wp-block-media-text__media\"><img loading=\"lazy\" decoding=\"async\" width=\"271\" height=\"115\" src=\"https:\/\/webs.uab.cat\/grafo\/wp-content\/uploads\/sites\/227\/2025\/03\/coalescelab.png\" alt=\"\" class=\"wp-image-1974 size-full\" \/><\/figure><div class=\"wp-block-media-text__content\">\n<p class=\"has-small-font-size\"><em><a href=\"http:\/\/coalesce-lab.com\/en\/project\/2\/inclusivity\" target=\"_blank\" rel=\"noreferrer noopener\">Inclusivity Norms to Counter Polarizatiosn in European Societies<\/a>&nbsp;<\/em>(INCLUSIVITY). Volkswagen Stiftung, convocat\u00f2ria \u201cChallenges for Europe\u201d 2020. Investigadors Principals: Maarten van Zalk (Osnabr\u00fcck University), Eva Jaspers (Utrecht University), Oliver Christ (Hagen University), Miranda Lubbers (UAB), Marcin Bukowski (Jagiellonian University of Krakow). 2021-2025.<\/p>\n<\/div><\/div>\n\n\n\n<div class=\"wp-block-media-text is-stacked-on-mobile\" style=\"grid-template-columns:15% auto\"><figure class=\"wp-block-media-text__media\"><img loading=\"lazy\" decoding=\"async\" width=\"640\" height=\"179\" src=\"https:\/\/webs.uab.cat\/grafo\/wp-content\/uploads\/sites\/227\/2025\/04\/logo_patchwork-png.png\" alt=\"\" class=\"wp-image-2097 size-full\" srcset=\"https:\/\/webs.uab.cat\/grafo\/wp-content\/uploads\/sites\/227\/2025\/04\/logo_patchwork-png.png 640w, https:\/\/webs.uab.cat\/grafo\/wp-content\/uploads\/sites\/227\/2025\/04\/logo_patchwork-png-300x84.png 300w\" sizes=\"auto, (max-width: 640px) 100vw, 640px\" \/><\/figure><div class=\"wp-block-media-text__content\">\n<p class=\"has-small-font-size\"><a href=\"http:\/\/coalesce-lab.com\/en\/project\/1\/patchwork\" target=\"_blank\" rel=\"noreferrer noopener\"><em>A network science approach to social cohesion in European societies<\/em><\/a>&nbsp;(PATCHWORK). European Research Council, ERC Advanced Grant 2020. Investigadora Principal: Miranda Lubbers. 2021-2026.<\/p>\n<\/div><\/div>\n\n\n\n<div class=\"wp-block-media-text is-stacked-on-mobile\" style=\"grid-template-columns:15% auto\"><figure class=\"wp-block-media-text__media\"><img loading=\"lazy\" decoding=\"async\" width=\"242\" height=\"109\" src=\"https:\/\/webs.uab.cat\/grafo\/wp-content\/uploads\/sites\/227\/2025\/03\/egolab.png\" alt=\"\" class=\"wp-image-1977 size-full\" \/><\/figure><div class=\"wp-block-media-text__content\">\n<p class=\"has-small-font-size\"><a href=\"https:\/\/webs.uab.cat\/egolab\/es\/dimcom\/\"><em>\u201cDimensiones comunitarias, redes personales y exclusi\u00f3n social<\/em>&nbsp;\u201d (DIMCOM)<\/a>. Ministerio de Ciencia, Innovaci\u00f3n y Universidades. Investigadors principals: Hugo Valenzuela y Miranda Lubbers. Altre investigador participant del GRAFO: Jos\u00e9 Luis Molina. 2020-2024.<\/p>\n<\/div><\/div>\n\n\n\n<div class=\"wp-block-media-text is-stacked-on-mobile\" style=\"grid-template-columns:15% auto\"><figure class=\"wp-block-media-text__media\"><img loading=\"lazy\" decoding=\"async\" width=\"250\" height=\"100\" src=\"https:\/\/webs.uab.cat\/grafo\/wp-content\/uploads\/sites\/227\/2025\/04\/cnrs.png\" alt=\"\" class=\"wp-image-2100 size-full\" \/><\/figure><div class=\"wp-block-media-text__content\">\n<p class=\"has-small-font-size\">\u201c<em><a href=\"https:\/\/cis.cnrs.fr\/tria\/\">Le travail de l\u2019IA: \u00e9thique et gouvernance de l\u2019automation\u201d&nbsp;<\/a><\/em><a href=\"https:\/\/cis.cnrs.fr\/tria\/\">(TRIA)<\/a>. CNRS. Principal Investigator: Paola Tubaro. Participant del GRAFO: Jos\u00e9 Luis Molina. 2020-2022.<\/p>\n<\/div><\/div>\n\n\n\n<div class=\"wp-block-media-text is-stacked-on-mobile\" style=\"grid-template-columns:15% auto\"><figure class=\"wp-block-media-text__media\"><img loading=\"lazy\" decoding=\"async\" width=\"402\" height=\"107\" src=\"https:\/\/webs.uab.cat\/grafo\/wp-content\/uploads\/sites\/227\/2025\/04\/inclusivity.png\" alt=\"\" class=\"wp-image-2103 size-full\" srcset=\"https:\/\/webs.uab.cat\/grafo\/wp-content\/uploads\/sites\/227\/2025\/04\/inclusivity.png 402w, https:\/\/webs.uab.cat\/grafo\/wp-content\/uploads\/sites\/227\/2025\/04\/inclusivity-300x80.png 300w\" sizes=\"auto, (max-width: 402px) 100vw, 402px\" \/><\/figure><div class=\"wp-block-media-text__content\">\n<p class=\"has-small-font-size\"><em><a href=\"https:\/\/inclusivitynorms.com\/about-the-project\/overview\/\" target=\"_blank\" rel=\"noreferrer noopener\">Inclusivity Norms to Counter Polarizatiosn in European Societies<\/a>&nbsp;<\/em>(INCLUSIVITY). Volkswagen Stiftung, convocat\u00f2ria \u201cChallenges for Europe\u201d 2020. Investigadors Principals: Maarten van Zalk (Osnabr\u00fcck University), Eva Jaspers (Utrecht University), Oliver Christ (Hagen University), Miranda Lubbers (UAB), Marcin Bukowski (Jagiellonian University of Krakow). 2021-2025.<\/p>\n<\/div><\/div>\n\n\n\n<div class=\"wp-block-media-text is-stacked-on-mobile\" style=\"grid-template-columns:15% auto\"><figure class=\"wp-block-media-text__media\"><img loading=\"lazy\" decoding=\"async\" width=\"402\" height=\"402\" src=\"https:\/\/webs.uab.cat\/grafo\/wp-content\/uploads\/sites\/227\/2025\/02\/logo_transparent.png\" alt=\"\" class=\"wp-image-1878 size-full\" srcset=\"https:\/\/webs.uab.cat\/grafo\/wp-content\/uploads\/sites\/227\/2025\/02\/logo_transparent.png 402w, https:\/\/webs.uab.cat\/grafo\/wp-content\/uploads\/sites\/227\/2025\/02\/logo_transparent-300x300.png 300w, https:\/\/webs.uab.cat\/grafo\/wp-content\/uploads\/sites\/227\/2025\/02\/logo_transparent-150x150.png 150w\" sizes=\"auto, (max-width: 402px) 100vw, 402px\" \/><\/figure><div class=\"wp-block-media-text__content\">\n<p class=\"has-small-font-size\"><em><a href=\"https:\/\/pagines.uab.cat\/bridges\/en\">&#8220;A network approach to social cohesion<\/a><strong>&#8221; <\/strong><\/em>(BRIDGES). La Caixa Social Research Foundation (SR0587). Investigadora Principal: Miranda Lubbers. Altres investigadors participants del GRAFO: Jos\u00e9 Luis Molina &amp; Hugo Valenzuela. 2020-2022.<\/p>\n<\/div><\/div>\n\n\n\n<div class=\"wp-block-media-text is-stacked-on-mobile\" style=\"grid-template-columns:15% auto\"><figure class=\"wp-block-media-text__media\"><img loading=\"lazy\" decoding=\"async\" width=\"402\" height=\"402\" src=\"https:\/\/webs.uab.cat\/grafo\/wp-content\/uploads\/sites\/227\/2025\/02\/logo_transparent.png\" alt=\"\" class=\"wp-image-1878 size-full\" srcset=\"https:\/\/webs.uab.cat\/grafo\/wp-content\/uploads\/sites\/227\/2025\/02\/logo_transparent.png 402w, https:\/\/webs.uab.cat\/grafo\/wp-content\/uploads\/sites\/227\/2025\/02\/logo_transparent-300x300.png 300w, https:\/\/webs.uab.cat\/grafo\/wp-content\/uploads\/sites\/227\/2025\/02\/logo_transparent-150x150.png 150w\" sizes=\"auto, (max-width: 402px) 100vw, 402px\" \/><\/figure><div class=\"wp-block-media-text__content\">\n<p class=\"has-small-font-size\"><em>Impacto de la pandemia en el cuidado y las redes de apoyo en cuidadores de personas con demencia en Cantabria<\/em> (INNVAL20\/12). IP: Rosario Fern\u00e1ndez Pe\u00f1a. Participants del GRAFO: Jos\u00e9 Luis Molina. 2020-2021.<\/p>\n<\/div><\/div>\n\n\n\n<div class=\"wp-block-media-text is-stacked-on-mobile\" style=\"grid-template-columns:15% auto\"><figure class=\"wp-block-media-text__media\"><img loading=\"lazy\" decoding=\"async\" width=\"402\" height=\"402\" src=\"https:\/\/webs.uab.cat\/grafo\/wp-content\/uploads\/sites\/227\/2025\/02\/logo_transparent.png\" alt=\"\" class=\"wp-image-1878 size-full\" srcset=\"https:\/\/webs.uab.cat\/grafo\/wp-content\/uploads\/sites\/227\/2025\/02\/logo_transparent.png 402w, https:\/\/webs.uab.cat\/grafo\/wp-content\/uploads\/sites\/227\/2025\/02\/logo_transparent-300x300.png 300w, https:\/\/webs.uab.cat\/grafo\/wp-content\/uploads\/sites\/227\/2025\/02\/logo_transparent-150x150.png 150w\" sizes=\"auto, (max-width: 402px) 100vw, 402px\" \/><\/figure><div class=\"wp-block-media-text__content\">\n<p class=\"has-small-font-size\"><em>Narrativas sobre lugares transnacionales conectados.&nbsp;<\/em>Convocatoria Europa Investigaci\u00f3n 2019. Agencia Estatal de Investigaci\u00f3n. Ministerio de Ciencia, Innovaci\u00f3n y Universidades. Ref. EIN2019-102961.Investigador Principal: Jos\u00e9&nbsp;Luis&nbsp;Molina. 2019-2021.<\/p>\n<\/div><\/div>\n\n\n\n<div class=\"wp-block-media-text is-stacked-on-mobile\" style=\"grid-template-columns:15% auto\"><figure class=\"wp-block-media-text__media\"><img loading=\"lazy\" decoding=\"async\" width=\"402\" height=\"402\" src=\"https:\/\/webs.uab.cat\/grafo\/wp-content\/uploads\/sites\/227\/2025\/02\/logo_transparent.png\" alt=\"\" class=\"wp-image-1878 size-full\" srcset=\"https:\/\/webs.uab.cat\/grafo\/wp-content\/uploads\/sites\/227\/2025\/02\/logo_transparent.png 402w, https:\/\/webs.uab.cat\/grafo\/wp-content\/uploads\/sites\/227\/2025\/02\/logo_transparent-300x300.png 300w, https:\/\/webs.uab.cat\/grafo\/wp-content\/uploads\/sites\/227\/2025\/02\/logo_transparent-150x150.png 150w\" sizes=\"auto, (max-width: 402px) 100vw, 402px\" \/><\/figure><div class=\"wp-block-media-text__content\">\n<p class=\"has-small-font-size\"><em>Una aproximaci\u00f3n a la cohesi\u00f3n social en sociedades europeas desde la ciencia de redes.<\/em>&nbsp;Convocatoria Europa Investigaci\u00f3n 2019. Agencia Estatal de Investigaci\u00f3n. Ministerio de Ciencia, Innovaci\u00f3n y Universidades. Ref. EIN2019-102971.Investigadora Principal: Miranda&nbsp;J. Lubbers. 2019-2021.<\/p>\n<\/div><\/div>\n\n\n\n<div class=\"wp-block-media-text is-stacked-on-mobile\" style=\"grid-template-columns:15% auto\"><figure class=\"wp-block-media-text__media\"><img loading=\"lazy\" decoding=\"async\" width=\"402\" height=\"402\" src=\"https:\/\/webs.uab.cat\/grafo\/wp-content\/uploads\/sites\/227\/2025\/02\/logo_transparent.png\" alt=\"\" class=\"wp-image-1878 size-full\" srcset=\"https:\/\/webs.uab.cat\/grafo\/wp-content\/uploads\/sites\/227\/2025\/02\/logo_transparent.png 402w, https:\/\/webs.uab.cat\/grafo\/wp-content\/uploads\/sites\/227\/2025\/02\/logo_transparent-300x300.png 300w, https:\/\/webs.uab.cat\/grafo\/wp-content\/uploads\/sites\/227\/2025\/02\/logo_transparent-150x150.png 150w\" sizes=\"auto, (max-width: 402px) 100vw, 402px\" \/><\/figure><div class=\"wp-block-media-text__content\">\n<p class=\"has-small-font-size\"><em>Rural self-management initiatives and public policies:&nbsp;A conceptualization of neo-peasants<\/em>. Wenner-Gren Fundation. Post-Ph.D. Research Grant application. Investigadoras Principales: Agata Hummel &amp; Paula Escribano. 2019-2020.<\/p>\n<\/div><\/div>\n\n\n\n<div class=\"wp-block-media-text is-stacked-on-mobile\" style=\"grid-template-columns:15% auto\"><figure class=\"wp-block-media-text__media\"><img loading=\"lazy\" decoding=\"async\" width=\"225\" height=\"108\" src=\"https:\/\/webs.uab.cat\/grafo\/wp-content\/uploads\/sites\/227\/2025\/03\/getp-1.png\" alt=\"\" class=\"wp-image-1984 size-full\" \/><\/figure><div class=\"wp-block-media-text__content\">\n<p class=\"has-small-font-size\"><em><a href=\"http:\/\/pagines.uab.cat\/vulneras\">Projecte VulneraS: Crian\u00e7a, desemparament i vulnerabilitat sociocultural. An\u00e0lisi situacional i p<\/a><a href=\"https:\/\/webs.uab.cat\/vulneras\/ca\/\" target=\"_blank\" rel=\"noreferrer noopener\">r<\/a><a href=\"http:\/\/pagines.uab.cat\/vulneras\">opostes d\u2019intervenci\u00f3.&nbsp;<\/a><\/em>Ministerio de Ciencia, Innovaci\u00f3n y Universidades (CSO2017-83101-C2-1-R). Investigadores principales: Jordi Grau y Anna Piella. Investigadores participantes del GRAFO: Aurora Gonz\u00e1lez, Maria Vald\u00e9s, Luc\u00eda Sanjuan. Periodo: 2017-2020.<\/p>\n<\/div><\/div>\n\n\n\n<div class=\"wp-block-media-text is-stacked-on-mobile\" style=\"grid-template-columns:15% auto\"><figure class=\"wp-block-media-text__media\"><img loading=\"lazy\" decoding=\"async\" width=\"402\" height=\"402\" src=\"https:\/\/webs.uab.cat\/grafo\/wp-content\/uploads\/sites\/227\/2025\/02\/logo_transparent.png\" alt=\"\" class=\"wp-image-1878 size-full\" srcset=\"https:\/\/webs.uab.cat\/grafo\/wp-content\/uploads\/sites\/227\/2025\/02\/logo_transparent.png 402w, https:\/\/webs.uab.cat\/grafo\/wp-content\/uploads\/sites\/227\/2025\/02\/logo_transparent-300x300.png 300w, https:\/\/webs.uab.cat\/grafo\/wp-content\/uploads\/sites\/227\/2025\/02\/logo_transparent-150x150.png 150w\" sizes=\"auto, (max-width: 402px) 100vw, 402px\" \/><\/figure><div class=\"wp-block-media-text__content\">\n<p class=\"has-small-font-size\"><em>Conectividad, movilidad y geograf\u00eda de redes personales: Identificaci\u00f3n de tipolog\u00edas y an\u00e1lisis de su impacto en la inclusi\u00f3n y exclusi\u00f3n sociales de los j\u00f3venes de las zonas urbanas del Centro-Occidente de M\u00e9xico (COM-GeoRed)<\/em>. CONACYT (Proyecto de Investigaci\u00f3n Cient\u00edfica B\u00e1sica 288174).&nbsp;Investigador principal: Alejandro Garc\u00eda Mac\u00edas (Universidad de Aguascalientes). Investigador participante del GRAFO: Jos\u00e9 Luis Molina. 2017-2020.<\/p>\n<\/div><\/div>\n\n\n\n<div class=\"wp-block-media-text is-stacked-on-mobile\" style=\"grid-template-columns:15% auto\"><figure class=\"wp-block-media-text__media\"><img loading=\"lazy\" decoding=\"async\" width=\"242\" height=\"109\" src=\"https:\/\/webs.uab.cat\/grafo\/wp-content\/uploads\/sites\/227\/2025\/03\/egolab.png\" alt=\"\" class=\"wp-image-1977 size-full\" \/><\/figure><div class=\"wp-block-media-text__content\">\n<p class=\"has-small-font-size\"><em><a href=\"https:\/\/webs.uab.cat\/egolab\/research-project-orbits\/\">The Role of Social Transnational Fields in the Emergence, Maintenance and Decay of Ethnic and Demographic Enclaves<\/a><\/em>. MINECO-FEDER (CSO2015-68687-P). Investigadores principales: Miranda Lubbers&nbsp;y Jos\u00e9 Luis Molina. Investigadores participantes del GRAFO: Hugo Valenzuela, Ignacio Fradejas-Garc\u00eda. 2016-2020.<\/p>\n<\/div><\/div>\n\n\n\n<div class=\"wp-block-media-text is-stacked-on-mobile\" style=\"grid-template-columns:15% auto\"><figure class=\"wp-block-media-text__media\"><img loading=\"lazy\" decoding=\"async\" width=\"242\" height=\"109\" src=\"https:\/\/webs.uab.cat\/grafo\/wp-content\/uploads\/sites\/227\/2025\/03\/egolab.png\" alt=\"\" class=\"wp-image-1977 size-full\" \/><\/figure><div class=\"wp-block-media-text__content\">\n<p class=\"has-small-font-size\"><em><a href=\"https:\/\/webs.uab.cat\/egolab\/research-project-orbits\/\">Estrategias de supervivencia en hogares pobres: el papel de las redes de apoyo formal e informal en per\u00edodos de crisis econ\u00f3mica<\/a>.&nbsp;<\/em>RecerCaixa (2015ACUP 00145). Investigadores principales: Miranda Jessica Lubbers i Hugo Valenzuela Garc\u00eda. Investigadores participantes del GRAFO:&nbsp; Jordi Grau Rebollo, Jos\u00e9 Luis Molina. 2016-2020.<\/p>\n<\/div><\/div>\n\n\n\n<h2 class=\"wp-block-heading\"><strong>Other contracts and agreements:<\/strong><\/h2>\n\n\n\n<ul class=\"wp-block-list\">\n<li><em>El impacto de las pol\u00edticas p\u00fablicas sobre el campesinado de Koduvayoor (Palakkad) en Kerala, India. Un proyecto de cooperaci\u00f3n interuniversitaria para la formaci\u00f3n en t\u00e9cnicas de investigaci\u00f3n cualitativa al alumnado del M\u00e1ster de Sociolog\u00eda y el personal docente investigador\u201d.<\/em>&nbsp;Fundaci\u00f3 Aut\u00f2noma Solid\u00e0ria. Investigadora Principal: Paula Escribano. Altres participants del GRAFO: Jos\u00e9 Luis Molina, Miranda Lubbers, Hugo Valenzuela. Juliol a Octubre 2021.<\/li>\n\n\n\n<li>\u201c<em>Assessorament al comit\u00e8 de co-gesti\u00f3 de la s\u00e8pia de les badies de Roses i Pals per a la posada en marxa d\u2019un programa socioecon\u00f2mic<\/em>\u201d (2021). Generalitat de Catalunya \u2013 Fons Europeu Mar\u00edtim i de la Pesca. Investigadors principals: Jos\u00e9 Luis Molina and S\u00edlvia G\u00f3mez. Mar\u00e7 a Setembre 2021.<\/li>\n<\/ul>\n\n\n\n<ul class=\"wp-block-list\">\n<li>\u201cConveni interuniversitari d\u2019investigaci\u00f3 (vigent tot l\u2019any 2019) n\u00ba17207, entre la Universitat Aut\u00f2noma de Barcelona (UAB), la Universitat Oberta de Catalunya (UOC) i el Consorci d\u2019Educaci\u00f3 de Barcelona, des de desembre de 2018 fins juny de 2020. T\u00edtol del projecte:&nbsp;<em>PARLEM-NE! Percepcions i realitats dels promotors i promotores als centres educatius de la ciutat de Barcelona: Recerca col\u00b7laborativa per una acci\u00f3 educativa innovadora.&nbsp;Import UAB: 9.982,50\u20ac (total: 19.965\u20ac). Investigadores&nbsp;principals UAB: Pepi Soto i Eva Bretones.<\/em><\/li>\n\n\n\n<li>Asesoria del proyecto \u201c<em>Avaluaci\u00f3 d\u2019impactes subjectius del Fons 0-16 en la vida quotidiana d\u2019infants i adolescents. Investigaci\u00f3 qualitativa des de l\u2019Antropologia Social i Cultural<\/em>.\u201d&nbsp;Institut d\u2019Inf\u00e0ncia i Adolesc\u00e8ncia Barcelona.&nbsp;Investigadora principal:<strong>&nbsp;<\/strong>Pepi Soto Marata. Investigadores implicados: Jorge Grau Rebollo,&nbsp;Hugo Valenzuela. Periodo: 2018-2020.&nbsp;Convenio n\u00ba 16-306.<\/li>\n\n\n\n<li><em>Trajectes incerts. Apropem-nos a les persones refugiades<\/em>. Editorial Teide (Barcelona), Proyecto 5708.&nbsp;Investigadora principal:<strong>&nbsp;<\/strong>Pepi Soto Marata. Periodo: 2017-2018.<\/li>\n<\/ul>\n\n\n\n<p class=\"has-blanc-coco-color has-verd-tropic-background-color has-text-color has-background has-link-color has-large-font-size wp-elements-8cf559b1346b5add96986c8fbbfe1057\"><strong>2. Previous projects<\/strong><\/p>\n\n\n\n<p><strong>Competitive R&amp;D projects:<\/strong><\/p>\n\n\n\n<ul class=\"wp-block-list\">\n<li><em>Forjando la identidad europea<\/em>. MINECO \u2013<strong>&nbsp;<\/strong>Acciones de Dinamizaci\u00f3n de Caracter Internacional Europa Investigaci\u00f3n (EUIN2013-50723). Investigador principal: Jos\u00e9 Luis Molina. 2013-2017.<\/li>\n\n\n\n<li><a href=\"http:\/\/grupsderecerca.uab.cat\/getp\/content\/projectes-rd\"><em>Parentescos: Formas de parentalidad y articulaciones disciplinarias<\/em><\/a>. MINECO (CSO2012-39041-C02-01). Investigadora principal: Anna Piella. Investigadores participantes del GRAFO: Virginia Fons, Aurora Gonz\u00e1lez, Jordi Grau Rebollo, Mar\u00eda Vald\u00e9s.&nbsp;Per\u00edode: 2013 \u2013 2016.<\/li>\n\n\n\n<li><em>Parentalidades: Aproximaciones Antropol\u00f3gicas y Conexiones Interdisciplinarias (Projecte coordinat).&nbsp;<\/em>Investigadora principal: Anna Piella. Investigadores participantes del GRAFO: Virginia Fons, Aurora Gonz\u00e1lez, Jordi Grau Rebollo, Mar\u00eda Vald\u00e9s.&nbsp;Per\u00edode: 2013 \u2013 2016.<\/li>\n<\/ul>\n\n\n\n<ul class=\"wp-block-list\">\n<li><em>The Economic Crisis and Social Cohesion in Spain.&nbsp;<\/em>Bar\u00f3metro Especial, Centro de Investigaciones Sociol\u00f3gicas. Investigadora Principal: Miranda Lubbers. Investigadores participantes del GRAFO: Jos\u00e9 Luis Molina, Hugo Valenzuela. 2014-2016.<\/li>\n\n\n\n<li><a href=\"http:\/\/grupsderecerca.uab.cat\/egolab\/content\/enclave-social-entrepreneurship\"><em>Social entrepreneurship: local embeddedness, social networking sites and theoretical development<\/em>.&nbsp;<\/a>MINECO (CSO2012-32635).&nbsp;Investigador principal: Jos\u00e9 Luis Molina. Investigadores participantes del GRAFO: Miranda Lubbers, Hugo Valenzuela. Per\u00edode: 2013 \u2013 2016.<\/li>\n\n\n\n<li><em>L\u2019Esgl\u00e9sia ortodoxa i la din\u00e0mica comunit\u00e0ria dels residents rumanesos a Catalunya: una an\u00e0lisi de xarxes\u200b&nbsp;<\/em>(Generalitat de Catalunya; Research in Religious Diversity, 2015RELIG00001). Investigador principal: \u00c1ngel Belzunegui Eraso. Investigadora&nbsp;participante&nbsp;del GRAFO: Miranda Lubbers. Periodo: 2016.<\/li>\n\n\n\n<li><em>Estudio multimodal de la representaci\u00f3n de la diversidad en la publicidad espa\u00f1ola y efectos interculturales en las ciudades del Mediterr\u00e1neo en tiempos de crisis&nbsp;<\/em>(MINECO CSO2012-35771). Investigador principal: Nicol\u00e1s Lorite Garc\u00eda. Investigador participante del GRAFO: Jorge Grau. Per\u00edode: 2012 \u2013 2015.<\/li>\n\n\n\n<li><em>Network dynamics: Substantive applications to migration and mobility in Europe.&nbsp;<\/em>MINECO<strong>&nbsp;(<\/strong>RYC-2010-06081). Investigadora principal: Miranda Lubbers. 2010 \u2013 2015.<\/li>\n\n\n\n<li><em>Social influence in Dynamic Networks<\/em>. European Research Council (10-ECRP-044). Investigadora principal: Miranda Jessica Lubbers. Investigador participante del GRAFO: Jos\u00e9 Luis Molina. Per\u00edode: 2012 \u2013 2014.<\/li>\n\n\n\n<li><em>Immigration and mixed unions: Ethnicity and social integration&nbsp;<\/em>(MINECO, CSO2011-23242). Investigador principal: Dan Rodr\u00edguez. Investigadores del GRAFO participants: Miranda Lubbers, Irina Casado. Per\u00edode: 2012 \u2013 2014.<\/li>\n\n\n\n<li><em>E Pluribus Unum: Inmigraci\u00f3n, Mestizaje y Cohesi\u00f3n Social<\/em>. Investigador principal: Dan Rodr\u00edguez Garc\u00eda. Investigadora del GRAFO participant: Irina Casado. Per\u00edode: 2012 \u2013 2014.<\/li>\n\n\n\n<li><em>Cuerpo y procesos de modernizaci\u00f3n en \u00c1frica. El caso de Guinea Ecuatorial&nbsp;<\/em>(Plan Nacional de I+D+I; CSO2011-23718). Investigador principal: Josep Mart\u00ed P\u00e9rez. Investigadora del GRAFO participant: Virginia Fons. Periode: 2012 \u2013 2014.<\/li>\n<\/ul>\n\n\n\n<p><strong>Other contracts and agreements:<\/strong><\/p>\n\n\n\n<ul class=\"wp-block-list\">\n<li><em>Joves i millora de la consci\u00e8ncia. Una proposta did\u00e0ctica per a l\u2019exposici\u00f3: \u201cRefugi: el rostre de les xifres\u201d.&nbsp;<\/em>UNHCR-ACNUR (Comit\u00e8&nbsp;Catal\u00e0).&nbsp;Investigadora principal:<strong>&nbsp;<\/strong>Pepi Soto Marata. Periodo: 2016 \u2013 2017.&nbsp;Convenio n\u00ba 15.235.<\/li>\n\n\n\n<li><em>Connecting Brains: Design and analysis of collaboration networks at the firm Mutua Central<\/em>. Mutua Central. Investigador principal: Jos\u00e9 Luis Molina. Periodo: 2016-2017.<\/li>\n\n\n\n<li><em>Projecte d\u2019innovaci\u00f3 APLICA 2013. TR\u00c0NSITS&nbsp;\/ Coment@<\/em>. Entitats participants: Investigadora Principal: Eva Bretones. Per\u00edode: Abril, 2013- abril, 2014.<\/li>\n<\/ul>\n\n\n\n<ul class=\"wp-block-list\">\n<li><em>Tr\u00e0nsits: les veus de la pr\u00e0ctica social<\/em>. Investigadora principal: Eva Bretones. Per\u00edode: Abril, 2013 \u2013 abril, 2014.<\/li>\n\n\n\n<li><em>Estudio de las redes personales como estrategia frente al estr\u00e9s en los cuidadores de enfermos de Alzheimer<\/em>. Investigador principal: Jaime Llopis. Per\u00edode: Octubre, 2012 \u2013 mar\u00e7, 201.<\/li>\n\n\n\n<li><em>Proyecto Internacional Franco-Mexicano. CEMCA. FABRICAMIG SA. La fabrique des Migrations et des&nbsp;savoirs associ\u00e9s. (2011-2013) ANR. Comparaison Mexique-Am\u00e9rique Centrale \/ Maghreb\/ Moyen-Orient<\/em>. CNRS, CEMCA. Investigador del GRAFO participant: Hugo Valenzuela. Per\u00edode: 2011-2013.<\/li>\n\n\n\n<li><em>Observatorio en l\u00ednea de redes personales<\/em>. Investigadora principal: Miranda Lubbers. Per\u00edode: 2010.<\/li>\n\n\n\n<li><em>Perfiles del Empresariado \u00c9tnico en Espa\u00f1a. Una aproximaci\u00f3n a las estrategias, din\u00e1micas y espacios transnacionales del peque\u00f1o empresariado emigrante en la nueva situaci\u00f3n econ\u00f3mica (ITINERE)<\/em>. Investigador principal: Jos\u00e9 Luis Molina. Per\u00edode: 2009-2012 .<\/li>\n\n\n\n<li><em>Teor\u00eda Transcultural de la reproducci\u00f3n de los grupos humanos. La Antropolog\u00eda del Parentesco como estudio de los&nbsp; modelos socioculturales de la procreaci\u00f3n y crianza de ni\u00f1os<\/em>. Investigadora principal: Aurora Gonz\u00e1lez Echevarr\u00eda. Investigadores participants del GRAFO:&nbsp;Anna Piella, Jordi Grau, Hugo Valenzuela, Virginia Fons, Mar\u00eda Vald\u00e9s, Pepi Soto. Per\u00edode: 2006 a 2009.<\/li>\n\n\n\n<li><em>El bienestar y la integraci\u00f3n de los adoptados internacionales: perspectivas multidisciplinares<\/em>. Investigadora principal: Ana Ber\u00e1stegui Pedro-Viejo. Investigadora del GRAFO participant: Aurora Gonz\u00e1lez Echevarr\u00eda. Per\u00edode: 2007-2008.<\/li>\n\n\n\n<li><em>Dynamics of actors and networks across levels: individuals, groups, organizations and social settings<\/em>. Investigador principal: Jos\u00e9 Luis Molina. Per\u00edode: 2006.<\/li>\n\n\n\n<li><em>\u201cQuan en els pobles ja no hi ha canalla\u201d. Organitzaci\u00f3 de la procreaci\u00f3 i estructures dom\u00e8stiques a les Valls d\u2019\u00c0neu.&nbsp;<\/em>Investigadora principal: Irina Casado.<\/li>\n\n\n\n<li><em>Els comunals al Pallars Sobir\u00e0.<\/em><em>&nbsp;Els usos tradicionals de la muntanya en el marc dels espais naturals protegits.&nbsp;<\/em>Investigadors principals: Oriol Beltran i Ismael Vaccaro. Investigadora del GRAFO participant: Irina Casado. Per\u00edode: 2005-07.<\/li>\n\n\n\n<li><em>Organitzaci\u00f3 de la procreaci\u00f3 i estructures dom\u00e8stiques a Oslo.&nbsp;<\/em>Investigadora principal: Irina Casado (getp-GRAFO). Per\u00edode: 2004.<\/li>\n\n\n\n<li><em>Viure a les Valls. Percepci\u00f3 de la natura i sabers populars a les Valls d\u2019\u00c0neu.&nbsp;<\/em>Investigadora principal: Irina Casado. Per\u00edode: 2004-2005.<\/li>\n\n\n\n<li><em>Evaluaci\u00f3n cr\u00edtica de la etnograf\u00eda de los&nbsp; makhuwa de Mozambique (un caso crucial para la cr\u00edtica a la Antropolog\u00eda cl\u00e1sica del Parentesco)<\/em>. Investigadora principal: Aurora Gonz\u00e1lez Echevarr\u00eda. Per\u00edode: 2003.<\/li>\n\n\n\n<li><em>El dominio te\u00f3rico transcultural de la procreaci\u00f3n. Concepci\u00f3n de la persona, control de la sexualidad , organizaci\u00f3n de la reproducci\u00f3n, crianza y configuraci\u00f3n de modelos<\/em>. Investigadora principal: Aurora Gonz\u00e1lez Echevarr\u00eda. Per\u00edode: 2000 a 2003.<\/li>\n\n\n\n<li><em>Exclusi\u00f3n social y minor\u00edas \u00e9tnicas. A medio camino en la construcci\u00f3n de una teor\u00eda<\/em>. Investigadora principal: Teresa San Rom\u00e1n. Per\u00edode: 2001 a 2004.<\/li>\n\n\n\n<li><em>Tres dimensions del Parentiu en els noranta: Construcci\u00f3 Sociocultural, projecci\u00f3 etnoc\u00e8ntrica i elaboraci\u00f3 te\u00f2rica<\/em>. Investigadora principal: Aurora Gonz\u00e1lez Echevarr\u00eda. Per\u00edode: 2000.<\/li>\n\n\n\n<li><em>La construcci\u00f3 del Parentiu en una comunitat aborigen d\u2019Austr\u00e0lia<\/em>. Investigador Principal: Anna Piella. Per\u00edode: 1999 a 2000.<\/li>\n<\/ul>\n","protected":false},"excerpt":{"rendered":"<p>Research Projects Current competitive projects Research Ethics and integrity for the GREEN transition&nbsp;(RE4GREEN). HORIZON-EUROPE 101131706). IP UAB: Jos\u00e9 Luis Molina. 2M\u20ac. Mapping Cultural Diversity through Personal Networks&nbsp;communities&nbsp;\u2013 FBBVA \u2013 Convocatoria Fundamentos. IP UAB: Jos\u00e9 Luis Molina. Vulnerable children in current multi-crisis contexts: institutional mechanisms, family resources and community coping strategies (PID2022-139502OB-I00) (AFRONTA). Ministerio de Ciencia [&hellip;]<\/p>\n","protected":false},"author":20,"featured_media":0,"parent":0,"menu_order":0,"comment_status":"closed","ping_status":"closed","template":"","meta":{"footnotes":""},"class_list":["post-164","page","type-page","status-publish","hentry"],"_links":{"self":[{"href":"https:\/\/webs.uab.cat\/grafo\/en\/wp-json\/wp\/v2\/pages\/164","targetHints":{"allow":["GET"]}}],"collection":[{"href":"https:\/\/webs.uab.cat\/grafo\/en\/wp-json\/wp\/v2\/pages"}],"about":[{"href":"https:\/\/webs.uab.cat\/grafo\/en\/wp-json\/wp\/v2\/types\/page"}],"author":[{"embeddable":true,"href":"https:\/\/webs.uab.cat\/grafo\/en\/wp-json\/wp\/v2\/users\/20"}],"replies":[{"embeddable":true,"href":"https:\/\/webs.uab.cat\/grafo\/en\/wp-json\/wp\/v2\/comments?post=164"}],"version-history":[{"count":24,"href":"https:\/\/webs.uab.cat\/grafo\/en\/wp-json\/wp\/v2\/pages\/164\/revisions"}],"predecessor-version":[{"id":2872,"href":"https:\/\/webs.uab.cat\/grafo\/en\/wp-json\/wp\/v2\/pages\/164\/revisions\/2872"}],"wp:attachment":[{"href":"https:\/\/webs.uab.cat\/grafo\/en\/wp-json\/wp\/v2\/media?parent=164"}],"curies":[{"name":"wp","href":"https:\/\/api.w.org\/{rel}","templated":true}]}}