{"id":292,"date":"2017-07-31T10:06:48","date_gmt":"2017-07-31T08:06:48","guid":{"rendered":"https:\/\/webs.uab.cat\/grafo\/dissemination\/"},"modified":"2026-02-05T17:31:06","modified_gmt":"2026-02-05T15:31:06","slug":"dissemination","status":"publish","type":"page","link":"https:\/\/webs.uab.cat\/grafo\/en\/dissemination\/","title":{"rendered":"Dissemination"},"content":{"rendered":"\n<p><strong>Jornada FOESSA Catalunya \u2013 \u201cDe la societat fragmentada a l\u2019esperan\u00e7a compartida\u201d. <\/strong>With the participation of GRAFO members.<\/p>\n\n\n\n<div class=\"wp-block-buttons is-layout-flex wp-block-buttons-is-layout-flex\">\n<div class=\"wp-block-button\"><a class=\"wp-block-button__link wp-element-button\" href=\"https:\/\/youtu.be\/2wb9pqMNM98?si=c_l87S1KTpFdcVPG\">Video recording<\/a><\/div>\n<\/div>\n\n\n\n<div style=\"height:18px\" aria-hidden=\"true\" class=\"wp-block-spacer\"><\/div>\n\n\n\n<p><em><strong>Parir en el Oriente<\/strong><\/em>. Documentary series about black women from the Colombian Pacific and their experiences with traditional midwifery. Made by  <a href=\"https:\/\/www.facebook.com\/Fundacionmatamba\/?locale=es_LA\">Fundaci\u00f3n Matamba<\/a> with the support of GRAFO.<\/p>\n\n\n\n<figure class=\"wp-block-image size-large is-resized\"><img loading=\"lazy\" decoding=\"async\" width=\"768\" height=\"1024\" src=\"https:\/\/webs.uab.cat\/grafo\/wp-content\/uploads\/sites\/227\/2025\/02\/PARIENDO-EN-EL-ORIENTE-ILUSTRACION-Final-PDF-768x1024.jpg\" alt=\"\" class=\"wp-image-1804\" style=\"width:302px;height:auto\" srcset=\"https:\/\/webs.uab.cat\/grafo\/wp-content\/uploads\/sites\/227\/2025\/02\/PARIENDO-EN-EL-ORIENTE-ILUSTRACION-Final-PDF-768x1024.jpg 768w, https:\/\/webs.uab.cat\/grafo\/wp-content\/uploads\/sites\/227\/2025\/02\/PARIENDO-EN-EL-ORIENTE-ILUSTRACION-Final-PDF-225x300.jpg 225w, https:\/\/webs.uab.cat\/grafo\/wp-content\/uploads\/sites\/227\/2025\/02\/PARIENDO-EN-EL-ORIENTE-ILUSTRACION-Final-PDF-1152x1536.jpg 1152w, https:\/\/webs.uab.cat\/grafo\/wp-content\/uploads\/sites\/227\/2025\/02\/PARIENDO-EN-EL-ORIENTE-ILUSTRACION-Final-PDF-1536x2048.jpg 1536w, https:\/\/webs.uab.cat\/grafo\/wp-content\/uploads\/sites\/227\/2025\/02\/PARIENDO-EN-EL-ORIENTE-ILUSTRACION-Final-PDF-1200x1600.jpg 1200w, https:\/\/webs.uab.cat\/grafo\/wp-content\/uploads\/sites\/227\/2025\/02\/PARIENDO-EN-EL-ORIENTE-ILUSTRACION-Final-PDF.jpg 1800w\" sizes=\"auto, (max-width: 768px) 100vw, 768px\" \/><\/figure>\n\n\n\n<p><em><a href=\"https:\/\/monografies.uab.cat\/monografies\/catalog\/book\/CERec30A\">L\u2019\u00e8tica en la recerca a la UAB: Els primers trenta anys<\/a><\/em>. Book edited by Jos\u00e9 Luis Molina, professor of Social and Cultural Anthropology at the Autonomous University of Barcelona (UAB) and director of the Research Ethics Committee (CERec), and the anthropologist S\u00edlvia Villagrasa Krasnobayeva. This publication constitutes &#8220;a testimony to the need to maintain ethical reflection as an inseparable part of the scientific discovery process itself and to the need to disseminate and train new generations of university students in the principles of the scientific ethos&#8221; (<a href=\"https:\/\/monografies.uab.cat\/monografies\/catalog\/book\/CERec30A\">Source<\/a>)<\/p>\n\n\n\n<div class=\"wp-block-buttons is-layout-flex wp-block-buttons-is-layout-flex\">\n<div class=\"wp-block-button\"><a class=\"wp-block-button__link wp-element-button\" href=\"https:\/\/monografies.uab.cat\/monografies\/catalog\/view\/CERec30A\/249\/382\">Download (PDF)<\/a><\/div>\n<\/div>\n\n\n\n<p><strong><a href=\"https:\/\/www.uab.cat\/web\/newsroom\/news-detail\/the-uab-research-ethics-committee-celebrates-its-30th-anniversary-1345830290613.html?detid=1345926985782\">Institutional event to celebrate 30 years of the UAB Research Ethics Committee<\/a><\/strong>. Jos\u00e9 Luis Molina Gonz\u00e1lez, Chair. 18 September 2024. Universitat Aut\u00f2noma de Barcelona. <a href=\"https:\/\/youtu.be\/6Wc847u_Dqw?feature=shared\">V\u00eddeo peresentation<\/a> of the book <em>30 anys de recerca \u00e8tica a la UAB<\/em>.<\/p>\n\n\n\n<p>Grau Rebollo, J.; Lorite Garc\u00eda, N. (dirs) (2021).&nbsp;<em><strong>Invulnerables<\/strong><\/em>. 35 min. Barcelona.&nbsp;<a href=\"https:\/\/youtu.be\/jAT-I2feKq4\">https:\/\/youtu.be\/jAT-I2feKq4<\/a>.&nbsp; (versi\u00f3n subtitulada en ingl\u00e9s:&nbsp;<em>Invulnerable<\/em>:&nbsp;<a href=\"https:\/\/youtu.be\/UWETyp0rPEY\">https:\/\/youtu.be\/UWETyp0rPEY<\/a>).&nbsp;<\/p>\n\n\n\n<p>Jornada:&nbsp;<em><a href=\"https:\/\/www.youtube.com\/watch?v=KW_DBbpFS0k&amp;t=565s&amp;ab_channel=Consorcid%27Educaci%C3%B3deBarcelona\">PARLEM-NE! Percepcions i realitats dels promotors i promotores als centres educatius de la ciutat de Barcelona: recerca col.laborativa per a una acci\u00f3 educativa innovadora<\/a>.&nbsp;<\/em>Presentaci\u00f3n de resultados de la investigaci\u00f3n a cargo de Pepi Soto y Eva Bretones. 6 de novembre de 2020.<\/p>\n\n\n\n<p>The&nbsp;<strong><a href=\"https:\/\/observatoriosociallacaixa.org\/-\/cuantos-conocidos-tenemos\">dissemination article<\/a>&nbsp;&#8220;Cu\u00e1ntos conocidos tenemos?&#8221;<\/strong>&nbsp;has been published at the Observatorio la Caixa (with Xavier Aguilar, and with the help of Guillem Zaragoza and Andrea Pelayo).&nbsp;Following publication, it has received large press attention, among others at&nbsp;<a href=\"https:\/\/www.20minutos.es\/noticia\/4054181\/0\/un-estudio-de-la-caixa-muestra-a-cuantas-personas-conocemos-los-espanoles-la-media-se-situa-en-536\/\">20 Minutos<\/a>,&nbsp;<a href=\"https:\/\/www.antena3.com\/noticias\/sociedad\/espanoles-tenemos-media-536-conocidos_201911135dcc4c410cf2359449298cb0.html\">Antena 3<\/a>,&nbsp;<a href=\"https:\/\/www.elmundo.es\/f5\/2019\/11\/13\/5dcc114dfdddff26438b45a3.html\">El Mundo<\/a>,&nbsp;<a href=\"https:\/\/www.lavanguardia.com\/local\/barcelona\/20191113\/471576221338\/catalunya-los-espanoles-conocen-de-media-a-536-personas-segun-un-estudio.html\">La Vanguardia<\/a>,&nbsp;<a href=\"https:\/\/www.heraldo.es\/noticias\/sociedad\/2019\/11\/13\/cada-espanol-conoce-media-536-personas-estudio-1343791.html\">Heraldo<\/a>,&nbsp;<a href=\"https:\/\/www.larazon.es\/andalucia\/20191113\/tycjawayjjgezfzcwgrfcm2fra.html\">La Raz\u00f3n<\/a>,&nbsp;<a href=\"https:\/\/www.ara.cat\/societat\/Quantes-persones-coneixes-estudi_0_2343365813.html\">Ara.cat<\/a>,&nbsp;<a href=\"https:\/\/www.elplural.com\/la-buena-noticia-del-dia\/sabes-cuantos-conocidos-tienes_227729102\">El Plural<\/a>,&nbsp;<a href=\"https:\/\/www.eldiario.es\/tecnologia\/espanol-conoce-media-personas-estudio_0_963104174.html\">El Diario.es<\/a>,&nbsp;<a href=\"https:\/\/www.lasexta.com\/noticias\/sociedad\/espanoles-tienen-media-536-conocidos_201911135dcc72350cf2d8b68ac7af57.html\">La Sexta<\/a>,&nbsp;<a href=\"https:\/\/www.abc.es\/sociedad\/abci-este-numero-personas-conoces-largo-vida-201911131256_noticia.html\">ABC Sociedad<\/a>,&nbsp;<a href=\"http:\/\/www.solidaridaddigital.es\/noticias\/nacional\/los-espanoles-conocen-536-personas-en-su-vida\">Solidaridad Digital<\/a>,&nbsp;<a href=\"https:\/\/www.que.es\/ultimas-noticias\/cuantos-conocidos-tenemos-un-estudio-muestra-cuantas-personas-conocen-de-media-los-espanoles.html\">Diario Qu\u00e9<\/a>,&nbsp;<a href=\"http:\/\/the%20world%20news%20https\/\/twnews.es\/es-news\/un-estudio-del-observatorio-social-de-la-caixa-dice-cuantas-personas-conocemos-los-espanoles-la-media-se-situa-en-536\">The World News<\/a>,&nbsp;<a href=\"https:\/\/www.niusdiario.es\/sociedad\/espanol-conoce-media-536-personas_18_2850495066.html\">NIUS Diario<\/a>,&nbsp;<a href=\"https:\/\/www.diariodenavarra.es\/multimedia\/videos\/magazine\/sociedad\/2019\/11\/13\/un-estudio-asegura-que-espana-tenemos-media-536-conocidos.html\">El Diario de Navarra<\/a>,&nbsp;<a href=\"https:\/\/www.diariodepontevedra.es\/articulo\/sociedad\/estudio-dice-cada-espanol-cuenta-media-536-conocidos\/201911132048271060850.html\">El Diario de Pontevedra<\/a>,&nbsp;<a href=\"https:\/\/digitalextremadura.com\/a-cuanta-gente-conoces-segun-un-informe-tenemos-una-media-de-536-conocidos\/\">Digital Extremadura<\/a>,&nbsp;<a href=\"https:\/\/www.lavozdigital.es\/espana\/abci-cuantos-conocidos-tienes-201911131557_video.html\">La Voz de Cadiz<\/a>,&nbsp;<a href=\"http:\/\/https\/\/www.elprogreso.es\/articulo\/sociedad\/estudio-dice-cada-espanol-conoce-media-536-personas\/201911132047241407178.html\">El Progreso<\/a>, and&nbsp;<a href=\"https:\/\/www.20minutos.es\/videos\/nacional\/4054090-un-estudio-asegura-que-en-espana-tenemos-de-media-536-conocidos\/\">Las Provincias<\/a>. Miranda Lubbers has also been interviewed by Telecinco and Televisi\u00f3n Espa\u00f1ola (13\/11\/2019), and appeared in the radio programs&nbsp;<a href=\"http:\/\/www.aragonradio.es\/radio?reproducir=196740\">Aragon Radio<\/a>&nbsp;(14\/11),&nbsp;<a href=\"http:\/\/www.rtvc.es\/canariasradio\/multimedia\/Buenos%20D%C3%ADas%20Canarias%202%C2%AA%20parte-7800\/15-11-19-573.aspx#.XdJmBdVKiUk\">Radio Auton\u00f3mico Canarias<\/a>&nbsp;(15\/11) and&nbsp;<a href=\"https:\/\/www.ondacero.es\/programas\/julia-en-la-onda\/\">Julia en la Onda<\/a>&nbsp;(18\/11).<\/p>\n\n\n\n<p>Seminari \u201c<strong>Antropologia e interven\u00e7\u00e2o social no campo da educa\u00e7\u00e2o<\/strong>\u201d impartit per Pepi Soto a la Facultat de Filosofia, Lletres i Ci\u00e8ncies Humanes al campus Cidade Universit\u00e1ria de Sao Paulo, en el marc del Conveni Internacional entre la Universidade de Sao Paulo (USP) i la Universitat Aut\u00f2noma de Barcelona (UAB). 16h. Agosto 2019,&nbsp;Universidade de S\u00e2o Paulo, FFLCH.<\/p>\n\n\n\n<p>VI Seminari d\u2019Estudiants en Pr\u00e0ctiques del Grau d\u2019Antropologia Social i Cultural UAB,<strong>&nbsp;\u201cNena&#8230; i de qu\u00e8 treballar\u00e0s? Qu\u00e8 no sabem del m\u00f3n laboral de l\u2019Antropologia?\u201d<\/strong>, organizada por Pepi Soto. 6h. Maig 2019. UAB.&nbsp;<\/p>\n\n\n\n<p>The workshop&nbsp;<strong>&#8220;<a href=\"http:\/\/www.uab.cat\/web\/detalle-de-noticia-1345697212752.html?noticiaid=1345755026736\">Impactos sociales de la Antropolog\u00eda: V Seminario sobre (in)experiencias de pr\u00e1cticas profesionales<\/a><\/strong>&#8220;, organized by Pepi Soto, with the collaboration of the Universidad del Pa\u00eds Vasco, la Universidad de Granada and&nbsp;Universitas Miguel Hern\u00e1ndez, was held on the&nbsp;3rd of May&nbsp;2018. The event reflected upon the role of professionals in anthropology and the social impact they generate in the current world. GRAFO founder&nbsp;Aurora Gonz\u00e1lez also participated as a speaker in the event.&nbsp;<\/p>\n\n\n\n<p>Dissemination about the project&nbsp;ORBITS &#8220;<strong>The Role of Social Transnational Fields in the Emergence, Maintenance and Decay of Ethnic and Demographic Enclaves&#8221;.<\/strong>&nbsp;MINECO-FEDER (CSO2015-68687-P; 2016-2020). Principal investigators: Miranda J. Lubbers &amp; Jos\u00e9 Luis Molina.<\/p>\n\n\n\n<ol class=\"wp-block-list\">\n<li>(2018) El Peri\u00f3dico Mediterr\u00e1neo &#8220;<a href=\"http:\/\/www.elperiodicomediterraneo.com\/noticias\/castellon\/estudio-concluye-azulejo-es-clave-integrar-rumanos_1149023.html\">Un estudio concluye que el azulejo es clave para integrar a los rumanos<\/a>&#8221;&nbsp;<\/li>\n\n\n\n<li>(2018) La Vanguardia &#8220;<a href=\"http:\/\/www.lavanguardia.com\/vida\/20180523\/443782554189\/los-distritos-industriales-claves-en-integracion-inmigrantes-segun-estudio.html\">Los distritos industriales, claves para integraci\u00f3n inmigrantes, seg\u00fan estudio<\/a>&#8220;<\/li>\n\n\n\n<li>(2018) El Peri\u00f3dico &#8220;<a href=\"https:\/\/www.elperiodico.com\/es\/sociedad\/20180523\/los-distritos-industriales-claves-en-integracion-inmigrantes-segun-estudio-6835135\">Los distritos industriales, claves para integraci\u00f3n inmigrantes, seg\u00fan estudio<\/a>&#8220;<\/li>\n\n\n\n<li>(2018) Periodista Digital &#8220;<a href=\"http:\/\/www.periodistadigital.com\/ciencia\/educacion\/2018\/06\/03\/descubren-que-los-distritos-industriales-favorecen-la-integracion-de-los-emigrantes-en-el-nuevo-destino.shtml\">Descubren que los distritos industriales favorecen la integraci\u00f3n de los emigrantes en el nuevo destino<\/a>&#8220;<\/li>\n\n\n\n<li>(2018) Levante EMV &#8220;<a href=\"https:\/\/www.levante-emv.com\/castello\/2018\/05\/24\/estudio-revela-influencia-industria-ceramica\/1722156.html\">Un estudio revela la influencia de la industria cer\u00e1mica en el asentamiento de los rumanos<\/a>&#8220;<\/li>\n\n\n\n<li>(2018)&nbsp;<a href=\"http:\/\/www.uab.cat\/web\/investigar-1345661751408.html\">Press note<\/a>&nbsp;about Industrial Districts and migration enclaves &#8220;Com interaccionen els enclaus migratoris i els districtes industrials?&#8221;<\/li>\n\n\n\n<li>(2018) Interview to Gabriel H\u00e2ncean,&nbsp;Apel Matinal,&nbsp;<a href=\"http:\/\/www.romania-actualitati.ro\/\">Radio Romania Actualitati<\/a>, 29\/01\/2018,&nbsp;<a href=\"http:\/\/www.romania-actualitati.ro\/noi_recorduri_de_audienta_la_radio_romania-98270\">with an audience of 2 million people<\/a><\/li>\n\n\n\n<li>(2018) Video\/interview to Gabriel H\u00e2ncean,&nbsp;Libertatea&nbsp;<a href=\"https:\/\/www.libertatea.ro\/ultima-ora\/videointoarcerea-in-tara-e-ultima-optiune-a-romanilor-din-diaspora-pleaca-din-spania-dar-se-duc-in-nord-2110328\">Video\/\u00centoarcerea \u00een \u021bar\u0103 e ultima op\u021biune a rom\u00e2nilor din Diaspora. \u201dPleac\u0103 din Spania, dar se duc \u00een Nord\u201d<\/a>, 19\/01\/2018, by Ionu\u0163 Iord\u0103chescu.<\/li>\n\n\n\n<li>(2017) Participation in the Commemorative Act of the National Day of Romania jointly with Acci\u00f3 Cultural del Pa\u00eds Valenci\u00e0. Talk by Adriana Suiu, Castell\u00f3 2\/12\/2017.<\/li>\n\n\n\n<li>(2017) Press article about the ORBITS project:&nbsp;<a href=\"https:\/\/www.romania-insider.com\/romania-diaspora-spain-study-interview\/\">What does home now mean for the Romanian diaspora?<\/a>&nbsp;by Diana Mesesan; Romania-Insider.com (29\/11\/2017). With an interview with Gabriel H\u00e2ncean.<\/li>\n\n\n\n<li>(2017) Blog post in&nbsp;<a href=\"https:\/\/evoluntas.wordpress.com\/\">E-voluntas<\/a>&nbsp;(28\/11\/2017).&nbsp;<a href=\"https:\/\/evoluntas.wordpress.com\/2017\/11\/28\/politicas-sociales-e-intercambios-de-apoyo-en-el-campo-transnacional\/\">Pol\u00edticas sociales e intercambios de apoyo en el campo transnacional<\/a>. Isidro Maya-Jariego.<\/li>\n\n\n\n<li>(2017) Thursday, 2nd of&nbsp;November&nbsp;2017, 18:00-19:30.&nbsp;<a href=\"http:\/\/grupsderecerca.uab.cat\/egolab\/sites\/grupsderecerca.uab.cat.egolab\/files\/171002_esp.pdf\">Presentation of the research project ORBITS&nbsp;\u201cLos lazos transnacionales que unen T\u00e2rgovi\u0219te (D\u00e2mbovi\u021ba) y Castell\u00f3n de la Plana (Castell\u00f3n)\u201d<\/a>&nbsp;&#8211; Sala de Conferencias \u2013 Edificio El Menador &#8211; Pla\u00e7a de l&#8217;Hort dels Corders, 4, 12001 Castell\u00f3n de la Plana, Castell\u00f3n.&nbsp;<a href=\"http:\/\/revista-redes.rediris.es\/171102_Prezentarea_ORBITS.pdf\">Press dossier<\/a>.<\/li>\n\n\n\n<li>(2017)&nbsp;<a href=\"http:\/\/www.uji.es\/com\/investigacio\/arxiu\/noticies\/2017\/11\/projecte-orbits\/#\">Nota de prensa<\/a>&nbsp;de la UJI.<\/li>\n\n\n\n<li>(2017) Participation of group members in the&nbsp;<a href=\"http:\/\/www.elperiodicomediterraneo.com\/noticias\/castellon\/9-o-rubrica-hermanamiento-hispano-rumano_1098842.html\">Act of Castell\u00f3 (Spain) and Targoviste (Romania) becoming sister cities<\/a>. Castell\u00f3, October-7, 2017.<\/li>\n\n\n\n<li>(2017)&nbsp;<a href=\"http:\/\/pagines.uab.cat\/orbits\/sites\/pagines.uab.cat.orbits\/files\/kick-off_orbits.pdf\">Kick-off Meeting<\/a>, with the team (Marian-Gabriel H\u00e2ncean, J\u00fcrgen Lerner, Isidro Maya Jariego, Ashton Verdery, Adriana Suiu, Nacho Fradejas, Jos\u00e9 Luis Molina, Miranda Lubbers).&nbsp;UAB, October 10-11, 2016.&nbsp;<\/li>\n<\/ol>\n\n\n\n<p>Selection of press articles about the article<strong>&nbsp;&#8220;<a href=\"http:\/\/journals.plos.org\/plosone\/article?id=10.1371\/journal.pone.0178130\">The dual role of friendship and antipathy relations in the marginalization of overweight children in their peer networks: The TRAILS Study<\/a>&#8220;<\/strong>&nbsp;(Autors: Kayla de la Haye, Jan Kornelis&nbsp;Dijkstra, Miranda J. Lubbers, Loes van Rijsewijk, Ronald Stolck; Date of publication June 7th, 2017, in PLoS One):&nbsp;<\/p>\n\n\n\n<ol class=\"wp-block-list\">\n<li>(2017) CNN Health:&nbsp;<a href=\"http:\/\/edition.cnn.com\/2017\/07\/07\/health\/frenemies-bullying-obesity-study\/index.html\">The children most likely to be bullied by their own friends<\/a><\/li>\n\n\n\n<li>(2017) The Daily Mail:&nbsp;<a href=\"http:\/\/http\/\/www.dailymail.co.uk\/health\/article-4581254\/Overweight-children-popular.html\">Fat-shaming means overweight children really do have fewer friends, are more disliked than their thinner schoolmates and are being turned into social outcasts, claim experts<\/a><\/li>\n\n\n\n<li>(2017) New York Daily News:<a href=\"http:\/\/www.nydailynews.com\/life-style\/health\/overweight-kids-friends-thinner-study-finds-article-1.3232204\">Overweight kinds have less friends than thinner ones, study finds<\/a><\/li>\n\n\n\n<li>(2017) Live Science:&nbsp;<a href=\"https:\/\/www.livescience.com\/59402-overweight-kids-more-likely-to-be-ostracized.html\">Overweight kids more likely to be ostracized<\/a>&nbsp;<\/li>\n\n\n\n<li>(2017) Newsweek:&nbsp;<a href=\"http:\/\/www.newsweek.com\/overweight-kids-child-obesity-friends-623645\">When kids are fat, they are less likely to have friends, study finds<\/a><\/li>\n\n\n\n<li>(2017) US News:&nbsp;<a href=\"http:\/\/health.usnews.com\/health-care\/articles\/2017-06-07\/overweight-kids-pay-a-heavy-social-price\">Overweight kids pay a heavy social price<\/a><\/li>\n\n\n\n<li>(2017) Medical Express:&nbsp;<a href=\"https:\/\/medicalxpress.com\/news\/2017-06-overweight-children-excluded-friendships.html\">Overweight children are excluded from friendships, study finds<\/a><\/li>\n\n\n\n<li>(2017) La Raz\u00f3n:&nbsp;<a href=\"http:\/\/www.larazon.es\/atusalud\/un-estudio-confirma-que-al-gordito-se-le-margina-en-el-patio-AE15333322\">Un estudio confirma que al &#8220;gordito&#8221; se le margina en el patio<\/a><\/li>\n<\/ol>\n\n\n\n<p>Dissemination about the project E<strong>NCLAVE &#8211; Social entrepreneurship: local embeddedness, social networking sites and theoretical development (2013-2015)<\/strong>. MINECO (CSO2012-32635). Investigador responsable: Jos\u00e9 Luis Molina.<\/p>\n\n\n\n<ol class=\"wp-block-list\">\n<li>(2016) Participation of Jos\u00e9 Luis Molina in the round table discussion &#8220;<a href=\"https:\/\/pad.lamardebits.org\/p\/citilab30112016mapeig\">Iniciativas de mapeo para identificar la innovaci\u00f3n en nuestro territorio<\/a>&#8220;, at the&nbsp;<a href=\"http:\/\/punttic.gencat.cat\/es\/esdeveniment\/jornada-sobre-innovacion-social-digital-y\">Jornada Innovaci\u00f3n Social, Digital y Responsable<\/a>, November 30th, 2016, presenting the conclusions of the project ENCLAVE (<a href=\"https:\/\/pbs.twimg.com\/media\/CygVhxaWIAAMY1J.jpg\">foto<\/a>).<\/li>\n\n\n\n<li>(2016) Dissemination of the results of the project:&nbsp;<a href=\"http:\/\/www.uab.cat\/web\/detalle-noticia-1345680342040.html?noticiaid=1345725176327\">UAB-Divulga<\/a>.<\/li>\n\n\n\n<li>(2016) Hugo Valenzuela-Garc\u00eda, Jos\u00e9 Luis Molina, Miranda J. Lubbers, Paula Escribano &amp; Marta Lobato.&nbsp;<a href=\"http:\/\/grupsderecerca.uab.cat\/egolab\/sites\/grupsderecerca.uab.cat.egolab\/files\/Informe_transferencia_enclave.pdf\">L\u2019Emprenedoria social a Catalunya. Informe de resultats<\/a>. October 2016.<\/li>\n\n\n\n<li>(2016)&nbsp;Escribano, Paula.&nbsp;<a href=\"http:\/\/grupsderecerca.uab.cat\/egolab\/sites\/grupsderecerca.uab.cat.egolab\/files\/Las%20redes%20de%20apoyo%20al%20proyecto_0.pdf\">Las redes de apoyo al proyecto.<\/a>&nbsp;Training session for social entrepreneurs in collaboration with EStarter, June 2016.<\/li>\n\n\n\n<li>(2015)&nbsp;Mart\u00ednez-Cuero, J.&nbsp;<a href=\"http:\/\/grupsderecerca.uab.cat\/egolab\/sites\/grupsderecerca.uab.cat.egolab\/files\/Informe%20cooperativas_definitivo.pdf\">El sector tradicional de la econom\u00eda social catalana. Cooperativas y sociedades laborales<\/a>.Dissemination report.<\/li>\n\n\n\n<li><a href=\"http:\/\/grupsderecerca.uab.cat\/egolab\/content\/social-capital-companion\">Android App&nbsp;&#8220;Social Capital Companion<\/a>&#8220;.<\/li>\n\n\n\n<li>(2014) Article in&nbsp;<a href=\"http:\/\/www.elperiodic.ad\/noticia\/46087\/els-empresaris-forans-amb-negocis-al-pais-augmenten-un-4\" target=\"_blank\" rel=\"noreferrer noopener\">El Peri\u00f3dico de Andorra<\/a>&nbsp;about the research of doctoral student Judith Pampalona i Tarr\u00e9s about enterpreneurs \u00ab<a href=\"http:\/\/www.elperiodic.ad\/entrevista\/46124\/judith-pampalona-els-limits-economics-si-han-tingut-algun-efecte\" target=\"_blank\" rel=\"noreferrer noopener\">Els l\u00edmits econ\u00f2mics s\u00ed han tingut algun efecte<\/a>\u00bb.<\/li>\n\n\n\n<li>(2014) Jornada &#8220;<a href=\"http:\/\/barcelona.impacthub.net\/event\/research-workshop-the-personal-networks-of-social-entrepreneurs%C2%AD\/\">Les xarxes personals dels emprenedors socials<\/a>&#8220;, December 4th, 2014, 10:00 &#8211; 13:30 atl Impact Hub\u2013 Barcelona (Pla\u00e7a Reial, 18- Barcelona).<\/li>\n\n\n\n<li>(2014) Participatiom in te doctoral program in &#8220;Local Development and International Collaboration&#8221;, Universitat Jaume I, Castell\u00f3 &#8220;<a href=\"http:\/\/ujiapps.uji.es\/com\/agenda\/2014\/12\/03\/conferencia-jose-molina\/\">Enclavaments \u00e8tnics i camps transnacionals<\/a>&#8220;, 3-12-2014.<\/li>\n\n\n\n<li><a href=\"http:\/\/www.uab.es\/servlet\/Satellite\/uab-innova-1295852744516.html\">UAB-INNOVA: Launch of an App for improving the contact network of social entrepreneurs.<\/a><\/li>\n\n\n\n<li><a href=\"http:\/\/www.inf.uni-konstanz.de\/algo\/software\/scc\/\">Launch of the beta version of the Social Capital Companion.<\/a>&nbsp;<strong>Press note<\/strong>&nbsp;[<a href=\"http:\/\/grupsderecerca.uab.cat\/egolab\/sites\/grupsderecerca.uab.cat.egolab\/files\/App%20Emprenedors%20Socials_JL_MJ_OK_esp.pdf\">castellano<\/a>] [<a href=\"http:\/\/grupsderecerca.uab.cat\/egolab\/sites\/grupsderecerca.uab.cat.egolab\/files\/App%20Emprenedors%20Socials_JL_MJ_OK_ca.pdf\">catal\u00e1n<\/a>]<\/li>\n\n\n\n<li><a href=\"http:\/\/programes.laxarxa.com\/audio\/49556\">Interview with Hugo Valenzuela in the radio program La Xarxa about money and social currencies (9-3-2013<\/a>).<\/li>\n\n\n\n<li><a href=\"http:\/\/blogs.uab.cat\/enclave\/\">Blog of the projecto ENCLAVE<\/a>&nbsp;edited by Sara Revilla G\u00fatiez.<\/li>\n<\/ol>\n\n\n\n<p>Dissemination about the project&nbsp;<strong>ITINERE. Perfiles de empresariado \u00e9tnico emigrante en Espa\u00f1a.&nbsp;<\/strong>MICINN CSO2009-07057.<\/p>\n\n\n\n<ol class=\"wp-block-list\">\n<li><strong><a href=\"http:\/\/grupsderecerca.uab.cat\/egolab\/content\/%C2%BFeres-emprendedora-de-origen-emigrante-visualiza-compara-y-desarrolla-tu-red-personal\">\u00bfEres empresario\/a de origen emigrante? Visualiza, compara y desarrolla tu red personal.<\/a><\/strong><\/li>\n\n\n\n<li><strong><a href=\"http:\/\/grupsderecerca.uab.cat\/egolab\/sites\/grupsderecerca.uab.cat.egolab\/files\/Autodiagnostico%20de%20emprendedores%20de%20origen%20emigrante.pdf\">Autodiagn\u00f3stico de la red personal de empresarios de origen emigrante.<\/a>&nbsp;[<a href=\"http:\/\/grupsderecerca.uab.cat\/egolab\/sites\/grupsderecerca.uab.cat.egolab\/files\/PORTADA.pdf\">Portada<\/a>]<\/strong><\/li>\n\n\n\n<li>UABDivulga&nbsp;<strong>&#8211;&nbsp;<\/strong>12\/2012 &#8211;&nbsp;<a href=\"http:\/\/www.uab.es\/servlet\/Satellite?cid=1096481464166&amp;pagename=UABDivulga%2FPage%2FTemplatePageDetallArticleInvestigar&amp;param1=1345648275855\">Empresaris immigrants en temps de crisi econ\u00f2mica<\/a>.<\/li>\n\n\n\n<li>Entrevista a Jos\u00e9 Luis Molina y Albert D\u00edaz-Guilera al programa Tend\u00e8ncies (11-18&#8242;). Febrer 2013.<\/li>\n<\/ol>\n\n\n\n<p>Dissemination about the project&nbsp;<strong>Remesas y redes sociales trasnacionales: implicaciones para el desarrollo econ\u00f3mico peruano<\/strong>&nbsp;(AECID)<\/p>\n\n\n\n<ol class=\"wp-block-list\">\n<li>(2009). Molina, JL &amp; Javier \u00c1vila (eds.). &#8220;<strong>Antropolog\u00eda y redes sociales. Una introducci\u00f3n a UCInet6-NetDraw, EgoNet y el an\u00e1lisis comparado con SPSS<\/strong>&#8220;. [<a href=\"http:\/\/revista-redes.rediris.es\/recerca\/Egoredes\/antropologia_y_redes_sociales.pdf\">pdf<\/a>] [<a href=\"http:\/\/revista-redes.rediris.es\/recerca\/Egoredes\/inmigrantes_espana.zip\">zip<\/a>]<\/li>\n\n\n\n<li>(2010). \u00c1vila Molero, Javier &amp; Jos\u00e9 Luis Molina. &#8220;<strong>La entrevista reticular con EgoNet en la investigaci\u00f3n de remesas<\/strong>&#8220;. [<a href=\"http:\/\/revista-redes.rediris.es\/recerca\/Egoredes\/entre_ret.pdf\" target=\"_blank\" rel=\"noreferrer noopener\">pdf<\/a>]<\/li>\n<\/ol>\n\n\n\n<p><strong>General collaborations and social entities:<\/strong><\/p>\n\n\n\n<ul class=\"wp-block-list\">\n<li><strong>Pepi Soto<\/strong>&nbsp;organizes a workshop for families &#8220;<a href=\"https:\/\/obrimfronteres.wordpress.com\/2017\/04\/24\/25a-taller-familiar-persones-com-tu-i-com-jo-parlant-del-refugi-amb-infants-joves-i-families\/\">Persones com tu i com jo. Parlant del refugi amb infants, joves i fam\u00edlies<\/a>&#8221; in the Museum of World Cultures in Barcelona, April 25th, 2017<\/li>\n\n\n\n<li><strong>Virginia Fons<\/strong>&nbsp;was invited to give a seminar at the&nbsp;<a href=\"http:\/\/museuculturesmon.bcn.cat\/\">Museum of Cultures<\/a>&nbsp;in Barcelona, in January 2017, about &#8220;The structure of thought and African religiosity in a new context&#8221;.<\/li>\n\n\n\n<li><strong>Jorge Grau<\/strong>&nbsp;gave a talk at the advertising agency Lola Mullenlowe about rupture in the digital era (January 2016).<\/li>\n\n\n\n<li><strong>Jos\u00e9 Luis Molina<\/strong>&nbsp;appeared, in the TV3 program &#8220;30 minutes&#8221; with the contribution &#8220;<a href=\"http:\/\/www.ccma.cat\/tv3\/alacarta\/30-minuts\/no-puc-viure-sense-tu\/video\/5585176\/#\">No puc viure sense tu<\/a>&#8220;. [&#8220;I can\u00b4t live without you&#8221;] in 2016 about the effect of social media in human relationships<\/li>\n\n\n\n<li><strong>Jos\u00e9 Luis Molina<\/strong>&nbsp;(March 2015) collaborated in the program&nbsp;<a href=\"http:\/\/www.ondacero.es\/julia-en-la-onda\/gabinete\/gabinete-moviles_2015030200404.html\">J\u00falia en la Onda &#8211; Onda Cero about the cultural effects of mobile phones<\/a>, Onda Cero, coinciding with the Mobile World Congress in Barcelona.<\/li>\n\n\n\n<li><strong>Hugo Valenzuela<\/strong>&nbsp;gave an interview to the newspaper ARA about consumption patterns in society, to the radio program La Xarxa about social currencies,<\/li>\n\n\n\n<li><strong>Hugo Valenzuela<\/strong>&nbsp;participated in a TV program (RTVE) on urban orchards and neo-rural movements.<\/li>\n\n\n\n<li><strong>Maria Vald\u00e9s<\/strong>&nbsp;carried out a campaign to promote anthropology through social media (<a href=\"https:\/\/www.youtube.com\/watch?v=TDrI42nc51k%20\">https:\/\/www.youtube.com\/watch?v=TDrI42nc51k<\/a>&nbsp;(UNED\/RTVE).<\/li>\n\n\n\n<li><strong>Jordi Grau Rebollo,<\/strong>&nbsp;2012, collaborates with the radio program&nbsp;<em>Humans<\/em>. Catalunya R\u00e0dio (14 programes).&nbsp;<a href=\"http:\/\/www.catradio.cat\/programa\/1418\/Humans\">http:\/\/www.catradio.cat\/programa\/1418\/Humans<\/a>.<\/li>\n\n\n\n<li><strong>Aurora Gonz\u00e1lez Echevarr\u00eda.&nbsp;<\/strong>Participation in the TV program&nbsp;<a href=\"http:\/\/www.tv3.cat\/3alacarta\/#\/videos\/862509\">&#8216;La nit dels antrop\u00f2legs&#8217;<\/a>&nbsp;of the serie&nbsp;<em>Millennium.Preguntes amb resposta&nbsp;<\/em>de TV3. 29\/11\/2011.<\/li>\n\n\n\n<li><strong>Anna Piella Vila&nbsp;<\/strong>Collaboration in la section &#8216;el lector\/el experto&#8217; of the newspaper El Peri\u00f3dico de Catalunya, edition 27\/05\/2010.<\/li>\n\n\n\n<li><strong>Anna Piella Vila&nbsp;<\/strong>Assessment of the design proces of the documentary &#8216;Abor\u00edgens Australians. L&#8217;her\u00e8ncia dels avantpassats&#8217; of the serie N\u00f3mades de la Condici\u00f3 Humana. Production: Orbita Max, RBA Holding Editorial, TVE i V\u00eda Digital. 2002 (TV3, 2004).<\/li>\n<\/ul>\n","protected":false},"excerpt":{"rendered":"<p>Jornada FOESSA Catalunya \u2013 \u201cDe la societat fragmentada a l\u2019esperan\u00e7a compartida\u201d. With the participation of GRAFO members. Parir en el Oriente. Documentary series about black women from the Colombian Pacific and their experiences with traditional midwifery. Made by Fundaci\u00f3n Matamba with the support of GRAFO. L\u2019\u00e8tica en la recerca a la UAB: Els primers trenta [&hellip;]<\/p>\n","protected":false},"author":20,"featured_media":0,"parent":0,"menu_order":0,"comment_status":"closed","ping_status":"closed","template":"","meta":{"footnotes":""},"class_list":["post-292","page","type-page","status-publish","hentry"],"_links":{"self":[{"href":"https:\/\/webs.uab.cat\/grafo\/en\/wp-json\/wp\/v2\/pages\/292","targetHints":{"allow":["GET"]}}],"collection":[{"href":"https:\/\/webs.uab.cat\/grafo\/en\/wp-json\/wp\/v2\/pages"}],"about":[{"href":"https:\/\/webs.uab.cat\/grafo\/en\/wp-json\/wp\/v2\/types\/page"}],"author":[{"embeddable":true,"href":"https:\/\/webs.uab.cat\/grafo\/en\/wp-json\/wp\/v2\/users\/20"}],"replies":[{"embeddable":true,"href":"https:\/\/webs.uab.cat\/grafo\/en\/wp-json\/wp\/v2\/comments?post=292"}],"version-history":[{"count":9,"href":"https:\/\/webs.uab.cat\/grafo\/en\/wp-json\/wp\/v2\/pages\/292\/revisions"}],"predecessor-version":[{"id":2761,"href":"https:\/\/webs.uab.cat\/grafo\/en\/wp-json\/wp\/v2\/pages\/292\/revisions\/2761"}],"wp:attachment":[{"href":"https:\/\/webs.uab.cat\/grafo\/en\/wp-json\/wp\/v2\/media?parent=292"}],"curies":[{"name":"wp","href":"https:\/\/api.w.org\/{rel}","templated":true}]}}