{"id":186,"date":"2012-03-03T13:38:03","date_gmt":"2012-03-03T11:38:03","guid":{"rendered":"https:\/\/webs.uab.cat\/grafo\/contacte\/"},"modified":"2025-02-25T13:51:06","modified_gmt":"2025-02-25T11:51:06","slug":"contacte","status":"publish","type":"page","link":"https:\/\/webs.uab.cat\/grafo\/contacte\/","title":{"rendered":"Contacte"},"content":{"rendered":"\n<p><strong>Direcci\u00f3 postal<\/strong><\/p>\n\n\n\n<p>GRAFO (Grup de Recerca en Antropologia Fonamental i Orientada)<\/p>\n\n\n\n<p>Departament d&#8217;Antropologia Social i Cultural<br>Edifici B &#8211; Facultat de Lletres<br>08193 Bellaterra (Cerdanyola del Vall\u00e8s)<br>Tel.: +34 93 581 12 39&nbsp;&nbsp;Fax: +34 93 581 11 40<\/p>\n\n\n\n<p><strong>Correu electr\u00f2nic<\/strong>: grafo@grafo.cat<\/p>\n\n\n\n<p><strong>P\u00e0gina web<\/strong>: <a href=\"http:\/\/webs.uab.cat\/grafo\/\">http:\/\/webs.uab.cat\/grafo\/<\/a>&nbsp;&nbsp;&nbsp; &nbsp;<\/p>\n\n\n\n<p><a href=\"http:\/\/www.grafo.cat\">http:\/\/www.grafo.cat<\/a><\/p>\n\n\n\n<p><a class=\"twitter-follow-button\" href=\"https:\/\/twitter.com\/GrafoUab?ref_src=twsrc%5Etfw\">Follow @GrafoUab<\/a><\/p>\n\n\n<div class=\"wp-block-image\">\n<figure class=\"aligncenter\"><img loading=\"lazy\" decoding=\"async\" width=\"450\" height=\"600\" src=\"https:\/\/webs.uab.cat\/grafo\/wp-content\/uploads\/sites\/227\/2012\/03\/dept.jpg\" alt=\"dept.jpg\" class=\"wp-image-183\" srcset=\"https:\/\/webs.uab.cat\/grafo\/wp-content\/uploads\/sites\/227\/2012\/03\/dept.jpg 450w, https:\/\/webs.uab.cat\/grafo\/wp-content\/uploads\/sites\/227\/2012\/03\/dept-225x300.jpg 225w\" sizes=\"auto, (max-width: 450px) 100vw, 450px\" \/><\/figure>\n<\/div>","protected":false},"excerpt":{"rendered":"<p>Direcci\u00f3 postal GRAFO (Grup de Recerca en Antropologia Fonamental i Orientada) Departament d&#8217;Antropologia Social i CulturalEdifici B &#8211; Facultat de Lletres08193 Bellaterra (Cerdanyola del Vall\u00e8s)Tel.: +34 93 581 12 39&nbsp;&nbsp;Fax: +34 93 581 11 40 Correu electr\u00f2nic: grafo@grafo.cat P\u00e0gina web: http:\/\/webs.uab.cat\/grafo\/&nbsp;&nbsp;&nbsp; &nbsp; http:\/\/www.grafo.cat Follow @GrafoUab<\/p>\n","protected":false},"author":20,"featured_media":0,"parent":0,"menu_order":0,"comment_status":"closed","ping_status":"closed","template":"","meta":{"footnotes":""},"class_list":["post-186","page","type-page","status-publish","hentry"],"_links":{"self":[{"href":"https:\/\/webs.uab.cat\/grafo\/wp-json\/wp\/v2\/pages\/186","targetHints":{"allow":["GET"]}}],"collection":[{"href":"https:\/\/webs.uab.cat\/grafo\/wp-json\/wp\/v2\/pages"}],"about":[{"href":"https:\/\/webs.uab.cat\/grafo\/wp-json\/wp\/v2\/types\/page"}],"author":[{"embeddable":true,"href":"https:\/\/webs.uab.cat\/grafo\/wp-json\/wp\/v2\/users\/20"}],"replies":[{"embeddable":true,"href":"https:\/\/webs.uab.cat\/grafo\/wp-json\/wp\/v2\/comments?post=186"}],"version-history":[{"count":3,"href":"https:\/\/webs.uab.cat\/grafo\/wp-json\/wp\/v2\/pages\/186\/revisions"}],"predecessor-version":[{"id":1887,"href":"https:\/\/webs.uab.cat\/grafo\/wp-json\/wp\/v2\/pages\/186\/revisions\/1887"}],"wp:attachment":[{"href":"https:\/\/webs.uab.cat\/grafo\/wp-json\/wp\/v2\/media?parent=186"}],"curies":[{"name":"wp","href":"https:\/\/api.w.org\/{rel}","templated":true}]}}