{"id":148,"date":"2024-01-18T15:17:16","date_gmt":"2024-01-18T15:17:16","guid":{"rendered":"https:\/\/webs.uab.cat\/grampo-sappo\/?page_id=148"},"modified":"2024-03-11T10:47:23","modified_gmt":"2024-03-11T10:47:23","slug":"vilanera","status":"publish","type":"page","link":"https:\/\/webs.uab.cat\/grampo-sappo\/vilanera\/","title":{"rendered":"Vilanera"},"content":{"rendered":"\n<h2 class=\"wp-block-heading alignwide\"><strong>Projecte a l&#8217;\u00e0rea megal\u00edtica de Vilanera -Emp\u00faries<\/strong><\/h2>\n\n\n\n<div class=\"wp-block-columns alignwide is-layout-flex wp-container-core-columns-is-layout-9d6595d7 wp-block-columns-is-layout-flex\">\n<div class=\"wp-block-column is-layout-flow wp-block-column-is-layout-flow\">\n<p class=\"has-drop-cap\">El projecte arqueol\u00f2gic que desenvolupem al voltant del conjunt neol\u00edtic de Vilanera-Emp\u00faries, localitzat al municipi de l\u2019Escala, porta per t\u00edtol<em> \u201cEl poblament del periode neol\u00edtic en la desembocadura del Ter: Vilanera\/Emp\u00faries i el seu entorn\u201d (CLT 2022\/000123)<\/em>.<\/p>\n\n\n\n<p>Part de la recerca s\u2019ha focalitzat en ampliar el coneixement de la implantaci\u00f3 i din\u00e0mica de poblament dels primers pagesos i ramaders del neol\u00edtic antic i mitj\u00e0 en un territori costaner i en una de les \u00e0rees geogr\u00e0fiques m\u00e9s emblem\u00e0tiques del pa\u00eds, com \u00e9s l\u2019hinterland d\u2019Emp\u00faries. Aquesta actuaci\u00f3 forma part d\u2019un projecte de recerca programada, i en curs, amb una clara orientaci\u00f3 interdisciplin\u00e0ria, s\u2019inclou en l\u2019actual Programa de Recerca Arqueol\u00f2giques del la Generalitat de Catalunya i est\u00e0 desenvolupat per un equip d\u2019arque\u00f2logues\/s del Departament de Prehist\u00f2ria de la UAB, de l\u2019Empresa Baula.<\/p>\n\n\n\n<p>Tot el coneixement i l\u2019exist\u00e8ncia d\u2019uns precedents en l\u2019an\u00e0lisi de les ocupacions d\u2019\u00e8poca prehist\u00f2rica recent en la zona, el projecte t\u00e9 per objectiu ordenar i sistematitzar aquests&nbsp; coneixements previs, i ampliar-ho gr\u00e0cies a l\u2019estudi de materials antics i treballs de camp que cobreixen des de la prospecci\u00f3 en l\u2019\u00e0rea de l\u2019antiga desembocadura del riu Ter si b\u00e9 sobretot&nbsp; l\u2019excavaci\u00f3 programada en l\u2019\u00e0rea arqueol\u00f2gica de Vilanera (L\u2019Escala).&nbsp;<\/p>\n\n\n\n<p>En aquest context de recerca, s\u2019ha treballat tres nivells:<\/p>\n\n\n\n<div class=\"wp-block-columns is-layout-flex wp-container-core-columns-is-layout-829b1d53 wp-block-columns-is-layout-flex\" style=\"margin-bottom:0\">\n<div class=\"wp-block-column has-verd-tropic-background-color has-text-color has-background has-link-color wp-elements-d5b6d9dee2929878dab9dc7e7735b72e is-layout-flow wp-block-column-is-layout-flow\" style=\"color:#000000;padding-top:2em;padding-right:2em;padding-bottom:2em;padding-left:2em\">\n<h2 class=\"wp-block-heading has-text-align-center\" id=\"single\" style=\"font-size:40px\"><strong>1<\/strong><\/h2>\n\n\n\n<p class=\"has-blanc-coco-color has-text-color has-link-color has-normal-font-size wp-elements-e38f32c2bf5ecf362202500a3b646af8\"><strong>Documentaci\u00f3 i an\u00e0lisi de materials arqueol\u00f2gics procedent d\u2019antigues troballes<\/strong><\/p>\n\n\n\n<p class=\"has-small-font-size\">Aquest seria l\u2019objectiu de la revisi\u00f3 del el material de les Corts (l\u2019Escala).<\/p>\n<\/div>\n\n\n\n<div class=\"wp-block-column has-verd-tropic-background-color has-text-color has-background has-link-color wp-elements-3b10f15e8d1063ef175a4793ddd60437 is-layout-flow wp-block-column-is-layout-flow\" style=\"color:#000000;padding-top:2em;padding-right:2em;padding-bottom:2em;padding-left:2em\">\n<h2 class=\"wp-block-heading has-text-align-center\" id=\"family\" style=\"font-size:40px\"><strong>2<\/strong><\/h2>\n\n\n\n<p class=\"has-blanc-coco-color has-text-color has-link-color has-normal-font-size wp-elements-2aa86a05bd067663b7c3d9242927016f\"><strong>An\u00e0lisis arqueom\u00e8triques <\/strong><\/p>\n\n\n\n<p class=\"has-small-font-size\">Destaca l\u2019an\u00e0lisi de residus org\u00e0nics del material cer\u00e0mic del Cau de les Guilles (Breu 2019) i la revisi\u00f3 dels materials de&nbsp; Saus II, Camp dels Moros (Faro 2021), Les Corts i Emp\u00faries (Molist, Bach en prep).<\/p>\n<\/div>\n\n\n\n<div class=\"wp-block-column has-verd-tropic-background-color has-text-color has-background has-link-color wp-elements-19a83c4e8ff4e65c044b9322bd5c428b is-layout-flow wp-block-column-is-layout-flow\" style=\"color:#000000;padding-top:2em;padding-right:2em;padding-bottom:2em;padding-left:2em\">\n<h2 class=\"wp-block-heading has-text-align-center\" id=\"patron\" style=\"font-size:40px\">3<\/h2>\n\n\n\n<p class=\"has-blanc-coco-color has-text-color has-link-color has-normal-font-size wp-elements-41823ee83496eec98590b08d17123ecb\"><strong>Represa de les excavacions en el conjunt arqueol\u00f2gic de Vilanera<\/strong><\/p>\n<\/div>\n<\/div>\n\n\n\n<p><\/p>\n\n\n\n<p><strong>La tasca principal i m\u00e9s significativa, ha estat la represa de les excavacions en el conjunt arqueol\u00f2gic de Vilanera,<\/strong> amb dues campanyes arqueol\u00f2giques desenvolupades des del 2018: <\/p>\n\n\n\n<ul class=\"wp-block-list\">\n<li class=\"has-small-font-size\">CLT 009\/18\/00015<\/li>\n\n\n\n<li class=\"has-small-font-size\">CLT-2022-EXP-ARQ001SOLC-00000123. <\/li>\n<\/ul>\n\n\n\n<p>M\u00e9s espec\u00edficament, aquests treballs de camp han tingut com a objectiu principal l\u2019ampliaci\u00f3 del coneixement conjunt sepulcral megal\u00edtic del neol\u00edtic mitj\u00e0 &nbsp;i s\u2019ha centrat exclusivament en la delimitaci\u00f3 i documentaci\u00f3 gr\u00e0fica i fotogram\u00e8trica de l\u2019estructura neol\u00edtica.<\/p>\n\n\n\n<h2 class=\"wp-block-heading alignwide has-text-align-left\">El conjunt neol\u00edtic de Vilanera<\/h2>\n\n\n\n<p class=\"has-drop-cap\">El seu descobriment, i les primeres intervencions, es van realitzar en el marc d\u2019una intervenci\u00f3 d\u2019urg\u00e8ncia, quan la zona s\u2019havia de convertir en un camp de golf,&nbsp; entre el 1999 i 2000. Davant la troballa d\u2019una gran necr\u00f2polis de l\u2019edat del Bronze Final i I Edat del Ferro, que s\u2019estenia per diversos sectors es van reprendre l\u2019excavaci\u00f3 l\u2019any 2016 i 2017 per part de l\u2019empresa Baula. Els treballs d\u2019excavaci\u00f3 s\u2019han centrat a l\u2019anomenat sector 3, punt on es troba on es va localitza i excavar la cambra funer\u00e0ria (t\u00famul 2).<\/p>\n\n\n\n<p>En aquest sentit, les campanyes realitzades en el marc del projecte de recerca realitzades entre 2018 i 2023 s\u2019han centrat els seus esfor\u00e7os en la delimitaci\u00f3 i l\u2019excavaci\u00f3 del gran t\u00famul (T\u00famul 2) que protegia diverses inhumacions i una estructura megal\u00edtica central, que es va poder adscriure a un primer per\u00edode d\u2019\u00fas funerari d\u2019aquesta zona durant el neol\u00edtic mitj\u00e0 inicial.<\/p>\n\n\n<div class=\"wp-block-image\">\n<figure class=\"aligncenter size-large\"><img loading=\"lazy\" decoding=\"async\" width=\"1024\" height=\"682\" src=\"https:\/\/webs.uab.cat\/grampo-sappo\/wp-content\/uploads\/sites\/386\/2024\/01\/Vilanera_1-1024x682.png\" alt=\"\" class=\"wp-image-214\" srcset=\"https:\/\/webs.uab.cat\/grampo-sappo\/wp-content\/uploads\/sites\/386\/2024\/01\/Vilanera_1-1024x682.png 1024w, https:\/\/webs.uab.cat\/grampo-sappo\/wp-content\/uploads\/sites\/386\/2024\/01\/Vilanera_1-300x200.png 300w, https:\/\/webs.uab.cat\/grampo-sappo\/wp-content\/uploads\/sites\/386\/2024\/01\/Vilanera_1-768x512.png 768w, https:\/\/webs.uab.cat\/grampo-sappo\/wp-content\/uploads\/sites\/386\/2024\/01\/Vilanera_1.png 1043w\" sizes=\"auto, (max-width: 1024px) 100vw, 1024px\" \/><figcaption class=\"wp-element-caption\">Vista del conjunt Neol\u00edtic de Vilanera (Any 2022).<\/figcaption><\/figure>\n<\/div>\n\n\n<p>Els resultats d\u2019aquests treballs han perm\u00e8s ampliar l\u2019extensi\u00f3 del conjunt megal\u00edtic vers el nord (limitant amb el cam\u00ed actual) i vers el sud-est i sud-oest dels t\u00famuls 2 i 3. S\u2019ha evidenciat que aquestes estructures s\u2019estenen fent una pendent desigual vers el sud i que aquests treballs van implicar l\u2019adopci\u00f3 d\u2019estrat\u00e8gies de contenci\u00f3 del propi t\u00famul mitjan\u00e7ant alineacions de pedra, a mode de parets i forats de pal dipositats perimetralment, si b\u00e9 de moment nom\u00e9s recuperats al sud-est de l\u2019\u00e0rea treballada i associats al t\u00famul 3. Aix\u00ed tamb\u00e9 s\u2019ha enregistrat espacialment el material dispers adscrit al per\u00edode del Bronze final i I edat del Ferro, ajudant a entendre la din\u00e0mica de freq\u00fcentaci\u00f3 i colmantaci\u00f3 d\u2019aquest moment i com aquest afecta l\u2019espai funerari neol\u00edtic. Es confirma, doncs,&nbsp; que estem davant d\u2019un espai amb una llarga tradici\u00f3 funer\u00e0ria, que comen\u00e7aria la seva ocupaci\u00f3 durant el neol\u00edtic, pels voltants del 4500 aC, i que va ser reutilitzat, despr\u00e9s d\u2019un llarg per\u00edode d\u2019abandonament, segles m\u00e9s tard, durant el Bronze Final i els inicis de l\u2019edat del Ferro, es va estendre als peus del tur\u00f3, ja al segles VII-VI aC.<\/p>\n<\/div>\n<\/div>\n\n\n\n<div class=\"wp-block-columns alignwide is-layout-flex wp-container-core-columns-is-layout-9d6595d7 wp-block-columns-is-layout-flex\">\n<div class=\"wp-block-column is-layout-flow wp-block-column-is-layout-flow\">\n<h2 class=\"wp-block-heading\">Articles cient\u00edfics relacionats<\/h2>\n\n\n\n<p>En construcci\u00f3\u2026<\/p>\n<\/div>\n<\/div>\n","protected":false},"excerpt":{"rendered":"<p>Projecte a l&#8217;\u00e0rea megal\u00edtica de Vilanera -Emp\u00faries El projecte arqueol\u00f2gic que desenvolupem al voltant del conjunt neol\u00edtic de Vilanera-Emp\u00faries, localitzat al municipi de l\u2019Escala, porta per t\u00edtol \u201cEl poblament del periode neol\u00edtic en la desembocadura del Ter: Vilanera\/Emp\u00faries i el seu entorn\u201d (CLT 2022\/000123). Part de la recerca s\u2019ha focalitzat en ampliar el coneixement de [&hellip;]<\/p>\n","protected":false},"author":2843,"featured_media":0,"parent":0,"menu_order":0,"comment_status":"closed","ping_status":"closed","template":"","meta":{"footnotes":""},"class_list":["post-148","page","type-page","status-publish","hentry"],"_links":{"self":[{"href":"https:\/\/webs.uab.cat\/grampo-sappo\/wp-json\/wp\/v2\/pages\/148","targetHints":{"allow":["GET"]}}],"collection":[{"href":"https:\/\/webs.uab.cat\/grampo-sappo\/wp-json\/wp\/v2\/pages"}],"about":[{"href":"https:\/\/webs.uab.cat\/grampo-sappo\/wp-json\/wp\/v2\/types\/page"}],"author":[{"embeddable":true,"href":"https:\/\/webs.uab.cat\/grampo-sappo\/wp-json\/wp\/v2\/users\/2843"}],"replies":[{"embeddable":true,"href":"https:\/\/webs.uab.cat\/grampo-sappo\/wp-json\/wp\/v2\/comments?post=148"}],"version-history":[{"count":6,"href":"https:\/\/webs.uab.cat\/grampo-sappo\/wp-json\/wp\/v2\/pages\/148\/revisions"}],"predecessor-version":[{"id":466,"href":"https:\/\/webs.uab.cat\/grampo-sappo\/wp-json\/wp\/v2\/pages\/148\/revisions\/466"}],"wp:attachment":[{"href":"https:\/\/webs.uab.cat\/grampo-sappo\/wp-json\/wp\/v2\/media?parent=148"}],"curies":[{"name":"wp","href":"https:\/\/api.w.org\/{rel}","templated":true}]}}