{"id":187,"date":"2017-12-12T14:03:45","date_gmt":"2017-12-12T14:03:45","guid":{"rendered":"https:\/\/webs.uab.cat\/greal\/carmen-rodriguez-gonzalo\/"},"modified":"2022-07-26T17:21:44","modified_gmt":"2022-07-26T17:21:44","slug":"carmen-rodriguez-gonzalo","status":"publish","type":"page","link":"https:\/\/webs.uab.cat\/greal\/carmen-rodriguez-gonzalo\/","title":{"rendered":"Carmen Rodr\u00edguez Gonzalo"},"content":{"rendered":"<p class=\"rtejustify\"><img loading=\"lazy\" decoding=\"async\" class=\" size-full wp-image-184\" alt=\"carme_rodriguez_0.jpg\" src=\"https:\/\/webs.uab.cat\/greal\/wp-content\/uploads\/sites\/69\/2017\/12\/carme_rodriguez_0.jpg\" style=\"width:184px; height:184px; float:left\" width=\"184\" height=\"184\" srcset=\"https:\/\/webs.uab.cat\/greal\/wp-content\/uploads\/sites\/69\/2017\/12\/carme_rodriguez_0.jpg 184w, https:\/\/webs.uab.cat\/greal\/wp-content\/uploads\/sites\/69\/2017\/12\/carme_rodriguez_0-150x150.jpg 150w\" sizes=\"auto, (max-width: 184px) 100vw, 184px\" \/>Professora de la Universitat de Val\u00e8ncia<\/p>\n<p class=\"rtejustify\">Adre\u00e7a electr\u00f2nica: carmen.rdez-gonzalo@uv.es<br \/>\nLlicenciada en Filologia Hisp\u00e0nica (Ling\u00fc\u00edstica) per la Universidad Complutense de Madrid i doctora en Did\u00e0ctica de la Llengua per la Universitat de Val\u00e8ncia amb la tesi El saber gramatical sobre los tiempos del pasado en alumnos de 4\u00ba de Secundaria Obligatoria. Las relaciones entre conceptualizaci\u00f3n y uso ling\u00fc\u00edstico, dirigida per la Dra. Anna Camps.<\/p>\n<p class=\"rtejustify\">\u00c9s professora del Departament de Did\u00e0ctica de la Llengua i la Literatura de la Universitat de Val\u00e8ncia i catedr\u00e0tica d\u2019Educaci\u00f3 Secund\u00e0ria de l\u2019especialitat de Castell\u00e0: Llengua i Literatura, actualment en exc\u00e8dencia. La seva activitat professional ha estat sempre vinculada a la innovaci\u00f3 i a la formaci\u00f3 inicial i permanent del professorat, tant de prim\u00e0ria com de secund\u00e0ria. &nbsp;Autora d\u2019articles i llibres com &nbsp;La lengua escrita y los proyectos de trabajo (Perif\u00e8ric), de llibres de text de Llengua castellana i Literatura per a l\u2019 ESO i de diferents materials did\u00e0ctics. Va obtenir el I Premi d\u2019Innovaci\u00f3 Educativa 2004 de la Comunitat Valenciana.<\/p>\n<p class=\"rtejustify\">\u00c9s membre del consell directiu de la revista Textos de Did\u00e1ctica de la Lengua y la Literatura.<\/p>\n<p class=\"rtejustify\">Les seves l\u00ednies d\u2019investigaci\u00f3 giren entorn a l\u2019 ensenyament i l\u2019aprenentatge de la llengua escrita, de l\u2019ensenyament de la gram\u00e0tica i de les relacions entre llengua i \u00fas reflexiu.<\/p>\n<p class=\"rtejustify\"><img loading=\"lazy\" decoding=\"async\" class=\" size-full wp-image-115\" alt=\"llibret.fw__1.png\" src=\"https:\/\/webs.uab.cat\/greal\/wp-content\/uploads\/sites\/69\/2017\/12\/llibret.fw__1.png\" style=\"width:50px;height:50px;\" width=\"50\" height=\"50\"><a href=\"http:\/\/grupsderecerca.uab.cat\/greal\/ca\/content\/publicacions-carmen-rodr%C3%ADguez-gonzalo\">Publicacions<\/a><\/p>\n","protected":false},"excerpt":{"rendered":"<p>Professora de la Universitat de Val\u00e8ncia Adre\u00e7a electr\u00f2nica: carmen.rdez-gonzalo@uv.es Llicenciada en Filologia Hisp\u00e0nica (Ling\u00fc\u00edstica) per la Universidad Complutense de Madrid i doctora en Did\u00e0ctica de la Llengua per la Universitat de Val\u00e8ncia amb la tesi El saber gramatical sobre los tiempos del pasado en alumnos de 4\u00ba de Secundaria Obligatoria. Las relaciones entre conceptualizaci\u00f3n y [&hellip;]<\/p>\n","protected":false},"author":20,"featured_media":0,"parent":0,"menu_order":0,"comment_status":"closed","ping_status":"closed","template":"","meta":{"footnotes":""},"class_list":["post-187","page","type-page","status-publish","hentry"],"_links":{"self":[{"href":"https:\/\/webs.uab.cat\/greal\/wp-json\/wp\/v2\/pages\/187","targetHints":{"allow":["GET"]}}],"collection":[{"href":"https:\/\/webs.uab.cat\/greal\/wp-json\/wp\/v2\/pages"}],"about":[{"href":"https:\/\/webs.uab.cat\/greal\/wp-json\/wp\/v2\/types\/page"}],"author":[{"embeddable":true,"href":"https:\/\/webs.uab.cat\/greal\/wp-json\/wp\/v2\/users\/20"}],"replies":[{"embeddable":true,"href":"https:\/\/webs.uab.cat\/greal\/wp-json\/wp\/v2\/comments?post=187"}],"version-history":[{"count":1,"href":"https:\/\/webs.uab.cat\/greal\/wp-json\/wp\/v2\/pages\/187\/revisions"}],"predecessor-version":[{"id":312,"href":"https:\/\/webs.uab.cat\/greal\/wp-json\/wp\/v2\/pages\/187\/revisions\/312"}],"wp:attachment":[{"href":"https:\/\/webs.uab.cat\/greal\/wp-json\/wp\/v2\/media?parent=187"}],"curies":[{"name":"wp","href":"https:\/\/api.w.org\/{rel}","templated":true}]}}