{"id":215,"date":"2021-04-12T21:53:38","date_gmt":"2021-04-12T21:53:38","guid":{"rendered":"https:\/\/webs.uab.cat\/gredics\/seminars-workshops\/"},"modified":"2021-04-12T21:53:38","modified_gmt":"2021-04-12T21:53:38","slug":"seminars-workshops","status":"publish","type":"page","link":"https:\/\/webs.uab.cat\/gredics\/seminars-workshops\/","title":{"rendered":"Seminars &#038; Workshops"},"content":{"rendered":"<p style=\"text-align:center\"><img loading=\"lazy\" decoding=\"async\" alt=\"\" height=\"121\" src=\"https:\/\/i.imgur.com\/EwPQaPo.jpg\" width=\"425\" \/><\/p>\n<p class=\"rtecenter\"><span style=\"font-size:18px\"><span style=\"color:#0000CD\"><strong>SEMINARS AND WORKSHOPS&nbsp;<\/strong><\/span><\/span><\/p>\n<table border=\"3\" cellpadding=\"1\" cellspacing=\"1\" style=\"width:500px\">\n<tbody>\n<tr>\n<td>\n<p>&nbsp;<\/p>\n<p>&nbsp;<\/p>\n<p style=\"text-align:center\"><a href=\"https:\/\/grupsderecerca.uab.cat\/gredics\/node\/235\"><img loading=\"lazy\" decoding=\"async\" alt=\"\" height=\"115\" src=\"https:\/\/i.imgur.com\/SaRs6ke.jpg\" width=\"235\" \/><\/a><\/p>\n<\/td>\n<td>\n<p class=\"rtecenter\"><strong>Congr\u00e9s Internacional&nbsp;<\/strong><\/p>\n<p class=\"rtecenter\"><strong>XVIII Jornades Internacionals de Recerca en Did\u00e0ctica de les Ci\u00e8ncies Socials <\/strong><strong>(virtual)&nbsp;<\/strong><\/p>\n<p class=\"rtecenter\">La Cultura Democr\u00e0tica i l\u2019Educaci\u00f3 per al Futur&nbsp;<\/p>\n<p class=\"rtecenter\">&nbsp;21-22 Octubre. 202<\/p>\n<\/td>\n<\/tr>\n<\/tbody>\n<\/table>\n<table border=\"3\" cellpadding=\"1\" cellspacing=\"1\" style=\"width:500px\">\n<tbody>\n<tr>\n<td style=\"width:233px\">\n<p><a href=\"https:\/\/www.docdroid.net\/lABaoGx\/disco-lisbon-seminar-program-version-20200930-pdf\"><img loading=\"lazy\" decoding=\"async\" alt=\"\" height=\"174\" src=\"https:\/\/i.imgur.com\/Git6Cgf.jpg\" width=\"154\" \/><\/a><\/p>\n<\/td>\n<td style=\"width:251px\">\n<p class=\"rtecenter\"><strong>Embedding a Democratic Culture Dimension in Teacher Education Programmes (EDCD-TEP) <\/strong><\/p>\n<p class=\"rtecenter\">International Seminar Lisbon<\/p>\n<p class=\"rtecenter\">26-28 October. 2020<\/p>\n<\/td>\n<\/tr>\n<\/tbody>\n<\/table>\n<table border=\"3\" cellpadding=\"1\" cellspacing=\"1\" style=\"width:500px\">\n<tbody>\n<tr>\n<td style=\"width:232px\">&nbsp;<\/td>\n<td class=\"rtecenter\" style=\"width:253px\">\n<p>&nbsp;<\/p>\n<p>&nbsp;<\/p>\n<p><strong>International Seminar Barcelona<\/strong><\/p>\n<p>&nbsp;<\/p>\n<\/td>\n<\/tr>\n<\/tbody>\n<\/table>\n<table border=\"3\" cellpadding=\"1\" cellspacing=\"1\" style=\"width:500px\">\n<tbody>\n<tr>\n<td style=\"width:232px\">\n<p style=\"text-align:center\"><a href=\"https:\/\/www.docdroid.net\/6nKqcQv\/seminar-manchester-pdf\"><img loading=\"lazy\" decoding=\"async\" alt=\"\" height=\"174\" src=\"https:\/\/i.imgur.com\/sHxGjeL.jpg\" width=\"123\" \/><\/a><\/p>\n<\/td>\n<td class=\"rtecenter\" style=\"width:253px\">\n<p><strong>Promoting democracy through teacher education policy and practice<\/strong><\/p>\n<p>International Seminar Manchester<\/p>\n<p>20-21&nbsp;April. 2021<\/p>\n<\/td>\n<\/tr>\n<\/tbody>\n<\/table>\n<table border=\"3\" cellpadding=\"1\" cellspacing=\"1\" style=\"width:500px\">\n<tbody>\n<tr>\n<td style=\"width:225px\">\n<p>&nbsp;<\/p>\n<p><a href=\"https:\/\/www.docdroid.net\/ux4uco8\/disco-wlx-programme-2021-04-14-1-pdf\"><img loading=\"lazy\" decoding=\"async\" alt=\"\" height=\"144\" src=\"https:\/\/i.imgur.com\/IKcCWQi.jpg\" width=\"255\" \/><\/a><\/p>\n<\/td>\n<td class=\"rtecenter\" style=\"width:260px\">\n<p><strong>Embedding a Democratic Culture Dimension in TeacherEducation Programmes (EDCD-TEP<\/strong><\/p>\n<p>Workshop Lisbon&nbsp;<\/p>\n<p>23, 26, 27 de Mar\u00e7. 2021<\/p>\n<\/td>\n<\/tr>\n<tr>\n<td style=\"width:225px\">\n<p style=\"text-align:center\"><a href=\"https:\/\/www.docdroid.net\/MH4ZqDN\/cartell-workshop-uab-1-pdf#page=2\"><img loading=\"lazy\" decoding=\"async\" alt=\"\" height=\"125\" src=\"https:\/\/i.imgur.com\/MUGRnzo.jpg\" width=\"221\" \/><\/a><\/p>\n<\/td>\n<td class=\"rtecenter\" style=\"width:260px\">\n<p><strong>La formaci\u00f3 per a la cultura democr\u00e0tica als programes de formaci\u00f3 de mestres&nbsp;<\/strong><\/p>\n<p>Workshop Barcelona&nbsp;<\/p>\n<p>6-7 d&#8217;Abril. 2021<\/p>\n<\/td>\n<\/tr>\n<tr>\n<td style=\"width:225px\">\n<p><a href=\"https:\/\/www.docdroid.net\/1ESnwsJ\/manchester-workshop-pdf\"><img loading=\"lazy\" decoding=\"async\" alt=\"\" height=\"112\" src=\"https:\/\/i.imgur.com\/EE1UC7C.jpg\" width=\"224\" \/><\/a><\/p>\n<\/td>\n<td class=\"rtecenter\" style=\"width:260px\">\n<p>&nbsp;<\/p>\n<p><strong>Promoting Democracy through teacher education policy and practice&nbsp;<\/strong><\/p>\n<p>Workshop Manchester<\/p>\n<\/td>\n<\/tr>\n<\/tbody>\n<\/table>\n<p>&nbsp;<\/p>\n","protected":false},"excerpt":{"rendered":"<p>SEMINARS AND WORKSHOPS&nbsp; &nbsp; &nbsp; Congr\u00e9s Internacional&nbsp; XVIII Jornades Internacionals de Recerca en Did\u00e0ctica de les Ci\u00e8ncies Socials (virtual)&nbsp; La Cultura Democr\u00e0tica i l\u2019Educaci\u00f3 per al Futur&nbsp; &nbsp;21-22 Octubre. 202 Embedding a Democratic Culture Dimension in Teacher Education Programmes (EDCD-TEP) International Seminar Lisbon 26-28 October. 2020 &nbsp; &nbsp; &nbsp; International Seminar Barcelona &nbsp; Promoting democracy [&hellip;]<\/p>\n","protected":false},"author":20,"featured_media":0,"parent":0,"menu_order":0,"comment_status":"closed","ping_status":"closed","template":"","meta":{"footnotes":""},"class_list":["post-215","page","type-page","status-publish","hentry"],"_links":{"self":[{"href":"https:\/\/webs.uab.cat\/gredics\/wp-json\/wp\/v2\/pages\/215","targetHints":{"allow":["GET"]}}],"collection":[{"href":"https:\/\/webs.uab.cat\/gredics\/wp-json\/wp\/v2\/pages"}],"about":[{"href":"https:\/\/webs.uab.cat\/gredics\/wp-json\/wp\/v2\/types\/page"}],"author":[{"embeddable":true,"href":"https:\/\/webs.uab.cat\/gredics\/wp-json\/wp\/v2\/users\/20"}],"replies":[{"embeddable":true,"href":"https:\/\/webs.uab.cat\/gredics\/wp-json\/wp\/v2\/comments?post=215"}],"version-history":[{"count":0,"href":"https:\/\/webs.uab.cat\/gredics\/wp-json\/wp\/v2\/pages\/215\/revisions"}],"wp:attachment":[{"href":"https:\/\/webs.uab.cat\/gredics\/wp-json\/wp\/v2\/media?parent=215"}],"curies":[{"name":"wp","href":"https:\/\/api.w.org\/{rel}","templated":true}]}}