{"id":120,"date":"2014-02-22T23:12:52","date_gmt":"2014-02-22T23:12:52","guid":{"rendered":"https:\/\/webs.uab.cat\/greip\/our-r-d-projects\/"},"modified":"2025-05-29T10:18:15","modified_gmt":"2025-05-29T10:18:15","slug":"our-r-d-projects","status":"publish","type":"page","link":"https:\/\/webs.uab.cat\/greip\/en\/our-r-d-projects\/","title":{"rendered":"Research &#8211; OLD"},"content":{"rendered":"\n<p style=\"font-size:14px\"><strong>GREIP<\/strong> has been involved in many different projects throughout its history. Team members have participated in local, state and international initiatives, and, on several occasions, heldthe role of PI. Our projects establish synergies between research, teaching innovation and the development of materials, in order to broaden and deepen knowledge between social interaction and language learning in various multilingual social contexts.<\/p>\n\n\n\n<h2 class=\"wp-block-heading\">Research projects<\/h2>\n\n\n<div class=\"wp-block-image\">\n<figure class=\"aligncenter size-large\"><img loading=\"lazy\" decoding=\"async\" width=\"1024\" height=\"577\" src=\"https:\/\/webs.uab.cat\/greip\/wp-content\/uploads\/sites\/213\/2022\/12\/Research-1024x577.png\" alt=\"\" class=\"wp-image-2965\" srcset=\"https:\/\/webs.uab.cat\/greip\/wp-content\/uploads\/sites\/213\/2022\/12\/Research-1024x577.png 1024w, https:\/\/webs.uab.cat\/greip\/wp-content\/uploads\/sites\/213\/2022\/12\/Research-300x169.png 300w, https:\/\/webs.uab.cat\/greip\/wp-content\/uploads\/sites\/213\/2022\/12\/Research-768x433.png 768w, https:\/\/webs.uab.cat\/greip\/wp-content\/uploads\/sites\/213\/2022\/12\/Research.png 1196w\" sizes=\"auto, (max-width: 1024px) 100vw, 1024px\" \/><figcaption class=\"wp-element-caption\">Images created by Artificial Intelligence<\/figcaption><\/figure>\n<\/div>\n\n\n<h2 class=\"wp-block-heading\" style=\"font-size:17px\">Ongoing<\/h2>\n\n\n\n<details class=\"wp-block-mamaduka-toggles wp-block-toggles\"><summary>Research projects<\/summary><div class=\"wp-block-toggles__content\">\n<details class=\"wp-block-mamaduka-toggles wp-block-toggles\"><summary>DECERC-GM: El Desarrollo de la Competencia Escrita y el Razonamiento Cr\u00edtico en los Grados de Maestro<\/summary><div class=\"wp-block-toggles__content\">\n<p style=\"font-size:14px\"><strong>Summary<\/strong><\/p>\n\n\n\n<p style=\"font-size:14px\">Research on teaching writing in compulsory schooling has undergone extensive development in our country and in the last decade, in line with international research. However, there is a lack of transfer of the results to all teachers and therefore a low impact on classroom practice. When students arrive at university they have a very low writing level which suggests that students spend little time writing in school. This in turn suggests that teachers are not aware of the need to adequately address the complex teaching-learning process that writing requires and the need to break the dynamics of poor teaching of written composition that continues throughout schooling and that affects the preparation with which students access the Master&#8217;s Degrees. This project assumes that it is necessary to interrelate a) the reflective processes of the learners at the time of writing, b) the creation of dialogic spaces in the context of written composition to develop critical reasoning and c) the implementation of interventions in the classroom aimed at accompanying the teaching-learning processes. The project is organized around a series of specific objectives: (1) to characterize the students&#8217; knowledge and content on written composition and critical reasoning in the subject programs; (2) design a direct instruction intervention; (3) implement this direct instruction design in the classrooms of Teacher Degrees; (4) know through the analysis of the texts written by the students if such intervention has produced improvement; (5) indicate if there is transfer when students write a text outside the margins of the designed intervention; (6) know the degree of ability of students to reflect on their own texts; and (7) prepare an orientation document for teachers in charge of the Teacher Degrees. In the context of global, interconnected and rapidly transforming societies, this project aims to respond to these needs in two ways: not only we are in the position of forming future critical and communicatively competent citizens. These citizens, in the development of their teaching profession, must become aware of the importance of this knowledge and know how to teach it. In this respect, a set of guidelines for teacher training will crystallize in a final document that will help to disseminate the results obtained.<\/p>\n\n\n\n<p style=\"font-size:14px\"><strong>Project details<\/strong> (project led by GREIP)<\/p>\n\n\n\n<ul style=\"font-size:14px\" class=\"wp-block-list\">\n<li>Dates: 01\/09\/2021 &#8211; 31\/08\/2025<\/li>\n\n\n\n<li>Funding entity:&nbsp;Ministerio de Ciencia y Innovaci\u00f3n<\/li>\n\n\n\n<li>Code:&nbsp; PID2020-117813RA-I00<\/li>\n\n\n\n<li>Budget: 41,091\u20ac<\/li>\n\n\n\n<li><strong>PI: Dr. Xavier Fontich<\/strong><\/li>\n\n\n\n<li>Other UAB members: Dr. Dolors Masats Viladoms\n<ul class=\"wp-block-list\">\n<li>Work team: Marcos Troncoso Di\u00e1z (predoctoral student), Juddy Torres Villamil (predoctoral student)<\/li>\n\n\n\n<li>Participating institutions: Universitat Aut\u00f2noma de Barcelona; Universidad de Zaragoza; Universidad Complutense de Madrid; Universidad de Extremadura; Universitat Internacional de Catalunya; Fontys Hogeschool Sittard (Holland); Universit\u00e9 de Paris (France); Universit\u00e9 de Cergy-Pontoise (France); Universidad Nacional de la Plata (Argentina); Instituto Polit\u00e9cnico de Set\u00fabal (Portugal); P\u00e4dagogische Hochschule Heidelberg (Germany); Universit\u00e9 du Qu\u00e9bec \u00e0 Montr\u00e9al (Canada); Odense University (Denmark)<\/li>\n<\/ul>\n<\/li>\n<\/ul>\n<\/div><\/details>\n\n\n\n<details class=\"wp-block-mamaduka-toggles wp-block-toggles\"><summary>ALPHABETICA &#8211; Activating Learning Paths: Holistic Arts-Based Education and Training for Inclusion and Cultural Awareness<\/summary><div class=\"wp-block-toggles__content\">\n<p style=\"font-size:14px\"><strong>Summary<\/strong><\/p>\n\n\n\n<p style=\"font-size:14px\">This project is part of the Horizon Europe programme HORIZON-CL2-2024-TRANSFORMATIONS-01-08.<\/p>\n\n\n\n<p style=\"font-size:14px\">The ALPHABETICA project adopts a multi-method and participatory approach for the study of the impact of arts-based education on the holistic development of children\/young people, while also focusing on the transformative effect of their active participation and empowerment in their learning process for lifelong learning and addressing future challenges.<\/p>\n\n\n\n<p style=\"font-size:14px\">The project focuses on finding transferable and replicable solutions that can be used in various socio-economic-cultural contexts, and that ensure that all children can access arts-based education and assessing if, how and where skills developed through arts-based education can be transferred and stimulate lifelong learning. Some research questions that guide the project include:<\/p>\n\n\n\n<ol style=\"font-size:14px\" class=\"wp-block-list\">\n<li>What is the subjective understanding and perception of art by children, young people, parents and other stakeholders in education and society?<\/li>\n\n\n\n<li>How do the arts and art education promote a more holistic and engaged learning experience and sustain a commitment to lifelong learning beyond traditional educational settings?<\/li>\n\n\n\n<li>How does art education impact children\u2019s and young people\u2019s ability to cope with the challenges imposed by complexity in different social domains?<\/li>\n\n\n\n<li>What actions and good practices at local and national level can ensure equal and wide access to arts to all children?<\/li>\n<\/ol>\n\n\n\n<p style=\"font-size:14px\">In order to respond to these questions and to ensure the engagement of young people as active civil society actors, the project builds on five main theoretical and methodological approaches:<\/p>\n\n\n\n<ol style=\"font-size:14px\" class=\"wp-block-list\">\n<li>Arts-based education<\/li>\n\n\n\n<li>Participatory Action Research \u2013 PAR<\/li>\n\n\n\n<li>Pedagogies of care, love and enchantment<\/li>\n\n\n\n<li>Pedagogies of past, present and the imagined future<\/li>\n\n\n\n<li>More-than-Human<\/li>\n<\/ol>\n\n\n\n<p style=\"font-size:14px\">Through a participatory and practice-based approach, ALPHABETICA\u2019s ambition\/vision is to have a transformative impact on the teaching of arts and arts-based education by bridging research gaps, by activating arts-based educational training to make art education available to all children, and by assessing and validating the instrumental outcomes of the transferable approaches learned through the arts and arts-based education.<\/p>\n\n\n\n<p style=\"font-size:14px\"><strong>Project details<\/strong> <\/p>\n\n\n\n<ul style=\"font-size:14px\" class=\"wp-block-list\">\n<li>Dates: 01\/01\/2025 &#8211; 30\/06\/2028<\/li>\n\n\n\n<li>Funding entity:&nbsp;Ministerio de Ciencia y Innovaci\u00f3n<\/li>\n\n\n\n<li>Code:&nbsp;&nbsp;HEU_101177819_ALPHABETICA<\/li>\n\n\n\n<li>Budget: 2.978.702,50 \u20ac &#8211; <strong>Amount granted UAB:<\/strong> 240.750\u20ac<\/li>\n\n\n\n<li><strong>PI: <strong> Dr. Claudia Vallejo <\/strong><\/strong><\/li>\n\n\n\n<li>GREIP team: Dr. Melinda Dooly,&nbsp;Dr.  J\u00falia Llompart, Dr. Dolors Masats, Dr.Emilee Moore, <strong>Dr. Claudia Vallejo (PI), <\/strong>Marta Arum\u00ed, Mireia Vargas, Gema Rubio, Postdoc: Dr. Denise Holgu\u00edn\n<ul class=\"wp-block-list\">\n<li>Participating institutions: Universit\u00e0 di Bologna \u2013 UNIBO; Open University \u2013 OU; Oxford Brookes University \u2013 OBU; Interkulturalni PL \u2013 IPL; Synthesis \u2013 SYNT; Universidade NOVA de Lisboa -NOVA; Elhuyar \u2013 ELH; Universit\u00e0 di Torino \u2013 UNITO; Universitat Aut\u00f2noma de Barcelona \u2013 UAB; Uni\u00e3o de Refugiados em Portugal -UREP; Kirklareli \u0130l \u00d6zel \u0130daresi \u2013 Kirkareli; Ministero della Cultura \u2013 MiC; Save the Children &#8211; StC IT<\/li>\n<\/ul>\n<\/li>\n\n\n\n<li>Website: <a href=\"https:\/\/alphabetica-project.eu\/\">ALPHABETICA<\/a><\/li>\n<\/ul>\n<\/div><\/details>\n<\/div><\/details>\n\n\n\n<details class=\"wp-block-mamaduka-toggles wp-block-toggles\"><summary>Innovation &amp; Development<\/summary><div class=\"wp-block-toggles__content\">\n<details class=\"wp-block-mamaduka-toggles wp-block-toggles\"><summary>AI Literacy Network in Primary Education (AILIT)<\/summary><div class=\"wp-block-toggles__content\">\n<p style=\"font-size:14px\"><strong>Summary<\/strong><\/p>\n\n\n\n<p style=\"font-size:14px\">AILIT addresses the sector priority on the &#8220;Development of key competences&#8221; by offering an engaging way to learn and practice reading and writing in a collaborative and networked way, providing authentic reader and writer roles for students in primary education. This will be done by creating an AI-driven platform that scaffolds students writing and lets students read and work on each other\u2019s writing across geographical and linguistic borders. This project will address these concerns by matching students&#8217; texts to student readers in other countries, applying state of the art human AI-technology to establish authentic reader and writer situations. The cutting edge innovation in AILIT is the application of recommender algorithms to make sure that the students&#8217; get texts that trigger their interest, and the offering of digital scaffolding material (video, text and audio) as a complement to conventional teacher scaffolding of students&#8217; writing. AILIT addresses the sector priority on tackling learning disadvantage, early school leaving and low proficiency in basic skills. It will allow each student write on their level, and still find an audience interested in reading the text. The digital scaffolding material also allows some students to self-teach, and may potentially give the teacher more time to focus his\/her guidance on students&#8217; with special needs.<\/p>\n\n\n\n<p style=\"font-size:14px\"><strong>Project details<\/strong> (GREIP as research team member)<\/p>\n\n\n\n<ul style=\"font-size:14px\" class=\"wp-block-list\">\n<li>Dates: 01\/09\/2022 &#8211; 31\/08\/2025<\/li>\n\n\n\n<li>Funding entity:&nbsp;Erasmus+ KA220-SCH &#8211; Cooperation partnerships in school education<\/li>\n\n\n\n<li>Code: 2022-1-NO01-KA220-SCH-000087617<\/li>\n\n\n\n<li>Budget: 400,000\u20ac (total project); UAB: 38,967<\/li>\n\n\n\n<li>PI: Dr. Arild Michel Bakken (Universitetet i Stavanger, Norway)<\/li>\n\n\n\n<li>GREIP members: <strong>Dr. Melinda Dooly (PI UAB)<\/strong>, Dr. Xavier Fontich, Dr. Dolors Masats, Dr. Emilee Moore.<\/li>\n\n\n\n<li>Other partners:\n<ul class=\"wp-block-list\">\n<li>Universities: Universiteit Twente (Belgium), Dublin City University (Ireland), Universidade de Aveiro (Portugal), <strong>Universitat Aut\u00f2noma de Barcelona (GREIP team)<\/strong><\/li>\n\n\n\n<li>Schools: Fjelltun skole (Norway), Escola Les Llisses (Spain), Scoil Mhuire Gan Smal (Ireland)<\/li>\n<\/ul>\n<\/li>\n<\/ul>\n<\/div><\/details>\n\n\n\n<details class=\"wp-block-mamaduka-toggles wp-block-toggles\"><summary>ECML &#8211; A toolkit for implementing integrated didactics in language education<\/summary><div class=\"wp-block-toggles__content\">\n<p style=\"font-size:14px\"><strong>Summary<\/strong><\/p>\n\n\n\n<p style=\"font-size:14px\">The project defines plurilingual and intercultural education as a \u201cholistic concept\u201d that \u201csets out to foster the development of integrated linguistic repertoires in which languages interrelate and interact\u201d (\u00a73.i.). The project on integrated didactics will facilitate this development by providing decision-makers in schools with a clear rationale for holistically rethinking language education, valuing the entire language repertoire of the learners, and at the same time developing concrete tools and teaching materials for teachers in secondary schools, where languages are often considered in isolation. These tools and materials can be adapted to different contexts. They are based on existing ECML resources, most notably on the Framework of reference for pluralistic approaches to languages and cultures (FREPA\/CARAP). The rationale and the tools will be complemented by a series of inspiring practice examples from across Europe.<\/p>\n\n\n\n<p style=\"font-size:14px\"><strong>Project details<\/strong> (GREIP as a research team member)<\/p>\n\n\n\n<ul style=\"font-size:14px\" class=\"wp-block-list\">\n<li>Dates: 2024 &#8211; 2027<\/li>\n\n\n\n<li>Funding entity:&nbsp;ECML (European Centre for Modern Languages)<\/li>\n\n\n\n<li>Code: <a href=\"http:\/\/www.ecml.at\/integrateddidactics\">www.ecml.at\/integrateddidactics<\/a><\/li>\n\n\n\n<li>Budget: 80,000\u20ac (total project); UAB: 18.000\u20ac<\/li>\n\n\n\n<li>PI: Dr. Christian KOCH (Universit\u00e4t Siegen)<\/li>\n\n\n\n<li>GREIP members: <strong>Dra. Dolors Masats (PI UAB)<\/strong><\/li>\n\n\n\n<li>Other partners:\n<ul class=\"wp-block-list\">\n<li>Universities: The University of Warsaw (Poland), University of Utrecht (The Netherlands), Universit\u00e4t Siegen (Germany), Universit\u00e9 du Maine (France), P\u00e4dagogische Hochschule St. Gallen (Germany), <strong>Universidad Aut\u00f3noma de Barcelona (Equip GREIP)<\/strong><\/li>\n<\/ul>\n<\/li>\n<\/ul>\n<\/div><\/details>\n<\/div><\/details>\n\n\n\n<h2 class=\"wp-block-heading\" style=\"font-size:17px\">Completed<\/h2>\n\n\n\n<details class=\"wp-block-mamaduka-toggles wp-block-toggles\"><summary>Research projects<\/summary><div class=\"wp-block-toggles__content\">\n<h3 class=\"wp-block-heading has-verd-tropic-color has-text-color has-link-color has-normal-font-size wp-elements-4b4dd2faf78809b28acb91a58ab9d494\"><strong>European Commission Funded  Projects<\/strong><\/h3>\n\n\n\n<details class=\"wp-block-mamaduka-toggles wp-block-toggles\"><summary>CULT: Constructing a collaborative understanding of learning and teaching for the XXI century<\/summary><div class=\"wp-block-toggles__content\">\n<p style=\"font-size:14px\"><strong>Summary<\/strong><\/p>\n\n\n\n<p style=\"font-size:14px\">The sociolinguistic changes in schools caused by migration require a change, from understanding the linguistic education of children and young people, to proposing changes to transform their education into a multilingual one. Despite the numerous efforts made and proposals implemented &#8211; at European level (for example, European Commission, 2019) and at local level (Generalitat de Catalunya, 2017, 2018) &#8211; research and government reports show that both educational institutions and training future teachers still leave much to be desired in terms of providing multilingual, language-sensitive and socially just education. This project aims to respond to this educational and social need by implementing and analyzing a three-way dialogue between university professors and future teachers (Faculty of Education, Universitat Aut\u00f2noma de Barcelona), a non-formal education program that leads with successful multilingual education (AFEX, Casa \u00c1sia) and the Fundaci\u00f3 Aut\u00f2noma Solid\u00e0ria (FAS) which promotes service-learning at the UAB, among other programs. <\/p>\n\n\n\n<p style=\"font-size:14px\">The project follows a line of collaborative and participatory action research and an ethnographic methodology &#8211; which will place children and young people as researchers &#8211; and incorporates participation in service-learning. Throughout the three years of the project, an empirical analysis of the proposed collaboration will be carried out, which will be completed through observations, interactive data collection and the development of workshops. Based on these, a collaborative understanding and training will be built for linguistic diversity and inclusion in language teaching and learning. Finally, the project will provide information on how to maintain the intersectoral collaborations and educational actions started. The expected results will offer a new understanding of multilingual education and inclusion in the development of future teachers, as well as provide grounds for mutual growth towards a more equitable education and social life.<\/p>\n\n\n\n<p style=\"font-size:14px\"><strong>Project details<\/strong> (project led by GREIP)<\/p>\n\n\n\n<ul style=\"font-size:14px\" class=\"wp-block-list\">\n<li>Dates: 01\/11\/2021 &#8211; 31\/10\/2024<\/li>\n\n\n\n<li>Funding entity:&nbsp;Ministerio de Ciencia y Innovaci\u00f3n; I+D+i Retos de la Sociedad, type JIN<\/li>\n\n\n\n<li>Code:&nbsp; PID2020-115446RJ-I00<\/li>\n\n\n\n<li>Budget: \u20ac157,300<\/li>\n\n\n\n<li><strong>PI: Dr. J\u00falia Llompart<\/strong><\/li>\n\n\n\n<li>GREIP team: Dr. Melinda Dooly, Dr. Dolors Masats Viladoms, Dr. Emilee Moore, Dr. Claudia Vallejo<\/li>\n\n\n\n<li>Other UAB members: Dr. Reinaldo Mart\u00ednez-Fern\u00e1ndez\n<ul class=\"wp-block-list\">\n<li>Work team: Paola Denise Holguin Vaca (post-doctoral, Margarita Salas)<\/li>\n<\/ul>\n<\/li>\n\n\n\n<li>Participating institutions: Universitat Aut\u00f2noma de Barcelona, Casa \u00c0sia, Fundaci\u00f3 Aut\u00f2noma Solid\u00e0ria (FAS)<\/li>\n\n\n\n<li>Web site: <a href=\"https:\/\/webs.uab.cat\/projectecult\/\">CULT: Constructing a collaborative understanding of learning and teaching for the XXI century (uab.cat)<\/a><\/li>\n<\/ul>\n<\/div><\/details>\n\n\n\n<details class=\"wp-block-mamaduka-toggles wp-block-toggles\"><summary>VALIANT:&nbsp;Virtual Innovation and Support Networks for Teachers<\/summary><div class=\"wp-block-toggles__content\">\n<p style=\"font-size:14px\"><strong>Summary<\/strong> <\/p>\n\n\n\n<ul style=\"font-size:14px\" class=\"wp-block-list\">\n<li>Project <a href=\"https:\/\/valiantproject.eu\" target=\"_blank\" rel=\"noreferrer noopener\"><strong>webpage<\/strong><\/a><\/li>\n\n\n\n<li>UAB team <a href=\"https:\/\/view.genial.ly\/60cddd398de6240d42a91076\/interactive-content-valiant-uab-timeline\" target=\"_blank\" rel=\"noreferrer noopener\"><strong>webpage<\/strong><\/a> (timeline of ongoing events)<\/li>\n<\/ul>\n\n\n\n<p style=\"font-size:14px\"><strong>VALIANT<\/strong>\u2019s first objective is to test the efficiency of <strong>Virtual Innovation and Support Networks <\/strong>as an approach which will contribute to overcoming teachers\u2019 sense of isolation and low motivation in rural areas and isolated contexts and also to developing teachers\u2019 ability to operate effectively in online international networks of professional collaboration. The second objective of the experimentation is to test the efficiency of this form of Virtual Exchange for providing students of Initial Teacher Education with access to the realities of the teaching profession through regular interaction with in-service teachers integrated into their study programme.&nbsp;&nbsp;&nbsp;<\/p>\n\n\n\n<p style=\"font-size:14px\">The hypothesis is that integrating Virtual Exchange programmes into teacher training will provide the target groups (teachers in rural areas and student teachers) with opportunities for innovation, collaboration, digital and intercultural competence development and career planning which would otherwise be difficult to access in rural areas or in times of enforced isolation. They will also make the teaching profession more attractive to student teachers by engaging them in authentic learning and teaching scenarios.&nbsp;<\/p>\n\n\n\n<p style=\"font-size:14px\">The experimentation will use a before-after comparison method with experimental and control groups. Quantitative and qualitative data will be triangulated to provide a comprehensive insight into the impact of these Virtual Exchange programmes on teachers\u2019 motivation, their feelings of professional isolation, their career paths and their ability to activate digital and intercultural competences for international professional engagement.<\/p>\n\n\n\n<p style=\"font-size:14px\">The expected results will provide public authorities with clear evidence whether Virtual Exchange can contribute to rural teachers\u2019 professional development, their ability to develop international networks and to overcome feelings of isolation.<\/p>\n\n\n\n<p style=\"font-size:14px\"><strong>Project details<\/strong> (GREIP as consortium member)<\/p>\n\n\n\n<ul style=\"font-size:14px\" class=\"wp-block-list\">\n<li>Dates: 28\/02\/2021 &#8211; 28\/02\/2024<\/li>\n\n\n\n<li>Funding entity:&nbsp;Erasmus+ KA3 (EACEA\/38\/2019): Priority 3 &#8211; Strengthening teacher training and education by using the opportunities of new technologies (School education)<\/li>\n\n\n\n<li>Code:&nbsp; 626134-EPP-1-2020-2-ESEPPKA3-PIPOLICY<\/li>\n\n\n\n<li>Budget: 798.071,00 \u20ac (total project); 58.800\u20ac (UAB)<\/li>\n\n\n\n<li>PI: Dr. Robert O&#8217;Dowd (Universidad de Le\u00f3n)<\/li>\n\n\n\n<li>GREIP members: Dr. Melinda Dooly (local coordinator), Dr. Dolors Masats, Dr. Xavier Fontich, Maria Mont, Dr. Emilee Moore, C\u00e8lia Pratginest\u00f3s, Dr. Claudia Vallejo<\/li>\n\n\n\n<li>Other partners:\n<ul class=\"wp-block-list\">\n<li>Public authorities: Consejer\u00eda de Educaci\u00f3n, La Junta De Castilla y Le\u00f3n, Spain;&nbsp;Directorate-General for School Administration of the Ministry of Education, Portugal;&nbsp;Ministry of Science, Research and Arts Baden-W\u00fcrttemberg;&nbsp;Ministry of Education, Science and Sport, Slovenia;&nbsp;Conseller\u00eda de Educaci\u00f3n, Universidade e FP, Galicia, Spain;&nbsp;Ministry of Education and Research, Norway.<\/li>\n\n\n\n<li>Other universities: Universidad de Le\u00f3n, Spain;&nbsp;<strong>Universitat Aut\u00f2noma de Barcelona, Spain (GREIP research centre)<\/strong>;&nbsp;Instituto Polit\u00e9cnico de Castelo Branco, Portugal;&nbsp;University of Oslo, Norway;&nbsp;Universidad Aut\u00f3noma de Madrid, Spain;&nbsp;Cyprus University of Technology, Cyprus;&nbsp;Maribor University, Slovenia;&nbsp;P\u00e4dagogische Hochschule Weingarten, Germany;&nbsp;P\u00e4dagogische Hochschule Schw\u00e4bisch Gm\u00fcnd, Germany;&nbsp;University of the Arts, London, UK.<\/li>\n<\/ul>\n<\/li>\n<\/ul>\n<\/div><\/details>\n\n\n\n<details class=\"wp-block-mamaduka-toggles wp-block-toggles\"><summary>Language assessment in virtual mobility initiatives at tertiary level &#8211; teachers&#8217; beliefs, practices and perceptions (ASSESSnet)<\/summary><div class=\"wp-block-toggles__content\">\n<p style=\"font-size:14px\"><strong>Summary<\/strong><\/p>\n\n\n\n<p style=\"font-size:14px\"><strong><a rel=\"noreferrer noopener\" href=\"https:\/\/www.assessnet.site\/home\" target=\"_blank\">ASSESSnet<\/a><\/strong> is a Marie Sklodowska (Individual Fellowship) research project, financed by the European Commission Horizon 2020 programme.  Virtual mobility (VM), also termed as telecollaborative or virtual exchange (VE), entails a situation, in which students interact and cooperate, and thus engage in intercultural exchange, with peers from partner institutions by means of online communication tools. VM is reported to have a positive impact on students\u2019 personal growth, foreign language (FL) competences as well as intercultural and transversal skills. Being easily accessible to students from different cultural, geographical, linguistic and economic backgrounds, as well as to students with disabilities, VM promotes inclusive education and social equity. VM is a relatively new trend in education, which is reflected in the scarcity of publications and teacher education opportunities in this area. This project addresses the topic of assessment in virtual mobility projects in FL courses at tertiary level. In particular, this mixed-methods research aims to explore, both longitudinally and cross-sectionally, assessment practices as well as the FL teachers beliefs\u2019 about the shape and the content of assessment in virtual contexts. Assessment tools and course syllabi used in virtual exchanges will be analysed to gain insight into the level of constructive alignment between the tools, tasks and learning objectives in VM projects. The data will be collected by means of both qualitative and quantitative instruments: a questionnaire, a online reflective journal, semi-structured interviews and a document analysis framework. The research findings will be used to formulate practical recommendations for improving assessment in VM projects and set up a collection of real-life examples of promising practices illustrating effective efforts of planning and administering assessment in virtual projects in Europe and beyond. The practical implications will be of relevance to stakeholders ranging from teachers, teacher educators, curriculum designers, researchers, to policy-makers.<br><\/p>\n\n\n\n<p style=\"font-size:14px\"><strong>Project details<\/strong> (GREIP as project leader)<\/p>\n\n\n\n<ul style=\"font-size:14px\" class=\"wp-block-list\">\n<li>Dates: 01\/10\/2019 &#8211; 31\/10\/2021 (extension until February 2022)<\/li>\n\n\n\n<li>Funding entity:&nbsp;European Commission, Research Executive Agency, Horizon 2020<\/li>\n\n\n\n<li>Code:&nbsp; H2020-MSCA-IF-2018 845783<\/li>\n\n\n\n<li>Budget: \u20ac160,932.48<\/li>\n\n\n\n<li><strong>PI: Dr. Melinda Dooly<\/strong><\/li>\n\n\n\n<li>Research fellow: Dr. Anna Czura<\/li>\n<\/ul>\n\n\n\n<p style=\"font-size:14px\"><strong>Related publications<\/strong><\/p>\n\n\n\n<ul style=\"font-size:14px\" class=\"wp-block-list\">\n<li>Czura, Anna. (2021). <a rel=\"noreferrer noopener\" href=\"https:\/\/drive.google.com\/file\/d\/1J26VNNhwR0m567_2Wrqxe4AOFe2xEaWE\/view?usp=sharing\" target=\"_blank\">Virtual exchange in foreign language for specific purposes courses: Assessment strategies and tools<\/a>.<a rel=\"noreferrer noopener\" href=\"https:\/\/www.google.com\/url?q=https%3A%2F%2Faelfetapp.upc.edu%2Fen&amp;sa=D&amp;sntz=1&amp;usg=AOvVaw1y9kVx8xAHRJawLuBCbboD\" target=\"_blank\"> <em>AELFE-TAPP 2021<\/em><\/a><em> Conference Proceedings<\/em>.<\/li>\n\n\n\n<li><strong>Czura, Anna<\/strong> &amp; Baran-\u0141ucarz, Malgorzata (2021). <a rel=\"noreferrer noopener\" href=\"https:\/\/www.google.com\/url?q=https%3A%2F%2Frevistas.udea.edu.co%2Findex.php%2Fikala%2Farticle%2Fview%2F345556%2F20806218&amp;sa=D&amp;sntz=1&amp;usg=AOvVaw1b_nYIYRPfE1aAWmebGGN2\" target=\"_blank\">\u201cA stressful unknown\u201d or \u201can oasis\u201d?: Undergraduate students\u2019 perceptions of assessment in an in-class and online English practical phonetics course<em>.<\/em><\/a><em> \u00cdkala, Revista de Lenguaje y Cultura, 26<\/em>(3), 623-641.<\/li>\n\n\n\n<li>Czura Anna &amp; Dooly, Melinda. (2021). <a rel=\"noreferrer noopener\" href=\"https:\/\/drive.google.com\/file\/d\/1gpRAUxm_Xkkey9niHlxzJmQ8SOZ03R4X\/view?usp=sharing\" target=\"_blank\">Foreign language assessment in virtual exchange \u2013 The ASSESSnet project.<\/a> <em>Collated Papers for the ALTE 7th International Conference<\/em>. ALTE: Madrid. pp. 137-140<\/li>\n\n\n\n<li>Anna Czura &amp; Melinda Dooly (2023). <a rel=\"noreferrer noopener\" href=\"https:\/\/research-publishing.net\/book?10.14705\/rpnet.2022.59.9782383720102\" target=\"_blank\"><em>Assessing virtual exchange in foreign language courses at tertiary level<\/em><\/a>. Research-Publishing.net. <a rel=\"noreferrer noopener\" href=\"https:\/\/doi.org\/10.14705\/rpnet.2022.59.9782383720102\" target=\"_blank\">https:\/\/doi.org\/10.14705\/rpnet.2022.59.9782383720102<\/a><\/li>\n\n\n\n<li>Dooly, Melinda &amp; Czura, Anna. (2022). <a rel=\"noreferrer noopener\" href=\"https:\/\/drive.google.com\/file\/d\/19FYxsaSa51IsffOpQNx0McuqNc5dZPGY\/view?usp=sharing\" target=\"_blank\">&#8220;Let&#8217;s talk about Catalan&#8217;s ;)&#8221;: Student teachers&#8217; use of plurilingual and plurimodal resources in WhatsApp interaction.<\/a> In D. Masats &amp; L. Nussbaum (Eds.) <em>Plurilingual classroom practices and participation in Catalonia: Analyzing interaction in local and translocal settings <\/em>(pp. 200-211). London: Taylor &amp; Francis\/Routledge. DOI: 10.4324\/9781003169123-16<\/li>\n\n\n\n<li><strong>Dooly, Melinda<\/strong> &amp; Tudini, Vincenza. (2022). &#8216;We should google that&#8217;: The dynamics of knowledge-in-interaction in an online student meeting. <em>Classroom Discourse<\/em>, <em>13<\/em>(2), 188-211. <a rel=\"noreferrer noopener\" href=\"https:\/\/doi.org\/10.1080\/19463014.2021.2023596.\" target=\"_blank\">https:\/\/doi.org\/10.1080\/19463014.2021.2023596<\/a><\/li>\n<\/ul>\n<\/div><\/details>\n\n\n\n<details class=\"wp-block-mamaduka-toggles wp-block-toggles\"><summary>Linguistically Sensitive Teaching in All Classrooms (LISTiac)<\/summary><div class=\"wp-block-toggles__content\">\n<p style=\"font-size:14px\"><strong>Summary<\/strong><\/p>\n\n\n\n<p style=\"font-size:14px\">Project webpage:&nbsp;<a rel=\"noreferrer noopener\" href=\"https:\/\/listiac.org\/\" target=\"_blank\">https:\/\/listiac.org\/<\/a><\/p>\n\n\n\n<p style=\"font-size:14px\">All students in the EU need teachers who are linguistically sensitive and responsive. Despite the existing research and the amount of tools developed for individual teachers, it remains difficult to change monolingually-framed policies and practices in schools. The LISTiac project (Linguistically Sensitive Teaching in All Classrooms) intends to realise the desired change in teacher cognition, the education and professional development of teachers. Project LISTiac aims to assure all students in Europe equal conditions to achieve educational success and well-being by mainstreaming multilingual pedagogies through reimagining initial teacher education curriculum and in-service training for teachers. The project aims to bring forth an educational change on multiple levels and targets primarily pre-service and in-service teachers by developing and experimenting a theoretically informed reflection tool aimed at making (future) teachers linguistically more sensitive in their beliefs, attitudes and actions in mainstream classrooms. The envisaged impact is gained through a model for renewed initial teacher education curriculum for supportive and empowering multilingual pedagogies, a pedagogical reflection tool for supportive and empowering multilingual pedagogies within the whole school community and an open access research report and language sensitive teaching recommendations for policy makers, teacher trainers and pedagogical counsellors. The active participation in this project is in itself an important first step on the road to create opportunities for teacher educators to evaluate their existing beliefs and change them from (parallel) monolingual ideologies to a language sensitive teaching with the ideology of positive view on pupil\u2019s multilingual resources.<br><\/p>\n\n\n\n<p style=\"font-size:14px\"><strong>Project details<\/strong> (GREIP as consortium partner)<\/p>\n\n\n\n<ul style=\"font-size:14px\" class=\"wp-block-list\">\n<li>Dates: 15\/02\/2019 &#8211; 14\/02\/2022<\/li>\n\n\n\n<li>Funding entity:&nbsp;Erasmus+ Programme Key Action 3 &#8211; Support for policy reform &#8211; policy experimentations. Call EACEA 28\/2017<\/li>\n\n\n\n<li>Code:&nbsp; 606695-EPP-1-2018-2-FI-EPPKA3-PI-POLICY<\/li>\n\n\n\n<li>Budget: 1.799.999\u20ac (total); UAB: 165.806 \u20ac<\/li>\n\n\n\n<li>PI: Siv Bj\u00f6rklund (\u00c5bo Akademi, Finland)<\/li>\n\n\n\n<li>GREIP Members: Dr. Emilee Moore (UAB PI), Dr. Merc\u00e8 Bernaus, Dr. Melinda Dooly, Dr. J\u00falia Llompart, Dr. Dolors Masats, Claudia Vallejo.<\/li>\n\n\n\n<li>Participanting institutions: \u00c5bo Akademi University (Finland), Ministerio da Educacao e Ciencia (Portugal), Ministrstvo za Izobrazevanje, Znatnost in Sport, Urad Republike (Slovenia), Universiteit Gent (Belgium), Universitat Aut\u00f2noma de Barcelona (Spain), Universite Montpellier Iii Paul Valery (France), Universidade do Algarve (Portugal), Universidad del Pais Vasco\/ Euskal Herriko Unibertsitatea (Spain), Vytauto Didzjiojo Universitetas (Lithuania), Univerza W Ljubljani (Slovenia), Learn to Change (L2c) (France), Finnish National Agency for Education (Edufi) (Finland), European Centre for Modern Languages of The Council of Europe (Austria), Ghent Education Centre (Belgium).<\/li>\n<\/ul>\n\n\n\n<p style=\"font-size:14px\"><strong>Related publications<\/strong><\/p>\n\n\n\n<ul style=\"font-size:14px\" class=\"wp-block-list\">\n<li>Listiac Recommendations for Policy Makers (<a rel=\"noreferrer noopener\" href=\"https:\/\/listiac.org\/wp-content\/uploads\/2022\/02\/Listiac-Recommendations-for-Policy-Makers.pdf\" target=\"_blank\">in English<\/a>)<\/li>\n\n\n\n<li>Listiac Recommendations for Education Providers (<a rel=\"noreferrer noopener\" href=\"https:\/\/listiac.org\/wp-content\/uploads\/2022\/02\/Listiac-Recommendations-for-Education-Providers.pdf\" target=\"_blank\">in English<\/a>)<\/li>\n\n\n\n<li>Listiac Recommendations for Education Providers (<a rel=\"noreferrer noopener\" href=\"https:\/\/listiac.org\/wp-content\/uploads\/2022\/02\/Listiac-Recommendations-for-Education-Providers.pdf\" target=\"_blank\">in English<\/a>)<\/li>\n\n\n\n<li>Bergroth, M., <strong>Llompart, J.,<\/strong> Pepiot, N., Sierens, S.,&nbsp;Dra\u017enik, T., &amp; van der Worp, K. (2021). Whose Action Research Is It?&nbsp;Promoting Linguistically Sensitive Teacher Education in Europe. <em>Educational Action Research. <\/em><a rel=\"noreferrer noopener\" href=\"https:\/\/doi.org\/10.1080\/09650792.2021.1925570\" target=\"_blank\">https:\/\/doi.org\/10.1080\/09650792.2021.1925570<\/a><\/li>\n\n\n\n<li>Bergroth, M.,&nbsp;<strong>Llompart, J.<\/strong>,&nbsp;Pepiot, N.,&nbsp;van der Worp, K.,&nbsp;Dra\u017enik, T., &amp; Sierens, S. (2021). Identifying Space for Mainstreaming Multilingual Pedagogies in European Initial Teacher Education Policies. <em>European Educational Research Journal<\/em>. <a rel=\"noreferrer noopener\" href=\"https:\/\/doi.org\/10.1177\/14749041211012500\" target=\"_blank\">https:\/\/doi.org\/10.1177\/14749041211012500<\/a><\/li>\n\n\n\n<li>Birello, M., <strong>Llompart, J., &amp; Moore, E. <\/strong>(2021). Being plurilingual versus becoming a linguistically sensitive teacher: tensions in the discourse of initial teacher education students. <em>International Journal of Multilingualism<\/em>. <a rel=\"noreferrer noopener\" href=\"https:\/\/doi.org\/10.1080\/14790718.2021.1900195\" target=\"_blank\">https:\/\/doi.org\/10.1080\/14790718.2021.1900195<\/a><\/li>\n\n\n\n<li>Dra\u017enik, T., <strong>Llompart-Esbert, J.<\/strong>, &amp; Bergroth, M. (2022) Student teachers\u2019 expressions of \u2018fear\u2019 in handling linguistically diverse classrooms. <em>Journal of Multilingual and Multicultural Development<\/em>. <a rel=\"noreferrer noopener\" href=\"https:\/\/doi.org\/10.1080\/01434632.2022.2086258\" target=\"_blank\">https:\/\/doi.org\/10.1080\/01434632.2022.2086258<\/a><\/li>\n\n\n\n<li>Llompart, J. (2021). Lenguas, migraci\u00f3n y escuela. <em>Textos de Did\u00e1ctica de la Lengua y la Literatura.<\/em><\/li>\n\n\n\n<li>Llompart, J. (2021). Lleng\u00fces, migraci\u00f3 i escola. <em>Articles de Did\u00e0ctica de la Llengua i la Literatura.<\/em><\/li>\n\n\n\n<li><strong>Llompart, J.,<\/strong> &amp; Birello, M. (2020). Migrant and Non-Migrant Origin Pre-Service Teachers\u2019 Beliefs about Multilingualism and Teaching in Multilingual Classrooms: Convergences and Divergences,&nbsp;<em>Sustainable Multilingualism<\/em>,&nbsp;<em>17<\/em>(1), 102\u2013123. <a rel=\"noreferrer noopener\" href=\"https:\/\/doi.org\/10.2478\/sm-2020-0015\" target=\"_blank\">https:\/\/doi.org\/10.2478\/sm-2020-0015<\/a><\/li>\n\n\n\n<li>Llompart, J., &amp; Moore, E. (2020). La reflexi\u00f3n para la did\u00e1ctica ling\u00fc\u00edsticamente inclusiva. <em>Textos de Did\u00e1ctica de la Lengua y la Literatura<\/em>, <em>88<\/em>, pp. 55\u201360.<\/li>\n\n\n\n<li>Llompart, J., &amp; Moore, E. (2020). La reflexi\u00f3 per a la did\u00e0ctica ling\u00fc\u00edsticamente inclusiva. <em>Articles de Did\u00e0ctica de la Llengua i la Literatura<\/em>, 85, pp. 55\u201359.<\/li>\n\n\n\n<li>Llompart, J., Moore, E., Nussbaum, L., &amp; Masats, D. (2019). M\u00e9zclalo un poquito. Plurilingual practices in multilingual educational milieus. <em>Journal of Bilingual Education and Bilingualism, 23<\/em>(1), 98\u2013112. <a rel=\"noreferrer noopener\" href=\"https:\/\/doi.org\/10.1080\/13670050.2019.1598934\" target=\"_blank\">https:\/\/doi.org\/10.1080\/13670050.2019.1598934 &nbsp;<\/a><\/li>\n\n\n\n<li>Moore, E., &amp; Llompart, J. (2019). De la did\u00e0ctica de les lleng\u00fces a la did\u00e0ctica del pluriling\u00fcisme. <em>CLIL Journal of Innovation and Research in Plurilingual and Pluricultural Education<\/em>, <em>2<\/em>(2), 57\u201365. <a rel=\"noreferrer noopener\" href=\"https:\/\/doi.org\/10.5565\/rev\/clil.27\" target=\"_blank\">https:\/\/doi.org\/10.5565\/rev\/clil.27<\/a><\/li>\n\n\n\n<li>Listiac Closing Seminar (20.1.2022). Recording of the Closing Seminar is available on YouTube at <a rel=\"noreferrer noopener\" href=\"https:\/\/youtu.be\/uWC63faRTSc\" target=\"_blank\">https:\/\/youtu.be\/uWC63faRTSc<\/a><\/li>\n<\/ul>\n<\/div><\/details>\n\n\n\n<details class=\"wp-block-mamaduka-toggles wp-block-toggles\"><summary>Evaluating and Upscaling Telecollaborative Teacher Education (EVALUATE)<\/summary><div class=\"wp-block-toggles__content\">\n<p style=\"font-size:14px\"><strong>Summary<\/strong><\/p>\n\n\n\n<p style=\"font-size:14px\">The <a href=\"https:\/\/www.evaluateproject.eu\" target=\"_blank\" rel=\"noreferrer noopener\">EVALUATE<\/a> project&nbsp; aims to&nbsp;evaluate the impact of telecollaborative learning on student-teachers involved in Initial Teacher Education in the participating European countries and regions. Telecollaboration, also commonly known as Virtual Exchange, involves engaging trainee teachers involved in Initial Teacher Education in task-based interaction and collaborative exchange with fellow trainees in other locations through online communication technologies. It is Strand 3&nbsp;European policy experimentation, which finance projects that&nbsp;assess the relevance, effectiveness, efficiency, potential impact and scalability of innovative policy measures through experimental or semi-experimental approaches. Three key actors in European policy experimentations are: the responsible public authorities, the researchers and the target groups.<\/p>\n\n\n\n<p style=\"font-size:14px\">The project&nbsp;will study the impact of telecollaborative learning on student-teachers involved in Initial Teacher Education in participating European countries and regions (there are more than 20 partnerships involved around the world). The guiding research question for the study is: \u201cWill participation in telecollaborative exchange contribute to the development of competences which future teachers need to teach, collaborate and innovate effectively in a digitalised and cosmopolitan world?\u201d<\/p>\n\n\n\n<p style=\"font-size:14px\"><strong>Project details<\/strong> (GREIP as consortium team member)<\/p>\n\n\n\n<ul style=\"font-size:14px\" class=\"wp-block-list\">\n<li>Dates: 17\/01\/2017 &#8211; 30\/09\/2019<\/li>\n\n\n\n<li>Funding entity:&nbsp;Erasmus+ Programme Key Action 3 &#8211; Support for policy reform &#8211; policy experimentations; Call EACEA 28\/2016<\/li>\n\n\n\n<li>Code:&nbsp; 578013-EPP-1-2016-1-ES-EPPKA3-PI-POLICY<\/li>\n\n\n\n<li>Budget: 453,376 \u20ac (total); 43.200\u20ac (UAB)<\/li>\n\n\n\n<li>PI: Dr. Robert O\u2019Dowd (Universidad de Le\u00f3n)<\/li>\n\n\n\n<li>GREIP Members: Dr. Melinda Dooly (IP UAB), Dr. Emilee Moore, Claudia Vallejo\n<ul class=\"wp-block-list\">\n<li>Working team: Jelena Marjanovic (PhD student)<\/li>\n<\/ul>\n<\/li>\n\n\n\n<li>Collaborating institutions: <\/li>\n\n\n\n<li>Public Authorities: Spanish Ministry For Education, Culture And Sport, Spain; La Junta De Castilla Y Le\u00f3n, Spain; Ministry Of Education, Portugal; Ministry Of Human Capacities, Hungary; Ministry of Science, Research and the Arts, Baden-W\u00fcrttemberg, Germany<\/li>\n\n\n\n<li>Universities: Universidad de Le\u00f3n, Spain (Lead partner); Universitat Aut\u00f2noma de Barcelona; Instituto Polit\u00e9cnico De Castelo Branco; E\u00f6tv\u00f6s Lor\u00e1nd University, Hungary; P\u00e4dagogische Hochschule Heidelberg, Germany; Universita\u2019 Degli Studi Di Padova, Italy; Open University, UK<\/li>\n\n\n\n<li>University Network: Compostela Group Of Universities (Spain)<\/li>\n<\/ul>\n\n\n\n<p style=\"font-size:14px\"><strong>Related publications<\/strong><\/p>\n\n\n\n<ul style=\"font-size:14px\" class=\"wp-block-list\">\n<li>The EVALUATE Group. (2019). <a rel=\"noreferrer noopener\" href=\"https:\/\/research-publishing.net\/book?10.14705\/rpnet.2019.29.9782490057337\" target=\"_blank\"><em>Evaluating the impact of virtual exchange on initial teacher education: a European policy experiment<\/em><\/a>. Research-publishing.net.<\/li>\n\n\n\n<li>The EVALUATE Group. (2019). <a rel=\"noreferrer noopener\" href=\"https:\/\/doi.org\/10.14705\/rpnet.2019.30.9782490057344\" target=\"_blank\"><em>Executive summary \u2013 the key findings from the EVALUATE European policy experiment project on the impact of virtual exchange on initial teacher education<\/em><\/a>. Research-publishing.net.<\/li>\n\n\n\n<li>Dooly, M. (2018). \u201cI do which the question\u201d: Students\u2019 innovative use of technology resources in the language classroom. <em>Language Learning &amp; Technology, 22<\/em>(1), 184-217. <a rel=\"noreferrer noopener\" href=\"https:\/\/dx.doi.org\/0125\/44587\" target=\"_blank\">https:\/\/dx.doi.org\/0125\/44587<\/a><\/li>\n<\/ul>\n<\/div><\/details>\n\n\n\n<details class=\"wp-block-mamaduka-toggles wp-block-toggles\"><summary>Citizens of the future: the concerns and actions of young people around current European and global issues<\/summary><div class=\"wp-block-toggles__content\">\n<p style=\"font-size:14px\"><strong>Summary<\/strong><\/p>\n\n\n\n<p style=\"font-size:14px\">This study investigates the concerns of young Europeans (aged 10, 14, 17) for their personal, local, and global futures,&nbsp;focussing on issues such as&nbsp;democratic processes, poverty, unemployment, human rights, the environment and conflict. It will try to identify whether they are optimistic or pessimistic, and whether they are willing to work for change or are uncommited to social participation. It examines the extend to which they are pro-social in their engagement with others, committed to acting for a common good.&nbsp;<\/p>\n\n\n\n<p style=\"font-size:14px\"><strong>Project details<\/strong> (GREIP as consortium team member)<\/p>\n\n\n\n<ul style=\"font-size:14px\" class=\"wp-block-list\">\n<li>Dates: 01\/01\/2007 &#8211; 31\/12\/2009<\/li>\n\n\n\n<li>Funding entity:&nbsp;Ministerio de Ciencia y Educaci\u00f3n (Spanish Ministry of Education and Science) &amp; PAN, T\u00dcBITAK<\/li>\n\n\n\n<li>Code:&nbsp; SEJ2007-29191-E\/SOCI<\/li>\n\n\n\n<li>Budget: 65.000 \u20ac<\/li>\n\n\n\n<li>PI: Dr. Beata Krzywosz-Rynkiewicz (Universitat de Warmia i Mazury, Poland)<\/li>\n\n\n\n<li><strong>PI (Coordination of Spain members): Dr. Melinda Dooly<\/strong><\/li>\n<\/ul>\n\n\n\n<ul style=\"font-size:14px\" class=\"wp-block-list\">\n<li>GREIP Members: Dr. Melinda Dooly, Claudia Vallejo\n<ul class=\"wp-block-list\">\n<li>Other members (UAB), Dr. Montserrat Oller, Mar\u00eda Villanueva<\/li>\n\n\n\n<li>Other members from coordinated project (Spain): Dr. Antoni Luna (UPF),&nbsp;Dr. Carmen Tabernero (U de C\u00f3rdoba)<\/li>\n<\/ul>\n<\/li>\n\n\n\n<li>Other international research teams: University of Warmia &amp; Mazury, Warsaw School of Social Psychology, Istanbul University, Anadolu University, London Metropolitan University, University of Exeter.<\/li>\n<\/ul>\n\n\n\n<p style=\"font-size:14px\"><strong>Related<\/strong> <strong>publications<\/strong><\/p>\n\n\n\n<ul style=\"font-size:14px\" class=\"wp-block-list\">\n<li><strong>Dooly, M.<\/strong>&nbsp;(ed.) (2010) Their Hopes, Fears and Reality. Working with Children and Youth for the Future. Bern: Peter Lang. ISBN: 978-3-0343-0441-2.<\/li>\n\n\n\n<li><strong>Dooly, M. &amp; Ross, A.<\/strong>&nbsp;(eds.) (2010) What&#8217;s fair? Young Europeans&#8217; Contructions of Equity, Altruism ans Self-esteem. Bellaterra: Servei de Publicacions de la Universitat Aut\u00f2noma de Barcelona. ISBN: 978-84-608-1112-1.<\/li>\n\n\n\n<li><strong>Krzywosz-Rynkiewicz, B; Zalewska, A &amp; Ross, A.&nbsp;(eds.) (2010) Future Citizens. 21st century challenges for young people. Crac\u00f2via: Impuls, pp.185-206. ISBN: 978-83-7587-431-0.<\/strong><\/li>\n\n\n\n<li><strong>Dooly, M.<\/strong>&nbsp;(2010) Their Hopes, Fears and Reality: Introduction. At Dooly, M. (ed.) (2010) Their Hopes, Fears and Reality. Working with Children and Youth for the Future. Bern: Peter Lang, pp.9-36. ISBN: 978-3-0343-0441-2.&nbsp;<\/li>\n\n\n\n<li><strong>Dooly, M.<\/strong>&nbsp;(2010) Their Hopes and Fears: A Catalyst for Project-Based Language Learning. At Dooly, M. (ed.) (2010) Their Hopes, Fears and Reality. Working with Children and Youth for the Future. Bern: Peter Lang, pp.99-132. ISBN: 978-3-0343-0441-2.<\/li>\n\n\n\n<li><strong>Dooly, M.<\/strong>&nbsp;(2010) Share and share alike: Analysis of the Ultimatum Game exchange in the same countries. At Dooly, M. &amp; Ross, A. (eds.) (2010) What&#8217;s fair? Young Europeans&#8217; Constructions of Equity, Altruism and Self-esteem. Bellaterra: Servei de Publicacions de la Universitat Aut\u00f2noma de Barcelona, pp.67-80.<\/li>\n\n\n\n<li>Dooly, M. &amp; Vallejo, C.&nbsp;(2010) Over the Border: Playing with Unknown people from a Different Country. At Dooly, M. &amp; Ross, A. (eds.) (2010) What&#8217;s fair? Young Europeans&#8217; Constructions of Equity, Altruism and Self-esteem. Bellaterra: Servei de Publicacions de la Universitat Aut\u00f2noma de Barcelona, pp.95-106.<\/li>\n\n\n\n<li>Oller, M., Vallejo, C. &amp;&nbsp; Dooly, M.&nbsp;(2010) Com veuen els joves el futur? Una recerca sobre la construcci\u00f3 de la identitat europea. At Pag\u00e8s, J. &amp; Gonz\u00e1lez, N. (coords.) (2010) La construcci\u00f3 de les identitats i l&#8217;ensenyament de les Ci\u00e8ncies Socials, de la Geografia i de la Hist\u00f2ria. Documents 93. Bellaterra: Servei de Publicacions de la Universitat Aut\u00f2noma de Barcelona, pp. 171-177. ISBN: 978-84-490-2652-2.<\/li>\n\n\n\n<li>Ross, A. &amp; Dooly, M.&nbsp;(2010) Young people&#8217;s understanding of equity and fairness. At Dooly, M. &amp; Ross, A. (eds.) (2010) What&#8217;s fair? Young Europeans&#8217; Constructions of Equity, Altruism and Self-esteem. Bellaterra: Servei de Publicacions de la Universitat Aut\u00f2noma de Barcelona, pp.11-26.<\/li>\n\n\n\n<li>Ross, A. &amp; Dooly, M.&nbsp;(2010) Some conclusions, some reflections and some potential developments. At Dooly, M. &amp; Ross, A. (eds.) (2010) What&#8217;s fair? Young Europeans&#8217; Constructions of Equity, Altruism and Self-esteem. Bellaterra: Servei de Publicacions de la Universitat Aut\u00f2noma de Barcelona, pp.129-138.<\/li>\n\n\n\n<li>Vallejo, C. &amp; Oller, M.&nbsp;(2010) Third World Solidarity and &#8216;My World&#8217; Insolidarity: Working with the Wide Spectrum of Students&#8217; Attitudes towards Others. At Dooly, M. (ed.) (2010) Their Hopes, Fears and Reality. Working with Children and Youth for the Future. Bern: Peter Lang, pp.37-74. ISBN: 978-3-0343-0441-2.&nbsp;<\/li>\n\n\n\n<li>Briones, E. &amp; Vallejo, C.&nbsp;(2010) &#8220;Tolerance is a strange thing&#8221;. Exploring youth&#8217;s understanding and prosocial behaviour. At Krzywosz-Rynkiewicz, B; Zalewska, A &amp; Ross, A. (eds.) (2010) Future Citizens. 21st century challenges for young people. Crac\u00f2via: Impuls, pp.185-206. ISBN: 978-83-7587-431-0.<\/li>\n<\/ul>\n<\/div><\/details>\n\n\n\n<details class=\"wp-block-mamaduka-toggles wp-block-toggles\"><summary>Language learning and social media: 6 key dialogues<\/summary><div class=\"wp-block-toggles__content\">\n<p style=\"font-size:14px\"><strong>Summary<\/strong><\/p>\n\n\n\n<p style=\"font-size:14px\">Project webpage: <a href=\"https:\/\/cordis.europa.eu\/project\/id\/28702\/reporting\" data-type=\"URL\" data-id=\"https:\/\/cordis.europa.eu\/project\/id\/28702\/reporting\">https:\/\/cordis.europa.eu\/project\/id\/28702\/reporting<\/a><\/p>\n\n\n\n<p style=\"font-size:14px\">The network represents a unique mix of activities exploring the relationship of language learning and social media in the web 2.0 era: Participatory debates, award-winning competitions, policy recommendations and reports, scientific publications and field studies. By placing &#8220;language learning and social media&#8221; at the core of the network, the 14 partner institutions of national, European and international reach will examine 6 key dimensions of this combination. These fundamental dimensions are:<\/p>\n\n\n\n<ul style=\"font-size:14px\" class=\"wp-block-list\">\n<li>Language learning, social media and social inclusion<\/li>\n\n\n\n<li>Language learning, social media and development of language resources<\/li>\n\n\n\n<li>Language learning and teaching through social media in new EU countries: the case of Romania, Latvia and Poland<\/li>\n\n\n\n<li>Language learning, social media and multilingualism<\/li>\n\n\n\n<li>Language learning through social media: evolution of teaching practices<\/li>\n\n\n\n<li>Language learning and teaching in formal and non formal contexts through ICT&nbsp;<\/li>\n<\/ul>\n\n\n\n<p style=\"font-size:14px\">Each dimension (or key dialogue) is enriched by analysis and exploitation of data related to the topic. Reports, comparative studies, special issues of online journals, field analysis and open competitions complete the range of network outcomes.<\/p>\n\n\n\n<p style=\"font-size:14px\"><strong>Project details<\/strong> (GREIP as consortium member of research team)<\/p>\n\n\n\n<p style=\"font-size:14px\">Dates: 01\/01\/2010 \u2013 31\/12\/2012<\/p>\n\n\n\n<p style=\"font-size:14px\">Funding entity:&nbsp;EACEA<\/p>\n\n\n\n<p style=\"font-size:14px\">Code: 505107-LLP-1-2009-1-LU-KA2-KA2NW<\/p>\n\n\n\n<p style=\"font-size:14px\">Budget: 38.240 \u20ac<\/p>\n\n\n\n<p style=\"font-size:14px\">PI: Prof. Charles Marx (Warsaw School of Social Sciences and Humanities)<\/p>\n\n\n\n<p style=\"font-size:14px\">PI (UAB):Dr Melinda Ann Dooly (January &#8211; November 2010), Dra. Laia Canals Fornons (November 2010 &#8211; December 2012)<\/p>\n\n\n\n<ul style=\"font-size:14px\" class=\"wp-block-list\">\n<li>GREIP Members: Dr Melinda Dooly, Dr Dolors Masats, Dr N\u00faria Vil\u00e0, Claudia Vallejo.<\/li>\n\n\n\n<li>Participating universities: University of Luxembourg, Institut National de Recherche P\u00e9dagogique, P.A.U. Education, Radio France Internationale (RFI), UAB, Warsaw School of Social Sciences and Humanities, University of Latvia, University Ovidius Constanta, Romania, College of Foreign Languages, Czestochowa, Poland, ADALSIC, Y.E.S. Forum, University of Turku, Deutsche Welle &amp; Universit\u00e9 Stendhal Grenoble III.<\/li>\n<\/ul>\n\n\n\n<p style=\"font-size:14px\"><strong>Publications resulting from this project<\/strong><\/p>\n\n\n\n<ul style=\"font-size:14px\" class=\"wp-block-list\">\n<li>Antoniadou, V., Canals, E., Mohr, C., Zourou, K.&nbsp;(2011). Young people with fewer opportunities learning languages informally: perceptions and uses of ICT and social media.<\/li>\n\n\n\n<li>Dooly, M.&nbsp;(2010) Empowering Language Minorities through Technology: Which Way to Go.&nbsp;eLearning Papers&nbsp;2(19) april 2010. ISSN 1887-1542.<\/li>\n<\/ul>\n<\/div><\/details>\n\n\n\n<details class=\"wp-block-mamaduka-toggles wp-block-toggles\"><summary>Language Dynamics and Management of Diversity (DYLAN) <\/summary><div class=\"wp-block-toggles__content\">\n<p style=\"font-size:14px\"><strong>Summary<\/strong><\/p>\n\n\n\n<p style=\"font-size:14px\">Project webpage: <a href=\"https:\/\/cordis.europa.eu\/project\/id\/28702\/reporting\" data-type=\"URL\" data-id=\"https:\/\/cordis.europa.eu\/project\/id\/28702\/reporting\">https:\/\/cordis.europa.eu\/project\/id\/28702\/reporting<\/a><\/p>\n\n\n\n<p style=\"font-size:14px\">This project is a consortium of 19 research teams. The project, which was granted through the Strand 6 European Union Framework, proposes to demonstrate that linguistic diversity is advantageous rather than an obstacle in the process of creating a knowledge society. The linguistic dynamics in different environments (businesses, European institutions, education systems) will be studied in order to determine the different ways of thinking and performing in different languages promotes the contruction, transferral and application of knowledge.<\/p>\n\n\n\n<p style=\"font-size:14px\">GREIP, as the research team involved from the UAB, is in charge of the study of education systems and coordinates a group of six members from the consortium who will work on the following: a) The study of the influence of social changes in the modification of language education policies and b) The study of the multilingual practices and representations of multilingualism in the contexts of secondary and higher education.<\/p>\n\n\n\n<p style=\"font-size:14px\"><strong>Project details<\/strong> (GREIP as consortium member of research team)<\/p>\n\n\n\n<p style=\"font-size:14px\">Dates: 01\/10\/2006 \u2013 30\/09\/2011<\/p>\n\n\n\n<p style=\"font-size:14px\">Funding entity:&nbsp;Framework Programme 6 of the European Union<\/p>\n\n\n\n<p style=\"font-size:14px\">Code: FP6-2004-Citizens-4&#8243;-028702-2 (CORDIS)<\/p>\n\n\n\n<p style=\"font-size:14px\">Budget: 111.000 \u20ac<\/p>\n\n\n\n<p style=\"font-size:14px\">PI: Dr Anne-Caude Bethoud (Universit\u00e9 de Lausanne)<\/p>\n\n\n\n<ul style=\"font-size:14px\" class=\"wp-block-list\">\n<li>GREIP Members: <strong>Dr Luci Nussbaum Capdevila (PI UAB<\/strong>), Dr Eva Cod\u00f3 Olsina, Dr Melinda Ann Dooly Owenby, Dr Cristina Escobar Urmeneta, Dr Virginia Unamuno Kaschapava,&nbsp;V\u00edctor Corona, Emilee Moore, Adriana Pati\u00f1o.<\/li>\n\n\n\n<li>Participating universities: Universit\u00e9 de Lausanne (CH), Scientific Project Management, Lausanne (CH), Universit\u00e9 de Gen\u00e8ve (CH), Universit\u00e4t Basel (CH), Universit\u00e9 de Lyon 2 (FR), Universit\u00e4t Duisburg-Essen (DE), <strong>Universitat Aut\u00f2noma de Barcelona<\/strong> (ES), Freie Universit\u00e4t Berlin (DE), Glasgow Caledonian University (UK), Lancaster University (UK), Universit\u00e9 de Paris 3 (FR), University of Southern Denmark (DK), University of Cluj-Napoca (RO), University of Helsinki (FI), Universit\u00e9 Marc Bloch-Strasbourg 2 (FR), Libera Universit\u00e0 di Bolzano (IT), University of Ljubljana (SI), Universit\u00e4t Wien (AT) Vrije Universiteit Brussel (BE)<\/li>\n<\/ul>\n\n\n\n<p style=\"font-size:14px\"><strong>Publications resulting from this project<\/strong><\/p>\n\n\n\n<ul style=\"font-size:14px\" class=\"wp-block-list\">\n<li>Mondada, L. &amp; Nussbaum, L.&nbsp;(eds.) (2012) Interactions Cosmopolites: L&#8217;Organisation de la Participation Plurilingue. Editions Lambert Lucas: Limoges.<\/li>\n\n\n\n<li>Borr\u00e0s, E., Moore, E., Nussbaum, L. &amp; Pati\u00f1o, A.&nbsp;(2012). Emergence de modes plurilingues dans des cours universitaires en L2. In: Mondada, L. &amp; Nussbaum, L. (eds.), Interactions Cosmopolites: L&#8217;Organisation de la Participation Plurilingue. Editions Lambert Lucas: Limoges.<\/li>\n\n\n\n<li>Moore, E., Borr\u00e0s, E. &amp; Nussbaum, L.&nbsp;(2013). Plurilingual resources in lingua franca: An interactionist perspective. A Haberland, H. &amp; Priesler, B. (eds.) Language Alternation, Language Choice and Language Encounter in International Education. Heidelberg: Springer.<\/li>\n\n\n\n<li>Dooly, M.&nbsp;&amp;&nbsp;Masats, D.&nbsp;(2011). Closing the loop between theory and praxis: New models in EFL teaching.&nbsp;Oxford ELT Journal.<\/li>\n\n\n\n<li>Moore, E. &amp; Nussbaum, L.&nbsp;(2011). Qu\u00e8 aporta l\u2019an\u00e0lisi conversacional a la comprensi\u00f3 de les situacions d\u2019AICLE. A Escobar, C. &amp; Nussbaum, L. (eds.) Aprendre en una Altra llengua \/ Learning through another language \/ Aprender en otra lengua. Bellaterra: Servei de publicacions de la UAB.<\/li>\n\n\n\n<li>Borr\u00e0s, E., Canals, L., Dooly, M., Moore, E. &amp; Nussbaum, L.(2010). Deliverable 4.3: Working Paper 4. DYLAN Project, pp. 9\u201321.<\/li>\n\n\n\n<li>Borr\u00e0s, E., Moore, E. &amp; Nussbaum. L.&nbsp;(2010). Exploring plurilingual and multimodal resources for participation in higher education CLIL contexts. Deliverable 5.3: Working Paper 5. DYLAN Project.<\/li>\n\n\n\n<li>Moore, E. &amp; Dooly, M.&nbsp;(2010). \u201cHow do the apples reproduce (themselves)?\u201d How teacher trainees negotiate language, content, and membership in a CLIL science education classroom at a multilingual university. Journal of Language, Identity &amp; Education, 9 (1), pp. 58\u201379.<\/li>\n\n\n\n<li>Moore, E. &amp; Pati\u00f1o-Santos, A.&nbsp;(2010). Exploring identity in plurilingual service encounters at a Catalan university. Deliverable 5.3: Working Paper 5. DYLAN Project.<\/li>\n\n\n\n<li>Dooly, M. &amp; Masats, D.&nbsp;(2010). Moments of convergence and divergence between multilingual policies and practices in a higher education institution. Deliverable 5.3: Working Paper 5. DYLAN Project.<\/li>\n\n\n\n<li>Dooly, M. &amp; Moore, E.&nbsp;(2009). Plurilingual talk-in-interaction in an initial teacher training CLIL class. In: Veronesi, D. &amp; Nickenig, C. (eds.), Bi- and Multilingual Universities: European Perspectives and Beyond. Bozen-Bolzano: Bozen-Bolzano University Press, pp. 181\u2013189.<\/li>\n\n\n\n<li>Dooly, M., Moore, E., Nussbaum, L., Unamuno, V., Corona, V. &amp; Pati\u00f1o, A.&nbsp;(2008). Analysis of how context changes modify language policies and strategies and affect language learning practices and representations of multilingualism in educational institutions of higher education. Deliverable 3.2: Working Paper 2. DYLAN Project, pp. 9\u201326.<\/li>\n\n\n\n<li>Cod\u00f3, E., Corona, V., Dooly, M., Moore, E., Nussbaum, L., Unamuno, V.&nbsp;(2007). Analysis of how context changes modify language policies and strategies and affect language learning practices and representations of multilingualism in educational institutions of secondary and higher education. Deliverable 3.1: Working Paper 1. DYLAN Project, pp. 5\u201319.<\/li>\n\n\n\n<li>Dooly, M., Moore, E., Nussbaum, L. &amp; Unamuno, V.&nbsp;(2006). Analysis of how context changes modify language policies and strategies and affect language learning practices and representations of multilingualism in educational institutions of secondary and higher education. Deliverable 3.2: Working Paper 2. DYLAN Project, pp. 9-26.&nbsp;<\/li>\n<\/ul>\n<\/div><\/details>\n\n\n\n<h3 class=\"wp-block-heading has-verd-tropic-color has-text-color has-link-color has-normal-font-size wp-elements-9c0d46f762480aa6c089aee97b972897\"><strong>National Government Funded  Projects<\/strong><\/h3>\n\n\n\n<details class=\"wp-block-mamaduka-toggles wp-block-toggles\"><summary>National Network of Excellence \u201cPlurilingual Education\u201d<\/summary><div class=\"wp-block-toggles__content\">\n<p style=\"font-size:14px\"><strong>Summary<\/strong><\/p>\n\n\n\n<p style=\"font-size:14px\">The creation of the Thematic Network &#8220;Plurilingual Education&#8221; (<a rel=\"noreferrer noopener\" href=\"https:\/\/eduplusnetwork.wixsite.com\/eduplus\" target=\"_blank\"><strong>EDUPLUS<\/strong><\/a>) was motivated by the need to exchange experiences related to the research of the simultaneous learning process of three (or more languages) and the development of teaching models that promote plurilingualism. For some years now, numerous specialists in language acquisition have adopted a holistic conception of simultaneous or successive learning of two or more languages. According to this conception, individuals develop a dynamic plurilingual competence in which adjustments are constantly made between different linguistic subsystems (Jessner, 1997). However, this psycholinguistic reality, which seems increasingly unquestionable from a scientific point of view, seems to be facing serious difficulties when it comes to entering the everyday field of language teaching, where the ideology of linguistic separation usually prevails. There is therefore a considerable gap between what research has revealed about the process of acquiring a plurilingual competence and the guidelines and teaching materials that are usually followed for language teaching. Given this situation, and taking into account the aspiration on the part of the educational systems in the bilingual territories of the Spanish state to train plurlingual individuals, competent in the two co-official languages \u200b\u200band in English as a foreign language, the Thematic Network &#8220;Plurilingual Education&#8221; aims at establishing&nbsp;a collaborative program between the groups that integrate it to respond to these aspirations.<br><\/p>\n\n\n\n<p style=\"font-size:14px\"><strong>Project details<\/strong> (GREIP as member of consortium)<\/p>\n\n\n\n<ul style=\"font-size:14px\" class=\"wp-block-list\">\n<li>Dates: 01\/01\/2019 &#8211; 31\/12\/2021 (extension until June 2022)<\/li>\n\n\n\n<li>Funding entity:&nbsp;Ministerio de Ciencia, Innovaci\u00f3n y Universidades: Acciones de Dinamizaci\u00f3n: Redes de Investigaci\u00f3n, convocatoria 2018<\/li>\n\n\n\n<li>Code:&nbsp; RED2018-102774-T<\/li>\n\n\n\n<li>Budget: \u20ac25,000<\/li>\n\n\n\n<li>PI: Dr. Josep Mar\u00eda Cots<strong> <\/strong>(Universitat de Lleida)<\/li>\n\n\n\n<li>GREIP members: Dra. Melinda Ann Dooly (UAB PI), Dra. Eul\u00e0lia Borr\u00e0s Riba, Dra. Mandy Deal, Dra. J\u00falia Llompart, Dra. Dolors Masats Viladoms, Dra Emilee Moore, Dr. Xavier Pascual i Calvo, Dra. Joan Ploettner, Dra. Amparo Tuson Valls, Claudia Vallejo, Dr. Victor Corona, Dra. Anna Czura.&nbsp;<\/li>\n\n\n\n<li>Other groups \/ participants: CILCEAL, Universitat Ramon Llull &#8211; Blanquerna Foundation (PI: Maria Gonz\u00e1lez Davies), DREAM, University of the Basque Country (PI: Jasone Cenoz), GLAUR, University of La Rioja (PI: Rosa Mar\u00eda Jim\u00e9nez Catal\u00e1n), LAELA, Universitat Jaume I (PI: Maria Pilar Safont).<\/li>\n<\/ul>\n<\/div><\/details>\n\n\n\n<details class=\"wp-block-mamaduka-toggles wp-block-toggles\"><summary>IEP! Inclusive epistemologies and practices of out-of school English learning<\/summary><div class=\"wp-block-toggles__content\">\n<p style=\"font-size:14px\"><strong>Summary<\/strong><\/p>\n\n\n\n<p style=\"font-size:14px\">According to educational indicators (e.g. Consell Superior dAvaluaci\u00f3 del Sistema Educatiu, 2018), English is one of the school subjects that is most telling of social inequalities in Spain. This research project responds to low attainment levels for English as a Foreign Language amongst socioeconomically disadvantaged youth. It aligns with recent research focusing on the role of out-of-school learning in ensuring social inclusion. This two year project will: a) collaboratively research secondary school students existing practices of and access to the learning of English out-of-school time; b) implement new inclusive, non-formal English language education initiatives; c) evaluate the impact of the non-formal English language education intiatives implemented; d) and support the sustainability and transferability of the initiatives. The project builds on already established alliances between university-based researchers and community stakeholders. It takes the global form of a comparative case study, achieved through multi-sited and multi-scalar ethnography. It also takes a transformative activist stance, incorporating youth-led participatory action research and service-learning. In addition, socio-interactionist learning behaviour tracking methods are used, in combination with other socio-cultural approaches, to investigate young peoples language learning. Threading through all these approaches, as a transversal methodological contribution, the project draws on creative inquiry, or arts-based methods. By embedding collaborative and creative ways of knowing in its methodology, the project aims to contest traditional researcher-researched and logocentric hierarchies of knowledge, and foster not only inclusive educational practices, but also inclusive epistemologies.<br><\/p>\n\n\n\n<p style=\"font-size:14px\"><strong>Project details<\/strong> (GREIP as research team leader)<\/p>\n\n\n\n<ul style=\"font-size:14px\" class=\"wp-block-list\">\n<li>Dates: 01\/02\/2019 &#8211; 31\/01\/2021 (extended to 30\/06\/2022) <\/li>\n\n\n\n<li>Funding entity:&nbsp;Ministerio de Ciencia, Innovaci\u00f3n y Universidades.&nbsp;Proyectos de I+D de generaci\u00f3n de conocimiento&nbsp;y Proyectos de I+D+i retos investigaci\u00f3n (Ref: PRPPGC2018-099071-A-I00)<\/li>\n\n\n\n<li>Code:&nbsp; PRPPGC2018-099071-A-I00<\/li>\n\n\n\n<li>Budget: 29.766,00 \u20ac<\/li>\n\n\n\n<li><strong>PI: Dr&nbsp;Emilee Moore<\/strong><\/li>\n\n\n\n<li>GREIP Members: Dr. Eul\u00e0lia Borr\u00e0s (Universitat de Lleida); Dr. Mandy Deal (Universitat Internacional de Catalunya); Dr. Melinda Dooly (Universitat Aut\u00f2noma de Barcelona); Dr. Dolors Masats (Universitat Aut\u00f2noma de Barcelona); Joan Ploettner (Universitat Internacional de Catalunya); Prof. Amparo Tuson (Universitat Aut\u00f2noma de Barcelona).<\/li>\n\n\n\n<li>Collaborators: Almudena Herrera (IES Badia del Vall\u00e8s); Dr. J\u00falia Llompart (Universidad Aut\u00f3noma de Madrid); Dr. Andy Morodo (Universitat Aut\u00f2noma de Barcelona); Claudia Vallejo (Universitat Aut\u00f2noma de Barcelona), members of the alliance&nbsp;Let\u2019s Go!<\/li>\n\n\n\n<li>International consultants: Dr. Jessica Bradley (Leeds Trinity University, UK); Dr. Lou Harvey (University of Leeds, UK): Prof. Maggie Hawkins (University of Wisconsin-Madison, USA); Dr. Rahat Zaidi (University of Calgary, Canada).<\/li>\n<\/ul>\n\n\n\n<p style=\"font-size:14px\"><strong>Publications related to the project<\/strong><\/p>\n\n\n\n<ul style=\"font-size:14px\" class=\"wp-block-list\">\n<li>Ballena, Camilo; <strong>Masats, Dolors<\/strong>&nbsp;&amp; Unamuno, Virg\u00ednia (2020). The transformation of language practices: Notes from the Wichi community of Los Lotes (Chaco, Argentina). In Emilee Moore, Jessica Bradley &amp; James Simpson (Eds.), <em>Translanguaging as transformation: The collaborative construction of new linguistic realities<\/em> (p.76-92). Bristol: Multilingual Matters. Bristol: Multilingual Matters.<\/li>\n\n\n\n<li>Borr\u00e0s, Eul\u00e0lia &amp; Emilee Moore. (2019). The plurilingual and multimodal management of participation and subject complexity in university CLIL teamwork.&nbsp;<em>English Language Teaching, 12<\/em> (2), 100-112.<\/li>\n\n\n\n<li>Bradley, Jessica&nbsp;&amp; <strong>Moore, Emilee<\/strong>. (2019). Resemiotization and creative production: extending the translanguaging lens. In A. Sherris &amp; E. Adami (Eds.) <em>Making signs, translanguaging ethnographies: Exploring urban, rural, and educational spaces <\/em>(pp. 81-101). Clevedon: Multilingual Matters.<\/li>\n\n\n\n<li>Cod\u00f3, Eva &amp; <strong>Emilee Moore<\/strong>. (2019).&nbsp;<a rel=\"noreferrer noopener\" href=\"https:\/\/forodeeducacion.com\/ojs\/index.php\/fde\/article\/view\/699\/432\" target=\"_blank\">Working through asymmetries of knowledge and expertise in a \u2018giving back to the field\u2019 session<\/a>. <em>Foro de Educaci\u00f3n<\/em>, 17 (27), 147-165.<\/li>\n\n\n\n<li>Corona, V\u00edctor,<strong> Vallejo, Claudia, Moore, Emilee<\/strong> &amp;&nbsp;Solans, Jorge&nbsp;(2021).&nbsp;Is English important in your life? A collaborative experience in a secondary school.&nbsp;In Moore, Emilee &amp; Vallejo, Claudia (Eds.)&nbsp;<em>Learning English out of school: An inclusive approach to research and action<\/em>(pp. 43-67).&nbsp;Peter Lang.<\/li>\n\n\n\n<li>Herrera, Almudena &amp; <strong>Moore, Emilee&nbsp;<\/strong>(2020). \u2018The butterfly circus\u2019: Targeting social inequalities through English teaching. <em>APAC ELT Journal<\/em> 92, 7-14.<\/li>\n\n\n\n<li>Llompart, J\u00falia &amp;&nbsp;Moore, Emilee (2020). La reflexi\u00f3n para la did\u00e1ctica ling\u00fc\u00edsticamente inclusiva. <em>Textos de Did\u00e1ctica de la Lengua y la Literatura<\/em> 88, 55-60.<\/li>\n\n\n\n<li>Llompart, J\u00falia &amp;&nbsp;Moore, Emilee (2020). La reflexi\u00f3 per a la did\u00e0ctica ling\u00fc\u00edsticamente inclusiva. <em>Articles de Did\u00e0ctica de la Llengua i la Literatura<\/em>, 85, 55\u201359.<\/li>\n\n\n\n<li><strong>Llompart, J\u00falia<\/strong> &amp; Vidal, J. (2019). De \u2018Ch\u00e2taignier\u2019 a \u2018Casta\u00f1azo\u2019: de la intercomprensi\u00f3n a la traducci\u00f3n de c\u00f3mic.&nbsp;<em>Textos. Did\u00e1ctica de la Lengua y la Literatura, 83,&nbsp;<\/em>pp. 66-71.<\/li>\n\n\n\n<li><strong>Llompart, J\u00falia<\/strong> &amp; Vidal, J. (2019). De&nbsp;<em>ch\u00e2taignier<\/em>&nbsp;a&nbsp;<em>castanya<\/em>: De la intercomprensi\u00f3 a la traducci\u00f3 de c\u00f2mic.&nbsp;<em>Articles de Did\u00e0ctica de la Llengua i la Literatura, 80,&nbsp;<\/em>pp. 66-71. <\/li>\n\n\n\n<li><strong>Moore, Emilee<\/strong>&nbsp;(2021).&nbsp;Introduction: Inclusive epistemologies and practices of out-of-school English learning.&nbsp;In Moore, Emilee &amp; Vallejo, Claudia (Eds.)&nbsp;<em>Learning English out of school: An inclusive approach to research and action&nbsp;<\/em>(pp. 7-25). Peter Lang.<\/li>\n\n\n\n<li><strong>Moore, Emilee,<\/strong> Bradley, Jessica &amp; Simpson, James (Eds.) (2020). <em>Translanguaging as transformation: The collaborative construction of new linguistic realities<\/em>. Bristol: Multilingual Matters. DOI: <a href=\"https:\/\/doi.org\/10.21832\/MOORE8045\">https:\/\/doi.org\/10.21832\/MOORE8045<\/a><\/li>\n\n\n\n<li><strong>Moore, Emilee, Deal, Mandy<\/strong>&nbsp;&amp; Herrera, Almudena&nbsp;(2021).&nbsp;Making Colin the poet real: English language learning as embodied action, aesthetics and emotion.&nbsp;In Moore, Emilee &amp; Vallejo, Claudia (Eds.)&nbsp;<em>Learning English out of school: An inclusive approach to research and action <\/em>(pp. 143-160). Peter Lang.<\/li>\n\n\n\n<li><strong>Moore, Emilee&nbsp;<\/strong>&amp; Hawkins, Margaret R. (2021).&nbsp;The affordances of an arts-based approach for building opportunities for young people\u2019s learning.&nbsp;In Moore, Emilee &amp; Vallejo, Claudia (Eds.)&nbsp;<em>Learning English out of school: An inclusive approach to research and action <\/em>(pp. 99-117). Peter Lang.<\/li>\n\n\n\n<li><strong>Moore, Emilee <\/strong>&amp;&nbsp;Morodo, Andy&nbsp;(2021).&nbsp;Final reflections.&nbsp;In Moore, Emilee &amp; Vallejo, Claudia (Eds.)&nbsp;<em>Learning English out of school: An inclusive approach to research and action <\/em>(pp. 161-164). Peter Lang.<\/li>\n\n\n\n<li>Moore, Emilee &amp; Vallejo, Claudia&nbsp;(Dirs.)&nbsp;(2021).&nbsp;<em>Learning English out of school: An inclusive approach to research and action<\/em>. Peter Lang.<\/li>\n\n\n\n<li>Moore, Emilee, Vallejo, Claudia, Dooly, Melinda&nbsp;&amp; Borr\u00e0s, Eul\u00e0lia&nbsp;(2021).&nbsp;Out-of-school language learning and educational equity.&nbsp;In Moore, Emilee &amp; Vallejo, Claudia (Eds.)&nbsp;<em>Learning English out of school: An inclusive approach to research and action <\/em>(pp. 27-42). Peter Lang.<\/li>\n\n\n\n<li>Pratginest\u00f3s, C\u00e8lia&nbsp;&amp; Masats, Dolors (2021).&nbsp;<em>Learning English in translocal exchanges in Instagram chat.<\/em>&nbsp; In Moore, Emilee &amp; Vallejo, Claudia (Eds.)&nbsp;<em>Learning English out of school: An inclusive approach to research and action&nbsp;<\/em>(pp. 69-97).Peter Lang.<\/li>\n\n\n\n<li>Vallejo, Claudia&nbsp;(2020). <a href=\"https:\/\/www.tandfonline.com\/eprint\/FPU6KFNM7X3BD2AWICUJ\/full?target=10.1080\/14708477.2020.1763378\">Child-volunteer socialisation in an after-school programme: a case study about transcaring and transformation<\/a>. <em>Language and Intercultural Communication<\/em>, 20(6), 315-350. DOI: 10.1080\/14708477.2020.1763378.&nbsp;<\/li>\n\n\n\n<li>Vallejo, Claudia (2020). Translanguaging as practice and as outcome: Bridging across educational milieus through a collaborative Service-Learning project. In Moore, Jessica Bradley &amp; James Simpson (Eds.), <em>Translanguaging as transformation: The collaborative construction of new linguistic realities<\/em> (p. 234-250)<em>.<\/em> Bristol: Multilingual Matters.<\/li>\n\n\n\n<li>Zhang, Miaomiao &amp;&nbsp;<strong>Llompart, J\u00falia<\/strong>&nbsp;(2021). Participant roles in linguistic mediation activities in a digital storytelling project.&nbsp;In Moore, Emilee &amp; Vallejo, Claudia (Eds.)&nbsp;<em>Learning English out of school: An inclusive approach to research and action <\/em>(pp. 119-141). Peter LangIn<\/li>\n<\/ul>\n<\/div><\/details>\n\n\n\n<details class=\"wp-block-mamaduka-toggles wp-block-toggles\"><summary>The appropriation of English as a global language at the Catalan school: A multilingual, located and comparative approach (APINGLO-CAT)<\/summary><div class=\"wp-block-toggles__content\">\n<p style=\"font-size:14px\"><strong>Summary<\/strong><\/p>\n\n\n\n<p style=\"font-size:14px\">The aim of this coordinated project is conducting a comparative study in two regions on the appropriation of English as a global language, emblem of contemporary bi \/ multilingualism and engine of many bi \/ multilingual education proposals from recent decades in the Spanish state. The comparison is relevant due to the different linguistic context from the two communities, one officially bilingual (Catalonia) and the other socially constructed as monolingual (Castilla-La Mancha), but also due to the significant demographic, socioeconomic and sociocultural differences between Barcelona and Ciudad Real (and their respective areas of influence). The comparison will allow us to expand, deepen and problematize linguistic, social and educational ideologies around the use and learning of English in Spain, in a context of multiple and profound technological, cultural and social transformations. To this end, we will conduct a linguistic ethnography in three types of educational centres (public, charter and international private schools) to investigate the linguistic practices and perspectives of the various stakeholders involved (government, families, teachers, teams and students) from a critical, multilingual and multidimensional (ideological, discursive and interactional) perspective. The results of this project will enlighten the meanings, aspirations and desires related to multilingualism in general and to English in particular, both in Catalonia and in the rest of the state, which will dialogue with results of similar studies carried out in other countries around the world.<\/p>\n\n\n\n<p style=\"font-size:14px\">Part of the project &#8220;Multilingual Education in the Global Age: Markets, desires, practices and identities among adolescents in two Spanish regions&#8221; (MUEDGE) coordinated with the University of Castilla-La Mancha (PI: Dr Ana Maria Pastor Rela\u00f1o), with the participation of the Autonomous University of Madrid, the University of Bristol and the University of Hong Kong. General Coordination: Dr Eva Cod\u00f3, UAB.<\/p>\n\n\n\n<p style=\"font-size:14px\"><strong>Project details<\/strong> (GREIP members as part of the research team)<\/p>\n\n\n\n<p style=\"font-size:14px\">Dates: 01\/01\/2015 \u2013 31\/12\/2018<\/p>\n\n\n\n<p style=\"font-size:14px\">Funding entity: MINECO<\/p>\n\n\n\n<p style=\"font-size:14px\">Code: FFI2014-54179-C2-1-P<\/p>\n\n\n\n<p style=\"font-size:14px\">Budget: 38.000\u20ac<\/p>\n\n\n\n<p style=\"font-size:14px\">PI: Dr Eva Cod\u00f3 (Universitat Aut\u00f2noma de Barcelona)<\/p>\n\n\n\n<p style=\"font-size:14px\">Participating GREIP members: Dr Emilee Moore, Dr Adriana Pati\u00f1o Santos<\/p>\n<\/div><\/details>\n\n\n\n<details class=\"wp-block-mamaduka-toggles wp-block-toggles\"><summary>Knowledge for Network-based Education, Cognition &amp; Teaching (KONECT)<\/summary><div class=\"wp-block-toggles__content\">\n<p style=\"font-size:14px\">Project webpage: <a href=\"https:\/\/tefluab.wixsite.com\/konect\">https:\/\/tefluab.wixsite.com\/konect<\/a><\/p>\n\n\n\n<p style=\"font-size:14px\"><strong>Summary<\/strong><\/p>\n\n\n\n<p style=\"font-size:14px\">It is our position that teachers will have a key role in preparing future citizens to be \u2018e-functional\u2019. Being &#8216;e-functional&#8217; entails many areas of competences, apart from digital and linguistic skills, not least of which are the ability to employ multiple literacies in order to work and communicate in multilingual and multimodal contexts. Even as students become increasingly more adept at the use of technology, schools must help them couple these digital capacities with the type of knowledge construction that they will need in an interconnected world in order to \u2018e-function\u2019 effectively. Taking an action research approach, this project proposes specific measures for improving primary and middle-school students\u2019 communicative and academic skills in order to better ensure their responsible participation in our knowledge society. This study designs and implements international, telecollaborative projects that present communicative and cognitive challenges to the students in order to pinpoint the necessary skills for participating effectively in a network-based learning environment. Due to the international partnerships between classrooms, students will develop other proficiencies such as English as a Lingua Franca and intercultural communicative competences. Naturalistic data is recorded, compiled and transcribed from these implementations in order to analyse, evaluate and expand on them. Results from the analysis will serve for an educational reference model that can be used in teacher education and other learning contexts. The study also aims to contribute to the growing scientific interest in the analysis of computer-mediated interactions for knowledge construction.<\/p>\n\n\n\n<p style=\"font-size:14px\"><strong>Project details<\/strong> (GREIP as research team leader)<\/p>\n\n\n\n<ul style=\"font-size:14px\" class=\"wp-block-list\">\n<li>Dates: 01\/01\/2014 &#8211; 31\/12\/2018<\/li>\n\n\n\n<li>Funding entity:&nbsp;Ministerio de Economia y Competitividad: Proyectos I+D del Programa Estatal de Fomento de la Investigaci\u00f3n Cient\u00edfica y T\u00e9cnica de Excelencia<\/li>\n\n\n\n<li>Code:&nbsp; EDU2013-43932-P<\/li>\n\n\n\n<li>Budget: 108,000\u20ac<\/li>\n\n\n\n<li><strong>PI: Dr. Melinda Dooly<\/strong><\/li>\n\n\n\n<li>GREIP Members: Dr. Dolors Masats, Dr. Emilee Moore, Dr. Artur Noguerol, Dr. Luci Nussbaum, Dr. Amparo Tus\u00f3n\n<ul class=\"wp-block-list\">\n<li>Working team: Pre-doctoral research assistants: Nathaly Gonz\u00e1lez Acevedo,&nbsp;(Universitat Aut\u00f2noma de Barcelona);&nbsp;Jelena Marjanovic (Universitat Aut\u00f2noma de Barcelona); Saliha \u00d6zcan,&nbsp;(Universitat Aut\u00f2noma de Barcelona).<\/li>\n<\/ul>\n<\/li>\n\n\n\n<li>Collaborating members (associates):   Francesca Helm; Universitat Degli Estudis di Padova (IT); Dr. Numa Markee, University of Illinois Urbana Champaign (USA); Dr. Robert O&#8217;Dowd, Universidad de Le\u00f3n (ES); Dr. Randall Sadler, University of Illinois Urbana Champaign; Dr. Shannon Sauro, M\u00e4lmo University (SW), Dr. Steven Thorne, University of Groningen (NL) &amp; Portland State University; Dr. Enza Tudini, University of South Australia (AUS); Dr. Virginia Unamuno, Conicet (AR).&nbsp;&nbsp;<\/li>\n<\/ul>\n\n\n\n<p style=\"font-size:14px\"><strong>Publications resulting from the project<\/strong><\/p>\n\n\n\n<ul style=\"font-size:14px\" class=\"wp-block-list\">\n<li>Batardi\u00e8re, Marie-Th\u00e9r\u00e8se &amp;&nbsp;<strong>Helm, Francesca<\/strong> (2016). Fostering students\u2019 engagement with topical issues through different modes of online exchange. In S. Jager, M. Kurek &amp; B. O\u2019Rourke (Eds.),&nbsp;New directions in telecollaborative research and practice: selected papers from the second conference on telecollaboration in higher education (pp. 313-319). Dublin Ireland:&nbsp;Research-publishing.net.&nbsp;doi: 10.14705\/rpnet.2016.telecollab2016.523<\/li>\n\n\n\n<li>Bejarano, Granada, &amp;&nbsp; Gim\u00e9nez,&nbsp;Gerard. (2018).&nbsp;<a rel=\"noreferrer noopener\" href=\"https:\/\/www.peterlang.com\/view\/9783034335331\/9783034335331.00010.xml\" target=\"_blank\">What makes our school unique? Lessons learnt from the perspective of two \u2018newcomers\u2019<\/a>.&nbsp;In M. Dooly &amp; R. O\u2019Dowd (eds.)&nbsp;<em>In this together: Teachers\u2019 experiences with transnational, telecollaborative language learning projects<\/em>. New York\/Bern: Peter Lang.<\/li>\n\n\n\n<li>Bonet Pueyo, Alexandra.&nbsp;(2018).&nbsp;<a rel=\"noreferrer noopener\" href=\"https:\/\/www.peterlang.com\/view\/9783034335331\/9783034335331.00009.xml\" target=\"_blank\">Making a difference: Reflecting on a telecollaborative project aimed at social change<\/a>.&nbsp;In M. Dooly &amp; R. O\u2019Dowd (eds.) <em>In this together: Teachers\u2019 experiences with transnational, telecollaborative language learning projects<\/em>. New York\/Bern: Peter Lang.<\/li>\n\n\n\n<li>Bruun, Sara.&nbsp;(2018).&nbsp;<a rel=\"noreferrer noopener\" href=\"https:\/\/www.peterlang.com\/view\/9783034335331\/9783034335331.00012.xml\" target=\"_blank\">Global goals: A virtual project with students from Sweden and Tanzania<\/a>.&nbsp;&nbsp;In M. Dooly &amp; R. O\u2019Dowd (eds.) <em>In&nbsp;this together: Teachers\u2019 experiences with transnational, telecollaborative language learning projects.<\/em> New York\/Bern: Peter Lang.<\/li>\n\n\n\n<li>Nuriya Davitova (2017).&nbsp;&nbsp;The use of semiotic resources as means of mediation in a&nbsp;telecollaborative classroom interaction, supervised by&nbsp;Dr. Melinda Dooly. Unpublished Masters of Arts dissertation. Universitat Aut\u00f2noma de Barcelona.<\/li>\n\n\n\n<li>Dooly, Melinda. (2015). <a rel=\"noreferrer noopener\" href=\"https:\/\/journals.equinoxpub.com\/index.php\/CALICO\/article\/view\/25664\/22727\" target=\"_blank\">It takes research to build a community: Ongoing challenges for scholars in digitally-supported communicative language teaching<\/a>. <em>Calico Journal, 32<\/em>(1): 172-194.<\/li>\n\n\n\n<li>Dooly, Melinda. (2015). Networked classrooms and networked minds: Language teaching in a brave new world. In C. J. Jenks &amp; P. Seedhouse (Eds.) International perspectives on the ELT classroom (pp. 84-109). Houndsmills, Basingstoke\/New York: Palgrave MacMillan.<\/li>\n\n\n\n<li>Dooly, Melinda. (2015). &nbsp;Learning to e-function in a brave new world:Language teachers\u2019 roles in educating for the future. A A. Turula, B. Mikolajewska, &amp; D. Stanulewicz (Eds.) Insights into technology enhanced language pedagogy (pp. 11-25). Warsaw Studies in English Language and Literature. Vol. 18, J. Fisiak (Ed.). Bern\/Vienna: Peter Lang.<\/li>\n\n\n\n<li>Dooly, Melinda. (2016). \u2018Please remove your avatar from my personal space\u2019: Competences of the telecollaboratively efficient person. In T. Lewis &amp; R. O\u2019Dowd (Eds.) Online intercultural exchange: Policy, pedagogy, practice (pp. 192-208). NY\/London: Routledge.<\/li>\n\n\n\n<li>Dooly, Melinda&nbsp;(2017). <a rel=\"noreferrer noopener\" href=\"https:\/\/journals.openedition.org\/alsic\/3005\" target=\"_blank\">Performing identities in social media: A proposal for studying identity construction in language learning online<\/a>.&nbsp;<em>ALSIC&nbsp;[Special Issue<\/em>, Heike Baldauf-Quilliatre, Magali Ollagnier-Beldame&nbsp;&amp; Christine Develotte (Eds.)], 20.&nbsp;<\/li>\n\n\n\n<li>Dooly, Melinda. (2017). Telecollaboration. In C. Chapelle &amp; S. Sauro (Eds.) The handbook of technology in second language teaching and learning (pp. 169-183). Hoboken, NJ: Wiley-Blackwell.<\/li>\n\n\n\n<li>Dooly, Melinda&nbsp;(2018). \u201cI do which the question\u201d: Students\u2019 innovative use of technology resources in the language classroom. <em><a rel=\"noreferrer noopener\" href=\"http:\/\/www.lltjournal.org\/item\/3024\" target=\"_blank\">Language Learning &amp; Technology<\/a>, 22<\/em>(1), 184-217.<\/li>\n\n\n\n<li>Dooly, Melinda. (tbp 2018). \u2018\u00a1Flipo con tus clases!\u2019: La formaci\u00f3n de profesorado en la did\u00e1ctica de lenguas a trav\u00e9s de clases invertidas y telecolaboraci\u00f3n. In Marta Gonz\u00e1lez-Lloret i Margarita Vinagre Laranjeira (Eds.) Comunicaci\u00f3n mediada por tecnolog\u00edas: Aprendizaje y ense\u00f1anza de la lengua extranjera [Technology mediated communication: Learning and teaching foreign languages]. Sheffield: Equinox.<\/li>\n\n\n\n<li>Dooly, Melinda (2018). Foreword. In Ruth Breeze &amp; Pilar Gerns (Eds.) Developing creativity in content and language learning (pp. 3-6). Pamplona: Servicio de Publicaciones de la Universidad de Navarra.<\/li>\n\n\n\n<li>Dooly, Melinda, &amp; Davitova, Nuriya. (2018). <a rel=\"noreferrer noopener\" href=\"http:\/\/www.efdergi.hacettepe.edu.tr\/yonetim\/icerik\/makaleler\/2916-published.pdf\" target=\"_blank\">\u2018What can we do to talk more?\u2019 Analysing language learners\u2019 online interaction<\/a>. Seedhouse, P., Sert, O., &amp; Balaman, U. (Eds.)&nbsp;<a rel=\"noreferrer noopener\" href=\"http:\/\/www.efdergi.hacettepe.edu.tr\/son-sayi.html\" target=\"_blank\"><em>Special Issue:&nbsp;Conversation Analytic Studies on Teaching and Learning Practices: International Perspectives,<\/em> <em>Hacettepe University Journal of Education<\/em><\/a>.<\/li>\n\n\n\n<li>Dooly, Melinda &amp; Masats, Dolors (2020). \u2018What do you zinc about the project?\u2019 Examples of language learning through technology-enhanced project-based language learning. In Gulbahar Beckett &amp; Tammy Slater (Eds.) Global perspectives on project-based language learning, teaching, and assessment: Key approaches, technology tools, and frameworks. Routledge.<\/li>\n\n\n\n<li>Dooly, Melinda, Mont, Maria,&nbsp;&amp; Masats, Dolors. (2014). Becoming little scientists: A case study of technologically-enhanced project-based language learning. APAC Journal, 78: 34-40.<\/li>\n\n\n\n<li>Dooly, Melinda, &amp; O\u2019Dowd, Robert. (2018).&nbsp;<a rel=\"noreferrer noopener\" href=\"https:\/\/www.peterlang.com\/view\/9783034335331\/9783034335331.00005.xml\" target=\"_blank\">Telecollaboration in the foreign language classroom: A review of its origins and its application to language teaching practices.<\/a> In M. Dooly &amp; R. O\u2019Dowd (eds.)&nbsp;<em>In&nbsp;this together: Teachers\u2019 experiences with transnational, telecollaborative language learning projects<\/em>. New York\/Bern: Peter Lang.<\/li>\n\n\n\n<li>Dooly, M., &amp; O\u2019Dowd, R. (eds.) (2018).&nbsp;<em>I<a rel=\"noreferrer noopener\" href=\"https:\/\/www.peterlang.com\/view\/9783034335331\/9783034335331.00001.xml\" target=\"_blank\">n This Together: Teachers\u2019 Experiences with Transnational, Telecollaborative Language Learning Projects<\/a><\/em>. New York\/Bern: Peter Lang.<\/li>\n\n\n\n<li>Dooly, Melinda, &amp; Sadler, Randall.&nbsp;(2016). <a rel=\"noreferrer noopener\" href=\"http:\/\/www.lltjournal.org\/item\/2932\" target=\"_blank\">Becoming little scientists: Technologically-enhanced project-based language learning.<\/a> Language Learning &amp; Technology, 20(1):54-78.<\/li>\n\n\n\n<li>Dooly, M., &amp; Thorne, S.L. (2018). Knowledge for network-based education, cognition &amp; teaching: Key competences for the 21st century. KONECT white paper. Barcelona: KONECT. doi:10.6084\/m9.figshare.7366982.<\/li>\n\n\n\n<li>Dooly, Melinda, &amp; Tudini, Vincenza.&nbsp;(2016). \u2018Now we are teachers\u2019: The role of small talk in student language teachers\u2019 telecollaborative task development. Journal of Pragmatics, 102, 38-53.<\/li>\n\n\n\n<li>Garc\u00eda-Mart\u00ednez, Ana\u00efs, &amp;&nbsp;Gracia-T\u00e9llez,&nbsp;Maria (2018).&nbsp;<a rel=\"noreferrer noopener\" href=\"https:\/\/www.peterlang.com\/view\/9783034335331\/9783034335331.00006.xml\" target=\"_blank\">A telecollaborative science project: Searching for new ways to make language learning authentic<\/a>.&nbsp;In M. Dooly &amp; R. O\u2019Dowd (eds.)&nbsp;<em>In&nbsp;this together: Teachers\u2019 experiences with transnational, telecollaborative language learning projects.<\/em> New York\/Bern: Peter Lang.<\/li>\n\n\n\n<li>Gonz\u00e1lez Acevedo,&nbsp;Nathaly. (2016).&nbsp;T<a rel=\"noreferrer noopener\" href=\"http:\/\/www.sciencedirect.com\/science\/article\/pii\/S1877042816313039?_rdoc=1&amp;_fmt=high&amp;_origin=gateway&amp;_docanchor=&amp;md5=b8429449ccfc9c30159a5f9aeaa92ffb\" target=\"_blank\">echnology-enhanced-gadgets in the teaching of English as a foreign language to very young learners. Ideas on implementation<\/a>.&nbsp;<em>Procedia \u2013 Social and Behavioral Sciences<\/em>,&nbsp;232, 507-513.<\/li>\n\n\n\n<li>Helm, Francesca. (2015). <a rel=\"noreferrer noopener\" href=\"http:\/\/www.lltjournal.org\/item\/2910\" target=\"_blank\">The practices and challenges of telecollaboration in higher education in Europe.<\/a> <em>Language Learning &amp; Technology, 19<\/em>(2): 197-217.<\/li>\n\n\n\n<li>Helm, Francesca. (2015). <a rel=\"noreferrer noopener\" href=\"http:\/\/llt.msu.edu\/issues\/june2015\/helm.pdf\" target=\"_blank\">The practices and challenges of telecollaboration in higher education in Europe.<\/a> <em>Language Learning &amp; Technology,19<\/em>(2): 197-217.<\/li>\n\n\n\n<li>Helm Francesca (2016). Facilitated dialogue in online intercultural exchange. In T. Lewis &amp; R. O\u2019Dowd (Eds.) Online intercultural exchange: Policy, pedagogy, practice (pp. 150-172). NY\/London: Routledge.<\/li>\n\n\n\n<li>Helm Francesca (2017). Critical approaches to online intercultural language education. In S. Thorne &amp; S. May (Eds.), Language and technology, Encyclopedia of Language and Education (pp. 1-13). London: Springer Online, Idoi: 10.1007\/978-3-319-02328-1_18-1<\/li>\n\n\n\n<li>Francesca Helm (2017).&nbsp;&nbsp;<a rel=\"noreferrer noopener\" href=\"http:\/\/www.tdx.cat\/handle\/10803\/400763\" target=\"_blank\">\u2018I\u2019m not disagreeing, I\u2019m just curious\u2019: Exploring identities through multimodal interaction in virtual exchange<\/a>, supervised by Dr. Melinda Dooly. Unpublished doctoral thesis. Universitat Aut\u00f2noma de Barcelona.<\/li>\n\n\n\n<li>Helm, Francesca. (2018).&nbsp;<a rel=\"noreferrer noopener\" href=\"https:\/\/research-publishing.net\/book?10.14705\/rpnet.2018.25.9782490057191\" target=\"_blank\"><em>Emerging identities in Virtual Exchange<\/em><\/a>.&nbsp;Dublin Ireland:&nbsp;Research-publishing.net.<\/li>\n\n\n\n<li>Helm, Francesca. &amp; Dooly, Melinda (2017). Challenges in transcribing multimodal data: A case study, <em>Language Learning &amp; Technology, Special Issue on Methodological Innovation in CALL Research, 21<\/em>(1), 166-185. <a rel=\"noreferrer noopener\" href=\"https:\/\/dx.doi.org\/10125\/44600\" target=\"_blank\">https:\/\/dx.doi.org\/10125\/44600<\/a><\/li>\n\n\n\n<li>Ingelsson, Jennie,&nbsp;&amp; Linder, Anna. (2018).&nbsp;&nbsp;<a rel=\"noreferrer noopener\" href=\"https:\/\/www.peterlang.com\/view\/9783034335331\/9783034335331.00011.xml\" target=\"_blank\">Intercultural meetings in a Swedish \u2013 Kiwi e-mail exchange: Lessons learnt<\/a>.&nbsp;In M. Dooly &amp; R. O\u2019Dowd (eds.)&nbsp;<em>In&nbsp;this together: Teachers\u2019 experiences with transnational, telecollaborative language learning projects.<\/em> New York\/Bern: Peter Lang.<\/li>\n\n\n\n<li>Lewis, Tim, O\u2019Rourke, Breffni, &amp; Dooly, Melinda. (2016). <a rel=\"noreferrer noopener\" href=\"http:\/\/www.tandfonline.com\/toc\/rill20\/10\/1\" target=\"_blank\">Innovation in language learning and teaching \u2013 Online intercultural exchange, innovation in language learning and teaching.<\/a> Innovation in Language Learning and Teaching, &nbsp;(1), 1-5.<\/li>\n\n\n\n<li>Mont,&nbsp;Maria, &amp; Masats, Dolors (2018). <a rel=\"noreferrer noopener\" href=\"https:\/\/www.peterlang.com\/view\/9783034335331\/9783034335331.00008.xml\" target=\"_blank\">Tips and suggestions to implement&nbsp;telecollaborative projects with young learners<\/a>. In M. Dooly &amp; R. O\u2019Dowd (eds.)&nbsp;<em>In&nbsp;this together: Teachers\u2019 experiences with transnational, telecollaborative language learning projects.<\/em><\/li>\n\n\n\n<li>Morcilo&nbsp;Salas, Anna. (2018). <a rel=\"noreferrer noopener\" href=\"https:\/\/www.peterlang.com\/view\/9783034335331\/9783034335331.00007.xml\" target=\"_blank\">Are we really that different? A telecollaborative project between refugee students from Myanmar and a primary school in Sabadell (Spain)<\/a>.&nbsp;In M. Dooly &amp; R. O\u2019Dowd (eds.)&nbsp;<em>In&nbsp;this together: Teachers\u2019 experiences with transnational, telecollaborative language learning projects<\/em>. New York\/Bern: Peter Lang.<\/li>\n\n\n\n<li>Sadler, Randall. (2018). <a rel=\"noreferrer noopener\" href=\"https:\/\/www.peterlang.com\/view\/9783034335331\/9783034335331.00013.xml\" target=\"_blank\">Afterword: Looking back and looking forward: What is the future of telecollaboration?<\/a> In M. Dooly &amp; R. O\u2019Dowd (eds.)&nbsp;<em>In&nbsp;this together: Teachers\u2019 experiences with transnational, telecollaborative language learning projects<\/em>. New York\/Bern: Peter Lang.<\/li>\n\n\n\n<li>Sadler, Randall,&nbsp;&amp; Dooly, Melinda. (2016). <a rel=\"noreferrer noopener\" href=\"https:\/\/academic.oup.com\/eltj\/article\/70\/4\/401\/2452852\" target=\"_blank\">Twelve years of telecollaboration: What we\u2019ve learnt<\/a>. <em>ELT-J, 70<\/em>(4), 401-413.<\/li>\n\n\n\n<li>Sauro, Shannon. (2016). Student perspectives on intercultural learning from an online teacher education partnership. In S. Jager, M. Kurek &amp; B. O\u2019Rourke (Eds.),&nbsp;New directions in telecollaborative research and practice: selected papers from the second conference on telecollaboration in higher education&nbsp;(pp. 83-88). Dublin Ireland:&nbsp;Research-publishing.net.&nbsp;<a rel=\"noreferrer noopener\" href=\"https:\/\/doi.org\/10.14705\/rpnet.2016.telecollab2016.493\" target=\"_blank\">https:\/\/doi.org\/10.14705\/rpnet.2016.telecollab2016.493<\/a><\/li>\n<\/ul>\n<\/div><\/details>\n\n\n\n<details class=\"wp-block-mamaduka-toggles wp-block-toggles\"><summary>Plurilingual, Audiovisual and Digital Competences as Means to Construct Knowledge in Multilingual and Multicultural Communities of Practice (PADS)<\/summary><div class=\"wp-block-toggles__content\">\n<p style=\"font-size:14px\">Project webpage: <a href=\"https:\/\/pagines.uab.cat\/pads\/en\" target=\"_blank\" rel=\"noreferrer noopener\">https:\/\/pagines.uab.cat\/pads\/en<\/a><\/p>\n\n\n\n<p style=\"font-size:14px\"><strong>Summary<\/strong><\/p>\n\n\n\n<p style=\"font-size:14px\">Language teaching in today&#8217;s society should consider how the use of ICT and social networking influence learning, which, due to technology, very often occurs in multilingual milieus. Issues such as the presence of immigrant students in mainstream classrooms, the opening of those classrooms to pupils from other schools (through, for example, telecollaborative projects), the use of Internet as a tool for searching information but also for sharing what one has learnt (just to cite a few examples) raise the need to redefine concepts such as literacy, communicative competence, intercultural competence, text, text genre, and so on. There is a need to provide a learning environment that integrates all the competences, especially in project-based classrooms where there is often a clear target audience beyond the walls of the classroom itself. For instance, when learners read and construct non-linear texts, they may be seeking information in more than one language and they may need to include audio and images. Thus, it is patently obvious that it is necessary to treat in an integrated manner all the competences that make it possible for learners to develop the skills for building content knowledge through language use: multilingual and intercultural, audiovisual, digital and other skills related to different areas of knowledge in school curricula. Such an integrative proposal is essential for both the fields of language education and of research on teaching and learning of languages.<\/p>\n\n\n\n<p style=\"font-size:14px\">This project &#8211; which develops from previous studies carried out by the same team &#8211; aims to design, experiment and evaluate in inclusive classrooms authentic methodological proposals (projects), targeted at local students and students of immigrant origin and designed to enhance the joint development of the competences listed above. The study of learners\u2019 communicative practices during the development of these global pedagogical projects will allow the reformulation of the concept of communicative competence. It will also provide for the expansion of the types of school texts that cater for the multimodal nature of communication. Moreover, the project will endeavour to understand the development of the multiple literacies that makes communication possible. In line with the research methodology traditionally adopted by the applicant research team, the experimental part of our study will be the result of collaborative work between faculty and school teachers.<\/p>\n\n\n\n<p style=\"font-size:14px\"><strong>Project details<\/strong> (GREIP as research team leader)<\/p>\n\n\n\n<ul style=\"font-size:14px\" class=\"wp-block-list\">\n<li>Dates: 01\/01\/2010 &#8211; 31\/12\/2013 (extended until June 2014)<\/li>\n\n\n\n<li>Funding entity:&nbsp;Ministerio de Economia y Competitividad: Proyectos I+D del Programa Estatal de Fomento de la Investigaci\u00f3n Cient\u00edfica y T\u00e9cnica de Excelencia<\/li>\n\n\n\n<li>Code:&nbsp; EDU2010-17859<\/li>\n\n\n\n<li>Budget: 71.900\u20ac<\/li>\n\n\n\n<li><strong>PI: Dr. Dolors Masats<\/strong><\/li>\n\n\n\n<li>GREIP Members: Dr Luci Nussbaum Capdevila, Dr Amparo Tus\u00f3n Valls, Dr Artur Noguerol Rodrigo, Dr Melinda Dooly Owenby, Dr Virginia Unamuno Kaschapava, Dr Adriana Pati\u00f1o Santos, Dr Laia Canals Fornons, Dr Xavier Pascual i Calvo, Dr V\u00edctor Corona Villavicencio.\n<ul class=\"wp-block-list\">\n<li>Working team: Dr. Laia Canals (Universitat Aut\u00f2noma de Barcelona), Txema Diaz (Universitat de Lleida); \u00c0ngel Maldonado, Maria Mont (Universitat Aut\u00f2noma de Barcelona\/CEIP St. Jordi), Dr. Xavier Pascual (Universitat Aut\u00f2noma de Barcelona), V\u00edrginia Rosell\u00f3 (Universitat de les Illes Balears), I\u00f1aki Rubio Manzano (author), Dr. Randall Sadler (University of Illinois Urbana Champaign), Dr. S\u00f2nia Sierra (author &amp; Catalan politician)<\/li>\n\n\n\n<li>Technical team: Javier Albines, Victor Corona Villavicencio<\/li>\n<\/ul>\n<\/li>\n<\/ul>\n\n\n\n<p style=\"font-size:14px\"><strong>Related publications<\/strong><\/p>\n\n\n\n<ul style=\"font-size:14px\" class=\"wp-block-list\">\n<li>V\u00edctor Corona (2012). <em>Globalizaci\u00f3n, identidades y escuela: lo latino en Barcelona<\/em>. Unpublished PhD dissertation. Universitat Aut\u00f2noma de Barcelona.<\/li>\n\n\n\n<li>Dooly, Melinda. (2013). Promoting competency-based language teaching through project-based language learning<strong>.<\/strong> In M.L. P\u00e9rez Ca\u00f1ado (Ed.) Competency-based language teaching in higher education. (pp. 77-91). Dordrecht: Springer.<\/li>\n\n\n\n<li>Dooly, Melinda. (2015). Learning to e-function in a brave new world:Language teachers\u2019 roles in educating for the future. In A. Turula &amp; B. Mikolajewska (Eds.) <em>Insights into technology enhanced language pedagogy<\/em> (pp. 9-24). Bern\/Vienna: Peter Lang.<\/li>\n\n\n\n<li>Dooly, Melinda. (2015). Networked classrooms and networked minds: Language teaching in a brave new world. In Paul Seedhouse &amp; Christoper Jenks (Eds.) <em>International perspectives on the ELT classroom<\/em> (pp. 84-109). Houndsmills, Basingstoke\/New York: Palgrave MacMillan.<\/li>\n\n\n\n<li>Dooly, Melinda &amp; Masats, Dolors. (2015). A critical appraisal of foreign language research in CLIL, YLL and TELL in Spain (2003-2013). <em>Language Teaching, 48(3) 1-30<\/em>.<\/li>\n\n\n\n<li><strong>Dooly, Melinda<\/strong> &amp; Sadler, Randall. (2016). Becoming little scientists: technologically-enhanced project-based language learning. <em>Language Learning and technology, 20(1) 54-78<\/em>. <\/li>\n\n\n\n<li>Dooly, Melinda, Mont, Maria &amp; Masats, Dolors. (2014). Becoming little scientists: A case study of technologically-enhanced project-based language learning.&nbsp;<em>APAC Journal,<\/em> 78: 34-40.<\/li>\n\n\n\n<li><strong>Nussbaum, Luci<\/strong> &amp; Cots, Josep Maria (2011). Doing learning languages in a multilingual context: Pragmatic aspects of classroom discourse in Catalonia<strong>. <\/strong>In L. Payrat\u00f3 &amp; J.M. Cots (eds.) <em>The Pragmatics of Catalan<\/em>. Londres: De Gruyter, 331-359.<\/li>\n\n\n\n<li>Nussbaum, Luci. (2013).<strong> <\/strong>Interrogations didactiques sur l\u2019\u00e9ducation plurilingue. In V. Bigot, A. Bretegnier &amp; M. Vasseur (Eds.) <em>Vers le plurilinguisme? 20 ans apr\u00e8s<\/em>. Paris. Albin Michel.<\/li>\n\n\n\n<li>Nussbaum, Luci. (2014) Una did\u00e0ctica socioling\u00fc\u00edstica de les lleng\u00fces? <em>Bellaterra Journal of Teaching &amp; Learning Language &amp; Literature, 7<\/em> (3): 1-13.<\/li>\n\n\n\n<li>Nussbaum, Luci. (2014). Le parler plurilingue comme ressource d\u2019apprentissage. <em>Tr\u00e9ma<\/em>, 42: 77-85.<\/li>\n\n\n\n<li>Pim, Chris. (2013). <a rel=\"noreferrer noopener\" href=\"https:\/\/www.teachingenglish.org.uk\/sites\/teacheng\/files\/C607%20Information%20and%20Communication_WEB%20ONLY_FINAL.pdf\" target=\"_blank\">Emerging technologies &#8211; emerging minds. Digital innovations within the primary sector.<\/a> In G. Motteram (Ed.), <em>Innovations in technology for English language teaching and learning <\/em>(pp. 15-43). London: British Council.&nbsp;<strong>(PADS is highlighted as a case study in the chapter).<\/strong><\/li>\n\n\n\n<li>Sadler, Randall &amp; Dooly, Melinda. (2013). Language learning in virtual environments: Research and practice<strong>.<\/strong> In Michael Thomas, Hayo Reinders &amp; Mark Warschauer (Eds.) <em>Contemporary computer-assisted language learning <\/em>(pp. 159-182). Continuum: London &amp; New York.<\/li>\n\n\n\n<li>Prat Sabater, Maria. &amp; <strong>Sierra Infante, S\u00f2nia<\/strong>. (2011). Los neologismos en la sociedad de la informaci\u00f3n: an\u00e1lisis de su presencia y ausencia en las fuentes lexicogr\u00e1ficas escolares. <em>Revista Teor\u00eda de la Educaci\u00f3n: Educaci\u00f3n y Cultura en la Sociedad de la Informaci\u00f3n<\/em>, 12(3), 141-163.<\/li>\n\n\n\n<li>Sierra Infante, S\u00f2nia. (2013).&nbsp;Mezclar para crear: Escritura de cuentos con la t\u00e9cnica del mashup. <em>Textos de did\u00e1ctica de la lengua y la literatura<\/em>: 92-99.<\/li>\n\n\n\n<li>Unamuno, Virginia. (2011). Entre iguales. Notas sobre la socializaci\u00f3n ling\u00fc\u00edstica del alumnado inmigrado a Barcelona. <em>Sociolinguistic Studies,<\/em> 5(2), 321\u2013346. https:\/\/doi.org\/10.1558\/sols.v5i2.321<\/li>\n\n\n\n<li>Unamuno, Virginia. (2011). Pluriling\u00fcismo e identidad entre j\u00f3venes abor\u00edgenes chaque\u00f1os (Argentina). <em>Interac\u00e7oes<\/em>, 17, 11-35.<\/li>\n<\/ul>\n<\/div><\/details>\n\n\n\n<details class=\"wp-block-mamaduka-toggles wp-block-toggles\"><summary>The development of multilingual competences of secondary school students from local and migrant background:&nbsp;continuities and discontinuities between educational and non educational practices (DECOMASAI)<\/summary><div class=\"wp-block-toggles__content\">\n<p style=\"font-size:14px\"><strong>Summary<\/strong><\/p>\n\n\n\n<p style=\"font-size:14px\">The main goal of this project is to relate school and non-school contexts in which secondary-school students develop their multilingual competence, putting verbal and non-verbal language use into play in complex communicative situations. We set out from the assumption that the relationship between linguistic uses in school and non-school contexts is relevant to understanding several socio-educational phenomena, such as the success of linguistic reception programmes of migrant youths (both in and out of schools) or the possibility that these new minorities may participate and be included in society.<\/p>\n\n\n\n<p style=\"font-size:14px\">From an ethnographic and a sociolinguistic perspective, we intend to explore, qualitatively, the linguistic uses of students attending schools in different areas of Catalonia, the ways in which such uses are articulated into communicative repertoires and in which those repertoires interact with the repertoires that successful school participation requires. That is to say, our goal is to investigate the continuities and discontinuities between school and non-school communicative practices in which students of different origins living in Catalonia are involved, in order that this study contributes to the understanding of the dynamics of social inclusion and exclusion.<\/p>\n\n\n\n<p style=\"font-size:14px\">Although we aim to pursue establishing collaborative projects with teachers within the framework of research-further education projects, for the first time in this study we intend to get students involved in the research process. This links up with the second goal of our project: to trial a didactic unit which aims to increase students\u2019 metalinguistic and metacommunicative awareness. We will do this by means of a didactic proposal based on the teaching-learning of contents from the language curriculum (language diversity, registers, varieties, jargon, etc.) and of new communication technologies (creation and edition of short videos). Both goals are closely related. Our project aims to get students involved in gathering and analysing data about multilingual non-school practices by shooting a short documentary and analysing such practices in a final report. A final goal of our project is to contribute data and results to pre-service and in-service teacher training, as well as to agents involved in reception and linguistic programmes for migrants and young people in general.<\/p>\n\n\n\n<p style=\"font-size:14px\"><strong>Project details<\/strong> (GREIP as research team leader)<\/p>\n\n\n\n<ul style=\"font-size:14px\" class=\"wp-block-list\">\n<li>Dates: 01\/01\/2007 &#8211; 31\/12\/2010<\/li>\n\n\n\n<li>Funding entity:&nbsp;Ministerio de Ciencia y Educaci\u00f3n (Spanish Ministry of Education and Science)<\/li>\n\n\n\n<li>Code:&nbsp; SEJ2007-62147-EDUC<\/li>\n\n\n\n<li>Budget: 70.900\u20ac<\/li>\n\n\n\n<li><strong>PI: Dr.&nbsp;Virginia Unamuno Kaschapava (2007-2009), Dr. Dolors Masats Viladoms (2009-2010)<\/strong><\/li>\n\n\n\n<li>GREIP Members: Dr Eva Cod\u00f3 Olsina, V\u00edctor Corona Villavicencio, Dr Cristina Escobar Urmeneta, Dr Virginia Unamuno Kaschapava, Dr Artur Noguerol Rodrigo, Dr Luci Nussbaum Capdevila, Dr Adriana Pati\u00f1o Santos, Dr Amparo Tuson Valls.<\/li>\n<\/ul>\n\n\n\n<p style=\"font-size:14px\"><strong>Publications resulting from this project<\/strong><\/p>\n\n\n\n<p style=\"font-size:14px\">Barrieras, M., Comelles, P., Fidalgo, M., Junyent, C., y Unamuno, V.&nbsp;(2009)&nbsp;Diversitat ling\u00fc\u00edstica a l&#8217;aula. Construir centres educatius pluriling\u00fces. Barcelona: EUMO editorial.<\/p>\n\n\n\n<p style=\"font-size:14px\">Escobar Urmeneta, C.&nbsp;&nbsp;(2009a)&nbsp;\u00bfPor qu\u00e9 no te callas? o Avaluar, Ensenyar i Aprendre Comunicaci\u00f3 Oral&nbsp; a l\u2019educaci\u00f3 secund\u00e0ria.&nbsp;Articles, 47: 99-111.<\/p>\n\n\n\n<p style=\"font-size:14px\">Escobar Urmeneta, C.&nbsp;&nbsp;(2009b)&nbsp;Cuando la lengua de la escuela es diferente de la lengua familiar,&nbsp;Cuadernos de Pedagog\u00eda, 395: 46-51.&nbsp;<\/p>\n\n\n\n<p style=\"font-size:14px\">Dooly, M., y Unamuno, V.&nbsp;(2009)&nbsp;Multiple languages in one society: categorisations of language and social cohesion in policy and practice.Journal of Education Policy, 24 (3): 217 \u2013 236. &nbsp;<\/p>\n\n\n\n<p style=\"font-size:14px\">Masats, D., Dooly, M., y Costa, X.&nbsp;(2009)&nbsp;Exploring the potential of language learning through video making. A L. G\u00f3mez Chova, D. Mart\u00ed Belenguer y I. Candel Torres (eds.).&nbsp;Proceedings of EDULEARN09 Conference&nbsp;(p. 341-352). Valencia: IATED.&nbsp;<\/p>\n\n\n\n<p style=\"font-size:14px\">Nussbaum, L.&nbsp;(2009)&nbsp;Integrar lengua y contenidos.&nbsp;Cuadernos de Pedagog\u00eda,&nbsp;395: 56-58.<\/p>\n\n\n\n<p style=\"font-size:14px\">Unamuno, V.&nbsp;(2009)&nbsp;Din\u00e0miques socioling\u00fc\u00edstiques i immigraci\u00f3: l&#8217;escola com a microcomunitat. A C. Junyent&nbsp; et al. (Ed.).&nbsp;Llengua i acollida. Barcelona: Horsori.&nbsp;<\/p>\n\n\n\n<p style=\"font-size:14px\">V\u00eddeos del projecte DECOMASAI:&nbsp;8 v\u00eddeos sobre Varietats Ling\u00fc\u00edstiques; Comunicaci\u00f3 Gr\u00e0fica, Comunicaci\u00f3 No Verbal i Multiling\u00fcisme. Produ\u00efts el 2008 per l&#8217;alumnat dels Instituts d&#8217;Educaci\u00f3 Secund\u00e0ria Pr\u00edncep de Viana de Sant Andreu i Eugeni d&#8217;Ors de Badalona. Es poden veure a&nbsp;<a href=\"https:\/\/linguamonaudiovisual.cat\/\" target=\"_blank\" rel=\"noreferrer noopener\">https:\/\/linguamonaudiovisual.cat<\/a>&nbsp;amb els seg\u00fcents noms: PVMulti; EDOMulti; PVCNV; EDOCNV; PVVA; EDOVA; PVCG i EDOCG.&nbsp;<\/p>\n<\/div><\/details>\n\n\n\n<details class=\"wp-block-mamaduka-toggles wp-block-toggles\"><summary>Multilingual competences in the teaching\/learning of curricular content in the primary school (COMUCOCU)<\/summary><div class=\"wp-block-toggles__content\">\n<p style=\"font-size:14px\"><strong>Summary<\/strong><\/p>\n\n\n\n<p style=\"font-size:14px\">The project forms part of a larger study, in coordination with the UdL (Universitat de Lleida) entitled <em>Ense\u00f1anza integrada de habilidades multiling\u00fces y contenidos curriculares dirigida escolares aut\u00f3ctonos e inmigrantes<\/em> (Integrated teaching of multilingual abilities and curricular content aimed at native and immigrant students). The study aims to:<\/p>\n\n\n\n<ul style=\"font-size:14px\" class=\"wp-block-list\">\n<li>explore, through qualitative analysis,the needs of teacher training in relation to teaching and multilingual education;<\/li>\n\n\n\n<li>elaborate and test &#8211; in mixed teams of inservice teachers, teacher trainees and university teachers &#8211; teaching modules which integrate Castillian, Catalan and Foreign Languages and subject content<\/li>\n\n\n\n<li>evaluate the results of the proposal in terms of the learning of both subject and language competences and in the adaptation of teaching processes in view of the results.<\/li>\n<\/ul>\n\n\n\n<p style=\"font-size:14px\"><strong>Project details<\/strong> (GREIP as research team leader)<\/p>\n\n\n\n<p style=\"font-size:14px\">Dates: 13\/12\/2004 \u2013 13\/12\/2007<\/p>\n\n\n\n<p style=\"font-size:14px\">Funding entity:&nbsp;Ministerio de Ciencia y Tecnolog\u00eda, Direcci\u00f3n General de Investigaci\u00f3n (Spanish Ministry of Science &amp; Technology, General Council of Research<\/p>\n\n\n\n<p style=\"font-size:14px\">Code: SEJ2004-06723-C02-01<\/p>\n\n\n\n<p style=\"font-size:14px\">Budget: 25.980 \u20ac<\/p>\n\n\n\n<p style=\"font-size:14px\"><strong>PI: Dr. Luci Nussbaum<\/strong><\/p>\n\n\n\n<ul style=\"font-size:14px\" class=\"wp-block-list\">\n<li>GREIP Members: Dr Eva Cod\u00f3 Olsina, Dr Melinda Ann Dooly Owenby, Dr Cristina Escobar Urmeneta, Laura Llobet Garc\u00e9s, Dolors Masats Viladoms, Dr Artur Noguerol Rodrigo, Dr Luci Nussbaum Capdevila, Dr Amparo Tuson Valls, Dr Virginia Unamuno Kaschapava<\/li>\n<\/ul>\n\n\n\n<p style=\"font-size:14px\"><strong>Publications resulting from this project<\/strong><\/p>\n\n\n\n<ul style=\"font-size:14px\" class=\"wp-block-list\">\n<li>Dooly, M.&nbsp;(2007) How do language teachers understand multilingual competencies? Findings from qualitative research into teachers\u2019 perspectives on linguistic diversity. En Guasch, O y L. Nussbaum (eds.) (2007) Aproximacions a la compet\u00e8ncia multiling\u00fce. Bellaterra: Servei de Publicacions Universitat Aut\u00f2noma de Barcelona, 101-116<\/li>\n\n\n\n<li>Dooly, M.&nbsp;(2007) Constructing differences: A qualitative analysis of teachers\u2019 perspectives on linguistic and cultural diversity. Linguistics and Education, 18, 142-166.&nbsp;<\/li>\n\n\n\n<li>Dooly, M.&nbsp;(2005) How aware are they? Research into teachers\u2019 attitudes about linguistic diversity. Language Awareness. 14(2\/3), 97-111.&nbsp;&nbsp;<\/li>\n\n\n\n<li>Dooly, M. (2005) Linguistic Diversity: A Qualitative Analysis of Foreign Language Teachers&#8217; Category Assembly. Tesi doctoral in\u00e9dita<\/li>\n\n\n\n<li>Dooly, M.&nbsp;(2004) Language education: Are we giving equal opportunities to all? En De la teoria \u2026 a l\u2019aula. Formaci\u00f3 del professorat I ensenyament de les Ci\u00e8ncies Socials, R. Batllori I Obios, A.E. G\u00f3mez Mart\u00ednez, M. Oller I Freixa y J. Pag\u00e8s i Blanch (eds.),. Bellaterra: Servei de Publicacions Universitat Aut\u00f2noma de Barcelona, 478-485&nbsp;<\/li>\n\n\n\n<li>Escobar, C. &amp; Nussbaum. L. (2008) Tasques d\u2019intercanvi d\u2019informaci\u00f3 i processos d\u2019aprenentatge a l\u2019aula AICLE. Camps, A &amp; Milian, M (coords.) Mirades I veus. Recerca sobre l\u2019educaci\u00f3 ling\u00fc\u00edstica I liter\u00e0ria en entorns pluriling\u00fces, 160. GRAO. ISBN: 978-84-7827-525-0&nbsp;<\/li>\n\n\n\n<li>Escobar Urmeneta, C.&nbsp;(2007) Mesurament&nbsp; de compet\u00e8ncies ling\u00fc\u00edstiques en aules AICLE, en contextos multiling\u00fces: all\u00f2 que els&nbsp; n\u00fameros amaguen. En: Guasch, O.; Nussbaum, L. (eds) (2007) Aproximacions a la noci\u00f3 de compet\u00e8ncia multiling\u00fce. Bellaterra: Servei de Publicacions de la UAB: 133-146.<\/li>\n\n\n\n<li>Escobar, C y Unamuno, V.&nbsp;&nbsp;&nbsp;(accepted) Languages and language learning in Catalan Schools: From the bilingual to the multilingual challenge.&nbsp;&nbsp; A:&nbsp; H\u00e9lot, C. &amp; de Mej\u00eda, AM (eds.): Forging Multilingual Spaces: Integrating Majority and Minority Bilingual Education. Clevedom. &nbsp;Multilingual Matters.&nbsp;<\/li>\n\n\n\n<li>Escobar, C. (2006) Una propuesta PEL de evaluaci\u00f3n criterial para la educaci\u00f3n secundaria. A Cassany, D. (ed.) Portfolio Europeo de las Lenguas de secundaria y su aplicaci\u00f3n en el aula. Madrid: Instituto Superior de Formaci\u00f3n del Profesorado del MECD de Espa\u00f1a. pp. 77-107<\/li>\n\n\n\n<li>Escobar, C. (ed.) (2006)&nbsp;Algunes formes d&#8217;intervenci\u00f3 en la formaci\u00f3 pluriling\u00fce. A Nussbaum, L i Unamuno, V. (eds.) Usos i compet\u00e8ncies multiling\u00fces d&#8217;escolars d&#8217;origen immigrant. Bellaterra: Servei de Publicacions de la UAB. pp. 135-166<\/li>\n\n\n\n<li>Escobar, C.&nbsp;(2006) Descriptors de compet\u00e8ncies i estudiants de secund\u00e0ria: una relaci\u00f3 dif\u00edcil? Articles de did\u00e0ctica de la llengua,&nbsp;39: 17-33.<\/li>\n\n\n\n<li>Escobar, C.&nbsp;(2004)&nbsp;Para aprender a hablar hay que querer decir algo. Glosas Did\u00e1cticas, 12. Revista electr\u00f3nica&nbsp;<\/li>\n\n\n\n<li>Escobar, C.&nbsp;(2004)&nbsp;Content and language integrated learning: Do they learn content? Do they learn language? A Anderson, J.D., Oro, J.M. &amp; Varela, J. (eds) Linguistic Perspectives from the classroom: Language teaching in a multicultural Europe. Universidade de Santiago de Compostela. pp. 27-38<\/li>\n\n\n\n<li>Escobar, C. &amp; P\u00e9rez-Vidal, C.&nbsp;(2004)&nbsp;Teacher education for the implementation of a Content and Language Integrating Learning approach (CLIL) in the school system. A Wilkinson, R.(ed.) Integrating Content and Language. meeting the challenge of multilingual education. Maastricht: Universitaire Pers Maastricht. pp. 402-415<\/li>\n\n\n\n<li>Masats, D., Nussbaum, L. &amp; Unamuno, V.&nbsp;(2007) When activity shapes the repertoire of second language learners. A L. Roberts et al (eds). EUROSLA Yearbook (selected papers of EUROSLA 16 and 15 conferences). Amsterdam: John Benjamins. pp 121-147<\/li>\n\n\n\n<li>Cots, J.M. &amp; Nussbaum, L. (2008) Communicative competence and institutional affiliation: interactional processes of identity construction by immigrant students in Catalonia, International Journal&nbsp;of Multilingualism, 5. pp. 17-40. ISSN: 1479-071&nbsp;&nbsp;&nbsp; &nbsp; &nbsp; &nbsp; &nbsp; &nbsp; &nbsp; &nbsp; &nbsp; &nbsp;&nbsp;<\/li>\n\n\n\n<li>Cod\u00f3, E &amp; Nussbaum, L.&nbsp;(2007) Pluriling\u00fcisme et promotion d\u2019une langue minoritaire: tensions et contradictions.Langage &amp; Soci\u00e9te, 121-122. pp. 275-288. ISBN: 978 2 7351 1102 2 \/ ISNN: 0181-4095 (possar a la web)<\/li>\n\n\n\n<li>Guasch, O. &amp; Nussbaum, L.&nbsp;(2007) Aproximacions a la compet\u00e8ncia&nbsp;multiling\u00fce. Bellaterra: Servei de Publicacions de la Universitat Aut\u00f2noma de Barcelona\/DLLCCSS&nbsp;ISBN: 978- 84-608-0626-4&nbsp;<\/li>\n\n\n\n<li>Nussbaum, L. &amp; Unamuno, V.&nbsp;(eds.) (2006) Usos i compet\u00e8ncies multiling\u00fces entre escolars d&#8217;origen immigrant. Bellaterra: Servei de Publicacions de la Universitat Aut\u00f2noma de Barcelona. ISBN: 84-490-2431-5&nbsp;<\/li>\n\n\n\n<li>Nussbaum, L., Escobar, C. &amp; Unamuno, V.&nbsp;(2006)&nbsp;Una ling\u00fc\u00edstica interactivista de la ense\u00f1anza y el aprendizaje de llenguas. A Camps, A. (coord.). Di\u00e1logo e investigaci\u00f3n en las aulas. Investigaciones en Did\u00e1ctica de la Lengua y la Literatura. Barcelona: Gra\u00f3 pp. 183-204 falta por p\u00f2ner en la web<\/li>\n\n\n\n<li>Nussbaum, L. &amp; Unamuno, V.&nbsp;(2006)&nbsp;La comp\u00e9tence sociolinguiistique, pour quoi faire? Mondada, L &amp; Pekarek, S. (eds.) La notion de comp\u00e9tence: \u00e9tudes critiques. Bulletin Vals-Asla, 84. pp. 47-65. ISSN: 1023-2044<\/li>\n\n\n\n<li>Nussbaum, L.&nbsp;(2006)&nbsp;Les defis de l\u2019\u00e9cole por le maintien et la transmission du catalan en Catalogne. Boyer, H. (coord.) Langues, minor\u00e9es, langues d\u2019enseignement?, Revue de didactologie des langues-cultures et de lexiculturologie. Bulletin Suisse de Linguistique Appliqu\u00e9e 143. pp 355-369. ISBN: 978-2-252-03548-1 \/ ISNN 0071-190X&nbsp;<\/li>\n\n\n\n<li>Nussbaum, L.&nbsp;(2005) Competencias e identidades ling\u00fc\u00edsticas de escolares inmigrantes en Catalu\u00f1a. A D. Lasagabaster &amp; J. M. Sierra (eds.) Multiling\u00fcismo, competencia ling\u00fc\u00edstica y nuevas tecnolog\u00edas. Barcelona: ICE-HORSORI. ISBN 84-96108-20-1 122<\/li>\n\n\n\n<li>Nussbaum, L.(2005) Monolinguisme et polyglossie dans la Barcelone d&#8217;aujourd&#8217;hui. Bulletin Suisse de Linguistique Appliqu\u00e9e, 82, 5-24&nbsp;<\/li>\n\n\n\n<li>Nussbaum, L. &amp; Cots, JM.&nbsp;(2005) Pratiques linguistiques des jeunes immigr\u00e9s en Catalogne. A C. Van Den Avenne (ed.) Mobilit\u00e9s et contacts de langues. Par\u00eds. L&#8217;Harmatan. pp. 95-107&nbsp;&nbsp;<\/li>\n\n\n\n<li>Nussbaum, L.&nbsp;(2004) Dilemas y desaf\u00edos de la educaci\u00f3n ling\u00fc\u00edstica. Estudios de socioling\u00fc\u00edstica: Linguas, sociedades e culturas. 5 (2): 207-218 ISSN 1576-7418&nbsp;<\/li>\n\n\n\n<li>Unamuno, V.&nbsp; (2008) Multilingual switch in peer classroom interaction. Linguistics and Education, 19, 1-19. ISSN: 0898-5898&nbsp;&nbsp;<\/li>\n\n\n\n<li>Unamuno, V. &amp; E. Cod\u00f3&nbsp;(2007) Categorizar a trav\u00e9s del habla: la construcci\u00f3n interactiva de la extranjeridad. Discurso y Sociedad, 1 (1): 117-143 ISSN 1887-4606.<\/li>\n\n\n\n<li>Unamuno, V. &amp; Nussbaum, L.&nbsp;(2006) De la casa al aula: \u00e1mbitos y pr\u00e1cticas de transmisi\u00f3n y aprendizaje de lenguas. Textos de Did\u00e1ctica de la Lengua y de la Literatura (42): 43-51.&nbsp;<\/li>\n\n\n\n<li>Unamuno, V. &amp; Nussbaum, L. (2006) La familia i l&#8217;entorn com a espais de transmissi\u00f3 de lleng\u00fces. A Nussbaum, L. &amp; Unamuno, V. (eds.) Usos i compet\u00e8ncies multiling\u00fces entre escolars d&#8217;origen immigrant, Bellaterra: Servei de publicacions de la Universitat Aut\u00f2noma de Barcelona. pp. 63-80<\/li>\n\n\n\n<li>Unamuno, V. &amp; Nussbaum, L.&nbsp;(2006) L&#8217;escola com a espai de pr\u00e0ctiques multiling\u00fces. A Nussbaum, L. &amp; Unamuno, V. (eds.) Usos i compet\u00e8ncies multiling\u00fces entre escolars d&#8217;origen immigrant, Bellaterra: Servei de publicacions de la Universitat Aut\u00f2noma de Barcelona, 81-100&nbsp;<\/li>\n\n\n\n<li>Unamuno, V. &amp; Nussbaum, L.&nbsp;(2006) Los usos ling\u00fc\u00edsticos en una escuela del Raval (Barcelona): entre objetos de discursos y pr\u00e1cticas sociales. A Actas de la I Reuni\u00f3n Cient\u00edfica Internacional de Etnograf\u00eda y Educaci\u00f3n. Val\u00e8ncia: Germania<\/li>\n\n\n\n<li>Unamuno, V. &amp; Nussbaum, L.&nbsp;(2006) Compet\u00e8ncies orals multiling\u00fces d&#8217;alumnat estranger a Catalunya. Immersi\u00f3 Ling\u00fc\u00edstica. Revista d&#8217;Ensenyament integrat de lleng\u00fces i continguts, 7: 115-122&nbsp;<\/li>\n\n\n\n<li>Unamuno, V. &amp; Nussbaum, L. (2006) De la casa al aula: \u00e1mbitos y pr\u00e1cticas de transmisi\u00f3n y aprendizaje de lenguas. Textos de Did\u00e1ctica de la Lengua y de la Literatura (42): 43-51&nbsp;<\/li>\n\n\n\n<li>Unamuno, V. &amp; Nussbaum, L.&nbsp;(2005)&nbsp;L&#8217;entrevista com a pr\u00e0ctica social i com a espai de construcci\u00f3 d&#8217;identitats. A M. Labarta (ed.) Approaches to Critical Discourse Analysis. Val\u00e8ncia: Universitat de Val\u00e8ncia&nbsp;<\/li>\n\n\n\n<li>Unamuno, V. &amp; Nussbaum, L. (2005) Hacia una educaci\u00f3n ling\u00fc\u00edstica cr\u00edtica. Aula de innovaci\u00f3n educativa, 129: 6-9. ISSN 1131-995X&nbsp;<\/li>\n\n\n\n<li>Unamuno, V. &amp; Nussbaum, L.&nbsp;(2005) Compet\u00e8ncies orals multiling\u00fces d&#8217;alumnat estranger a Catalunya. Immersi\u00f3 Ling\u00fc\u00edstica, 7: 115-122&nbsp;&nbsp;<\/li>\n\n\n\n<li>Unamuno, V. &amp; Nussbaum, L.&nbsp;(2005) Pr\u00e0ctiques interactives entre aprenents de lleng\u00fces segones i estrangeres. Articles: Revista de did\u00e0ctica de la llengua i de la literatura, 37: 57-69 ISSN 1133-9845&nbsp;<\/li>\n\n\n\n<li>Unamuno, V. (2005)&nbsp;L&#8217;entorn socioling\u00fc\u00edstic i la construcci\u00f3 dels repetertoris ling\u00fc\u00edtics de l&#8217;alumnat immigrat a Catalunya.&nbsp;Noves SL.: Revista de socioling\u00fc\u00edstica,1. ISSN 1695-3711&nbsp;<\/li>\n\n\n\n<li>Unamuno, V. &amp; Nussbaum, L.&nbsp;(2005)&nbsp;Pr\u00e0ctiques interactives entre aprenents de lleng\u00fces segones i estrangeres. Articles: Revista de did\u00e0ctica de la llengua i de la literatura, 37: 57-69. ISSN 1133-9845&nbsp;<\/li>\n\n\n\n<li>Unamuno, V. &amp; Nussbaum, L.&nbsp;(2005)&nbsp;Compet\u00e8ncies orals multiling\u00fces d&#8217;alumnat estranger a Catalunya. Immersi\u00f3 Ling\u00fc\u00edstica, 7: 115-122&nbsp;<\/li>\n\n\n\n<li>Mart\u00edn Rojo, L. Nussbaum, L. &amp; Unamuno, V.&nbsp;(2004) Dilemas de las pol\u00edticas ling\u00fc\u00edsticas y de su estudio. Estudios de socioling\u00fc\u00edstica: Linguas, sociedades e culturas. 5 (2): 187-190 ISSN 1576-7418<\/li>\n<\/ul>\n<\/div><\/details>\n\n\n\n<details class=\"wp-block-mamaduka-toggles wp-block-toggles\"><summary>Linguistic education in multilingual contexts: sociolinguistic perspectives<\/summary><div class=\"wp-block-toggles__content\">\n<p style=\"font-size:14px\"><strong>Summary<\/strong><\/p>\n\n\n\n<p style=\"font-size:14px\">The project is founded on a research question which emerges from the latests findings in the field of language science applied to language learning: what is the impact of the development of language awareness skills on knowledge transfer among different languages and on the growth of a mulitilingual communicative competence? This implies (a) the elaboration of a model of description and assessment of multilingual competences and (b) the design of a metalinguistic-based and learner-based didactic unit. The project focuses on a specific sample population: students of immigrant origin, whose presence in Catalan schools has increased by 100% over the past ten years and who attend state schools in 89% of the cases. The results of this research may be useful for the development of more effective educational proposals for the integration of this population in mainstream classrooms.<\/p>\n\n\n\n<p style=\"font-size:14px\"><strong>Project details<\/strong> (GREIP as research team leader)<\/p>\n\n\n\n<p style=\"font-size:14px\">Dates: 01\/02\/2003 \u2013 31\/01\/2008<\/p>\n\n\n\n<p style=\"font-size:14px\">Funding entity: Ministerio de Ciencia y Technolog\u00eda (Spanish Ministry of Science and&nbsp;Technology)<\/p>\n\n\n\n<p style=\"font-size:14px\">Code: Ram\u00f3n &amp; Cajal Program<\/p>\n\n\n\n<p style=\"font-size:14px\">Budget: 161.248,96 \u20ac<\/p>\n\n\n\n<p style=\"font-size:14px\"><strong>PI: Dr Virginia Unamuno Kaschapava<\/strong><\/p>\n\n\n\n<p style=\"font-size:14px\"><strong>Publications resulting from the project<\/strong><\/p>\n\n\n\n<ul style=\"font-size:14px\" class=\"wp-block-list\">\n<li><strong>Unamuno, V.<\/strong>&nbsp;(2004) Dilemas metodol\u00f3gicos, preguntas de investigaci\u00f3n. Estudios de socioling\u00fc\u00edstica: Linguas, sociedades e culturas, 5 (2): 219-230. ISSN 1576-7418<\/li>\n\n\n\n<li><strong>Unamuno, V.<\/strong>&nbsp;(2003) Lengua, escuela y diversidad sociocultural. Hacia una educaci\u00f3n ling\u00fc\u00edstica cr\u00edtica. Barcelona: Editorial Gra\u00f3.<\/li>\n\n\n\n<li><strong>Mart\u00edn Rojo, Nussbaum, L. &amp; Unamuno, V.<\/strong>&nbsp;(2004) Dilemas de las pol\u00edticas ling\u00fc\u00edsticas y de su estudio. Estudios de socioling\u00fc\u00edstica: Linguas, sociedades e culturas. 5 (2): 187-190. ISSN 1576-7418<\/li>\n\n\n\n<li><strong>Unamuno, V. &amp; Nussbaum, L.<\/strong>&nbsp;(2004) Hacia una educaci\u00f3n ling\u00fc\u00edstica cr\u00edtica. Aula de innovaci\u00f3n educativa, 129: 6-9. ISSN 1131-995-X<\/li>\n<\/ul>\n<\/div><\/details>\n\n\n\n<details class=\"wp-block-mamaduka-toggles wp-block-toggles\"><summary>Development of linguistic, discursive and sociocultural competencies in both, native tongues (Spanish and Catalan) and Foreign languages, of newly-arrived students of immigrant backgrounds (DECOLALE)<\/summary><div class=\"wp-block-toggles__content\">\n<p style=\"font-size:14px\"><strong>Summary<\/strong><\/p>\n\n\n\n<p style=\"font-size:14px\">The project studies the communicative profiles of primary and secondary students of immigrant origin in the three target languages and then designs and implements communicative tasks which favour the development of communicative competencies in these students.<\/p>\n\n\n\n<p style=\"font-size:14px\">Firstly, the project aims to describe the sociolinguistic environment of the children and adolescents who have recently arrived to the Catalan school system and to study the possibilities offered by this environment and the education system for language learning. Secondly, the project intends to study the communicative competencies of the students in varying interactional situations, bearing in mind the many variables (amount of time in Catalonia, level of schooling, language use in the family environment, etc.) Finally, proposals for intervention were designed and evaluated. The study is qualitative and involves compilation of ethnographic and conversational data.<\/p>\n\n\n\n<p style=\"font-size:14px\"><strong>Project details<\/strong> (GREIP as research team leader)<\/p>\n\n\n\n<p style=\"font-size:14px\">Dates: 28\/12\/2001 \u2013 27\/12\/2004<\/p>\n\n\n\n<p style=\"font-size:14px\">Funding entity:&nbsp;Ministerio de Educaci\u00f3n y Cultura, Direcci\u00f3n General de Investigaci\u00f3n (Spanish Ministry of Education &amp; Council, General Council of Research<\/p>\n\n\n\n<p style=\"font-size:14px\">Code: BSO2001-2030<\/p>\n\n\n\n<p style=\"font-size:14px\">Budget: 32.196,22 \u20ac<\/p>\n\n\n\n<p style=\"font-size:14px\"><strong>PI: Dr. Luci Nussbaum<\/strong><\/p>\n\n\n\n<ul style=\"font-size:14px\" class=\"wp-block-list\">\n<li>GREIP Members: Dr Josep Maria Cots (UdL), Dr Cristina Escobar Urmeneta (UAB), Dr Artur Noguerol Rodrigo (UAB), Dr Amparo Tuson (UAB), Dr Virginia Unamuno Kaschapava (UAB), Esther Baiget (UdL), Montserrat Irun (UdL), Dolors Masats Viladoms (UAB)<\/li>\n\n\n\n<li>Other collaborators:  Llu\u00eds Maruny (EAP Baix Empord\u00e0), M\u00f2nica Molina (Escola d&#8217;Adults de La Bisbal),&nbsp;Xabi Martin (research assistant, AGAUR)<\/li>\n<\/ul>\n\n\n\n<p style=\"font-size:14px\"><strong>Publications resulting from this project<\/strong><\/p>\n\n\n\n<ul style=\"font-size:14px\" class=\"wp-block-list\">\n<li>Nussbaum, L. i Unamuno, V.&nbsp;(eds.) (2006) Usos i compet\u00e8ncies multiling\u00fces entre escolars d&#8217;origen immigrant. Bellaterra: Servei de Publicacions de la Universitat Aut\u00f2noma de Barcelona.(Textos de JM Cots, C. Escobar, M. Ir\u00fan, M. Mart\u00ednez, L. Nussbaum i V. Unamuno.)<\/li>\n\n\n\n<li>Cots, JM. i D\u00edaz, J. M.&nbsp;(2005) &#8220;El aula de acogida de alumnos de origen inmigrante en Catalunya&#8221; a D. Lasagabaster i J.M. Sierra (eds.) Multiling\u00fcismo, competencia ling\u00fc\u00edstica y nuevas tecnolog\u00edas. Barcelona. ICE-HORSORI.<\/li>\n\n\n\n<li>Cots, JM. i Nussbaum, L.&nbsp;(2005) &#8220;Pratiques linguistiques des jeunes immigr\u00e9s en Catalogne&#8221; a C. Van Den Avenne (ed.) Mobilit\u00e9s et contacts de langues. Par\u00eds. L&#8217;Harmatan, 95-107.<\/li>\n\n\n\n<li>Nussbaum, L.&nbsp;(2005) &#8220;Competencias e identidades ling\u00fc\u00edsticas de escolares inmigrantes en Catalu\u00f1a&#8221; a D. Lasagabaster i J.M. Sierra (eds.) Multiling\u00fcismo, competencia ling\u00fc\u00edstica y nuevas tecnolog\u00edas. Barcelona: ICE-HORSORI.<\/li>\n\n\n\n<li>Nussbaum, L.&nbsp;(2005) &#8220;La transcripci\u00f3n de la interacci\u00f3n en contextos de contacto y de aprendizaje de lenguas&#8221; a Y. B\u00fcrki i E. De Steffani (eds.) Transcriptio. Berna: Peter Lang.<\/li>\n\n\n\n<li>Nussbaum, L.&nbsp;(2005) &#8220;Monolinguisme et polyglossie dans la Barcelone d&#8217;aujourd&#8217;hui.&#8221; Bulletin Suisse de Linguistique Appliqu\u00e9e, 82, 5-24.<\/li>\n\n\n\n<li>Unamuno, V. i Nussbaum, L.&nbsp;(2005) &#8221; Pr\u00e0ctiques interactives entre aprenents de lleng\u00fces segones i estrangeres&#8221; a Articles: Revista de did\u00e0ctica de la llengua i de la literatura, 37: 57-69.<\/li>\n\n\n\n<li>Unamuno, V. i Nussbaum, L.&nbsp;(2005) &#8220;Compet\u00e8ncies orals multiling\u00fces d&#8217;alumnat estranger a Catalunya.&#8221; Immersi\u00f3 Ling\u00fc\u00edstica, 7: 115-122.<\/li>\n\n\n\n<li>Unamuno, V. i Nussbaum, L.&nbsp;(2005) &#8220;L&#8217;entrevista com a pr\u00e0ctica social i com a espai de construcci\u00f3 d&#8217;identitats&#8221; a M. Labarta (ed.)Approaches to Critical Discourse Analysis. Val\u00e8ncia: Universitat de Val\u00e8ncia.<\/li>\n\n\n\n<li>Mart\u00edn Rojo, L. Nussbaum, L. i Unamuno, V.&nbsp;(2004) &#8220;Dilemas de las pol\u00edticas ling\u00fc\u00edsticas y de su estudio&#8221; en Estudios de socioling\u00fc\u00edstica: Linguas, sociedades e culturas. 5 (2). pp. 187-190<\/li>\n\n\n\n<li>Maruny, L i Molina, M.&nbsp;(2004) &#8220;El proc\u00e9s d&#8217;aprenentatge del catal\u00e0 en alumnes marroquins a l&#8217;ensenyament obligatori&#8221; a X. Besal\u00fa i T. Climent (coords.) Construint identitats. Espais i processos de socialitzaci\u00f3 dels joves d&#8217;origen immigrant. Barcelona: Mediterr\u00e0nia: 239-253.<\/li>\n\n\n\n<li>Molina, M. et al.&nbsp;(2004) Guia per als cercles de conversa. Pla Local de Formaci\u00f3 de Salt: Centre de Formaci\u00f3 d&#8217;Adults de Salt. Departament de Benestar i Fam\u00edlia: Direcci\u00f3 General de Formaci\u00f3 d&#8217;Adults.<\/li>\n\n\n\n<li>Nussbaum, L.&nbsp;(2004) &#8220;De c\u00f3mo aprender lenguas y contenidos curriculares actuando&#8221; en Aula de innovaci\u00f3n educativa, 129. pp. 20-23<\/li>\n\n\n\n<li>Unamuno, V.&nbsp;(2004) &#8220;L&#8217;entorn socioling\u00fc\u00edstic i la construcci\u00f3 de repertoris ling\u00fc\u00edstics de l&#8217;alumnat immigrant a Catalunya&#8221; Noves SL. <a href=\"https:\/\/www6.gencat.net\/llengcat\/noves\">https:\/\/www6.gencat.net\/llengcat\/noves<\/a>.<\/li>\n\n\n\n<li>Unamuno, V. i Nussbaum, L.&nbsp;(2004) &#8220;Hacia una educaci\u00f3n ling\u00fc\u00edstica cr\u00edtica&#8221; a Aula de innovaci\u00f3n educativa, 129: 6-9.<\/li>\n\n\n\n<li>Cots, J.M. i Nussbaum, L.&nbsp;(2003) &#8220;Consci\u00e8ncia ling\u00fc\u00edstica i identitat&#8221; a J. Parera, L. Nussbaum i M, Milian (eds.) L&#8217;educaci\u00f3 Ling\u00fc\u00edstica en situacions multiling\u00fces i multiculturals. Barcelona. ICE\/HORSORI: 71-89.<\/li>\n\n\n\n<li>Nussbaum, L.&nbsp;(2003) &#8220;Dynamiques polyglossiques en Catalogne&#8221; a L. Mondada et S. Pekarek (eds) Plurilinguisme, Mehrsprachigkeit, Plurilingualism: Festschrift f\u00fcr G. L\u00fcdi. T\u00fcbingen: Francke: 15-27.<\/li>\n\n\n\n<li>Parera, J., Nussbaum, L., Milian, M.&nbsp;(eds.) (2003) L&#8217;educaci\u00f3 ling\u00fc\u00edstica en situacions multiculturals i multiling\u00fces. Barcelona. ICE\/HORSORI.<\/li>\n\n\n\n<li>Unamuno, Virginia&nbsp;(2003) Lenguas, escuela y diversidad sociocultural. Hacia una educaci\u00f3n ling\u00fc\u00edstica cr\u00edtica. Barcelona: Editorial Gra\u00f3.<\/li>\n\n\n\n<li>Nussbaum, L.&nbsp;(2002) &#8220;La interacci\u00f3n entre aprendices en clase de lengua extranjera&#8221; en A.M. Mejia i R.N. Oviedo (Ed.): Nuevos caminos en educaci\u00f3n biling\u00fce en Colombia, Cali: Universidad del Valle, 71-92.<\/li>\n\n\n\n<li>Nussbaum, L.&nbsp;(2002) &#8220;Relations ethniques et \u00e9ducation dans les soci\u00e9t\u00e9s divis\u00e9es.&#8221; Journal of International Migration and Integration, 3(2): 202-303.<\/li>\n\n\n\n<li>Nussbaum, L.; Tus\u00f3n, A. i Unamuno, V.&nbsp;(2002) &#8220;Proc\u00e9dures de contour des probl\u00e8mes de langue dans l&#8217;interaction entre apprenants &#8220;, en F. Cicourel et D. V\u00e9ronique (eds.) Discours, action et appropriation des langues, Paris: Presses de Sorbonne la Nouvelle, 143-197.<\/li>\n\n\n\n<li>Cots, J. M. i Nussbaum, L.&nbsp;(eds) (2002) Pensar lo dicho. La reflexi\u00f3n sobre la lengua y la comunicaci\u00f3n en el aprendizaje de lenguas. Lleida: Milenio.<\/li>\n\n\n\n<li>Cots, J. M. i Nussbaum, L.&nbsp;(2002) &#8220;Visiones de la conciencia ling\u00fc\u00edstica: del curr\u00edculo a las pr\u00e1cticas de aula&#8221; a Cots, J.M.; Nussbaum, L. (eds.). Pensar lo dicho. La reflexi\u00f3n sobre la lengua y la comunicaci\u00f3n en la ense\u00f1anza de lenguas. Lleida: Milenio, 55-68.<\/li>\n\n\n\n<li>Cots, J.M. i Nussbaum, L.&nbsp;(2001) &#8220;L&#8217;aprenentatge de llengues estrangeres en un context multiling\u00fce i multicultural.&#8221; Escola Catalana, 377: 10-14.<\/li>\n\n\n\n<li>Maruny, L. i Molina, M.&nbsp;(2001) &#8220;Identidad sociocultural y aprendizaje ling\u00fc\u00edstico: el caso de la inmigraci\u00f3n.&#8221; Textos de Did\u00e1ctica de la Lengua y de la Literatura, 26: 55-64.<\/li>\n\n\n\n<li>Maruny, L. i Molina, M.&nbsp;(2001). &#8220;L&#8217;adquisici\u00f3 del catal\u00e0 en alumnes d&#8217;origen marroqu\u00ed a l&#8217;ensenyament obligatori.&#8221; Noves SL: estiu 2001. <a href=\"https:\/\/cultura.gencat.net\/llengcat\/noves\/hm01estiu\/catalana\/maruny1_10.htm\">https:\/\/cultura.gencat.net\/llengcat\/noves\/hm01estiu\/catalana\/maruny1_10.htm<\/a><\/li>\n<\/ul>\n<\/div><\/details>\n\n\n\n<details class=\"wp-block-mamaduka-toggles wp-block-toggles\"><summary>Building of&nbsp;competences in the Learning of Foreign Language through tasks (COCOLALE)<\/summary><div class=\"wp-block-toggles__content\">\n<p style=\"font-size:14px\"><strong>Summary<\/strong><\/p>\n\n\n\n<p style=\"font-size:14px\">This project involves the study of activities carried out during communicative pair-work tasks between foreign language learners (adults learning Spanish, adolescents studying French and English and children studying English). The study looks at the improvement of communicative competences in the target language. The data was recorded in regular language classrooms while students were engaged in three related tasks based on purchasing food. The recorded data was carefully transcribed and the analysis deepened into the traces of conversational activities present in the interactions.<\/p>\n\n\n\n<p style=\"font-size:14px\"><strong>Project details<\/strong> (GREIP as research team leader)<\/p>\n\n\n\n<p style=\"font-size:14px\">Dates: 01\/12\/1997 \u2013 01\/12\/2001<\/p>\n\n\n\n<p style=\"font-size:14px\">Funding entity:&nbsp;Ministerio de Educaci\u00f3n y Cultura, Direcci\u00f3n General de Ense\u00f1anza Superior (Spanish Ministry of Education &amp; Council, General Council of Higher Education<\/p>\n\n\n\n<p style=\"font-size:14px\">Code: PB96-1219<\/p>\n\n\n\n<p style=\"font-size:14px\">Budget: 1,740,000 pesetas<\/p>\n\n\n\n<p style=\"font-size:14px\"><strong>PI: Dr. Luci Nussbaum<\/strong><\/p>\n\n\n\n<ul style=\"font-size:14px\" class=\"wp-block-list\">\n<li>GREIP Members: Dr Luci Nussbaum Capdevila, Dr Amparo Tus\u00f3n, Dr Virginia Unamuno Kaschapava, Beatriz Caballero de Rodas Gonz\u00e1lez, Cristina Escobar Urmeneta, Dolors Masats Viladoms, Antonio S\u00e1nchez Sol\u00e1<\/li>\n<\/ul>\n\n\n\n<p style=\"font-size:14px\"><strong>Publications resulting from this project<\/strong><\/p>\n\n\n\n<ul style=\"font-size:14px\" class=\"wp-block-list\">\n<li>Escobar , C.&nbsp;(2003) &#8220;La evaluaci\u00f3n de la interacci\u00f3n oral&#8221; Mosaico,10:18-25<\/li>\n\n\n\n<li>Escobar, C.&nbsp;(2002) &#8220;Attention and the processing of comprehensible input in communication tasks among secondary school learners&#8221; a Nizegorodcew, Anna (Ed.) Beyond L2 Teaching. Krakow, Jagiellonian University Press: 45-52<\/li>\n\n\n\n<li>Escobar , C.&nbsp;(2002) &#8220;Interacci\u00f3n oral y aprendizaje de lenguas extranjeras&#8221;.Mosaico, 8: 23-30<\/li>\n\n\n\n<li>Escobar, C. i Nussbaum, L.&nbsp;(2002) &#8220;\u00bfEs posible evaluar la interacci\u00f3n oral en el aula?&#8221; a Miquel, Lourdes y Sants, Neus (eds.) Did\u00e1ctica del Espa\u00f1ol como Lengua Extranjera. Madrid: Cuadernos del tiempo libre: 37-51<\/li>\n\n\n\n<li>Escobar, C.&nbsp;(2001) &#8220;Promoting and assessing oral interaction in the classroom: the oral portfolio&#8221; APAC Monographs 4: 7-27<\/li>\n\n\n\n<li>Escobar, C.&nbsp;(2001) &#8220;Investigaci\u00f3n en acci\u00f3n en al aula de lengua extranjera: la evaluaci\u00f3n de la interacci\u00f3n mediante el portafolio oral&#8221; A. Camps (ed.) El aula como espacio de investigaci\u00f3n y reflexi\u00f3n. Barcelona: Gra\u00f3, 69-84<\/li>\n\n\n\n<li>Masats, D. i Unamuno, V.&nbsp;(2001) &#8220;Constructing social identities and discourse through repair activities&#8221; a Susan Foster-Cohen and Anna Nizegorodcew. (eds.) Eurosla Yearbook. Volume I. 2001. Amsterdam: John Benjamins Publishing Company. pp. 239-254<\/li>\n\n\n\n<li>Escobar, C.&nbsp;(2000) El portafolio oral como instrumento de evaluaci\u00f3n formativa en el aula de lengua extranjera. Tesi de doctorat in\u00e8dita. Universitat Aut\u00f2noma de Barcelona<\/li>\n\n\n\n<li>Escobar, C.&nbsp;(2000) &#8220;Recerca &#8211; acci\u00f3 a l&#8217;aula de llengua estrangera: el portafoli oral&#8221; a Camps, Anna et al. (Eds.) Recerca i formaci\u00f3 en did\u00e0ctica de la llengua. Barcelona, Gra\u00f3: 143- 158<\/li>\n\n\n\n<li>Escobar , C. i Nussbaum, L.&nbsp;(2000) &#8220;Pair work discussion and language learning in secondary education&#8221; APAC OF NEWS 39: 23-25<\/li>\n\n\n\n<li>Masats, D., Nussbaum, L., Tus\u00f3n, A. i Unamuno, V.&nbsp;(2000) &#8220;Entre Simetr\u00eda y Complementariedad: la Coenunciaci\u00f3n en el Discurso de Aprendices de Lenguas&#8221; a Mar\u00eda Dolores Mu\u00f1oz N\u00fa\u00f1ez et al. (eds.) IV Congreso de Ling\u00fc\u00edstica General: C\u00e1diz, 3-6 de abril. C\u00e1diz: Servicio de Publicaciones Universidad de C\u00e1diz. Volumen IV. pp. 1763-1774. ISBN: 84-7786-737-2<\/li>\n\n\n\n<li>Escobar, C.&nbsp;(1999) &#8220;El papel de la autoevaluaci\u00f3n como mecanismo regulador de la discusi\u00f3n por pareja&#8221; Textos 20: 61-74<\/li>\n\n\n\n<li>Masats, D.&nbsp;(1999) La reparaci\u00f3 en el discurs d&#8217;aprenents de lleng\u00fces estrangeres. Tesina in\u00e9dita. Universitat Aut\u00f2noma de Barcelona<\/li>\n<\/ul>\n<\/div><\/details>\n\n\n\n<p style=\"font-size:14px\"><strong>Local Government Funded  Projects<\/strong><\/p>\n\n\n\n<details class=\"wp-block-mamaduka-toggles wp-block-toggles\"><summary>Teachers as agents of tranformation through their engagement in cross disciplinary innovative project in the English classroom (DATE)<\/summary><div class=\"wp-block-toggles__content\">\n<p style=\"font-size:14px\"><strong>Summary<\/strong><\/p>\n\n\n\n<p style=\"font-size:14px\">Project webpage:&nbsp;<a href=\"https:\/\/empoweringteachers.wixsite.com\/website-1\">https:\/\/empoweringteachers.wixsite.com\/website-1<\/a><\/p>\n\n\n\n<p style=\"font-size:14px\">The project is designed around the premises of collaborative research carried out in teams composed of in-service teachers and researchers. Participants, team members from <a href=\"https:\/\/grupsderecerca.uab.cat\/greip\/en\/node\/559\">Let\u2019s Go project<\/a>, work in join collaboration to promote and document transformation in educational practices with the aim to help secondary students improve their communicative competence in English and enhance their social and academic abilities. The project has the double folded objective to understand the challenges of innovating in social and economic disfavoured milieus and to demonstrate that innovation is only possible through initiatives that empower teachers and students alike.<\/p>\n\n\n\n<p style=\"font-size:14px\">The results are expected to contribute to the development of a model of teacher education that nourishes from the joint work done by the members of the research team, the teachers from the participating high schools and a group of pre-service teachers to ensure the development of reflective practice and professional skills as a tool to guarantee students\u2019 learning success.<\/p>\n\n\n\n<p style=\"font-size:14px\"><strong>Project details<\/strong> (GREIP as research team leader)<\/p>\n\n\n\n<ul style=\"font-size:14px\" class=\"wp-block-list\">\n<li>Dates: 28\/02\/2017 &#8211; 27\/02\/2020 (extended to 31\/01\/2021) <\/li>\n\n\n\n<li>Funding entity:&nbsp;Obra Social \u201cla Caixa\u201d. RecerCaixa 2016<\/li>\n\n\n\n<li>Code:&nbsp; 2016ACUP-001<\/li>\n\n\n\n<li>Budget: 96.930 \u20ac<\/li>\n\n\n\n<li><strong>PI: Dr&nbsp;Dolors Masats<\/strong><\/li>\n\n\n\n<li>GREIP Members: Dr. Melinda Dooly, Dr. Dolors Masats, Dr. Emilee Moore, Dr. Artur Noguerol, Dr. Luci Nussbaum, Claudia Vallejo<\/li>\n\n\n\n<li>FAS members: Andy Modoro, Jordi Prat.<\/li>\n\n\n\n<li>Collaborating institutions: Ajuntament de Badia del Vall\u00e8s, Institut Badia del Vall\u00e8s, Institut Federica Montseny (Badia del Vall\u00e8s) i Serveis Territorials del Vall\u00e8s Occidental.<\/li>\n<\/ul>\n\n\n\n<p style=\"font-size:14px\"><strong>Publications related to the project<\/strong><\/p>\n\n\n\n<ul style=\"font-size:14px\" class=\"wp-block-list\">\n<li>Dooly, Melinda &amp; Masats, Dolors (2019). &#8216;What do you zinc about the project?&#8217;: Examples of technology-enhanced project-based language learning. In Gulbahar Beckett &amp; Tammy Slater (Eds.), Global perspectives on project-based language learning, teaching, and assessment: Key approaches, technology Ttols, and frameworks (pp. 126\u2013145). NY\/Milton Park, Abingdon: Routledge.<\/li>\n\n\n\n<li>Guerrero, Paula (2019). De les dificultats d&#8217;aprenentatge a les barreres d&#8217;aprenentatge: el cas de la llengua anglesa. Master\u2019s dissertation. Master in Psicopedagogy (UAB). Tutor: Josep Ma Sanhuja. Graded 9,1\/10.<\/li>\n\n\n\n<li>Herrera, Almudena &amp; <strong>Moore, Emilee<\/strong> (2019). <a rel=\"noreferrer noopener\" href=\"https:\/\/4eb1adda-7915-4763-a905-a28550532b28.filesusr.com\/ugd\/62077a_a7837244c34240b3a1e0d1275aef6a43.pdf\" target=\"_blank\">&#8216;The Butterfly Circus&#8217;: Targeting Social Inequalities Through English Teaching.<\/a> APAC ELT Journal, 92: 1 (pp.7-14).<\/li>\n\n\n\n<li>Llompart, J\u00falia; Masats, Dolors; Moore, Emilee, &amp; Nussbaum, Luci. (2020). M\u00e9zclalo un poquito. A Melinda Dooly i Claudia Vallejo (Eds.), The evolution of language teaching: Towards plurilingualism and translanguaging. <em>Special Issue: International Journal of Bilingual Education and Bilingualism<\/em>. DOI: 10.1080\/13670050.2019.1598934<\/li>\n\n\n\n<li>Khyat, Amina (2020). Tell us a story!&nbsp;<a rel=\"noreferrer noopener\" href=\"http:\/\/dolorsmasats.cat\/wp-content\/uploads\/2020\/12\/AminaKhyatElAchlam_TFE.pdf\" target=\"_blank\">A shared learning experience: Creating materials for Year 1 EFL learners at a secondary school<\/a>. End-of-Degree Dissertation. Grau en Educaci\u00f3 Prim\u00e0ria (UAB). <strong>Tutora: Dolors Masats.<\/strong> Grade: 10 (Matr\u00edcula d&#8217;Honor).<\/li>\n\n\n\n<li>Masats, Dolors (2019) Planificar proyectos globales significativos. Memorial II Congreso Internacional en Did\u00e1ctica de la Lengua Castellana. Manizales: Universidad de Manizales [Summary of the workshop provided, by invitation, at the conference. <a rel=\"noreferrer noopener\" href=\"http:\/\/www.congresointernacionalendidacticas.com\/public\/archivos\/\" target=\"_blank\">http:\/\/www.congresointernacionalendidacticas.com\/public\/archivos\/<\/a> memoria_lengua_castellana.pdf]<\/li>\n\n\n\n<li>Masats, Dolors (2019) Proyecto ling\u00fc\u00edstico de centro y la formaci\u00f3n hol\u00edstica de los aprendices de lengua(s). Memorias II Congreso Internacional en Did\u00e1ctica de la Lengua Castellana. Manizales: Universidad de Manizales. [Summary of the workshop provided, by invitation, at the conference. <a rel=\"noreferrer noopener\" href=\"http:\/\/www.congresointernacionalendidacticas.com\/public\/archivos\/\" target=\"_blank\">http:\/\/www.congresointernacionalendidacticas.com\/public\/archivos\/<\/a> memoria_lengua_castellana.pdf]<\/li>\n\n\n\n<li><strong>Masats, Dolors<\/strong> &amp; Guerrero, Paula (2018). <a rel=\"noreferrer noopener\" href=\"https:\/\/4eb1adda-7915-4763-a905-a28550532b28.filesusr.com\/ugd\/62077a_788ed279750c4a6897b4d8a1683e8cab.pdf\" target=\"_blank\">The Ins and Outs of Teamworking: When University Teachers, in-Service Secondary Teachers and Pre-Service Teachers Collaborate to Transform Learning<\/a>. <em>European Journal of Social Science Education and Research <\/em>5 (3), 188-196.<\/li>\n\n\n\n<li>Masats, Dolors &amp; Noguerol. Artur (2016). Proyectos ling\u00fc\u00edsticos de centro y curr\u00edculo. In D. Masats i L. Nussbaum (Ed.), Ense\u00f1anza y aprendizaje de las lenguas extranjeras en educaci\u00f3n secundaria obligatoria (p. 59-84). Madrid: S\u00edntesis. ISBN digital: 9788490779590.\u200b\u200b\u200b\u200b<\/li>\n\n\n\n<li>Masats, Dolors, &amp; Pratginest\u00f3s, C\u00e8lia (Eds.). (2021). Lessons learnt in schools implementing project-based learning. Barcelona: Omnia Science. (Open Access)<\/li>\n\n\n\n<li>Masats, Dolors, &amp; Pratginest\u00f3s, C\u00e8lia (Eds.) (2021). L&#8217;aula com a \u00e0mbit d&#8217;investigaci\u00f3 sobre l&#8217;ensenyament i l&#8217;aprenentatge de la llengua \/ El aula como \u00e1mbito de investigaci\u00f3n sobre la ense\u00f1anza y el aprendizaje de la lengua \/ A aula como contexto de investiga\u00e7\u00e3o sobre o ensino e a aprendizagem de l\u00edngua \/ The classroom as a site for research on language teaching and learning. Bern: Peter Lang.<\/li>\n\n\n\n<li>Pint\u00f3 Calderer, Ivet (2020).&nbsp;<a rel=\"noreferrer noopener\" href=\"http:\/\/dolorsmasats.cat\/wp-content\/uploads\/2020\/12\/IvetPinto-Calderer_TFE.pdf\" target=\"_blank\">Music for our ears. A shared learning experience: Creating materials for Year 2 EFL learners at a secondary school<\/a>. End-of-Degree Dissertation. Grau en Educaci\u00f3 Prim\u00e0ria (UAB). <strong>Tutora: Dolors Masats.<\/strong> Grade: 10 (Matr\u00edcula d&#8217;Honor).<\/li>\n\n\n\n<li>Pratginest\u00f3s, C\u00e8lia; Solans, Jorge &amp; Masats, Dolors (2019). <a rel=\"noreferrer noopener\" href=\"https:\/\/4eb1adda-7915-4763-a905-a28550532b28.filesusr.com\/ugd\/62077a_e003ec92c0994f859ff8fee2504afcc6.pdf\" target=\"_blank\">Exchanging glances on the development of a joint education and research programme carried out at a secondary school in a socioeconomically underprivileged milieu<\/a>. In Lu\u00eds G\u00f3mez Chova, Agust\u00edn L\u00f3pez Mart\u00ednez &amp; Ignacio Candel Torres (Eds.), Proceedings of ICERI2019 Conference (1407-1412). Valencia: IATED Academy [<a rel=\"noreferrer noopener\" href=\"https:\/\/library.iated.org\/view\/PRATGINESTOS2019EXC\" target=\"_blank\">Abstract<\/a>]<\/li>\n<\/ul>\n<\/div><\/details>\n\n\n\n<details class=\"wp-block-mamaduka-toggles wp-block-toggles\"><summary>Preparing future English teachers with&nbsp;digital teaching competences and the know-how for application to practice: a collaborative task between university teachers, school tutors and pre-service teachers&nbsp;<\/summary><div class=\"wp-block-toggles__content\">\n<p style=\"font-size:14px\"><strong>Summary<\/strong><\/p>\n\n\n\n<p style=\"font-size:14px\">The project aims to improve the training of Primary Education pre-service students from the Autonomous University of Barcelona who choose to study their fourth year in the English specialization. This group consists of about 40 future teachers, half of whom have completed their studies in English and the other half has done it in Catalan.<\/p>\n\n\n\n<p style=\"font-size:14px\">The project proposes two types of specific objectives. On the one hand, we want to implement a proposal for innovation in the training of future English specialists through collaborative work among teachers from the university, school teachers and teacher-trainers. On the other hand, we want to do research on the feasibility and challenges posed by our proposal for innovation. For this reason, we formulate the following objectives:<\/p>\n\n\n\n<ol style=\"font-size:14px\" class=\"wp-block-list\">\n<li>Contribute to the development of the digital competence through engaging future teachers in telecollaborative&nbsp;training practices with students from&nbsp;an American university and with their own peers.<\/li>\n\n\n\n<li>Ensure that during the practicum V in schools, the experience of future teachers serves as scaffolding that enables them to design and implement educational proposals that allow elementary students to develop digital skills.<\/li>\n\n\n\n<li>Create a training model that draws on joint work between University teachers and practice tutors, schools&#8217; practice tutors and teachers trainers to ensure the development of professional&nbsp;skills related to the use of new technologies in the classroom and communication management by all stakeholders.<\/li>\n\n\n\n<li>Promote the improvement of English language proficiency of future teachers through observation and analysis of their discourse practices in the classroom during the performance of the subject of practices V.<\/li>\n<\/ol>\n\n\n\n<p style=\"font-size:14px\">Our research objectives are related to the evaluation of our proposal for innovation and observation of the challenges, this makes us want to answer the following questions:<\/p>\n\n\n\n<ol style=\"font-size:14px\" class=\"wp-block-list\">\n<li>How are teaching and digital&nbsp;knowledge and skills built?<\/li>\n\n\n\n<li>What mechanisms help in training teachers to transfer their practical knowledge and skills acquired as learners?<\/li>\n\n\n\n<li>What procedures promote cooperation for improving teaching quality? What challenges need to be addressed?<\/li>\n\n\n\n<li>Can discourse analysis in the classroom itself contribute to the improvement of communicative competence in the classroom?<\/li>\n<\/ol>\n\n\n\n<p style=\"font-size:14px\"><strong>Project details<\/strong> (GREIP as research team leader)<\/p>\n\n\n\n<ul style=\"font-size:14px\" class=\"wp-block-list\">\n<li>Dates: 28\/07\/2016 &#8211; 27\/07\/2018<\/li>\n\n\n\n<li>Funding entity:&nbsp;Ag\u00e8ncia de Gesti\u00f3 d&#8217;Ajuts Universitaris i de Recerca, Generalitat de Catalunya<\/li>\n\n\n\n<li>Code:&nbsp; 2015 ARMIF 00010<\/li>\n\n\n\n<li>Budget: 9.750,00 \u20ac<\/li>\n\n\n\n<li><strong>PI: Dr. Dolors Masats<\/strong><\/li>\n\n\n\n<li>GREIP Members: Dr. Melinda Dooly, Dr. Luci Nussbaum,&nbsp;Dr. Xavier Pascual, Claudia Vallejo\n<ul class=\"wp-block-list\">\n<li>Working team: Maria Llanes (PhD student); Primary Education teachers: Josep Cortada, Marta Rueda, and UAB Primary Education -English specialization- pre-service&nbsp;teachers.<\/li>\n<\/ul>\n<\/li>\n\n\n\n<li>Collaborating members (associates):  Dr. Randall Sadler, Dr. Constanza Tolosa,&nbsp;Javier Barba, Maria Mont<\/li>\n<\/ul>\n<\/div><\/details>\n\n\n\n<details class=\"wp-block-mamaduka-toggles wp-block-toggles\"><summary>Designing a Teacher Training Model for Semi Immersion Classrooms in a Foreign Language &nbsp;<\/summary><div class=\"wp-block-toggles__content\">\n<p style=\"font-size:14px\"><strong>Summary<\/strong><\/p>\n\n\n\n<p style=\"font-size:14px\">This research takes into account the opportunities when working in a collaborative way with expert and non expert teachers. Non-expert teachers conform the group doing the Pr\u00e0cticum at CQP (practical sessions in order to get the teaching degree). Since this Pr\u00e0cticum is developed in two contexts, High Schools and the University, we have organized our model involving: research-action and self-apprenticeship. Our main purposes are:<\/p>\n\n\n\n<ol style=\"font-size:14px\" class=\"wp-block-list\">\n<li>To allow non-expert teachers (practicioners CQP) to test didactic units CLIL, designed by themselves. These didactic units will be developed supported by tutors in Foreign Language teaching and tutors in other curricular contents.<\/li>\n\n\n\n<li>To invite praticioners to present their results in order to be evaluated and adjusted between all participants.<\/li>\n\n\n\n<li>To organize seminars to promote discussions about obtained results between expert and non-expert teachers. These exchanges will be the foundations to formulate a CLIL teachers training model.&nbsp;<\/li>\n<\/ol>\n\n\n\n<p style=\"font-size:14px\"><strong>Project details<\/strong> (GREIP as research team leader)<\/p>\n\n\n\n<p style=\"font-size:14px\">Dates: 01\/03\/2006 \u2013 30\/03\/2007 (extension to 01\/03\/2007 and 01\/03\/2008)<\/p>\n\n\n\n<p style=\"font-size:14px\">Funding entity: DURSI: Departamento de Universidades, Investigaci\u00f3n y Sociedad de la Informaci\u00f3n<\/p>\n\n\n\n<p style=\"font-size:14px\">Code: 2006 ARIE10011, 2007 ARIE00011<\/p>\n\n\n\n<p style=\"font-size:14px\">Budget: 12,000 \u20ac<\/p>\n\n\n\n<p style=\"font-size:14px\"><strong>PI: Dr. Cristina Escobar<\/strong><\/p>\n\n\n\n<ul style=\"font-size:14px\" class=\"wp-block-list\">\n<li>GREIP Members: Dr Cristina Escobar Urmeneta, Dr Melinda Dooly Owenby, Dr. Artur Noguerol Rodrigo, Dr Luci Nussbaum Capdevila, Dr Virginia Unamuno Kaschapava, Laura Llobet Garc\u00e9s,Dr Dolors Masats Viladoms, Zoraida Horrillo Godino<\/li>\n<\/ul>\n\n\n\n<ul style=\"font-size:14px\" class=\"wp-block-list\">\n<li>External collaborators: Dr Carmen P\u00e9rez Vidal, Maria Rosa Batlle Pou,&nbsp;Margarita Caballero&nbsp;de los Arcos,&nbsp;Adriana Cordeiro Azebedo, M\u00aa \u00c0ngels Hern\u00e1ndez Sierra,&nbsp;Azucena P\u00e9 Estella, Antonio S\u00e1nchez Sola, Josep Maria Cots, Moltserrat Oller, Jordi Deulofeu Piquet, Montserrat Pag\u00e8s, N\u00faria Pel\u00e0ez&nbsp;Carballo, Montserat Irun, Elisabeth Eixarch, Marta Gallart<\/li>\n<\/ul>\n<\/div><\/details>\n\n\n\n<details class=\"wp-block-mamaduka-toggles wp-block-toggles\"><summary>Construction of the category &#8220;foreigner&#8221; within Linguistic Welcome and Education Proposals orientated towards the incorporation of late-coming students into the Catalan education system<\/summary><div class=\"wp-block-toggles__content\">\n<p style=\"font-size:14px\"><strong>Summary<\/strong><\/p>\n\n\n\n<p style=\"font-size:14px\">The aims of this study is to contribute to the improvement of reception (language teaching especially) of newly arrived students and to provide a critical review of the language education policies framing the reception of immigrant students. Based on the compilation and analysis of a multimodal corpus of data (textual, interactional and field observation), the project will pinpoint the way in which categories related to &#8220;foreigner&#8221; are constructed and the way in which these categories are projected into the linguistic repertoires of individuals working with these students.<\/p>\n\n\n\n<p style=\"font-size:14px\"><strong>Project details<\/strong> (GREIP as research team leader)<\/p>\n\n\n\n<p style=\"font-size:14px\">Dates: 01\/10\/2004 \u2013 31\/06\/2006<\/p>\n\n\n\n<p style=\"font-size:14px\">Funding entity: Universitat Aut\u00f2noma de Barcelona, Programa Noves L\u00ednies de Recerca<\/p>\n\n\n\n<p style=\"font-size:14px\">Code: PNL2004-38<\/p>\n\n\n\n<p style=\"font-size:14px\">Budget: 5.600 \u20ac<\/p>\n\n\n\n<p style=\"font-size:14px\"><strong>PI: Dr Virginia Unamuno Kaschapava<\/strong><\/p>\n\n\n\n<ul style=\"font-size:14px\" class=\"wp-block-list\">\n<li>GREIP Members: Dr Eva Cod\u00f3 Olsina, Dr Melinda Ann Dooly Owenby, Dr Luci Nussbaum Capdevila, Dr Amparo Tuson Valls, Victor Corona, Emilee Moore<\/li>\n<\/ul>\n\n\n\n<p style=\"font-size:14px\"><strong>Related publications<\/strong><\/p>\n\n\n\n<ul style=\"font-size:14px\" class=\"wp-block-list\">\n<li>Corona, Victor. (2006).&nbsp;L&#8217;altra acollida: fragment d&#8217;una etnografia. <em>Escola Catalana, 432<\/em>, 26-28.<\/li>\n\n\n\n<li>Cots, Josep Maria &amp; <strong>Nussbaum, Luci.<\/strong> (2005). Pratiques linguistiques des jeunes immigr\u00e9s en Catalogne. In C. Van Den Avenne (ed.) <em>Mobilit\u00e9s et contacts de langues<\/em> (pp. 95-107). Par\u00eds: L&#8217;Harmatan.<\/li>\n\n\n\n<li>Dooly, Melinda.&nbsp;(2005).&nbsp;How aware are they? Research into teachers\u2019 attitudes about linguistic diversity. <em>Language Awareness, 1<\/em>4, 2\/3, 97-111.<\/li>\n\n\n\n<li>Nussbaum, Luci.(2005). Competencias e identidades ling\u00fc\u00edsticas de escolares inmigrantes en Catalu\u00f1a. In D. Lasagabaster &amp; J. M. Sierra (eds.) <em>Multiling\u00fcismo, competencia ling\u00fc\u00edstica y nuevas tecnolog\u00edas<\/em> (pp. 29-52). Barcelona: ICE-HORSORI.<\/li>\n\n\n\n<li>Nussbaum, Luci. (2005). Monolinguisme et polyglossie dans la Barcelone d&#8217;aujourd&#8217;hui. <em>Bulletin Suisse de Linguistique Appliqu\u00e9e, 82<\/em>, 5-24.<\/li>\n\n\n\n<li>Nussbaum, Luci &amp; Unamuno, Virginia (eds.) (2006). <em>Usos i compet\u00e8ncies multiling\u00fces entre escolars d&#8217;origen immigrant<\/em>. Bellaterra: Servei de Publicaciones de la Universitat Aut\u00f2noma de Barcelona.<\/li>\n\n\n\n<li>Nussbaum Luci &amp; Unamuno, Virginia. (2006). La comp\u00e9tence sociolinguistique, pour quoi faire? <em>Bulletin Suisse de linguistique apliqu\u00e9e, 84<\/em>, 47-65.<\/li>\n\n\n\n<li>Unamuno, Virginia &amp; Nussbaum, Luci. (2005). Pr\u00e0ctiques interactives entre aprenents de lleng\u00fces segones i estrangeres. <em>Articles: Revista de did\u00e0ctica de la llengua i de la literatura, 37<\/em>, 57-69.<\/li>\n\n\n\n<li>Unamuno, Virginia &amp; Nussbaum, Luci. (2005). Compet\u00e8ncies orals multiling\u00fces d&#8217;alumnat estranger a Catalunya. <em>Immersi\u00f3 Ling\u00fc\u00edstica, 7<\/em>, 115-122.<\/li>\n\n\n\n<li>Unamuno, Virginia &amp; Nussbaum, Luci. (2005). Hacia una educaci\u00f3n ling\u00fc\u00edstica cr\u00edtica. <em>Aula de innovaci\u00f3n educativa, 129<\/em>, 6-9.<\/li>\n\n\n\n<li>Unamuno, Virginia &amp; Nussbaum, Luci. (2006). De la casa al aula: \u00e1mbitos y pr\u00e1cticas de transmisi\u00f3n y aprendizaje de lenguas. T<em>extos de Did\u00e1ctica de la Lengua y de la Literatura, 42<\/em>, 43-51.<\/li>\n\n\n\n<li>Unamuno, Virginia &amp; Nussbaum, Luci. (2006) Compet\u00e8ncies orals multiling\u00fces d&#8217;alumnat estranger a Catalunya. <em>Immersi\u00f3 Ling\u00fc\u00edstica. Revista d&#8217;Ensenyament integrat de lleng\u00fces i continguts, 7,<\/em> 115-122.<\/li>\n<\/ul>\n<\/div><\/details>\n\n\n\n<details class=\"wp-block-mamaduka-toggles wp-block-toggles\"><summary>Collaborative tasks and academic and linguistic learnings in inclusive Science and Foreign Language CLIL classrooms<\/summary><div class=\"wp-block-toggles__content\">\n<p style=\"font-size:14px\"><strong>Summary<\/strong><\/p>\n\n\n\n<p style=\"font-size:14px\">This projects aims at evaluating the impact of the implementation of a series of collaborative CLIL tasks (in this case Science is taught either through English or French) has on the learning of scientific knowledge (science) and on foreign language learning (English or French). In order to be able to offer examples of best practices to the educational community, a second research goal is related to the detection of (a) the problems or difficulties teachers and learners need to overcome and (b) the teaching and managerial strategies expert CLIL teachers put at play.<\/p>\n\n\n\n<p style=\"font-size:14px\"><strong>Project details<\/strong> (GREIP as research team leader)<\/p>\n\n\n\n<p style=\"font-size:14px\">Dates: 30\/10\/2004 \u2013 31\/03\/2007 (extension to 01\/03\/2007 and 01\/03\/2008)<\/p>\n\n\n\n<p style=\"font-size:14px\">Funding entity: AGAUR<\/p>\n\n\n\n<p style=\"font-size:14px\">Code: 2004 ARIE 00058, 2005 ARIE 10056<\/p>\n\n\n\n<p style=\"font-size:14px\">Budget: 15.000 \u20ac<\/p>\n\n\n\n<p style=\"font-size:14px\"><strong>PI: Dr. Cristina Escobar<\/strong><\/p>\n\n\n\n<ul style=\"font-size:14px\" class=\"wp-block-list\">\n<li>GREIP Members: Dr Cristina Escobar Urmeneta, Dr Melinda Dooly Owenby, Dr Artur Noguerol Rodrigo, Dr Luci Nussbaum Capdevila, Dr Virginia Unamuno Kaschapava, Laura Llobet Garc\u00e9s, Dolors Masats Viladoms<\/li>\n<\/ul>\n\n\n\n<ul style=\"font-size:14px\" class=\"wp-block-list\">\n<li>External collaborators: Dr Carmen P\u00e9rez Vidal, Maria Rosa Batlle Pou, Margarita Caballero de los Arcos, Adriana Cordeiro Azebedo, Maria \u00c0ngels Hern\u00e1ndez Sierra, Azucena P\u00e9 Estella, Antonio S\u00e1nchez Sola<\/li>\n<\/ul>\n\n\n\n<p style=\"font-size:14px\"><strong>Publications resulting from the project<\/strong><\/p>\n\n\n\n<ul style=\"font-size:14px\" class=\"wp-block-list\">\n<li><strong>Escobar, C.<\/strong>&nbsp;(2004) \u00bfQu\u00e9 quiere decir un siete? AULA de innovaci\u00f3n educativa, 129: 33-38.<\/li>\n\n\n\n<li><strong>Escobar, C.<\/strong>&nbsp;(2004) Para aprender a hablar hay que querer decir algo. Glosas Did\u00e1cticas, 12.&nbsp;<\/li>\n\n\n\n<li><strong>Escobar, C. &amp; P\u00e9rez-Vidal, C.<\/strong>&nbsp;(2004) Teacher education for the implementation of a Content and Language Integrating Learning approach (CLIL) in the school system. A: Wilkinson, R. &#8220;Integrating Content and Language. meeting the challenge of multilingual education.&#8221; Maastricht: Universitaire Pers Maastricht: 402-415.<\/li>\n\n\n\n<li><strong>Roquet, M., Escobar, C. &amp; Cusc\u00f3, I.<\/strong>&nbsp;(2004) Is it possible to teach History in English to students with a limited command of the language? EuroClic Newsletter.&nbsp;<\/li>\n\n\n\n<li><strong>Escobar, C.<\/strong>&nbsp;(2004) Content and language integrated learning: Do they learn content? Do they learn language? A: Anderson, J. D., Oro, J. M. &amp; Varela, J. (editors) Linguistic Perspectives from the classroom: Language teaching in a multicultural Europe. Universidade de Santiago de Compostela: 27-38.<\/li>\n\n\n\n<li><strong>Nussbaum, L., Escobar, C. &amp;mp; Unamuno, V.<\/strong>&nbsp;(2006) Una ling\u00fc\u00edstica interactivista de la ense\u00f1anza y el aprendizaje de llenguas. A: Camps, Anna (coord.) (en curs de publicaci\u00f3). Di\u00e1logo e investigaci\u00f3n en las aulas. Investigaciones en Did\u00e1ctica de la Lengua y la Literatura. Barcelona: Gra\u00f3.<\/li>\n<\/ul>\n<\/div><\/details>\n<\/div><\/details>\n\n\n\n<details class=\"wp-block-mamaduka-toggles wp-block-toggles\"><summary>Innovation &amp; Development<\/summary><div class=\"wp-block-toggles__content\">\n<p style=\"font-size:14px\"><strong>European Commission Funded  Projects<\/strong><\/p>\n\n\n\n<details class=\"wp-block-mamaduka-toggles wp-block-toggles\"><summary>METLA: Mediation in Teaching, Learning and&nbsp;Assessment<\/summary><div class=\"wp-block-toggles__content\">\n<p style=\"font-size:14px\"><strong>Summary<\/strong><\/p>\n\n\n\n<p style=\"font-size:14px\">The ECML project proposal <strong><a href=\"https:\/\/www.ecml.at\/ECML-Programme\/Programme2020-2023\/Mediationinteachingandassessment\/tabid\/4305\/language\/en-GB\/Default.aspx\" target=\"_blank\" rel=\"noreferrer noopener\">METLA<\/a><\/strong> sets out to develop a Teaching Guide for foreign language teachers (of primary and secondary education) who want to include linguistic mediation in their classrooms. This will contain an introduction regarding the theory and practice of teaching and assessing mediation and six chapters with leveled (A1-C2) examples of tasks in different languages. A digital Repository, which will include tasks for various educational environments, will also be produced.<\/p>\n\n\n\n<p style=\"font-size:14px\"><strong>Project details<\/strong> (GREIP as member of research team)<\/p>\n\n\n\n<ul style=\"font-size:14px\" class=\"wp-block-list\">\n<li>Dates: 01\/09\/2020 &#8211; 31\/12\/2023<\/li>\n\n\n\n<li>Funding entity:&nbsp;Council of Europe (ECML\/CELV)<\/li>\n\n\n\n<li>PI: Dr Maria Stathopoulou,&nbsp;National Technical University of Athens<\/li>\n\n\n\n<li>GREIP members: Dr. Dolors Masats<\/li>\n\n\n\n<li>Other members: Eva Braidwood, University of Oulu; Bessie Dendrinos, University of Athens; Franziska Gerwers, University of Hamburg; Katerina Krimpogianni, National and Kapodistrian University of Athens; Magdalini Liontou, University of Oulu; S\u00edlvia Melo-Pfeifer, University of Hamburg; Phyllisienne Vassalo Gauci,  Malta University<\/li>\n<\/ul>\n<\/div><\/details>\n\n\n\n<details class=\"wp-block-mamaduka-toggles wp-block-toggles\"><summary>Digitizing Pedagogical Task Design for Interactional Competence (DIGITASK4IC)<\/summary><div class=\"wp-block-toggles__content\">\n<p style=\"font-size:14px\"><strong>Summary<\/strong><\/p>\n\n\n\n<p style=\"font-size:14px\"><strong><a href=\"https:\/\/digitask4ic.com\/\" target=\"_blank\" rel=\"noreferrer noopener\">DIGITASK4IC<\/a><\/strong> will create a digital task generator for pedagogical tasks, linked with an annotated task catalogue and an OER library to support teacher trainers and trainee teachers. The project sets out to 1) provide teacher trainers in higher education institutions with digital support for their training of (foreign language) pre-service teachers, specifically in how they efficiently develop pedagogical tasks; 2) ensure that they understand how to design tasks to achieve rich spoken outcomes informed by task-based language teaching (TBLT); 3) provide input and digital support on task development for second\/additional\/foreign language (L2) interactional competence (IC).<\/p>\n\n\n\n<p style=\"font-size:14px\">The core element of the project \u2013 the DIGITASK platform \u2013 will consist of a software, a mobile application and a website for generating pedagogical tasks that foster L2 IC. The DIGITASK4IC team will identify intersections between language teacher education, foreign language teaching, TBLT and L2 IC. This will be used as a basis to identify the interactivity potential of pedagogical tasks in the subsequent intellectual output, namely the Digital Task Catalogue that is a comprehensive documentation of existing local, regional, national, European and\/or international pedagogical task types. Based on this background, the project team will create a Digital OER Library to be used as the expert-filtered task design materials. Subsequently, the consortium will produce the Digitization of Pedagogical Task Design plan that will constitute the basis for the development of the DIGITASK platform. Following the release of DIGITASK, the platform will be improved with methodological packages for teaching foreign languages (Turkish, German, French, Spanish, English) using DIGITASK based on sample pedagogical tasks and task sequences. The final output of the project will be the Digital Training Module designed both as a self-learning tool and an instructional tool to be used by the target participants.<\/p>\n\n\n\n<p style=\"font-size:14px\">As a result of the successful completion of all project outputs and activities, the consortium will produce a platform and an innovative tool that will have significant impact on teacher trainers and pre-service teachers by providing theoretically and methodologically sound materials together with an open-access and user-friendly application. Through the main outcome, DIGITASK, the project will innovate the task-based teaching of foreign languages and language teacher education practices by digitizing pedagogical task design and incorporating TBLT and L2 IC. In the long term, we expect that DIGITASK will have a central role in teacher training and will also be used in schools mainly through pre-service teachers transforming into school teachers and through the online resources including the Digital Training Module<\/p>\n\n\n\n<p style=\"font-size:14px\"><strong>Project details<\/strong> (GREIP as partner member of the research team)<\/p>\n\n\n\n<ul style=\"font-size:14px\" class=\"wp-block-list\">\n<li>Dates: 01\/04\/2021 &#8211; 30\/09\/2022 <\/li>\n\n\n\n<li>Funding entity:&nbsp;European Commission. Erasmus + KA2 &#8211; Cooperation for innovation and sharing good practices<\/li>\n\n\n\n<li>Code: KA226-C97A4E3C<\/li>\n\n\n\n<li>Budget: 152,585\u20ac (total project); UAB: 63,191\u20ac<\/li>\n\n\n\n<li>PI: Dr. Ufuk Balaman,&nbsp;Hacettepe University<\/li>\n\n\n\n<li>GREIP members: <strong>Dr. Dolors Masats<\/strong> <strong>(PI UAB)<\/strong>, Dr. Melinda Dooly, Dr. Emilee Moore<\/li>\n\n\n\n<li>Associate GREIP members: Natalie Gonz\u00e1lez-Acevedo, M\u00f3nica L\u00f3pez, Maria Mont, Dr. Xavier Pascual, C\u00e8lia Pratginest\u00f3s, Claudia Vallejo<\/li>\n\n\n\n<li>Participating institutions: Hacettepe University, Turkey;&nbsp;Mugla&nbsp;Sitki&nbsp;Kocman&nbsp;University, Turkey;&nbsp;Universitat Aut\u00f2noma de Barcelona, Spain;&nbsp;Universitaet&nbsp;Innsbruck, Austria<\/li>\n<\/ul>\n\n\n\n<p style=\"font-size:14px\"><strong>Related publications<\/strong><\/p>\n\n\n\n<ul style=\"font-size:14px\" class=\"wp-block-list\">\n<li><a rel=\"noreferrer noopener\" href=\"https:\/\/digitask4ic.com\/intellectual-outputs\/oer\/\" target=\"_blank\">Digitask Open Educational Resources<\/a><\/li>\n\n\n\n<li><a rel=\"noreferrer noopener\" href=\"https:\/\/digitask4ic.com\/intellectual-outputs\/digital-task-catalogue-io1\/\" target=\"_blank\">Digital Task Catalogue<\/a><\/li>\n\n\n\n<li><a rel=\"noreferrer noopener\" href=\"https:\/\/digitask4ic.com\/intellectual-outputs\/digital-training-module-io3\/\" target=\"_blank\">Digital Training Module<\/a><\/li>\n<\/ul>\n<\/div><\/details>\n\n\n\n<details class=\"wp-block-mamaduka-toggles wp-block-toggles\"><summary>Local Linguistic Landscapes for global language education in the school context (LoCALL)<\/summary><div class=\"wp-block-toggles__content\">\n<p style=\"font-size:14px\"><strong>Summary<\/strong><\/p>\n\n\n\n<p style=\"font-size:14px\">This project: i) commits to acknowledging the added-value of superdiversity in language education, by mapping local Linguistic Landscapes (LL) and discussing them comparatively at an international level; ii) acknowledges the importance of involving youth, namely with migrant background, in active discovery and dissemination processes related to social and lived multilingualism and to their own linguistic repertoires.; iii) connects foreign language learning and language awareness through sociolinguistics discussions on language presence, roles and dynamics in broader social contexts, acknowledging languages and the linguistic resources that young people have at their disposal.<\/p>\n\n\n\n<p style=\"font-size:14px\">Since the literature recognizes the role of children and youth in multilingualism research and recommends an active role in research processes for them, we will develop a collaborative research project that sees adolescents as co-ethnographers and experts of LL in their own environment. LOCALL intends to foster pupils\u2019 engagement and critical skills by&nbsp;calling multilingual youth from different countries to develop digital language paths through their towns for their classmates and on-site language courses for teachers of partner schools abroad.<\/p>\n\n\n\n<ul style=\"font-size:14px\" class=\"wp-block-list\">\n<li><strong><a rel=\"noreferrer noopener\" href=\"https:\/\/locallproject.eu\/\" target=\"_blank\">Project webpage<\/a><\/strong><\/li>\n\n\n\n<li><strong><a href=\"https:\/\/view.genial.ly\/5ddee6bc948c040f7d065aab\/horizontal-infographic-timeline-locall-project\" data-type=\"URL\" data-id=\"https:\/\/view.genial.ly\/5ddee6bc948c040f7d065aab\/horizontal-infographic-timeline-locall-project\" target=\"_blank\" rel=\"noreferrer noopener\">UAB team webpage<\/a><\/strong> (timeline of ongoing events)<\/li>\n<\/ul>\n\n\n\n<p style=\"font-size:14px\"><strong>Project details<\/strong> (GREIP as partner member of the research team)<\/p>\n\n\n\n<ul style=\"font-size:14px\" class=\"wp-block-list\">\n<li>Dates: 01\/10\/2019 &#8211; 30\/09\/2022 <\/li>\n\n\n\n<li>Funding entity:&nbsp;European Commission. Erasmus + KA2 &#8211; Cooperation for innovation and sharing good practices<\/li>\n\n\n\n<li>Code: 2019-1-DE03-KA201-060024<\/li>\n\n\n\n<li>Budget: \u20ac276.472,00 (total project); UAB: \u20ac45,664<\/li>\n\n\n\n<li>PI: Dr. Silvia Melo-Pfeiffer (University of Hamburg)<\/li>\n\n\n\n<li>GREIP members: <strong>Dr Melinda Ann Dooly Owenby (PI UAB)<\/strong>, Dr. Emilee Moore, Dr. Dolors Masats<\/li>\n\n\n\n<li>Associate GREIP members: Klaudia Krusznyska, M\u00f3nica L\u00f3pez Vera, Maria Mont<\/li>\n\n\n\n<li>External collaborators: Paula Brito, Sonia Cadi<\/li>\n\n\n\n<li>Participating institutions: Universidade de Aveiro (Portugal), Universitat Aut\u00f2noma de Barcelona (Spain), University of Groningen (Netherlands), Unviersity of Hamburg (Germany), University of Strausbourg (France)<\/li>\n<\/ul>\n\n\n\n<p style=\"font-size:14px\"><strong>Publications related to the project<\/strong><\/p>\n\n\n\n<ul style=\"font-size:14px\" class=\"wp-block-list\">\n<li>Krusznyska, Klaudia &amp; Dooly, Melinda (tbp 2023). Thinking allowed: linguistic landscapes-based projects for higher-order and critical thinking skills. In S. Melo-Pfeifer (Ed.) <em>Linguistic Landscapes in Language and Teacher Education &#8211; Multilingual Teaching and Learning Inside and Beyond the Classroom<\/em>. Springer.<\/li>\n\n\n\n<li>L\u00f3pez, M\u00f3nica &amp; Dooly, Melinda (tbp 2023). Languages around us: (in)visibility matters. In S. Melo-Pfeifer (Ed.) <em>Linguistic Landscapes in Language and Teacher Education &#8211; Multilingual Teaching and Learning Inside and Beyond the Classroom<\/em>. Springer.<\/li>\n\n\n\n<li><strong>Dooly, Melinda<\/strong>; Duarte, Joana; Louren\u00e7o, M\u00f3nica; Young, Andrea; Andrade, Ana Isabel; Ara\u00fajo e S\u00e1, Maria Helena; Batista, Bruna; Baptista, Maria Augusta; Barreirinha, Maria dos Anjos; <strong>Brito, Paula<\/strong>; <strong>Cadi, Sonia<\/strong>; Carinhas, Raquel; Clemente, Mariana; Costa, Alice; das Neves, Alexandra; Faneca, Rosa; Fischer, Susann; Fl\u00f6rkemeier, Ruth; Gezelle-Meerburg, Babs; Gon\u00e7alves, Maria Cristina; Huilcan Herrera, Marcela; <strong>Kruszynska, Klaudia<\/strong>; Kuijper, Marlous; Ladeira, <strong>L\u00f3pez Vera, M\u00f2nica<\/strong>; Loureiro, Maria Jos\u00e9; Makarovo, Irina; Marques, Margarida M.; Martins, Filomena; Mary, Latisha;<strong> Masats, Dolors; Mont, Maria; Moore, Emilee<\/strong>; Paulsen, Kai; Pinto, Susana; Pion, Daniele; Pombo, L\u00facia; Ramos, Isabel; Ribalta, N\u00faria; Senos, Susana; Siemushyna, Maria; Silva, Francisco; Sim\u00f5es, Ana Raquel; Soepboer, Albertina; Tavares, Filipe; <strong>Vallejo, Claudia<\/strong>; Veenstra, Sibrecht; von Rosen, Julia; Wallinga, Ans (available 2023). <strong><em>Guidelines for the introduction of linguistic landscapes in (foreign) language learning and teacher education<\/em><\/strong>.<\/li>\n\n\n\n<li><strong>Dooly, Melinda<\/strong>; Duarte, Joana; Louren\u00e7o, M\u00f3nica; Young, Andrea; Andrade, Ana Isabel; Ara\u00fajo e S\u00e1, Maria Helena; Batista, Bruna; Baptista, Maria Augusta; Barreirinha, Maria dos Anjos; <strong>Brito, Paula<\/strong>; <strong>Cadi, Sonia<\/strong>; Carinhas, Raquel; Clemente, Mariana; Costa, Alice; das Neves, Alexandra; Faneca, Rosa; Fischer, Susann; Fl\u00f6rkemeier, Ruth; Gezelle-Meerburg, Babs; Gon\u00e7alves, Maria Cristina; Huilcan Herrera, Marcela; <strong>Kruszynska, Klaudia<\/strong>; Kuijper, Marlous; Ladeira, <strong>L\u00f3pez Vera, M\u00f2nica<\/strong>; Loureiro, Maria Jos\u00e9; Makarovo, Irina; Marques, Margarida M.; Martins, Filomena; Mary, Latisha;<strong> Masats, Dolors; Mont, Maria; Moore, Emilee<\/strong>; Paulsen, Kai; Pinto, Susana; Pion, Daniele; Pombo, L\u00facia; Ramos, Isabel; Ribalta, N\u00faria; Senos, Susana; Siemushyna, Maria; Silva, Francisco; Sim\u00f5es, Ana Raquel; Soepboer, Albertina; Tavares, Filipe; <strong>Vallejo, Claudia<\/strong>; Veenstra, Sibrecht; von Rosen, Julia; Wallinga, Ans. (available 2023). <strong><em>Richtlinien f\u00fcr die Integration von Linguistic Landscapes in den (Fremd-) Sprachenunterricht und die Lehrkr\u00e4fteausbildung<\/em><\/strong>.<\/li>\n\n\n\n<li><strong>Dooly, Melinda<\/strong>; Duarte, Joana; Louren\u00e7o, M\u00f3nica; Young, Andrea; Andrade, Ana Isabel; Ara\u00fajo e S\u00e1, Maria Helena; Batista, Bruna; Baptista, Maria Augusta; Barreirinha, Maria dos Anjos; <strong>Brito, Paula<\/strong>; <strong>Cadi, Sonia<\/strong>; Carinhas, Raquel; Clemente, Mariana; Costa, Alice; das Neves, Alexandra; Faneca, Rosa; Fischer, Susann; Fl\u00f6rkemeier, Ruth; Gezelle-Meerburg, Babs; Gon\u00e7alves, Maria Cristina; Huilcan Herrera, Marcela; <strong>Kruszynska, Klaudia<\/strong>; Kuijper, Marlous; Ladeira, <strong>L\u00f3pez Vera, M\u00f2nica<\/strong>; Loureiro, Maria Jos\u00e9; Makarovo, Irina; Marques, Margarida M.; Martins, Filomena; Mary, Latisha;<strong> Masats, Dolors; Mont, Maria; Moore, Emilee<\/strong>; Paulsen, Kai; Pinto, Susana; Pion, Daniele; Pombo, L\u00facia; Ramos, Isabel; Ribalta, N\u00faria; Senos, Susana; Siemushyna, Maria; Silva, Francisco; Sim\u00f5es, Ana Raquel; Soepboer, Albertina; Tavares, Filipe; <strong>Vallejo, Claudia<\/strong>; Veenstra, Sibrecht; von Rosen, Julia; Wallinga, Ans. (available 2023). <strong><em>Propositions pour l&#8217;introduction des paysages linguistiques dans l&#8217;apprentissage des langues (\u00e9trang\u00e8res) et la formation des enseignants<\/em><\/strong>.<\/li>\n\n\n\n<li><strong>Dooly, Melinda<\/strong>; Duarte, Joana; Louren\u00e7o, M\u00f3nica; Young, Andrea; Andrade, Ana Isabel; Ara\u00fajo e S\u00e1, Maria Helena; Batista, Bruna; Baptista, Maria Augusta; Barreirinha, Maria dos Anjos; <strong>Brito, Paula<\/strong>; Cadi, Sonia; Carinhas, Raquel; Clemente, Mariana; Costa, Alice; das Neves, Alexandra; Faneca, Rosa; Fischer, Susann; Fl\u00f6rkemeier, Ruth; Gezelle-Meerburg, Babs; Gon\u00e7alves, Maria Cristina; Huilcan Herrera, Marcela; <strong>Kruszynska, Klaudia<\/strong>; Kuijper, Marlous; Ladeira, <strong>L\u00f3pez Vera, M\u00f2nica<\/strong>; Loureiro, Maria Jos\u00e9; Makarovo, Irina; Marques, Margarida M.; Martins, Filomena; Mary, Latisha;<strong> Masats, Dolors; Mont, Maria; Moore, Emilee<\/strong>; Paulsen, Kai; Pinto, Susana; Pion, Daniele; Pombo, L\u00facia; Ramos, Isabel; Ribalta, N\u00faria; Senos, Susana; Siemushyna, Maria; Silva, Francisco; Sim\u00f5es, Ana Raquel; Soepboer, Albertina; Tavares, Filipe; <strong>Vallejo, Claudia<\/strong>; Veenstra, Sibrecht; von Rosen, Julia; Wallinga, Ans. (available 2023). <strong><em>Richtlijnen voor de introductie van taallandschappen bij het leren van (vreemde) talen en in de lerarenopleidingen<\/em><\/strong>.<\/li>\n\n\n\n<li><strong>Dooly, Melinda<\/strong>; Duarte, Joana; Louren\u00e7o, M\u00f3nica; Young, Andrea; Andrade, Ana Isabel; Ara\u00fajo e S\u00e1, Maria Helena; Batista, Bruna; Baptista, Maria Augusta; Barreirinha, Maria dos Anjos; <strong>Brito, Paula<\/strong>; <strong>Cadi, Sonia<\/strong>; Carinhas, Raquel; Clemente, Mariana; Costa, Alice; das Neves, Alexandra; Faneca, Rosa; Fischer, Susann; Fl\u00f6rkemeier, Ruth; Gezelle-Meerburg, Babs; Gon\u00e7alves, Maria Cristina; Huilcan Herrera, Marcela; <strong>Kruszynska, Klaudia<\/strong>; Kuijper, Marlous; Ladeira, <strong>L\u00f3pez Vera, M\u00f2nica<\/strong>; Loureiro, Maria Jos\u00e9; Makarovo, Irina; Marques, Margarida M.; Martins, Filomena; Mary, Latisha;<strong> Masats, Dolors; Mont, Maria; Moore, Emilee<\/strong>; Paulsen, Kai; Pinto, Susana; Pion, Daniele; Pombo, L\u00facia; Ramos, Isabel; Ribalta, N\u00faria; Senos, Susana; Siemushyna, Maria; Silva, Francisco; Sim\u00f5es, Ana Raquel; Soepboer, Albertina; Tavares, Filipe; <strong>Vallejo, Claudia<\/strong>; Veenstra, Sibrecht; von Rosen, Julia; Wallinga, Ans. (available 2023). <strong><em>Orienta\u00e7\u00f5es para a integra\u00e7\u00e3o de paisagens lingu\u00edsticas na aprendizagem de l\u00ednguas (estrangeiras) e na forma\u00e7\u00e3o de professor<\/em><\/strong>.<\/li>\n\n\n\n<li><strong>Dooly, Melinda<\/strong>; Duarte, Joana; Louren\u00e7o, M\u00f3nica; Young, Andrea; Andrade, Ana Isabel; Ara\u00fajo e S\u00e1, Maria Helena; Batista, Bruna; Baptista, Maria Augusta; Barreirinha, Maria dos Anjos; <strong>Brito, Paula<\/strong>; <strong>Cadi, Sonia<\/strong>; Carinhas, Raquel; Clemente, Mariana; Costa, Alice; das Neves, Alexandra; Faneca, Rosa; Fischer, Susann; Fl\u00f6rkemeier, Ruth; Gezelle-Meerburg, Babs; Gon\u00e7alves, Maria Cristina; Huilcan Herrera, Marcela; <strong>Kruszynska, Klaudia<\/strong>; Kuijper, Marlous; Ladeira, <strong>L\u00f3pez Vera, M\u00f2nica<\/strong>; Loureiro, Maria Jos\u00e9; Makarovo, Irina; Marques, Margarida M.; Martins, Filomena; Mary, Latisha;<strong> Masats, Dolors; Mont, Maria; Moore, Emilee<\/strong>; Paulsen, Kai; Pinto, Susana; Pion, Daniele; Pombo, L\u00facia; Ramos, Isabel; Ribalta, N\u00faria; Senos, Susana; Siemushyna, Maria; Silva, Francisco; Sim\u00f5es, Ana Raquel; Soepboer, Albertina; Tavares, Filipe; <strong>Vallejo, Claudia<\/strong>; Veenstra, Sibrecht; von Rosen, Julia; Wallinga, Ans. (available 2023). <strong><em>Gu\u00eda para la introducci\u00f3n de paisajes ling\u00fc\u00edsticos en el aprendizaje de lenguas (extranjeras) y en la formaci\u00f3n del profesorado<\/em><\/strong>.<\/li>\n\n\n\n<li><strong><a rel=\"noreferrer noopener\" href=\"https:\/\/locallproject.eu\/resources\/\" target=\"_blank\">Downloadable resources<\/a><\/strong> for the application of linguistic landscapes to teaching<\/li>\n<\/ul>\n<\/div><\/details>\n\n\n\n<details class=\"wp-block-mamaduka-toggles wp-block-toggles\"><summary>Communities, Languages, and Activities App (ENACT)<\/summary><div class=\"wp-block-toggles__content\">\n<p style=\"font-size:14px\"><strong>Summary<\/strong><\/p>\n\n\n\n<p style=\"font-size:14px\">In 2018, 22.3 million people of the 512.4 million people living in the EU were non-EU citizens, which poses a major challenge to ensure social integration, but also cultural and linguistic diversity. To address this challenge, this intercultural, intergenerational, and multi-sector project aims to 1) develop Open Educational Resources (OER) that will foster intercultural understanding within and between the members of immigrant and host communities; 2) promote opportunities for intergenerational interaction; 3) engage communities in co-producing materials for the OER; 4) provide support for task-based innovative digital pedagogy offering a real-world, immersive learning experience that brings culture to life; 5) bring a wider focus on the role of European cultural and linguistic heritage; 6) contribute to great social cohesion; and 7) foster inclusive higher education (HE) systems in the EU.<\/p>\n\n\n\n<p style=\"font-size:14px\">Our task-based innovative learning pedagogy will involve the development of a responsive web app tailored for the creation of, and engagement with interactive digital media (e.g. interactive videos, branching scenarios and interactive virtual 360 tours). The web app will also provide tools to support the creation of an online community ranging from commenting and voting on content on the platform to sharing and promoting content using existing mainstream social networking tools by providing shareable links. Using the web app, participants will co-create interactive digital artefacts for cultural activities (e.g. sewing, dancing, singing, children&#8217;s games, henna tattoos, puppet shows, etc), engage with the artefacts created by others, participate in an online intercultural community, and carry out activities of other cultures. Close collaboration among community members, nonprofit organisations, HE students, and HE staff will establish a model of inclusive HE systems with a local learning ecologies approach.<\/p>\n\n\n\n<ul style=\"font-size:14px\" class=\"wp-block-list\">\n<li><a href=\"https:\/\/enacteuropa.com\/\"><strong>Project website<\/strong><\/a><\/li>\n\n\n\n<li>UAB team <a href=\"https:\/\/view.genial.ly\/5ddd8cb28dd9560f52b2cd26\/horizontal-infographic-timeline-enact-project-uab-timeline\" target=\"_blank\" rel=\"noreferrer noopener\"><strong>webpage<\/strong><\/a> (timeline of ongoing events)<\/li>\n<\/ul>\n\n\n\n<p style=\"font-size:14px\"><strong>Project details<\/strong> (GREIP as partner member of the research team)<\/p>\n\n\n\n<ul style=\"font-size:14px\" class=\"wp-block-list\">\n<li>Dates: 01\/10\/2019 &#8211; 30\/09\/2021 (extended to 31\/08\/2022<\/li>\n\n\n\n<li>Funding entity:&nbsp;European Commission. Erasmus + KA2 &#8211; Cooperation for innovation and sharing good practices<\/li>\n\n\n\n<li>Code: 2019-1-UK01-KA203-061567<\/li>\n\n\n\n<li>Budget: \u00a3272,926.00 (total project); UAB: \u20ac38,005\u20ac<\/li>\n\n\n\n<li>PI: Dr. Muge Satar, Newcastle University<\/li>\n\n\n\n<li>GREIP members: <strong>Dr Melinda Ann Dooly Owenby (PI UAB)<\/strong>, Dr. Emilee Moore, Dr. Dolors Masats, Claudia Vallejo\n<ul class=\"wp-block-list\">\n<li>Research technician: Johanna Buitrago<\/li>\n<\/ul>\n<\/li>\n\n\n\n<li>Participating institutions: Newcastle University (UK), Bo\u011fazi\u00e7i&nbsp;University (Turkey),&nbsp;Cultura Foundation (Finland), Universitat Aut\u00f2noma de Barcelona (Spain), University of Helsinki (Finland) Action Foundation and North East Solidarity Teaching (UK)&nbsp;<\/li>\n<\/ul>\n\n\n\n<p style=\"font-size:14px\"><strong>Publications related to the project<\/strong><\/p>\n\n\n\n<ul style=\"font-size:14px\" class=\"wp-block-list\">\n<li>Dodds, C. B., Satar, M., Kharrufa, A., Seedhouse, P., Sidorova, A., Spazheva, I., <strong>Buitrago Pe\u00f1a, J.<\/strong>, <strong>Dooly, M.,<\/strong> \u00d6ztekin, E., Akcan, S., Kotilainen, L., &amp; Kurhila, S. (2020). <em>Identifying requirements for supporting users in creating digital interactive cultural activities for task-based language learning<\/em>. <a rel=\"noreferrer noopener\" href=\"https:\/\/doi.org\/10.13140\/RG.2.2.15729.51042\" target=\"_blank\">https:\/\/doi.org\/10.13140\/RG.2.2.15729.51042<\/a><\/li>\n\n\n\n<li>Satar, M., Seedhouse, P., Kharrufa, A., Dodds, C. B., Ganassin, S., Whelan, A., Sidorova, A., Spazheva, I., <strong>Dooly, M., Buitrago Pe\u00f1a, J.,<\/strong> Akcan, S., Er\u00e7etin, G., Haznedar, B., \u00d6ztekin, E., Kotilainen, L., &amp; Kurhila, S. (2022). <em>Developing certification, recognition, and evaluation systems for the ENACT project<\/em>. <a href=\"https:\/\/doi.org\/10.13140\/RG.2.2.16829.33761\">https:\/\/doi.org\/10.13140\/RG.2.2.16829.33761<\/a><\/li>\n\n\n\n<li>Buitrago Pe\u00f1a, Johanna &amp; Dooly, Melinda (tbp). &#8216;I&#8217;m just one person&#8217;: Individual and collective perspectives on teaching and learning languaculture through the ENACT app (provisional title). Enact edited book.<\/li>\n<\/ul>\n<\/div><\/details>\n\n\n\n<details class=\"wp-block-mamaduka-toggles wp-block-toggles\"><summary>Making Literacy Meaningful (MultiLit Moocs)<\/summary><div class=\"wp-block-toggles__content\">\n<p style=\"font-size:14px\"><strong>Summary<\/strong><\/p>\n\n\n\n<p style=\"font-size:14px\">Within the European Union, teaching staff have been confronted with great challenges in heterogenous classrooms. One of these&nbsp;challenges relates to identifying suitable programmes for the teaching of language and literacy.&nbsp;Children may have a number of reasons for facing difficulties in this area, e.g. learning disabilities, a right to an individual special&nbsp;educational needs programme, social disadvantage, or a multilingual background. This challenge has increased over the past year,&nbsp;due to the increase in refugee numbers in Europe this past year, leading to rising numbers of pupils who struggle to follow lessons&nbsp;due to language issues. Many teachers have pointed out the lack of suitable professional development opportunities in&nbsp;this area, and in the area of differentiated facilitation of literacy. They are faced with growing challenges, often without the required&nbsp;knowledge or skills. The <strong><a href=\"http:\/\/euliteracy.eu\/\" target=\"_blank\" rel=\"noreferrer noopener\">MultiLit Moocs<\/a><\/strong> project therefore aims to develop practically-oriented knowledge in the area of language and literacy&nbsp;development, and to make these available via an online-learning platform and two MOOCs (Massive Open Online Courses) to all&nbsp;those interested (teaching staff, volunteers, student-teachers, parents).<\/p>\n\n\n\n<p style=\"font-size:14px\">Resources have been made available in English, German, Spanish and Catalan, allowing teachers to address everyday questions in the area of&nbsp;language and literacy development for children with difficulties in these areas. The focus is on well-researched, yet practically oriented&nbsp;&nbsp;ideas, allowing staff to draw parallels to their own practice and helping staff to gain ideas for their own teaching, as well as&nbsp;for longer-term planning of provision. The long-term usability of the project lies in the development of expert knowledge in the area of language and literacy facilitation,&nbsp;relevant both within the EU and internationally.&nbsp;<\/p>\n\n\n\n<p style=\"font-size:14px\"><strong>Project details<\/strong> (GREIP as partner member of the research team)<\/p>\n\n\n\n<ul style=\"font-size:14px\" class=\"wp-block-list\">\n<li>Dates: 01\/09\/2016 &#8211; 01\/09\/2019<\/li>\n\n\n\n<li>Funding entity:&nbsp;European Commission. Erasmus + KA2 &#8211; Cooperation for innovation and sharing good practices<\/li>\n\n\n\n<li>Code: 519076-LLP-1-2011-1-UK-KAZ-KAZMP<\/li>\n\n\n\n<li>Budget: 352,275\u20ac (total project); UAB: 46,939\u20ac<\/li>\n\n\n\n<li>PI: Hanna  Sauerborn (P\u00e4dagogische Hochshcule Freiburg)<\/li>\n\n\n\n<li>GREIP members: <strong>Dr Melinda Ann Dooly Owenby (PI UAB)<\/strong>, Dr Eul\u00e0lia Canals, Dr. Dolors Masats, Dr. Xavier Pascual, Claudia Vallejo<\/li>\n\n\n\n<li>Other institutions: Universitat Aut\u00f2noma de Barcelona (GREIP research centre), Adolf-Reichwein Schule (Freiburg), Universit\u00e9 du Luxembourg, University of Sheffield, National College of Ireland.&nbsp;<\/li>\n<\/ul>\n\n\n\n<p style=\"font-size:14px\"><strong>Publications related to the project<\/strong><\/p>\n\n\n\n<ul style=\"font-size:14px\" class=\"wp-block-list\">\n<li>Dooly, Melinda &amp; Vallejo, Claudia (2019). <strong><a rel=\"noreferrer noopener\" href=\"http:\/\/euliteracy.eu\/creating-inclusive-environment-language-support\/\" data-type=\"URL\" data-id=\"http:\/\/euliteracy.eu\/creating-inclusive-environment-language-support\/\" target=\"_blank\">Creating an inclusive supportive language environment<\/a><\/strong><\/li>\n\n\n\n<li>Dooly, Melinda &amp; Vallejo, Claudia (2019). <strong><a rel=\"noreferrer noopener\" href=\"http:\/\/euliteracy.eu\/first-language-acquisition-activities-promotion-language-learning-across-levels\/\" target=\"_blank\">First and other language acquisition<\/a><\/strong><\/li>\n\n\n\n<li>Dooly, Melinda &amp; Vallejo, Claudia (2019). <strong><a rel=\"noreferrer noopener\" href=\"http:\/\/euliteracy.eu\/teaching-pronunciation-across-languages\/\" target=\"_blank\">Teaching pronunciation across languages<\/a><\/strong><\/li>\n\n\n\n<li>Dooly, Melinda &amp; Vallejo, Claudia (2019). <strong><a rel=\"noreferrer noopener\" href=\"http:\/\/euliteracy.eu\/identifying-working-different-levels-linguistic-competence-newcomer\/\" target=\"_blank\">Identifying and working with the different levels of linguistic competence of the newcomer<\/a><\/strong><\/li>\n\n\n\n<li>Dooly, Melinda &amp; Vallejo, Claudia (2019). <strong><a rel=\"noreferrer noopener\" href=\"http:\/\/euliteracy.eu\/crear-un-ambient-inclusiu-per-al-suport-de-la-llengua\/\" target=\"_blank\">Crear un ambient inclusiu per &nbsp;donar suport a l\u2019aprenentatge de la llengua<\/a><\/strong><\/li>\n\n\n\n<li>Dooly, Melinda &amp; Vallejo, Claudia (2019). <a rel=\"noreferrer noopener\" href=\"http:\/\/euliteracy.eu\/identificar-treballar-amb-els-diferents-nivells-de-competencia-linguistica-del-nouvingut\/\" data-type=\"URL\" data-id=\"http:\/\/euliteracy.eu\/identificar-treballar-amb-els-diferents-nivells-de-competencia-linguistica-del-nouvingut\/\" target=\"_blank\"><strong>Identificar i treballar amb els diferents nivells de compet\u00e8ncia ling\u00fc\u00edstica del\u2019alumnat &#8216;nouvingut<\/strong>&#8216;<\/a><\/li>\n\n\n\n<li>Masats, Dolors (2017). <strong><a rel=\"noreferrer noopener\" href=\"http:\/\/euliteracy.eu\/key-concepts-describing-plurilingualism-brief-glossary\/\" data-type=\"URL\" data-id=\"http:\/\/euliteracy.eu\/key-concepts-describing-plurilingualism-brief-glossary\/\" target=\"_blank\">Key Concepts in Describing Plurilingualism: A Brief Glossary<\/a><\/strong><\/li>\n\n\n\n<li>Masats, Dolors (2017). <strong><a rel=\"noreferrer noopener\" href=\"http:\/\/euliteracy.eu\/conceptes-clau-per-descriure-el-plurilinguisme-un-breu-glossari\/\" target=\"_blank\">Conceptes claus per descriure el pluriling\u00fcisme: un breu glossari<\/a><\/strong><\/li>\n\n\n\n<li>Pascual Calvo, Xavier (2019). <strong><a href=\"http:\/\/euliteracy.eu\/els-primers-passos-vers-lescriptura-entrevista-maria-montes-valls\/\" target=\"_blank\" rel=\"noreferrer noopener\">Els primers passos vers l\u2019escriptura: Entrevista a Maria Montes Valls<\/a><\/strong><\/li>\n\n\n\n<li>Pascual Calvo, Xavier (2017). <strong><a rel=\"noreferrer noopener\" href=\"http:\/\/euliteracy.eu\/dealing-with-linguistic-diversity-in-the-classroom-a-challenge-for-teachers\/\" target=\"_blank\">Dealing with linguistic diversity in the classroom: a challenge for teachers<\/a><\/strong><\/li>\n\n\n\n<li>Pascual Calvo, Xavier (2017). <strong><a rel=\"noreferrer noopener\" href=\"http:\/\/euliteracy.eu\/lidiar-amb-la-diversitat-linguistica-dins-de-la-classe-tot-un-repte-per-als-professors\/\" data-type=\"URL\" data-id=\"http:\/\/euliteracy.eu\/lidiar-amb-la-diversitat-linguistica-dins-de-la-classe-tot-un-repte-per-als-professors\/\" target=\"_blank\">La gesti\u00f3 de la diversitat ling\u00fc\u00edstica a l\u2019aula: un repte per al professorat<\/a><\/strong><\/li>\n<\/ul>\n<\/div><\/details>\n\n\n\n<details class=\"wp-block-mamaduka-toggles wp-block-toggles\"><summary>LearnBase<\/summary><div class=\"wp-block-toggles__content\">\n<p style=\"font-size:14px\"><strong>Summary<\/strong><\/p>\n\n\n\n<p style=\"font-size:14px\">The aim of the project is to build a bridge between the latest research in second language learning and daily teaching practices concerning adult language learning (post-formal education; informal adult education; continued education). The project team will endeavour to transfer sound research results into daily teaching practices in order to attract more adults back to the language learning process that is often abruptly dropped. The project will combine the best from communicative classroom based teaching with an individual coaching process that meets individual participant\u2019s needs and wants. Individual courses will be designed that combine the following:<\/p>\n\n\n\n<ul style=\"font-size:14px\" class=\"wp-block-list\">\n<li>The good experiences German universities have had with coaching and self-learning courses.<\/li>\n\n\n\n<li>Individual supervision and guidance in second language learning, which has been tested in Denmark and Spain.<\/li>\n\n\n\n<li>An analysis of each student\u2019s individual learning style and learning biography.<\/li>\n\n\n\n<li>The inclusion of digital media in a database that delivers both didactic and authentic material. The database will enable the student to experience the selected language in a virtual environment, which will simulate immersion learning and allow each student to choose the subjects they consider relevant to them. The database will be developed as part of the project.<\/li>\n\n\n\n<li>A platform that allows tracking of students\u2019 individual progress which can feed into delivery of group activities.<\/li>\n<\/ul>\n\n\n\n<p style=\"font-size:14px\">These materials will then serve as a base for a teacher training programme consisting of different flexible courses with an initial online phase, a classroom based phase and a final online phase for reflection and quality assurance of the practical implementation. The complete learning programme will be developed for English, German and Spanish and will be regularly evaluated and optimised with regards to the content and effect, compared with the latest research. All tools and experiences from the project will be readily available on an open platform in order to provide individual access to language learning across Europe, accompanied by an innovative resource bank.<\/p>\n\n\n\n<p style=\"font-size:14px\"><strong>Project details<\/strong> (GREIP as partner member of the research team)<\/p>\n\n\n\n<ul style=\"font-size:14px\" class=\"wp-block-list\">\n<li>Dates: 01\/09\/2015 &#8211; 30\/11\/2017<\/li>\n\n\n\n<li>Funding entity:&nbsp;Directorate-General for Education and Culture (E+ Key Action 2- Cooperation for innovation and the exchange of good practices &#8211; 2015)<\/li>\n\n\n\n<li>Code: 2015-1-ES01-KA203-016127<\/li>\n\n\n\n<li>Budget: 247,075\u20ac\u20ac (total project); UAB: 3000\u20ac<\/li>\n\n\n\n<li>PI: Christoph Schepers Royal Danish Defense College (Copenhagen, Denmark)<\/li>\n\n\n\n<li>GREIP members: Dr. Melinda Dooly (external evaluator)<\/li>\n\n\n\n<li>Participating institutions: Central pentru Formarea Continua in Limba Germana (Medias, Rumania); D\u00e4nsk Folkeoplysnings Samrad (Copenhagen, Denmark); Folkuniversitetet (Stockholm, Sweden); ICC Languages (Offenbach am Main, Germany); Royal Danish Defense College (Copenhagen, Denmark); Studieforbundet Folkuniversitetet (Oslo, Norway); Universitat Aut\u00f2noma de Barcelona (Barcelona, Spain); Volkshochschule Wiesbaden e. V. (Wiesbaden, Germany)<\/li>\n<\/ul>\n<\/div><\/details>\n\n\n\n<details class=\"wp-block-mamaduka-toggles wp-block-toggles\"><summary>European Portfolio of Plurilingual Literacy Practices (KOINOS)<\/summary><div class=\"wp-block-toggles__content\">\n<p style=\"font-size:14px\"><strong>Summary<\/strong><\/p>\n\n\n\n<p style=\"font-size:14px\">Koinos aims to analyse in a holistic way curricular contents that pursue the improvement of multilingual and intercultural competencies in school population, paying especial attention to multiliteracy and involving all educational agents in the community (schools, libraries, families, socio-cultural spaces, etc.) with the purpose of spur on cohabitation and social cohesion in the immediate environment with a wide temporary and geographic projection (future development of pupils in Europe). Likewise, the project will pay especial attention to improve competencies in those children who have mother tongues different than the school language and will give visibility to those familiar languages as cultural conduits.&nbsp;<\/p>\n\n\n\n<p style=\"font-size:14px\"><strong>Project details<\/strong> (GREIP as partner member of the research team)<\/p>\n\n\n\n<ul style=\"font-size:14px\" class=\"wp-block-list\">\n<li>Dates: 01\/09\/2015 &#8211; 15\/09\/2017<\/li>\n\n\n\n<li>Funding entity:&nbsp;European Commission<\/li>\n\n\n\n<li>Code: 2015-1-ES01-KA203-016127<\/li>\n\n\n\n<li>Budget: 258,285,00\u20ac (total project); UAB: 42,427,00\u20ac<\/li>\n\n\n\n<li>PI: Bart Hempen (Hogeschool-Universiteit Leipzig, Belgium)<\/li>\n\n\n\n<li>GREIP members: J\u00falia Llompart, Dr Emilee Moore, Dr. Artur Noguerol, Claudia Vallejo<\/li>\n\n\n\n<li>Other members: Dr. Miquel Essomba i Gelabert, Dr. Lluis Quintana Trias, (Universitat Aut\u00f3noma de Barcelona),&nbsp;Mar\u00eda R. Callej\u00f3n Fornieles, Dr. Juli Palou Sangr\u00e0 (Universitat de Barcelona),&nbsp;Marleny Colmenares Gonzalez (Instituto Municipal de Educaci\u00f3n de Barcelona: IMEB)<\/li>\n\n\n\n<li>Participating institutions: Universidade de Aveiro, Portugal,&nbsp;Universit\u00e4t Hamburg, Germany,&nbsp;Universit\u00e4t Hamburg, Germany,&nbsp;Universit\u00e9 de Lyon, France,&nbsp; Universitat Aut\u00f2noma de Barcelona (Spain)<\/li>\n<\/ul>\n\n\n\n<p style=\"font-size:14px\"><strong>Related publications<\/strong><\/p>\n\n\n\n<ul style=\"font-size:14px\" class=\"wp-block-list\">\n<li>Llompart, J\u00falia &amp; Nussbaum, Luci&nbsp; (2018). Doing plurilingualism at school: key concepts and perspectives. In&nbsp;Silvia Melo-Pfeifer &amp; Christian Helmchen (Eds.), <em>Plurilingual Literacy Practices<\/em>. Bern: Peter Lang.<\/li>\n\n\n\n<li>Vallejo, Claudia &amp; Artur Noguerol. (2018). La multiculturalitat en els projectes de treball: les catifes viatgeres.&nbsp;In Silvia Melo-Pfeifer &amp; Christian Helmchen (Eds.), <em>Plurilingual Literacy Practices<\/em> (pp. 103-118). Bern: Peter Lang.<\/li>\n<\/ul>\n<\/div><\/details>\n\n\n\n<details class=\"wp-block-mamaduka-toggles wp-block-toggles\"><summary>The VOICE of European TeacherS (VOICES)<\/summary><div class=\"wp-block-toggles__content\">\n<p style=\"font-size:14px\"><strong>Summary<\/strong><\/p>\n\n\n\n<p style=\"font-size:14px\">The VOICE of European TeacherS (VOICES) <strong><a href=\"http:\/\/www.european-teachers.eu\/\" data-type=\"URL\" data-id=\"http:\/\/www.european-teachers.eu\/\" target=\"_blank\" rel=\"noreferrer noopener\">network<\/a><\/strong> offers students, teachers, primary and secondary schools, teacher trainers, researchers and others interested in education, opportunities for contact, exchanges, cooperative projects, and ongoing learning and sharing. Collaboration and reflection are essential learning practices within the VOICES network; therefore, a conference is held in a European city once a year; a digital newsletter is published twice a year; in-service professional development courses are offered periodically; and teachers regularly start their own projects in schools.<\/p>\n\n\n\n<p style=\"font-size:14px\">Ten universities of applied sciences from throughout Europe work together with VOICES network members to improve the quality of education in national and research groups. All national and research groups build on the European Teacher Model that was previously developed to strengthen the European Competences. Competences that are now needed to strengthen both our society and the world we live in. VOICES members support each other to develop innovative learning environments that encourage initiative, creativity, and use of technology to further understand our complex world.<\/p>\n\n\n\n<p style=\"font-size:14px\"><strong>Project details<\/strong> (GREIP as partner member of the research team)<\/p>\n\n\n\n<ul style=\"font-size:14px\" class=\"wp-block-list\">\n<li>Dates: 30\/11\/2012 &#8211; 01\/12\/2015<\/li>\n\n\n\n<li>Funding entity:&nbsp;European Commission<\/li>\n\n\n\n<li>Code: 519076-LLP-1-2011-1-UK-KAZ-KAZMP<\/li>\n\n\n\n<li>Budget: 341,612\u20ac\u20ac (total project); UAB: 35,000\u20ac<\/li>\n\n\n\n<li>PI: Bart Hempen (Hogeschool-Universiteit Leipzig, Belgium)<\/li>\n\n\n\n<li>GREIP members: Dr Melinda Ann Dooly Owenby (PI UAB)<\/li>\n\n\n\n<li>Other UAB members: Dr. Jes\u00fas Granados, Dr. Maria Montserrat Rif\u00e0 Valls, Maria Villanueva<\/li>\n\n\n\n<li>Local school teachers: Javier Barba, Nuria Biosca, Anabel Borras, Ester Cardona, Monserrat Creus, Maria Jose de Haro, Eulalia Delgado, Esther Egea, Carolina Gonz\u00e1lez, Martha Fenoy, Manuela Moledo, Dori Ortiz, Arantxa S\u00e1nchez, Maria Del Mar Rodr\u00edguez S\u00e1nchez, Ines Rosado<\/li>\n\n\n\n<li>Other institutions: University College of Teacher Education Styria (Austria), Hogeschool-Universiteit Leipzig (Belgium), The University of Milano-Bicocca (Italy), Saxion University of Applied Sciences (Netherlands), University of Minho (Portugal), Schwyz University of Teacher Education (Switzerland), Universitat Aut\u00f2noma de Barcelona (Spain), Uluda\u011f University (Turkey), and University of Derby (UK)<\/li>\n<\/ul>\n\n\n\n<p style=\"font-size:14px\"><strong>Publications related to the project<\/strong><\/p>\n\n\n\n<ul style=\"font-size:14px\" class=\"wp-block-list\">\n<li><strong><a rel=\"noreferrer noopener\" href=\"http:\/\/www.european-teachers.eu\/images\/ebooks\/etsize_1_european_identity.pdf\" data-type=\"URL\" data-id=\"http:\/\/www.european-teachers.eu\/images\/ebooks\/etsize_1_european_identity.pdf\" target=\"_blank\">European Identity<\/a> <\/strong>(European Teacher Part 1): E-booklet<\/li>\n\n\n\n<li><strong><a rel=\"noreferrer noopener\" href=\"http:\/\/www.european-teachers.eu\/images\/ebooks\/etsize_2_european_citizenship.pdf\" target=\"_blank\">European Citizenship<\/a><\/strong> (European Teacher Part 2): E-booklet<\/li>\n\n\n\n<li><strong><a rel=\"noreferrer noopener\" href=\"http:\/\/www.european-teachers.eu\/images\/ebooks\/etsize_3_european_diversity.pdf\" target=\"_blank\">European Diversity<\/a><\/strong> (European Teacher Part 3): E-booklet<\/li>\n\n\n\n<li><strong><a rel=\"noreferrer noopener\" href=\"http:\/\/www.european-teachers.eu\/images\/ebooks\/etsize_4_european_professionalism.pdf\" target=\"_blank\">European Professionalism<\/a><\/strong> (European Teacher Part 4): E-booklet<\/li>\n\n\n\n<li><strong><a rel=\"noreferrer noopener\" href=\"http:\/\/www.european-teachers.eu\/images\/ebooks\/in_service_course_graz_2014\/voices_graz_final_a4.pdf\" target=\"_blank\">VoiceS<\/a><\/strong> &#8211; Integrated Competences For European Teachers. Giving Voice(S) To Professionalism And Citizenship In School Networking<\/li>\n\n\n\n<li>Barba Calatrava, Javier. <strong><a rel=\"noreferrer noopener\" href=\"https:\/\/raco.cat\/index.php\/Bellaterra\/article\/view\/319730\" data-type=\"URL\" data-id=\"https:\/\/raco.cat\/index.php\/Bellaterra\/article\/view\/319730\" target=\"_blank\">EXPRESSART: A project-based language learning experience<\/a><\/strong>. <em>Bellaterra Journal of Teaching &amp; Learning Language &amp; Literature<\/em>, 2016, Vol. 9, Num. 4, pp. 59-81, https:\/\/raco.cat\/index.php\/Bellaterra\/article\/view\/319730.<\/li>\n<\/ul>\n<\/div><\/details>\n\n\n\n<details class=\"wp-block-mamaduka-toggles wp-block-toggles\"><summary>Involving parents in plurilingual and intercultural education  (PARENTS)<\/summary><div class=\"wp-block-toggles__content\">\n<p style=\"font-size:14px\"><strong>Summary<\/strong><\/p>\n\n\n\n<p style=\"font-size:14px\">The project <strong><a href=\"https:\/\/parents.ecml.at\/\" data-type=\"URL\" data-id=\"https:\/\/parents.ecml.at\/\" target=\"_blank\" rel=\"noreferrer noopener\">Parents<\/a><\/strong> aims to disseminate knowledge relating to the cognitive and social benefits of plurilingual and intercultural education. It also aims to develop the inclusion of parents in the elaboration of plurilingual and intercultural activities at school. To achieve this second aim, teachers must be informed about and trained in the benefits of involving families in pluralistic approaches \u2013 pluringual and intercultural. The rationale for the programme has been developed in complementarity with the other Council of Europe units and addresses the following key issues raised during the thorough consultation process with the ECML partners and stakeholders. These issues and concerns are targeted by the ECML programme.<\/p>\n\n\n\n<p style=\"font-size:14px\"><strong>Target audience involved in project activities:<\/strong> teachers, teacher educators, parents and parents&#8217; associations, national and international associations of experts in education promoting plurilingual approaches and teaching.<\/p>\n\n\n\n<p style=\"font-size:14px\"><strong>Project details<\/strong><\/p>\n\n\n\n<ul style=\"font-size:14px\" class=\"wp-block-list\">\n<li>Dates: 01\/09\/2013-30\/09\/2014<\/li>\n\n\n\n<li>Funding entity: ECML<\/li>\n\n\n\n<li>PI: St\u00e9phanie Clerc, Universit\u00e9 Aix Marseilles, France<\/li>\n\n\n\n<li>GREIP members: <strong>Dr. Artur Noguerol (PI UAB),<\/strong> Dr. Xavier Pascual<\/li>\n\n\n\n<li>Participating institutions: Universit\u00e9 Aix Marseille (France), Istituto Tecnico Statale &#8220;Vincenzo Arangio Ruiz&#8221; (Italy), Universit\u00e9 de Gen\u00e8ve (Switzerland) &amp; <strong>Universitat Aut\u00f2noma de Barcelona <\/strong>(Spain).<\/li>\n<\/ul>\n\n\n\n<p style=\"font-size:14px\"><strong>Related publications<\/strong><\/p>\n\n\n\n<ul style=\"font-size:14px\" class=\"wp-block-list\">\n<li><strong><a rel=\"noreferrer noopener\" href=\"https:\/\/parents.ecml.at\/\" target=\"_blank\">Downloadable resources<\/a><\/strong><\/li>\n<\/ul>\n<\/div><\/details>\n\n\n\n<details class=\"wp-block-mamaduka-toggles wp-block-toggles\"><summary>Learning languages, cultures and cuisines in digital interactive kitchens (LANCOOK)<\/summary><div class=\"wp-block-toggles__content\">\n<p style=\"font-size:14px\"><strong>Summary<\/strong><\/p>\n\n\n\n<p style=\"font-size:14px\">This EU-funded project develops language learning materials for European languages and cuisines: English, German, Spanish, Catalan, Italian and Finnish. The <strong><a href=\"https:\/\/europeandigitalkitchen.com\/\" target=\"_blank\" rel=\"noreferrer noopener\">LANCOOK<\/a><\/strong> project aims to demonstrate both the utility and potential of the materials to promote genuinely situated language learning. It will also develop the first truly embedded sensing environment that can be used for complex real world tasks that comprise meaningful activities that people are highly motivated to engage in, such as cooking.<\/p>\n\n\n\n<p style=\"font-size:14px\">The materials are represented in terms of a \u2018portable digital kitchen\u2019, made up of tablet PC with touch screen and a set of utensils with embedded sensors and additional sensors for other kitchen equipment. This portable digital kitchen can function in any existing kitchen setup, ideally where there is access to kitchen equipment such as a counter, sink and an oven etc. The pedagogical materials are stored as a software programme in the unit and comprise of an integrated suite of materials for pre-task, during cooking task and post-task use. Each set of pedagogic materials will be produced in 6 different EU languages.&nbsp;&nbsp;<\/p>\n\n\n\n<p style=\"font-size:14px\"><strong>Project details<\/strong> (GREIP as partner member of the research team)<\/p>\n\n\n\n<ul style=\"font-size:14px\" class=\"wp-block-list\">\n<li>Dates: 30\/11\/2011 &#8211; 01\/12\/2014<\/li>\n\n\n\n<li>Funding entity:&nbsp;European Commission<\/li>\n\n\n\n<li>Code: 519076-LLP-1-2011-1-UK-KAZ-KAZMP<\/li>\n\n\n\n<li>Budget: 398,781\u20ac (total project); UAB: 45,000\u20ac<\/li>\n\n\n\n<li>PI: Dr Paul Seedhouse (University of Newcastle Upon Tyne)<\/li>\n\n\n\n<li>GREIP members: <strong>Dr Dolors Masats Viladoms (PI UAB), <\/strong>Dr Melinda Ann Dooly Owenby\n<ul class=\"wp-block-list\">\n<li>Research technician: Marta Juanhuix Piqueras<\/li>\n<\/ul>\n<\/li>\n\n\n\n<li>Participating institutions: Newcastle University (UK), Universit\u00e0 degli Studi di Modena e Reggio Emilia (Italy), Helsingin yliopisto (Finland), Universit\u00e4t Paderborn (Germany) and Universitat Aut\u00f2noma de Barcelona (Spain)<\/li>\n<\/ul>\n\n\n\n<p style=\"font-size:14px\"><strong>Publications related to the project<\/strong><\/p>\n\n\n\n<ul style=\"font-size:14px\" class=\"wp-block-list\">\n<li><strong>Masats, Dolors<\/strong>, Juanhuix, Marta, &amp; Albines, Javier (2017). The more I cook, the more I learn: Tracing Claire\u2019s learning itinerary through her participation in four cooking sessions. In Paul Seedhouse (Ed.), <em><a href=\"https:\/\/www.bloomsbury.com\/us\/task-based-language-learning-in-a-real-world-digital-environment-9781474264068\/\">Task-based language learning in a real-world digital environment: The European digital kitchen<\/a><\/em> (p. 181-205). London: Bloomsbury.<strong> <\/strong>ISBN: 9781474264068.<\/li>\n\n\n\n<li><strong>Masats, Dolors;<\/strong> Juanhuix, Marta, &amp; Albines, Javier (2015).<a href=\"http:\/\/dolorsmasats.cat\/wp-content\/uploads\/2020\/04\/2015-Masats_Juanhuix_Albines_ICERI.pdf\"> How does technology change our conception of task-based instruction? Learning to cook in a foreign language: A case study<\/a>. In Lu\u00eds G\u00f3mez Chova, Agust\u00edn L\u00f3pez Mart\u00ednez &amp; Ignacio Candel Torres (Eds.), <em>ICERI2015 Proceedings<\/em> (pp. 8321-8330). Valencia: IATED Academy.<\/li>\n<\/ul>\n<\/div><\/details>\n\n\n\n<details class=\"wp-block-mamaduka-toggles wp-block-toggles\"><summary>Integrating Telecollaborative Networks into Foreign Language Higher Education (INTENT)<\/summary><div class=\"wp-block-toggles__content\">\n<p style=\"font-size:14px\"><strong>Summary<\/strong><\/p>\n\n\n\n<p style=\"font-size:14px\">The INTENT project aims to raise greater awareness among students, educators and decision makers of telecollaboration as a tool for virtual mobility in FL education at the Higher Education (university) level and also on achieving more effective integration of telecollaboration in Higher Education Institutions.&nbsp;The INTENT project has the following objectives:<\/p>\n\n\n\n<ul style=\"font-size:14px\" class=\"wp-block-list\">\n<li>Establish a clear overview of the levels of use of telecollaboration, explore attitudes to the activity among key stake holders across European HEI\u2019s, and identify practical barriers to the take-up of telecollaboration.<\/li>\n\n\n\n<li>Develop a set of tools, telecollaborative models and partner networks to overcome barriers and facilitate telecollaboration practice.<\/li>\n\n\n\n<li>Develop a set of workable solutions to address the lack of academic recognition which telecollaboration receives at Higher Education level.<\/li>\n\n\n\n<li>Publish an online training manual with models of telecollaborative exchange which enable a closer integration of virtual and physical mobility.<\/li>\n\n\n\n<li>Publish documents and make presentations to inform the academic community.&nbsp;<\/li>\n\n\n\n<li>Engage decision makers at institutional, regional and national levels in a collaborative dialogue as to how telecollaboration can be effectively employed as a tool for the achievement of the Bologna process. Publish a document based on this process of consultation and dialogue.&nbsp;<\/li>\n<\/ul>\n\n\n\n<p style=\"font-size:14px\"><strong>Project details<\/strong> (GREIP as partner member of the research team)<\/p>\n\n\n\n<ul style=\"font-size:14px\" class=\"wp-block-list\">\n<li>Dates: 01\/10\/2011 &#8211; 01\/04\/2014<\/li>\n\n\n\n<li>Funding entity:&nbsp;European Commission<\/li>\n\n\n\n<li>Code: 517622-LLP-1-2011-1-ES-ERASMUS-ESMO<\/li>\n\n\n\n<li>Budget: 17,176\u20ac (UAB)<\/li>\n\n\n\n<li>PI: Dr. Robert O&#8217;Dowd (Universidad de Le\u00f3n)<\/li>\n\n\n\n<li>GREIP members: <strong>Dr Melinda Ann Dooly (PI UAB)<\/strong>, Dr Dolors Masats Viladoms, Claudia Vallejo Rubinstein\n<ul class=\"wp-block-list\">\n<li>Research technician: Victoria Antoniadou<\/li>\n<\/ul>\n<\/li>\n\n\n\n<li>Participating institutions: Universidad de Le\u00f3n, Spain; Universit\u00e9 Stendhal Grenoble, France; P\u00e4dagogische Hochschule Heidelberg, Germany; Wyzsza Szkola Lingwistyczna, Poland; Univesit\u00e0 degli Studi di Padova, Italy; Rijksuniversiteit Groningen, Netherlands; Universitat Aut\u00f3noma de Barcelona, Spain; The Open University, UK.<\/li>\n<\/ul>\n\n\n\n<p style=\"font-size:14px\"><strong>Publications related to the project<\/strong><\/p>\n\n\n\n<ul style=\"font-size:14px\" class=\"wp-block-list\">\n<li>Dooly, M. (2013). Speaking like a \u2018glocal\u2019: Using computer-mediated communication in language teacher education to promote network learning. In S. Ben Said &amp; L, Jun Zhang (Eds.) <a rel=\"noreferrer noopener\" href=\"https:\/\/www.routledge.com\/Language-Teachers-and-Teaching-Global-Perspectives-Local-Initiatives\/Said-Zhang\/p\/book\/9780415636278\" target=\"_blank\"><em>Language teachers and teaching: Global perspectives, local initiatives<\/em><\/a>&nbsp;(pp. 237-255). NY: Taylor &amp; Francis\/Routledge.<\/li>\n\n\n\n<li>Dooly, M. (2013). Focusing on the social: Research into the distributed knowledge of novice teachers in online exchange. In C. Meskill (Ed.)&nbsp;<a rel=\"noreferrer noopener\" href=\"https:\/\/www.bloomsbury.com\/uk\/online-teaching-and-learning-9781441159458\/\" target=\"_blank\"><em>Online teaching and learning: Sociocultural perspectives. Advances in digital language learning and teaching<\/em><\/a>, pp. 137-155. London\/New York: Bloomsbury Academic.<\/li>\n\n\n\n<li><strong>Dooly, M.,<\/strong> &amp; Sadler, R. (2013). Filling in the gaps: Linking theory and practice through telecollaboration in teacher education.&nbsp;<em>ReCALL<\/em>, 25(1), 4-29.<\/li>\n\n\n\n<li>Sadler, R., &amp; <strong>Dooly, M.<\/strong> (2013). Language learning in virtual environments:&nbsp; Research and practice. In M. Thomas, H. Reinders &amp; M. Warschauer (Eds.,)&nbsp;<a rel=\"noreferrer noopener\" href=\"https:\/\/www.bloomsbury.com\/uk\/contemporary-computer-assisted-language-learning-9781441193629\/\" target=\"_blank\"><em>Contemporary Computer-Assisted Language Learning<\/em><\/a>, pp. 159-182. Continuum: London &amp; New York.<\/li>\n\n\n\n<li><strong>Dooly, M., <\/strong>&amp; Hauck, M. (2012). Researching multimodal communicative competence in video and audio telecollaborative encounters. In M. Dooly &amp; R. O\u2019Dowd (Eds.) <a rel=\"noreferrer noopener\" href=\"https:\/\/www.peterlang.com\/view\/title\/35822\" target=\"_blank\"><em>Researching online foreign language interaction and exchange: Theories, methods and challenges<\/em><\/a>, pp. 135-161. Bern: Peter Lang.<\/li>\n\n\n\n<li>Dooly, M. &amp; O\u2019Dowd, R. (2012). Researching online interaction and exchange in foreign language education: Introduction to the volumen. In M. Dooly &amp; R. O\u2019Dowd (Eds.)&nbsp;<a rel=\"noreferrer noopener\" href=\"https:\/\/www.peterlang.com\/view\/title\/35822\" target=\"_blank\"><em>Researching online foreign language interaction and exchange: Theories, methods and challenges<\/em><\/a>, pp. 11-41. Bern\/Wien: Peter Lang.<\/li>\n\n\n\n<li>Antoniadou, V. (2011). <a rel=\"noreferrer noopener\" href=\"https:\/\/revistes.uab.cat\/jtl3\/article\/view\/v4-n3-antoniadou\" data-type=\"URL\" data-id=\"https:\/\/revistes.uab.cat\/jtl3\/article\/view\/v4-n3-antoniadou\" target=\"_blank\">Virtual collaboration, \u2018perezhivanie\u2019 and teacher learning: A socio-cultural-historical perspective<\/a>, Bellaterra Journal of Teaching &amp; Learning Language &amp; Literature, 4(3): 53-70.<\/li>\n\n\n\n<li>Antoniadou, V. (2011). Using Activity Theory to understand the contradictions in an online transatlantic collaboration between student-teachers of English as a Foreign Language. ReCALL, 23(3): 233-251.<\/li>\n\n\n\n<li>Dooly, M. (2011). Crossing the intercultural borders into 3rd space culture(s): implications for teacher education in the twenty-first century.&nbsp;<em>Language and Intercultural Communication<\/em>, 11 (4): 319-337.<\/li>\n\n\n\n<li>Dooly, M. (2011) Divergent perceptions of telecollaborative language learning tasks: Tasks-as-workplan vs. task-as-process.&nbsp;<em>Language Learning &amp; Technology<\/em>, 15(2): 69\u201391.<\/li>\n<\/ul>\n<\/div><\/details>\n\n\n\n<details class=\"wp-block-mamaduka-toggles wp-block-toggles\"><summary>Diccionario Enciclopedia de Educaci\u00f3n de la Democracia (CiCe-DEED)<\/summary><div class=\"wp-block-toggles__content\">\n<p style=\"font-size:14px\"><strong>Resumen<\/strong><\/p>\n\n\n\n<p style=\"font-size:14px\">CiCe DEED consists of creating a collection of \u2018e-encyclopedias\u2019 in different european languages, that allow readers to explore how different languages in Europe conceptualise ideas about citizenship and identity, particularly as they are used in educational settings. The words and ideas explored in these encyclopedias do not always translate directly, and each language uses the vocabulary of these ideas in different ways. Because the idea of citizenship and identity are crucial for the European project, it is important that we can all understand how people speaking different European languages think about these ideas. This project tries to help achieving this goal.<\/p>\n\n\n\n<p style=\"font-size:14px\"><strong>Project details<\/strong> (GREIP as partner member of the research team)<\/p>\n\n\n\n<ul style=\"font-size:14px\" class=\"wp-block-list\">\n<li>Dates: 01\/01\/2012 &#8211; 31\/12\/2013<\/li>\n\n\n\n<li>Funding entity:&nbsp;Lifelong Learning Programme of the European Commission<\/li>\n\n\n\n<li>PI: Dr. Alistair Ross (London Metropolitan University \/ IPSE)<\/li>\n<\/ul>\n\n\n\n<ul style=\"font-size:14px\" class=\"wp-block-list\">\n<li>GREIP members: <strong>Dr. Melinda Dooly (PI UAB),<\/strong> Claudia Vallejo<\/li>\n<\/ul>\n\n\n\n<p style=\"font-size:14px\"><strong>Related publications<\/strong><\/p>\n\n\n\n<ul style=\"font-size:14px\" class=\"wp-block-list\">\n<li>Ross Alistair; Berg, Wolfgang; <strong>Dooly, Melinda<\/strong>; Ernst-Vintila, Andreea &amp; \u00c9tienne, Richard. (Eds). (2012). <em><a rel=\"noreferrer noopener\" href=\"https:\/\/www.researchgate.net\/publication\/294885996_Ross_A_Berg_W_Dooly_M_Ernst-Vintila_A_and_Etienne_R_eds_2012_CiCe_Democratic_Educators_Encyclopaedic_Dictionary_At_wwwcicedeedeu\" target=\"_blank\">CiCe Democratic Educators Encyclopaedic Dictionary<\/a><\/em><\/li>\n<\/ul>\n<\/div><\/details>\n\n\n\n<details class=\"wp-block-mamaduka-toggles wp-block-toggles\"><summary>Pluralistic Approaches to Languages and Cultures (CARAP\/FREPA)<\/summary><div class=\"wp-block-toggles__content\">\n<p style=\"font-size:14px\"><strong>Summary<\/strong><\/p>\n\n\n\n<p style=\"font-size:14px\">The term pluralistic approaches to languages and cultures refers to didactic approaches which use teaching \/ learning activities involving several (i.e. more than one) varieties of languages or cultures.<br>Four pluralistic approaches can be identified:<\/p>\n\n\n\n<ul style=\"font-size:14px\" class=\"wp-block-list\">\n<li>the intercultural approach;&nbsp;<\/li>\n\n\n\n<li>the awakening to languages;&nbsp;<\/li>\n\n\n\n<li>the inter-comprehension of related languages;&nbsp;<\/li>\n\n\n\n<li>the integrated didactic approaches to different languages studied.<\/li>\n<\/ul>\n\n\n\n<p style=\"font-size:14px\">These approaches reject the \u201ccompartmentalised\u201d view of an individual\u2019s linguistic and cultural competence(s), a decision which is a logical consequence of the way in which plurilingual and pluricultural competence is represented by the Common European Framework of Reference for Languages: this competence is not a collection of distinct and separate competences but a plurilingual and pluricultural competence encompassing the full range of the languages available to him\/her.<\/p>\n\n\n\n<p style=\"font-size:14px\"><strong>Project details<\/strong> (GREIP as partner member of the research team)<\/p>\n\n\n\n<ul style=\"font-size:14px\" class=\"wp-block-list\">\n<li>Dates: 01\/01\/2008 &#8211; 31\/12\/2011<\/li>\n\n\n\n<li>Funding entity:&nbsp;Council of Europe (ECML\/CELV)Programme 2008-2011<\/li>\n\n\n\n<li>PI: Michel Candelier, Pr\u00e9sident de l&#8217;Association internationale EDiLiC (\u00c9ducation et Diversit\u00e9 Linguistique et Culturelle)<\/li>\n\n\n\n<li>GREIP members: Dr. Xavier Pascual<\/li>\n<\/ul>\n\n\n\n<p style=\"font-size:14px\"><strong>Publications related to the project<\/strong><\/p>\n\n\n\n<ul style=\"font-size:14px\" class=\"wp-block-list\">\n<li><a rel=\"noreferrer noopener\" href=\"https:\/\/carap.ecml.at\/\" target=\"_blank\">A framework of reference for pluralistic approaches to languages and cultures<\/a><\/li>\n<\/ul>\n<\/div><\/details>\n\n\n\n<details class=\"wp-block-mamaduka-toggles wp-block-toggles\"><summary>Minority Languages, Collateral Languages and Bi\/Plurilingual Education<\/summary><div class=\"wp-block-toggles__content\">\n<p style=\"font-size:14px\"><strong>Summary<\/strong><\/p>\n\n\n\n<p style=\"font-size:14px\">Based on European objectives to favour linguistic diversity and plurilingual and pluricultural education, the project aims at developing experimentations, activities and didactic tools at primary school level which, in an integrated didactic framework, would associate dominant languages, minority or regional languages in various European regions where language contact is a reality: Catalonia, Scotland, some regions of France (Corsica, Catalonia, Occitania), the Val d&#8217;Aoste. The languages we are dealing with will be used as stepping stones to work on two continuums (through interlinguistic activities or intercomprehension related activities): linguistic, geographic and cultural proximities (collateral or near languages, neighbouring languages, heritage languages) as well as a variational continuum (varieties of the dominant language, interlects). The aim will be to develop some form of conscious awareness and to promote an undertanding of language variation at an early age, as well as to enable children to develop meta and interlinguistic competences in order to help them to develop their own linguistic repertoires and plurilingual competences. The diversity of contexts, of school and sociolinguistics statuses of the minority languages involved in the project, the diversity of issues in terms of integration and the diversity of configurations this implies in terms of curricular organisation are to be considered as an asset in order to consider the elaboration of basic principles towards a plurilingual education as well as an integrated didactic organisation which would take all languages present on a given territory (language ecosystem) into account.<\/p>\n\n\n\n<p style=\"font-size:14px\"><strong>Project details<\/strong> (GREIP as partner member of the research team)<\/p>\n\n\n\n<ul style=\"font-size:14px\" class=\"wp-block-list\">\n<li>Dates: 01\/01\/2008 &#8211; 31\/12\/2011<\/li>\n\n\n\n<li>Funding entity:&nbsp;Council of Europe (ECML\/CELV)Programme 2008-2011<\/li>\n\n\n\n<li>PI: Claude Cortier, INRP (National Institute for Pedgogical Research, France)<\/li>\n\n\n\n<li>GREIP members: Dr. Virginia Unamuno Kaschapava<\/li>\n\n\n\n<li>Other UAB members: Angels Camp\u00e0<\/li>\n<\/ul>\n\n\n\n<p style=\"font-size:14px\"><strong>Publications related to the project<\/strong><\/p>\n\n\n\n<ul style=\"font-size:14px\" class=\"wp-block-list\">\n<li><a rel=\"noreferrer noopener\" href=\"https:\/\/www.ecml.at\/ECML-Programme\/Programme2008-2011\/RegionalMinorityLanguagesinbi-plurilingualeducation\/tabid\/4385\/language\/en-GB\/Default.aspx\" target=\"_blank\">Regional\/Minority Languages in bi-\/plurilingual education<\/a><\/li>\n<\/ul>\n<\/div><\/details>\n\n\n\n<details class=\"wp-block-mamaduka-toggles wp-block-toggles\"><summary>Digital Video Streaming and Multilingualism (DIVIS)<\/summary><div class=\"wp-block-toggles__content\">\n<p style=\"font-size:14px\"><strong>Summary<\/strong><\/p>\n\n\n\n<p style=\"font-size:14px\">European project designed to enhance the use of video as a tool to teach (minority and\/or foreign) languages. Its main aim is to foster the adoption of the project-based approach as a methodology to get students to learn a language while they produce their own video projects. Initial research will be undertaken to establish how teachers feel about the use of video production and what skills and experience they have in this area. From the results of the research, the project team will create a video gallery and will develop an online manual and online training courses targeted at in-service teachers and teacher trainers. The manual and the video gallery collects didactic proposals for teaching children aged 10-18  in the following languages: Catalan, Dutch, English, German, Icelandic, Italian, Maltese, Spanish and Romanian.<\/p>\n\n\n\n<p style=\"font-size:14px\"><strong>Project details<\/strong> (GREIP as partner member of the research team)<\/p>\n\n\n\n<ul style=\"font-size:14px\" class=\"wp-block-list\">\n<li>Dates: 01\/10\/2008 &#8211; 30\/09\/2010<\/li>\n\n\n\n<li>Funding entity:&nbsp;European&nbsp;Commission, COMENIUS<\/li>\n\n\n\n<li>Code: 141759-LLP-1-2008-1-DE-COMENIUS-CMP<\/li>\n\n\n\n<li>Budget: &nbsp;390,420 \u20ac&nbsp; (total project); UAB: 41,740 \u20ac \u20ac<\/li>\n\n\n\n<li>PI: Armin Hottmann (Kulturring in Berlin E.V.)&nbsp;<\/li>\n\n\n\n<li>GREIP members: <strong>Dr. Dolors Masats (PI UAB)<\/strong>, Dr. Melinda Dooly Owenby, Dr. Virginia Unamuno Kaschapava\n<ul class=\"wp-block-list\">\n<li>Research technician: \u00d2scar Bermell Massana<\/li>\n<\/ul>\n<\/li>\n\n\n\n<li>Participating institutions: Kulturring in Berlin E.V. (DE), Talenacadamie (NL), Universitat Aut\u00f2noma de Barcelona (SP), Centre d\u2019Educaci\u00f3 Infantil i Prim\u00e0ria Catalunya (SP), University of Pitesti (RO), PNM Language Services Limited (UK), Iceland University of Education (IS)<\/li>\n<\/ul>\n\n\n\n<p style=\"font-size:14px\"><strong>Publications related to the project<\/strong><\/p>\n\n\n\n<p style=\"font-size:14px\">Dooly, M. &amp;&nbsp;Masats, D. (2011). Closing the loop between theory and praxis: New models in EFL teaching. Oxford ELT Journal. Available <a rel=\"noreferrer noopener\" href=\"https:\/\/eltj.oxfordjournals.org\/content\/early\/2010\/04\/21\/elt.ccq017\" target=\"_blank\">here<\/a>.<\/p>\n\n\n\n<p style=\"font-size:14px\"><strong>Masats, D., Dooly, M.<\/strong> &amp; Costa, X. (2009). Exploring the potential of language learning through video making. In L. G\u00f3mez Chova, D. Mart\u00ed Belenguer &amp; I. Candel Torres (eds.) Proceedings of EDULEARN09 Conference (pp. 341-352). Valencia: IATED. ISBN: 978-84-612-9802-0. <a rel=\"noreferrer noopener\" href=\"https:\/\/divisproject.eu\/attachments\/083_EDULEARN_09_DIVIS.pdf\" target=\"_blank\">Original article in english<\/a>. <a rel=\"noreferrer noopener\" href=\"https:\/\/divisproject.eu\/attachments\/132_MASATS_EXPLORING_---_THOUGH_VIDEO%20MAKING_DE.pdf\" target=\"_blank\">German translation of full article<\/a>.<\/p>\n\n\n\n<p style=\"font-size:14px\">Blog of the catalan team (year one):&nbsp;<a rel=\"noreferrer noopener\" href=\"https:\/\/blocs.xtec.cat\/divis\" target=\"_blank\">https:\/\/blocs.xtec.cat\/divis<\/a><\/p>\n\n\n\n<p style=\"font-size:14px\">Blog of the catalan team (year two):<a rel=\"noreferrer noopener\" href=\"https:\/\/blocs.xtec.cat\/videocatalunya\/\" target=\"_blank\">https:\/\/blocs.xtec.cat\/videocatalunya\/<\/a><\/p>\n\n\n\n<p style=\"font-size:14px\">Blog of the catalan team (year three):&nbsp;<a rel=\"noreferrer noopener\" href=\"https:\/\/blocs.xtec.cat\/videocatalunya2010\/\" target=\"_blank\">https:\/\/blocs.xtec.cat\/videocatalunya2010\/<\/a><\/p>\n<\/div><\/details>\n\n\n\n<details class=\"wp-block-mamaduka-toggles wp-block-toggles\"><summary>Joint Curriculum in Teacher Education (JoMiTE)<\/summary><div class=\"wp-block-toggles__content\">\n<p style=\"font-size:14px\"><strong>Summary<\/strong><\/p>\n\n\n\n<p style=\"font-size:14px\">This project aims at establishing a Joint Master in Teacher Education (JoMiTE) for secondary education in September 2010. Therefore it is necessary to develop a common curriculum, where students can follow comparable courses at different universities. The project focuses on the theoretical teacher education courses: General pedagogical courses, Course on Didactics (Foreign language, Mathematics &amp; Science), Research methods and Interculturality.<\/p>\n\n\n\n<p style=\"font-size:14px\"><strong>Project details<\/strong> (GREIP as partner member of the research team)<\/p>\n\n\n\n<ul style=\"font-size:14px\" class=\"wp-block-list\">\n<li>Dates: 01\/10\/2007 &#8211; 30\/09\/2010<\/li>\n\n\n\n<li>Funding entity:&nbsp;European&nbsp;Commission, ERAMUS<\/li>\n\n\n\n<li>Code: 33928-LLP-1-2007-1-NL-ERASMUS-ECDSP<\/li>\n\n\n\n<li>Budget: &nbsp;300.000 \u20ac (total project); UAB: 36.629 \u20ac<\/li>\n\n\n\n<li>PI: Jan Folkert Deinum (Rijksuniversiteit Groningen, NL)<\/li>\n\n\n\n<li>GREIP members: <strong>Dr. Dolors Masats (PI UAB)<\/strong>, Dr. Melinda Dooly Owenby, Dr. Cristina Escobar Urmeneta<\/li>\n\n\n\n<li>Other members UAB: Dr. Jordi Deulofeu Piquet, Dr. Mequ\u00e8 Edo Bast\u00e9, Dr. Lourdes Figueiras Oca\u00f1a, Dr. Cristina Laborda Molla, Dr. Anna Marb\u00e0 Tallada, Dr. Conxita M\u00e1rquez Bargallo, Dr. M\u00e0rius Mart\u00ednez Mu\u00f1oz, Dr. Rafa Merino Pareja<\/li>\n\n\n\n<li>Participating institutions: University of Groningen, Groningen, The Netherlands; Eszterh\u00e1zy K\u00e1roly College, Eger, Hungary; Charles University, Prague, Czech Republic; Universitat Aut\u00f2noma de Barcelona, Barcelona, Spain; University of Tartu, Tartu, Estonia; University of Edinburgh, Edinburgh, United Kingdom; University of Helsinki, Helsinki, Finland; University of Joensuu, Joensuu, Finland; University of Regensburg, Regensburg, Germany<\/li>\n<\/ul>\n<\/div><\/details>\n\n\n\n<details class=\"wp-block-mamaduka-toggles wp-block-toggles\"><summary>Charting Educational Policies to Address Social Inequalities in Europe (EPASI)<\/summary><div class=\"wp-block-toggles__content\">\n<p style=\"font-size:14px\"><strong>Summary<\/strong><\/p>\n\n\n\n<p style=\"font-size:14px\">There is relatively little comparative material &#8211; or indeed, material at the individual country level &#8211; that analyses educational policies related to educational disadvantage. In most countries policies have been focussed on identifying potentially disadvantaged groups, and in trying to ensure the provision of equality of opportunity and access. There has been little attempt to analyse the success or otherwise of these policies. The fact that various groups continue to suffer educational disadvantage, despite policy Initiatives to counter this, suggests that whatever the intentions, the educational systems of the countries of Europe are institutionally discriminating against the disadvantaged. The overall aim of this project is to survey and analyse educational policies designed to counter disadvantage and inequality in Europe. Specifically the project aims are:<\/p>\n\n\n\n<ul style=\"font-size:14px\" class=\"wp-block-list\">\n<li>analyse policies in a group of European states<\/li>\n\n\n\n<li>survey and report on policies across Europe that address disadvantage in particular groups of the population, including those economically disadvantaged, minority ethnic groups, those disadvantaged by gender, those with disabilities, indigenous minorities, religious minorities and linguistic minorities<\/li>\n\n\n\n<li>provide an overview of current policy and practice in Europe&nbsp;<\/li>\n\n\n\n<li>produce recommendations on future networking and longitudinal surveys.&nbsp;<\/li>\n<\/ul>\n\n\n\n<p style=\"font-size:14px\">The project produced:<\/p>\n\n\n\n<ul style=\"font-size:14px\" class=\"wp-block-list\">\n<li>14 National Reports<\/li>\n\n\n\n<li>a series of case studies of good practice<\/li>\n\n\n\n<li>7 thematic reports, surveying cross-European policies on particular forms of disadvantage<\/li>\n\n\n\n<li>European synoptic survey<\/li>\n<\/ul>\n\n\n\n<p style=\"font-size:14px\"><strong>Project details<\/strong> (GREIP as research team leader)<\/p>\n\n\n\n<ul style=\"font-size:14px\" class=\"wp-block-list\">\n<li>Dates: 01\/01\/2007 &#8211; 31\/01\/2009 <\/li>\n\n\n\n<li>Funding entity:&nbsp;European&nbsp;Commission, SOCRATES Observation and Analysis Project<\/li>\n\n\n\n<li>Code: 2006-2816\/001-001-SO2-61-OBGE<\/li>\n\n\n\n<li>Budget: &nbsp;36.000\u20ac<\/li>\n\n\n\n<li><strong>PI: Dr. Melinda Dooly<\/strong><\/li>\n\n\n\n<li>GREIP members: Dr. Virginia Unamuno, Claudia Vallejo<\/li>\n\n\n\n<li>Participating institutions: KATHO, London Metropolitan University (UK), Univerzita Hradec Kralove (CZ), Universite Montpellier III Paul Valery (FR), Panepistimo Patron (EL), <strong>Universitat Aut\u00f2noma de Barcelona<\/strong> (ES), Malmo Hogskola (SE)<\/li>\n<\/ul>\n\n\n\n<p style=\"font-size:14px\"><strong>Publications related to the project:<\/strong><\/p>\n\n\n\n<ul style=\"font-size:14px\" class=\"wp-block-list\">\n<li><strong>Dooly, M. &amp; Vallejo, C.<\/strong> (2009) &nbsp;Linguistic Minorities Thematic Report. EPASI in Europe (Charting Educational Policies to Address Social Inequalities in Europe). Available <a href=\"https:\/\/grupsderecerca.uab.cat\/greip\/sites\/grupsderecerca.uab.cat.greip\/files\/thematic_report_ling_min_2009.pdf\" target=\"_blank\" rel=\"noreferrer noopener\">here<\/a>.&nbsp;<\/li>\n\n\n\n<li><strong>Dooly, M. &amp; Vallejo, C.<\/strong> (2008) Country Report: Spain. EPASI in Europe (Charting Educational Policies to Address Social Inequalities in Europe).&nbsp;Available <a href=\"https:\/\/pagines.uab.cat\/melindadooly\/sites\/pagines.uab.cat.melindadooly\/files\/CountryReportSpain.pdf\" target=\"_blank\" rel=\"noreferrer noopener\">here<\/a>.<\/li>\n\n\n\n<li><strong>Vallejo, C.&nbsp;&amp;&nbsp;Dooly, M.&nbsp;<\/strong>(2009) Country Report: Malta. EPASI in Europe (Charting Educational Policies to Address Social Inequalities in Europe).&nbsp;Available <a href=\"https:\/\/pagines.uab.cat\/melindadooly\/sites\/pagines.uab.cat.melindadooly\/files\/CountryReportMalta.pdf\" target=\"_blank\" rel=\"noreferrer noopener\">here<\/a>.<\/li>\n\n\n\n<li>Ross et. al.&nbsp;(2009) Overall Report. EPASI in Europe (Charting Educational Policies to Address Social Inequalities in Europe).&nbsp;Available <a href=\"https:\/\/pagines.uab.cat\/melindadooly\/sites\/pagines.uab.cat.melindadooly\/files\/OverallReport.pdf\" target=\"_blank\" rel=\"noreferrer noopener\">here<\/a>.&nbsp;<\/li>\n<\/ul>\n<\/div><\/details>\n\n\n\n<details class=\"wp-block-mamaduka-toggles wp-block-toggles\"><summary>Shared Practice in Teacher Education (SPriTE)<\/summary><div class=\"wp-block-toggles__content\">\n<p style=\"font-size:14px\"><strong>Summary<\/strong><\/p>\n\n\n\n<p style=\"font-size:14px\">This is a joint project between european universities and secondary schools whose main aim is to design and pilot both the theoretical framework and the tools that are required in order to supervise the teaching practices that the future students in a Joint Master in Teacher Education (JoMiTE) would carry out both at home and at a host school abroad. In order to ensure that intercultural exchanges enrich the internationalisation of the school practices undertaken by student-teachers, the supervision model put forward in the project is being conducted in joint collaboration by university tutors, school mentors and students in both the home and the host institutions. In this project we want to develop four products: 1) a shared list of competences that potential secondary teachers should develop, 2) a pedagogical framework for the supervision of student-teachers who will do their school practice both in their home country and abroad, 3) a pedagogical framework for working with an electronic portfolio as a tool for supervision and assessment and 4) an online cultural background course, which will prepare student-teachers for their teaching practice abroad.<\/p>\n\n\n\n<p style=\"font-size:14px\"><strong>Project details<\/strong> (GREIP as partner of research team)<\/p>\n\n\n\n<ul style=\"font-size:14px\" class=\"wp-block-list\">\n<li>Dates: 01\/11\/2007 &#8211; 30\/09\/2009<\/li>\n\n\n\n<li>Funding entity:&nbsp;European Union, SOCRATES Minerva Project<\/li>\n\n\n\n<li>Code: 133785-LLP-1-2007-1-NL-COMENIUS-CMP<\/li>\n\n\n\n<li>Budget: 300.000 \u20ac \u20ac (total project); UAB: 26.390 \u20ac<\/li>\n\n\n\n<li>PI: Jan Folkert Deinum (Rijksuniversiteit Groningen, NL)<\/li>\n\n\n\n<li>GREIP members: <strong>Dr. Dolors Masats Viladoms (PI UAB)<\/strong>, Dr Melinda Ann Dooly Owenby, Dr Cristina Escobar Urmeneta, Dr Virginia Unamuno Kaschapava<\/li>\n\n\n\n<li>Other participants: Dr. Jordi Deulofeu Piquet, Dra. Mequ\u00e8 Edo Bast\u00e9, Dra. Lourdes Figueiras Oca\u00f1a, Dra. Cristina Laborda Molla, Dra. Anna Marb\u00e0 Tallada, Dra. Conxita M\u00e1rquez Bargallo, Dr. M\u00e0rius Mart\u00ednez Mu\u00f1oz, Dr. Rafa Merino Pareja (Universitat Aut\u00f2noma de Barcelona)<\/li>\n\n\n\n<li>Participating universities and other institutions: University of Groningen, Groningen, The Netherlands; Eszterh\u00e1zy K\u00e1roly College, Eger, Hungary; Charles University, Prague, Czech Republic; Universitat Aut\u00f2noma de Barcelona, Barcelona, Spain; University of Tartu, Tartu, Estonia; University of Edinburgh, Edinburgh, United Kingdom; University of Helsinki, Helsinki, Finland; University of Joensuu, Joensuu, Finland; University of Regensburg, Regensburg, Germany; Dr. Nassau Colloge, Assen, The Netherlands; EKF Training School, Eger, Hungary; Akademicke gymnasium \u0160tepanska; Institut d&#8217;Educaci\u00f3 Secund\u00e0ria Sabadell, Sabadell, Spain; Miina H\u00e4rma Gymnasium, Tartu, Estonia; Joensuu Normaalikoulu, Joensuu, Finland<\/li>\n<\/ul>\n<\/div><\/details>\n\n\n\n<details class=\"wp-block-mamaduka-toggles wp-block-toggles\"><summary>Online Video in Digital Environments for Teacher Education (OVIDE)<\/summary><div class=\"wp-block-toggles__content\">\n<p style=\"font-size:14px\"><strong>Summary<\/strong><\/p>\n\n\n\n<p style=\"font-size:14px\">The main purpose of this project is to help future Primary Foreign Language Teachers improve their English linguistic competences by helping them to develop an appropriate linguistic level in order to participate in the job market. This aim implies to adquire the neccesary jargon of the educational context (didactics, educational centers organisation, psicopedagogy, sciences and technologies) and to develop communicative skills related to oral comprehension (listening), oral expression (speaking and interacting), reading comprehension and writing.<\/p>\n\n\n\n<p style=\"font-size:14px\"><strong>Project details<\/strong> (GREIP as partner of research team)<\/p>\n\n\n\n<ul style=\"font-size:14px\" class=\"wp-block-list\">\n<li>Dates: 01\/10\/2005 &#8211; 30\/09\/2008<\/li>\n\n\n\n<li>Funding entity:&nbsp;European Union, SOCRATES Minerva Project<\/li>\n\n\n\n<li>Code: 118762-CP-1-2004-1-NL-Comenius-C2.1<\/li>\n\n\n\n<li>Budget: 314.950 \u20ac (total project); UAB: 26.868 \u20ac<\/li>\n\n\n\n<li>PI: Jan Folkert Deinum (Rijksuniversiteit Groningen, NL)<\/li>\n\n\n\n<li>GREIP members: <strong>Dr. Dolors Masats Viladoms (PI UAB)<\/strong>, Dr Melinda Ann Dooly Owenby, Dr Cristina Escobar Urmeneta, Dr Virginia Unamuno Kaschapava<\/li>\n\n\n\n<li>Other participants: Dr Neus Gonz\u00e1lez Monfort (Universitat Aut\u00f2noma de Barcelona)<\/li>\n\n\n\n<li>Participating universities: University of Edinburgh (Uk), Charles University (Praha, Cz), Middle East Technical University (Ankara, Tk), Universitat Aut\u00f2noma de Barcelona (Es), Catholic University of Leuven (Be), IUFM de Midi-Pyren\u00e9es (Tolouse, Fr), Open Universiteit Nederland (Nl), Turun Normaalikoulu (Turku, Fi), Joensuun Yliopisto (Fi)<\/li>\n<\/ul>\n\n\n\n<p style=\"font-size:14px\"><strong>Related<\/strong> <strong>Publications<\/strong><\/p>\n\n\n\n<ul style=\"font-size:14px\" class=\"wp-block-list\">\n<li>Masats, Dolors &amp; Dooly, Melinda. (2008).&nbsp;Applying mixed media to teacher training: The OVIDE experience. INTED 2008.<\/li>\n\n\n\n<li>Masats, Dolors &amp; Dooly, Melinda. (2008)&nbsp;La metodologia del cas aplicada a l\u2019\u00fas del v\u00eddeo: un exemple de blended-learning en la formaci\u00f3 inicial del professorat. IV Jornada de Campus d&#8217;Innovaci\u00f3 Docent, Universitat Aut\u00f2noma de Barcelona. CD-Rom.<\/li>\n<\/ul>\n<\/div><\/details>\n\n\n\n<details class=\"wp-block-mamaduka-toggles wp-block-toggles\"><summary>Moderating Intercultural Collaboration and Language Learning (MICaLL)<\/summary><div class=\"wp-block-toggles__content\">\n<p style=\"font-size:14px\"><strong>Summary<\/strong><\/p>\n\n\n\n<p style=\"font-size:14px\">The aims of the project are to promote the development of education for and dissemination of knowledge on teacher competencies involved in designing and managing language learning arrangements for distributed learners (network-based language teaching). To this end models, guidelines and project-materials are being developed to support teacher education organisations and affiliate schools to provide student teachers and in-service teachers with opportunities to develop competencies relevant for moderating collaborative language learning projects through second-generation technological tools (wiki, weblogs, webquests, audio and video P2P technology). These materials are meant to contribute to making the Teacher Education curriculum more competence based by offering opportunities for practical experiences in network-based (language) learning and the actual use of web platforms through workplace related experiences and reflections. At the same time this approach also offers opportunities for integration of technology training into educational training.<\/p>\n\n\n\n<p style=\"font-size:14px\"><strong>Project details<\/strong> (GREIP as leading partner of research team)<\/p>\n\n\n\n<p style=\"font-size:14px\"><strong>Publications resulting from the project<\/strong><\/p>\n\n\n\n<ul style=\"font-size:14px\" class=\"wp-block-list\">\n<li>Dates: 01\/09\/2004 &#8211; 01\/10\/2007<\/li>\n\n\n\n<li>Funding entity:&nbsp;European Union, Programa Socrates-Comenius<\/li>\n\n\n\n<li>Code: 118762-CP-1-2004-1-NL-Comenius-C2.1<\/li>\n\n\n\n<li>Budget: 397.287 \u20ac (total project); UAB: 297.965 \u20ac<\/li>\n\n\n\n<li><strong>PI: Dr. Melinda Dooly<\/strong><\/li>\n\n\n\n<li>GREIP members: Dr. Dolors Masats Viladoms<\/li>\n\n\n\n<li>Other participants: Beatriz Caballero de Rodas Gonz\u00e1lez, Dr. Lluis Quintana (Universitat Aut\u00f2noma de Barcelona); Dr. Randall Sadler (University of Illinois at Urbana Champaign, USA)<\/li>\n\n\n\n<li>Participating universities: <strong>Universitat Aut\u00f2noma de Barcelona<\/strong> (ES), Hogeschool van Utrecht (Nl), St. Gregorius College (Nl), P\u00e4dagogische Hochschule Heidelberg (DE), Grund- und Hauptschule mit Werkrealschule Neckargem\u00fcnd (DE), P\u00e4dagogische Akademie des Bundes in Wien (AT), Kooperative Mittelschule (AT), Pedagogick\u00e1 fakulta, Universita J. E. Purkyne (CZ), Gymnazium, Stavbaru 5 (CZ), Z\u00e1kladni \u0161kola \u00dasti nad Labem (CZ), CEIP Josep Obiols (ES), CEIP Emili Carles Tolr\u00e0 (ES), Universit\u00e9 Technologie et Sciences de l&#8217;Homme (FR)<\/li>\n<\/ul>\n\n\n\n<ul style=\"font-size:14px\" class=\"wp-block-list\">\n<li><strong>Dooly, M.<\/strong> &amp; Quintana, L. (2006) Incorporaci\u00f3 de noves tecnologies a l&#8217;escriptura de lleng\u00fces estrangeres: un estudi de cas en un projecte europeu. Articles de Did\u00e0ctica de la Llengua i de la Literatura (Publicaciones Gra\u00f2). Volum d&#8217;abril-juny.<\/li>\n\n\n\n<li><strong>Dooly, M.<\/strong> &amp; Sadler, R. (2005) Computers as Toolkits: Language E-learning through International Collaboration. Theory and Practice in English Studies, Vol. 3. Masaryk University Publications: Brno, pp. 189-196.<\/li>\n\n\n\n<li><strong>Dooly, M.<\/strong> (2005) The Internet and Language Teaching: A Sure Way to Interculturality? ESL Magazine 2005: 44, 8-12. ISSN: 1098-6553.<\/li>\n\n\n\n<li><strong>Dooly, M.<\/strong> (2005) Working with an educational portal: a first-timer&#8217;s experience. TESOL-Spain Newsletter, Vol. 29, January 2005, pp.18-19.<\/li>\n<\/ul>\n<\/div><\/details>\n\n\n\n<details class=\"wp-block-mamaduka-toggles wp-block-toggles\"><summary>Janua Linguarum Reserata: L&#8217;introduction de l&#8217;eveil aux langues dans le curriculum (JALING)<\/summary><div class=\"wp-block-toggles__content\">\n<p style=\"font-size:14px\"><strong>Summary<\/strong><\/p>\n\n\n\n<p style=\"font-size:14px\">This European research and development project aimed to disseminate the results of the EVLANG project. In this second phase of the study, the materials were integrated into the scholastic curriculum at primary, secondary and adult education.<\/p>\n\n\n\n<p style=\"font-size:14px\"><strong>Project details<\/strong> (GREIP as partner in research team)<\/p>\n\n\n\n<ul style=\"font-size:14px\" class=\"wp-block-list\">\n<li>Dates: 01\/12\/2000 &#8211; 01\/12\/2003<\/li>\n\n\n\n<li>Funding entity:&nbsp;Centre Europ\u00e9en pour les Langues Vivantes (CELV), Graz<\/li>\n\n\n\n<li>PI: Michel Candelier (Universite Rene Descartes , Paris V)<\/li>\n\n\n\n<li>GREIP members: <strong>Dr Artur Noguerol Rodrigo (PI UAB)<\/strong>, Dr Virginia Unamuno Kaschapava, Dolors Masats Viladoms<\/li>\n\n\n\n<li>Other participants (UAB): Enric Larreula Vidal, \u00c0ngels Prat Pla, N\u00faria Vil\u00e0 Miguel<\/li>\n\n\n\n<li>Participating universities: Institut Romand de Recherches et de Documentations P\u00e9dagogiques (CH), Universit\u00e9 de Gen\u00e8ve (CH), Universit\u00e9 de Neuch\u00e2tel (CH), Landesinstitut f\u00fcr Schule und Weiterbildung (DE), <strong>Universitat Aut\u00f3noma de Barcelona<\/strong> (ES), Universite Stendhal &#8211; Grenoble III (FR), Instituto Universitario Orientale di Napoli (IT), Universita Ca&#8217;foscari di Venezia (IT)<\/li>\n<\/ul>\n\n\n\n<p style=\"font-size:14px\"><strong>Related<\/strong> <strong>Publications<\/strong><\/p>\n\n\n\n<ul style=\"font-size:14px\" class=\"wp-block-list\">\n<li><strong>Masats, Dolors<\/strong> (2001) EVLANG: El despertar a les lleng\u00fces. Actes de les Jornades de Lleng\u00fces Estrangeres de les Comarques Gironines. Girona: Departament d&#8217;Ensenyament de la Generalitat de Catalunya. Delegaci\u00f3 Territorial de Girona<\/li>\n\n\n\n<li><strong>Masats, Dolors<\/strong> (2001) Language awareness: An international project, in D. Lasagabaster &amp; J.M. Sierra (eds.) Language Awareness in the Foreign Language Classroom. Euskal Herriko Unibertsitatea, pp. 79-97<\/li>\n\n\n\n<li><strong>Noguerol, Artur<\/strong> (2001) C\u00f3mo tratar la diversidad ling\u00fc\u00edstica y cultural, in M. Casas &amp; C. Tom\u00e1s (eds.) Educaci\u00f3n Primaria. Orientaciones y recursos (6-12 a\u00f1os). Barcelona: Ciss-Praxis, pp. 228-309<\/li>\n\n\n\n<li><strong>Noguerol, Artur<\/strong> (2001): Una experiencia de diversidad ling\u00fc\u00edstica y cultural, in M. Casas &amp; C. Tom\u00e1s (eds.) Educaci\u00f3n Primaria. Orientaciones y recursos (6-12 a\u00f1os). Barcelona: Ciss-Praxis, pp.400-424<\/li>\n<\/ul>\n<\/div><\/details>\n\n\n\n<details class=\"wp-block-mamaduka-toggles wp-block-toggles\"><summary>L&#8217;eveil aux langues dans l&#8217;ecole primaire (EVLANG)<\/summary><div class=\"wp-block-toggles__content\">\n<p style=\"font-size:14px\"><strong>Summary<\/strong><\/p>\n\n\n\n<p style=\"font-size:14px\">This was an European research and development project which created, piloted and assessed materials to be used by primary teachers and teacher trainers in order to work on the development of positive attitudes and representations of linguistic and cultural diversity in students. The material also intens to improve linguistic and metacognitive aptitudes which facilitate the access to language domains (mother tongue, second language and foreign languages).<\/p>\n\n\n\n<p style=\"font-size:14px\"><strong>Project details<\/strong> (GREIP as partner in research team)<\/p>\n\n\n\n<ul style=\"font-size:14px\" class=\"wp-block-list\">\n<li>Dates: 01\/12\/1997 &#8211; 01\/12\/2000<\/li>\n\n\n\n<li>Funding entity:&nbsp;European Union. Programa Socrates-Lingua<\/li>\n\n\n\n<li>Code:&nbsp; 42137-CP-1-97-FR-Lingua-LD<\/li>\n\n\n\n<li>Budget: 10.000 \u20ac<\/li>\n\n\n\n<li>PI: Michel Candelier (Universite Rene Descartes , Paris V)<\/li>\n\n\n\n<li>GREIP members: <strong>Dr Artur Noguerol Rodrigo (PI UAB)<\/strong>, Dr Virginia Unamuno Kaschapava, Dolors Masats Viladoms<\/li>\n\n\n\n<li>Other participants (UAB): Enric Larreula Vidal, \u00c0ngels Prat Pla, N\u00faria Vil\u00e0 Miguel<\/li>\n\n\n\n<li>Participating universities: Institut Romand de Recherches et de Documentations P\u00e9dagogiques (CH), Universit\u00e9 de Gen\u00e8ve (CH), Universit\u00e9 de Neuch\u00e2tel (CH), Landesinstitut f\u00fcr Schule und Weiterbildung (DE),<strong> Universitat Aut\u00f3noma de Barcelona<\/strong> (ES), Universite Stendhal &#8211; Grenoble III (FR), Istituto Universitario Orientale di Napoli (IT), Universita Ca&#8217;foscari di Venezia (IT)<\/li>\n<\/ul>\n\n\n\n<p style=\"font-size:14px\"><strong>Publications resulting from the project<\/strong><\/p>\n\n\n\n<ul style=\"font-size:14px\" class=\"wp-block-list\">\n<li><strong>Noguerol, Artur<\/strong> (2000) Aprendre llengua (i altres coses) des de la diversitat. Perspectiva i Diversitat: Suplement de Perspectiva Escolar 10, pp. 3-6<\/li>\n\n\n\n<li><strong>Vil\u00e0, N\u00faria<\/strong> (2000) Tants caps, tantes lleng\u00fces. Perspectiva i Diversitat: Suplement de Perspectiva Escolar 10, pp. 7-10<\/li>\n<\/ul>\n<\/div><\/details>\n\n\n\n<p style=\"font-size:14px\"><strong>Other Internationally Funded Projects<\/strong><\/p>\n\n\n\n<details class=\"wp-block-mamaduka-toggles wp-block-toggles\"><summary>VR4ED<\/summary><div class=\"wp-block-toggles__content\">\n<p style=\"font-size:14px\"><strong>Summary<\/strong><\/p>\n\n\n\n<p style=\"font-size:14px\"><strong>Virtual Reality for Education<\/strong> (VR4ED) is a Private-Public-Partnership (PPP) between the University of Illinois at Urbana Champaign, University of California Santa Barbara, University of North Texas, Meta and Immerse Inc. The project aims to provide Meta Quest II VR headsets to underserved public high schools in Illinois, Texas, and California and to provide support for teachers in those schools and develop a teacher&#8217;s guide for the use of Virtual Reality to implement integrated language teaching.<\/p>\n\n\n\n<p style=\"font-size:14px\"><strong>Project details<\/strong> (GREIP as project member)<\/p>\n\n\n\n<ul style=\"font-size:14px\" class=\"wp-block-list\">\n<li>Dates: 01\/12\/2022 &#8211; 31\/12\/2024<\/li>\n\n\n\n<li>Funding entity:&nbsp;Meta<\/li>\n\n\n\n<li>Budget: $350,000<\/li>\n\n\n\n<li>PI: Dr. Randall Sadler, University of Illinois at Urbana Champaign (USA)<\/li>\n\n\n\n<li>UAB members: Dr. Melinda Dooly (external expert)<\/li>\n\n\n\n<li>Research team members: Dr. Randall Sadler, University of Illinois at Urbana Champaign, Dr. Dorothy Chun, University of California Santa Barbara, Dr. Regina Kaplan-Rakowski, University of North Texas, Dr. Tricia Thrasher, Immerse Inc, <strong>Dr. Melinda Dooly, Universitat Aut\u00f2noma de Barcelona<\/strong><\/li>\n<\/ul>\n<\/div><\/details>\n\n\n\n<details class=\"wp-block-mamaduka-toggles wp-block-toggles\"><summary>AILA Research Network &#8220;Creative Inquiry in Applied Linguistics&#8221;<\/summary><div class=\"wp-block-toggles__content\">\n<p style=\"font-size:14px\"><strong>Summary<\/strong><\/p>\n\n\n\n<p style=\"font-size:14px\">Link: <a href=\"https:\/\/creativeinquiryaila.wordpress.com\/\">https:\/\/creativeinquiryaila.wordpress.com\/<\/a><\/p>\n\n\n\n<p style=\"font-size:14px\">The AILA Research Network on Creative Inquiry&nbsp;in Applied Linguistics was formed in early 2018 with the aim of being a central space to explore the collaborative potential between sociolinguistics and the arts.<\/p>\n\n\n\n<p style=\"font-size:14px\">We take as a starting point&nbsp;Patricia Leavy&#8217;s definition of creative inquiry as &#8220;any social research or human research that adapts the principles of creative arts as part of the methodology&#8221; (2014: 1). As academic attention is focused on dynamic plurilingualism, multimodality and superdiversity (Adami 2017; Blackledge and Creese 2017) and co-production (McKay and Bradley 2016), creativity and the arts are increasingly integrated into the applied linguistics research. However, until now there has been no central space for the discussion of the ways in which applied linguists engage with the arts: as context, as methodology, as epistemology, or as an ontology. This research network aims to create this space, and contribute to fulfilling our professional responsibility to challenge the emergence of exclusionary discourses and &#8216;post-truth&#8217; policies worldwide, following Adrian Blackledge&#8217;s claim that &#8216;we have never needed the arts more than we do now &#8216;(Blackledge 2017; see <a href=\"https:\/\/www.birmingham.ac.uk\/generic\/tlang\/digital-stories\/index.aspx\">https:\/\/www.birmingham.ac.uk\/generic\/tlang\/digital-stories\/index.aspx<\/a>). Therefore, the network also welcomes researchers who are not explicitly working with the arts but are interested in collaborative research between disciplines, sectors and communities for social and epistemological justice; in working in partnership and solidarity with the marginalized and those who have no voice; and to allow the articulation of what was not articulated before, was unknown, not heard and undervalued.<\/p>\n\n\n\n<p style=\"font-size:14px\"><strong>Project details<\/strong> (project co-led by GREIP)<\/p>\n\n\n\n<ul style=\"font-size:14px\" class=\"wp-block-list\">\n<li>Dates: 01\/01\/2018 &#8211; curreny<\/li>\n\n\n\n<li>Funding entity:&nbsp;AILA<\/li>\n\n\n\n<li>Network coordinators: Dr. Jessica Bradley (University of Sheffield), Dr. Lou Harvey (University of Leeds) and Dr. Emilee Moore (GREIP, UAB).<\/li>\n\n\n\n<li>GREIP members: Dr. Emilee Moore (coord.); Dr. J\u00falia Llompart, Dr. Claudia Vallejo.<\/li>\n<\/ul>\n<\/div><\/details>\n\n\n\n<details class=\"wp-block-mamaduka-toggles wp-block-toggles\"><summary>Global Story Bridges<\/summary><div class=\"wp-block-toggles__content\">\n<p style=\"font-size:14px\"><strong>Summary<\/strong><\/p>\n\n\n\n<p style=\"font-size:14px\"><strong><a href=\"https:\/\/www.globalstorybridges.com\/\">Global Story Bridges<\/a>&nbsp;<\/strong>is a project that connects youth across the globe through digitally-mediated communication.&nbsp;Through the power of video youth in globally diverse sites explore their worlds through stories; they share images, information, comments, and questions as they create and negotiate digital texts and technologies.&nbsp;GREIP research centre has been part of the launching and development of this project with a group of young people from Badia del Vall\u00e8s, who meet every week to produce and exchange videos with children from other parts of the world. This initiative, created by Dr. Margaret Hawkins (University of Wisconsin-Madison), has been developed in Badia del Vall\u00e8s within the framework of the Let&#8217;s Go! project, led by the&nbsp;Fundaci\u00f3 Aut\u00f2noma Solid\u00e0ria.&nbsp;<\/p>\n\n\n\n<p style=\"font-size:14px\"><strong>Project details<\/strong> (GREIP as member of research team)<\/p>\n\n\n\n<ul style=\"font-size:14px\" class=\"wp-block-list\">\n<li>Dates: 01\/&#8217;1\/2018 &#8211; 31\/12\/2020<\/li>\n\n\n\n<li>Funding entity:&nbsp;Global Story Bridges<\/li>\n\n\n\n<li>PI: Margaret Hawkins (University of Wisconsin-Madison)<\/li>\n\n\n\n<li>GREIP members: Dr. Emilee Moore, Claudia Vallejo<\/li>\n<\/ul>\n<\/div><\/details>\n\n\n\n<details class=\"wp-block-mamaduka-toggles wp-block-toggles\"><summary>LILA: Communicating the Unsayable: Learning at the Intersection of Language and the Arts<\/summary><div class=\"wp-block-toggles__content\">\n<p style=\"font-size:14px\"><strong>Summary<\/strong><\/p>\n\n\n\n<p style=\"font-size:14px\">The LILA network will bring together a variety of participants to consider the relationship between language and the creative arts \u2013 visual arts, drama and performance, dance, music, poetry, film, and more &#8211; for learning. In formal educational contexts, and often in informal settings too, language is the chief medium for expressing, recognising and evaluating learning. Yet the arts are increasingly employed in public services such as health and wellbeing, migrant support and childhood, and in engagement contexts as researcher and cultural organisations seek to communicate with wider publics. The LILA network therefore responds to a need to more fully understand the relationship between language and the arts for learning in these informal contexts. It aims to generate insights into the communication of what is otherwise unsayable: the narration of unconscious knowledge, things people do not know how to talk about, do not have language for, or are prevented from speaking about.<\/p>\n\n\n\n<p style=\"font-size:14px\"><strong>Project details<\/strong> (GREIP as IP)<\/p>\n\n\n\n<ul style=\"font-size:14px\" class=\"wp-block-list\">\n<li>Dates: 01\/10\/2019 &#8211; 31\/03\/2021<\/li>\n\n\n\n<li>Funding entity:&nbsp;Arts &amp; Humanities Research Council (UK)<\/li>\n\n\n\n<li>Code: AH\/S010963\/1<\/li>\n\n\n\n<li>Budget: 33,617 GBP (total project); UAB: 14,969 GBP<\/li>\n\n\n\n<li>PI: Lou Harvey (University of Leeds)<\/li>\n\n\n\n<li>GREIP members: <strong>Dr. Emilee Moore (co-IP UAB)<\/strong><\/li>\n\n\n\n<li>Other members UAB: Dr. Cristina Aliagas (co-IP UAB)<\/li>\n\n\n\n<li>Partner institutions: Partners: University of Leeds, <strong>Universitat Aut\u00f2noma de Barcelona<\/strong>, Leeds City Council, Love Pudsey, Museu de Lleida, The British Museum<\/li>\n<\/ul>\n<\/div><\/details>\n\n\n\n<details class=\"wp-block-mamaduka-toggles wp-block-toggles\"><summary>Implementation of the language curriculum for primary and secondary education, Government of Andorra<\/summary><div class=\"wp-block-toggles__content\">\n<p style=\"font-size:14px\"><strong>Summary<\/strong><\/p>\n\n\n\n<p style=\"font-size:14px\">The project is structured around Andorra&#8217;s new curriculum proposal, in which GREIP is&nbsp;advising the government of Andorra in agreement with the Institute of Resources and Research for Training IRIF.<br>The project includes the overall organization of the curriculum (how projects should be structured considering languages, a stage beyond CLIL); and specific proposals for the Andorran school on the structure of the assessment, items related to the proposals of the <strong><a href=\"https:\/\/carap.ecml.at\/\" target=\"_blank\" rel=\"noreferrer noopener\">CARAP\/FREPA project<\/a><\/strong> and the realization of the plural approach to language teaching.<\/p>\n\n\n\n<p style=\"font-size:14px\"><strong>Project details<\/strong> (GREIP as research team leader)<\/p>\n\n\n\n<ul style=\"font-size:14px\" class=\"wp-block-list\">\n<li>Dates: 01\/01\/2014 &#8211; 31\/12\/2015<\/li>\n\n\n\n<li>Funding entity:&nbsp;GREIP &#8211; Universitat Aut\u00f2noma de Barcelona, Institut de Recursos i Investigaci\u00f3 per a la Formaci\u00f3 (IRIF), Andorran Government<\/li>\n\n\n\n<li>Code: ACV8822<\/li>\n\n\n\n<li><strong>PI: Dr. Artur Noguerol<\/strong><\/li>\n\n\n\n<li>GREIP members: Dr. Luci Nussbaum, Dr. Dolors Masats<\/li>\n<\/ul>\n<\/div><\/details>\n\n\n\n<p style=\"font-size:14px\"><strong>Teaching Innovation Projects: Universitat Aut\u00f2noma de Barcelona<\/strong><\/p>\n\n\n\n<details class=\"wp-block-mamaduka-toggles wp-block-toggles\"><summary>CODIDOE: Compet\u00e8ncia digital docent als graus d\u2019Educaci\u00f3 d\u2019Infantil i Prim\u00e0ria [Teachers&#8217; Digital Competence in Primary &amp; Early Childhood Education Degrees]<\/summary><div class=\"wp-block-toggles__content\">\n<p style=\"font-size:14px\"><strong>Summary<\/strong><\/p>\n\n\n\n<p style=\"font-size:14px\">General aims:<\/p>\n\n\n\n<ul style=\"font-size:14px\" class=\"wp-block-list\">\n<li>Promote reflection on the Teachers&#8217; Digital Competence (TDC) and its importance for teacher formation in the Early Childhood and Primary education.<\/li>\n\n\n\n<li>Propose and promote specific actions to improve and enhance the development of TDC in Early Childhood and Primary education.<\/li>\n<\/ul>\n\n\n\n<p style=\"font-size:14px\">Specific objectives:<\/p>\n\n\n\n<ul style=\"font-size:14px\" class=\"wp-block-list\">\n<li>To exchange experiences and knowledge about the development of the TDC in the teaching of the Early Childhood and Primary education amongst the project members.<\/li>\n\n\n\n<li>Compile&nbsp; information on how TDC is dealt with in the classroom practice of the two degrees.<\/li>\n\n\n\n<li>Elaborate a proposal for improvement through diverse resources (documents, audiovisual resources &#8230;) for the integration of&nbsp; TDC in Early Childhood and Primary education degrees of the Faculty.<\/li>\n\n\n\n<li>Disseminate the results of the project in a seminar and workshop with the participation of external experts and stakeholders.<\/li>\n<\/ul>\n\n\n\n<p style=\"font-size:14px\"><strong>Project details<\/strong> (GREIP as member of research team)<\/p>\n\n\n\n<ul style=\"font-size:14px\" class=\"wp-block-list\">\n<li>Dates: 01\/01\/2020 &#8211; 01\/01\/2021<\/li>\n\n\n\n<li>Funding entity:&nbsp;Faculty of Education, Universitat Aut\u00f2noma de Barcelona; Convocat\u00f2ria d\u2019Ajudes a la Innovaci\u00f3 2019 (2\u00aa CfP)<\/li>\n\n\n\n<li>Budget: 1100 \u20ac<\/li>\n\n\n\n<li>PI: Alejandra Bosco &amp; Cristina Mercader<\/li>\n\n\n\n<li>GREIP members: Dr Melinda Dooly, Dr. Dolors Masats\n<ul class=\"wp-block-list\">\n<li>GREIP associate member: Maria Mont<\/li>\n<\/ul>\n<\/li>\n\n\n\n<li>Other participants: Dr. Llu\u00eds Albarrac\u00edn, Dr. \u00c0ngels Camp\u00e0,&nbsp;Dr. Xavier Fontich, Dr. Josep Maria Fortuny, Dr. Cecilio Garriga, Dr. Ana Maria Margallo, Dr. Andy Morodo, Dr. Cristina Simarro, Dr. Laia Viladot, Dr. Georgeta Ion, J\u00e9ssica P\u00e9rez, Katia Pozos<\/li>\n<\/ul>\n<\/div><\/details>\n\n\n\n<details class=\"wp-block-mamaduka-toggles wp-block-toggles\"><summary>Design, implementation and evaluation of a teaching proposal to work on the biases and biases of linguistic diversity in schools based on the model of &#8216;educational cycle&#8217; and &#8216;workshops of thought&#8217;<\/summary><div class=\"wp-block-toggles__content\">\n<p style=\"font-size:14px\"><strong>Summary<\/strong><\/p>\n\n\n\n<p style=\"font-size:14px\">This project aims to have an impact in&nbsp;the beliefs and practices of pre-service and in-service teachers, as well as teacher trainers, regarding the linguistic diversity of educational centers. As members of the teacher staff at the Language and Literature Teaching Unit, we have taken part in the&nbsp;European research project &#8216;Linguistically Sensitive Teaching in all Classrooms&#8217; (LISTiac, <a href=\"https:\/\/listiac.org\/\">https:\/\/listiac.org\/<\/a>). As part of LISTiac, we have designed and experimented with reflection tools (observation guides, focus groups, &#8230;). This experimentation has allowed us to see that:<\/p>\n\n\n\n<p style=\"font-size:14px\">1) Despite having received training in the treatment of linguistic diversity \/ plurilingual education in the centers, for example in the subject School Language Project and Plurilingualism (GEP, 3rd year), 4th year students still present prejudices \/ biases in this sense;<\/p>\n\n\n\n<p style=\"font-size:14px\">2) It is necessary to deepen in how the treatment of linguistic diversity \/ plurilingual education fits into the model of inclusive education (Decree of Inclusion 150\/2017) and that this reflection be incorporated in the subjects offered by the Teaching Unit of Language and Literature;<\/p>\n\n\n\n<p style=\"font-size:14px\">3) to promote truly significant changes in the training we offer from the Unit, and in beliefs and teaching practices, the reflection tools proposed by the LISTiac project should be included in a broader approach that is more consistent with inclusive education, and that is agreed by teachers of diverse subjects.<\/p>\n\n\n\n<p style=\"font-size:14px\">To address these challenges, in this teaching innovation project we propose: promoting the collaboration of a wider group of teachers in our Unit, formalizing the collaboration \/ advice of an expert teacher in inclusive education in order to emerge, deepen, and address biases and promote linguistically inclusive teaching practices more effectively. This methodological proposal contemplates dialogue between university-students-teachers in order to promote reflection and change at various levels.<\/p>\n\n\n\n<p style=\"font-size:14px\"><strong>Project details<\/strong> (GREIP as research team leader)<\/p>\n\n\n\n<ul style=\"font-size:14px\" class=\"wp-block-list\">\n<li>Dates: 01\/01\/2020 &#8211; 01\/01\/2021<\/li>\n\n\n\n<li>Funding entity:&nbsp;Office of Teaching Quality, Universitat Aut\u00f2noma de Barcelona; Call for Projects for Supporting&nbsp;Educational Innovation and Improvement of Teaching Quality 2018, Modality A<\/li>\n\n\n\n<li>Code:&nbsp; GI513668<\/li>\n\n\n\n<li>Budget: 300 \u20ac<\/li>\n\n\n\n<li><strong>PI: Dr. Emilee Moore<\/strong><\/li>\n\n\n\n<li>GREIP members: Dr. V\u00edctor Corona, Dr. Xavier Fontich, Dr. J\u00falia Llompart, Dr. Dolors Masats, Claudia Vallejo<\/li>\n\n\n\n<li>Other participants: Dr. Marilisa Birello, Maria Mont, Mariona Pascual, Berta Torras<\/li>\n<\/ul>\n<\/div><\/details>\n\n\n\n<details class=\"wp-block-mamaduka-toggles wp-block-toggles\"><summary>Design and implementation of a collaborative process of teacher-student knowledge construction for a real impact on the improvement of learning in&nbsp;English<\/summary><div class=\"wp-block-toggles__content\">\n<p style=\"font-size:14px\"><strong>Summary<\/strong><\/p>\n\n\n\n<p style=\"font-size:14px\">This project aims to collaboratively improve module 2 of the subject &#8216;School Language Project and Plurilingualism&#8217;, taught in English in the third year of the Degree in Primary Education. Despite the growing social demand of integrated content and foreign language learning spaces (CLIL), students&nbsp;systematically reject content that is given in English. This rejection has to do with the brevity of module 2 (5 sessions) and with the fact that not all students are oriented to choose the specilization in&nbsp;foreign languages, all of which repercutes in a low level of participation and in poor&nbsp;results achieved. To break this resistance and give truly meaningful content for all, this research-action&nbsp;project aims at working with students, based on their interests and needs. The proposal articulates several phases of collecting, analyzing and discussing data on student perceptions, with the collaborative production of teaching-learning resources to promote a change in their perception towards languages \u200b\u200bin education. The proposal puts the students at the center of their training process, in order to achieve a greater impact on learning.<\/p>\n\n\n\n<p style=\"font-size:14px\"><strong>Project details<\/strong> (GREIP as research team leader)<\/p>\n\n\n\n<ul style=\"font-size:14px\" class=\"wp-block-list\">\n<li>Dates: 01\/09\/2018 &#8211; 30\/09\/2019<\/li>\n\n\n\n<li>Funding entity:&nbsp;Office of Teaching Quality, Universitat Aut\u00f2noma de Barcelona; Call for Projects for Supporting&nbsp;Educational Innovation and Improvement of Teaching Quality 2018, Modality A<\/li>\n\n\n\n<li>Code:&nbsp; GI513668<\/li>\n\n\n\n<li>Budget: 640 \u20ac<\/li>\n\n\n\n<li><strong>PI: Claudia Vallejo<\/strong><\/li>\n\n\n\n<li>GREIP members: Dr&nbsp;Melinda Dooly, Dr&nbsp;Dolors Masats, Dr&nbsp;Emilee Moore<\/li>\n\n\n\n<li>Other participants: Nathaly Gonz\u00e1lez Acevedo, M\u00f2nica L\u00f3pez Vera<\/li>\n<\/ul>\n<\/div><\/details>\n\n\n\n<p style=\"font-size:14px\"><strong>Cooperation Projects: Universitat Aut\u00f2noma de Barcelona Solidarity Foundation<\/strong><\/p>\n\n\n\n<details class=\"wp-block-mamaduka-toggles wp-block-toggles\"><summary>Let&#8217;s Go!<\/summary><div class=\"wp-block-toggles__content\">\n<p style=\"font-size:14px\"><strong>Summary<\/strong><\/p>\n\n\n\n<p style=\"font-size:14px\">Let&#8217;s Go! is a socio-educational program that aims to give individual support to&nbsp;pupils from 1st year of secondary education (ESO), in order&nbsp;to improve their competence in English. The project is primarily aimed at the educational community from the secondary schools Badia del Vall\u00e8s and Federica Montseny, in Badia del Vall\u00e8s.<\/p>\n\n\n\n<p style=\"font-size:14px\">The main objective of the program is to turn Badia del Vall\u00e8s into an English-Learning City (ELC) in&nbsp;five years. The overall objective is divided into four interrelated phases, which will be developed in&nbsp;four academic years (from 2016-17 to 2019-20). Each phase will add complementary actions that will involve&nbsp;new actors and new geographic areas within Badia del Vall\u00e8s, always keeping the&nbsp;youth from the Secondary Schools as core actors. The ultimate goal is that, at the end of the project, the local council will be involved in the promotion of learning English and will have&nbsp;established a network in which social institutions, schools and community work together.<\/p>\n\n\n\n<p style=\"font-size:14px\">The project has a dual aim: improving&nbsp;secondary education&nbsp;students&#8217; English language skills, and&nbsp;linking students and&nbsp;UAB &nbsp;faculty members in&nbsp;carrying out&nbsp;research related to strategies for teaching and learning foreign languages.<\/p>\n\n\n\n<p style=\"font-size:14px\">Starting February 28th 2017, and for a three-year period, this project is linked to (Teachers as agents of transformation through their engagement in cross disciplinary innovative projects in the English classrooms), a research project sponsored by RecerCaixa.<\/p>\n\n\n\n<p style=\"font-size:14px\"><strong>Project details<\/strong> (GREIP as partner in research team)<\/p>\n\n\n\n<ul style=\"font-size:14px\" class=\"wp-block-list\">\n<li>Dates: 01\/09\/2016 &#8211; 30\/09\/2020<\/li>\n\n\n\n<li>Funding entity:&nbsp;Fundaci\u00f3 Aut\u00f2noma Solid\u00e0ria (Universitat Aut\u00f2noma`s Solidarity Foundation, FAS)<\/li>\n\n\n\n<li>PI: Andy Morodo (Universitat Aut\u00f2noma de Barcelona)<\/li>\n\n\n\n<li>GREIP members: Dr. Dolors Masats, Dr. Emilee Moore, Claudia Vallejo <\/li>\n\n\n\n<li>Participating institutions: FAS, GREIP research centre, City of Badia del Vall\u00e8s, Secondary schools Federica Montseny and Badia del Vall\u00e8s, Department of Education of the Generalitat of Catalonia<\/li>\n<\/ul>\n<\/div><\/details>\n\n\n\n<details class=\"wp-block-mamaduka-toggles wp-block-toggles\"><summary>Intercultural Bilingual Education (EIB) in the Impenetable (Chaco, Argentina): detection, exchange and dissemination of educational and training experiences<\/summary><div class=\"wp-block-toggles__content\">\n<p style=\"font-size:14px\"><strong>Summary<\/strong><\/p>\n\n\n\n<p style=\"font-size:14px\">This project, which stems from the results of the project developed in 2011 in cooperation with the Center of Investigation and Formation for the Aboriginal Modality (CIFMA) in &#8216;El Chaco&#8217; (Argentina) for the improvement of Intercultural Bilingual Education (IBE) aims to impact the most impoverished region of the province (&#8216;El Impenetrable&#8217;) through three actions: 1) detecting modalities of linguistic education in primary schools in the area and the role displayed by graduates from CIFMA; 2) detecting practices of bilingual education carried by these graduates; and 3) organizing a seminar to share and multiply these practices among teachers graduated from CIFMA, final year students, Wich\u00ed community members, academic authorities, and spread them between the families and the population. The project aims to prestige IBE, defined as a resource that promotes the improvement of living conditions of the indigenous population through quality education.<\/p>\n\n\n\n<p style=\"font-size:14px\"><strong>Project details<\/strong> (GREIP as research team leader)<\/p>\n\n\n\n<ul style=\"font-size:14px\" class=\"wp-block-list\">\n<li>Dates: 01\/06\/2014 &#8211; 30\/06\/2015 (extension to 30\/09\/2015)<\/li>\n\n\n\n<li>Funding entity:&nbsp;Fundaci\u00f3 Aut\u00f2noma Solid\u00e0ria (Universitat Aut\u00f2noma&#8217;s Solidarity Foundation, FAS)<\/li>\n\n\n\n<li><strong>PI: Dr. Dolors Masats<\/strong><\/li>\n\n\n\n<li>Budget: 10,417\u20ac<\/li>\n\n\n\n<li>GREIP members: Dr. Arthur Noguerol, Dr. Luci Nussbaum, Dr. Virginia Unamuno<\/li>\n\n\n\n<li>Participating institutions: FAS, GREIP research centre, City of Badia del Vall\u00e8s, Secondary schools Federica Montseny and Badia del Vall\u00e8s, Department of Education of the Generalitat of Catalonia<\/li>\n<\/ul>\n<\/div><\/details>\n\n\n\n<details class=\"wp-block-mamaduka-toggles wp-block-toggles\"><summary>Aboriginal languages and plurilingual education: diagnosis of situation and formation of indigenous teachers in &#8216;El Chaco&#8217; (Argentina)<\/summary><div class=\"wp-block-toggles__content\">\n<p style=\"font-size:14px\"><strong>Summary<\/strong><\/p>\n\n\n\n<p style=\"font-size:14px\">This is a cooperative project between the CIFMA (Center of Investigation and Formation for the Aboriginal Modality) and the GREIP. In it\u2019s first phase, the project aims to carry a diagnosis on the use of indigenous languages and the plurilingual school practices that involve indigenous teachers in the province of El Chaco (Argentina). In it\u2019s second phase, the aim is to elaborate a plan of formation to support these teachers during their incorporation to primary schools in indigenous areas of El Chaco for the introduction of minority languages in education. CIFMA and GREIP are connected through Dr Virginia Unamuno, member of the GREIP, who develops her current research work in the CIFMA. Also, the UAB has signed an agreement of collaboration with the CIFMA for the accomplishment of professional practices for students of Pre-school and Primary Education of the UAB.<\/p>\n\n\n\n<p style=\"font-size:14px\"><strong>Project details<\/strong> (GREIP as research team leader)<\/p>\n\n\n\n<ul style=\"font-size:14px\" class=\"wp-block-list\">\n<li>Dates: 01\/06\/2011 &#8211; 31\/12\/2011<\/li>\n\n\n\n<li>Funding entity:&nbsp;Fundaci\u00f3 Aut\u00f2noma Solid\u00e0ria (Universitat Aut\u00f2noma&#8217;s Solidarity Foundation, FAS)<\/li>\n\n\n\n<li><strong>PI: Dr. Luci Nussbaum<\/strong><\/li>\n\n\n\n<li>Code: FSXXVIII-4<\/li>\n\n\n\n<li>Budget: 13.848 \u20ac<\/li>\n\n\n\n<li>GREIP members: Dr Virginia Unamuno Kaschapava, Dr Melinda Ann Dooly Owenby, Dr Dolors Masats Viladoms, Dr Amparo Tus\u00f3n Valls, Dr Artur Noguerol Rodrigo<\/li>\n\n\n\n<li>Participating institutions: Universitat Aut\u00f2noma de Barcelona (ES), CIFMA (Centro de Investigaci\u00f3n y Formaci\u00f3n para la Modalidad Abor\u00edgen), Province of El Chaco, Argentina<\/li>\n\n\n\n<li>Field sites: Indigenous communities from the&nbsp;qom, wichi &amp; mocovi ethnic groups located at&nbsp;Presidencia Roque Saez Pe\u00f1a, Sauzalito, Castelli, Villa Angela, Pampa del Indio &amp; Colonia Abor\u00edgen (Province of El Chaco, Argentina)<\/li>\n<\/ul>\n<\/div><\/details>\n\n\n\n<p style=\"font-size:14px\"><strong>AGAUR MQD: Catalan University &amp; Research Funding for Improvement of Teaching Quality<\/strong><\/p>\n\n\n\n<details class=\"wp-block-mamaduka-toggles wp-block-toggles\"><summary>Development of didactic material in English for the integration of linguistic and scientific competences in biennial subjects in Early Childhood and Primary Education undergraduate degrees<\/summary><div class=\"wp-block-toggles__content\">\n<p style=\"font-size:14px\"><strong>Summary<\/strong><\/p>\n\n\n\n<p style=\"font-size:14px\">The aim of this project is to develop teaching materials in English for different activities offered in subjects in the undergraduate Early Childhood and Primary Education degrees, the aim of which is to teach didactics of experimental and social sciences to future teachers. The didactic materials in English will support teachers and students in their development of linguistic competences in English, taking into consideration the diversity of their competences. An interdisciplinary approach will be taken in working between the different fields of knowledge involved: Didactics of Experimental Sciences, Didactics of Social Sciences and Didactics of Foreign Languages. The project aims to offer orientations as to how linguistic and subject-specific competences may be developed in an integrated manner. Such orientations are considered useful not only for the subjects which are the focus on the project, but also for others in which similar processes could be carried out in the future.&nbsp;<\/p>\n\n\n\n<p style=\"font-size:14px\"><strong>Project details<\/strong> (GREIP as partner in research team)<\/p>\n\n\n\n<ul style=\"font-size:14px\" class=\"wp-block-list\">\n<li>Dates: 16\/05\/2011 &#8211; 16\/05\/2013<\/li>\n\n\n\n<li>Funding entity:&nbsp;AGAUR (Agencia de Gesti\u00f3 d&#8217;Ajuts Universitaris i de Recerca)<\/li>\n\n\n\n<li>Code:&nbsp; 2010MQD00132<\/li>\n\n\n\n<li>Budget: 10.000 \u20ac<\/li>\n\n\n\n<li>PI: Dr Mariona Espinet (Universitat Aut\u00f2noma de Barcelona)<\/li>\n\n\n\n<li>GREIP members: Dr Dolors Masats, Emilee Moore <\/li>\n\n\n\n<li>Other participants: Dr Neus Gonz\u00e1lez, Dr Merc\u00e8 Junyent, Dr Cec\u00edlia Llobet, Dr Anna Marb\u00e0, Dr Pilar Comes<\/li>\n<\/ul>\n<\/div><\/details>\n\n\n\n<details class=\"wp-block-mamaduka-toggles wp-block-toggles\"><summary>Teaching strategies to foster the development of critical linguistic competences of students in the Foreign Language Teacher Training Diploma in courses taught through English<\/summary><div class=\"wp-block-toggles__content\">\n<p style=\"font-size:14px\"><strong>Summary<\/strong><\/p>\n\n\n\n<p style=\"font-size:14px\">The project aims to describe the current use of video in teachers&#8217; formation. Therefore, it&#8217;s main objective is to gather examples of case studies that may be used to identify the benefits of digital video in this context, and may serve as an example of the possible uses and diverse approaches that exist in the application of a digital video. A second objective is to establish a set of principles of generic uses related to learning theories and\/or that may illustrate practical and technical aspects related to the use of digital video and audio in teachers&#8217; formation.&nbsp;<\/p>\n\n\n\n<p style=\"font-size:14px\"><strong>Project details<\/strong> (GREIP as partner in research team)<\/p>\n\n\n\n<ul style=\"font-size:14px\" class=\"wp-block-list\">\n<li>Dates: 01\/09\/2007 &#8211; 30\/09\/2009<\/li>\n\n\n\n<li>Funding entity:&nbsp;AGAUR (Agencia de Gesti\u00f3 d&#8217;Ajuts Universitaris i de Recerca)<\/li>\n\n\n\n<li>Code:&nbsp; 2007MQD00138<\/li>\n\n\n\n<li>Budget: 8,100 \u20ac<\/li>\n\n\n\n<li>PI: Dr Mariona Espinet (Universitat Aut\u00f2noma de Barcelona)<\/li>\n\n\n\n<li>GREIP members: Dr Eva Cod\u00f3 Olsina, Dr Dolors Masats Viladoms <\/li>\n\n\n\n<li>Other participants: Dr N\u00faria Planas Raig, Dr S\u00f2nia Oliver del Olmo, Dr Lizzette Ramos Robles<\/li>\n<\/ul>\n\n\n\n<p style=\"font-size:14px\"><strong>Publications resulting from the project<\/strong><\/p>\n\n\n\n<ul style=\"font-size:14px\" class=\"wp-block-list\">\n<li>Espinet, M., Cod\u00f3, E., Feixas, M., Masats, D. &amp; Couso, D. (2009)&nbsp;Llegir i escriure cr\u00edticament en el context d\u2019assignatures impartides en angl\u00e8s: El cas de la Titulaci\u00f3 de Mestre Especialitat Llengua Estrangera. IV Jornada de Campus d&#8217;Innovaci\u00f3 Docent. Universitat Aut\u00f2noma de Barcelona. CD-Rom<\/li>\n<\/ul>\n<\/div><\/details>\n\n\n\n<details class=\"wp-block-mamaduka-toggles wp-block-toggles\"><summary>Improving Linguistic Competences of Future Primary Foreign Language Teachers through Courses Taught in English<\/summary><div class=\"wp-block-toggles__content\">\n<p style=\"font-size:14px\"><strong>Summary<\/strong><\/p>\n\n\n\n<p style=\"font-size:14px\">The main purpose of this project is to help future Primary Foreign Language Teachers improve their English linguistic competences by helping them to develop an appropriate linguistic level in order to participate in the job market. This aim implies to adquire the neccesary jargon of the educational context (didactics, educational centers organisation, psicopedagogy, sciences and technologies) and to develop communicative skills related to oral comprehension (listening), oral expression (speaking and interacting), reading comprehension and writing.<\/p>\n\n\n\n<p style=\"font-size:14px\"><strong>Project details<\/strong> (GREIP as partner in research team)<\/p>\n\n\n\n<ul style=\"font-size:14px\" class=\"wp-block-list\">\n<li>Dates: 01\/01\/2005 &#8211; 31\/12\/2007<\/li>\n\n\n\n<li>Funding entity:&nbsp;AGAUR (Agencia de Gesti\u00f3 d&#8217;Ajuts Universitaris i de Recerca)<\/li>\n\n\n\n<li>Code:&nbsp; 2005\/MQD\/00130<\/li>\n\n\n\n<li>Budget: 6.000 \u20ac<\/li>\n\n\n\n<li>PI: Dr M\u00f2nica Feixas Condom (Universitat Aut\u00f2noma de Barcelona)<\/li>\n\n\n\n<li>GREIP members: Dr Eva Cod\u00f3 Olsina,  Dolors Masats Viladoms<\/li>\n\n\n\n<li>Other participants: Dr Lluis Bibiloni Matos, Dr Digna Couso Lagaron, Dr Mariona Espinet Blanch<\/li>\n<\/ul>\n\n\n\n<p style=\"font-size:14px\"><strong>Publications resulting from the project<\/strong><\/p>\n\n\n\n<ul style=\"font-size:14px\" class=\"wp-block-list\">\n<li>Cod\u00f3, E., Masats, D., Feixas, M., Espinet, M. &amp; Couso, D.&nbsp;(2007)&nbsp;Analysing the Level of Complexity of University Students Written Responses: A Comparison between First and Foreign Language Productions.&nbsp;C. Rust (ed.),&nbsp;Improving Student Learning. Improving student learning through teaching. 14. Oxford: Oxford Centre for Staff and Learning Development. Chapter 7, 14, 158-170. ISBN: 978-1-873576-75-5.<\/li>\n\n\n\n<li>Masats, D. , Feixas, M., Couso, D. &amp;&nbsp; Espinet, M.&nbsp;(2006)&nbsp;La doc\u00e8ncia en angl\u00e8s en assignatures no-ling\u00fc\u00edstiques a la titulaci\u00f3 de Mestre Especialitat Llengua Estrangera. Barcelona: IV CIDUI. CD-Room. ISBN: 84-7653-886-3.<\/li>\n\n\n\n<li>Couso, D., Feixas, M.,&nbsp; Masats, D. &amp; Espinet, M. (2006)&nbsp;Treballant les compet\u00e8ncies ling\u00fc\u00edstiques dels futurs mestres de llengua estrangera en context: l\u2019ensenyament de ci\u00e8ncies i matem\u00e0tiques en angl\u00e8s\u201d Barcelona: IV CIDUI. CD-Room. ISBN: 84-7653-886-3.<\/li>\n\n\n\n<li>Feixas, M., Masats, D., Couso, D.&nbsp; Espinet, M. &amp; Cod\u00f3, E.&nbsp;(2006)&nbsp;Millora de les compet\u00e8ncies en llengua anglesa dels alumnes de la titulaci\u00f3 de mestre especialitat llengua estrangera mitjan\u00e7ant la impartici\u00f3 d&#8217;assignatures no-ling\u00fc\u00edstiques en angl\u00e8s: una experi\u00e8ncia&nbsp; AICLE.&nbsp;III Jornada de Campus d&#8217;Innovaci\u00f3 Docent.&nbsp;Bellaterra: Universitat Aut\u00f2noma de Barcelona. CD-Room. ISBN: 978-84-490-2502-0.<\/li>\n<\/ul>\n<\/div><\/details>\n\n\n\n<details class=\"wp-block-mamaduka-toggles wp-block-toggles\"><summary>Total Professionalisation of (Primary) School teachers of Foreign languages<\/summary><div class=\"wp-block-toggles__content\">\n<p style=\"font-size:14px\"><strong>Summary<\/strong><\/p>\n\n\n\n<p style=\"font-size:14px\">This project was designed to offer future primary foreing language teachers a complete trainning focus on the connections of two language subject-matters that are part of their curricular content (Catalan and English languages) and the corresponding didactics (laguage teaching and English language teaching). This purpose is articulated through three main actions:<\/p>\n\n\n\n<ul style=\"font-size:14px\" class=\"wp-block-list\">\n<li>Coordination between linguistics training areas (foreign languages and language teaching);<\/li>\n\n\n\n<li>The dessign and exprimentation of a Digital Professional Portfolio (<em>Portolio Profesional Digital<\/em> : PPD) as a tool for evaluating in an integrating way;<\/li>\n\n\n\n<li>Digital literacy with teaching purposes.<\/li>\n<\/ul>\n\n\n\n<p style=\"font-size:14px\"><strong>Project details<\/strong> (GREIP as research team leader)<\/p>\n\n\n\n<ul style=\"font-size:14px\" class=\"wp-block-list\">\n<li>Dates: 01\/01\/2004 &#8211; 31\/12\/2005<\/li>\n\n\n\n<li>Funding entity:&nbsp;IDES-UAB<\/li>\n\n\n\n<li>Code:&nbsp; PID2004-06, 210.027<\/li>\n\n\n\n<li>Budget: 3.000 \u20ac<\/li>\n\n\n\n<li><strong>PI: Dr. Cristina Escobar<\/strong> <strong>Urmeneta<\/strong><\/li>\n\n\n\n<li>GREIP members: Dr Eva Cod\u00f3 Olsina, Dr Melinda Ann Dooly Owenby, Dr Cristina Escobar Urmeneta, Dolors Masats Viladoms, Dr Artur Noguerol Rodrigo<\/li>\n\n\n\n<li>Collaborators: Dr Jaume Mateu Fontanals, Antonio S\u00e1nchez Sol\u00e1<\/li>\n<\/ul>\n<\/div><\/details>\n\n\n\n<p style=\"font-size:14px\"><strong>Jaume Bofill Foundation Projects<\/strong><\/p>\n\n\n\n<details class=\"wp-block-mamaduka-toggles wp-block-toggles\"><summary>Socialization experiences of teenagers of Ecuadorian backgrounds<\/summary><div class=\"wp-block-toggles__content\">\n<p style=\"font-size:14px\"><strong>Summary<\/strong><\/p>\n\n\n\n<p style=\"font-size:14px\">This research seeks to explore the way 15 teenagers of migrant backgrounds, specifically from Ecuador describe their migrant experience. The project also collects voices from people related with these teenagers\u2019 integration process (teachers, relatives, counsellors, and others). This study allows understanding migration process as a dynamic process and that poses challenges identities definition.<\/p>\n\n\n\n<p style=\"font-size:14px\">The analysis takes into account not only researchers proposed topics, but also what teenagers want to narrate, what girls and boys understand as important\/relevant and the way the narrate it. This qualitative perspective, based on the analysis of a narrative discourse, reveals other kind of information quantitative methodologies do not allow us to know. Thus, the project gives importance to self representation of people in their own discourse.&nbsp;&nbsp;<\/p>\n\n\n\n<p style=\"font-size:14px\">The interviews as sources of information are linguistic data. Language is central in expressing identity, a relevant issue of our personal experience.&nbsp;<\/p>\n\n\n\n<p style=\"font-size:14px\">The analysis is based on the next main questions:&nbsp;<\/p>\n\n\n\n<p style=\"font-size:14px\">\u00b7 What are the topics and settings constructed in narratives?<br>\u00b7 What are the topics introduced by the interviewer?<br>\u00b7 How is negotiation between participants done?<br>\u00b7 What are the positions participants construct in discourse?<br>\u00b7 What are the categories that merge from discourse?<br>\u00b7 How do participants outline their migrant trajectories?<\/p>\n\n\n\n<p style=\"font-size:14px\"><strong>Project details<\/strong> (GREIP as partner in research team)<\/p>\n\n\n\n<ul style=\"font-size:14px\" class=\"wp-block-list\">\n<li>Dates: 15\/09\/2007 &#8211; 30\/06\/2008<\/li>\n\n\n\n<li>Funding entity:&nbsp;Jaume Bofill Foundation<\/li>\n\n\n\n<li><strong>PI (UAB): Dr. Victor Corona<\/strong><\/li>\n\n\n\n<li>Budget: 5000\u20ac<\/li>\n<\/ul>\n<\/div><\/details>\n\n\n\n<details class=\"wp-block-mamaduka-toggles wp-block-toggles\"><summary>Education and work in network (Trama)<\/summary><div class=\"wp-block-toggles__content\">\n<p style=\"font-size:14px\"><strong>Summary<\/strong><\/p>\n\n\n\n<p style=\"font-size:14px\">This is one of the three projects of the programme entitled <em>Education and Community<\/em>, developed by Fundaci\u00f3 Jaume Bofill as a means to promote telecollaboration in the field of education and to establish links among the educational stakeholders of a community. The project known as TRAMA, Educaci\u00f3 i treball en xarxa (Education and Telecollaboration), aims at encouraging teacher trainers to incorporate telecollaborative pedagogical initiatives in the implementation of the pre-service training programmes targeted at future teachers and social agents.<\/p>\n\n\n\n<p style=\"font-size:14px\"><strong>Project details<\/strong> (GREIP as partner in research team)<\/p>\n\n\n\n<ul style=\"font-size:14px\" class=\"wp-block-list\">\n<li>Dates: 15\/09\/2007 &#8211; 30\/06\/2008<\/li>\n\n\n\n<li>Funding entity:&nbsp;Jaume Bofill Foundation<\/li>\n\n\n\n<li>GREIP members: Dra. Melinda Dooly Owenby, Dra. Dolors Masats Viladoms<\/li>\n\n\n\n<li>Participating institutions: Les Facultats d&#8217;Educaci\u00f3 de les seg\u00fcents universitats: UB, UdG, UdL, UOC, URL-Blanquerna, URL-Fundaci\u00f3 Pere Tarr\u00e9s, URiV i UVic; i professorat de la Facultat de Ci\u00e8ncies de l&#8217;Educaci\u00f3 de la UAB<\/li>\n<\/ul>\n<\/div><\/details>\n<\/div><\/details>\n\n\n\n<details class=\"wp-block-mamaduka-toggles wp-block-toggles\"><summary>International Cooperation<\/summary><div class=\"wp-block-toggles__content\">\n<p style=\"font-size:14px\">Throughout it&#8217;s long history,&nbsp;<strong>GREIP<\/strong>&nbsp;has been involved in many different types of Cooperation Projects, especially in Nicaragua and Argentina. Here you can see some recent examples:<\/p>\n\n\n\n<p style=\"font-size:14px\"><strong>Argentina:<\/strong><\/p>\n\n\n\n<ul style=\"font-size:14px\" class=\"wp-block-list\">\n<li>Intercultural Bilingual Education (IBE) in the Impenetable (Chaco, Argentina): Detection, exchange and dissemination of educational and training experiences\n<ul class=\"wp-block-list\">\n<li>Foundation &#8216;Aut\u00f3noma Solidaria&#8217;&nbsp;&#8211; 2014-2015<\/li>\n<\/ul>\n<\/li>\n\n\n\n<li>Aboriginal languages and plurilingual education: diagnosis of situation and formation of indigenous teachers in &#8216;El Chaco&#8217; (Argentina)\n<ul class=\"wp-block-list\">\n<li>Foundation &#8216;Aut\u00f3noma Solidaria&#8217;&nbsp;&#8211; June-December 2011<\/li>\n<\/ul>\n<\/li>\n<\/ul>\n\n\n\n<p style=\"font-size:14px\"><strong>Nicaragua:<\/strong><\/p>\n\n\n\n<p style=\"font-size:14px\">Melinda Dooly, Dolores Masats, Artur Noguerol &amp; Luci Nussbaum have participated in several editions of the Master in Teaching for Specific Areas organized by the <a href=\"https:\/\/pagines.uab.cat\/ice\/\" target=\"_blank\" rel=\"noreferrer noopener\">ICE-UAB<\/a> and held in different locations of the &#8216;Universidad Nacional Aut\u00f3noma de Nicaragua&#8217;.<\/p>\n<\/div><\/details>\n\n\n\n<h2 class=\"wp-block-heading\">Invitations<\/h2>\n\n\n\n<details class=\"wp-block-mamaduka-toggles wp-block-toggles\"><summary>Selected Keynote Talks &amp; Invited Seminars<\/summary><div class=\"wp-block-toggles__content\">\n<details class=\"wp-block-mamaduka-toggles wp-block-toggles\"><summary><strong><strong>2022<\/strong><\/strong><\/summary><div class=\"wp-block-toggles__content\">\n<ul style=\"font-size:14px\" class=\"wp-block-list\">\n<li><strong>Melinda Dooly:<\/strong> Revamping the lessons with catchy and useful tasks: Project-based learning versus Task-based learning. Keynote: Digitask Multiplier Event. Barcelona, 7-9 September 2022.<\/li>\n\n\n\n<li><strong>Melinda Dooly:<\/strong> What now? Transforming techno-pedagogical skills to transglobal communicative competences. Keynote: Digital Literacy Project Seminars, funded by the Economic and Social Research Council (ESRC, UK) and the Ministry of Science and Tecnology (MOST, Taiwan) UK-Taiwan Networking. 4 March 2022.<\/li>\n\n\n\n<li><strong>Melinda Dooly:<\/strong> Integrating plurilingual learning spaces into &#8216;target language&#8217; teaching. Keynote: Online workshop: Learning Spaces. School Education Gateway and eTwinning, Brussels. 2-4 March 2022.<\/li>\n<\/ul>\n<\/div><\/details>\n\n\n\n<details class=\"wp-block-mamaduka-toggles wp-block-toggles\"><summary><strong><strong>2021<\/strong><\/strong><\/summary><div class=\"wp-block-toggles__content\">\n<ul style=\"font-size:14px\" class=\"wp-block-list\">\n<li><strong>Melinda Dooly: <\/strong>Transglobal communicative competence as a key aspect of digital, democratic citizenry. Embedding a democratic culture dimension in teacher education programmes final conference (Keynote). Universitat Aut\u00f2noma de Barcelona. 21-22 October 2021.<\/li>\n\n\n\n<li><strong>Melinda Dooly: <\/strong>Seminar: Experiencias de investigaci\u00f3n en did\u00e1cticas espec\u00edficas y en la comunicaci\u00f3n de la investigaci\u00f3n. Invited speaker: Seminario Internacional en Did\u00e1ctica de las Ciencias Sociales. Departament de Did\u00e0ctica de la Llengua, la Literatura, i les Ci\u00e8ncies Social, Universitat Aut\u00f2noma de Barcelona. 21-22 June 2021.<\/li>\n\n\n\n<li><strong>Melinda Dooly:<\/strong> 20 anys de intercanvis virtuals des de la perspectiva de la pand\u00e8mia: Lli\u00e7ons apreses i nous reptes Invited speaker: Un any de doc\u00e8ncia on-line: reptes i oportunitats&#8217;. Lecture Series organized by the Facultat de Ci\u00e8ncies de l&#8217;Educaci\u00f3 de la Universitat Aut\u00f2noma de Barcelona. 17 May 2021.<\/li>\n<\/ul>\n<\/div><\/details>\n\n\n\n<details class=\"wp-block-mamaduka-toggles wp-block-toggles\"><summary><strong><strong>2020<\/strong><\/strong><\/summary><div class=\"wp-block-toggles__content\">\n<p style=\"font-size:14px\"><strong>Melinda Dooly:<\/strong> Workshop: Continued teacher education: &#8216;Una propuesta pedag\u00f3gica para la era digital: ense\u00f1ar lenguas a trav\u00e9s de la tecnolog\u00eda&#8217;. Invited speaker: 9a edici\u00f3 del Curs de formaci\u00f3 per a professorat de xin\u00e8s a Catalunya [9th Professional Development Event for Teachers of Chinese in Catalonia]. Fundaci\u00f3 Institut Confuci de Barcelona. 15 November 2020.<\/p>\n<\/div><\/details>\n\n\n\n<details class=\"wp-block-mamaduka-toggles wp-block-toggles\"><summary><strong><strong>201<\/strong>9<\/strong><\/summary><div class=\"wp-block-toggles__content\">\n<ul style=\"font-size:14px\" class=\"wp-block-list\">\n<li><strong>Luci Nussbaum: <\/strong>Seminar: La recerca-acci\u00f3. M\u00e0ster en Did\u00e0ctica del Xin\u00e8s per a Hispanoparlants, Universitat Aut\u00f2noma de Barcelona. 15 January 2019.<\/li>\n\n\n\n<li><strong>Melinda Dooly &amp; Emilee Moore: <\/strong>Talk &amp; Workshop: Bringing down borders through \u2018techno-pedagogical\u2019 skills. Department of Fachdidaktik Anglistik, Universit\u00e4t Graz (Austria). 15-16 January 2019.<\/li>\n<\/ul>\n<\/div><\/details>\n\n\n\n<details class=\"wp-block-mamaduka-toggles wp-block-toggles\"><summary><strong><strong>201<\/strong>8<\/strong><\/summary><div class=\"wp-block-toggles__content\">\n<ul style=\"font-size:14px\" class=\"wp-block-list\">\n<li><strong>Maria Mont: <\/strong>Create, Innovate &amp; Communicate in ELT (Flash Training). Associaci\u00f3 de Professors d&#8217;Angl\u00e8s de Catalunya (APAC) with the Consorci d\u2019Educaci\u00f3 de Barcelona, and with collaboration from Trinity College London and the Associaci\u00f3 de Mestres Rosa Sensat. 27 October 2018.<\/li>\n\n\n\n<li><strong>Melinda Dooly: <\/strong>Talk &amp; Workshop: Out of the classroom and into the world: Education for the 21st century (Part I); Telecollaborative language teaching: What, why and how? (Part II). University of Cyprus Language Centre, Cyprus. June 14 2018.<\/li>\n\n\n\n<li><strong>Dolors Masats, Maria Mont &amp; Melinda Dooly:<\/strong> Workshop: Trobada ICE: Multidisciplinary integrative English projects in primary schools (hosted by Institute de C\u00ecencies de l&#8217;Educaci\u00f3-UAB). January 27 2018<\/li>\n<\/ul>\n<\/div><\/details>\n\n\n\n<details class=\"wp-block-mamaduka-toggles wp-block-toggles\"><summary><strong><strong>201<\/strong>7<\/strong><\/summary><div class=\"wp-block-toggles__content\">\n<ul style=\"font-size:14px\" class=\"wp-block-list\">\n<li><strong>Melinda Dooly:<\/strong> Talk &amp; Workshop: Preparing teachers for now and the future: What can we do?&nbsp;Centre of Excellence in Teaching, Lee University (Tennessee, USA). 23 August 2017.<\/li>\n<\/ul>\n<\/div><\/details>\n\n\n\n<details class=\"wp-block-mamaduka-toggles wp-block-toggles\"><summary><strong><strong>201<\/strong>6<\/strong><\/summary><div class=\"wp-block-toggles__content\">\n<ul style=\"font-size:14px\" class=\"wp-block-list\">\n<li><strong>Melinda Dooly: <\/strong>Seminar: School of Oriental &amp; Asian Studies<\/li>\n\n\n\n<li><strong>Emilee Moore: <\/strong>Seminar: M\u00e0ster en Lleng\u00fces Aplicades: Universitat de Lleida<\/li>\n\n\n\n<li><strong>Emilee Moore: <\/strong>Seminar: Master in Professional Language and Intercultural Studies<\/li>\n\n\n\n<li><strong>Amparo Tus\u00f3n: <\/strong>Seminar: Universidad Distrital Francisco Jos\u00e9 de Caldas, Bogot\u00e1, Colombia<\/li>\n\n\n\n<li><strong>Amparo Tus\u00f3n: <\/strong>Seminar: M\u00e0ster Universitari de Formaci\u00f3 del Professorat de Secund\u00e0ria Obligat\u00f2ria i Batxillerat, Formaci\u00f3 Professional i Ensenyament d\u2019Idiomes.&nbsp;FACULTAT D\u2019EDUCACI\u00d3, UAB<\/li>\n\n\n\n<li><strong>Artur Noguerol, Xavier Pascual, Dolors Masats: <\/strong>Equip per reformar el sistema educatiu de l&#8217;escola Andorrana. Etapa actual: batxillerat.<\/li>\n<\/ul>\n<\/div><\/details>\n\n\n\n<details class=\"wp-block-mamaduka-toggles wp-block-toggles\"><summary><strong><strong>201<\/strong>5<\/strong><\/summary><div class=\"wp-block-toggles__content\">\n<ul style=\"font-size:14px\" class=\"wp-block-list\">\n<li><strong>Melinda Dooly: Online seminar: <\/strong>Telecollaboration. University of Groningen, NL. March 10th, 2015.<\/li>\n\n\n\n<li><strong>Melinda Dooly: Thematic Workshop: <\/strong>The Know-How of e-Networking. VoiceS Inservice course (Erasmus+). Barcelona, ES. 18-21 February 2015.<\/li>\n\n\n\n<li><strong>Artur Noguerol, Luci Nussbaum, Dolors Masats, Matilde Mart\u00ednez:<\/strong>&nbsp;<strong>Thematic Workshop:&nbsp;<\/strong>\u201cL&#8217;avaluaci\u00f3 integrada en l&#8217;enfocament per compet\u00e8ncies i com avaluar, en aquest marc, la compet\u00e8ncia pluriling\u00fce i intercultural\u201d. Nov\u00e8 Simposi Llengua, Educaci\u00f3 i Immigraci\u00f3. Girona, 21-22 november 2014.<\/li>\n\n\n\n<li><strong>Emilee&nbsp;Moore &amp;&nbsp;&nbsp;J\u00falia Llompart<\/strong>&nbsp;(GREIP) &amp; Maria Rosa&nbsp;Garrido&nbsp;(group CIEN):&nbsp;<strong>&nbsp;Thematic Workshop<\/strong>&nbsp;inspired on plurilingual didactics and Hip&nbsp;Hop pedagogy. Campus&nbsp;\u00cdtaca 2015, english workshops.<\/li>\n\n\n\n<li><strong>Emilee&nbsp;Moore<\/strong>&nbsp;(GREIP) &amp; Maria Rosa&nbsp;Garrido&nbsp;(group CIEN):&nbsp;<strong>teacher&#8217;s workshop<\/strong>&nbsp;\u201cRap a l&#8217;aula i pedagogies de&nbsp;Hip&nbsp;Hop\u201d, coordinated by Cristina Aliaga, J\u00falia-Alba&nbsp;Fern\u00e1ndez&nbsp;i Gai\u00e0 &amp; Pau&nbsp;Llonch. Escola d&#8217;estiu Rosa Sensat 2015.<\/li>\n\n\n\n<li><strong>Emilee&nbsp;Moore<\/strong>&nbsp;(GREIP) &amp; Maria Rosa&nbsp;Garrido&nbsp;(grup CIEN):&nbsp;<strong>&nbsp;Thematic Workshop<\/strong>&nbsp;on Hip&nbsp;Hop &amp; Rap. Junior University, Universitat de Vic, july 2015.<\/li>\n\n\n\n<li><strong>Emilee Moore:<\/strong>&nbsp;<strong>Master in Applied Languages<\/strong>, module on Multilingualism and Intercultural Education, University of Lleida (from 2015\/16).<\/li>\n\n\n\n<li><strong>Luci Nussbaum:<\/strong>&nbsp;module <strong>Discourse Analysis I,<\/strong>&nbsp;from the inter-universities <strong>master on Discourse Studies<\/strong> coordinated by the Universitat Pompeu Fabra.&nbsp;<\/li>\n\n\n\n<li><strong>Amparo Tus\u00f3n:<\/strong>&nbsp;<strong>M\u00e0ster Universitari de Formaci\u00f3 del Professorat<\/strong> de Secund\u00e0ria Obligat\u00f2ria i Batxillerat, Formaci\u00f3 Professional i Ensenyament D\u2019idiomes. Facultat de Ci\u00e8ncies de l\u2019Educaci\u00f3 UAB, january 16-february 6, 2015.<\/li>\n<\/ul>\n<\/div><\/details>\n\n\n\n<details class=\"wp-block-mamaduka-toggles wp-block-toggles\"><summary><strong><strong>201<\/strong>4<\/strong><\/summary><div class=\"wp-block-toggles__content\">\n<ul style=\"font-size:14px\" class=\"wp-block-list\">\n<li><strong>M. Mart\u00ednez,&nbsp;D. Masats,&nbsp;A. Noguerol, L. Nussbaum &amp; R.M. Ram\u00edrez:&nbsp;&nbsp;Thematic Workshop:&nbsp;<\/strong>\u201cL&#8217;avaluaci\u00f3 integrada en l&#8217;enfocament per compet\u00e8ncies i com avaluar, en aquest marc, la compet\u00e8ncia pluriling\u00fce i intercultural\u201d&nbsp;(2 sessions held with IRUIF &amp; PERMSEA, Government of Andorra). IX&nbsp;Nov\u00e8 Simposi Llengua, Educaci\u00f3 i Immigraci\u00f3&nbsp;&nbsp;\u201cAvaluaci\u00f3: eina de selecci\u00f3 o eina d&#8217;equitat\u201d. Universitat de Girona, Institut de Ci\u00e8ncies de l&#8217;Educaci\u00f3 Josep Pallach. Girona, november&nbsp;21-22, 2014. Available at:&nbsp;<strong><a rel=\"noreferrer noopener\" href=\"https:\/\/dugi.udg.edu\/browse-titles\/dc.subject:%22Avaluaci%C3%B3%22\/225\/25\" target=\"_blank\">https:\/\/dugi.udg.edu\/browse-titles\/dc.subject:%22Avaluaci%C3%B3%22\/225\/25<\/a><\/strong><\/li>\n\n\n\n<li><strong>Luci Nussbaum:&nbsp;Thematic Workshop:&nbsp;<\/strong>Comment planifier des projets didactiques pluridisciplinaires et plurilingues?.&nbsp;Jornadas &#8216;Education en langues secondes et \u00e9trang\u00e8res&#8217;, organizadas por el laboratorio ASLAN (Universidad de Lyon), 8-10 October 2014.<\/li>\n\n\n\n<li><strong>Laia Canals, Melinda Dooly,&nbsp;J\u00falia Llompart&nbsp;&amp;&nbsp;Emilee Moore,&nbsp;<\/strong>Workshop on teaching language &amp; literature:&nbsp;<a rel=\"noreferrer noopener\" href=\"https:\/\/pagines.uab.cat\/campusitaca\/es\" target=\"_blank\">CAMPUS ITACA<\/a>, Universidad Aut\u00f3noma de Barcelona (iterative, current).<\/li>\n\n\n\n<li><strong>Melinda Dooly, Thematic Workshop:&nbsp;&nbsp;<\/strong>Netvaerksprojektet vedr. fremmedsprog i gymnasiet (financed by Danish Ministry). March 2014.<\/li>\n\n\n\n<li><strong>Melinda Dooly,&nbsp;Research Workshop:&nbsp;<\/strong>Aesthetics &amp; Communication Department, Aarhus University (Denmark). PhD Seminar: Research methods in foreign language teaching and learning: Doing research in teacher cognition and computer-mediated collaboration. March 2014.<\/li>\n\n\n\n<li><strong>Melinda Dooly,&nbsp;Thematic Workshop:&nbsp;&nbsp;<\/strong>EACEA funded inservice programme, Universitat Aut\u00f2noma de Barcelona. Integrated competences for European teachers. Giving voice(s) to culture, identity and diversity in school networking. Workshop: Learning about online interaction. Tools for networking and telecollaboration. March 2014.<\/li>\n\n\n\n<li><strong>Melinda Dooly,&nbsp;Thematic Workshop:&nbsp;<\/strong>Technology-Enhanced Project-Based Language Learning: An Introduction. School of Humanities, University of Cyprus. November 2014<\/li>\n\n\n\n<li><strong>Amparo Tus\u00f3n<\/strong>&nbsp;M\u00e1ster de Lengua Espa\u00f1ola, Literatura Hisp\u00e1nica y Espa\u00f1ol como Lengua Extranjera. Dept. de Filologia Espanyola UAB, october 4-november 22, 2014.&nbsp;<\/li>\n<\/ul>\n<\/div><\/details>\n\n\n\n<details class=\"wp-block-mamaduka-toggles wp-block-toggles\"><summary><strong><strong>201<\/strong>1<\/strong><\/summary><div class=\"wp-block-toggles__content\">\n<ul style=\"font-size:14px\" class=\"wp-block-list\">\n<li><strong><strong><strong><strong>Amparo Tus\u00f3n,&nbsp;<\/strong><\/strong><\/strong><\/strong>Thematic Workshop:&nbsp;&nbsp;La investigaci\u00f3n acci\u00f3n en el aula, organizado por la&nbsp;<em>Red de lenguaje por la transformaci\u00f3n de la escuela y la comunidad,<\/em>Centro Escolar Morelos, Oaxaca, M\u00e9xico&nbsp;<em>(<\/em>9\/12\/2011)<\/li>\n\n\n\n<li><strong><strong><strong><strong>Dolors Masats &amp; Melinda Dooly,&nbsp;<\/strong><\/strong><\/strong><\/strong>Thematic Workshop:&nbsp;&nbsp;Ministeri d&#8217;Educaci\u00f3 i Cultural (Andorra). Seminar: L\u2019avaluaci\u00f3 de la compet\u00e8ncia oral en llengua anglesa a batxillerat (Assessing Oral Competences in English in Secondary School). February 2011.<\/li>\n<\/ul>\n<\/div><\/details>\n\n\n\n<details class=\"wp-block-mamaduka-toggles wp-block-toggles\"><summary><strong><strong>2010<\/strong><\/strong><\/summary><div class=\"wp-block-toggles__content\">\n<ul style=\"font-size:14px\" class=\"wp-block-list\">\n<li><strong><strong><strong>Amparo Tus\u00f3n,&nbsp;<\/strong><\/strong><\/strong>Thematic Workshop:&nbsp;&nbsp;La investigaci\u00f3n en la acci\u00f3n como recurso pedag\u00f3gico, Cuernavaca, M\u00e9xico (29 i 30\/11 i 1\/12\/2010)<\/li>\n\n\n\n<li><strong><strong>Amparo Tus\u00f3n,&nbsp;<\/strong>Thematic Workshop:&nbsp;<\/strong>&nbsp;Oralidad y ense\u00f1anza de la lengua, Universidad Aut\u00f3noma de Nuevo Le\u00f3n, Monterrey, M\u00e9xico (6, 7 i 8\/12\/2010)<\/li>\n<\/ul>\n<\/div><\/details>\n\n\n\n<details class=\"wp-block-mamaduka-toggles wp-block-toggles\"><summary><strong>2006<\/strong><\/summary><div class=\"wp-block-toggles__content\">\n<ul style=\"font-size:14px\" class=\"wp-block-list\">\n<li><strong><strong>Melinda Dooly,&nbsp;<\/strong>Summer Course:<\/strong>&nbsp;DeVos College of Education and Graduate Studies. Teacher College Exchange USA-EU &#8211; Lee University (Tennessee, USA). Summer 2006.<\/li>\n<\/ul>\n<\/div><\/details>\n<\/div><\/details>\n\n\n\n<hr class=\"wp-block-separator has-alpha-channel-opacity\" \/>\n\n\n\n<p class=\"has-background\" style=\"background-color:#f1f1f1;font-size:14px\">The GREIP research team (<em>Grup de Recerca en Ensenyament i Interacci\u00f3 Pluriling\u00fces<\/em>)&nbsp;aims to ensure that our research and teaching meet all ethical principles based on the <em>UNESCO Universal Declaration of Bioethics<\/em>, the <strong><em>Declaration of Helsinki<\/em> <\/strong>and the <strong><em>Belmont Report<\/em>.<\/strong> These declarations enshrine the principles of benevolence, non-maleficence (an obligation not to intentionally inflict harm), autonomy and justice as well as the protection of human rights, human dignity and the right to privacy and confidentiality of the data derived from research. An important focus of our research is to try to ensure that the results of our research benefit society and as well as the subjects involved in our investigation.<\/p>\n\n\n\n<p class=\"has-background\" style=\"background-color:#f1f1f1;font-size:14px\">For these motives, we have elaborated and duly respect the following <strong>research protocol<\/strong>, based on the guidelines by the <a rel=\"noreferrer noopener\" href=\"https:\/\/www.recerca.uab.es\/ceeah\/docs\/reglament_ceeah.pdf\" target=\"_blank\">Comissi\u00f3 d&#8217;\u00c8tica en Experimentaci\u00f3 a la UAB<\/a> [Universitat Aut\u00f2noma Council on Research Ethics] and the <a rel=\"noreferrer noopener\" href=\"https:\/\/www.ethicsweb.eu\/node\/1\" target=\"_blank\">European Ethics Documentation Centre<\/a>.<\/p>\n\n\n\n<details class=\"wp-block-mamaduka-toggles wp-block-toggles\"><summary>GREIP Research Protocol<\/summary><div class=\"wp-block-toggles__content\">\n<ul style=\"font-size:14px\" class=\"wp-block-list\">\n<li>Before embarking on any research project, the GREIP research team will carefully consider any potential risks or harm that may arise as a result of the research. In the case of potential risks, the research team will establish the means to minimise the likelihood and impact of each potential harm that has been identified.<\/li>\n\n\n\n<li>The GREIP research team will always provide sufficient information to reviewers, ethical board members and participants to fully comprehend the scope of any research project under the aegis of the research team. This will include clear information on the aims of the research, the rationale and justification for the research, the study design (including data collection and methods of analysis) as well as a justification for all of the research methods to be used. The head researcher of the project will make their contact details available to all informants for any complaints or ethical issues that may arise during the period of research and these will be dealt with through the local ethics board. This procedure includes doctoral studies supervised by any GREIP research team member.&nbsp;<\/li>\n\n\n\n<li>The GREIP research team will always obtain informed consent from all parties involved in the research prior to implementing the research project. This will include full disclosure of any anticipated risks to the subjects, whether the respondents will be compensated in any way, the methodology to be used and data treatment. A compliance document between parties (GREIP research team and the informant) will be signed by the individuals who are responsible for each institution (e.g. head researcher, head of school). In the case of research carried out with children under the age of 18 and which is in collaboration with schools, the education centre will provide parental consent for research to be carried out in the centre. In the case of a research project carried out with informants outside of an institution, on a one-to-one basis, signed consent will be obtained by each informant prior to beginning the research. In the case of research carried out with children under the age of 18 and which is not in collaboration with schools, the head researcher will seek signed parental consent. These procedures include doctoral studies supervised by any GREIP research team member.&nbsp;<\/li>\n\n\n\n<li>Requests for consent will always include the possibility of opting out of the research. In cases where opting out carries ethical issues of an individual being unable to partake in educational activities, the individual will take part in the research activity but data will not be collected whenever possible. The filming of the whole group will avoid close-ups of these people. In cases where it is impossible to avoid up-close data recording of said persons, the data will be eliminated.<\/li>\n\n\n\n<li>The GREIP research team will ensure confidentiality of all research subjects, including data stemming from systematic reviews of documents, which might be considered sensitive due to&nbsp;a) the racial or ethnic origin of the participant; b) their political opinions; c) their religious beliefs or other beliefs of a similar nature; d) whether the participant is a member of a trade union; e) their physical health including their mental health or any medical conditions; f) their sexual life; g) the commission or alleged commission by them of any offence; or h) any proceedings for any offence committed or alleged to have been committed by the participant, the disposal of such proceedings or the sentence of any court in such proceedings.&nbsp; This confidentiality clause includes data from doctoral studies supervised by any GREIP research team member.&nbsp;<\/li>\n\n\n\n<li>In the case of compilation of personal data from the informants, such data shall always be obtained only for specified and lawful purposes, and shall not be further processed in any manner incompatible with those purposes. Personal data shall be adequate, relevant and not excessive in relation to the purpose or purposes for which they are processed. Personal data shall be accurate and, where necessary, kept up to date. Personal data shall not be kept for longer than is necessary. Appropriate technical and organisational measures shall be taken against unauthorised or unlawful processing of personal data and against accidental loss or destruction of, or damage to, personal data. This procedure includes doctoral studies supervised by any GREIP research team member.<\/li>\n\n\n\n<li>Participant schools or informants may request viewing of all data related to the research before data management begins.&nbsp;If data is considered objectionable by the participating school or individual informant it will be destroyed upon presentation of a justifiable argument for doing so.<\/li>\n\n\n\n<li>Access to raw data collected under the aegis of the GREIP research team will only be allowed to members of the immediate research team (in the case of locally, nationally and internationally funded research projects), to doctoral students and their supervisors (in the case of doctoral studies) and to collaborating researchers who are fully accredited (e.g. completion of an international ethics research exam; demonstrable research trajectory), following explicit permission by the research members involved in the data collection and full disclosure to the informants.<\/li>\n\n\n\n<li>The method of processing the data will be fully disclosed to the informants before beginning data compilation. These methods include anonymizing the names of individuals and institutions, blurring of faces in videos and images, deleting information that can lead to recognition of participants such as locations, names of cities, etc.<\/li>\n\n\n\n<li>Processed data (anonymized, codified, etc.) may be used for academic or educational purposes such as publications, conferences, teaching materials and policy documents only if this has been included in the written consent form signed by the informants. Anyone who has not been directly involved in the data compilation may only have access to processed data for such purposes (publications, teaching materials, etc.) after requesting explicit permission from those responsible for the data collection.&nbsp;<\/li>\n\n\n\n<li>In the case of international research collaboration in which a member of the GREIP team is the lead investigator, the ethic statements of all the countries involved in collecting and handling the data will be studied. Explicit protocols concerning collection and treatment of data as well as use of data for publications and other academic output will be elaborated which cover as many of the ethical requirements of the countries as possible. However, compliance to the ethical considerations concerning the collection and handling of data in each country will be the direct responsibility of the collaborating researcher in that country.<\/li>\n<\/ul>\n<\/div><\/details>\n","protected":false},"excerpt":{"rendered":"<p>GREIP has been involved in many different projects throughout its history. Team members have participated in local, state and international initiatives, and, on several occasions, heldthe role of PI. Our projects establish synergies between research, teaching innovation and the development of materials, in order to broaden and deepen knowledge between social interaction and language learning [&hellip;]<\/p>\n","protected":false},"author":20,"featured_media":0,"parent":0,"menu_order":0,"comment_status":"closed","ping_status":"closed","template":"index.php","meta":{"footnotes":""},"class_list":["post-120","page","type-page","status-publish","hentry"],"_links":{"self":[{"href":"https:\/\/webs.uab.cat\/greip\/en\/wp-json\/wp\/v2\/pages\/120","targetHints":{"allow":["GET"]}}],"collection":[{"href":"https:\/\/webs.uab.cat\/greip\/en\/wp-json\/wp\/v2\/pages"}],"about":[{"href":"https:\/\/webs.uab.cat\/greip\/en\/wp-json\/wp\/v2\/types\/page"}],"author":[{"embeddable":true,"href":"https:\/\/webs.uab.cat\/greip\/en\/wp-json\/wp\/v2\/users\/20"}],"replies":[{"embeddable":true,"href":"https:\/\/webs.uab.cat\/greip\/en\/wp-json\/wp\/v2\/comments?post=120"}],"version-history":[{"count":99,"href":"https:\/\/webs.uab.cat\/greip\/en\/wp-json\/wp\/v2\/pages\/120\/revisions"}],"predecessor-version":[{"id":4164936682,"href":"https:\/\/webs.uab.cat\/greip\/en\/wp-json\/wp\/v2\/pages\/120\/revisions\/4164936682"}],"wp:attachment":[{"href":"https:\/\/webs.uab.cat\/greip\/en\/wp-json\/wp\/v2\/media?parent=120"}],"curies":[{"name":"wp","href":"https:\/\/api.w.org\/{rel}","templated":true}]}}