{"id":4164937281,"date":"2025-06-30T19:44:36","date_gmt":"2025-06-30T19:44:36","guid":{"rendered":"https:\/\/webs.uab.cat\/greip\/?page_id=4164937281"},"modified":"2026-02-15T10:25:04","modified_gmt":"2026-02-15T10:25:04","slug":"projectes-de-recerca-en-curs","status":"publish","type":"page","link":"https:\/\/webs.uab.cat\/greip\/projectes-de-recerca-en-curs\/","title":{"rendered":"Projectes de recerca en curs"},"content":{"rendered":"\n<p class=\"has-text-align-center\"><strong><em>Grup de Recerca en Educaci\u00f3, Interacci\u00f3 i Pluriling\u00fcisme<br>Grupo de Investigaci\u00f3n en Educaci\u00f3n, Interacci\u00f3n y Pluriling\u00fcismo<br>Research Group for Education, Interaction and Plurilingualism<\/em><\/strong><\/p>\n\n\n\n<h2 class=\"wp-block-heading has-background\" style=\"background-color:#f5f4f4;font-size:14px\"><\/h2>\n\n\n\n<p class=\"has-text-align-left\" style=\"font-size:14px\">El&nbsp;<strong>GREIP&nbsp;<\/strong>s\u2019ha involucrat en projectes diferents al llarg de la seva hist\u00f2ria. Alguns membres de l\u2019equip han participat en iniciatives locals, estatals i internacionals, i, en diverses ocasions, han exercit el paper d\u2019investigadors principals. Els nostres projectes estableixen sinergies entre recerca, innovaci\u00f3 docent i desenvolupament de materials, per tal d\u2019ampliar i aprofundir coneixement entre interacci\u00f3 social i aprenentatge de lleng\u00fces en diversos contextos socials pluriling\u00fces.<\/p>\n\n\n\n<hr class=\"wp-block-separator has-alpha-channel-opacity\" \/>\n\n\n\n<div style=\"height:33px\" aria-hidden=\"true\" class=\"wp-block-spacer\"><\/div>\n\n\n\n<h2 class=\"wp-block-heading\">Projectes de recerca en curs<\/h2>\n\n\n<div class=\"wp-block-image\">\n<figure class=\"aligncenter size-large\"><img loading=\"lazy\" decoding=\"async\" width=\"1024\" height=\"577\" src=\"https:\/\/webs.uab.cat\/greip\/wp-content\/uploads\/sites\/213\/2022\/12\/Research-1024x577.png\" alt=\"\" class=\"wp-image-2967\" srcset=\"https:\/\/webs.uab.cat\/greip\/wp-content\/uploads\/sites\/213\/2022\/12\/Research-1024x577.png 1024w, https:\/\/webs.uab.cat\/greip\/wp-content\/uploads\/sites\/213\/2022\/12\/Research-300x169.png 300w, https:\/\/webs.uab.cat\/greip\/wp-content\/uploads\/sites\/213\/2022\/12\/Research-768x433.png 768w, https:\/\/webs.uab.cat\/greip\/wp-content\/uploads\/sites\/213\/2022\/12\/Research.png 1196w\" sizes=\"auto, (max-width: 1024px) 100vw, 1024px\" \/><figcaption class=\"wp-element-caption\">Imatges creades per Intel\u00b7lig\u00e8ncia Artificial<\/figcaption><\/figure>\n<\/div>\n\n\n<h2 class=\"wp-block-heading\"><\/h2>\n\n\n\n<details class=\"wp-block-mamaduka-toggles wp-block-toggles\"><summary>Projectes de recerca<\/summary><div class=\"wp-block-toggles__content\">\n<details class=\"wp-block-mamaduka-toggles wp-block-toggles\"><summary>DECERC-GM: El Desenvolupament de la Compet\u00e8ncia Escrita i el Raonament Cr\u00edtic en els Graus de Maestro<\/summary><div class=\"wp-block-toggles__content\">\n<p style=\"font-size:14px\"><strong>Resum<\/strong><\/p>\n\n\n\n<p style=\"font-size:14px\">La investigaci\u00f3 sobre l\u2019ensenyament de l\u2019escriptura a l\u2019escola obligat\u00f2ria ha tingut al nostre pa\u00eds i la darrera d\u00e8cada un ampli desenvolupament, d\u2019acord amb la investigaci\u00f3 internacional. Tanmateix, es constata una manca de transfer\u00e8ncia dels resultats a tot el professorat i per aix\u00f2 t\u00e9 un impacte baix a la pr\u00e0ctica de l\u2019aula. Quan els alumnes arriben a la universitat tenen un nivell d\u2019escriptura molt baix, cosa que suggereix que els dediquen poc temps a escriure a l\u2019escola. Aix\u00f2 tamb\u00e9 apunta que els mestres no s\u00f3n conscients de la necessitat d\u2019atendre de manera adequada el proc\u00e9s d\u2019ensenyament-aprenentatge complex que l\u2019escriptura requereix i la necessitat de trencar la din\u00e0mica d\u2019un ensenyament deficient de la composici\u00f3 escrita que es perllonga al llarg de l\u2019escolaritat i que afecta la preparaci\u00f3 amb qu\u00e8 els estudiants accedeixen als graus en educaci\u00f3. La formaci\u00f3 del professorat \u00e9s, en aquest sentit, un \u00e0mbit estrat\u00e8gic per a la millora de la compet\u00e8ncia escrita de la poblaci\u00f3 i que en aquests moments requereix respostes adequades. Per donar una resposta a aquesta necessitat, en el nostre projecte considerem que en el marc dels treballs sobre el discurs acad\u00e8mic calen m\u00e9s estudis d\u2019instrucci\u00f3 directa per veure quina efic\u00e0cia t\u00e9 aquesta instrucci\u00f3 en la producci\u00f3 dels textos per part dels estudiants dels graus en educaci\u00f3 i futurs docents. Desenvolupar la compet\u00e8ncia escrita requereix dels futurs docents capacitat d\u2019aprendre a aprendre i desenvolupar la seva compet\u00e8ncia escrita i la pr\u00f2pia veu a trav\u00e9s del raonament cr\u00edtic. Per a aix\u00f2 cal interrelacionar <em>a<\/em>) els processos reflexius dels aprenents a l\u2019hora d\u2019escriure, <em>b<\/em>) la creaci\u00f3 d\u2019espais dial\u00f2gics en el context de la composici\u00f3 escrita per desenvolupar el raonament cr\u00edtic i <em>c<\/em>) la implementaci\u00f3 d\u2019intervencions a l\u2019aula orientades a acompanyar els processos d\u2019ensenyament-aprenentatge. El projecte s\u2019organitza en una s\u00e8rie d\u2019objectius espec\u00edfics: 1) caracteritzar els coneixements dels alumnes i el contingut sobre composici\u00f3 escrita i raonament cr\u00edtic en els programes de les assignatures; 2) dissenyar una intervenci\u00f3 d\u2019instrucci\u00f3 directa; 3) implementar aquest disseny d\u2019instrucci\u00f3 directa a les aules d\u2019estudiants de graus en educaci\u00f3; 4) con\u00e8ixer a trav\u00e9s de l\u2019an\u00e0lisi dels textos escrits pels alumnes si aquesta intervenci\u00f3 ha produ\u00eft una millora; 5) indicar si hi ha transfer\u00e8ncia quan els alumnes escriuen un text fora dels marges de la intervenci\u00f3 dissenyada; 6) con\u00e8ixer el grau de capacitat dels alumnes per reflexionar sobre els propis textos, i 7) elaborar un document d\u2019orientaci\u00f3 per a professors encarregats dels graus en educaci\u00f3. En el context de societats globals, interconnectades i en transformaci\u00f3 accelerada, aquest projecte aspira a donar resposta a aquestes necessitats en un doble sentit: no nom\u00e9s ens trobem amb la tessitura de formar futurs ciutadans cr\u00edtics i competents comunicativament, sin\u00f3 que aquests ciutadans, en el desenvolupament de la seva professi\u00f3 docent, hauran de prendre consci\u00e8ncia de la import\u00e0ncia d\u2019aquest coneixement i saber ensenyar-lo. Al document que s\u2019elabora per disseminar els resultats obtinguts al nostre estudi, cristal\u00b7litzaran un conjunt d\u2019orientacions per a la formaci\u00f3 del professorat.<\/p>\n\n\n\n<p style=\"font-size:14px\"><strong>Detalls del project<\/strong>e (GREIP com a IP del projecte)<\/p>\n\n\n\n<ul style=\"font-size:14px\" class=\"wp-block-list\">\n<li>Dates: 01\/09\/2021 &#8211; 31\/08\/2025<\/li>\n\n\n\n<li>Entitat&nbsp;finan\u00e7adora:&nbsp;Ministerio de Ciencia y Innovaci\u00f3n<\/li>\n\n\n\n<li>Codi:&nbsp; PID2020-117813RA-I00<\/li>\n\n\n\n<li>Pressupost: 41,091\u20ac<\/li>\n\n\n\n<li><strong>IP: Dr. Xavier Fontich<\/strong><\/li>\n\n\n\n<li>Equip del GREIP: Dra. Dolors Masats Viladoms\n<ul class=\"wp-block-list\">\n<li>Equip de treball: Marcos Troncoso Di\u00e1z (estudiant doctoral), Juddy Torres Villamil (estudiant doctoral)<\/li>\n\n\n\n<li>Institucions participants: Universitat Aut\u00f2noma de Barcelona; Universidad de Zaragoza; Universidad Complutense de Madrid; Universidad de Extremadura; Universitat Internacional de Catalunya; Fontys Hogeschool Sittard (Pa\u00efsos Baixos); Universit\u00e9 de Paris (Fran\u00e7a); Universit\u00e9 de Cergy-Pontoise (Fran\u00e7a); Universidad Nacional de la Plata (Argentina); Instituto Polit\u00e9cnico de Set\u00fabal (Portugal); P\u00e4dagogische Hochschule Heidelberg (Alemanya); Universit\u00e9 du Qu\u00e9bec \u00e0 Montr\u00e9al (Canad\u00e0); Odense University (Dinamarca)<\/li>\n<\/ul>\n<\/li>\n<\/ul>\n<\/div><\/details>\n\n\n\n<details class=\"wp-block-mamaduka-toggles wp-block-toggles\"><summary>ALPHABETICA &#8211; Activating Learning Paths: Educaci\u00f3 i formaci\u00f3 hol\u00edstiques basades en les arts per a la inclusi\u00f3 i la consci\u00e8ncia cultural<\/summary><div class=\"wp-block-toggles__content\">\n<p style=\"font-size:14px\"><strong>Resum<\/strong><\/p>\n\n\n\n<p style=\"font-size:14px\">Aquest projecte forma part del programa Horizon Europe CL2-2024-TRANSFORMATIONS-01-08.<\/p>\n\n\n\n<p style=\"font-size:14px\">El projecte ALPHABETICA adopta un enfocament multim\u00e8tode i participatiu per a l&#8217;estudi de l&#8217;impacte de l&#8217;educaci\u00f3 basada en les arts en el desenvolupament hol\u00edstic dels menors\/joves, al mateix temps que se centra en l&#8217;efecte transformador de la seva participaci\u00f3 activa i apoderament en el seu proc\u00e9s d&#8217;aprenentatge per a aprendre al llarg de la vida i afrontar els reptes del futur.<\/p>\n\n\n\n<p style=\"font-size:14px\">El projecte se centra en trobar solucions transferibles i reprodu\u00efbles que puguin utilitzar-se en diversos contextos socioecon\u00f2mics i culturals, i que garanteixin que tots els menors puguin accedir a l&#8217;educaci\u00f3 basada en les arts, aix\u00ed com a avaluar si les habilitats desenvolupades a trav\u00e9s de l&#8217;educaci\u00f3 basada en les arts poden transferir-se i estimular l&#8217;aprenentatge permanent, i com i on. Algunes de les preguntes de recerca que guien el projecte s\u00f3n:<\/p>\n\n\n\n<ol class=\"wp-block-list\">\n<li style=\"font-size:14px\">Quina \u00e9s la comprensi\u00f3 i la percepci\u00f3 subjectives de l&#8217;art per part dels menors, els joves, els pares i altres parts interessades en l&#8217;educaci\u00f3 i la societat?<\/li>\n\n\n\n<li style=\"font-size:14px\">Com promouen les arts i l&#8217;educaci\u00f3 art\u00edstica una experi\u00e8ncia d&#8217;aprenentatge m\u00e9s hol\u00edstica i compromesa i mantenen un comprom\u00eds amb l&#8217;aprenentatge permanent m\u00e9s enll\u00e0 del que ja existeix en l&#8217;educaci\u00f3 i la societat?<\/li>\n\n\n\n<li style=\"font-size:14px\">Com influeix l&#8217;educaci\u00f3 art\u00edstica en la capacitat de menors i joves per a fer front als reptes que imposa la complexitat en diferents \u00e0mbits socials?<\/li>\n\n\n\n<li style=\"font-size:14px\">Quines accions i bones pr\u00e0ctiques a nivell local i nacional poden garantir a tots els menors un acc\u00e9s igualitari i ampli a les arts?<\/li>\n<\/ol>\n\n\n\n<p style=\"font-size:14px\">Per a respondre a aquestes preguntes i garantir el comprom\u00eds dels joves com a agents actius de la societat civil, el projecte es basa en cinc enfocaments te\u00f2rics i metodol\u00f2gics principals:<\/p>\n\n\n\n<ol class=\"wp-block-list\">\n<li style=\"font-size:14px\">L&#8217;educaci\u00f3 basada en les arts<\/li>\n\n\n\n<li style=\"font-size:14px\">Recerca Acci\u00f3 Participativa<\/li>\n\n\n\n<li style=\"font-size:14px\">Pedagogies de la cura, l&#8217;amor i l&#8217;encant<\/li>\n\n\n\n<li style=\"font-size:14px\">Pedagogies del passat, del present i del futur imaginat<\/li>\n\n\n\n<li style=\"font-size:14px\">M\u00e9s que hum\u00e0<\/li>\n<\/ol>\n\n\n\n<p style=\"font-size:14px\">A trav\u00e9s d&#8217;un enfocament participatiu i basat en la pr\u00e0ctica, l&#8217;ambici\u00f3\/visi\u00f3 de ALPHABETICA \u00e9s tenir un impacte transformador en l&#8217;ensenyament de les arts i l&#8217;educaci\u00f3 basada en les arts salvant les llacunes en la recerca, activant la formaci\u00f3 educativa basada en les arts per a posar l&#8217;educaci\u00f3 art\u00edstica a l&#8217;abast de tots els menors, i avaluant i validant els resultats instrumentals dels enfocaments transferibles apresos a trav\u00e9s de les arts i l&#8217;educaci\u00f3 basada en les arts.<\/p>\n\n\n\n<p style=\"font-size:14px\"><strong>Detalls del projecte<\/strong> <\/p>\n\n\n\n<ul style=\"font-size:14px\" class=\"wp-block-list\">\n<li>Dates: 01\/01\/2025 &#8211; 30\/06\/2028<\/li>\n\n\n\n<li>Entitat&nbsp;finan\u00e7adora:&nbsp;Ministerio de Ciencia y Innovaci\u00f3n<\/li>\n\n\n\n<li>Codi:&nbsp;HEU_101177819_ALPHABETICA<\/li>\n\n\n\n<li>Pressupost: Total projecte: 2.978.702,50 \u20ac &#8211; <strong>Import concedit UAB:<\/strong> 240.750\u20ac<\/li>\n\n\n\n<li><strong>IP: Dra. Claudia Vallejo <\/strong><\/li>\n\n\n\n<li>Equip del GREIP: Dra. Melinda Dooly,&nbsp; Dra. J\u00falia Llompart, Dra. Dolors Masats, Dra. Emilee Moore, <strong>Dra<\/strong>. <strong>Claudia Vallejo (IP), <\/strong>Marta Arum\u00ed, Mireia Vargas, Gema Rubio, Postdoc: Dra. Denise Holgu\u00edn\n<ul class=\"wp-block-list\">\n<li>Institucions participants: Universit\u00e0 di Bologna \u2013 UNIBO; Open University \u2013 OU; Oxford Brookes University \u2013 OBU; Interkulturalni PL \u2013 IPL; Synthesis \u2013 SYNT; Universidade NOVA de Lisboa -NOVA; Elhuyar \u2013 ELH; Universit\u00e0 di Torino \u2013 UNITO; Universitat Aut\u00f2noma de Barcelona \u2013 UAB; Uni\u00e3o de Refugiados em Portugal -UREP; Kirklareli \u0130l \u00d6zel \u0130daresi \u2013 Kirkareli; Ministero della Cultura \u2013 MiC; Save the Children &#8211; StC IT<\/li>\n<\/ul>\n<\/li>\n\n\n\n<li>Lloc web: <a href=\"https:\/\/alphabetica-project.eu\/\">ALPHABETICA<\/a><\/li>\n<\/ul>\n<\/div><\/details>\n\n\n\n<details class=\"wp-block-mamaduka-toggles wp-block-toggles\"><summary>LIVRE &#8211; Learning In Virtual REality<\/summary><div class=\"wp-block-toggles__content\">\n<p style=\"font-size:14px\"><strong>Resum<\/strong><\/p>\n\n\n\n<p style=\"font-size:14px\">El projecte LIVRE respon al Pla d&#8217;Acci\u00f3 d&#8217;Educaci\u00f3 Digital de la UE (2021-2027) investigant com els bots avatar combinats amb IA i Realitat Virtual (RV) de baixa, mitjana i alta immersi\u00f3 poden enfortir l&#8217;aprenentatge de compet\u00e8ncies digitals i lleng\u00fces en diferents contextos educatius. LIVRE s&#8217;aplica a tres nivells: prim\u00e0ria, secund\u00e0ria i universitat (formaci\u00f3 inicial del professorat). El projecte analitzar\u00e0 l&#8217;\u00fas de RV a l&#8217;aula, desenvolupar\u00e0 m\u00f2duls de RV, complementats per IA, dissenyats espec\u00edficament per ajudar el professorat de lleng\u00fces a millorar les habilitats de gesti\u00f3 de l&#8217;aula en aquests contextos tecnol\u00f2gics. Basant-se en l&#8217;an\u00e0lisi de les interaccions en els entorns immersius i les perspectives dels docents, LIVRE cerca crear models d&#8217;instrucci\u00f3 replicables, basats en els resultats, que puguin escalar-se i integrar-se en altres contextos educatius.<\/p>\n\n\n\n<p style=\"font-size:14px\">Te\u00f2ricament, LIVRE es basa en la noci\u00f3 que el domini de lleng\u00fces i la compet\u00e8ncia digital s\u00f3n cada cop m\u00e9s essencials per participar en una societat globalment connectada i tecnol\u00f2gicament avan\u00e7ada, on la IA i els entorns immersius s\u00f3n cada cop m\u00e9s comuns en l&#8217;educaci\u00f3 i en molts altres \u00e0mbits de la vida quotidiana, tant professionals com socials i recreatius. Per tant, el projecte investiga els beneficis i els desafiaments percebuts sobre la integraci\u00f3 d&#8217;IA i RV en el sistema educatiu, mesura l&#8217;impacte d&#8217;intervencions modulars de RV amb docents en pr\u00e0ctiques i en formaci\u00f3. Mitjan\u00e7ant m\u00e8todes mixtos (p. ex., an\u00e0lisi d&#8217;interacci\u00f3, grups focals amb metodologia Q i estudis de cas), LIVRE cerca oferir eines pr\u00e0ctiques, models pedag\u00f2gics i orientaci\u00f3 per a fomentar pr\u00e0ctiques efectives i un disseny transferible per a l&#8217;adopci\u00f3 sostenible de la RV, optimitzada amb IA, en la did\u00e0ctica de lleng\u00fces i la formaci\u00f3 docent.<\/p>\n\n\n\n<p style=\"font-size:14px\"><strong>Detalls del projecte<\/strong> <\/p>\n\n\n\n<ul style=\"font-size:14px\" class=\"wp-block-list\">\n<li>Dates: 01\/02\/2025 &#8211; 31\/01\/2030<\/li>\n\n\n\n<li>Entitat\u00a0finan\u00e7adora:\u00a0ICREA (Instituci\u00f2 Catalana de Investigaci\u00f2 i Estudis Avan\u00e7ats)<\/li>\n\n\n\n<li>Codi:\u00a02024 ICREA 00090<\/li>\n\n\n\n<li>Pressupost: 200.000\u20ac<\/li>\n\n\n\n<li><strong>IP: Dra. Melinda Dooly (subvenci\u00f3 a titular \u00fanica)<\/strong><strong> <\/strong><\/li>\n\n\n\n<li>Lloc web: <a href=\"https:\/\/alphabetica-project.eu\/\">ALPHABETICA<\/a><\/li>\n<\/ul>\n<\/div><\/details>\n<\/div><\/details>\n\n\n\n<details class=\"wp-block-mamaduka-toggles wp-block-toggles\"><summary>Projectes d\u2019innovaci\u00f3 i desenvolupament<\/summary><div class=\"wp-block-toggles__content\">\n<details class=\"wp-block-mamaduka-toggles wp-block-toggles\"><summary>ECML &#8211; A toolkit for implementing integrated didactics in language education<\/summary><div class=\"wp-block-toggles__content\">\n<p style=\"font-size:14px\"><strong>Resum<\/strong><\/p>\n\n\n\n<p style=\"font-size:14px\">Aquest projecte defineix l\u2019educaci\u00f3 pluriling\u00fce i intercultural com un \u00abconcepte hol\u00edstic\u00bb que \u00abes proposa fomentar el desenvolupament de repertoris ling\u00fc\u00edstics integrats en qu\u00e8 les lleng\u00fces s\u2019interrelacionen i interactuen\u00bb. El projecte de did\u00e0ctica integrada facilita aquest desenvolupament proporcionant als responsables de la presa de decisions a les escoles una l\u00f2gica clara per repensar l\u2019educaci\u00f3 ling\u00fc\u00edstica de manera hol\u00edstica, valorant tot el repertori ling\u00fc\u00edstic dels aprenents, i al mateix temps desenvolupant eines i materials did\u00e0ctics concrets per als professors dels centres de secund\u00e0ria, on les lleng\u00fces sovint es consideren de forma a\u00efllada. Aquestes eines i materials poden adaptar-se a diferents contextos. Es basen en els recursos ECML existents, sobretot en el Marc de refer\u00e8ncia per a enfocaments pluralistes de lleng\u00fces i cultures (FREPA\/CARAP). La l\u00f2gica i les eines es complementen amb una s\u00e8rie d\u2019exemples inspiradors de pr\u00e0ctiques de tot Europa.<\/p>\n\n\n\n<p style=\"font-size:14px\"><strong>Detalls del projecte<\/strong> (GREIP com equip participant)<\/p>\n\n\n\n<ul style=\"font-size:14px\" class=\"wp-block-list\">\n<li>Dates: 2024 &#8211; 2027<\/li>\n\n\n\n<li>Entitat finan\u00e7adora:&nbsp;ECML (European Centre for Modern Languages)<\/li>\n\n\n\n<li>Codi: <a href=\"http:\/\/www.ecml.at\/integrateddidactics\">www.ecml.at\/integrateddidactics<\/a><\/li>\n\n\n\n<li>Presuppost: 80,000\u20ac (total project); UAB: 18.000\u20ac<\/li>\n\n\n\n<li>IP: Dr. Christian KOCH (Universit\u00e4t Siegen)<\/li>\n\n\n\n<li>Equip del GREIP: <strong>Dra. Dolors Masats<\/strong> <strong>(IP UAB)<\/strong><\/li>\n\n\n\n<li>Institucions participants:\n<ul class=\"wp-block-list\">\n<li>Universitats: The University of Warsaw (Poland), University of Utrecht (The Netherlands), Universit\u00e4t Siegen (Germany), Universit\u00e9 du Maine (France), P\u00e4dagogische Hochschule St. Gallen (Germany),  <strong>Universidad Aut\u00f3noma de Barcelona (Equip GREIP)<\/strong><\/li>\n<\/ul>\n<\/li>\n<\/ul>\n<\/div><\/details>\n\n\n\n<div style=\"height:22px\" aria-hidden=\"true\" class=\"wp-block-spacer\"><\/div>\n<\/div><\/details>\n\n\n\n<div style=\"height:10px\" aria-hidden=\"true\" class=\"wp-block-spacer\"><\/div>\n\n\n\n<hr class=\"wp-block-separator has-alpha-channel-opacity\" \/>\n\n\n\n<h2 class=\"wp-block-heading\">Invitacions<\/h2>\n\n\n\n<details class=\"wp-block-mamaduka-toggles wp-block-toggles\"><summary><strong>Selecci\u00f3 de pon\u00e8ncies i seminaris convidats<\/strong><\/summary><div class=\"wp-block-toggles__content\">\n<details class=\"wp-block-mamaduka-toggles wp-block-toggles\"><summary><strong><strong>2022<\/strong><\/strong><\/summary><div class=\"wp-block-toggles__content\">\n<ul style=\"font-size:14px\" class=\"wp-block-list\">\n<li><strong>Melinda Dooly:<\/strong> Revamping the lessons with catchy and useful tasks: Project-based learning versus Task-based learning. Keynote: Digitask Multiplier Event. Barcelona, 7-9 September 2022.<\/li>\n\n\n\n<li><strong>Melinda Dooly:<\/strong> What now? Transforming techno-pedagogical skills to transglobal communicative competences. Keynote: Digital Literacy Project Seminars, funded by the Economic and Social Research Council (ESRC, UK) and the Ministry of Science and Tecnology (MOST, Taiwan) UK-Taiwan Networking. 4 March 2022.<\/li>\n\n\n\n<li><strong>Melinda Dooly:<\/strong> Integrating plurilingual learning spaces into &#8216;target language&#8217; teaching. Keynote: Online workshop: Learning Spaces. School Education Gateway and eTwinning, Brussels. 2-4 March 2022.<\/li>\n<\/ul>\n<\/div><\/details>\n\n\n\n<details class=\"wp-block-mamaduka-toggles wp-block-toggles\"><summary><strong><strong>2021<\/strong><\/strong><\/summary><div class=\"wp-block-toggles__content\">\n<ul style=\"font-size:14px\" class=\"wp-block-list\">\n<li><strong>Melinda Dooly: <\/strong>Transglobal communicative competence as a key aspect of digital, democratic citizenry. Embedding a democratic culture dimension in teacher education programmes final conference (Keynote). Universitat Aut\u00f2noma de Barcelona. 21-22 October 2021.<\/li>\n\n\n\n<li><strong>Melinda Dooly: <\/strong>Seminar: Experiencias de investigaci\u00f3n en did\u00e1cticas espec\u00edficas y en la comunicaci\u00f3n de la investigaci\u00f3n. Invited speaker: Seminario Internacional en Did\u00e1ctica de las Ciencias Sociales. Departament de Did\u00e0ctica de la Llengua, la Literatura, i les Ci\u00e8ncies Social, Universitat Aut\u00f2noma de Barcelona. 21-22 June 2021.<\/li>\n\n\n\n<li><strong>Melinda Dooly:<\/strong> 20 anys de intercanvis virtuals des de la perspectiva de la pand\u00e8mia: Lli\u00e7ons apreses i nous reptes Invited speaker: Un any de doc\u00e8ncia on-line: reptes i oportunitats&#8217;. Lecture Series organized by the Facultat de Ci\u00e8ncies de l&#8217;Educaci\u00f3 de la Universitat Aut\u00f2noma de Barcelona. 17 May 2021.<\/li>\n<\/ul>\n<\/div><\/details>\n\n\n\n<details class=\"wp-block-mamaduka-toggles wp-block-toggles\"><summary><strong><strong>2020<\/strong><\/strong><\/summary><div class=\"wp-block-toggles__content\">\n<p style=\"font-size:14px\"><strong>Melinda Dooly:<\/strong> Workshop: Continued teacher education: &#8216;Una propuesta pedag\u00f3gica para la era digital: ense\u00f1ar lenguas a trav\u00e9s de la tecnolog\u00eda&#8217;. Invited speaker: 9a edici\u00f3 del Curs de formaci\u00f3 per a professorat de xin\u00e8s a Catalunya [9th Professional Development Event for Teachers of Chinese in Catalonia]. Fundaci\u00f3 Institut Confuci de Barcelona. 15 November 2020.<\/p>\n<\/div><\/details>\n\n\n\n<details class=\"wp-block-mamaduka-toggles wp-block-toggles\"><summary><strong><strong>201<\/strong>9<\/strong><\/summary><div class=\"wp-block-toggles__content\">\n<ul style=\"font-size:14px\" class=\"wp-block-list\">\n<li><strong>Luci Nussbaum: <\/strong>Seminar: La recerca-acci\u00f3. M\u00e0ster en Did\u00e0ctica del Xin\u00e8s per a Hispanoparlants, Universitat Aut\u00f2noma de Barcelona. 15 January 2019.<\/li>\n\n\n\n<li><strong>Melinda Dooly &amp; Emilee Moore: <\/strong>Talk &amp; Workshop: Bringing down borders through \u2018techno-pedagogical\u2019 skills. Department of Fachdidaktik Anglistik, Universit\u00e4t Graz (Austria). 15-16 January 2019.<\/li>\n<\/ul>\n<\/div><\/details>\n\n\n\n<details class=\"wp-block-mamaduka-toggles wp-block-toggles\"><summary><strong><strong>201<\/strong>8<\/strong><\/summary><div class=\"wp-block-toggles__content\">\n<ul style=\"font-size:14px\" class=\"wp-block-list\">\n<li><strong>Maria Mont: <\/strong>Create, Innovate &amp; Communicate in ELT (Flash Training). Associaci\u00f3 de Professors d&#8217;Angl\u00e8s de Catalunya (APAC) with the Consorci d\u2019Educaci\u00f3 de Barcelona, and with collaboration from Trinity College London and the Associaci\u00f3 de Mestres Rosa Sensat. 27 October 2018.<\/li>\n\n\n\n<li><strong>Melinda Dooly: <\/strong>Talk &amp; Workshop: Out of the classroom and into the world: Education for the 21st century (Part I); Telecollaborative language teaching: What, why and how? (Part II). University of Cyprus Language Centre, Cyprus. June 14 2018.<\/li>\n\n\n\n<li><strong>Dolors Masats, Maria Mont &amp; Melinda Dooly:<\/strong> Workshop: Trobada ICE: Multidisciplinary integrative English projects in primary schools (hosted by Institute de C\u00ecencies de l&#8217;Educaci\u00f3-UAB). January 27 2018<\/li>\n<\/ul>\n<\/div><\/details>\n\n\n\n<details class=\"wp-block-mamaduka-toggles wp-block-toggles\"><summary><strong><strong>201<\/strong>7<\/strong><\/summary><div class=\"wp-block-toggles__content\">\n<ul style=\"font-size:14px\" class=\"wp-block-list\">\n<li><strong>Melinda Dooly:<\/strong> Talk &amp; Workshop: Preparing teachers for now and the future: What can we do?&nbsp;Centre of Excellence in Teaching, Lee University (Tennessee, USA). 23 August 2017.<\/li>\n<\/ul>\n<\/div><\/details>\n\n\n\n<details class=\"wp-block-mamaduka-toggles wp-block-toggles\"><summary><strong><strong>201<\/strong>6<\/strong><\/summary><div class=\"wp-block-toggles__content\">\n<ul style=\"font-size:14px\" class=\"wp-block-list\">\n<li><strong>Melinda Dooly: <\/strong>Seminar: School of Oriental &amp; Asian Studies<\/li>\n\n\n\n<li><strong>Emilee Moore: <\/strong>Seminar: M\u00e0ster en Lleng\u00fces Aplicades: Universitat de Lleida<\/li>\n\n\n\n<li><strong>Emilee Moore: <\/strong>Seminar: Master in Professional Language and Intercultural Studies<\/li>\n\n\n\n<li><strong>Amparo Tus\u00f3n: <\/strong>Seminar: Universidad Distrital Francisco Jos\u00e9 de Caldas, Bogot\u00e1, Colombia<\/li>\n\n\n\n<li><strong>Amparo Tus\u00f3n: <\/strong>Seminar: M\u00e0ster Universitari de Formaci\u00f3 del Professorat de Secund\u00e0ria Obligat\u00f2ria i Batxillerat, Formaci\u00f3 Professional i Ensenyament d\u2019Idiomes.&nbsp;FACULTAT D\u2019EDUCACI\u00d3, UAB<\/li>\n\n\n\n<li><strong>Artur Noguerol, Xavier Pascual, Dolors Masats: <\/strong>Equip per reformar el sistema educatiu de l&#8217;escola Andorrana. Etapa actual: batxillerat.<\/li>\n<\/ul>\n<\/div><\/details>\n\n\n\n<details class=\"wp-block-mamaduka-toggles wp-block-toggles\"><summary><strong><strong>201<\/strong>5<\/strong><\/summary><div class=\"wp-block-toggles__content\">\n<ul style=\"font-size:14px\" class=\"wp-block-list\">\n<li><strong>Melinda Dooly: Online seminar: <\/strong>Telecollaboration. University of Groningen, NL. March 10th, 2015.<\/li>\n\n\n\n<li><strong>Melinda Dooly: Thematic Workshop: <\/strong>The Know-How of e-Networking. VoiceS Inservice course (Erasmus+). Barcelona, ES. 18-21 February 2015.<\/li>\n\n\n\n<li><strong>Artur Noguerol, Luci Nussbaum, Dolors Masats, Matilde Mart\u00ednez:<\/strong>&nbsp;<strong>Thematic Workshop:&nbsp;<\/strong>\u201cL&#8217;avaluaci\u00f3 integrada en l&#8217;enfocament per compet\u00e8ncies i com avaluar, en aquest marc, la compet\u00e8ncia pluriling\u00fce i intercultural\u201d. Nov\u00e8 Simposi Llengua, Educaci\u00f3 i Immigraci\u00f3. Girona, 21-22 november 2014.<\/li>\n\n\n\n<li><strong>Emilee&nbsp;Moore &amp;&nbsp;&nbsp;J\u00falia Llompart<\/strong>&nbsp;(GREIP) &amp; Maria Rosa&nbsp;Garrido&nbsp;(group CIEN):&nbsp;<strong>&nbsp;Thematic Workshop<\/strong>&nbsp;inspired on plurilingual didactics and Hip&nbsp;Hop pedagogy. Campus&nbsp;\u00cdtaca 2015, english workshops.<\/li>\n\n\n\n<li><strong>Emilee&nbsp;Moore<\/strong>&nbsp;(GREIP) &amp; Maria Rosa&nbsp;Garrido&nbsp;(group CIEN):&nbsp;<strong>teacher&#8217;s workshop<\/strong>&nbsp;\u201cRap a l&#8217;aula i pedagogies de&nbsp;Hip&nbsp;Hop\u201d, coordinated by Cristina Aliaga, J\u00falia-Alba&nbsp;Fern\u00e1ndez&nbsp;i Gai\u00e0 &amp; Pau&nbsp;Llonch. Escola d&#8217;estiu Rosa Sensat 2015.<\/li>\n\n\n\n<li><strong>Emilee&nbsp;Moore<\/strong>&nbsp;(GREIP) &amp; Maria Rosa&nbsp;Garrido&nbsp;(grup CIEN):&nbsp;<strong>&nbsp;Thematic Workshop<\/strong>&nbsp;on Hip&nbsp;Hop &amp; Rap. Junior University, Universitat de Vic, july 2015.<\/li>\n\n\n\n<li><strong>Emilee Moore:<\/strong>&nbsp;<strong>Master in Applied Languages<\/strong>, module on Multilingualism and Intercultural Education, University of Lleida (from 2015\/16).<\/li>\n\n\n\n<li><strong>Luci Nussbaum:<\/strong>&nbsp;module <strong>Discourse Analysis I,<\/strong>&nbsp;from the inter-universities <strong>master on Discourse Studies<\/strong> coordinated by the Universitat Pompeu Fabra.&nbsp;<\/li>\n\n\n\n<li><strong>Amparo Tus\u00f3n:<\/strong>&nbsp;<strong>M\u00e0ster Universitari de Formaci\u00f3 del Professorat<\/strong> de Secund\u00e0ria Obligat\u00f2ria i Batxillerat, Formaci\u00f3 Professional i Ensenyament D\u2019idiomes. Facultat de Ci\u00e8ncies de l\u2019Educaci\u00f3 UAB, january 16-february 6, 2015.<\/li>\n<\/ul>\n<\/div><\/details>\n\n\n\n<details class=\"wp-block-mamaduka-toggles wp-block-toggles\"><summary><strong><strong>201<\/strong>4<\/strong><\/summary><div class=\"wp-block-toggles__content\">\n<ul style=\"font-size:14px\" class=\"wp-block-list\">\n<li><strong>M. Mart\u00ednez,&nbsp;D. Masats,&nbsp;A. Noguerol, L. Nussbaum &amp; R.M. Ram\u00edrez:&nbsp;&nbsp;Thematic Workshop:&nbsp;<\/strong>\u201cL&#8217;avaluaci\u00f3 integrada en l&#8217;enfocament per compet\u00e8ncies i com avaluar, en aquest marc, la compet\u00e8ncia pluriling\u00fce i intercultural\u201d&nbsp;(2 sessions held with IRUIF &amp; PERMSEA, Government of Andorra). IX&nbsp;Nov\u00e8 Simposi Llengua, Educaci\u00f3 i Immigraci\u00f3&nbsp;&nbsp;\u201cAvaluaci\u00f3: eina de selecci\u00f3 o eina d&#8217;equitat\u201d. Universitat de Girona, Institut de Ci\u00e8ncies de l&#8217;Educaci\u00f3 Josep Pallach. Girona, november&nbsp;21-22, 2014. Available at:&nbsp;<strong><a rel=\"noreferrer noopener\" href=\"https:\/\/dugi.udg.edu\/browse-titles\/dc.subject:%22Avaluaci%C3%B3%22\/225\/25\" target=\"_blank\">https:\/\/dugi.udg.edu\/browse-titles\/dc.subject:%22Avaluaci%C3%B3%22\/225\/25<\/a><\/strong><\/li>\n\n\n\n<li><strong>Luci Nussbaum:&nbsp;Thematic Workshop:&nbsp;<\/strong>Comment planifier des projets didactiques pluridisciplinaires et plurilingues?.&nbsp;Jornadas &#8216;Education en langues secondes et \u00e9trang\u00e8res&#8217;, organizadas por el laboratorio ASLAN (Universidad de Lyon), 8-10 October 2014.<\/li>\n\n\n\n<li><strong>Laia Canals, Melinda Dooly,&nbsp;J\u00falia Llompart&nbsp;&amp;&nbsp;Emilee Moore,&nbsp;<\/strong>Workshop on teaching language &amp; literature:&nbsp;<a rel=\"noreferrer noopener\" href=\"https:\/\/pagines.uab.cat\/campusitaca\/es\" target=\"_blank\">CAMPUS ITACA<\/a>, Universidad Aut\u00f3noma de Barcelona (iterative, current).<\/li>\n\n\n\n<li><strong>Melinda Dooly, Thematic Workshop:&nbsp;&nbsp;<\/strong>Netvaerksprojektet vedr. fremmedsprog i gymnasiet (financed by Danish Ministry). March 2014.<\/li>\n\n\n\n<li><strong>Melinda Dooly,&nbsp;Research Workshop:&nbsp;<\/strong>Aesthetics &amp; Communication Department, Aarhus University (Denmark). PhD Seminar: Research methods in foreign language teaching and learning: Doing research in teacher cognition and computer-mediated collaboration. March 2014.<\/li>\n\n\n\n<li><strong>Melinda Dooly,&nbsp;Thematic Workshop:&nbsp;&nbsp;<\/strong>EACEA funded inservice programme, Universitat Aut\u00f2noma de Barcelona. Integrated competences for European teachers. Giving voice(s) to culture, identity and diversity in school networking. Workshop: Learning about online interaction. Tools for networking and telecollaboration. March 2014.<\/li>\n\n\n\n<li><strong>Melinda Dooly,&nbsp;Thematic Workshop:&nbsp;<\/strong>Technology-Enhanced Project-Based Language Learning: An Introduction. School of Humanities, University of Cyprus. November 2014<\/li>\n\n\n\n<li><strong>Amparo Tus\u00f3n<\/strong>&nbsp;M\u00e1ster de Lengua Espa\u00f1ola, Literatura Hisp\u00e1nica y Espa\u00f1ol como Lengua Extranjera. Dept. de Filologia Espanyola UAB, october 4-november 22, 2014.&nbsp;<\/li>\n<\/ul>\n<\/div><\/details>\n\n\n\n<details class=\"wp-block-mamaduka-toggles wp-block-toggles\"><summary><strong><strong>201<\/strong>1<\/strong><\/summary><div class=\"wp-block-toggles__content\">\n<ul style=\"font-size:14px\" class=\"wp-block-list\">\n<li><strong><strong><strong><strong>Amparo Tus\u00f3n,&nbsp;<\/strong><\/strong><\/strong><\/strong>Thematic Workshop:&nbsp;&nbsp;La investigaci\u00f3n acci\u00f3n en el aula, organizado por la&nbsp;<em>Red de lenguaje por la transformaci\u00f3n de la escuela y la comunidad,<\/em>Centro Escolar Morelos, Oaxaca, M\u00e9xico&nbsp;<em>(<\/em>9\/12\/2011)<\/li>\n\n\n\n<li><strong><strong><strong><strong>Dolors Masats &amp; Melinda Dooly,&nbsp;<\/strong><\/strong><\/strong><\/strong>Thematic Workshop:&nbsp;&nbsp;Ministeri d&#8217;Educaci\u00f3 i Cultural (Andorra). Seminar: L\u2019avaluaci\u00f3 de la compet\u00e8ncia oral en llengua anglesa a batxillerat (Assessing Oral Competences in English in Secondary School). February 2011.<\/li>\n<\/ul>\n<\/div><\/details>\n\n\n\n<details class=\"wp-block-mamaduka-toggles wp-block-toggles\"><summary><strong><strong>2010<\/strong><\/strong><\/summary><div class=\"wp-block-toggles__content\">\n<ul style=\"font-size:14px\" class=\"wp-block-list\">\n<li><strong><strong><strong>Amparo Tus\u00f3n,&nbsp;<\/strong><\/strong><\/strong>Thematic Workshop:&nbsp;&nbsp;La investigaci\u00f3n en la acci\u00f3n como recurso pedag\u00f3gico, Cuernavaca, M\u00e9xico (29 i 30\/11 i 1\/12\/2010)<\/li>\n\n\n\n<li><strong><strong>Amparo Tus\u00f3n,&nbsp;<\/strong>Thematic Workshop:&nbsp;<\/strong>&nbsp;Oralidad y ense\u00f1anza de la lengua, Universidad Aut\u00f3noma de Nuevo Le\u00f3n, Monterrey, M\u00e9xico (6, 7 i 8\/12\/2010)<\/li>\n<\/ul>\n<\/div><\/details>\n\n\n\n<details class=\"wp-block-mamaduka-toggles wp-block-toggles\"><summary><strong>2006<\/strong><\/summary><div class=\"wp-block-toggles__content\">\n<ul style=\"font-size:14px\" class=\"wp-block-list\">\n<li><strong><strong>Melinda Dooly,&nbsp;<\/strong>Summer Course:<\/strong>&nbsp;DeVos College of Education and Graduate Studies. Teacher College Exchange USA-EU &#8211; Lee University (Tennessee, USA). Summer 2006.<\/li>\n<\/ul>\n<\/div><\/details>\n<\/div><\/details>\n\n\n\n<div style=\"height:9px\" aria-hidden=\"true\" class=\"wp-block-spacer\"><\/div>\n\n\n\n<p class=\"has-background\" style=\"background-color:#f1f1f1;font-size:14px\">El&nbsp;Grup de Recerca en Educaci\u00f3, Interacci\u00f3 i Pluriling\u00fcisme(GREIP) t\u00e9 la missi\u00f3 de vetllar per tal que la recerca i la doc\u00e8ncia que duu a terme amb persones compleixi tots els principis \u00e8tics que inspiren tant la&nbsp;Declaraci\u00f3 Universal de Bio\u00e8tica de la UNESCO&nbsp;com la&nbsp;Declaraci\u00f3 d\u2019H\u00e8lsinki&nbsp;i&nbsp;l\u2019Informe Belmont. En tots tres casos s\u2019estableix que cal actuar de manera transparent, no infligir danys intencionadament i salvaguardar els principis d\u2019autonomia i de just\u00edcia, aix\u00ed com la protecci\u00f3 dels drets humans, de la dignitat de les persones i del dret a la privacitat i a la confidencialitat de les dades derivades de la investigaci\u00f3. Un eix important de la nostra recerca \u00e9s aconseguir que els resultats obtinguts benefici\u00efn la societat i les persones que participen en els nostres estudis.<\/p>\n\n\n\n<p class=\"has-background\" style=\"background-color:#f1f1f1;font-size:14px\">Per aquests motius, hem elaborat un&nbsp;protocol de recerca, de compliment obligat, basat en el&nbsp;<a href=\"https:\/\/www.uab.cat\/doc\/Reglament_etica_en_recerca\" target=\"_blank\" rel=\"noreferrer noopener\">Reglament de la Comissi\u00f3 d\u2019\u00c8tica de la UAB<\/a>&nbsp;i en les directrius de l\u2019<a href=\"https:\/\/research-and-innovation.ec.europa.eu\/strategy\/support-policy-making\/scientific-support-eu-policies\/european-group-ethics_en\" target=\"_blank\" rel=\"noreferrer noopener\">European Ethics Documentation Centre<\/a>.<\/p>\n\n\n\n<details class=\"wp-block-mamaduka-toggles wp-block-toggles\"><summary><strong>Protocol de recerca del GREIP<\/strong><\/summary><div class=\"wp-block-toggles__content\">\n<ul style=\"font-size:14px\" class=\"wp-block-list\">\n<li>Abans d\u2019iniciar qualsevol projecte, el GREIP considera acuradament els possibles riscos o danys que puguin sorgir com a resultat de la investigaci\u00f3. En el cas de riscos potencials, l\u2019equip ha d\u2019establir els mitjans necessaris per reduir-los.<\/li>\n\n\n\n<li>El GREIP permet sempre l\u2019acc\u00e9s a la informaci\u00f3 dels seus projectes a equips avaluadors, a comit\u00e8s d\u2019\u00e8tica i a qui participi en la investigaci\u00f3. La informaci\u00f3 que es presenta \u00e9s suficient per comprendre plenament l\u2019abast de qualsevol projecte. Aix\u00f2 inclou informaci\u00f3 clara sobre els objectius, el fonament i la justificaci\u00f3 de la investigaci\u00f3 i el disseny de l\u2019estudi, inclosa la metodologia de recol\u00b7lecci\u00f3 i d\u2019an\u00e0lisi de dades. La persona responsable principal del projecte facilita les dades de contacte a qui sigui pertinent (en cas d\u2019un centre educatiu, al seu m\u00e0xim responsable) per a qualsevol queixa o problema \u00e8tic que pugui sorgir durant el per\u00edode d\u2019investigaci\u00f3 i que hagi de tractar el comit\u00e8 d\u2019\u00e8tica local. Aquests requeriments afecten tamb\u00e9 els estudis de doctorat sota la supervisi\u00f3 de qualsevol membre del GREIP.<\/li>\n\n\n\n<li>El GREIP obt\u00e9 pr\u00e8viament a l\u2019inici de l\u2019estudi el consentiment per escrit de totes les parts involucrades en la investigaci\u00f3. Aix\u00f2 inclou la divulgaci\u00f3 completa de la metodologia que s\u2019utilitzar\u00e0, del tractament de dades i de qualsevol risc previst, aix\u00ed com si es recompensa d\u2019alguna manera qui participi en el projecte. S\u2019ha de signar un document d\u2019acord entre les parts responsables de cada instituci\u00f3 (per exemple, la persona responsable principal del GREIP i algun membre de la direcci\u00f3 d\u2019un centre educatiu on es faci la recerca). En cas que la investigaci\u00f3 involucri menors de divuit anys i sigui en col\u00b7laboraci\u00f3 amb centres d\u2019educaci\u00f3, cal que els menors obtinguin el consentiment dels progenitors o persones responsables. En el cas d\u2019un projecte de recerca dut a terme amb participants de fora d\u2019una instituci\u00f3, se n\u2019ha de tenir el consentiment escrit i signat abans d\u2019iniciar la investigaci\u00f3. En cas que la investigaci\u00f3 involucri menors de divuit anys i no hi col\u00b7labori algun centre d\u2019educaci\u00f3, la persona investigadora del GREIP ha d\u2019obtenir el consentiment signat dels seus progenitors o persones responsables abans de comen\u00e7ar la investigaci\u00f3. Aquests procediments afecten tamb\u00e9 els estudis de doctorat que estiguin sota la supervisi\u00f3 de qualsevol component del GREIP.<\/li>\n\n\n\n<li>Les sol\u00b7licituds de consentiment sempre inclouen la possibilitat de l\u2019exclusi\u00f3 volunt\u00e0ria de la investigaci\u00f3. En els casos en qu\u00e8 l\u2019exclusi\u00f3 volunt\u00e0ria plantegi que un individu no pugui participar en activitats educatives, l\u2019individu en q\u00fcesti\u00f3 en pot continuar prenent part, per\u00f2 no es recolliran dades que l\u2019afectin. Els registres han d\u2019evitar primers plans d\u2019aquestes persones o, en cas que sigui impossible evitar-ho, s\u2019eliminaran els plans que les afectin.<\/li>\n\n\n\n<li>El GREIP garanteix la confidencialitat de qui participa en la investigaci\u00f3 i d\u2019aquelles dades procedents de la revisi\u00f3 de documents relacionats amb la recerca, amb especial sensibilitat cap <em>a<\/em>) l\u2019origen racial o \u00e8tnic de les persones, <em>b<\/em>) les opinions pol\u00edtiques, <em>c<\/em>) les creences religioses o altres creences de naturalesa similar, <em>d<\/em>) la pertinen\u00e7a a un sindicat, <em>e<\/em>) la salut mental o la condici\u00f3 f\u00edsica,<em> f<\/em>) l\u2019orientaci\u00f3 sexual, <em>g<\/em>) la consumaci\u00f3 o presumpta consumaci\u00f3 de qualsevol delicte o <em>h<\/em>) qualsevol proc\u00e9s judicial per un delicte com\u00e8s o suposadament com\u00e8s, aix\u00ed com la sent\u00e8ncia de qualsevol tribunal. Aquest requisit inclou tamb\u00e9 estudis de doctorat sota la supervisi\u00f3 de membres del GREIP.<\/li>\n\n\n\n<li>Les dades personals es recullen nom\u00e9s per a finalitats espec\u00edfiques i leg\u00edtimes i no es tracten posteriorment de manera incompatible amb aquestes finalitats. Les dades personals s\u00f3n adequades, pertinents i no excessives amb relaci\u00f3 a la finalitat o les finalitats per a les quals es van recollir i, quan sigui convenient, s\u2019actualitzen. No es conserven durant m\u00e9s temps del necessari segons les finalitats declarades en la investigaci\u00f3. S\u2019adopten les mesures t\u00e8cniques i organitzatives adequades per evitar la utilitzaci\u00f3 no autoritzada o il\u00b7legal de les dades personals i per evitar-ne la p\u00e8rdua accidental o la destrucci\u00f3. Aquests principis inclouen tamb\u00e9 els estudis de doctorat sota la supervisi\u00f3 de qualsevol component del GREIP.<\/li>\n\n\n\n<li>Els procediments de tractament de les dades s\u2019expliquen a les persones que han de participar en una investigaci\u00f3. Aix\u00f2 inclou la refer\u00e8ncia an\u00f2nima als individus i a les institucions i l\u2019eliminaci\u00f3 de rastres d\u2019identificaci\u00f3 dels rostres en v\u00eddeos i imatges, aix\u00ed com l\u2019eliminaci\u00f3 d\u2019informaci\u00f3 que pugui facilitar el reconeixement dels participants, com ara ubicacions, noms de ciutats, etc.<\/li>\n\n\n\n<li>L\u2019acc\u00e9s a les dades no processades recollides per persones del GREIP es permet nom\u00e9s a membres acreditats de l\u2019equip de recerca (en el cas de projectes d\u2019investigaci\u00f3 finan\u00e7ats a escala local, nacional i internacional), a estudiants de doctorat i a qui en supervisi el treball (en el cas d\u2019estudis doctorals) i a persones que col\u00b7laborin amb el GREIP i que estiguin plenament acreditades, amb el perm\u00eds expl\u00edcit de qui ha participat en la recopilaci\u00f3 de les dades i amb el coneixement de les persones informants.<\/li>\n\n\n\n<li>Les dades processades (an\u00f2nimes, codificades, etc.) es poden utilitzar amb prop\u00f2sits acad\u00e8mics i educatius, com ara publicacions, confer\u00e8ncies, materials did\u00e0ctics i documents pol\u00edtics, nom\u00e9s si s\u2019ha incl\u00f2s aquesta informaci\u00f3 en el formulari de consentiment escrit i signat per qui ha participat en la investigaci\u00f3. Qualsevol persona que no hagi participat directament en la recopilaci\u00f3 de dades nom\u00e9s pot tenir-hi acc\u00e9s per a publicacions, materials did\u00e0ctics, etc., despr\u00e9s de sol\u00b7licitar el perm\u00eds expl\u00edcit de qui les va recollir.<\/li>\n\n\n\n<li>En el cas d\u2019una investigaci\u00f3 internacional la persona responsable principal de la qual sigui membre del GREIP, s\u2019han d\u2019estudiar els principis \u00e8tics de tots els pa\u00efsos involucrats. S\u2019han d\u2019elaborar protocols expl\u00edcits referents a la recollida i tractament de dades, aix\u00ed com sobre la utilitzaci\u00f3 per a publicacions i altres finalitats acad\u00e8miques, de manera que s\u2019incloguin, sempre que sigui possible, tots els requisits \u00e8tics dels pa\u00efsos involucrats. No obstant aix\u00f2, el compliment dels protocols d\u2019\u00e8tica de cada pa\u00eds pel que fa a la recollida i el tractament de les dades \u00e9s responsabilitat directa dels equips col\u00b7laboradors a cada pa\u00eds.<\/li>\n<\/ul>\n<\/div><\/details>\n","protected":false},"excerpt":{"rendered":"<p>Grup de Recerca en Educaci\u00f3, Interacci\u00f3 i Pluriling\u00fcismeGrupo de Investigaci\u00f3n en Educaci\u00f3n, Interacci\u00f3n y Pluriling\u00fcismoResearch Group for Education, Interaction and Plurilingualism El&nbsp;GREIP&nbsp;s\u2019ha involucrat en projectes diferents al llarg de la seva hist\u00f2ria. Alguns membres de l\u2019equip han participat en iniciatives locals, estatals i internacionals, i, en diverses ocasions, han exercit el paper d\u2019investigadors principals. Els [&hellip;]<\/p>\n","protected":false},"author":2718,"featured_media":0,"parent":0,"menu_order":0,"comment_status":"closed","ping_status":"closed","template":"","meta":{"footnotes":""},"class_list":["post-4164937281","page","type-page","status-publish","hentry"],"_links":{"self":[{"href":"https:\/\/webs.uab.cat\/greip\/wp-json\/wp\/v2\/pages\/4164937281","targetHints":{"allow":["GET"]}}],"collection":[{"href":"https:\/\/webs.uab.cat\/greip\/wp-json\/wp\/v2\/pages"}],"about":[{"href":"https:\/\/webs.uab.cat\/greip\/wp-json\/wp\/v2\/types\/page"}],"author":[{"embeddable":true,"href":"https:\/\/webs.uab.cat\/greip\/wp-json\/wp\/v2\/users\/2718"}],"replies":[{"embeddable":true,"href":"https:\/\/webs.uab.cat\/greip\/wp-json\/wp\/v2\/comments?post=4164937281"}],"version-history":[{"count":4,"href":"https:\/\/webs.uab.cat\/greip\/wp-json\/wp\/v2\/pages\/4164937281\/revisions"}],"predecessor-version":[{"id":4164937820,"href":"https:\/\/webs.uab.cat\/greip\/wp-json\/wp\/v2\/pages\/4164937281\/revisions\/4164937820"}],"wp:attachment":[{"href":"https:\/\/webs.uab.cat\/greip\/wp-json\/wp\/v2\/media?parent=4164937281"}],"curies":[{"name":"wp","href":"https:\/\/api.w.org\/{rel}","templated":true}]}}