{"id":374,"date":"2011-11-30T13:26:35","date_gmt":"2011-11-30T11:26:35","guid":{"rendered":"https:\/\/webs.uab.cat\/picec\/publicacions-2\/"},"modified":"2021-02-23T14:19:00","modified_gmt":"2021-02-23T12:19:00","slug":"publicacions-2","status":"publish","type":"page","link":"https:\/\/webs.uab.cat\/grepiic\/en\/publicacions-2\/","title":{"rendered":"Publicacions"},"content":{"rendered":"<table align=\"left\" border=\"0\">\n<tbody>\n<tr>\n<td><img loading=\"lazy\" decoding=\"async\" class=\" size-full wp-image-161\" alt=\"vides_catalanes_0.png\" src=\"https:\/\/webs.uab.cat\/picec\/wp-content\/uploads\/sites\/313\/2011\/11\/vides_catalanes_0.png\" width=\"183\" height=\"279\" \/><\/td>\n<td>\n<p><strong>Riquer i Permanyer, Borja de (Dir.)<\/strong><\/p>\n<p><em>Vides catalanes que han fet hist\u00f2ria<\/em><\/p>\n<p>Barcelona : Edicions 62, 2020<br \/>\n\t\t\t912 p. (Hist\u00f2ria mundial de Catalunya). ISBN: 9788429778847<\/p>\n<p><strong>Synopsis:&nbsp;<\/strong><\/p>\n<p>More than 2000 years of Catalan history through its more important figures. Edited by Borja de Riquer. History is an addition of facts and people. In our Hist\u00f2ria mundial de Catalunya we focused on facts and in this new project the people \u2014the many relevant and influential people in the history of our country\u2014 take the center stage.&nbsp;<\/p>\n<p>A rigorous and informative history book in which more than a hundred historians and experts paint a portrait of Catalonia through the lives of people whom have changed history and the world with their actions and facts since ancient times till today.&nbsp;<br \/>\n\t\t\t&nbsp;<\/p>\n<\/td>\n<\/tr>\n<tr>\n<td><em><img loading=\"lazy\" decoding=\"async\" class=\" size-full wp-image-163\" alt=\"epistolar_2.png\" src=\"https:\/\/webs.uab.cat\/picec\/wp-content\/uploads\/sites\/313\/2011\/11\/epistolar_2.png\" width=\"166\" height=\"209\" \/><\/em><\/td>\n<td>\n<p><strong>Ant\u00f3n Pelayo, Javier&nbsp;&nbsp;<\/strong><\/p>\n<p><em>La Comunicaci\u00f3 epistolar de la fam\u00edlia Burgu\u00e8s durant l&#8217;estada a Coromines (1727-1774)<\/em><\/p>\n<p>&nbsp; Bellaterra : Servei de Publicacions de la Universitat Aut\u00f2noma de Barcelona, 2020<br \/>\n\t\t\t&nbsp; 230 p. (Documents, 117 ) 978-84-490-8962-6 (paper), 978-84-490-8963-3 (e-book)<\/p>\n<p class=\"rtejustify\"><strong>&nbsp; Ressenya:<\/strong> Aquest llibre transcriu, analitza i interpreta la correspond\u00e8ncia familiar \u2014in\u00e8dita\u2014 de la fam\u00edlia Burgu\u00e8s durant la seva estada a Coromines (Sant Mart\u00ed&nbsp; Sescorts) entre 1730 i 1765. El casament de l\u2019hereu Narc\u00eds de Burgu\u00e8s i de Font amb la pubilla Isabel Coromines el 1727 va implicar el trasllat de part de la fam\u00edlia a&nbsp; &nbsp;terres osonenques. Aquesta circumst\u00e0ncia i la necessitat de mantenir la comunicaci\u00f3 entre els parents i els amics van generar un notable volum de&nbsp; &nbsp;correspond\u00e8ncia.&nbsp; A trav\u00e9s de les cartes s\u2019han pogut reconstruir diferents episodis familiars: la nefasta relaci\u00f3 entre l\u2019hereu i el seu pare, les reivindicacions de la&nbsp; &nbsp;noblesa catalana davant la just\u00edcia i Cort, l\u2019estrat\u00e8gia per aconseguir dues mongies del monestir de Ripoll i la turmentada vida matrimonial de Manuel Sisternes, &nbsp;fiscal&nbsp; de la Reial Audi\u00e8ncia de Catalunya. La cultura escrita del segle XVIII catal\u00e0 queda reflectida en les pr\u00e0ctiques epistolars que apliquen els corresponsals de la&nbsp;fam\u00edlia Burgu\u00e8s quan escriuen cartes familiars, gratulat\u00f2ries, consolat\u00f2ries o amoroses.&nbsp;<\/p>\n<\/td>\n<\/tr>\n<tr>\n<td><img loading=\"lazy\" decoding=\"async\" class=\" size-full wp-image-165\" alt=\"cartes_amor.png\" src=\"https:\/\/webs.uab.cat\/picec\/wp-content\/uploads\/sites\/313\/2011\/11\/cartes_amor.png\" width=\"185\" height=\"249\" \/><\/td>\n<td>\n<p><strong>Jim\u00e9nez Sureda, Montserrat<\/strong><\/p>\n<p><em>Amb el cor al paper: hist\u00f2ria i teoria de les cartes d&#8217;amor<\/em><\/p>\n<p>Bellaterra : Servei de Publicacions de la Universitat Aut\u00f2noma de Barcelona, 2020<br \/>\n\t\t\t528 p. &nbsp;978-84-490-9322-7 (paper), 978-84-490-9323-4 (e-book)<\/p>\n<p class=\"rtejustify\"><strong>&nbsp; Ressenya:<\/strong> L\u2019amor \u00e9s un proc\u00e9s fisiol\u00f2gic amb alt contingut emocional. Les cartes s\u00f3n infraestructures de la comunicaci\u00f3 humana tan antigues com l\u2019escriptura i&nbsp; &nbsp;amb una capacitat d\u2019adaptaci\u00f3 a totes les conjuntures hist\u00f2riques que els ha perm\u00e8s d\u2019arribar fins a la postmodernitat sense perdre for\u00e7a evocativa. En el present&nbsp; &nbsp;text, l\u2019autora elabora una teoria comunicativa de les cartes d\u2019amor, alhora que en presenta una evoluci\u00f3 al llarg del temps, notant les semblances i les difer\u00e8ncies&nbsp;que cada paradigma interpretatiu ha impr\u00e8s als seus emissors. En un text \u00e0gil i am\u00e8, Montserrat Jim\u00e9nez Sureda salpebra el raonament amb nombrosos&nbsp; &nbsp;exemples concrets d\u2019epistolaris que abracen des de personatges hist\u00f2rics poc coneguts, com els membres de la fam\u00edlia Ros\u00e9s de Girona, fins a cartes d\u2019icones&nbsp;de la cultura occidental, com Antonio Machado, Elvis Presley o Marilyn Monroe. Nombrosos tipus d\u2019amor se citen en aquestes p\u00e0gines: conjugal, filial, paternal,&nbsp; &nbsp;fraternal, amical, plat\u00f2nic o cruament carnal.&nbsp;<\/p>\n<\/td>\n<\/tr>\n<tr>\n<td><img loading=\"lazy\" decoding=\"async\" class=\" size-full wp-image-167\" alt=\"corrupcion_politica_0.png\" src=\"https:\/\/webs.uab.cat\/picec\/wp-content\/uploads\/sites\/313\/2011\/11\/corrupcion_politica_0.png\" width=\"201\" height=\"283\" \/><\/td>\n<td>\n<p><strong>Rub\u00ed i Casals, M. Gemma; Toledano Gonz\u00e1lez, Llu\u00eds Ferran<\/strong><\/p>\n<p>&#8220;Gobierno fuerte, just\u00edcia d\u00e9bil. El marco penal de la corrupci\u00f3n pol\u00edtica en la Espa\u00f1a Liberal&#8221;. En: <strong>Pe\u00f1a Guerrero, M. Antonia; Feria Diego, Jos\u00e9 (Dirs.). Corrupci\u00f3n pol\u00edtica y Liberalismo en el largo siglo XIX.<\/strong><br \/>\n\t\t\tGranada: Comares, 2020<br \/>\n\t\t\t118 p.<br \/>\n\t\t\tISBN: 978-84-9045-896-9<br \/>\n\t\t\t<strong>Sinopsi:<\/strong><\/p>\n<p class=\"rtejustify\">La obra Corrupci\u00f3n pol\u00edtica y liberalismo en el largo siglo XIX se adentra, desde una perspectiva cultural y con una metodolog\u00eda de Historia comparada, en el an\u00e1lisis de caso de algunas de las pr\u00e1cticas corruptas que caracterizaron a una buena parte de las sociedades occidentales europeas y latinoamericanas desde finales del siglo XVIII hasta bien entrado el siglo XX. Las distintas aportaciones que integran este volumen tienen como marco Francia, Espa\u00f1a, Argentina y Uruguay y permiten recorrer, con detalle y precisi\u00f3n, pero tambi\u00e9n con el adecuado aparato contextual, algunas de las cuestiones sobre las que pivotan los grandes debates sobre la corrupci\u00f3n pol\u00edtica contempor\u00e1nea: desde la remuneraci\u00f3n de la clase pol\u00edtica hasta la regulaci\u00f3n y persecuci\u00f3n penal de los delitos, pasando por la pol\u00edtica de camarillas, el papel denunciador de la prensa, el control fraudulento de los procesos electorales, el enriquecimiento il\u00edcito y los umbrales de tolerancia de la ciudadan\u00eda. En todos estos \u00e1mbitos, se acomete tanto la descripci\u00f3n y an\u00e1lisis de las pr\u00e1cticas corruptas, como la indagaci\u00f3n en las respuestas que estas generaron entre las instituciones y los ciudadanos, perfilando un amplio abanico de reacciones que van desde el silenciamiento hasta el esc\u00e1ndalo y que oscilan, no pocas veces, entre la denuncia y la legitimaci\u00f3n.<br \/>\n\t\t\t&nbsp;<\/p>\n<\/td>\n<\/tr>\n<tr>\n<td><img loading=\"lazy\" decoding=\"async\" class=\" size-full wp-image-169\" alt=\"historia_social.png\" src=\"https:\/\/webs.uab.cat\/picec\/wp-content\/uploads\/sites\/313\/2011\/11\/historia_social.png\" width=\"219\" height=\"282\" \/><\/td>\n<td>\n<p><strong>Rub\u00ed i Casals, M. Gemma<\/strong><br \/>\n\t\t\t&nbsp;<br \/>\n\t\t\t&#8220;Derribar la ciudadela del caciquismo en el \u00e1mbito local. Denuncia y movilizaci\u00f3n contra la corrupci\u00f3n pol\u00edtico-electoral en la Espa\u00f1a de Alfonso XIII&#8221;. En:&nbsp;&nbsp;<em>Historia Social<\/em>, n\u00fam. 97 (2020)<\/p>\n<p><strong>Sinopsi:<\/strong><\/p>\n<p class=\"rtejustify\">El an\u00e1lisis del poli\u00e9drico caso espa\u00f1ol pone de manifiesto que las profundas transformaciones que experiment\u00f3 la pol\u00edtica local en los albores del siglo XX no pueden explicarse con propiedad sin tener en cuenta dos elementos: la lucha contra el caciquismo -sin\u00f3nimo en el plano discursivo de corrupci\u00f3n y de abuso en el ejercicio del poder-, y la mutaci\u00f3n del clientelismo pol\u00edtico como t\u00e9cnica de poder y de acceso a los recursos p\u00fablicos. Un an\u00e1lisis que no ser\u00eda posible sin previamente dar cuenta de la posici\u00f3n de subordinaci\u00f3n pol\u00edtica del municipio tal como lo dise\u00f1\u00f3 el liberalismo espa\u00f1ol, subordinaci\u00f3n criticada por los intelectuales regeneracionistas. Esta dependencia pol\u00edtica respecto del turno din\u00e1stico favoreci\u00f3 la formaci\u00f3n de redes clientelares locales que se pusieron al servicio del encasillado mermando la capacidad representativa de los municipios y su propia autonom\u00eda.<br \/>\n\t\t\t&nbsp;<\/p>\n<\/td>\n<\/tr>\n<tr>\n<td><img loading=\"lazy\" decoding=\"async\" class=\" size-full wp-image-171\" alt=\"cahiers.png\" src=\"https:\/\/webs.uab.cat\/picec\/wp-content\/uploads\/sites\/313\/2011\/11\/cahiers.png\" width=\"174\" height=\"269\" \/><\/td>\n<td>\n<p><strong>Rub\u00ed i Casals, M. Gemma; Casals Berg\u00e9s, Quint\u00ed<\/strong><\/p>\n<p>\n\t\t\t&#8220;La repr\u00e9sentation parlementaire comme profession : la r\u00e9mun\u00e9ration des d\u00e9put\u00e9s espagnols des Cort\u00e8s de Cadix \u00e0 la Deuxi\u00e8me R\u00e9publique, 1812-1933&#8221;. En: Monier, Fr\u00e9d\u00e9ric (Dir.) <em>L\u2019argent en politique<\/em>.<em> R\u00e9mun\u00e9ration des \u00e9lus et financement des partis en Europe. Cahiers Jaur\u00e8s<\/em>, n\u00b0 235-236, janvier-juin 2020<\/p>\n<p><strong>Sinopsi:<\/strong><\/p>\n<p class=\"rtejustify\">Ce dossier th\u00e9matique des Cahiers Jaur\u00e8s, coordonn\u00e9 par Fr\u00e9d\u00e9ric Monier, concerne la question sp\u00e9cifique de la r\u00e9mun\u00e9ration des \u00e9lus, ainsi que le financement des partis et des campagnes \u00e9lectorales en Europe, du d\u00e9but du XIXe si\u00e8cle \u00e0 la premi\u00e8re moiti\u00e9 du XXe si\u00e8cle. Le dossier s\u2019inscrit dans le cadre du programme ELUAR \u00ab Les \u00e9lus et l\u2019argent. Analyse des conditions mat\u00e9rielles d\u2019exercice des mandats \u00e9lectoraux \u00bb, coordonn\u00e9 par R\u00e9my le Saout (Universit\u00e9 de Nantes) et soutenu par l\u2019ANR 16-CE26-0013-02<br \/>\n\t\t\t&nbsp;<\/p>\n<\/td>\n<\/tr>\n<tr>\n<td><img loading=\"lazy\" decoding=\"async\" class=\" size-full wp-image-173\" alt=\"ayer.png\" src=\"https:\/\/webs.uab.cat\/picec\/wp-content\/uploads\/sites\/313\/2011\/11\/ayer.png\" width=\"202\" height=\"259\" \/><\/td>\n<td>\n<p><strong>Rub\u00ed Casals, M. Gemma; Monier, Fr\u00e9d\u00e9ric (Dirs.)<\/strong><\/p>\n<p>Modernizaci\u00f3n y corrupci\u00f3n pol\u00edtica en la Europa contempor\u00e1nea<br \/>\n\t\t\t<em>Ayer : revista de hist\u00f3ria contempor\u00e1nea<\/em>, n. 115, 2019 (3)<\/p>\n<p class=\"rtejustify\"><strong>Sinopsi<\/strong>:<br \/>\n\t\t\tLa corrupci\u00f3n pol\u00edtica se sit\u00faa en la encrucijada del nacimiento de la pol\u00edtica moderna. No debe abordarse como la manifestaci\u00f3n de pr\u00e1cticas de poder espec\u00edficas y atemporales, sino identific\u00e1ndola con formas de evaluaci\u00f3n cr\u00edtica de los gobernantes, as\u00ed como de las elites econ\u00f3micas y financieras, en nombre de morales p\u00fablicas en confrontaci\u00f3n<\/p>\n<p><a href=\"http:\/\/revistaayer.com\/sites\/default\/files\/articulos\/presentaci\u00f3n%20115_0.pdf\">&#8220;Presentaci\u00f3n. Los favores y los sermones&#8221;<\/a>\/ Gemma Rub\u00ed, Fr\u00e9d\u00e9ric Monier<br \/>\n\t\t\t<a href=\"http:\/\/revistaayer.com\/anteriores\/1362\">Sumari<\/a><br \/>\n\t\t\t&nbsp;<\/p>\n<\/td>\n<\/tr>\n<tr>\n<td><img loading=\"lazy\" decoding=\"async\" class=\" size-full wp-image-175\" alt=\"llibre_arnau.png\" src=\"https:\/\/webs.uab.cat\/picec\/wp-content\/uploads\/sites\/313\/2011\/11\/llibre_arnau.png\" width=\"152\" height=\"228\" \/><\/td>\n<td>\n<p><strong>Gonz\u00e1lez Vilalta, Arnau (Ed.)<\/strong><\/p>\n<p><strong>The Illusion of Statehood. Perceptions of Catalan Independence up to the End of the Spanish Civil War<\/strong>.<br \/>\n\t\t\tSussex Academic Press \/ Ca\u00f1ada Blanch, 2019<br \/>\n\t\t\t304 pp.<br \/>\n\t\t\tISBN: 978-1-78976-032-3<\/p>\n<p><strong>Sinopsi<\/strong>:<\/p>\n<p class=\"rtejustify\">In October 1936, as the Spanish Civil War turned a tension in peripheral Europe into a European disaster, the Ministers of Foreign Affairs of Nazi Germany and Fascist Italy signed a series of agreements detailing the need for \u201ca common action \u2026 to prevent the creation and consolidation of a Catalan State\u201d. The backdrop to the revolutionary charades, the self-evident dangers of \u201ctotalitarian states\u201d, and the conservative enthusiasms of Franco\u2019s \u201cSpanish nationalists\u201d lay in the potential of Catalonia seceding. What would be the internal and international implications?<\/p>\n<p class=\"rtejustify\">The postwar world of 1919-1923 created political patterns that gave heart to many sub-state nationalisms \u2013 patterns that hardened into conflictual shape, especially after the rise of Hitler in early 1933. Contributors to the volume trace the convictions of journalists, observers and diplomats that a Catalan split-off was inevitable. But Catalan politics blew in quite another way, later reacting to Soviet dis-interest and British indecisiveness, amongst a host of other pressures. Placing Catalonia and the Catalan nationalist movement in the foreground of contemporary Spanish discourse reveals why present internal complexities require a historical dimension that takes into account early twentieth-century pan-European\/pan-international movements that supported or decried secession, albeit for widely differing nationalist motives. Not least were the perceived and feared reactions of minority populations, and the potential strategic geographic\/diplomatic consequences for European leaders. In a way, the unfolding of antagonisms on the international and European scene led to the internal Spanish conflict. The Illusion of Statehood takes the reader away from the bluster of left\/right politics and the potentialities of social revolution toward a better understanding of how Catalan independence was viewed by European states and powers. This thoughtfully argued book is essential reading for all historians and students of twentieth-century European history. It provides a much-needed reasoned perspective on the Catalan issue and its historical antecedents<\/p>\n<p>For more information: <a href=\"http:\/\/www.sussex-academic.com\/sa\/titles\/history\/vilalta.htm\">http:\/\/www.sussex-academic.com\/sa\/titles\/history\/vilalta.htm<\/a><\/p>\n<\/td>\n<\/tr>\n<tr>\n<td>\n<p><img loading=\"lazy\" decoding=\"async\" class=\" size-full wp-image-177\" alt=\"corrupcio_llibre.png\" height=\"258\" src=\"https:\/\/webs.uab.cat\/picec\/wp-content\/uploads\/sites\/313\/2011\/11\/corrupcio_llibre.png\" width=\"188\" srcset=\"https:\/\/webs.uab.cat\/grepiic\/wp-content\/uploads\/sites\/313\/2011\/11\/corrupcio_llibre.png 294w, https:\/\/webs.uab.cat\/grepiic\/wp-content\/uploads\/sites\/313\/2011\/11\/corrupcio_llibre-219x300.png 219w\" sizes=\"auto, (max-width: 188px) 100vw, 188px\" \/><\/p>\n<p>&nbsp;<\/p>\n<\/td>\n<td><strong>Borja de Riquer, Joan Llu\u00eds P\u00e9rez Francesch, Gemma Rub\u00ed, Llu\u00eds Ferran Toledano (Dirs.)<\/strong><\/p>\n<p><strong>La Corrupci\u00f3n pol\u00edtica en la Espa\u00f1a Contempor\u00e1nea. Un enfoque interdisciplinar<\/strong><br \/>\n\t\t\tMadrid : Marcial Pons. Ediciones de la Historia, 2018<br \/>\n\t\t\t696 p. ; 22 cm<br \/>\n\t\t\tISBN: 9788416662609<\/p>\n<p><strong>Sinopsi:<\/strong><\/p>\n<p class=\"rtejustify\">La corrupci\u00f3n pol\u00edtica se ha convertido hoy en una de las principales preocupaciones de los espa\u00f1oles. Son muchos los que la consideran un problema de primera magnitud porque afecta de manera peligrosa a la confianza en la pol\u00edtica y a la calidad de nuestra democracia. Para analizar con rigor c\u00f3mo ha sido posible llegar a una situaci\u00f3n tan grave como la presente, esta obra ofrece una serie de aproximaciones de car\u00e1cter interdisciplinar (historia, ciencia pol\u00edtica, econom\u00eda, derecho penal, etc.) que contemplan los dos \u00faltimos siglos de la historia espa\u00f1ola, as\u00ed como aspectos relevantes de los estudios europeos sobre esta lacra.<\/p>\n<\/td>\n<\/tr>\n<tr>\n<td><img loading=\"lazy\" decoding=\"async\" class=\" size-full wp-image-179\" alt=\"oriol_llibre.jpg\" height=\"222\" src=\"https:\/\/webs.uab.cat\/picec\/wp-content\/uploads\/sites\/313\/2011\/11\/oriol_llibre.jpg\" width=\"167\" srcset=\"https:\/\/webs.uab.cat\/grepiic\/wp-content\/uploads\/sites\/313\/2011\/11\/oriol_llibre.jpg 268w, https:\/\/webs.uab.cat\/grepiic\/wp-content\/uploads\/sites\/313\/2011\/11\/oriol_llibre-225x300.jpg 225w\" sizes=\"auto, (max-width: 167px) 100vw, 167px\" \/><\/td>\n<td>\n<p class=\"rtejustify\"><strong>Luj\u00e1n Feliu, Oriol<\/strong><br \/>\n\t\t\t<strong>Ni tan ap\u00e1ticos ni tan subordinados : la politizaci\u00f3n electoral durante la D\u00e9cada Moderada (1843-1854). El caso de los distritos catalanes<\/strong><br \/>\n\t\t\tBarcelona : Milenio, 2018<br \/>\n\t\t\t(Alfa, 73)<br \/>\n\t\t\t216 p. ; 24 cm<br \/>\n\t\t\tISBN: 978-84-9743-826-1<\/p>\n<p class=\"rtejustify\"><strong>Sinopsi:<\/strong><\/p>\n<p class=\"rtejustify\">A partir del an\u00e1lisis de las elecciones generales en los distritos catalanes durante la D\u00e9cada Moderada (1843-1854) este libro explora y discierne las distintas concepciones de la pol\u00edtica liberal que tuvieron los actores implicados: elegibles, electores y colectivos sin derecho a voto. Desde una perspectiva que a\u00fana historia social y cultural, el texto revaloriza el papel activo de los electores y los colectivos sin derecho a voto, resalta el singular rol desarrollado por las \u00e9lites territoriales, por m\u00e1s que enfrente tuvieran siempre dispuestos a gobiernos que obten\u00edan grandes mayor\u00edas, y abre nuevas l\u00edneas de investigaci\u00f3n acerca de la politizaci\u00f3n electoral, viendo en la abstenci\u00f3n y la disputa electoral formas de manifestaci\u00f3n pol\u00edtica. Adem\u00e1s, se\u00f1ala la necesidad de revisar algunas interpretaciones asentadas en la historiograf\u00eda, como por ejemplo el dominio casi hegem\u00f3nico del moderantismo en las elecciones generales.<\/p>\n<p>&nbsp;<\/p>\n<\/td>\n<\/tr>\n<tr>\n<td>\n<p><img loading=\"lazy\" decoding=\"async\" class=\" size-full wp-image-181\" alt=\"\" height=\"237\" src=\"https:\/\/webs.uab.cat\/picec\/wp-content\/uploads\/sites\/313\/2011\/11\/portada_1_1.png\" width=\"163\" srcset=\"https:\/\/webs.uab.cat\/grepiic\/wp-content\/uploads\/sites\/313\/2011\/11\/portada_1_1.png 213w, https:\/\/webs.uab.cat\/grepiic\/wp-content\/uploads\/sites\/313\/2011\/11\/portada_1_1-206x300.png 206w\" sizes=\"auto, (max-width: 163px) 100vw, 163px\" \/><\/p>\n<\/td>\n<td>\n<p class=\"rtejustify\"><strong>Steven Forti, Arnau Gonz\u00e1lez Vilalta, Enric Ucelay-Da Cal (Editors)<\/strong><\/p>\n<p class=\"rtejustify\"><strong>El proceso separatista en Catalu\u00f1a : an\u00e1lisis de un pasado reciente (2006-2017)<\/strong><br \/>\n\t\t\tGranada ; Editorial Comares, 2017<br \/>\n\t\t\t344 p. ; 24 cm (Historia).<br \/>\n\t\t\t&nbsp;<\/p>\n<p class=\"rtejustify\"><strong>Sinopsi:<\/strong><br \/>\n\t\t\t\u00bfQu\u00e9 pasa en Catalu\u00f1a? \u00bfPor qu\u00e9 sucede lo que sucede? \u00bfQui\u00e9nes orientan los eventos? \u00bfDe d\u00f3nde vienen sus posturas? \u00bfSon nuevas? \u00bfA d\u00f3nde quieren ir?<br \/>\n\t\t\tLos historiadores no pueden explicar lo que suceder\u00e1. Tienen vedado el futuro. Pero conocen el pasado del que proviene ese devenir. Este libro ofrece al lector unos materiales para poder valorar qu\u00e9 ha cambiado en Catalu\u00f1a, de d\u00f3nde ha surgido el &#8220;giro independentista&#8221; y qu\u00e9 &#8220;hojas de ruta&#8221; arrastran.<br \/>\n\t\t\tNo es un libro partidista. En \u00e9l hay muchas voces, miradas cr\u00edticas desde \u00e1ngulos diversos. Nuestra idea es ofrecer m\u00e1s informaci\u00f3n de la que publican los diarios. No se pretende reducir la complejidad pol\u00edtica a meras consignas. Se quiere quiere entender, ni m\u00e1s, ni menos.<\/p>\n<p class=\"rtejustify\"><strong>Sumari:<\/strong><br \/>\n\t\t\tIntroducci\u00f3n:<br \/>\n\t\t\t&#8211; \u00bfQu\u00e9 es el proc\u00e9s? Sopesar los cambios en la pol\u00edtica catalana entre 2006 y 2017 \/Steven Forti, Aranau Gonz\u00e1lez Vilalta i Enric Ucelay-Da Cal<br \/>\n\t\t\t&#8211; Te dir\u00e9 lo que est\u00e1s pensando: los t\u00f3picos actuales internacionales reflejados en la Confrontaci\u00f3n catalana con Espa\u00f1a\/ Enric Ucelay-Da Cal<br \/>\n\t\t\t<strong>Primera parte: la crisis de las \u00e9lites<\/strong><br \/>\n\t\t\t1. Discurso y pr\u00e1cticas del catalanismo: del nacionalismo al independentismo instrumental \/Cristian Rodr\u00edguez Mesa<br \/>\n\t\t\t2. \u00bfUna f\u00e1brica de independentistas? Procesos de nacionalizaci\u00f3n en catalu\u00f1a (1980-2015) \/ Fernando Molina y Alejandro Quiroga<br \/>\n\t\t\t3. Aqu\u00ed, \u00bfQui\u00e9n manda? El cuarto poder y el an\u00e1lisis del proceso independentista catal\u00e1n como fen\u00f3meno de desbordamiento pol\u00edtico (2010-2016) \/Arnau Gonz\u00e1lez i Vilalta<br \/>\n\t\t\t4. \u00bfUn Sindicalismo en transici\u00f3n nacional? CCOO y UGT en el marco del &#8220;proc\u00e9s&#8221; catal\u00e1n (2010-2017)\/Jos\u00e9 Manuel R\u00faa Fern\u00e1ndez<br \/>\n\t\t\t<strong>Segunda parte: Respuestas nuevas<\/strong><br \/>\n\t\t\t1. Auge del independentismo y relevo generacional: una relaci\u00f3n compleja \/ Oriol Bartomeus<br \/>\n\t\t\t2. In or out? Las pol\u00edticas de internacionalizaci\u00f3n del proc\u00e9s catal\u00e1n y la producci\u00f3n de discurso en torno a la independencia (2012-2016)\/ Paola Lo Cascio<br \/>\n\t\t\t3. Buscar el calor en la casa solariega: utop\u00edas y populismos nacionalistas para tiempos de crisis \/ \u00c1ngel Duarte Montserrat<br \/>\n\t\t\t4. La calle como plataforma de comunicaci\u00f3n. De la Crida a la Assemblea Nacional Catalana \/ Andrew Dowling<br \/>\n\t\t\t5. Tan lejos y tan cerca. Espa\u00f1a y Catalu\u00f1a: entre la indignaci\u00f3n y el independentismo \/ Diego D\u00edaz Alonso<br \/>\n\t\t\t6. La Candidatura d&#8217;Unitat Popular CUP): el auge del independentismo de izquierda radical en Catalu\u00f1a \/ Oscar Barber\u00e0<br \/>\n\t\t\t7. El partido anticatalanista que hizo las Espa\u00f1as \/ Astrid Barrio<br \/>\n\t\t\t<strong>A modo de conclusi\u00f3n<\/strong>:<br \/>\n\t\t\t&#8211; \u00bfQu\u00e9 pol\u00edtica para el post-proc\u00e9s?, Steven Forti<br \/>\n\t\t\t&#8211; Conclusiones: un proceso de contradicci\u00f3n suficiente \/ Enric Ucelay-Da Cal, Arnau Gonz\u00e1lez i Vilalta y Steven Forti<\/p>\n<\/td>\n<\/tr>\n<tr>\n<td>&nbsp;<\/td>\n<td>&nbsp;<\/td>\n<\/tr>\n<tr>\n<td><img loading=\"lazy\" decoding=\"async\" class=\" size-full wp-image-183\" alt=\"\" height=\"282\" src=\"https:\/\/webs.uab.cat\/picec\/wp-content\/uploads\/sites\/313\/2011\/11\/espana_corrupta.jpg\" width=\"200\" \/><\/td>\n<td>\n<p><strong>Mu\u00f1oz Jofre, Jaume<\/strong><\/p>\n<p><strong>La Espa\u00f1a corrupta : breve historia de la corrupci\u00f3n (de la Restauraci\u00f3n a nuestros d\u00edas, 1875-2016)\/<\/strong> con un pr\u00f3logo de Paul Preston<br \/>\n\t\t\tGranada ; Editorial Comares : Centro Ca\u00f1ada Blanch, 2016<br \/>\n\t\t\t144 p. ; 24 cm (Historia).<\/p>\n<p class=\"rtejustify\"><strong>Sinposi<\/strong>: La Espa\u00f1a corrupta. Breve historia de la corrupci\u00f3n (de la Restauraci\u00f3n a nuestros d\u00edas, 1875-2016) intenta sintetizar la historia reciente de uno de los temas que m\u00e1s ha preocupado a la sociedad espa\u00f1ola cada vez que ha atravesado un periodo de crisis: la corrupci\u00f3n de sus esferas gobernantes. El libro pretende comprender los procesos y la evoluci\u00f3n de las malas pr\u00e1cticas realizadas desde los puestos de responsabilidad y representaci\u00f3n p\u00fablicos en Espa\u00f1a, evitando limitarse a enumerar sus casos m\u00e1s destacados durante el \u00faltimo siglo y medio. Se busca, pues, entender c\u00f3mo se han producido, en qu\u00e9 han consistido y c\u00f3mo han afectado a la vida y a la imagen que el pa\u00eds tiene de s\u00ed mismo las corrupciones electoral, econ\u00f3mica, pol\u00edtica, etc., ofreciendo una imagen de conjunto que empiece a llenar el vac\u00edo historiogr\u00e1fico existente en el tratamiento de esta tem\u00e1tica desde una perspectiva de largo alcance cronol\u00f3gico.<br \/>\n\t\t\tCaciquismo, estraperlo, tupinadas, tarjetas \u201cblack\u201d, G\u00fcrtel son s\u00f3lo algunas de las m\u00faltiples caras de un problema que no es genuinamente espa\u00f1ol pero que s\u00ed que ha marcado la vida de los espa\u00f1oles a lo largo de la historia. La corrupci\u00f3n ha recibido intentos de respuesta muy diversos, generando movimientos pol\u00edticos de protesta \u2013desde el Regeneracionismo al 15-M- y si ha sido perseguida ha sido desde instituciones de gobierno democr\u00e1ticas. Su persistencia se debe a muchos factores, siendo uno de los m\u00e1s importantes su uso como m\u00e9todo de afianzamiento en el poder \u2013sobre todo durante los periodos dictatoriales. En un momento en que los casos de corrupci\u00f3n colapsan la esfera p\u00fablica espa\u00f1ola, un estudio como este no busca normalizarlos, sino arrojar luz sobre los males de la impunidad en el poder<\/p>\n<\/td>\n<\/tr>\n<tr>\n<td>&nbsp;<\/td>\n<td>&nbsp;<\/td>\n<\/tr>\n<tr>\n<td><img loading=\"lazy\" decoding=\"async\" class=\" size-full wp-image-185\" alt=\"\" src=\"https:\/\/webs.uab.cat\/picec\/wp-content\/uploads\/sites\/313\/2011\/11\/cambo_argentina.jpg\" width=\"124\" height=\"187\" \/><\/td>\n<td>\n<p><strong>Riquer i Permanyer, Borja de<\/strong><\/p>\n<p><em>Camb\u00f3 en Argentina : negocios y corrupci\u00f3n pol\u00edtica.<\/em><br \/>\n\t\t\tBarcelona : Edhasa, 2016<br \/>\n\t\t\t574 p. : il. ; 23 cm (Ensayo)<br \/>\n\t\t\tBibliografia. \u00cdndex.<br \/>\n\t\t\tISBN 9788435027403<\/p>\n<p><a href=\"http:\/\/grupsderecerca.uab.cat\/picec\/sites\/grupsderecerca.uab.cat.picec\/files\/cambo_en_argentina.pdf\" target=\"_blank\" rel=\"noopener\">Presentaci\u00f3, resum i \u00edndex detallat<\/a><\/p>\n<p>&nbsp;<\/p>\n<p class=\"rtejustify\"><strong>Resum:<\/strong><br \/>\n\t\t\tFrancesc Camb\u00f3, l\u00edder de la Lliga Regionalista en Catalunya a principis del s. XX, ja era un home ric quan es va establir a l&#8217;Argentina en 1941. Era a Buenos Aires on tenia els seus principals negocis i on la seva fortuna va cr\u00e9ixer i es va multiplicar fins a assolir l\u00edmits de gran potentat. Destacat pol\u00edtic i mecenes de la cultura catalana, bona part del seu notable enriquiment es debia al fet de presidir la principal companyia el\u00e8ctrica d&#8217;Argentina, la CHADE-CADE. Gr\u00e0cies a l&#8217;estudi de nombrosa correspond\u00e8ncia confidencial i d&#8217;informes reservats, el professor Borja de Riquer reconstrueix l&#8217;agitada hist\u00f2ria d&#8217;aquesta empresa, la principal inversi\u00f3 espanyola a l&#8217;estranger; una empresa que obtenia excepcionals beneficis gr\u00e0cies a la corrupci\u00f3 de pol\u00edtics, funcionaris i periodistes i que va aconseguir un tracte de favor fins i tot dels presidents argentins Justo, Alvear, Per\u00f3n i Frondizi. Aix\u00ed, en aquest assaig, Borja de Riquer, gran expert en la vida de Camb\u00f3, ha rastrejat les petjades documentals del seu pas per Argentina, amb resultats per descomptat sorprenents per la seva irrefutabilitat. Corrupci\u00f3 pol\u00edtica i econ\u00f2mica, llibretes on anotar pagaments, favors i conxorxes, entre d&#8217;altres, aquest llibre resumeix la hist\u00f2ria del negoci el\u00e8ctric a Argentina, controlat per Camb\u00f3 i els seus homes, i la minuciosa i exhaustiva comptabilitat de la companyia a petita i gran escala<br \/>\n\t\t\t&nbsp;<\/p>\n<\/td>\n<\/tr>\n<tr>\n<td>&nbsp;<\/td>\n<td>&nbsp;<\/td>\n<\/tr>\n<tr>\n<td><img loading=\"lazy\" decoding=\"async\" class=\" size-full wp-image-189\" alt=\"\" src=\"https:\/\/webs.uab.cat\/picec\/wp-content\/uploads\/sites\/313\/2011\/11\/anar_debo.jpg\" width=\"128\" height=\"194\" \/><\/td>\n<td>\n<p><strong>Riquer i Permanyer, Borja de<\/strong><\/p>\n<p><em>Anar de deb\u00f2 : els catalans i Espanya <\/em><br \/>\n\t\t\tBarcelona : Rosa dels Vents, 2016<br \/>\n\t\t\t432 p. ; 23 cm<br \/>\n\t\t\tISBN 9788416430109<\/p>\n<p class=\"rtejustify\"><strong>Resum<\/strong>:<br \/>\n\t\t\tL&#8217;historiador Borja de Riquer tracta en aquest llibre el nacionalisme catal\u00e0, un moviment pol\u00edtic que t\u00e9 el seu origen en la relaci\u00f3 entre Espanya i Catalunya en els segles XIX i XX i que, avui en dia, \u00e9s el principal tema de debat historiogr\u00e0fic i pol\u00edtic. Fa cinc anys que els catalans vivim una situaci\u00f3 pol\u00edtica tan excepcional com inesperada: estem davant d&#8217;una cru\u00eflla hist\u00f2rica de gran transcend\u00e8ncia, com feia segles. Un moment tan apassionat i embrollat que provoca, l\u00f2gicament, perplexitats, dubtes i pors, per\u00f2 l&#8217;an\u00e0lisi hist\u00f2rica pot ajudar a comprendre els or\u00edgens i la natura d&#8217;aquests llarg enfrontament entre la ciutadania catalana i les institucions pol\u00edtiques. Anar de deb\u00f3: els catalans i Espanya reuneix escrits del professor Borja de Riquer publicats al llarg d&#8217;una d\u00e8cada que, d&#8217;una banda estudien etapes hist\u00f2riques dels segles XIX y XX i que, a grans trets, es centren en l&#8217;an\u00e0lisi del lloc i del paper dels catalans en la pol\u00edtica espanyola contempor\u00e0nia i del sorgiment i l&#8217;actuaci\u00f3 del moviment catalanista, i d&#8217;una altra d&#8217;articles publicats a la premsa que analitzen situacions del temps present, del segle XXI. (Editorial).<\/p>\n<\/td>\n<td>&nbsp;<\/td>\n<\/tr>\n<tr>\n<td>&nbsp;<\/td>\n<td>&nbsp;<\/td>\n<td>&nbsp;<\/td>\n<\/tr>\n<tr>\n<td>\n<p>&nbsp;<\/p>\n<\/td>\n<\/tr>\n<tr>\n<td>&nbsp;<\/td>\n<td>\n<p>&nbsp;<\/p>\n<\/td>\n<\/tr>\n<tr>\n<td>&nbsp;<\/td>\n<td>\n<p>&nbsp;<\/p>\n<\/td>\n<\/tr>\n<tr>\n<td>&nbsp;<\/td>\n<td>\n<p>&nbsp;<\/p>\n<\/td>\n<\/tr>\n<\/tbody>\n<\/table>\n","protected":false},"excerpt":{"rendered":"<p>Riquer i Permanyer, Borja de (Dir.) Vides catalanes que han fet hist\u00f2ria Barcelona : Edicions 62, 2020 912 p. (Hist\u00f2ria mundial de Catalunya). ISBN: 9788429778847 Synopsis:&nbsp; More than 2000 years of Catalan history through its more important figures. Edited by Borja de Riquer. History is an addition of facts and people. In our Hist\u00f2ria mundial [&hellip;]<\/p>\n","protected":false},"author":20,"featured_media":160,"parent":0,"menu_order":0,"comment_status":"closed","ping_status":"closed","template":"","meta":{"footnotes":""},"class_list":["post-374","page","type-page","status-publish","has-post-thumbnail","hentry"],"_links":{"self":[{"href":"https:\/\/webs.uab.cat\/grepiic\/en\/wp-json\/wp\/v2\/pages\/374","targetHints":{"allow":["GET"]}}],"collection":[{"href":"https:\/\/webs.uab.cat\/grepiic\/en\/wp-json\/wp\/v2\/pages"}],"about":[{"href":"https:\/\/webs.uab.cat\/grepiic\/en\/wp-json\/wp\/v2\/types\/page"}],"author":[{"embeddable":true,"href":"https:\/\/webs.uab.cat\/grepiic\/en\/wp-json\/wp\/v2\/users\/20"}],"replies":[{"embeddable":true,"href":"https:\/\/webs.uab.cat\/grepiic\/en\/wp-json\/wp\/v2\/comments?post=374"}],"version-history":[{"count":0,"href":"https:\/\/webs.uab.cat\/grepiic\/en\/wp-json\/wp\/v2\/pages\/374\/revisions"}],"wp:featuredmedia":[{"embeddable":true,"href":"https:\/\/webs.uab.cat\/grepiic\/en\/wp-json\/wp\/v2\/media\/160"}],"wp:attachment":[{"href":"https:\/\/webs.uab.cat\/grepiic\/en\/wp-json\/wp\/v2\/media?parent=374"}],"curies":[{"name":"wp","href":"https:\/\/api.w.org\/{rel}","templated":true}]}}