{"id":144,"date":"2011-11-28T14:43:13","date_gmt":"2011-11-28T12:43:13","guid":{"rendered":"https:\/\/webs.uab.cat\/picec\/tesis-llegides-2005-2016\/"},"modified":"2023-06-13T12:54:50","modified_gmt":"2023-06-13T10:54:50","slug":"tesis-llegides-2005-2016","status":"publish","type":"page","link":"https:\/\/webs.uab.cat\/grepiic\/tesis-llegides-2005-2016\/","title":{"rendered":"Tesis llegides (2005-2023)"},"content":{"rendered":"\n<h2 class=\"wp-block-heading\"><strong>2022-2023<\/strong><\/h2>\n\n\n\n<p><strong>Doctorand\/-a:<\/strong> Antczak, Richard<br><strong>T\u00edtol:<\/strong> Imperialisme i hegemonia: El paper dels Estats&nbsp;Units en el cop d\u2019estat militar civil brasiler de&nbsp;1964.<br><strong>Universitat\/Centre de Recerca\/Instituci\u00f3 a on s&#8217;ha llegit:<\/strong> &nbsp;Universitat Aut\u00f2noma de Barcelona<br><strong>Director\/-a:<\/strong> Figuerola Garreta, Jordi<br><strong>Data de lectura:<\/strong> 20\/06\/2023<\/p>\n\n\n\n<p><strong>Acc\u00e9s a CORA-TDX: <\/strong><\/p>\n\n\n\n<p><\/p>\n\n\n\n<p><strong>Doctorand\/-a:<\/strong> Finestrat Mart\u00ednez, Aitana<br><strong>T\u00edtol:<\/strong> Sensibilidades religiosas femeninas en Espa\u00f1a e Inglaterra en el siglo XVI y comienzos del XVII. Una mirada a trav\u00e9s de la correspondencia privada y las autobiograf\u00edas<br><strong>Universitat\/Centre de Recerca\/Instituci\u00f3 a on s&#8217;ha llegit:<\/strong> &nbsp;Universitat Aut\u00f2noma de Barcelona<br><strong>Director\/-a:<\/strong> Ant\u00f3n Pelayo, Javier; Jim\u00e9nez Sureda, Montserrat<br><strong>Data de lectura:<\/strong> 21\/03\/2023<\/p>\n\n\n\n<p><strong>Acc\u00e9s a CORA-TDX: <\/strong><\/p>\n\n\n\n<p><\/p>\n\n\n\n<p><strong>Doctorand\/-a: <\/strong>Osorio S\u00e1nchez, C\u00e9sar Eduardo<br><strong>T\u00edtol: <\/strong>Memoria hist\u00f3rica, archivos y testimonios en Macondo. Dimensiones socioculturales y pedag\u00f3gicas de los archivos de DDHH<br><strong>Director\/-a: <\/strong>Perpiny\u00e0 Morera, Maria Remei<br><strong>Universitat\/Centre de Recerca\/Instituci\u00f3 a on s&#8217;ha llegit:<\/strong> &nbsp;Universitat Aut\u00f2noma de Barcelona<br><strong>Data de lectura:<\/strong> 15\/09\/2022<\/p>\n\n\n\n<p><strong>Acc\u00e9s a CORA-TDX:<\/strong> <a href=\"http:\/\/hdl.handle.net\/10803\/687621\">http:\/\/hdl.handle.net\/10803\/687621<\/a><\/p>\n\n\n\n<p><\/p>\n\n\n\n<h2 class=\"wp-block-heading\"><strong>2021-2022<\/strong><\/h2>\n\n\n\n<p><strong>Doctorand\/-a:<\/strong>&nbsp;Fortet Mart\u00ednez, Adri\u00e0<br><strong>T\u00edtol:<\/strong> La terra i la pau. Dilemes de la dreta revisionista israeliana davant del conflicte de Palestina (1977-2009)<br><strong>Universitat\/Centre de Recerca\/Instituci\u00f3 a on s&#8217;ha llegit:<\/strong> &nbsp;Universitat Aut\u00f2noma de Barcelona<br><strong>Director\/-a:<\/strong> Culla Clar\u00e0, Joan Baptista<br><strong>Data de lectura:<\/strong> 25\/07\/2022<\/p>\n\n\n\n<p><strong>Acc\u00e9s a CORA-TDX: <\/strong><a href=\"http:\/\/hdl.handle.net\/10803\/687843\">http:\/\/hdl.handle.net\/10803\/687843<\/a><\/p>\n\n\n\n<p><\/p>\n\n\n\n<p><strong>Doctorand\/-a:<\/strong>&nbsp;Soto Lara, Jos\u00e9 Juli\u00e1n<br><strong>T\u00edtol:<\/strong> El conflicto entre Chile, Per\u00fa y Bol\u00edvia por Tacna y Arica (1879-1929): una propuest interdisciplinaria, local y global<br><strong>Universitat\/Centre de Recerca\/Instituci\u00f3 a on s&#8217;ha llegit:<\/strong> &nbsp;Universitat Aut\u00f2noma de Barcelona<br><strong>Director\/-a:<\/strong> Figuerola Garreta, Jordi<br><strong>Data de lectura:<\/strong> 07\/06\/2022<\/p>\n\n\n\n<p><strong>Acc\u00e9s a CORA-TDX:<\/strong> <a href=\"http:\/\/hdl.handle.net\/10803\/675271\">http:\/\/hdl.handle.net\/10803\/675271<\/a><\/p>\n\n\n\n<p><\/p>\n\n\n\n<h2 class=\"wp-block-heading\"><strong>2020-2021<\/strong><\/h2>\n\n\n\n<p><strong>Doctorand\/-a:<\/strong>&nbsp;Salicr\u00fa Matas, Maria&nbsp;<br><strong>T\u00edtol:<\/strong> La Nova Can\u00e7\u00f3: aportaci\u00f3 musical, repressi\u00f3 i censura (1958-1978)<br><strong>Universitat\/Centre de Recerca\/Instituci\u00f3 a on s&#8217;ha llegit: &nbsp;<\/strong>Universitat Aut\u00f2noma de Barcelona<br><strong>Director\/-a:<\/strong> Riquer Permanyer, Borja de; Ayats Abey\u00e0, Jaume<br><strong>Data de lectura:<\/strong> 30\/06\/2021<\/p>\n\n\n\n<p><strong>Acc\u00e9s a CORA-TDX: <\/strong><a href=\"http:\/\/hdl.handle.net\/10803\/674070\">http:\/\/hdl.handle.net\/10803\/674070<\/a><\/p>\n\n\n\n<p><\/p>\n\n\n\n<p><strong>Doctorand\/-a:<\/strong> Piqu\u00e9 Busquets, Anna<br><strong>T\u00edtol:<\/strong> Felip Aner d&#8217;Esteve. Pol\u00edtic i diputat aran\u00e8s a les Corts de Cadis (1781-1812)<br><strong>Universitat\/Centre de Recerca\/Instituci\u00f3 a on s&#8217;ha llegit:<\/strong> &nbsp;Universitat Aut\u00f2noma de Barcelona<br><strong>Director\/-a:<\/strong> Toledano Gonz\u00e0lez, Llu\u00eds Ferran<br><strong>Data de lectura:<\/strong> 02\/06\/2021<\/p>\n\n\n\n<p><strong>Acc\u00e9s a CORA-TDX: <\/strong><a href=\"http:\/\/hdl.handle.net\/10803\/673288\">http:\/\/hdl.handle.net\/10803\/673288<\/a><\/p>\n\n\n\n<p><strong>Doctorand\/-a:<\/strong> Clot Trias, Dami\u00e0 del<br><strong>T\u00edtol:<\/strong> El proc\u00e9s sobiranista (2010-2017) marc te\u00f2ric i implementaci\u00f3 pr\u00e0ctica<br><strong>Universitat\/Centre de Recerca\/Instituci\u00f3 a on s&#8217;ha llegit:<\/strong> &nbsp;Universitat Aut\u00f2noma de Barcelona<br><strong>Director\/-a:<\/strong> P\u00e9rez Francesch, Joan Llu\u00eds<br><strong>Data de lectura:<\/strong> 26\/02\/2021<\/p>\n\n\n\n<p><strong>Acc\u00e9s a CORA-TDX: <\/strong><a href=\"http:\/\/hdl.handle.net\/10803\/671608\">http:\/\/hdl.handle.net\/10803\/671608<\/a><\/p>\n\n\n\n<p><\/p>\n\n\n\n<p><strong>Doctorand\/-a:<\/strong> S\u00e1nchez Cartr\u00f3, Adriana<br><strong>T\u00edtol:<\/strong> El bandoler: de personatge hist\u00f2ric a mite popular. Estudi del fenomen del bandolerisme durant l\u2019edat moderna i la seva repercussi\u00f3 a l\u2019\u00e8poca contempor\u00e0nia<br><strong>Universitat\/Centre de Recerca\/Instituci\u00f3 a on s&#8217;ha llegit:<\/strong> &nbsp;Universitat Aut\u00f2noma de Barcelona<br><strong>Director\/-a:<\/strong> Jim\u00e9nez Sureda, Montserrat<br><strong>Data de lectura:<\/strong> 18\/01\/2021<\/p>\n\n\n\n<p><strong>Acc\u00e9s a CORA-TDX: <\/strong><a href=\"http:\/\/hdl.handle.net\/10803\/671315\">http:\/\/hdl.handle.net\/10803\/671315<\/a><\/p>\n\n\n\n<p><\/p>\n\n\n\n<p><strong>Doctorand\/-a:<\/strong> Planes Ball, Josep Albert<br><strong>T\u00edtol:<\/strong> Advocats, levites i insurgents. Pol\u00edtica, societat i revoluci\u00f3 al Pirineu lleidat\u00e0 (1808-1875)<br><strong>Universitat\/Centre de Recerca\/Instituci\u00f3 a on s&#8217;ha llegit:<\/strong> &nbsp;Universitat Aut\u00f2noma de Barcelona<br><strong>Director\/-a:<\/strong> Toledano Gonz\u00e0lez, Llu\u00eds Ferran<br><strong>Data de lectura:<\/strong> 04\/12\/2020<\/p>\n\n\n\n<p><strong>Acc\u00e9s a CORA-TDX:<\/strong> <a href=\"http:\/\/hdl.handle.net\/10803\/671293\">http:\/\/hdl.handle.net\/10803\/671293<\/a><\/p>\n\n\n\n<p><\/p>\n\n\n\n<p><strong>Doctorand\/-a:<\/strong> Mu\u00f1oz Jofre, Jaume<br><strong>T\u00edtol<\/strong>: La construcci\u00f3 de l&#8217;espai socialista a Catalunya i el seu paper en la configuraci\u00f3 de l&#8217;Espanya democr\u00e0tica (1945-2010)<br><strong>Universitat\/Centre de Recerca\/Instituci\u00f3 a on s&#8217;ha llegit:<\/strong> &nbsp;Universitat Aut\u00f2noma de Barcelona<br><strong>Director\/-a:<\/strong> Riquer Permanyer, Borja de; Ys\u00e0s Solanes, Pere<br><strong>Data de lectura:<\/strong> 02\/12\/2020<\/p>\n\n\n\n<p><strong>Acc\u00e9s a CORA-TDX:<\/strong> <a href=\"http:\/\/hdl.handle.net\/10803\/671275\">http:\/\/hdl.handle.net\/10803\/671275<\/a><\/p>\n\n\n\n<p><\/p>\n\n\n\n<h2 class=\"wp-block-heading\"><strong>2019-2020<\/strong><\/h2>\n\n\n\n<p><strong>Doctorand\/-a:<\/strong> Bechara Llanos, Abraham Zamir<br><strong>T\u00edtol<\/strong>: La carga invertida de los derechos fundamentales: el estado constitucional como principios y como garantias. Di\u00e1logos entre los modelos de interpretaci\u00f3n colombiano, espa\u00f1ol e italiano<br><strong>Universitat\/Centre de Recerca\/Instituci\u00f3 a on s&#8217;ha llegit:<\/strong> &nbsp;Universitat Aut\u00f2noma de Barcelona<br><strong>Director\/-a:<\/strong> P\u00e9rez Francesch, Joan Llu\u00eds<br><strong>Data de lectura:<\/strong> 13\/12\/2019<\/p>\n\n\n\n<p><strong>Acc\u00e9s a CORA-TDX:<\/strong> <a href=\"http:\/\/hdl.handle.net\/10803\/670171\">http:\/\/hdl.handle.net\/10803\/670171<\/a><\/p>\n\n\n\n<p><\/p>\n\n\n\n<p><strong>Doctorand\/-a:<\/strong> Quintana Segal\u00e0, Joan-Xavier<br><strong>T\u00edtol<\/strong>: L\u2019administraci\u00f3 p\u00fablica carlina a Catalunya a la Guerra dels Set Anys (1833-1840)<br><strong>Universitat\/Centre de Recerca\/Instituci\u00f3 a on s&#8217;ha llegit:<\/strong> &nbsp;Universitat Aut\u00f2noma de Barcelona<br><strong>Director\/-a:<\/strong> Moliner Prada, Antoni<br><strong>Data de lectura:<\/strong> 13\/12\/2019<\/p>\n\n\n\n<p><strong>Acc\u00e9s a CORA-TDX:<\/strong> <a href=\"http:\/\/hdl.handle.net\/10803\/669605\">http:\/\/hdl.handle.net\/10803\/669605<\/a><\/p>\n\n\n\n<p><\/p>\n\n\n\n<p><strong>Doctorand\/-a: <\/strong>Espejo Garc\u00eda, Jos\u00e9<br><strong>T\u00edtol: <\/strong>An\u00e1lisis de la ley de accidentes del trabajo y su aplicaci\u00f3n en la agricultura 1900-1922<br><strong>Director\/-a:<\/strong> Espuny Tom\u00e1s, Maria Jes\u00fas; Vall\u00e8s Mu\u00f1\u00edo, Daniel<br><strong>Universitat\/Centre de Recerca\/Instituci\u00f3 a on s&#8217;ha llegit:<\/strong> &nbsp;Universitat Aut\u00f2noma de Barcelona<br><strong>Data de lectura:<\/strong> 04\/12\/2019<\/p>\n\n\n\n<p><strong>Acc\u00e9s CORA-TDX: <\/strong><a href=\"http:\/\/hdl.handle.net\/10803\/669796\">http:\/\/hdl.handle.net\/10803\/669796<\/a><\/p>\n\n\n\n<p><\/p>\n\n\n\n<p><strong>Doctorand\/-a: <\/strong>Mestre Pratdep\u00e0dua, Maria<br><strong>T\u00edtol: <\/strong>El primer catalanisme a les terres de l\u2019Ebre: Francesc Mestre i No\u00e9<br><strong>Director\/-a:<\/strong> Riquer Permanyer, Borja de<br><strong>Universitat\/Centre de Recerca\/Instituci\u00f3 a on s&#8217;ha llegit:<\/strong> &nbsp;Universitat Aut\u00f2noma de Barcelona<br><strong>Data de lectura:<\/strong> 16\/07\/2019<\/p>\n\n\n\n<p><strong>Acc\u00e9s CORA-TDX: <\/strong><a href=\"https:\/\/hdl.handle.net\/10803\/667935\">https:\/\/hdl.handle.net\/10803\/667935<\/a><\/p>\n\n\n\n<p><\/p>\n\n\n\n<h2 class=\"wp-block-heading\"><strong>2018-2019<\/strong><\/h2>\n\n\n\n<p><strong>Doctorand\/-a: <\/strong>Pla Rodr\u00edguez, Miquel<br><strong>T\u00edtol: <\/strong>El ej\u00e9rcito y la sociedad catalana<br><strong>Director\/-a:<\/strong> Toledano Gonz\u00e0lez, Llu\u00eds Ferran<br><strong>Universitat\/Centre de Recerca\/Instituci\u00f3 a on s&#8217;ha llegit:<\/strong> &nbsp;Universitat Aut\u00f2noma de Barcelona<br><strong>Data de lectura:<\/strong> 04\/12\/2018<\/p>\n\n\n\n<p><strong>Acc\u00e9s CORA-TDX: <\/strong><a href=\"https:\/\/hdl.handle.net\/10803\/665967\">http:\/\/hdl.handle.net\/10803\/664388<\/a><\/p>\n\n\n\n<p><\/p>\n\n\n\n<p><strong>Doctorand\/-a: <\/strong>Sim\u00f3 S\u00e1nchez, Marta<br><strong>T\u00edtol: <\/strong>La Mem\u00f2ria de l&#8217;Holocaust a l&#8217;Estat espanyol, des d&#8217;una perspectiva sociol\u00f2gica i una perspectiva hist\u00f2rica<br><strong>Director\/-a:<\/strong> Culla Clar\u00e0, Joan Baptista<br><strong>Universitat\/Centre de Recerca\/Instituci\u00f3 a on s&#8217;ha llegit:<\/strong> &nbsp;Universitat Aut\u00f2noma de Barcelona<br><strong>Data de lectura:<\/strong> 28\/11\/2018<\/p>\n\n\n\n<p><strong>Acc\u00e9s CORA-TDX: <\/strong><a href=\"http:\/\/hdl.handle.net\/10803\/664388\">http:\/\/hdl.handle.net\/10803\/664388<\/a><\/p>\n\n\n\n<p><\/p>\n\n\n\n<p><strong>Doctorand\/-a: <\/strong>Bande, Simone<br><strong>T\u00edtol: <\/strong>Relaciones entre Catalu\u00f1a y Estados Pontificios en la \u00e9poca liberal<br><strong>Director\/-a:<\/strong> Moliner Prada, Antoni ; Santirso Rodr\u00edguez, Manuel<br><strong>Universitat\/Centre de Recerca\/Instituci\u00f3 a on s&#8217;ha llegit:<\/strong> &nbsp;Universitat Aut\u00f2noma de Barcelona<br><strong>Data de lectura:<\/strong> 26\/10\/2018<\/p>\n\n\n\n<p><strong>Acc\u00e9s CORA-TDX: <\/strong><a href=\"https:\/\/hdl.handle.net\/10803\/665228\">https:\/\/hdl.handle.net\/10803\/665228<\/a><\/p>\n\n\n\n<p><\/p>\n\n\n\n<p><strong>Doctorand\/-a: <\/strong>Casades\u00fas de Mingo, Anah\u00ed<br><strong>T\u00edtol: <\/strong>La gesti\u00f3n del riesgo aplicada a la gesti\u00f3n de documentos y su impacto en la rendici\u00f3n de cuentas p\u00fablica<br><strong>Director\/-a:<\/strong> Perpiny\u00e0 Morera, Remei<br><strong>Universitat\/Centre de Recerca\/Instituci\u00f3 a on s&#8217;ha llegit:<\/strong> &nbsp;Universitat Aut\u00f2noma de Barcelona<br><strong>Data de lectura:<\/strong> 18\/10\/2018<\/p>\n\n\n\n<p><strong>Acc\u00e9s CORA-TDX: <\/strong><a href=\"https:\/\/hdl.handle.net\/10803\/665228\"><\/a><a href=\"https:\/\/hdl.handle.net\/10803\/665386\">https:\/\/hdl.handle.net\/10803\/665386<\/a><\/p>\n\n\n\n<p><\/p>\n\n\n\n<p><strong>Doctorand\/-a: <\/strong>Marco Palau, Francesc<br><strong>T\u00edtol: <\/strong>M\u00e9s enll\u00e0 del S\u00e8nia. Partits pol\u00edtics catalans i valencianisme fusteri\u00e0: evoluci\u00f3 dels vincles (1980-2017)<br><strong>Director\/-a:<\/strong> Culla Clar\u00e0, Joan Baptista<br><strong>Universitat\/Centre de Recerca\/Instituci\u00f3 a on s&#8217;ha llegit:<\/strong> &nbsp;Universitat Aut\u00f2noma de Barcelona<br><strong>Data de lectura:<\/strong> 18\/10\/2018<\/p>\n\n\n\n<p><strong>Acc\u00e9s CORA-TDX: <\/strong><a href=\"https:\/\/hdl.handle.net\/10803\/666852\">https:\/\/hdl.handle.net\/10803\/666852<\/a><\/p>\n\n\n\n<p><\/p>\n\n\n\n<h2 class=\"wp-block-heading\"><strong>2017-2018<\/strong><\/h2>\n\n\n\n<p><strong>Doctorand\/-a: <\/strong>Ravent\u00f3s Pajares, Josepa<br><strong>T\u00edtol: <\/strong>Integraci\u00f3 sist\u00e8mica de la gesti\u00f3 de documents i arxiu a l\u2019organitzaci\u00f3: un estudi de cas<br><strong>Director\/-a:<\/strong> Perpiny\u00e0 Morera, Remei<br><strong>Universitat\/Centre de Recerca\/Instituci\u00f3 a on s&#8217;ha llegit:<\/strong> &nbsp;Universitat Aut\u00f2noma de Barcelona<br><strong>Data de lectura:<\/strong> 12\/04\/2018<\/p>\n\n\n\n<p><strong>Acc\u00e9s CORA-TDX: <\/strong><a href=\"https:\/\/hdl.handle.net\/10803\/463096\">http:\/\/hdl.handle.net\/10803\/565887<\/a><\/p>\n\n\n\n<p><\/p>\n\n\n\n<p><strong>Doctorand\/-a: <\/strong>Ram\u00edrez Ortiz, Manuel<br><strong>T\u00edtol: <\/strong>Conmemorar Catalunya: 1714 y la cuesti\u00f3n catalana<br><strong>Director\/-a:<\/strong> Culla Clar\u00e0, Joan Baptista<br><strong>Universitat\/Centre de Recerca\/Instituci\u00f3 a on s&#8217;ha llegit:<\/strong> &nbsp;Universitat Aut\u00f2noma de Barcelona<br><strong>Data de lectura:<\/strong> 20\/03\/2018<\/p>\n\n\n\n<p><strong>Acc\u00e9s CORA-TDX: <\/strong><a href=\"https:\/\/hdl.handle.net\/10803\/463096\">https:\/\/hdl.handle.net\/10803\/463096<\/a><\/p>\n\n\n\n<p><\/p>\n\n\n\n<p><strong>Doctorand\/-a:<\/strong> Morandini, Matteo<br><strong>T\u00edtol: <\/strong>Raccontare il \u201848\u2019: lessico, simboli e immagini del racconto rivoluzionario fra il 1848 e l\u2019unit\u00e0<br><strong>Director\/-a: <\/strong>Santirso Rodr\u00edguez, Manuel<br><strong>Universitat\/Centre de Recerca\/Instituci\u00f3 a on s&#8217;ha llegit: <\/strong>&nbsp;Universitat Aut\u00f2noma de Barcelona \/ Rome 2 Tor Vergata<br><strong>Data de lectura:<\/strong> 23\/10\/2017<\/p>\n\n\n\n<p><strong>Acc\u00e9s CORA-TDX: <\/strong><a href=\"https:\/\/hdl.handle.net\/10803\/461993\">https:\/\/hdl.handle.net\/10803\/461993<\/a><\/p>\n\n\n\n<p><\/p>\n\n\n\n<h2 class=\"wp-block-heading\"><strong>2016-2017<\/strong><\/h2>\n\n\n\n<p><strong>Doctorand\/-a:<\/strong> Canalias Chorrero, Laura<br><strong>T\u00edtol: <\/strong>La Xarxa de Biblioteques Populars de la Mancomunitat de Catalunya (1914-1931). An\u00e0lisi d\u2019una pol\u00edtica p\u00fablica<br><strong>Director\/-a: <\/strong>Riquer i Permanyer, Borja; Rub\u00ed i Casals, Maria Gemma<br><strong>Universitat\/Centre de Recerca\/Instituci\u00f3 a on s&#8217;ha llegit: <\/strong>&nbsp;Universitat Aut\u00f2noma de Barcelona<br><strong>Data de lectura:<\/strong> 04\/07\/2017<\/p>\n\n\n\n<p><strong>Acc\u00e9s CORA-TDX: <\/strong><a href=\"https:\/\/hdl.handle.net\/10803\/406009\">https:\/\/hdl.handle.net\/10803\/461993<\/a><\/p>\n\n\n\n<p><\/p>\n\n\n\n<p><strong>Doctorand\/-a:<\/strong> Ghotme, Rafat Ahmed<br><strong>T\u00edtol: <\/strong>De la debilidad al acomodamiento: la diplomacia de la Nueva Granada frente a Gran Breta\u00f1a y Estados Unidos, 1832-1857<br><strong>Director\/-a: <\/strong>Figuerola i Garreta, Jordi<br><strong>Universitat\/Centre de Recerca\/Instituci\u00f3 a on s&#8217;ha llegit: <\/strong>&nbsp;Universitat Aut\u00f2noma de Barcelona<br><strong>Data de lectura:<\/strong> 20\/06\/2017<\/p>\n\n\n\n<p><strong>Acc\u00e9s CORA-TDX: <\/strong><a href=\"https:\/\/hdl.handle.net\/10803\/392662\">https:\/\/hdl.handle.net\/10803\/392662<\/a><\/p>\n\n\n\n<p><\/p>\n\n\n\n<p><strong>Doctorand\/-a:<\/strong> Corominas Bertran, Llu\u00eds<br><strong>T\u00edtol: <\/strong>Hist\u00f2ria dels aeroports de Barcelona i de les l\u00ednies a\u00e8ries que hi van operar (1931-1936)<br><strong>Director\/-a: <\/strong>Culla Clar\u00e0, Joan Baptista<br><strong>Universitat\/Centre de Recerca\/Instituci\u00f3 a on s&#8217;ha llegit: <\/strong>&nbsp;Universitat Aut\u00f2noma de Barcelona<br><strong>Data de lectura:<\/strong> 29\/05\/2017<\/p>\n\n\n\n<p><strong>Acc\u00e9s CORA-TDX: <\/strong><a href=\"https:\/\/hdl.handle.net\/10803\/406129\">https:\/\/hdl.handle.net\/10803\/406129<\/a><\/p>\n\n\n\n<p><\/p>\n\n\n\n<p><strong>Doctorand\/-a:<\/strong> Lluci\u00e0 Sabarich, Isidre<br><strong>T\u00edtol:<\/strong> Postulats per a un nou model de pol\u00edtica local a Catalunya. Esperit del dret p\u00fablic catal\u00e0 aplicat<br><strong>Director\/-a: <\/strong>P\u00e9rez Francesch, Joan Llu\u00eds<br><strong>Universitat\/Centre de Recerca\/Instituci\u00f3 a on s&#8217;ha llegit: <\/strong>&nbsp;Universitat Aut\u00f2noma de Barcelona<br><strong>Data de lectura:<\/strong> 21\/04\/2017<\/p>\n\n\n\n<p><strong>Acc\u00e9s CORA-TDX: <\/strong><a href=\"http:\/\/hdl.handle.net\/10803\/403810\">http:\/\/hdl.handle.net\/10803\/403810<\/a><\/p>\n\n\n\n<p><\/p>\n\n\n\n<p><strong>Doctorand\/-a:<\/strong> Egea, Am\u00edn<br><strong>T\u00edtol:<\/strong> Paz, Igualdad y Justicia, \u2018Abdu\u2019l-Bah\u00e1 en occidente (1911-1913)<br><strong>Director\/-a: <\/strong>Santirso Rodr\u00edguez, Manuel<br><strong>Universitat\/Centre de Recerca\/Instituci\u00f3 a on s&#8217;ha llegit: <\/strong>&nbsp;Universitat Aut\u00f2noma de Barcelona<br><strong>Data de lectura:<\/strong> 11\/11\/2016<\/p>\n\n\n\n<p><strong>Acc\u00e9s CORA-TDX: <\/strong><a href=\"https:\/\/hdl.handle.net\/10803\/399379\">https:\/\/hdl.handle.net\/10803\/399379<\/a> <\/p>\n\n\n\n<p><\/p>\n\n\n\n<h2 class=\"wp-block-heading\"><strong>2015-2016<\/strong><\/h2>\n\n\n\n<p><strong>Doctorand\/-a:<\/strong> Pons Pujol, Jordi<br><strong>T\u00edtol:<\/strong> Imatge oficial i pol\u00edtica francesa respecte la Catalunya espanyola, 1895-1914<br><strong>Director\/-a: <\/strong>Riquer Permanyer, Borja de<br><strong>Universitat\/Centre de Recerca\/Instituci\u00f3 a on s&#8217;ha llegit: <\/strong>&nbsp;Universitat Aut\u00f2noma de Barcelona<br><strong>Data de lectura:<\/strong> 08\/02\/2016<\/p>\n\n\n\n<p><strong>Acc\u00e9s CORA-TDX: <\/strong><a rel=\"noreferrer noopener\" href=\"https:\/\/hdl.handle.net\/10803\/384239\" target=\"_blank\">https:\/\/hdl.handle.net\/10803\/384239<\/a><\/p>\n\n\n\n<p><\/p>\n\n\n\n<p><strong>Doctorand\/-a:<\/strong> Luj\u00e1n Feliu, Oriol<br><strong>T\u00edtol:<\/strong> Reclamant espanyolitat des de la catalanitat: Un estudi dels diputats escollits a Catalunya durant la D\u00e8cada Moderada (1843-54)<br><strong>Director\/-a: <\/strong>Rub\u00ed Casals, Maria Gemma<br><strong>Universitat\/Centre de Recerca\/Instituci\u00f3 a on s&#8217;ha llegit: <\/strong>&nbsp;Universitat Aut\u00f2noma de Barcelona<br><strong>Data de lectura:<\/strong> 25\/01\/2016<\/p>\n\n\n\n<p><strong>Acc\u00e9s CORA-TDX: <\/strong><a rel=\"noreferrer noopener\" href=\"https:\/\/hdl.handle.net\/10803\/368191\" target=\"_blank\">https:\/\/hdl.handle.net\/10803\/368191<\/a><\/p>\n\n\n\n<p><\/p>\n\n\n\n<p><strong>Doctorand\/-a:<\/strong> Cela Rodr\u00edguez, Alfredo<br><strong>T\u00edtol:<\/strong> Vida cotidiana en la industria textil algodonera catalana bajo el franquismo: el caso de Roca Umbert S.A. en Granollers, 1956-1966<br><strong>Director\/-a: <\/strong>Rub\u00ed Casals, Maria Gemma<br><strong>Universitat\/Centre de Recerca\/Instituci\u00f3 a on s&#8217;ha llegit: <\/strong>&nbsp;Universitat Aut\u00f2noma de Barcelona<br><strong>Data de lectura:<\/strong> 22\/01\/2016<\/p>\n\n\n\n<p><strong>Acc\u00e9s CORA-TDX:<\/strong> <a rel=\"noreferrer noopener\" href=\"https:\/\/hdl.handle.net\/10803\/367924\" target=\"_blank\">https:\/\/hdl.handle.net\/10803\/367924<\/a><\/p>\n\n\n\n<p><\/p>\n\n\n\n<p><strong>Doctorand\/-a: <\/strong>Zapata Zapata, Maria Fany<br><strong>T\u00edtol:<\/strong> La vulneraci\u00f3n de los derechos humanos de los menores en Colombia como consecuencia del conflicto armado<br><strong>Director\/-a:<\/strong> P\u00e9rez Francesch, Joan Llu\u00eds<br><strong>Universitat\/Centre de Recerca\/Instituci\u00f3 a on s&#8217;ha llegit: <\/strong>&nbsp;Universitat Aut\u00f2noma de Barcelona<br><strong>Data de lectura: <\/strong>20\/01\/2016<\/p>\n\n\n\n<p><strong>Acc\u00e9s CORA-TDX: <\/strong><a href=\"http:\/\/hdl.handle.net\/10803\/385841\">http:\/\/hdl.handle.net\/10803\/385841<\/a><\/p>\n\n\n\n<p><\/p>\n\n\n\n<p><strong>Doctorand\/-a: <\/strong>Corrales Burjales, Laura<br><strong>T\u00edtol: <\/strong>L\u2019estampa i la primera guerra carlina a Catalunya (1833-1844)<br><strong>Director\/-a:<\/strong> Moliner Prada, Antoni; Cornudella, Rafael<br><strong>Universitat\/Centre de Recerca\/Instituci\u00f3 a on s&#8217;ha llegit: <\/strong>&nbsp;Universitat Aut\u00f2noma de Barcelona<br><strong>Data de lectura:<\/strong> 12\/12\/2015<\/p>\n\n\n\n<p><strong>Acc\u00e9s CORA-TDX:<\/strong> <a rel=\"noreferrer noopener\" href=\"https:\/\/www.tdx.cat\/handle\/10803\/285549\" target=\"_blank\">https:\/\/www.tdx.cat\/handle\/10803\/285549<\/a><\/p>\n\n\n\n<p><\/p>\n\n\n\n<p><strong>Doctorand\/-a: <\/strong>P\u00e9rez Ventayol, Joan<br><strong>T\u00edtol: <\/strong>El debat sobre la q\u00fcesti\u00f3 jueva a Catalunya (1917-1939)<br><strong>Director\/-a:<\/strong> Culla Clar\u00e0, Joan Baptista<br><strong>Universitat\/Centre de Recerca\/Instituci\u00f3 a on s&#8217;ha llegit: <\/strong>&nbsp;Universitat Aut\u00f2noma de Barcelona<br><strong>Data de lectura:<\/strong> 02\/12\/2015<\/p>\n\n\n\n<p><strong>Acc\u00e9s CORA-TDX:<\/strong> <a rel=\"noreferrer noopener\" href=\"https:\/\/hdl.handle.net\/10803\/377448\" target=\"_blank\">https:\/\/hdl.handle.net\/10803\/377448<\/a><\/p>\n\n\n\n<p><\/p>\n\n\n\n<h2 class=\"wp-block-heading\"><strong>2014-2015<\/strong><\/h2>\n\n\n\n<p><strong>Doctorand\/-a: <\/strong>Amor L\u00f3pez, S\u00edlvia<br><strong>T\u00edtol: <\/strong>La pr\u00e0ctica epistolar a Catalunya (1700-1850): usos de la carta familiar<br><strong>Director\/-a:<\/strong> Ant\u00f3n Pelayo, Javier<br><strong>Universitat\/Centre de Recerca\/Instituci\u00f3 a on s&#8217;ha llegit: <\/strong>&nbsp;Universitat Aut\u00f2noma de Barcelona<br><strong>Data de lectura:<\/strong> 08\/05\/2015<\/p>\n\n\n\n<p><strong>Acc\u00e9s CORA-TDX: <\/strong><a href=\"http:\/\/hdl.handle.net\/10803\/293907\">http:\/\/hdl.handle.net\/10803\/293907 <\/a><\/p>\n\n\n\n<p><\/p>\n\n\n\n<p><strong>Doctorand\/-a: <\/strong>Sancho Sancho, Josep<br><strong>T\u00edtol: <\/strong>El marcel\u00b7inisme a les Terres de l\u2019Ebre (1909-1939)<br><strong>Director\/-a:<\/strong> Rub\u00ed Casals, Maria Gemma<br><strong>Universitat\/Centre de Recerca\/Instituci\u00f3 a on s&#8217;ha llegit: <\/strong>&nbsp;Universitat Aut\u00f2noma de Barcelona<br><strong>Data de lectura:<\/strong> 05\/12\/2014<\/p>\n\n\n\n<p><strong>Acc\u00e9s CORA-TDX: <\/strong><a rel=\"noreferrer noopener\" href=\"https:\/\/hdl.handle.net\/10803\/285457\" target=\"_blank\">https:\/\/hdl.handle.net\/10803\/285457<\/a><\/p>\n\n\n\n<p><\/p>\n\n\n\n<p><strong>Doctorand\/-a: <\/strong>Espasa de la Fuente, Andreu<br><strong>T\u00edtol: <\/strong>&#8220;They did it in Spain&#8221; : la transformaci\u00f3 del Pensament estrat\u00e8gic nord-americ\u00e0 durant la Guerra Civil espanyola i el perill de penetraci\u00f3 feixista a l\u2019Am\u00e8rica Llatina<br><strong>Director\/-a:<\/strong> Riquer Permanyer, Borja de<br><strong>Universitat\/Centre de Recerca\/Instituci\u00f3 a on s&#8217;ha llegit: <\/strong>&nbsp;Universitat Aut\u00f2noma de Barcelona<br><strong>Data de lectura:<\/strong> 03\/10\/2014<\/p>\n\n\n\n<p><strong>Acc\u00e9s CORA-TDX: <\/strong><a href=\"http:\/\/hdl.handle.net\/10803\/283532\">http:\/\/hdl.handle.net\/10803\/283532<\/a><\/p>\n\n\n\n<p><\/p>\n\n\n\n<h2 class=\"wp-block-heading\"><strong>2013-2014<\/strong><\/h2>\n\n\n\n<p><strong>Doctorand\/-a: <\/strong>Gacit\u00faa Esp\u00f3sito, Alejandro Luis<br><strong>T\u00edtol: <\/strong>El derecho fundamental a la protecci\u00f3n de datos personales en el \u00e1mbito de la prevenci\u00f3n y represi\u00f3n penal europea (En busca del equilibrio entre la libertad y la seguridad)<br><strong>Director\/-a: <\/strong>P\u00e9rez Francesch, Joan Llu\u00eds<br><strong>Universitat\/Centre de Recerca\/Instituci\u00f3 a on s&#8217;ha llegit: <\/strong>&nbsp;Universitat Aut\u00f2noma de Barcelona<br><strong>Data de lectura:<\/strong> 24\/07\/2014<\/p>\n\n\n\n<p><strong>Acc\u00e9s CORA-TDX:<\/strong> <a href=\"http:\/\/hdl.handle.net\/10803\/284352\">http:\/\/hdl.handle.net\/10803\/284352<\/a><\/p>\n\n\n\n<p><\/p>\n\n\n\n<p><strong>Doctorand\/-a: <\/strong>Varo Moral, Nadia<br><strong>T\u00edtol: <\/strong>Treballadores, conflictivitat laboral i moviment obrer a l\u2019\u00e0rea de Barcelona durant el franquisme. El cas de Comissions obreres (1964-1975)<br><strong>Director\/-a: <\/strong>Riquer Permanyer, Borja de<br><strong>Universitat\/Centre de Recerca\/Instituci\u00f3 a on s&#8217;ha llegit: <\/strong>&nbsp;Universitat Aut\u00f2noma de Barcelona<br><strong>Data de lectura:<\/strong> 24\/02\/2014<\/p>\n\n\n\n<p><strong>Acc\u00e9s CORA-TDX:<\/strong> <a rel=\"noreferrer noopener\" href=\"https:\/\/hdl.handle.net\/10803\/133348\" target=\"_blank\">https:\/\/hdl.handle.net\/10803\/133348<\/a><\/p>\n\n\n\n<p><\/p>\n\n\n\n<p><strong>Doctorand\/-a: <\/strong>Vi\u00f1as Cirera, Jordi<br><strong>T\u00edtol: <\/strong>Esgl\u00e9sia catalana a la transici\u00f3 democr\u00e0tica (1971-1980). De la transici\u00f3 de l\u2019Esgl\u00e9sia a la transici\u00f3 pol\u00edtica. El paper de la jerarquia catalana<br><strong>Director\/-a: <\/strong>Figuerola Garreta, Jordi<br><strong>Universitat\/Centre de Recerca\/Instituci\u00f3 a on s&#8217;ha llegit: <\/strong>&nbsp;Universitat Aut\u00f2noma de Barcelona<br><strong>Data de lectura:<\/strong> 02\/12\/2013<\/p>\n\n\n\n<p><strong>Acc\u00e9s CORA-TDX:<\/strong> <a rel=\"noreferrer noopener\" href=\"https:\/\/hdl.handle.net\/10803\/133352\" target=\"_blank\">https:\/\/hdl.handle.net\/10803\/133352<\/a><\/p>\n\n\n\n<p><\/p>\n\n\n\n<p><strong>Doctorand\/-a: <\/strong>Dalmases y de Olabarr\u00eda, Pablo Ignacio de<br><strong>T\u00edtol: <\/strong>El S\u00e1hara Occidental en la bibliograf\u00eda espa\u00f1ola<br><strong>Director\/-a: <\/strong>Culla Clar\u00e0, Joan Baptista<br><strong>Universitat\/Centre de Recerca\/Instituci\u00f3 a on s&#8217;ha llegit: <\/strong>&nbsp;Universitat Aut\u00f2noma de Barcelona<br><strong>Data de lectura:<\/strong> 21\/09\/2013<\/p>\n\n\n\n<p><strong>Acc\u00e9s CORA-TDX:<\/strong> <a href=\"http:\/\/hdl.handle.net\/10803\/131287\">http:\/\/hdl.handle.net\/10803\/131287<\/a><\/p>\n\n\n\n<p><\/p>\n\n\n\n<h2 class=\"wp-block-heading\"><strong>2012-2013<\/strong><\/h2>\n\n\n\n<p><strong>Doctorand\/-a: <\/strong>Bouzekri, Nadia<br><strong>T\u00edtol: <\/strong>Derrotados, desterrados e internados. Espa\u00f1oles y catalanes en la Argelia colonial \u00bfLa memoria olvidada o el miedo a la memoria? (1936-1962)<br><strong>Director\/-a: <\/strong>Rub\u00ed Casals, Maria Gemma<br><strong>Universitat\/Centre de Recerca\/Instituci\u00f3 a on s&#8217;ha llegit: <\/strong>&nbsp;Universitat Aut\u00f2noma de Barcelona<br><strong>Data de lectura:<\/strong> 24\/10\/2012<\/p>\n\n\n\n<p><strong>Acc\u00e9s CORA-TDX:<\/strong> <a href=\"http:\/\/hdl.handle.net\/10803\/123296\">http:\/\/hdl.handle.net\/10803\/123296<\/a><\/p>\n\n\n\n<p><\/p>\n\n\n\n<h2 class=\"wp-block-heading\"><strong>2011-2012<\/strong><\/h2>\n\n\n\n<p><strong>Doctorand\/-a: <\/strong>Molinares Hassan, Viridiana<br><strong>T\u00edtol:<\/strong> Libertad y seguridad: el papel de la corte constitucional colombiana en la proteccion de derechos fundamentales<br><strong>Director\/-a:<\/strong> P\u00e9rez Francesch, Joan Llu\u00eds<br><strong>Universitat\/Centre de Recerca\/ Instituci\u00f3 a on s\u2019ha llegit\/inscrit:<\/strong> Universitat Aut\u00f2noma de Barcelona<br><strong>Data de lectura:<\/strong> 10\/05\/2012<\/p>\n\n\n\n<p><strong>Acc\u00e9s CORA-TDX: <\/strong><a href=\"http:\/\/hdl.handle.net\/10803\/117615\">http:\/\/hdl.handle.net\/10803\/117615<\/a><\/p>\n\n\n\n<p><\/p>\n\n\n\n<h2 class=\"wp-block-heading\"><strong>2009-2010<\/strong><\/h2>\n\n\n\n<p><strong>Doctorand\/-a: <\/strong>Mart\u00edn Berbois, Josep Llu\u00eds<br><strong>T\u00edtol:<\/strong> Hist\u00f2ria de la joventut nacionalista de Catalunya (1980-2003)<br><strong>Director\/-a:<\/strong> Riquer Permanyer, Borja de<br><strong>Universitat\/Centre de Recerca\/ Instituci\u00f3 a on s\u2019ha llegit\/inscrit:<\/strong> Universitat Aut\u00f2noma de Barcelona<br><strong>Data de lectura: <\/strong>15\/04\/2010<\/p>\n\n\n\n<p><strong>Acc\u00e9s CORA-TDX: <\/strong><a href=\"http:\/\/hdl.handle.net\/10803\/48535\">http:\/\/hdl.handle.net\/10803\/48535<\/a><\/p>\n\n\n\n<p><\/p>\n\n\n\n<p><strong>Doctorand\/-a: <\/strong>Lucci, Marcela Isabel<br><strong>T\u00edtol:<\/strong> La colectividad catalana en Buenos Aires en el siglo XX: una visi\u00f3n a trav\u00e9s de los catalanes de los &#8220;catalanes de Am\u00e9rica&#8221;. El activismo patri\u00f3tico de los catalanes de Am\u00e9rica de Buenos Aires: desde 1916 hasta el final del Casal Catal\u00e0<br><strong>Director\/-a:<\/strong> Riquer Permanyer, Borja de<br><strong>Universitat\/Centre de Recerca\/ Instituci\u00f3 a on s\u2019ha llegit\/inscrit:<\/strong> Universitat Aut\u00f2noma de Barcelona<br><strong>Data de lectura:<\/strong> 20\/12\/2009<\/p>\n\n\n\n<p><strong>Acc\u00e9s CORA-TDX: <\/strong><a href=\"http:\/\/hdl.handle.net\/10803\/4820\">http:\/\/hdl.handle.net\/10803\/4820<\/a><\/p>\n\n\n\n<p><\/p>\n\n\n\n<h2 class=\"wp-block-heading\"><strong>2008-2009<\/strong><\/h2>\n\n\n\n<p><strong>Doctorand\/-a: <\/strong>Gonz\u00e0lez Vilalta, Arnau<br><strong>T\u00edtol:<\/strong> Els Diputats de Catalunya a les Corts republicanes (1933-1939)<br><strong>Director\/-a:<\/strong> Riquer Permanyer, Borja de<br><strong>Universitat\/Centre de Recerca\/ Instituci\u00f3 a on s\u2019ha llegit\/inscrit:<\/strong> Universitat Aut\u00f2noma de Barcelona<br><strong>Data de lectura: <\/strong>06\/11\/2008<\/p>\n\n\n\n<p><strong>Acc\u00e9s TESEO: <\/strong><a href=\"https:\/\/www.educacion.es\/teseo\/mostrarRef.do?ref=413436\">https:\/\/www.educacion.es\/teseo\/mostrarRef.do?ref=413436<\/a> <\/p>\n\n\n\n<p><\/p>\n\n\n\n<h2 class=\"wp-block-heading\"><strong>2007-2008<\/strong><\/h2>\n\n\n\n<p><strong>Doctorand\/-a: <\/strong>Roca Vernet, Jordi<br><strong>T\u00edtol:<\/strong> Pol\u00edtica, liberalisme i revoluci\u00f3. Barcelona, 1820-1823<br><strong>Director\/-a:<\/strong> Toledano Gonz\u00e0lez, Llu\u00eds Ferran<br><strong>Universitat\/Centre de Recerca\/ Instituci\u00f3 a on s\u2019ha llegit\/inscrit:<\/strong> Universitat Aut\u00f2noma de Barcelona<br><strong>Data de lectura<\/strong>: 23\/11\/2007<\/p>\n\n\n\n<p><strong>Acc\u00e9s CORA-TDX: <\/strong><a href=\"https:\/\/https\/\/hdl.handle.net\/10803\/4811\">https:\/\/https:\/\/hdl.handle.net\/10803\/4811<\/a><\/p>\n\n\n\n<p><\/p>\n\n\n\n<p><strong>Doctorand\/-a: <\/strong>Reixach Puig, Ramon<br><strong>T\u00edtol:<\/strong> Els or\u00edgens de la tradici\u00f3 pol\u00edtica liberal cat\u00f2lica a Catalunya: Matar\u00f3, s.s. XVIII i XIX<br><strong>Director\/-a:<\/strong> Figuerola Garreta, Jordi<br><strong>Universitat\/Centre de Recerca\/ Instituci\u00f3 a on s\u2019ha llegit\/inscrit:<\/strong> Universitat Aut\u00f2noma de Barcelona<br><strong>Data de lectura: <\/strong>03\/09\/2007<\/p>\n\n\n\n<p><strong>Acc\u00e9s a TESEO:<\/strong>&nbsp; <a href=\"https:\/\/www.educacion.es\/teseo\/mostrarRef.do?ref=413157\">https:\/\/www.educacion.es\/teseo\/mostrarRef.do?ref=413157<\/a><br><\/p>\n\n\n\n<h2 class=\"wp-block-heading\"><strong>2005-2006<\/strong><\/h2>\n\n\n\n<p><strong>Doctorand\/-a:<\/strong> Veh\u00ed Castell\u00f3, Agust\u00ed<br><strong>T\u00edtol:<\/strong> Torna el fusell i posa\u2019t a treballar. La Mil\u00edcia Nacional a Figueres a la darrera Guerra Carlina (1872-1876)<br><strong>Director\/-a:<\/strong> Figuerola Garreta, Jordi<br><strong>Universitat\/Centre de Recerca\/ Instituci\u00f3 a on s\u2019ha llegit\/inscrit:<\/strong> Universitat Aut\u00f2noma de Barcelona<br><strong>Data de lectura:<\/strong> 19\/05\/2006<\/p>\n\n\n\n<p><strong>Acc\u00e9s a TESEO:<\/strong>&nbsp; <a href=\"https:\/\/www.educacion.es\/teseo\/mostrarRef.do?ref=398865\">https:\/\/www.educacion.es\/teseo\/mostrarRef.do?ref=398865<\/a><\/p>\n\n\n\n<h2 class=\"wp-block-heading\"><br><strong>2004-2005<\/strong><\/h2>\n\n\n\n<p><strong>Doctorand\/-a:<\/strong> Puigsech Farr\u00e0s, Josep<br><strong>T\u00edtol:<\/strong> El PSUC i la Internacional Comunista durant la convulsi\u00f3 1936-1943: cr\u00f2nica d\u2019una incomprensi\u00f3<br><strong>Director\/-a:<\/strong> Riquer Permanyer, Borja de<br><strong>Universitat\/Centre de Recerca\/ Instituci\u00f3 a on s\u2019ha llegit\/inscrit:<\/strong> Universitat Aut\u00f2noma de Barcelona<br><strong>Data de lectura: <\/strong>31\/05\/2005<\/p>\n\n\n\n<p><strong>Acc\u00e9s a TESEO:<\/strong> <a href=\"https:\/\/www.educacion.es\/teseo\/mostrarRef.do?ref=381762\">https:\/\/www.educacion.es\/teseo\/mostrarRef.do?ref=381762<\/a><\/p>\n","protected":false},"excerpt":{"rendered":"<p>2022-2023 Doctorand\/-a: Antczak, RichardT\u00edtol: Imperialisme i hegemonia: El paper dels Estats&nbsp;Units en el cop d\u2019estat militar civil brasiler de&nbsp;1964.Universitat\/Centre de Recerca\/Instituci\u00f3 a on s&#8217;ha llegit: &nbsp;Universitat Aut\u00f2noma de BarcelonaDirector\/-a: Figuerola Garreta, JordiData de lectura: 20\/06\/2023 Acc\u00e9s a CORA-TDX: Doctorand\/-a: Finestrat Mart\u00ednez, AitanaT\u00edtol: Sensibilidades religiosas femeninas en Espa\u00f1a e Inglaterra en el siglo XVI y comienzos [&hellip;]<\/p>\n","protected":false},"author":20,"featured_media":0,"parent":0,"menu_order":0,"comment_status":"closed","ping_status":"closed","template":"","meta":{"footnotes":""},"class_list":["post-144","page","type-page","status-publish","hentry"],"_links":{"self":[{"href":"https:\/\/webs.uab.cat\/grepiic\/wp-json\/wp\/v2\/pages\/144","targetHints":{"allow":["GET"]}}],"collection":[{"href":"https:\/\/webs.uab.cat\/grepiic\/wp-json\/wp\/v2\/pages"}],"about":[{"href":"https:\/\/webs.uab.cat\/grepiic\/wp-json\/wp\/v2\/types\/page"}],"author":[{"embeddable":true,"href":"https:\/\/webs.uab.cat\/grepiic\/wp-json\/wp\/v2\/users\/20"}],"replies":[{"embeddable":true,"href":"https:\/\/webs.uab.cat\/grepiic\/wp-json\/wp\/v2\/comments?post=144"}],"version-history":[{"count":7,"href":"https:\/\/webs.uab.cat\/grepiic\/wp-json\/wp\/v2\/pages\/144\/revisions"}],"predecessor-version":[{"id":1043,"href":"https:\/\/webs.uab.cat\/grepiic\/wp-json\/wp\/v2\/pages\/144\/revisions\/1043"}],"wp:attachment":[{"href":"https:\/\/webs.uab.cat\/grepiic\/wp-json\/wp\/v2\/media?parent=144"}],"curies":[{"name":"wp","href":"https:\/\/api.w.org\/{rel}","templated":true}]}}